{"id":277,"date":"2016-12-15T14:23:21","date_gmt":"2016-12-15T13:23:21","guid":{"rendered":"https:\/\/bagesturisme.cat\/restauracio\/masia-canadell\/"},"modified":"2021-02-23T11:28:28","modified_gmt":"2021-02-23T10:28:28","slug":"masia-canadell","status":"publish","type":"restauracio","link":"https:\/\/www.bagesturisme.cat\/fr\/restauracio\/masia-canadell\/","title":{"rendered":"El Canadell"},"content":{"rendered":"<p>El Canadell, \u00e9s una masia pairal del SXVII totalment restaurada i envoltada de conreus i boscos.<br \/>\nEntre les seves infraestructures, s&rsquo;hi compten un menjador \u00e0mpli amb capacitat per a 110 comensals i lloc per a 80 nens.<\/p>\n<p>A l&rsquo;exterior, l&rsquo;era permet fer dinars i berenars per a m\u00e9s de 200 persones, i a m\u00e9s tamb\u00e9 disposa de serveis, adaptats per a minusv\u00e0lids. Les caracter\u00edstiques de la masia, la fan ideal per a trobades de colles, celebracions d&rsquo;aniversari, comunions i altres celebracions.<\/p>\n","protected":false},"author":8,"featured_media":8966,"template":"","class_list":["post-277","restauracio","type-restauracio","status-publish","has-post-thumbnail","hentry","municipi-calders"],"acf":{"adreca":"Ctra. Calders N -141-C, Km. 11,9, Calders","web":"https:\/\/masiaelcanadell.cat\/","email":"elcanadell@manresaportal.com","tel":"606661929","galeria":[{"ID":4452,"id":4452,"title":"","filename":"35694760.jpg","filesize":0,"url":"https:\/\/www.bagesturisme.cat\/wp-content\/uploads\/2016\/12\/35694760.jpg","link":"https:\/\/www.bagesturisme.cat\/fr\/restauracio\/masia-canadell\/attachment\/35694760\/","alt":"","author":"3","description":"","caption":"","name":"35694760","status":"inherit","uploaded_to":277,"date":"2017-09-29 07:01:03","modified":"2017-09-29 07:02:05","menu_order":0,"mime_type":"image\/jpeg","type":"image","subtype":"jpeg","icon":"https:\/\/www.bagesturisme.cat\/wp-includes\/images\/media\/default.png","width":2560,"height":1712,"sizes":{"thumbnail":"https:\/\/www.bagesturisme.cat\/wp-content\/uploads\/2016\/12\/35694760-150x150.jpg","thumbnail-width":150,"thumbnail-height":150,"medium":"https:\/\/www.bagesturisme.cat\/wp-content\/uploads\/2016\/12\/35694760-598x400.jpg","medium-width":598,"medium-height":400,"medium_large":"https:\/\/www.bagesturisme.cat\/wp-content\/uploads\/2016\/12\/35694760-768x514.jpg","medium_large-width":768,"medium_large-height":514,"large":"https:\/\/www.bagesturisme.cat\/wp-content\/uploads\/2016\/12\/35694760-1280x856.jpg","large-width":1170,"large-height":782,"1536x1536":"https:\/\/www.bagesturisme.cat\/wp-content\/uploads\/2016\/12\/35694760.jpg","1536x1536-width":1536,"1536x1536-height":1027,"2048x2048":"https:\/\/www.bagesturisme.cat\/wp-content\/uploads\/2016\/12\/35694760.jpg","2048x2048-width":2048,"2048x2048-height":1370,"blog-large":"https:\/\/www.bagesturisme.cat\/wp-content\/uploads\/2016\/12\/35694760.jpg","blog-large-width":407,"blog-large-height":272,"blog-medium":"https:\/\/www.bagesturisme.cat\/wp-content\/uploads\/2016\/12\/35694760.jpg","blog-medium-width":302,"blog-medium-height":202,"recent-posts":"https:\/\/www.bagesturisme.cat\/wp-content\/uploads\/2016\/12\/35694760.jpg","recent-posts-width":659,"recent-posts-height":441,"recent-works-thumbnail":"https:\/\/www.bagesturisme.cat\/wp-content\/uploads\/2016\/12\/35694760.jpg","recent-works-thumbnail-width":66,"recent-works-thumbnail-height":44,"fusion-200":"https:\/\/www.bagesturisme.cat\/wp-content\/uploads\/2016\/12\/35694760.jpg","fusion-200-width":200,"fusion-200-height":134,"fusion-400":"https:\/\/www.bagesturisme.cat\/wp-content\/uploads\/2016\/12\/35694760.jpg","fusion-400-width":400,"fusion-400-height":268,"fusion-600":"https:\/\/www.bagesturisme.cat\/wp-content\/uploads\/2016\/12\/35694760.jpg","fusion-600-width":600,"fusion-600-height":401,"fusion-800":"https:\/\/www.bagesturisme.cat\/wp-content\/uploads\/2016\/12\/35694760.jpg","fusion-800-width":800,"fusion-800-height":535,"fusion-1200":"https:\/\/www.bagesturisme.cat\/wp-content\/uploads\/2016\/12\/35694760.jpg","fusion-1200-width":1200,"fusion-1200-height":803,"portfolio-full":"https:\/\/www.bagesturisme.cat\/wp-content\/uploads\/2016\/12\/35694760.jpg","portfolio-full-width":598,"portfolio-full-height":400,"portfolio-one":"https:\/\/www.bagesturisme.cat\/wp-content\/uploads\/2016\/12\/35694760.jpg","portfolio-one-width":407,"portfolio-one-height":272,"portfolio-two":"https:\/\/www.bagesturisme.cat\/wp-content\/uploads\/2016\/12\/35694760.jpg","portfolio-two-width":441,"portfolio-two-height":295,"portfolio-three":"https:\/\/www.bagesturisme.cat\/wp-content\/uploads\/2016\/12\/35694760.jpg","portfolio-three-width":300,"portfolio-three-height":201,"portfolio-five":"https:\/\/www.bagesturisme.cat\/wp-content\/uploads\/2016\/12\/35694760.jpg","portfolio-five-width":177,"portfolio-five-height":118}},{"ID":4449,"id":4449,"title":"","filename":"outside.jpg","filesize":0,"url":"https:\/\/www.bagesturisme.cat\/wp-content\/uploads\/2016\/12\/outside.jpg","link":"https:\/\/www.bagesturisme.cat\/fr\/restauracio\/masia-canadell\/outside\/","alt":"","author":"3","description":"","caption":"","name":"outside","status":"inherit","uploaded_to":277,"date":"2017-09-29 07:00:13","modified":"2017-09-29 07:02:07","menu_order":0,"mime_type":"image\/jpeg","type":"image","subtype":"jpeg","icon":"https:\/\/www.bagesturisme.cat\/wp-includes\/images\/media\/default.png","width":550,"height":413,"sizes":{"thumbnail":"https:\/\/www.bagesturisme.cat\/wp-content\/uploads\/2016\/12\/outside-150x150.jpg","thumbnail-width":150,"thumbnail-height":150,"medium":"https:\/\/www.bagesturisme.cat\/wp-content\/uploads\/2016\/12\/outside-533x400.jpg","medium-width":533,"medium-height":400,"medium_large":"https:\/\/www.bagesturisme.cat\/wp-content\/uploads\/2016\/12\/outside.jpg","medium_large-width":550,"medium_large-height":413,"large":"https:\/\/www.bagesturisme.cat\/wp-content\/uploads\/2016\/12\/outside.jpg","large-width":550,"large-height":413,"1536x1536":"https:\/\/www.bagesturisme.cat\/wp-content\/uploads\/2016\/12\/outside.jpg","1536x1536-width":550,"1536x1536-height":413,"2048x2048":"https:\/\/www.bagesturisme.cat\/wp-content\/uploads\/2016\/12\/outside.jpg","2048x2048-width":550,"2048x2048-height":413,"blog-large":"https:\/\/www.bagesturisme.cat\/wp-content\/uploads\/2016\/12\/outside.jpg","blog-large-width":362,"blog-large-height":272,"blog-medium":"https:\/\/www.bagesturisme.cat\/wp-content\/uploads\/2016\/12\/outside.jpg","blog-medium-width":269,"blog-medium-height":202,"recent-posts":"https:\/\/www.bagesturisme.cat\/wp-content\/uploads\/2016\/12\/outside.jpg","recent-posts-width":550,"recent-posts-height":413,"recent-works-thumbnail":"https:\/\/www.bagesturisme.cat\/wp-content\/uploads\/2016\/12\/outside.jpg","recent-works-thumbnail-width":66,"recent-works-thumbnail-height":50,"fusion-200":"https:\/\/www.bagesturisme.cat\/wp-content\/uploads\/2016\/12\/outside.jpg","fusion-200-width":200,"fusion-200-height":150,"fusion-400":"https:\/\/www.bagesturisme.cat\/wp-content\/uploads\/2016\/12\/outside.jpg","fusion-400-width":400,"fusion-400-height":300,"fusion-600":"https:\/\/www.bagesturisme.cat\/wp-content\/uploads\/2016\/12\/outside.jpg","fusion-600-width":550,"fusion-600-height":413,"fusion-800":"https:\/\/www.bagesturisme.cat\/wp-content\/uploads\/2016\/12\/outside.jpg","fusion-800-width":550,"fusion-800-height":413,"fusion-1200":"https:\/\/www.bagesturisme.cat\/wp-content\/uploads\/2016\/12\/outside.jpg","fusion-1200-width":550,"fusion-1200-height":413,"portfolio-full":"https:\/\/www.bagesturisme.cat\/wp-content\/uploads\/2016\/12\/outside.jpg","portfolio-full-width":533,"portfolio-full-height":400,"portfolio-one":"https:\/\/www.bagesturisme.cat\/wp-content\/uploads\/2016\/12\/outside.jpg","portfolio-one-width":362,"portfolio-one-height":272,"portfolio-two":"https:\/\/www.bagesturisme.cat\/wp-content\/uploads\/2016\/12\/outside.jpg","portfolio-two-width":393,"portfolio-two-height":295,"portfolio-three":"https:\/\/www.bagesturisme.cat\/wp-content\/uploads\/2016\/12\/outside.jpg","portfolio-three-width":285,"portfolio-three-height":214,"portfolio-five":"https:\/\/www.bagesturisme.cat\/wp-content\/uploads\/2016\/12\/outside.jpg","portfolio-five-width":177,"portfolio-five-height":133}},{"ID":4453,"id":4453,"title":"","filename":"canadell.jpg","filesize":28673,"url":"https:\/\/www.bagesturisme.cat\/wp-content\/uploads\/2016\/12\/canadell.jpg","link":"https:\/\/www.bagesturisme.cat\/fr\/restauracio\/masia-canadell\/canadell\/","alt":"","author":"3","description":"","caption":"","name":"canadell","status":"inherit","uploaded_to":277,"date":"2017-09-29 07:01:04","modified":"2017-09-29 07:02:08","menu_order":0,"mime_type":"image\/jpeg","type":"image","subtype":"jpeg","icon":"https:\/\/www.bagesturisme.cat\/wp-includes\/images\/media\/default.png","width":1024,"height":682,"sizes":{"thumbnail":"https:\/\/www.bagesturisme.cat\/wp-content\/uploads\/2016\/12\/canadell-150x150.jpg","thumbnail-width":150,"thumbnail-height":150,"medium":"https:\/\/www.bagesturisme.cat\/wp-content\/uploads\/2016\/12\/canadell-601x400.jpg","medium-width":601,"medium-height":400,"medium_large":"https:\/\/www.bagesturisme.cat\/wp-content\/uploads\/2016\/12\/canadell-768x512.jpg","medium_large-width":768,"medium_large-height":512,"large":"https:\/\/www.bagesturisme.cat\/wp-content\/uploads\/2016\/12\/canadell.jpg","large-width":1024,"large-height":682,"1536x1536":"https:\/\/www.bagesturisme.cat\/wp-content\/uploads\/2016\/12\/canadell.jpg","1536x1536-width":1024,"1536x1536-height":682,"2048x2048":"https:\/\/www.bagesturisme.cat\/wp-content\/uploads\/2016\/12\/canadell.jpg","2048x2048-width":1024,"2048x2048-height":682,"blog-large":"https:\/\/www.bagesturisme.cat\/wp-content\/uploads\/2016\/12\/canadell.jpg","blog-large-width":408,"blog-large-height":272,"blog-medium":"https:\/\/www.bagesturisme.cat\/wp-content\/uploads\/2016\/12\/canadell.jpg","blog-medium-width":303,"blog-medium-height":202,"recent-posts":"https:\/\/www.bagesturisme.cat\/wp-content\/uploads\/2016\/12\/canadell.jpg","recent-posts-width":662,"recent-posts-height":441,"recent-works-thumbnail":"https:\/\/www.bagesturisme.cat\/wp-content\/uploads\/2016\/12\/canadell.jpg","recent-works-thumbnail-width":66,"recent-works-thumbnail-height":44,"fusion-200":"https:\/\/www.bagesturisme.cat\/wp-content\/uploads\/2016\/12\/canadell.jpg","fusion-200-width":200,"fusion-200-height":133,"fusion-400":"https:\/\/www.bagesturisme.cat\/wp-content\/uploads\/2016\/12\/canadell.jpg","fusion-400-width":400,"fusion-400-height":266,"fusion-600":"https:\/\/www.bagesturisme.cat\/wp-content\/uploads\/2016\/12\/canadell.jpg","fusion-600-width":600,"fusion-600-height":400,"fusion-800":"https:\/\/www.bagesturisme.cat\/wp-content\/uploads\/2016\/12\/canadell.jpg","fusion-800-width":800,"fusion-800-height":533,"fusion-1200":"https:\/\/www.bagesturisme.cat\/wp-content\/uploads\/2016\/12\/canadell.jpg","fusion-1200-width":1024,"fusion-1200-height":682,"portfolio-full":"https:\/\/www.bagesturisme.cat\/wp-content\/uploads\/2016\/12\/canadell.jpg","portfolio-full-width":601,"portfolio-full-height":400,"portfolio-one":"https:\/\/www.bagesturisme.cat\/wp-content\/uploads\/2016\/12\/canadell.jpg","portfolio-one-width":408,"portfolio-one-height":272,"portfolio-two":"https:\/\/www.bagesturisme.cat\/wp-content\/uploads\/2016\/12\/canadell.jpg","portfolio-two-width":443,"portfolio-two-height":295,"portfolio-three":"https:\/\/www.bagesturisme.cat\/wp-content\/uploads\/2016\/12\/canadell.jpg","portfolio-three-width":300,"portfolio-three-height":200,"portfolio-five":"https:\/\/www.bagesturisme.cat\/wp-content\/uploads\/2016\/12\/canadell.jpg","portfolio-five-width":177,"portfolio-five-height":118}},{"ID":4454,"id":4454,"title":"","filename":"Masia-Pairal-El-Canadell-3.jpg","filesize":0,"url":"https:\/\/www.bagesturisme.cat\/wp-content\/uploads\/2016\/12\/Masia-Pairal-El-Canadell-3.jpg","link":"https:\/\/www.bagesturisme.cat\/fr\/restauracio\/masia-canadell\/masia-pairal-el-canadell-3\/","alt":"","author":"3","description":"","caption":"","name":"masia-pairal-el-canadell-3","status":"inherit","uploaded_to":277,"date":"2017-09-29 07:01:04","modified":"2017-09-29 07:02:12","menu_order":0,"mime_type":"image\/jpeg","type":"image","subtype":"jpeg","icon":"https:\/\/www.bagesturisme.cat\/wp-includes\/images\/media\/default.png","width":739,"height":480,"sizes":{"thumbnail":"https:\/\/www.bagesturisme.cat\/wp-content\/uploads\/2016\/12\/Masia-Pairal-El-Canadell-3-150x150.jpg","thumbnail-width":150,"thumbnail-height":150,"medium":"https:\/\/www.bagesturisme.cat\/wp-content\/uploads\/2016\/12\/Masia-Pairal-El-Canadell-3-616x400.jpg","medium-width":616,"medium-height":400,"medium_large":"https:\/\/www.bagesturisme.cat\/wp-content\/uploads\/2016\/12\/Masia-Pairal-El-Canadell-3.jpg","medium_large-width":739,"medium_large-height":480,"large":"https:\/\/www.bagesturisme.cat\/wp-content\/uploads\/2016\/12\/Masia-Pairal-El-Canadell-3.jpg","large-width":739,"large-height":480,"1536x1536":"https:\/\/www.bagesturisme.cat\/wp-content\/uploads\/2016\/12\/Masia-Pairal-El-Canadell-3.jpg","1536x1536-width":739,"1536x1536-height":480,"2048x2048":"https:\/\/www.bagesturisme.cat\/wp-content\/uploads\/2016\/12\/Masia-Pairal-El-Canadell-3.jpg","2048x2048-width":739,"2048x2048-height":480,"blog-large":"https:\/\/www.bagesturisme.cat\/wp-content\/uploads\/2016\/12\/Masia-Pairal-El-Canadell-3.jpg","blog-large-width":419,"blog-large-height":272,"blog-medium":"https:\/\/www.bagesturisme.cat\/wp-content\/uploads\/2016\/12\/Masia-Pairal-El-Canadell-3.jpg","blog-medium-width":311,"blog-medium-height":202,"recent-posts":"https:\/\/www.bagesturisme.cat\/wp-content\/uploads\/2016\/12\/Masia-Pairal-El-Canadell-3.jpg","recent-posts-width":679,"recent-posts-height":441,"recent-works-thumbnail":"https:\/\/www.bagesturisme.cat\/wp-content\/uploads\/2016\/12\/Masia-Pairal-El-Canadell-3.jpg","recent-works-thumbnail-width":66,"recent-works-thumbnail-height":43,"fusion-200":"https:\/\/www.bagesturisme.cat\/wp-content\/uploads\/2016\/12\/Masia-Pairal-El-Canadell-3.jpg","fusion-200-width":200,"fusion-200-height":130,"fusion-400":"https:\/\/www.bagesturisme.cat\/wp-content\/uploads\/2016\/12\/Masia-Pairal-El-Canadell-3.jpg","fusion-400-width":400,"fusion-400-height":260,"fusion-600":"https:\/\/www.bagesturisme.cat\/wp-content\/uploads\/2016\/12\/Masia-Pairal-El-Canadell-3.jpg","fusion-600-width":600,"fusion-600-height":390,"fusion-800":"https:\/\/www.bagesturisme.cat\/wp-content\/uploads\/2016\/12\/Masia-Pairal-El-Canadell-3.jpg","fusion-800-width":739,"fusion-800-height":480,"fusion-1200":"https:\/\/www.bagesturisme.cat\/wp-content\/uploads\/2016\/12\/Masia-Pairal-El-Canadell-3.jpg","fusion-1200-width":739,"fusion-1200-height":480,"portfolio-full":"https:\/\/www.bagesturisme.cat\/wp-content\/uploads\/2016\/12\/Masia-Pairal-El-Canadell-3.jpg","portfolio-full-width":616,"portfolio-full-height":400,"portfolio-one":"https:\/\/www.bagesturisme.cat\/wp-content\/uploads\/2016\/12\/Masia-Pairal-El-Canadell-3.jpg","portfolio-one-width":419,"portfolio-one-height":272,"portfolio-two":"https:\/\/www.bagesturisme.cat\/wp-content\/uploads\/2016\/12\/Masia-Pairal-El-Canadell-3.jpg","portfolio-two-width":454,"portfolio-two-height":295,"portfolio-three":"https:\/\/www.bagesturisme.cat\/wp-content\/uploads\/2016\/12\/Masia-Pairal-El-Canadell-3.jpg","portfolio-three-width":300,"portfolio-three-height":195,"portfolio-five":"https:\/\/www.bagesturisme.cat\/wp-content\/uploads\/2016\/12\/Masia-Pairal-El-Canadell-3.jpg","portfolio-five-width":177,"portfolio-five-height":115}}],"ubicacio":{"address":"Ctra. Calders N -141-C Km. 11.900 08275 Calders","lat":"41.7711517","lng":"1.9431210000000192"}},"_links":{"self":[{"href":"https:\/\/www.bagesturisme.cat\/fr\/wp-json\/wp\/v2\/restauracio\/277","targetHints":{"allow":["GET"]}}],"collection":[{"href":"https:\/\/www.bagesturisme.cat\/fr\/wp-json\/wp\/v2\/restauracio"}],"about":[{"href":"https:\/\/www.bagesturisme.cat\/fr\/wp-json\/wp\/v2\/types\/restauracio"}],"author":[{"embeddable":true,"href":"https:\/\/www.bagesturisme.cat\/fr\/wp-json\/wp\/v2\/users\/8"}],"version-history":[{"count":13,"href":"https:\/\/www.bagesturisme.cat\/fr\/wp-json\/wp\/v2\/restauracio\/277\/revisions"}],"predecessor-version":[{"id":8968,"href":"https:\/\/www.bagesturisme.cat\/fr\/wp-json\/wp\/v2\/restauracio\/277\/revisions\/8968"}],"wp:featuredmedia":[{"embeddable":true,"href":"https:\/\/www.bagesturisme.cat\/fr\/wp-json\/wp\/v2\/media\/8966"}],"wp:attachment":[{"href":"https:\/\/www.bagesturisme.cat\/fr\/wp-json\/wp\/v2\/media?parent=277"}],"curies":[{"name":"wp","href":"https:\/\/api.w.org\/{rel}","templated":true}]}}