{"id":203,"date":"2016-12-15T14:23:20","date_gmt":"2016-12-15T13:23:20","guid":{"rendered":"https:\/\/bagesturisme.cat\/restauracio\/restaurant-shere-khan\/"},"modified":"2021-03-03T11:39:22","modified_gmt":"2021-03-03T10:39:22","slug":"restaurant-shere-khan","status":"publish","type":"restauracio","link":"https:\/\/www.bagesturisme.cat\/fr\/restauracio\/restaurant-shere-khan\/","title":{"rendered":"Restaurant Shere Khan"},"content":{"rendered":"<p>Restaurant situat al nucli de Nav\u00e0s, on podr\u00e0s degustar plats t\u00edpics de la cuina tradicional catalana, com pa amb tom\u00e0quet i botifarra, morro i orella de porc amb cigrons, peus de porc estofats, galta de porc al forn amb ceba confitada, bacall\u00e0 amb samfaina i mongetes\u2026<\/p>\n<p>Actualment nom\u00e9s obre les seves portes per oferir esmorzars de forquilla.<\/p>\n","protected":false},"author":21,"featured_media":9166,"template":"","class_list":["post-203","restauracio","type-restauracio","status-publish","has-post-thumbnail","hentry","municipi-navas"],"acf":{"adreca":"C\/ Sant Gen\u00eds, 23<br \/>\r\n08670 Nav\u00e0s","web":"","email":"","tel":"93 820 49 07","galeria":[{"ID":7420,"id":7420,"title":"Bacall\u00e0 amb samfaina i mongetes","filename":"Bacalla-anb-xamfaina-i-mongetes.jpg","filesize":0,"url":"https:\/\/www.bagesturisme.cat\/wp-content\/uploads\/2016\/12\/Bacalla-anb-xamfaina-i-mongetes.jpg","link":"https:\/\/www.bagesturisme.cat\/fr\/restauracio\/restaurant-shere-khan\/bacalla-anb-xamfaina-i-mongetes\/","alt":"","author":"21","description":"","caption":"","name":"bacalla-anb-xamfaina-i-mongetes","status":"inherit","uploaded_to":203,"date":"2019-06-10 07:35:18","modified":"2019-06-10 07:36:59","menu_order":0,"mime_type":"image\/jpeg","type":"image","subtype":"jpeg","icon":"https:\/\/www.bagesturisme.cat\/wp-includes\/images\/media\/default.png","width":2016,"height":1512,"sizes":{"thumbnail":"https:\/\/www.bagesturisme.cat\/wp-content\/uploads\/2016\/12\/Bacalla-anb-xamfaina-i-mongetes-150x150.jpg","thumbnail-width":150,"thumbnail-height":150,"medium":"https:\/\/www.bagesturisme.cat\/wp-content\/uploads\/2016\/12\/Bacalla-anb-xamfaina-i-mongetes-533x400.jpg","medium-width":533,"medium-height":400,"medium_large":"https:\/\/www.bagesturisme.cat\/wp-content\/uploads\/2016\/12\/Bacalla-anb-xamfaina-i-mongetes-768x576.jpg","medium_large-width":768,"medium_large-height":576,"large":"https:\/\/www.bagesturisme.cat\/wp-content\/uploads\/2016\/12\/Bacalla-anb-xamfaina-i-mongetes-1280x960.jpg","large-width":1170,"large-height":878,"1536x1536":"https:\/\/www.bagesturisme.cat\/wp-content\/uploads\/2016\/12\/Bacalla-anb-xamfaina-i-mongetes.jpg","1536x1536-width":1536,"1536x1536-height":1152,"2048x2048":"https:\/\/www.bagesturisme.cat\/wp-content\/uploads\/2016\/12\/Bacalla-anb-xamfaina-i-mongetes.jpg","2048x2048-width":2016,"2048x2048-height":1512,"blog-large":"https:\/\/www.bagesturisme.cat\/wp-content\/uploads\/2016\/12\/Bacalla-anb-xamfaina-i-mongetes.jpg","blog-large-width":363,"blog-large-height":272,"blog-medium":"https:\/\/www.bagesturisme.cat\/wp-content\/uploads\/2016\/12\/Bacalla-anb-xamfaina-i-mongetes.jpg","blog-medium-width":269,"blog-medium-height":202,"recent-posts":"https:\/\/www.bagesturisme.cat\/wp-content\/uploads\/2016\/12\/Bacalla-anb-xamfaina-i-mongetes.jpg","recent-posts-width":588,"recent-posts-height":441,"recent-works-thumbnail":"https:\/\/www.bagesturisme.cat\/wp-content\/uploads\/2016\/12\/Bacalla-anb-xamfaina-i-mongetes.jpg","recent-works-thumbnail-width":66,"recent-works-thumbnail-height":50,"fusion-200":"https:\/\/www.bagesturisme.cat\/wp-content\/uploads\/2016\/12\/Bacalla-anb-xamfaina-i-mongetes.jpg","fusion-200-width":200,"fusion-200-height":150,"fusion-400":"https:\/\/www.bagesturisme.cat\/wp-content\/uploads\/2016\/12\/Bacalla-anb-xamfaina-i-mongetes.jpg","fusion-400-width":400,"fusion-400-height":300,"fusion-600":"https:\/\/www.bagesturisme.cat\/wp-content\/uploads\/2016\/12\/Bacalla-anb-xamfaina-i-mongetes.jpg","fusion-600-width":600,"fusion-600-height":450,"fusion-800":"https:\/\/www.bagesturisme.cat\/wp-content\/uploads\/2016\/12\/Bacalla-anb-xamfaina-i-mongetes.jpg","fusion-800-width":800,"fusion-800-height":600,"fusion-1200":"https:\/\/www.bagesturisme.cat\/wp-content\/uploads\/2016\/12\/Bacalla-anb-xamfaina-i-mongetes.jpg","fusion-1200-width":1200,"fusion-1200-height":900,"portfolio-full":"https:\/\/www.bagesturisme.cat\/wp-content\/uploads\/2016\/12\/Bacalla-anb-xamfaina-i-mongetes.jpg","portfolio-full-width":533,"portfolio-full-height":400,"portfolio-one":"https:\/\/www.bagesturisme.cat\/wp-content\/uploads\/2016\/12\/Bacalla-anb-xamfaina-i-mongetes.jpg","portfolio-one-width":363,"portfolio-one-height":272,"portfolio-two":"https:\/\/www.bagesturisme.cat\/wp-content\/uploads\/2016\/12\/Bacalla-anb-xamfaina-i-mongetes.jpg","portfolio-two-width":393,"portfolio-two-height":295,"portfolio-three":"https:\/\/www.bagesturisme.cat\/wp-content\/uploads\/2016\/12\/Bacalla-anb-xamfaina-i-mongetes.jpg","portfolio-three-width":285,"portfolio-three-height":214,"portfolio-five":"https:\/\/www.bagesturisme.cat\/wp-content\/uploads\/2016\/12\/Bacalla-anb-xamfaina-i-mongetes.jpg","portfolio-five-width":177,"portfolio-five-height":133}},{"ID":7421,"id":7421,"title":"Entrep\u00e0 de botifarra","filename":"Bocata-de-botifarra.jpg","filesize":0,"url":"https:\/\/www.bagesturisme.cat\/wp-content\/uploads\/2016\/12\/Bocata-de-botifarra.jpg","link":"https:\/\/www.bagesturisme.cat\/fr\/restauracio\/restaurant-shere-khan\/bocata-de-botifarra\/","alt":"","author":"21","description":"","caption":"","name":"bocata-de-botifarra","status":"inherit","uploaded_to":203,"date":"2019-06-10 07:35:19","modified":"2019-06-10 07:37:06","menu_order":0,"mime_type":"image\/jpeg","type":"image","subtype":"jpeg","icon":"https:\/\/www.bagesturisme.cat\/wp-includes\/images\/media\/default.png","width":2016,"height":1512,"sizes":{"thumbnail":"https:\/\/www.bagesturisme.cat\/wp-content\/uploads\/2016\/12\/Bocata-de-botifarra-150x150.jpg","thumbnail-width":150,"thumbnail-height":150,"medium":"https:\/\/www.bagesturisme.cat\/wp-content\/uploads\/2016\/12\/Bocata-de-botifarra-533x400.jpg","medium-width":533,"medium-height":400,"medium_large":"https:\/\/www.bagesturisme.cat\/wp-content\/uploads\/2016\/12\/Bocata-de-botifarra-768x576.jpg","medium_large-width":768,"medium_large-height":576,"large":"https:\/\/www.bagesturisme.cat\/wp-content\/uploads\/2016\/12\/Bocata-de-botifarra-1280x960.jpg","large-width":1170,"large-height":878,"1536x1536":"https:\/\/www.bagesturisme.cat\/wp-content\/uploads\/2016\/12\/Bocata-de-botifarra.jpg","1536x1536-width":1536,"1536x1536-height":1152,"2048x2048":"https:\/\/www.bagesturisme.cat\/wp-content\/uploads\/2016\/12\/Bocata-de-botifarra.jpg","2048x2048-width":2016,"2048x2048-height":1512,"blog-large":"https:\/\/www.bagesturisme.cat\/wp-content\/uploads\/2016\/12\/Bocata-de-botifarra.jpg","blog-large-width":363,"blog-large-height":272,"blog-medium":"https:\/\/www.bagesturisme.cat\/wp-content\/uploads\/2016\/12\/Bocata-de-botifarra.jpg","blog-medium-width":269,"blog-medium-height":202,"recent-posts":"https:\/\/www.bagesturisme.cat\/wp-content\/uploads\/2016\/12\/Bocata-de-botifarra.jpg","recent-posts-width":588,"recent-posts-height":441,"recent-works-thumbnail":"https:\/\/www.bagesturisme.cat\/wp-content\/uploads\/2016\/12\/Bocata-de-botifarra.jpg","recent-works-thumbnail-width":66,"recent-works-thumbnail-height":50,"fusion-200":"https:\/\/www.bagesturisme.cat\/wp-content\/uploads\/2016\/12\/Bocata-de-botifarra.jpg","fusion-200-width":200,"fusion-200-height":150,"fusion-400":"https:\/\/www.bagesturisme.cat\/wp-content\/uploads\/2016\/12\/Bocata-de-botifarra.jpg","fusion-400-width":400,"fusion-400-height":300,"fusion-600":"https:\/\/www.bagesturisme.cat\/wp-content\/uploads\/2016\/12\/Bocata-de-botifarra.jpg","fusion-600-width":600,"fusion-600-height":450,"fusion-800":"https:\/\/www.bagesturisme.cat\/wp-content\/uploads\/2016\/12\/Bocata-de-botifarra.jpg","fusion-800-width":800,"fusion-800-height":600,"fusion-1200":"https:\/\/www.bagesturisme.cat\/wp-content\/uploads\/2016\/12\/Bocata-de-botifarra.jpg","fusion-1200-width":1200,"fusion-1200-height":900,"portfolio-full":"https:\/\/www.bagesturisme.cat\/wp-content\/uploads\/2016\/12\/Bocata-de-botifarra.jpg","portfolio-full-width":533,"portfolio-full-height":400,"portfolio-one":"https:\/\/www.bagesturisme.cat\/wp-content\/uploads\/2016\/12\/Bocata-de-botifarra.jpg","portfolio-one-width":363,"portfolio-one-height":272,"portfolio-two":"https:\/\/www.bagesturisme.cat\/wp-content\/uploads\/2016\/12\/Bocata-de-botifarra.jpg","portfolio-two-width":393,"portfolio-two-height":295,"portfolio-three":"https:\/\/www.bagesturisme.cat\/wp-content\/uploads\/2016\/12\/Bocata-de-botifarra.jpg","portfolio-three-width":285,"portfolio-three-height":214,"portfolio-five":"https:\/\/www.bagesturisme.cat\/wp-content\/uploads\/2016\/12\/Bocata-de-botifarra.jpg","portfolio-five-width":177,"portfolio-five-height":133}},{"ID":7422,"id":7422,"title":"Callos","filename":"Callos.jpg","filesize":0,"url":"https:\/\/www.bagesturisme.cat\/wp-content\/uploads\/2016\/12\/Callos.jpg","link":"https:\/\/www.bagesturisme.cat\/fr\/restauracio\/restaurant-shere-khan\/callos\/","alt":"","author":"21","description":"","caption":"","name":"callos","status":"inherit","uploaded_to":203,"date":"2019-06-10 07:35:20","modified":"2019-06-10 07:35:20","menu_order":0,"mime_type":"image\/jpeg","type":"image","subtype":"jpeg","icon":"https:\/\/www.bagesturisme.cat\/wp-includes\/images\/media\/default.png","width":2016,"height":1512,"sizes":{"thumbnail":"https:\/\/www.bagesturisme.cat\/wp-content\/uploads\/2016\/12\/Callos-150x150.jpg","thumbnail-width":150,"thumbnail-height":150,"medium":"https:\/\/www.bagesturisme.cat\/wp-content\/uploads\/2016\/12\/Callos-533x400.jpg","medium-width":533,"medium-height":400,"medium_large":"https:\/\/www.bagesturisme.cat\/wp-content\/uploads\/2016\/12\/Callos-768x576.jpg","medium_large-width":768,"medium_large-height":576,"large":"https:\/\/www.bagesturisme.cat\/wp-content\/uploads\/2016\/12\/Callos-1280x960.jpg","large-width":1170,"large-height":878,"1536x1536":"https:\/\/www.bagesturisme.cat\/wp-content\/uploads\/2016\/12\/Callos.jpg","1536x1536-width":1536,"1536x1536-height":1152,"2048x2048":"https:\/\/www.bagesturisme.cat\/wp-content\/uploads\/2016\/12\/Callos.jpg","2048x2048-width":2016,"2048x2048-height":1512,"blog-large":"https:\/\/www.bagesturisme.cat\/wp-content\/uploads\/2016\/12\/Callos.jpg","blog-large-width":363,"blog-large-height":272,"blog-medium":"https:\/\/www.bagesturisme.cat\/wp-content\/uploads\/2016\/12\/Callos.jpg","blog-medium-width":269,"blog-medium-height":202,"recent-posts":"https:\/\/www.bagesturisme.cat\/wp-content\/uploads\/2016\/12\/Callos.jpg","recent-posts-width":588,"recent-posts-height":441,"recent-works-thumbnail":"https:\/\/www.bagesturisme.cat\/wp-content\/uploads\/2016\/12\/Callos.jpg","recent-works-thumbnail-width":66,"recent-works-thumbnail-height":50,"fusion-200":"https:\/\/www.bagesturisme.cat\/wp-content\/uploads\/2016\/12\/Callos.jpg","fusion-200-width":200,"fusion-200-height":150,"fusion-400":"https:\/\/www.bagesturisme.cat\/wp-content\/uploads\/2016\/12\/Callos.jpg","fusion-400-width":400,"fusion-400-height":300,"fusion-600":"https:\/\/www.bagesturisme.cat\/wp-content\/uploads\/2016\/12\/Callos.jpg","fusion-600-width":600,"fusion-600-height":450,"fusion-800":"https:\/\/www.bagesturisme.cat\/wp-content\/uploads\/2016\/12\/Callos.jpg","fusion-800-width":800,"fusion-800-height":600,"fusion-1200":"https:\/\/www.bagesturisme.cat\/wp-content\/uploads\/2016\/12\/Callos.jpg","fusion-1200-width":1200,"fusion-1200-height":900,"portfolio-full":"https:\/\/www.bagesturisme.cat\/wp-content\/uploads\/2016\/12\/Callos.jpg","portfolio-full-width":533,"portfolio-full-height":400,"portfolio-one":"https:\/\/www.bagesturisme.cat\/wp-content\/uploads\/2016\/12\/Callos.jpg","portfolio-one-width":363,"portfolio-one-height":272,"portfolio-two":"https:\/\/www.bagesturisme.cat\/wp-content\/uploads\/2016\/12\/Callos.jpg","portfolio-two-width":393,"portfolio-two-height":295,"portfolio-three":"https:\/\/www.bagesturisme.cat\/wp-content\/uploads\/2016\/12\/Callos.jpg","portfolio-three-width":285,"portfolio-three-height":214,"portfolio-five":"https:\/\/www.bagesturisme.cat\/wp-content\/uploads\/2016\/12\/Callos.jpg","portfolio-five-width":177,"portfolio-five-height":133}},{"ID":7423,"id":7423,"title":"Galta de porc al forn amb ceba confitada","filename":"galta-de-porc-al-forn-amb-ceba-confitada.jpg","filesize":0,"url":"https:\/\/www.bagesturisme.cat\/wp-content\/uploads\/2016\/12\/galta-de-porc-al-forn-amb-ceba-confitada.jpg","link":"https:\/\/www.bagesturisme.cat\/fr\/restauracio\/restaurant-shere-khan\/galta-de-porc-al-forn-amb-ceba-confitada\/","alt":"","author":"21","description":"","caption":"","name":"galta-de-porc-al-forn-amb-ceba-confitada","status":"inherit","uploaded_to":203,"date":"2019-06-10 07:35:22","modified":"2019-06-10 07:37:12","menu_order":0,"mime_type":"image\/jpeg","type":"image","subtype":"jpeg","icon":"https:\/\/www.bagesturisme.cat\/wp-includes\/images\/media\/default.png","width":2016,"height":1512,"sizes":{"thumbnail":"https:\/\/www.bagesturisme.cat\/wp-content\/uploads\/2016\/12\/galta-de-porc-al-forn-amb-ceba-confitada-150x150.jpg","thumbnail-width":150,"thumbnail-height":150,"medium":"https:\/\/www.bagesturisme.cat\/wp-content\/uploads\/2016\/12\/galta-de-porc-al-forn-amb-ceba-confitada-533x400.jpg","medium-width":533,"medium-height":400,"medium_large":"https:\/\/www.bagesturisme.cat\/wp-content\/uploads\/2016\/12\/galta-de-porc-al-forn-amb-ceba-confitada-768x576.jpg","medium_large-width":768,"medium_large-height":576,"large":"https:\/\/www.bagesturisme.cat\/wp-content\/uploads\/2016\/12\/galta-de-porc-al-forn-amb-ceba-confitada-1280x960.jpg","large-width":1170,"large-height":878,"1536x1536":"https:\/\/www.bagesturisme.cat\/wp-content\/uploads\/2016\/12\/galta-de-porc-al-forn-amb-ceba-confitada.jpg","1536x1536-width":1536,"1536x1536-height":1152,"2048x2048":"https:\/\/www.bagesturisme.cat\/wp-content\/uploads\/2016\/12\/galta-de-porc-al-forn-amb-ceba-confitada.jpg","2048x2048-width":2016,"2048x2048-height":1512,"blog-large":"https:\/\/www.bagesturisme.cat\/wp-content\/uploads\/2016\/12\/galta-de-porc-al-forn-amb-ceba-confitada.jpg","blog-large-width":363,"blog-large-height":272,"blog-medium":"https:\/\/www.bagesturisme.cat\/wp-content\/uploads\/2016\/12\/galta-de-porc-al-forn-amb-ceba-confitada.jpg","blog-medium-width":269,"blog-medium-height":202,"recent-posts":"https:\/\/www.bagesturisme.cat\/wp-content\/uploads\/2016\/12\/galta-de-porc-al-forn-amb-ceba-confitada.jpg","recent-posts-width":588,"recent-posts-height":441,"recent-works-thumbnail":"https:\/\/www.bagesturisme.cat\/wp-content\/uploads\/2016\/12\/galta-de-porc-al-forn-amb-ceba-confitada.jpg","recent-works-thumbnail-width":66,"recent-works-thumbnail-height":50,"fusion-200":"https:\/\/www.bagesturisme.cat\/wp-content\/uploads\/2016\/12\/galta-de-porc-al-forn-amb-ceba-confitada.jpg","fusion-200-width":200,"fusion-200-height":150,"fusion-400":"https:\/\/www.bagesturisme.cat\/wp-content\/uploads\/2016\/12\/galta-de-porc-al-forn-amb-ceba-confitada.jpg","fusion-400-width":400,"fusion-400-height":300,"fusion-600":"https:\/\/www.bagesturisme.cat\/wp-content\/uploads\/2016\/12\/galta-de-porc-al-forn-amb-ceba-confitada.jpg","fusion-600-width":600,"fusion-600-height":450,"fusion-800":"https:\/\/www.bagesturisme.cat\/wp-content\/uploads\/2016\/12\/galta-de-porc-al-forn-amb-ceba-confitada.jpg","fusion-800-width":800,"fusion-800-height":600,"fusion-1200":"https:\/\/www.bagesturisme.cat\/wp-content\/uploads\/2016\/12\/galta-de-porc-al-forn-amb-ceba-confitada.jpg","fusion-1200-width":1200,"fusion-1200-height":900,"portfolio-full":"https:\/\/www.bagesturisme.cat\/wp-content\/uploads\/2016\/12\/galta-de-porc-al-forn-amb-ceba-confitada.jpg","portfolio-full-width":533,"portfolio-full-height":400,"portfolio-one":"https:\/\/www.bagesturisme.cat\/wp-content\/uploads\/2016\/12\/galta-de-porc-al-forn-amb-ceba-confitada.jpg","portfolio-one-width":363,"portfolio-one-height":272,"portfolio-two":"https:\/\/www.bagesturisme.cat\/wp-content\/uploads\/2016\/12\/galta-de-porc-al-forn-amb-ceba-confitada.jpg","portfolio-two-width":393,"portfolio-two-height":295,"portfolio-three":"https:\/\/www.bagesturisme.cat\/wp-content\/uploads\/2016\/12\/galta-de-porc-al-forn-amb-ceba-confitada.jpg","portfolio-three-width":285,"portfolio-three-height":214,"portfolio-five":"https:\/\/www.bagesturisme.cat\/wp-content\/uploads\/2016\/12\/galta-de-porc-al-forn-amb-ceba-confitada.jpg","portfolio-five-width":177,"portfolio-five-height":133}},{"ID":7424,"id":7424,"title":"Mandonguilles amb rovellons","filename":"Mandonguilles-amb-rovellons.jpg","filesize":0,"url":"https:\/\/www.bagesturisme.cat\/wp-content\/uploads\/2016\/12\/Mandonguilles-amb-rovellons.jpg","link":"https:\/\/www.bagesturisme.cat\/fr\/restauracio\/restaurant-shere-khan\/mandonguilles-amb-rovellons\/","alt":"","author":"21","description":"","caption":"","name":"mandonguilles-amb-rovellons","status":"inherit","uploaded_to":203,"date":"2019-06-10 07:35:23","modified":"2019-06-10 07:35:23","menu_order":0,"mime_type":"image\/jpeg","type":"image","subtype":"jpeg","icon":"https:\/\/www.bagesturisme.cat\/wp-includes\/images\/media\/default.png","width":2016,"height":1512,"sizes":{"thumbnail":"https:\/\/www.bagesturisme.cat\/wp-content\/uploads\/2016\/12\/Mandonguilles-amb-rovellons-150x150.jpg","thumbnail-width":150,"thumbnail-height":150,"medium":"https:\/\/www.bagesturisme.cat\/wp-content\/uploads\/2016\/12\/Mandonguilles-amb-rovellons-533x400.jpg","medium-width":533,"medium-height":400,"medium_large":"https:\/\/www.bagesturisme.cat\/wp-content\/uploads\/2016\/12\/Mandonguilles-amb-rovellons-768x576.jpg","medium_large-width":768,"medium_large-height":576,"large":"https:\/\/www.bagesturisme.cat\/wp-content\/uploads\/2016\/12\/Mandonguilles-amb-rovellons-1280x960.jpg","large-width":1170,"large-height":878,"1536x1536":"https:\/\/www.bagesturisme.cat\/wp-content\/uploads\/2016\/12\/Mandonguilles-amb-rovellons.jpg","1536x1536-width":1536,"1536x1536-height":1152,"2048x2048":"https:\/\/www.bagesturisme.cat\/wp-content\/uploads\/2016\/12\/Mandonguilles-amb-rovellons.jpg","2048x2048-width":2016,"2048x2048-height":1512,"blog-large":"https:\/\/www.bagesturisme.cat\/wp-content\/uploads\/2016\/12\/Mandonguilles-amb-rovellons.jpg","blog-large-width":363,"blog-large-height":272,"blog-medium":"https:\/\/www.bagesturisme.cat\/wp-content\/uploads\/2016\/12\/Mandonguilles-amb-rovellons.jpg","blog-medium-width":269,"blog-medium-height":202,"recent-posts":"https:\/\/www.bagesturisme.cat\/wp-content\/uploads\/2016\/12\/Mandonguilles-amb-rovellons.jpg","recent-posts-width":588,"recent-posts-height":441,"recent-works-thumbnail":"https:\/\/www.bagesturisme.cat\/wp-content\/uploads\/2016\/12\/Mandonguilles-amb-rovellons.jpg","recent-works-thumbnail-width":66,"recent-works-thumbnail-height":50,"fusion-200":"https:\/\/www.bagesturisme.cat\/wp-content\/uploads\/2016\/12\/Mandonguilles-amb-rovellons.jpg","fusion-200-width":200,"fusion-200-height":150,"fusion-400":"https:\/\/www.bagesturisme.cat\/wp-content\/uploads\/2016\/12\/Mandonguilles-amb-rovellons.jpg","fusion-400-width":400,"fusion-400-height":300,"fusion-600":"https:\/\/www.bagesturisme.cat\/wp-content\/uploads\/2016\/12\/Mandonguilles-amb-rovellons.jpg","fusion-600-width":600,"fusion-600-height":450,"fusion-800":"https:\/\/www.bagesturisme.cat\/wp-content\/uploads\/2016\/12\/Mandonguilles-amb-rovellons.jpg","fusion-800-width":800,"fusion-800-height":600,"fusion-1200":"https:\/\/www.bagesturisme.cat\/wp-content\/uploads\/2016\/12\/Mandonguilles-amb-rovellons.jpg","fusion-1200-width":1200,"fusion-1200-height":900,"portfolio-full":"https:\/\/www.bagesturisme.cat\/wp-content\/uploads\/2016\/12\/Mandonguilles-amb-rovellons.jpg","portfolio-full-width":533,"portfolio-full-height":400,"portfolio-one":"https:\/\/www.bagesturisme.cat\/wp-content\/uploads\/2016\/12\/Mandonguilles-amb-rovellons.jpg","portfolio-one-width":363,"portfolio-one-height":272,"portfolio-two":"https:\/\/www.bagesturisme.cat\/wp-content\/uploads\/2016\/12\/Mandonguilles-amb-rovellons.jpg","portfolio-two-width":393,"portfolio-two-height":295,"portfolio-three":"https:\/\/www.bagesturisme.cat\/wp-content\/uploads\/2016\/12\/Mandonguilles-amb-rovellons.jpg","portfolio-three-width":285,"portfolio-three-height":214,"portfolio-five":"https:\/\/www.bagesturisme.cat\/wp-content\/uploads\/2016\/12\/Mandonguilles-amb-rovellons.jpg","portfolio-five-width":177,"portfolio-five-height":133}},{"ID":7425,"id":7425,"title":"Morro de porc amb ceps","filename":"morro-de-porc-amb-ceps-1.jpg","filesize":0,"url":"https:\/\/www.bagesturisme.cat\/wp-content\/uploads\/2016\/12\/morro-de-porc-amb-ceps-1.jpg","link":"https:\/\/www.bagesturisme.cat\/fr\/restauracio\/restaurant-shere-khan\/morro-de-porc-amb-ceps-2\/","alt":"","author":"21","description":"","caption":"","name":"morro-de-porc-amb-ceps-2","status":"inherit","uploaded_to":203,"date":"2019-06-10 07:35:24","modified":"2019-06-10 07:37:19","menu_order":0,"mime_type":"image\/jpeg","type":"image","subtype":"jpeg","icon":"https:\/\/www.bagesturisme.cat\/wp-includes\/images\/media\/default.png","width":2016,"height":1512,"sizes":{"thumbnail":"https:\/\/www.bagesturisme.cat\/wp-content\/uploads\/2016\/12\/morro-de-porc-amb-ceps-1-150x150.jpg","thumbnail-width":150,"thumbnail-height":150,"medium":"https:\/\/www.bagesturisme.cat\/wp-content\/uploads\/2016\/12\/morro-de-porc-amb-ceps-1-533x400.jpg","medium-width":533,"medium-height":400,"medium_large":"https:\/\/www.bagesturisme.cat\/wp-content\/uploads\/2016\/12\/morro-de-porc-amb-ceps-1-768x576.jpg","medium_large-width":768,"medium_large-height":576,"large":"https:\/\/www.bagesturisme.cat\/wp-content\/uploads\/2016\/12\/morro-de-porc-amb-ceps-1-1280x960.jpg","large-width":1170,"large-height":878,"1536x1536":"https:\/\/www.bagesturisme.cat\/wp-content\/uploads\/2016\/12\/morro-de-porc-amb-ceps-1.jpg","1536x1536-width":1536,"1536x1536-height":1152,"2048x2048":"https:\/\/www.bagesturisme.cat\/wp-content\/uploads\/2016\/12\/morro-de-porc-amb-ceps-1.jpg","2048x2048-width":2016,"2048x2048-height":1512,"blog-large":"https:\/\/www.bagesturisme.cat\/wp-content\/uploads\/2016\/12\/morro-de-porc-amb-ceps-1.jpg","blog-large-width":363,"blog-large-height":272,"blog-medium":"https:\/\/www.bagesturisme.cat\/wp-content\/uploads\/2016\/12\/morro-de-porc-amb-ceps-1.jpg","blog-medium-width":269,"blog-medium-height":202,"recent-posts":"https:\/\/www.bagesturisme.cat\/wp-content\/uploads\/2016\/12\/morro-de-porc-amb-ceps-1.jpg","recent-posts-width":588,"recent-posts-height":441,"recent-works-thumbnail":"https:\/\/www.bagesturisme.cat\/wp-content\/uploads\/2016\/12\/morro-de-porc-amb-ceps-1.jpg","recent-works-thumbnail-width":66,"recent-works-thumbnail-height":50,"fusion-200":"https:\/\/www.bagesturisme.cat\/wp-content\/uploads\/2016\/12\/morro-de-porc-amb-ceps-1.jpg","fusion-200-width":200,"fusion-200-height":150,"fusion-400":"https:\/\/www.bagesturisme.cat\/wp-content\/uploads\/2016\/12\/morro-de-porc-amb-ceps-1.jpg","fusion-400-width":400,"fusion-400-height":300,"fusion-600":"https:\/\/www.bagesturisme.cat\/wp-content\/uploads\/2016\/12\/morro-de-porc-amb-ceps-1.jpg","fusion-600-width":600,"fusion-600-height":450,"fusion-800":"https:\/\/www.bagesturisme.cat\/wp-content\/uploads\/2016\/12\/morro-de-porc-amb-ceps-1.jpg","fusion-800-width":800,"fusion-800-height":600,"fusion-1200":"https:\/\/www.bagesturisme.cat\/wp-content\/uploads\/2016\/12\/morro-de-porc-amb-ceps-1.jpg","fusion-1200-width":1200,"fusion-1200-height":900,"portfolio-full":"https:\/\/www.bagesturisme.cat\/wp-content\/uploads\/2016\/12\/morro-de-porc-amb-ceps-1.jpg","portfolio-full-width":533,"portfolio-full-height":400,"portfolio-one":"https:\/\/www.bagesturisme.cat\/wp-content\/uploads\/2016\/12\/morro-de-porc-amb-ceps-1.jpg","portfolio-one-width":363,"portfolio-one-height":272,"portfolio-two":"https:\/\/www.bagesturisme.cat\/wp-content\/uploads\/2016\/12\/morro-de-porc-amb-ceps-1.jpg","portfolio-two-width":393,"portfolio-two-height":295,"portfolio-three":"https:\/\/www.bagesturisme.cat\/wp-content\/uploads\/2016\/12\/morro-de-porc-amb-ceps-1.jpg","portfolio-three-width":285,"portfolio-three-height":214,"portfolio-five":"https:\/\/www.bagesturisme.cat\/wp-content\/uploads\/2016\/12\/morro-de-porc-amb-ceps-1.jpg","portfolio-five-width":177,"portfolio-five-height":133}},{"ID":7426,"id":7426,"title":"Morro i orella de porc amb cigrons","filename":"Morro-i-orella-de-porc-amb-cigrons.jpg","filesize":0,"url":"https:\/\/www.bagesturisme.cat\/wp-content\/uploads\/2016\/12\/Morro-i-orella-de-porc-amb-cigrons.jpg","link":"https:\/\/www.bagesturisme.cat\/fr\/restauracio\/restaurant-shere-khan\/morro-i-orella-de-porc-amb-cigrons\/","alt":"","author":"21","description":"","caption":"","name":"morro-i-orella-de-porc-amb-cigrons","status":"inherit","uploaded_to":203,"date":"2019-06-10 07:35:25","modified":"2019-06-10 07:35:25","menu_order":0,"mime_type":"image\/jpeg","type":"image","subtype":"jpeg","icon":"https:\/\/www.bagesturisme.cat\/wp-includes\/images\/media\/default.png","width":2016,"height":1512,"sizes":{"thumbnail":"https:\/\/www.bagesturisme.cat\/wp-content\/uploads\/2016\/12\/Morro-i-orella-de-porc-amb-cigrons-150x150.jpg","thumbnail-width":150,"thumbnail-height":150,"medium":"https:\/\/www.bagesturisme.cat\/wp-content\/uploads\/2016\/12\/Morro-i-orella-de-porc-amb-cigrons-533x400.jpg","medium-width":533,"medium-height":400,"medium_large":"https:\/\/www.bagesturisme.cat\/wp-content\/uploads\/2016\/12\/Morro-i-orella-de-porc-amb-cigrons-768x576.jpg","medium_large-width":768,"medium_large-height":576,"large":"https:\/\/www.bagesturisme.cat\/wp-content\/uploads\/2016\/12\/Morro-i-orella-de-porc-amb-cigrons-1280x960.jpg","large-width":1170,"large-height":878,"1536x1536":"https:\/\/www.bagesturisme.cat\/wp-content\/uploads\/2016\/12\/Morro-i-orella-de-porc-amb-cigrons.jpg","1536x1536-width":1536,"1536x1536-height":1152,"2048x2048":"https:\/\/www.bagesturisme.cat\/wp-content\/uploads\/2016\/12\/Morro-i-orella-de-porc-amb-cigrons.jpg","2048x2048-width":2016,"2048x2048-height":1512,"blog-large":"https:\/\/www.bagesturisme.cat\/wp-content\/uploads\/2016\/12\/Morro-i-orella-de-porc-amb-cigrons.jpg","blog-large-width":363,"blog-large-height":272,"blog-medium":"https:\/\/www.bagesturisme.cat\/wp-content\/uploads\/2016\/12\/Morro-i-orella-de-porc-amb-cigrons.jpg","blog-medium-width":269,"blog-medium-height":202,"recent-posts":"https:\/\/www.bagesturisme.cat\/wp-content\/uploads\/2016\/12\/Morro-i-orella-de-porc-amb-cigrons.jpg","recent-posts-width":588,"recent-posts-height":441,"recent-works-thumbnail":"https:\/\/www.bagesturisme.cat\/wp-content\/uploads\/2016\/12\/Morro-i-orella-de-porc-amb-cigrons.jpg","recent-works-thumbnail-width":66,"recent-works-thumbnail-height":50,"fusion-200":"https:\/\/www.bagesturisme.cat\/wp-content\/uploads\/2016\/12\/Morro-i-orella-de-porc-amb-cigrons.jpg","fusion-200-width":200,"fusion-200-height":150,"fusion-400":"https:\/\/www.bagesturisme.cat\/wp-content\/uploads\/2016\/12\/Morro-i-orella-de-porc-amb-cigrons.jpg","fusion-400-width":400,"fusion-400-height":300,"fusion-600":"https:\/\/www.bagesturisme.cat\/wp-content\/uploads\/2016\/12\/Morro-i-orella-de-porc-amb-cigrons.jpg","fusion-600-width":600,"fusion-600-height":450,"fusion-800":"https:\/\/www.bagesturisme.cat\/wp-content\/uploads\/2016\/12\/Morro-i-orella-de-porc-amb-cigrons.jpg","fusion-800-width":800,"fusion-800-height":600,"fusion-1200":"https:\/\/www.bagesturisme.cat\/wp-content\/uploads\/2016\/12\/Morro-i-orella-de-porc-amb-cigrons.jpg","fusion-1200-width":1200,"fusion-1200-height":900,"portfolio-full":"https:\/\/www.bagesturisme.cat\/wp-content\/uploads\/2016\/12\/Morro-i-orella-de-porc-amb-cigrons.jpg","portfolio-full-width":533,"portfolio-full-height":400,"portfolio-one":"https:\/\/www.bagesturisme.cat\/wp-content\/uploads\/2016\/12\/Morro-i-orella-de-porc-amb-cigrons.jpg","portfolio-one-width":363,"portfolio-one-height":272,"portfolio-two":"https:\/\/www.bagesturisme.cat\/wp-content\/uploads\/2016\/12\/Morro-i-orella-de-porc-amb-cigrons.jpg","portfolio-two-width":393,"portfolio-two-height":295,"portfolio-three":"https:\/\/www.bagesturisme.cat\/wp-content\/uploads\/2016\/12\/Morro-i-orella-de-porc-amb-cigrons.jpg","portfolio-three-width":285,"portfolio-three-height":214,"portfolio-five":"https:\/\/www.bagesturisme.cat\/wp-content\/uploads\/2016\/12\/Morro-i-orella-de-porc-amb-cigrons.jpg","portfolio-five-width":177,"portfolio-five-height":133}},{"ID":7427,"id":7427,"title":"Peu de porc estofat","filename":"Peu-de-porc-estofat.jpg","filesize":0,"url":"https:\/\/www.bagesturisme.cat\/wp-content\/uploads\/2016\/12\/Peu-de-porc-estofat.jpg","link":"https:\/\/www.bagesturisme.cat\/fr\/restauracio\/restaurant-shere-khan\/peu-de-porc-estofat\/","alt":"","author":"21","description":"","caption":"","name":"peu-de-porc-estofat","status":"inherit","uploaded_to":203,"date":"2019-06-10 07:35:26","modified":"2019-06-10 07:37:24","menu_order":0,"mime_type":"image\/jpeg","type":"image","subtype":"jpeg","icon":"https:\/\/www.bagesturisme.cat\/wp-includes\/images\/media\/default.png","width":2016,"height":1512,"sizes":{"thumbnail":"https:\/\/www.bagesturisme.cat\/wp-content\/uploads\/2016\/12\/Peu-de-porc-estofat-150x150.jpg","thumbnail-width":150,"thumbnail-height":150,"medium":"https:\/\/www.bagesturisme.cat\/wp-content\/uploads\/2016\/12\/Peu-de-porc-estofat-533x400.jpg","medium-width":533,"medium-height":400,"medium_large":"https:\/\/www.bagesturisme.cat\/wp-content\/uploads\/2016\/12\/Peu-de-porc-estofat-768x576.jpg","medium_large-width":768,"medium_large-height":576,"large":"https:\/\/www.bagesturisme.cat\/wp-content\/uploads\/2016\/12\/Peu-de-porc-estofat-1280x960.jpg","large-width":1170,"large-height":878,"1536x1536":"https:\/\/www.bagesturisme.cat\/wp-content\/uploads\/2016\/12\/Peu-de-porc-estofat.jpg","1536x1536-width":1536,"1536x1536-height":1152,"2048x2048":"https:\/\/www.bagesturisme.cat\/wp-content\/uploads\/2016\/12\/Peu-de-porc-estofat.jpg","2048x2048-width":2016,"2048x2048-height":1512,"blog-large":"https:\/\/www.bagesturisme.cat\/wp-content\/uploads\/2016\/12\/Peu-de-porc-estofat.jpg","blog-large-width":363,"blog-large-height":272,"blog-medium":"https:\/\/www.bagesturisme.cat\/wp-content\/uploads\/2016\/12\/Peu-de-porc-estofat.jpg","blog-medium-width":269,"blog-medium-height":202,"recent-posts":"https:\/\/www.bagesturisme.cat\/wp-content\/uploads\/2016\/12\/Peu-de-porc-estofat.jpg","recent-posts-width":588,"recent-posts-height":441,"recent-works-thumbnail":"https:\/\/www.bagesturisme.cat\/wp-content\/uploads\/2016\/12\/Peu-de-porc-estofat.jpg","recent-works-thumbnail-width":66,"recent-works-thumbnail-height":50,"fusion-200":"https:\/\/www.bagesturisme.cat\/wp-content\/uploads\/2016\/12\/Peu-de-porc-estofat.jpg","fusion-200-width":200,"fusion-200-height":150,"fusion-400":"https:\/\/www.bagesturisme.cat\/wp-content\/uploads\/2016\/12\/Peu-de-porc-estofat.jpg","fusion-400-width":400,"fusion-400-height":300,"fusion-600":"https:\/\/www.bagesturisme.cat\/wp-content\/uploads\/2016\/12\/Peu-de-porc-estofat.jpg","fusion-600-width":600,"fusion-600-height":450,"fusion-800":"https:\/\/www.bagesturisme.cat\/wp-content\/uploads\/2016\/12\/Peu-de-porc-estofat.jpg","fusion-800-width":800,"fusion-800-height":600,"fusion-1200":"https:\/\/www.bagesturisme.cat\/wp-content\/uploads\/2016\/12\/Peu-de-porc-estofat.jpg","fusion-1200-width":1200,"fusion-1200-height":900,"portfolio-full":"https:\/\/www.bagesturisme.cat\/wp-content\/uploads\/2016\/12\/Peu-de-porc-estofat.jpg","portfolio-full-width":533,"portfolio-full-height":400,"portfolio-one":"https:\/\/www.bagesturisme.cat\/wp-content\/uploads\/2016\/12\/Peu-de-porc-estofat.jpg","portfolio-one-width":363,"portfolio-one-height":272,"portfolio-two":"https:\/\/www.bagesturisme.cat\/wp-content\/uploads\/2016\/12\/Peu-de-porc-estofat.jpg","portfolio-two-width":393,"portfolio-two-height":295,"portfolio-three":"https:\/\/www.bagesturisme.cat\/wp-content\/uploads\/2016\/12\/Peu-de-porc-estofat.jpg","portfolio-three-width":285,"portfolio-three-height":214,"portfolio-five":"https:\/\/www.bagesturisme.cat\/wp-content\/uploads\/2016\/12\/Peu-de-porc-estofat.jpg","portfolio-five-width":177,"portfolio-five-height":133}},{"ID":7428,"id":7428,"title":"Popets amb suc i navalles","filename":"Popets-amb-suc-i-navalles.jpg","filesize":0,"url":"https:\/\/www.bagesturisme.cat\/wp-content\/uploads\/2016\/12\/Popets-amb-suc-i-navalles.jpg","link":"https:\/\/www.bagesturisme.cat\/fr\/restauracio\/restaurant-shere-khan\/popets-amb-suc-i-navalles\/","alt":"","author":"21","description":"","caption":"","name":"popets-amb-suc-i-navalles","status":"inherit","uploaded_to":203,"date":"2019-06-10 07:35:27","modified":"2019-06-10 07:36:48","menu_order":0,"mime_type":"image\/jpeg","type":"image","subtype":"jpeg","icon":"https:\/\/www.bagesturisme.cat\/wp-includes\/images\/media\/default.png","width":2016,"height":1512,"sizes":{"thumbnail":"https:\/\/www.bagesturisme.cat\/wp-content\/uploads\/2016\/12\/Popets-amb-suc-i-navalles-150x150.jpg","thumbnail-width":150,"thumbnail-height":150,"medium":"https:\/\/www.bagesturisme.cat\/wp-content\/uploads\/2016\/12\/Popets-amb-suc-i-navalles-533x400.jpg","medium-width":533,"medium-height":400,"medium_large":"https:\/\/www.bagesturisme.cat\/wp-content\/uploads\/2016\/12\/Popets-amb-suc-i-navalles-768x576.jpg","medium_large-width":768,"medium_large-height":576,"large":"https:\/\/www.bagesturisme.cat\/wp-content\/uploads\/2016\/12\/Popets-amb-suc-i-navalles-1280x960.jpg","large-width":1170,"large-height":878,"1536x1536":"https:\/\/www.bagesturisme.cat\/wp-content\/uploads\/2016\/12\/Popets-amb-suc-i-navalles.jpg","1536x1536-width":1536,"1536x1536-height":1152,"2048x2048":"https:\/\/www.bagesturisme.cat\/wp-content\/uploads\/2016\/12\/Popets-amb-suc-i-navalles.jpg","2048x2048-width":2016,"2048x2048-height":1512,"blog-large":"https:\/\/www.bagesturisme.cat\/wp-content\/uploads\/2016\/12\/Popets-amb-suc-i-navalles.jpg","blog-large-width":363,"blog-large-height":272,"blog-medium":"https:\/\/www.bagesturisme.cat\/wp-content\/uploads\/2016\/12\/Popets-amb-suc-i-navalles.jpg","blog-medium-width":269,"blog-medium-height":202,"recent-posts":"https:\/\/www.bagesturisme.cat\/wp-content\/uploads\/2016\/12\/Popets-amb-suc-i-navalles.jpg","recent-posts-width":588,"recent-posts-height":441,"recent-works-thumbnail":"https:\/\/www.bagesturisme.cat\/wp-content\/uploads\/2016\/12\/Popets-amb-suc-i-navalles.jpg","recent-works-thumbnail-width":66,"recent-works-thumbnail-height":50,"fusion-200":"https:\/\/www.bagesturisme.cat\/wp-content\/uploads\/2016\/12\/Popets-amb-suc-i-navalles.jpg","fusion-200-width":200,"fusion-200-height":150,"fusion-400":"https:\/\/www.bagesturisme.cat\/wp-content\/uploads\/2016\/12\/Popets-amb-suc-i-navalles.jpg","fusion-400-width":400,"fusion-400-height":300,"fusion-600":"https:\/\/www.bagesturisme.cat\/wp-content\/uploads\/2016\/12\/Popets-amb-suc-i-navalles.jpg","fusion-600-width":600,"fusion-600-height":450,"fusion-800":"https:\/\/www.bagesturisme.cat\/wp-content\/uploads\/2016\/12\/Popets-amb-suc-i-navalles.jpg","fusion-800-width":800,"fusion-800-height":600,"fusion-1200":"https:\/\/www.bagesturisme.cat\/wp-content\/uploads\/2016\/12\/Popets-amb-suc-i-navalles.jpg","fusion-1200-width":1200,"fusion-1200-height":900,"portfolio-full":"https:\/\/www.bagesturisme.cat\/wp-content\/uploads\/2016\/12\/Popets-amb-suc-i-navalles.jpg","portfolio-full-width":533,"portfolio-full-height":400,"portfolio-one":"https:\/\/www.bagesturisme.cat\/wp-content\/uploads\/2016\/12\/Popets-amb-suc-i-navalles.jpg","portfolio-one-width":363,"portfolio-one-height":272,"portfolio-two":"https:\/\/www.bagesturisme.cat\/wp-content\/uploads\/2016\/12\/Popets-amb-suc-i-navalles.jpg","portfolio-two-width":393,"portfolio-two-height":295,"portfolio-three":"https:\/\/www.bagesturisme.cat\/wp-content\/uploads\/2016\/12\/Popets-amb-suc-i-navalles.jpg","portfolio-three-width":285,"portfolio-three-height":214,"portfolio-five":"https:\/\/www.bagesturisme.cat\/wp-content\/uploads\/2016\/12\/Popets-amb-suc-i-navalles.jpg","portfolio-five-width":177,"portfolio-five-height":133}}],"ubicacio":{"address":"C\/ Sant Gen\u00eds, 23 08670 Nav\u00e0s","lat":"41.8987399","lng":"1.8796300000000201"}},"_links":{"self":[{"href":"https:\/\/www.bagesturisme.cat\/fr\/wp-json\/wp\/v2\/restauracio\/203","targetHints":{"allow":["GET"]}}],"collection":[{"href":"https:\/\/www.bagesturisme.cat\/fr\/wp-json\/wp\/v2\/restauracio"}],"about":[{"href":"https:\/\/www.bagesturisme.cat\/fr\/wp-json\/wp\/v2\/types\/restauracio"}],"author":[{"embeddable":true,"href":"https:\/\/www.bagesturisme.cat\/fr\/wp-json\/wp\/v2\/users\/21"}],"version-history":[{"count":7,"href":"https:\/\/www.bagesturisme.cat\/fr\/wp-json\/wp\/v2\/restauracio\/203\/revisions"}],"predecessor-version":[{"id":7430,"href":"https:\/\/www.bagesturisme.cat\/fr\/wp-json\/wp\/v2\/restauracio\/203\/revisions\/7430"}],"wp:featuredmedia":[{"embeddable":true,"href":"https:\/\/www.bagesturisme.cat\/fr\/wp-json\/wp\/v2\/media\/9166"}],"wp:attachment":[{"href":"https:\/\/www.bagesturisme.cat\/fr\/wp-json\/wp\/v2\/media?parent=203"}],"curies":[{"name":"wp","href":"https:\/\/api.w.org\/{rel}","templated":true}]}}