{"id":202,"date":"2016-12-15T14:23:20","date_gmt":"2016-12-15T13:23:20","guid":{"rendered":"https:\/\/bagesturisme.cat\/restauracio\/restaurant-jumi\/"},"modified":"2021-03-03T11:40:57","modified_gmt":"2021-03-03T10:40:57","slug":"restaurant-jumi","status":"publish","type":"restauracio","link":"https:\/\/www.bagesturisme.cat\/fr\/restauracio\/restaurant-jumi\/","title":{"rendered":"Restaurant Jumi"},"content":{"rendered":"<p style=\"text-align: justify\">Al restaurant Jumi portem m\u00e9s de 15 anys de experi\u00e8ncia en el sector de la restauraci\u00f3. Situat al passeig de Nav\u00e0s, disposem de amplis menjadors per colles i celebracions, sales privades per menjars de negocis o petites reunions familiars. Tamb\u00e9 tenim una terrassa molt acollidora on gaudir l\u00b4estiu amb els sopars a la fresca. El nostre servei es jove i agradable on tothom s\u00b4hi sentir\u00e0 b\u00e9. Vine a coneixe\u00b4ns !<\/p>\n<p>Les nostres especialitats son: Les tapes (modernes, casolanes i divertides), les amanides (fresques i lleugeres), carns a la brasa (entrecots i filets de vedella, carn de xai), peix i marisc (bona qualitat a bon preu), carta de vins (possibilitat de veure a la bodega).<\/p>\n<p>Els nostres serveis:<br \/>\n&#8211; Men\u00fa diari Men\u00fa de cap de setmana<br \/>\n&#8211; Servei de carta<br \/>\n&#8211; Men\u00fas per a colles<br \/>\n&#8211; Celebracions<br \/>\n&#8211; Menjar per emportar<br \/>\n&#8211; Servei a domicili<br \/>\n&#8211; C\u00e0tering.","protected":false},"author":21,"featured_media":9167,"template":"","class_list":["post-202","restauracio","type-restauracio","status-publish","has-post-thumbnail","hentry","municipi-navas","indicadors-familiar","indicadors-pagament-amb-targeta"],"acf":{"adreca":"Passeig Ramon Vall, 35<br \/>\r\n08670\u00a0 Nav\u00e0s","web":"","email":"restaurantjumi@hotmail.com","tel":"93 820 49 28","galeria":[{"ID":7411,"id":7411,"title":"Rap amb papada i pur\u00e9 de mongetes","filename":"Rap-amb-papada-i-pur\u00e9-de-mongetes.jpeg","filesize":0,"url":"https:\/\/www.bagesturisme.cat\/wp-content\/uploads\/2016\/12\/Rap-amb-papada-i-pur\u00e9-de-mongetes.jpeg","link":"https:\/\/www.bagesturisme.cat\/fr\/restauracio\/restaurant-jumi\/rap-amb-papada-i-pure-de-mongetes\/","alt":"","author":"21","description":"","caption":"","name":"rap-amb-papada-i-pure-de-mongetes","status":"inherit","uploaded_to":202,"date":"2019-06-10 07:26:06","modified":"2019-06-10 07:26:06","menu_order":0,"mime_type":"image\/jpeg","type":"image","subtype":"jpeg","icon":"https:\/\/www.bagesturisme.cat\/wp-includes\/images\/media\/default.png","width":1600,"height":900,"sizes":{"thumbnail":"https:\/\/www.bagesturisme.cat\/wp-content\/uploads\/2016\/12\/Rap-amb-papada-i-pur\u00e9-de-mongetes-150x150.jpeg","thumbnail-width":150,"thumbnail-height":150,"medium":"https:\/\/www.bagesturisme.cat\/wp-content\/uploads\/2016\/12\/Rap-amb-papada-i-pur\u00e9-de-mongetes-711x400.jpeg","medium-width":711,"medium-height":400,"medium_large":"https:\/\/www.bagesturisme.cat\/wp-content\/uploads\/2016\/12\/Rap-amb-papada-i-pur\u00e9-de-mongetes-768x432.jpeg","medium_large-width":768,"medium_large-height":432,"large":"https:\/\/www.bagesturisme.cat\/wp-content\/uploads\/2016\/12\/Rap-amb-papada-i-pur\u00e9-de-mongetes-1280x720.jpeg","large-width":1170,"large-height":658,"1536x1536":"https:\/\/www.bagesturisme.cat\/wp-content\/uploads\/2016\/12\/Rap-amb-papada-i-pur\u00e9-de-mongetes.jpeg","1536x1536-width":1536,"1536x1536-height":864,"2048x2048":"https:\/\/www.bagesturisme.cat\/wp-content\/uploads\/2016\/12\/Rap-amb-papada-i-pur\u00e9-de-mongetes.jpeg","2048x2048-width":1600,"2048x2048-height":900,"blog-large":"https:\/\/www.bagesturisme.cat\/wp-content\/uploads\/2016\/12\/Rap-amb-papada-i-pur\u00e9-de-mongetes.jpeg","blog-large-width":484,"blog-large-height":272,"blog-medium":"https:\/\/www.bagesturisme.cat\/wp-content\/uploads\/2016\/12\/Rap-amb-papada-i-pur\u00e9-de-mongetes.jpeg","blog-medium-width":320,"blog-medium-height":180,"recent-posts":"https:\/\/www.bagesturisme.cat\/wp-content\/uploads\/2016\/12\/Rap-amb-papada-i-pur\u00e9-de-mongetes.jpeg","recent-posts-width":700,"recent-posts-height":394,"recent-works-thumbnail":"https:\/\/www.bagesturisme.cat\/wp-content\/uploads\/2016\/12\/Rap-amb-papada-i-pur\u00e9-de-mongetes.jpeg","recent-works-thumbnail-width":66,"recent-works-thumbnail-height":37,"fusion-200":"https:\/\/www.bagesturisme.cat\/wp-content\/uploads\/2016\/12\/Rap-amb-papada-i-pur\u00e9-de-mongetes.jpeg","fusion-200-width":200,"fusion-200-height":113,"fusion-400":"https:\/\/www.bagesturisme.cat\/wp-content\/uploads\/2016\/12\/Rap-amb-papada-i-pur\u00e9-de-mongetes.jpeg","fusion-400-width":400,"fusion-400-height":225,"fusion-600":"https:\/\/www.bagesturisme.cat\/wp-content\/uploads\/2016\/12\/Rap-amb-papada-i-pur\u00e9-de-mongetes.jpeg","fusion-600-width":600,"fusion-600-height":338,"fusion-800":"https:\/\/www.bagesturisme.cat\/wp-content\/uploads\/2016\/12\/Rap-amb-papada-i-pur\u00e9-de-mongetes.jpeg","fusion-800-width":800,"fusion-800-height":450,"fusion-1200":"https:\/\/www.bagesturisme.cat\/wp-content\/uploads\/2016\/12\/Rap-amb-papada-i-pur\u00e9-de-mongetes.jpeg","fusion-1200-width":1200,"fusion-1200-height":675,"portfolio-full":"https:\/\/www.bagesturisme.cat\/wp-content\/uploads\/2016\/12\/Rap-amb-papada-i-pur\u00e9-de-mongetes.jpeg","portfolio-full-width":711,"portfolio-full-height":400,"portfolio-one":"https:\/\/www.bagesturisme.cat\/wp-content\/uploads\/2016\/12\/Rap-amb-papada-i-pur\u00e9-de-mongetes.jpeg","portfolio-one-width":484,"portfolio-one-height":272,"portfolio-two":"https:\/\/www.bagesturisme.cat\/wp-content\/uploads\/2016\/12\/Rap-amb-papada-i-pur\u00e9-de-mongetes.jpeg","portfolio-two-width":460,"portfolio-two-height":259,"portfolio-three":"https:\/\/www.bagesturisme.cat\/wp-content\/uploads\/2016\/12\/Rap-amb-papada-i-pur\u00e9-de-mongetes.jpeg","portfolio-three-width":300,"portfolio-three-height":169,"portfolio-five":"https:\/\/www.bagesturisme.cat\/wp-content\/uploads\/2016\/12\/Rap-amb-papada-i-pur\u00e9-de-mongetes.jpeg","portfolio-five-width":177,"portfolio-five-height":100}},{"ID":7412,"id":7412,"title":"Rod\u00f3 de xai amb ceps i foie","filename":"Rod\u00f3-de-xai-amb-ceps-i-foie.jpeg","filesize":0,"url":"https:\/\/www.bagesturisme.cat\/wp-content\/uploads\/2016\/12\/Rod\u00f3-de-xai-amb-ceps-i-foie.jpeg","link":"https:\/\/www.bagesturisme.cat\/fr\/restauracio\/restaurant-jumi\/rodo-de-xai-amb-ceps-i-foie\/","alt":"","author":"21","description":"","caption":"","name":"rodo-de-xai-amb-ceps-i-foie","status":"inherit","uploaded_to":202,"date":"2019-06-10 07:26:07","modified":"2019-06-10 07:26:07","menu_order":0,"mime_type":"image\/jpeg","type":"image","subtype":"jpeg","icon":"https:\/\/www.bagesturisme.cat\/wp-includes\/images\/media\/default.png","width":1080,"height":1080,"sizes":{"thumbnail":"https:\/\/www.bagesturisme.cat\/wp-content\/uploads\/2016\/12\/Rod\u00f3-de-xai-amb-ceps-i-foie-150x150.jpeg","thumbnail-width":150,"thumbnail-height":150,"medium":"https:\/\/www.bagesturisme.cat\/wp-content\/uploads\/2016\/12\/Rod\u00f3-de-xai-amb-ceps-i-foie-400x400.jpeg","medium-width":400,"medium-height":400,"medium_large":"https:\/\/www.bagesturisme.cat\/wp-content\/uploads\/2016\/12\/Rod\u00f3-de-xai-amb-ceps-i-foie-768x768.jpeg","medium_large-width":768,"medium_large-height":768,"large":"https:\/\/www.bagesturisme.cat\/wp-content\/uploads\/2016\/12\/Rod\u00f3-de-xai-amb-ceps-i-foie-1024x1024.jpeg","large-width":1024,"large-height":1024,"1536x1536":"https:\/\/www.bagesturisme.cat\/wp-content\/uploads\/2016\/12\/Rod\u00f3-de-xai-amb-ceps-i-foie.jpeg","1536x1536-width":1080,"1536x1536-height":1080,"2048x2048":"https:\/\/www.bagesturisme.cat\/wp-content\/uploads\/2016\/12\/Rod\u00f3-de-xai-amb-ceps-i-foie.jpeg","2048x2048-width":1080,"2048x2048-height":1080,"blog-large":"https:\/\/www.bagesturisme.cat\/wp-content\/uploads\/2016\/12\/Rod\u00f3-de-xai-amb-ceps-i-foie.jpeg","blog-large-width":272,"blog-large-height":272,"blog-medium":"https:\/\/www.bagesturisme.cat\/wp-content\/uploads\/2016\/12\/Rod\u00f3-de-xai-amb-ceps-i-foie.jpeg","blog-medium-width":202,"blog-medium-height":202,"recent-posts":"https:\/\/www.bagesturisme.cat\/wp-content\/uploads\/2016\/12\/Rod\u00f3-de-xai-amb-ceps-i-foie.jpeg","recent-posts-width":441,"recent-posts-height":441,"recent-works-thumbnail":"https:\/\/www.bagesturisme.cat\/wp-content\/uploads\/2016\/12\/Rod\u00f3-de-xai-amb-ceps-i-foie.jpeg","recent-works-thumbnail-width":66,"recent-works-thumbnail-height":66,"fusion-200":"https:\/\/www.bagesturisme.cat\/wp-content\/uploads\/2016\/12\/Rod\u00f3-de-xai-amb-ceps-i-foie.jpeg","fusion-200-width":200,"fusion-200-height":200,"fusion-400":"https:\/\/www.bagesturisme.cat\/wp-content\/uploads\/2016\/12\/Rod\u00f3-de-xai-amb-ceps-i-foie.jpeg","fusion-400-width":400,"fusion-400-height":400,"fusion-600":"https:\/\/www.bagesturisme.cat\/wp-content\/uploads\/2016\/12\/Rod\u00f3-de-xai-amb-ceps-i-foie.jpeg","fusion-600-width":600,"fusion-600-height":600,"fusion-800":"https:\/\/www.bagesturisme.cat\/wp-content\/uploads\/2016\/12\/Rod\u00f3-de-xai-amb-ceps-i-foie.jpeg","fusion-800-width":800,"fusion-800-height":800,"fusion-1200":"https:\/\/www.bagesturisme.cat\/wp-content\/uploads\/2016\/12\/Rod\u00f3-de-xai-amb-ceps-i-foie.jpeg","fusion-1200-width":1080,"fusion-1200-height":1080,"portfolio-full":"https:\/\/www.bagesturisme.cat\/wp-content\/uploads\/2016\/12\/Rod\u00f3-de-xai-amb-ceps-i-foie.jpeg","portfolio-full-width":400,"portfolio-full-height":400,"portfolio-one":"https:\/\/www.bagesturisme.cat\/wp-content\/uploads\/2016\/12\/Rod\u00f3-de-xai-amb-ceps-i-foie.jpeg","portfolio-one-width":272,"portfolio-one-height":272,"portfolio-two":"https:\/\/www.bagesturisme.cat\/wp-content\/uploads\/2016\/12\/Rod\u00f3-de-xai-amb-ceps-i-foie.jpeg","portfolio-two-width":295,"portfolio-two-height":295,"portfolio-three":"https:\/\/www.bagesturisme.cat\/wp-content\/uploads\/2016\/12\/Rod\u00f3-de-xai-amb-ceps-i-foie.jpeg","portfolio-three-width":214,"portfolio-three-height":214,"portfolio-five":"https:\/\/www.bagesturisme.cat\/wp-content\/uploads\/2016\/12\/Rod\u00f3-de-xai-amb-ceps-i-foie.jpeg","portfolio-five-width":142,"portfolio-five-height":142}},{"ID":7413,"id":7413,"title":"Tonyina a la planxa amb verdures i crema de taronja i pastanaga","filename":"Tonyina-a-la-planxa-amb-verdures-i-crema-de-taronja-i-pastanaga.jpeg","filesize":0,"url":"https:\/\/www.bagesturisme.cat\/wp-content\/uploads\/2016\/12\/Tonyina-a-la-planxa-amb-verdures-i-crema-de-taronja-i-pastanaga.jpeg","link":"https:\/\/www.bagesturisme.cat\/fr\/restauracio\/restaurant-jumi\/tonyina-a-la-planxa-amb-verdures-i-crema-de-taronja-i-pastanaga\/","alt":"","author":"21","description":"","caption":"","name":"tonyina-a-la-planxa-amb-verdures-i-crema-de-taronja-i-pastanaga","status":"inherit","uploaded_to":202,"date":"2019-06-10 07:26:08","modified":"2019-06-10 07:26:08","menu_order":0,"mime_type":"image\/jpeg","type":"image","subtype":"jpeg","icon":"https:\/\/www.bagesturisme.cat\/wp-includes\/images\/media\/default.png","width":1600,"height":1200,"sizes":{"thumbnail":"https:\/\/www.bagesturisme.cat\/wp-content\/uploads\/2016\/12\/Tonyina-a-la-planxa-amb-verdures-i-crema-de-taronja-i-pastanaga-150x150.jpeg","thumbnail-width":150,"thumbnail-height":150,"medium":"https:\/\/www.bagesturisme.cat\/wp-content\/uploads\/2016\/12\/Tonyina-a-la-planxa-amb-verdures-i-crema-de-taronja-i-pastanaga-533x400.jpeg","medium-width":533,"medium-height":400,"medium_large":"https:\/\/www.bagesturisme.cat\/wp-content\/uploads\/2016\/12\/Tonyina-a-la-planxa-amb-verdures-i-crema-de-taronja-i-pastanaga-768x576.jpeg","medium_large-width":768,"medium_large-height":576,"large":"https:\/\/www.bagesturisme.cat\/wp-content\/uploads\/2016\/12\/Tonyina-a-la-planxa-amb-verdures-i-crema-de-taronja-i-pastanaga-1280x960.jpeg","large-width":1170,"large-height":878,"1536x1536":"https:\/\/www.bagesturisme.cat\/wp-content\/uploads\/2016\/12\/Tonyina-a-la-planxa-amb-verdures-i-crema-de-taronja-i-pastanaga.jpeg","1536x1536-width":1536,"1536x1536-height":1152,"2048x2048":"https:\/\/www.bagesturisme.cat\/wp-content\/uploads\/2016\/12\/Tonyina-a-la-planxa-amb-verdures-i-crema-de-taronja-i-pastanaga.jpeg","2048x2048-width":1600,"2048x2048-height":1200,"blog-large":"https:\/\/www.bagesturisme.cat\/wp-content\/uploads\/2016\/12\/Tonyina-a-la-planxa-amb-verdures-i-crema-de-taronja-i-pastanaga.jpeg","blog-large-width":363,"blog-large-height":272,"blog-medium":"https:\/\/www.bagesturisme.cat\/wp-content\/uploads\/2016\/12\/Tonyina-a-la-planxa-amb-verdures-i-crema-de-taronja-i-pastanaga.jpeg","blog-medium-width":269,"blog-medium-height":202,"recent-posts":"https:\/\/www.bagesturisme.cat\/wp-content\/uploads\/2016\/12\/Tonyina-a-la-planxa-amb-verdures-i-crema-de-taronja-i-pastanaga.jpeg","recent-posts-width":588,"recent-posts-height":441,"recent-works-thumbnail":"https:\/\/www.bagesturisme.cat\/wp-content\/uploads\/2016\/12\/Tonyina-a-la-planxa-amb-verdures-i-crema-de-taronja-i-pastanaga.jpeg","recent-works-thumbnail-width":66,"recent-works-thumbnail-height":50,"fusion-200":"https:\/\/www.bagesturisme.cat\/wp-content\/uploads\/2016\/12\/Tonyina-a-la-planxa-amb-verdures-i-crema-de-taronja-i-pastanaga.jpeg","fusion-200-width":200,"fusion-200-height":150,"fusion-400":"https:\/\/www.bagesturisme.cat\/wp-content\/uploads\/2016\/12\/Tonyina-a-la-planxa-amb-verdures-i-crema-de-taronja-i-pastanaga.jpeg","fusion-400-width":400,"fusion-400-height":300,"fusion-600":"https:\/\/www.bagesturisme.cat\/wp-content\/uploads\/2016\/12\/Tonyina-a-la-planxa-amb-verdures-i-crema-de-taronja-i-pastanaga.jpeg","fusion-600-width":600,"fusion-600-height":450,"fusion-800":"https:\/\/www.bagesturisme.cat\/wp-content\/uploads\/2016\/12\/Tonyina-a-la-planxa-amb-verdures-i-crema-de-taronja-i-pastanaga.jpeg","fusion-800-width":800,"fusion-800-height":600,"fusion-1200":"https:\/\/www.bagesturisme.cat\/wp-content\/uploads\/2016\/12\/Tonyina-a-la-planxa-amb-verdures-i-crema-de-taronja-i-pastanaga.jpeg","fusion-1200-width":1200,"fusion-1200-height":900,"portfolio-full":"https:\/\/www.bagesturisme.cat\/wp-content\/uploads\/2016\/12\/Tonyina-a-la-planxa-amb-verdures-i-crema-de-taronja-i-pastanaga.jpeg","portfolio-full-width":533,"portfolio-full-height":400,"portfolio-one":"https:\/\/www.bagesturisme.cat\/wp-content\/uploads\/2016\/12\/Tonyina-a-la-planxa-amb-verdures-i-crema-de-taronja-i-pastanaga.jpeg","portfolio-one-width":363,"portfolio-one-height":272,"portfolio-two":"https:\/\/www.bagesturisme.cat\/wp-content\/uploads\/2016\/12\/Tonyina-a-la-planxa-amb-verdures-i-crema-de-taronja-i-pastanaga.jpeg","portfolio-two-width":393,"portfolio-two-height":295,"portfolio-three":"https:\/\/www.bagesturisme.cat\/wp-content\/uploads\/2016\/12\/Tonyina-a-la-planxa-amb-verdures-i-crema-de-taronja-i-pastanaga.jpeg","portfolio-three-width":285,"portfolio-three-height":214,"portfolio-five":"https:\/\/www.bagesturisme.cat\/wp-content\/uploads\/2016\/12\/Tonyina-a-la-planxa-amb-verdures-i-crema-de-taronja-i-pastanaga.jpeg","portfolio-five-width":177,"portfolio-five-height":133}},{"ID":7414,"id":7414,"title":"Verdures amb romesco i soja","filename":"Verdures-amb-romesco-i-soja.jpeg","filesize":0,"url":"https:\/\/www.bagesturisme.cat\/wp-content\/uploads\/2016\/12\/Verdures-amb-romesco-i-soja.jpeg","link":"https:\/\/www.bagesturisme.cat\/fr\/restauracio\/restaurant-jumi\/verdures-amb-romesco-i-soja\/","alt":"","author":"21","description":"","caption":"","name":"verdures-amb-romesco-i-soja","status":"inherit","uploaded_to":202,"date":"2019-06-10 07:26:09","modified":"2019-06-10 07:26:19","menu_order":0,"mime_type":"image\/jpeg","type":"image","subtype":"jpeg","icon":"https:\/\/www.bagesturisme.cat\/wp-includes\/images\/media\/default.png","width":1600,"height":1200,"sizes":{"thumbnail":"https:\/\/www.bagesturisme.cat\/wp-content\/uploads\/2016\/12\/Verdures-amb-romesco-i-soja-150x150.jpeg","thumbnail-width":150,"thumbnail-height":150,"medium":"https:\/\/www.bagesturisme.cat\/wp-content\/uploads\/2016\/12\/Verdures-amb-romesco-i-soja-533x400.jpeg","medium-width":533,"medium-height":400,"medium_large":"https:\/\/www.bagesturisme.cat\/wp-content\/uploads\/2016\/12\/Verdures-amb-romesco-i-soja-768x576.jpeg","medium_large-width":768,"medium_large-height":576,"large":"https:\/\/www.bagesturisme.cat\/wp-content\/uploads\/2016\/12\/Verdures-amb-romesco-i-soja-1280x960.jpeg","large-width":1170,"large-height":878,"1536x1536":"https:\/\/www.bagesturisme.cat\/wp-content\/uploads\/2016\/12\/Verdures-amb-romesco-i-soja.jpeg","1536x1536-width":1536,"1536x1536-height":1152,"2048x2048":"https:\/\/www.bagesturisme.cat\/wp-content\/uploads\/2016\/12\/Verdures-amb-romesco-i-soja.jpeg","2048x2048-width":1600,"2048x2048-height":1200,"blog-large":"https:\/\/www.bagesturisme.cat\/wp-content\/uploads\/2016\/12\/Verdures-amb-romesco-i-soja.jpeg","blog-large-width":363,"blog-large-height":272,"blog-medium":"https:\/\/www.bagesturisme.cat\/wp-content\/uploads\/2016\/12\/Verdures-amb-romesco-i-soja.jpeg","blog-medium-width":269,"blog-medium-height":202,"recent-posts":"https:\/\/www.bagesturisme.cat\/wp-content\/uploads\/2016\/12\/Verdures-amb-romesco-i-soja.jpeg","recent-posts-width":588,"recent-posts-height":441,"recent-works-thumbnail":"https:\/\/www.bagesturisme.cat\/wp-content\/uploads\/2016\/12\/Verdures-amb-romesco-i-soja.jpeg","recent-works-thumbnail-width":66,"recent-works-thumbnail-height":50,"fusion-200":"https:\/\/www.bagesturisme.cat\/wp-content\/uploads\/2016\/12\/Verdures-amb-romesco-i-soja.jpeg","fusion-200-width":200,"fusion-200-height":150,"fusion-400":"https:\/\/www.bagesturisme.cat\/wp-content\/uploads\/2016\/12\/Verdures-amb-romesco-i-soja.jpeg","fusion-400-width":400,"fusion-400-height":300,"fusion-600":"https:\/\/www.bagesturisme.cat\/wp-content\/uploads\/2016\/12\/Verdures-amb-romesco-i-soja.jpeg","fusion-600-width":600,"fusion-600-height":450,"fusion-800":"https:\/\/www.bagesturisme.cat\/wp-content\/uploads\/2016\/12\/Verdures-amb-romesco-i-soja.jpeg","fusion-800-width":800,"fusion-800-height":600,"fusion-1200":"https:\/\/www.bagesturisme.cat\/wp-content\/uploads\/2016\/12\/Verdures-amb-romesco-i-soja.jpeg","fusion-1200-width":1200,"fusion-1200-height":900,"portfolio-full":"https:\/\/www.bagesturisme.cat\/wp-content\/uploads\/2016\/12\/Verdures-amb-romesco-i-soja.jpeg","portfolio-full-width":533,"portfolio-full-height":400,"portfolio-one":"https:\/\/www.bagesturisme.cat\/wp-content\/uploads\/2016\/12\/Verdures-amb-romesco-i-soja.jpeg","portfolio-one-width":363,"portfolio-one-height":272,"portfolio-two":"https:\/\/www.bagesturisme.cat\/wp-content\/uploads\/2016\/12\/Verdures-amb-romesco-i-soja.jpeg","portfolio-two-width":393,"portfolio-two-height":295,"portfolio-three":"https:\/\/www.bagesturisme.cat\/wp-content\/uploads\/2016\/12\/Verdures-amb-romesco-i-soja.jpeg","portfolio-three-width":285,"portfolio-three-height":214,"portfolio-five":"https:\/\/www.bagesturisme.cat\/wp-content\/uploads\/2016\/12\/Verdures-amb-romesco-i-soja.jpeg","portfolio-five-width":177,"portfolio-five-height":133}}],"ubicacio":{"address":"Passeig Ramon Vall, 35 08670\u00a0 Nav\u00e0s","lat":"41.89938","lng":"1.877079999999978"}},"_links":{"self":[{"href":"https:\/\/www.bagesturisme.cat\/fr\/wp-json\/wp\/v2\/restauracio\/202","targetHints":{"allow":["GET"]}}],"collection":[{"href":"https:\/\/www.bagesturisme.cat\/fr\/wp-json\/wp\/v2\/restauracio"}],"about":[{"href":"https:\/\/www.bagesturisme.cat\/fr\/wp-json\/wp\/v2\/types\/restauracio"}],"author":[{"embeddable":true,"href":"https:\/\/www.bagesturisme.cat\/fr\/wp-json\/wp\/v2\/users\/21"}],"version-history":[{"count":9,"href":"https:\/\/www.bagesturisme.cat\/fr\/wp-json\/wp\/v2\/restauracio\/202\/revisions"}],"predecessor-version":[{"id":9168,"href":"https:\/\/www.bagesturisme.cat\/fr\/wp-json\/wp\/v2\/restauracio\/202\/revisions\/9168"}],"wp:featuredmedia":[{"embeddable":true,"href":"https:\/\/www.bagesturisme.cat\/fr\/wp-json\/wp\/v2\/media\/9167"}],"wp:attachment":[{"href":"https:\/\/www.bagesturisme.cat\/fr\/wp-json\/wp\/v2\/media?parent=202"}],"curies":[{"name":"wp","href":"https:\/\/api.w.org\/{rel}","templated":true}]}}