{"id":130,"date":"2016-12-15T14:23:19","date_gmt":"2016-12-15T13:23:19","guid":{"rendered":"https:\/\/bagesturisme.cat\/restauracio\/restaurant-hostal-del-camp\/"},"modified":"2024-09-24T11:38:49","modified_gmt":"2024-09-24T10:38:49","slug":"masdelasala-com","status":"publish","type":"restauracio","link":"https:\/\/www.bagesturisme.cat\/fr\/restauracio\/masdelasala-com\/","title":{"rendered":"R\u00e9staurant Mas de la Sala"},"content":{"rendered":"<p style=\"background: white;\"><span style=\"color: black;\">Mas de la Sala est un restaurant local. Des plats \u00e0 vie actualis\u00e9s, ceux des grands-m\u00e8res, du chup chup, des non press\u00e9s\u2026 En utilisant les produits de proximit\u00e9 et de saison qui pr\u00e9sentent la terre qui l&rsquo;entoure et avec une estime particuli\u00e8re aux vins de l&rsquo;Appellation d&rsquo;Origine Pla de Bages et de la vari\u00e9t\u00e9s locales d&rsquo;huile d&rsquo;olive extra vierge telles que Corbella, Verdal Manresa et Vera.<\/span><\/p>\n<p style=\"background: white;\"><span style=\"color: black;\">L&rsquo;offre est large ; du menu de travail, le menu de saison, le menu au menu d\u00e9gustation du territoire accompagn\u00e9 de vins de la A.O. Pla de Bages. Une attention particuli\u00e8re aux plus petits de la maison avec la proposition des plats combin\u00e9s appel\u00e9s CombiSAC (Sant\u00e9, Alimentation et Cuisine) o\u00f9 le go\u00fbt de l&rsquo;enfant n&rsquo;est pas en contradiction avec la cuisine saine et \u00e9quilibr\u00e9e.<\/span><\/p>\n<p style=\"background: white;\"><span style=\"color: black;\">\u00c9quip\u00e9 pour assister \u00e0 tout type d&rsquo;\u00e9v\u00e9nement, qu&rsquo;il soit festif ou corporatif.<\/span><\/p>\n<p style=\"background: white;\"><span style=\"color: black;\">Bikefriendly et Petfriendly. Pr\u00eat pour les voitures \u00e9lectriques.<\/span><\/p>\n<p style=\"margin-top: 0cm; background: white;\"><span style=\"color: black;\">Bienvenue!<\/span><\/p>","protected":false},"author":24,"featured_media":12359,"template":"","class_list":["post-130","restauracio","type-restauracio","status-publish","has-post-thumbnail","hentry","municipi-sallent","indicadors-geoparc-de-la-catalunya-central","indicadors-biosphere","indicadors-pit","indicadors-restaurants-gastronomics","indicadors-ruta-del-vi-de-la-do-pla-de-bages","indicadors-familiar","indicadors-pagament-amb-targeta","indicadors-mobilitat-reduida"],"acf":{"adreca":"Ctra. C-16, km. 59<br \/>\r\n08650 Sallent","web":"http:\/\/www.masdelasala.com","email":"info@masdelasala.com ","tel":"93 837 08 77","galeria":[{"ID":10102,"id":10102,"title":"menjador restaurant mas de la sala","filename":"menjador-restaurant-mas-de-la-sala.jpg","filesize":1821513,"url":"https:\/\/www.bagesturisme.cat\/wp-content\/uploads\/2016\/12\/menjador-restaurant-mas-de-la-sala.jpg","link":"https:\/\/www.bagesturisme.cat\/fr\/restauracio\/masdelasala-com\/menjador-restaurant-mas-de-la-sala\/","alt":"","author":"3","description":"","caption":"","name":"menjador-restaurant-mas-de-la-sala","status":"inherit","uploaded_to":130,"date":"2021-06-09 06:59:54","modified":"2021-06-09 06:59:54","menu_order":0,"mime_type":"image\/jpeg","type":"image","subtype":"jpeg","icon":"https:\/\/www.bagesturisme.cat\/wp-includes\/images\/media\/default.png","width":1900,"height":1269,"sizes":{"thumbnail":"https:\/\/www.bagesturisme.cat\/wp-content\/uploads\/2016\/12\/menjador-restaurant-mas-de-la-sala-150x150.jpg","thumbnail-width":150,"thumbnail-height":150,"medium":"https:\/\/www.bagesturisme.cat\/wp-content\/uploads\/2016\/12\/menjador-restaurant-mas-de-la-sala-599x400.jpg","medium-width":599,"medium-height":400,"medium_large":"https:\/\/www.bagesturisme.cat\/wp-content\/uploads\/2016\/12\/menjador-restaurant-mas-de-la-sala-768x513.jpg","medium_large-width":768,"medium_large-height":513,"large":"https:\/\/www.bagesturisme.cat\/wp-content\/uploads\/2016\/12\/menjador-restaurant-mas-de-la-sala-1280x855.jpg","large-width":1170,"large-height":782,"1536x1536":"https:\/\/www.bagesturisme.cat\/wp-content\/uploads\/2016\/12\/menjador-restaurant-mas-de-la-sala-1536x1026.jpg","1536x1536-width":1536,"1536x1536-height":1026,"2048x2048":"https:\/\/www.bagesturisme.cat\/wp-content\/uploads\/2016\/12\/menjador-restaurant-mas-de-la-sala.jpg","2048x2048-width":1900,"2048x2048-height":1269,"blog-large":"https:\/\/www.bagesturisme.cat\/wp-content\/uploads\/2016\/12\/menjador-restaurant-mas-de-la-sala.jpg","blog-large-width":407,"blog-large-height":272,"blog-medium":"https:\/\/www.bagesturisme.cat\/wp-content\/uploads\/2016\/12\/menjador-restaurant-mas-de-la-sala.jpg","blog-medium-width":302,"blog-medium-height":202,"recent-posts":"https:\/\/www.bagesturisme.cat\/wp-content\/uploads\/2016\/12\/menjador-restaurant-mas-de-la-sala.jpg","recent-posts-width":660,"recent-posts-height":441,"recent-works-thumbnail":"https:\/\/www.bagesturisme.cat\/wp-content\/uploads\/2016\/12\/menjador-restaurant-mas-de-la-sala.jpg","recent-works-thumbnail-width":66,"recent-works-thumbnail-height":44,"fusion-200":"https:\/\/www.bagesturisme.cat\/wp-content\/uploads\/2016\/12\/menjador-restaurant-mas-de-la-sala.jpg","fusion-200-width":200,"fusion-200-height":134,"fusion-400":"https:\/\/www.bagesturisme.cat\/wp-content\/uploads\/2016\/12\/menjador-restaurant-mas-de-la-sala.jpg","fusion-400-width":400,"fusion-400-height":267,"fusion-600":"https:\/\/www.bagesturisme.cat\/wp-content\/uploads\/2016\/12\/menjador-restaurant-mas-de-la-sala.jpg","fusion-600-width":600,"fusion-600-height":401,"fusion-800":"https:\/\/www.bagesturisme.cat\/wp-content\/uploads\/2016\/12\/menjador-restaurant-mas-de-la-sala.jpg","fusion-800-width":800,"fusion-800-height":534,"fusion-1200":"https:\/\/www.bagesturisme.cat\/wp-content\/uploads\/2016\/12\/menjador-restaurant-mas-de-la-sala.jpg","fusion-1200-width":1200,"fusion-1200-height":801,"portfolio-full":"https:\/\/www.bagesturisme.cat\/wp-content\/uploads\/2016\/12\/menjador-restaurant-mas-de-la-sala.jpg","portfolio-full-width":599,"portfolio-full-height":400,"portfolio-one":"https:\/\/www.bagesturisme.cat\/wp-content\/uploads\/2016\/12\/menjador-restaurant-mas-de-la-sala.jpg","portfolio-one-width":407,"portfolio-one-height":272,"portfolio-two":"https:\/\/www.bagesturisme.cat\/wp-content\/uploads\/2016\/12\/menjador-restaurant-mas-de-la-sala.jpg","portfolio-two-width":442,"portfolio-two-height":295,"portfolio-three":"https:\/\/www.bagesturisme.cat\/wp-content\/uploads\/2016\/12\/menjador-restaurant-mas-de-la-sala.jpg","portfolio-three-width":300,"portfolio-three-height":200,"portfolio-five":"https:\/\/www.bagesturisme.cat\/wp-content\/uploads\/2016\/12\/menjador-restaurant-mas-de-la-sala.jpg","portfolio-five-width":177,"portfolio-five-height":118}},{"ID":12357,"id":12357,"title":"Nadal al Mas de la Sala","filename":"bages-cuiners-0200-rotated.jpg","filesize":238079,"url":"https:\/\/www.bagesturisme.cat\/wp-content\/uploads\/2016\/12\/bages-cuiners-0200-rotated.jpg","link":"https:\/\/www.bagesturisme.cat\/fr\/restauracio\/masdelasala-com\/bages-cuiners-0200-2\/","alt":"","author":"3","description":"","caption":"","name":"bages-cuiners-0200-2","status":"inherit","uploaded_to":130,"date":"2022-12-15 09:46:30","modified":"2022-12-15 09:47:18","menu_order":0,"mime_type":"image\/jpeg","type":"image","subtype":"jpeg","icon":"https:\/\/www.bagesturisme.cat\/wp-includes\/images\/media\/default.png","width":1125,"height":1300,"sizes":{"thumbnail":"https:\/\/www.bagesturisme.cat\/wp-content\/uploads\/2016\/12\/bages-cuiners-0200-150x150.jpg","thumbnail-width":150,"thumbnail-height":150,"medium":"https:\/\/www.bagesturisme.cat\/wp-content\/uploads\/2016\/12\/bages-cuiners-0200-346x400.jpg","medium-width":346,"medium-height":400,"medium_large":"https:\/\/www.bagesturisme.cat\/wp-content\/uploads\/2016\/12\/bages-cuiners-0200-768x887.jpg","medium_large-width":768,"medium_large-height":887,"large":"https:\/\/www.bagesturisme.cat\/wp-content\/uploads\/2016\/12\/bages-cuiners-0200-886x1024.jpg","large-width":886,"large-height":1024,"1536x1536":"https:\/\/www.bagesturisme.cat\/wp-content\/uploads\/2016\/12\/bages-cuiners-0200-rotated.jpg","1536x1536-width":1125,"1536x1536-height":1300,"2048x2048":"https:\/\/www.bagesturisme.cat\/wp-content\/uploads\/2016\/12\/bages-cuiners-0200-rotated.jpg","2048x2048-width":1125,"2048x2048-height":1300,"blog-large":"https:\/\/www.bagesturisme.cat\/wp-content\/uploads\/2016\/12\/bages-cuiners-0200-rotated.jpg","blog-large-width":235,"blog-large-height":272,"blog-medium":"https:\/\/www.bagesturisme.cat\/wp-content\/uploads\/2016\/12\/bages-cuiners-0200-rotated.jpg","blog-medium-width":175,"blog-medium-height":202,"recent-posts":"https:\/\/www.bagesturisme.cat\/wp-content\/uploads\/2016\/12\/bages-cuiners-0200-rotated.jpg","recent-posts-width":382,"recent-posts-height":441,"recent-works-thumbnail":"https:\/\/www.bagesturisme.cat\/wp-content\/uploads\/2016\/12\/bages-cuiners-0200-rotated.jpg","recent-works-thumbnail-width":57,"recent-works-thumbnail-height":66,"fusion-200":"https:\/\/www.bagesturisme.cat\/wp-content\/uploads\/2016\/12\/bages-cuiners-0200-rotated.jpg","fusion-200-width":200,"fusion-200-height":231,"fusion-400":"https:\/\/www.bagesturisme.cat\/wp-content\/uploads\/2016\/12\/bages-cuiners-0200-rotated.jpg","fusion-400-width":400,"fusion-400-height":462,"fusion-600":"https:\/\/www.bagesturisme.cat\/wp-content\/uploads\/2016\/12\/bages-cuiners-0200-rotated.jpg","fusion-600-width":600,"fusion-600-height":693,"fusion-800":"https:\/\/www.bagesturisme.cat\/wp-content\/uploads\/2016\/12\/bages-cuiners-0200-rotated.jpg","fusion-800-width":800,"fusion-800-height":924,"fusion-1200":"https:\/\/www.bagesturisme.cat\/wp-content\/uploads\/2016\/12\/bages-cuiners-0200-rotated.jpg","fusion-1200-width":1125,"fusion-1200-height":1300,"portfolio-full":"https:\/\/www.bagesturisme.cat\/wp-content\/uploads\/2016\/12\/bages-cuiners-0200-rotated.jpg","portfolio-full-width":346,"portfolio-full-height":400,"portfolio-one":"https:\/\/www.bagesturisme.cat\/wp-content\/uploads\/2016\/12\/bages-cuiners-0200-rotated.jpg","portfolio-one-width":235,"portfolio-one-height":272,"portfolio-two":"https:\/\/www.bagesturisme.cat\/wp-content\/uploads\/2016\/12\/bages-cuiners-0200-rotated.jpg","portfolio-two-width":255,"portfolio-two-height":295,"portfolio-three":"https:\/\/www.bagesturisme.cat\/wp-content\/uploads\/2016\/12\/bages-cuiners-0200-rotated.jpg","portfolio-three-width":185,"portfolio-three-height":214,"portfolio-five":"https:\/\/www.bagesturisme.cat\/wp-content\/uploads\/2016\/12\/bages-cuiners-0200-rotated.jpg","portfolio-five-width":123,"portfolio-five-height":142}},{"ID":12358,"id":12358,"title":"Mas de la Sala","filename":"plats-i-cuiners-8474-scaled.jpg","filesize":523915,"url":"https:\/\/www.bagesturisme.cat\/wp-content\/uploads\/2016\/12\/plats-i-cuiners-8474-scaled.jpg","link":"https:\/\/www.bagesturisme.cat\/fr\/restauracio\/masdelasala-com\/plats-i-cuiners-8474\/","alt":"","author":"3","description":"","caption":"","name":"plats-i-cuiners-8474","status":"inherit","uploaded_to":130,"date":"2022-12-15 09:47:06","modified":"2022-12-15 09:47:27","menu_order":0,"mime_type":"image\/jpeg","type":"image","subtype":"jpeg","icon":"https:\/\/www.bagesturisme.cat\/wp-includes\/images\/media\/default.png","width":2560,"height":1703,"sizes":{"thumbnail":"https:\/\/www.bagesturisme.cat\/wp-content\/uploads\/2016\/12\/plats-i-cuiners-8474-150x150.jpg","thumbnail-width":150,"thumbnail-height":150,"medium":"https:\/\/www.bagesturisme.cat\/wp-content\/uploads\/2016\/12\/plats-i-cuiners-8474-601x400.jpg","medium-width":601,"medium-height":400,"medium_large":"https:\/\/www.bagesturisme.cat\/wp-content\/uploads\/2016\/12\/plats-i-cuiners-8474-768x511.jpg","medium_large-width":768,"medium_large-height":511,"large":"https:\/\/www.bagesturisme.cat\/wp-content\/uploads\/2016\/12\/plats-i-cuiners-8474-1280x852.jpg","large-width":1170,"large-height":779,"1536x1536":"https:\/\/www.bagesturisme.cat\/wp-content\/uploads\/2016\/12\/plats-i-cuiners-8474-1536x1022.jpg","1536x1536-width":1536,"1536x1536-height":1022,"2048x2048":"https:\/\/www.bagesturisme.cat\/wp-content\/uploads\/2016\/12\/plats-i-cuiners-8474-2048x1363.jpg","2048x2048-width":2048,"2048x2048-height":1363,"blog-large":"https:\/\/www.bagesturisme.cat\/wp-content\/uploads\/2016\/12\/plats-i-cuiners-8474-scaled.jpg","blog-large-width":409,"blog-large-height":272,"blog-medium":"https:\/\/www.bagesturisme.cat\/wp-content\/uploads\/2016\/12\/plats-i-cuiners-8474-scaled.jpg","blog-medium-width":304,"blog-medium-height":202,"recent-posts":"https:\/\/www.bagesturisme.cat\/wp-content\/uploads\/2016\/12\/plats-i-cuiners-8474-scaled.jpg","recent-posts-width":663,"recent-posts-height":441,"recent-works-thumbnail":"https:\/\/www.bagesturisme.cat\/wp-content\/uploads\/2016\/12\/plats-i-cuiners-8474-scaled.jpg","recent-works-thumbnail-width":66,"recent-works-thumbnail-height":44,"fusion-200":"https:\/\/www.bagesturisme.cat\/wp-content\/uploads\/2016\/12\/plats-i-cuiners-8474-scaled.jpg","fusion-200-width":200,"fusion-200-height":133,"fusion-400":"https:\/\/www.bagesturisme.cat\/wp-content\/uploads\/2016\/12\/plats-i-cuiners-8474-scaled.jpg","fusion-400-width":400,"fusion-400-height":266,"fusion-600":"https:\/\/www.bagesturisme.cat\/wp-content\/uploads\/2016\/12\/plats-i-cuiners-8474-scaled.jpg","fusion-600-width":600,"fusion-600-height":399,"fusion-800":"https:\/\/www.bagesturisme.cat\/wp-content\/uploads\/2016\/12\/plats-i-cuiners-8474-scaled.jpg","fusion-800-width":800,"fusion-800-height":532,"fusion-1200":"https:\/\/www.bagesturisme.cat\/wp-content\/uploads\/2016\/12\/plats-i-cuiners-8474-scaled.jpg","fusion-1200-width":1200,"fusion-1200-height":798,"portfolio-full":"https:\/\/www.bagesturisme.cat\/wp-content\/uploads\/2016\/12\/plats-i-cuiners-8474-scaled.jpg","portfolio-full-width":601,"portfolio-full-height":400,"portfolio-one":"https:\/\/www.bagesturisme.cat\/wp-content\/uploads\/2016\/12\/plats-i-cuiners-8474-scaled.jpg","portfolio-one-width":409,"portfolio-one-height":272,"portfolio-two":"https:\/\/www.bagesturisme.cat\/wp-content\/uploads\/2016\/12\/plats-i-cuiners-8474-scaled.jpg","portfolio-two-width":443,"portfolio-two-height":295,"portfolio-three":"https:\/\/www.bagesturisme.cat\/wp-content\/uploads\/2016\/12\/plats-i-cuiners-8474-scaled.jpg","portfolio-three-width":300,"portfolio-three-height":200,"portfolio-five":"https:\/\/www.bagesturisme.cat\/wp-content\/uploads\/2016\/12\/plats-i-cuiners-8474-scaled.jpg","portfolio-five-width":177,"portfolio-five-height":118}},{"ID":12359,"id":12359,"title":"Mas de la Sala","filename":"plats-i-cuiners-8480-scaled.jpg","filesize":506571,"url":"https:\/\/www.bagesturisme.cat\/wp-content\/uploads\/2016\/12\/plats-i-cuiners-8480-scaled.jpg","link":"https:\/\/www.bagesturisme.cat\/fr\/restauracio\/masdelasala-com\/plats-i-cuiners-8480\/","alt":"","author":"3","description":"","caption":"","name":"plats-i-cuiners-8480","status":"inherit","uploaded_to":130,"date":"2022-12-15 09:47:12","modified":"2022-12-15 09:47:29","menu_order":0,"mime_type":"image\/jpeg","type":"image","subtype":"jpeg","icon":"https:\/\/www.bagesturisme.cat\/wp-includes\/images\/media\/default.png","width":2560,"height":1704,"sizes":{"thumbnail":"https:\/\/www.bagesturisme.cat\/wp-content\/uploads\/2016\/12\/plats-i-cuiners-8480-150x150.jpg","thumbnail-width":150,"thumbnail-height":150,"medium":"https:\/\/www.bagesturisme.cat\/wp-content\/uploads\/2016\/12\/plats-i-cuiners-8480-601x400.jpg","medium-width":601,"medium-height":400,"medium_large":"https:\/\/www.bagesturisme.cat\/wp-content\/uploads\/2016\/12\/plats-i-cuiners-8480-768x511.jpg","medium_large-width":768,"medium_large-height":511,"large":"https:\/\/www.bagesturisme.cat\/wp-content\/uploads\/2016\/12\/plats-i-cuiners-8480-1280x852.jpg","large-width":1170,"large-height":779,"1536x1536":"https:\/\/www.bagesturisme.cat\/wp-content\/uploads\/2016\/12\/plats-i-cuiners-8480-1536x1022.jpg","1536x1536-width":1536,"1536x1536-height":1022,"2048x2048":"https:\/\/www.bagesturisme.cat\/wp-content\/uploads\/2016\/12\/plats-i-cuiners-8480-2048x1363.jpg","2048x2048-width":2048,"2048x2048-height":1363,"blog-large":"https:\/\/www.bagesturisme.cat\/wp-content\/uploads\/2016\/12\/plats-i-cuiners-8480-scaled.jpg","blog-large-width":409,"blog-large-height":272,"blog-medium":"https:\/\/www.bagesturisme.cat\/wp-content\/uploads\/2016\/12\/plats-i-cuiners-8480-scaled.jpg","blog-medium-width":303,"blog-medium-height":202,"recent-posts":"https:\/\/www.bagesturisme.cat\/wp-content\/uploads\/2016\/12\/plats-i-cuiners-8480-scaled.jpg","recent-posts-width":663,"recent-posts-height":441,"recent-works-thumbnail":"https:\/\/www.bagesturisme.cat\/wp-content\/uploads\/2016\/12\/plats-i-cuiners-8480-scaled.jpg","recent-works-thumbnail-width":66,"recent-works-thumbnail-height":44,"fusion-200":"https:\/\/www.bagesturisme.cat\/wp-content\/uploads\/2016\/12\/plats-i-cuiners-8480-scaled.jpg","fusion-200-width":200,"fusion-200-height":133,"fusion-400":"https:\/\/www.bagesturisme.cat\/wp-content\/uploads\/2016\/12\/plats-i-cuiners-8480-scaled.jpg","fusion-400-width":400,"fusion-400-height":266,"fusion-600":"https:\/\/www.bagesturisme.cat\/wp-content\/uploads\/2016\/12\/plats-i-cuiners-8480-scaled.jpg","fusion-600-width":600,"fusion-600-height":399,"fusion-800":"https:\/\/www.bagesturisme.cat\/wp-content\/uploads\/2016\/12\/plats-i-cuiners-8480-scaled.jpg","fusion-800-width":800,"fusion-800-height":533,"fusion-1200":"https:\/\/www.bagesturisme.cat\/wp-content\/uploads\/2016\/12\/plats-i-cuiners-8480-scaled.jpg","fusion-1200-width":1200,"fusion-1200-height":799,"portfolio-full":"https:\/\/www.bagesturisme.cat\/wp-content\/uploads\/2016\/12\/plats-i-cuiners-8480-scaled.jpg","portfolio-full-width":601,"portfolio-full-height":400,"portfolio-one":"https:\/\/www.bagesturisme.cat\/wp-content\/uploads\/2016\/12\/plats-i-cuiners-8480-scaled.jpg","portfolio-one-width":409,"portfolio-one-height":272,"portfolio-two":"https:\/\/www.bagesturisme.cat\/wp-content\/uploads\/2016\/12\/plats-i-cuiners-8480-scaled.jpg","portfolio-two-width":443,"portfolio-two-height":295,"portfolio-three":"https:\/\/www.bagesturisme.cat\/wp-content\/uploads\/2016\/12\/plats-i-cuiners-8480-scaled.jpg","portfolio-three-width":300,"portfolio-three-height":200,"portfolio-five":"https:\/\/www.bagesturisme.cat\/wp-content\/uploads\/2016\/12\/plats-i-cuiners-8480-scaled.jpg","portfolio-five-width":177,"portfolio-five-height":118}},{"ID":12360,"id":12360,"title":"Mas de la Sala","filename":"plats-i-cuiners-8520-scaled.jpg","filesize":291792,"url":"https:\/\/www.bagesturisme.cat\/wp-content\/uploads\/2016\/12\/plats-i-cuiners-8520-scaled.jpg","link":"https:\/\/www.bagesturisme.cat\/fr\/restauracio\/masdelasala-com\/plats-i-cuiners-8520\/","alt":"","author":"3","description":"","caption":"","name":"plats-i-cuiners-8520","status":"inherit","uploaded_to":130,"date":"2022-12-15 09:47:18","modified":"2022-12-15 09:47:31","menu_order":0,"mime_type":"image\/jpeg","type":"image","subtype":"jpeg","icon":"https:\/\/www.bagesturisme.cat\/wp-includes\/images\/media\/default.png","width":1704,"height":2560,"sizes":{"thumbnail":"https:\/\/www.bagesturisme.cat\/wp-content\/uploads\/2016\/12\/plats-i-cuiners-8520-150x150.jpg","thumbnail-width":150,"thumbnail-height":150,"medium":"https:\/\/www.bagesturisme.cat\/wp-content\/uploads\/2016\/12\/plats-i-cuiners-8520-266x400.jpg","medium-width":266,"medium-height":400,"medium_large":"https:\/\/www.bagesturisme.cat\/wp-content\/uploads\/2016\/12\/plats-i-cuiners-8520-768x1154.jpg","medium_large-width":768,"medium_large-height":1154,"large":"https:\/\/www.bagesturisme.cat\/wp-content\/uploads\/2016\/12\/plats-i-cuiners-8520-681x1024.jpg","large-width":681,"large-height":1024,"1536x1536":"https:\/\/www.bagesturisme.cat\/wp-content\/uploads\/2016\/12\/plats-i-cuiners-8520-1022x1536.jpg","1536x1536-width":1022,"1536x1536-height":1536,"2048x2048":"https:\/\/www.bagesturisme.cat\/wp-content\/uploads\/2016\/12\/plats-i-cuiners-8520-1363x2048.jpg","2048x2048-width":1363,"2048x2048-height":2048,"blog-large":"https:\/\/www.bagesturisme.cat\/wp-content\/uploads\/2016\/12\/plats-i-cuiners-8520-scaled.jpg","blog-large-width":181,"blog-large-height":272,"blog-medium":"https:\/\/www.bagesturisme.cat\/wp-content\/uploads\/2016\/12\/plats-i-cuiners-8520-scaled.jpg","blog-medium-width":134,"blog-medium-height":202,"recent-posts":"https:\/\/www.bagesturisme.cat\/wp-content\/uploads\/2016\/12\/plats-i-cuiners-8520-scaled.jpg","recent-posts-width":294,"recent-posts-height":441,"recent-works-thumbnail":"https:\/\/www.bagesturisme.cat\/wp-content\/uploads\/2016\/12\/plats-i-cuiners-8520-scaled.jpg","recent-works-thumbnail-width":44,"recent-works-thumbnail-height":66,"fusion-200":"https:\/\/www.bagesturisme.cat\/wp-content\/uploads\/2016\/12\/plats-i-cuiners-8520-scaled.jpg","fusion-200-width":200,"fusion-200-height":300,"fusion-400":"https:\/\/www.bagesturisme.cat\/wp-content\/uploads\/2016\/12\/plats-i-cuiners-8520-scaled.jpg","fusion-400-width":400,"fusion-400-height":601,"fusion-600":"https:\/\/www.bagesturisme.cat\/wp-content\/uploads\/2016\/12\/plats-i-cuiners-8520-scaled.jpg","fusion-600-width":600,"fusion-600-height":901,"fusion-800":"https:\/\/www.bagesturisme.cat\/wp-content\/uploads\/2016\/12\/plats-i-cuiners-8520-scaled.jpg","fusion-800-width":800,"fusion-800-height":1202,"fusion-1200":"https:\/\/www.bagesturisme.cat\/wp-content\/uploads\/2016\/12\/plats-i-cuiners-8520-scaled.jpg","fusion-1200-width":1200,"fusion-1200-height":1803,"portfolio-full":"https:\/\/www.bagesturisme.cat\/wp-content\/uploads\/2016\/12\/plats-i-cuiners-8520-scaled.jpg","portfolio-full-width":266,"portfolio-full-height":400,"portfolio-one":"https:\/\/www.bagesturisme.cat\/wp-content\/uploads\/2016\/12\/plats-i-cuiners-8520-scaled.jpg","portfolio-one-width":181,"portfolio-one-height":272,"portfolio-two":"https:\/\/www.bagesturisme.cat\/wp-content\/uploads\/2016\/12\/plats-i-cuiners-8520-scaled.jpg","portfolio-two-width":196,"portfolio-two-height":295,"portfolio-three":"https:\/\/www.bagesturisme.cat\/wp-content\/uploads\/2016\/12\/plats-i-cuiners-8520-scaled.jpg","portfolio-three-width":142,"portfolio-three-height":214,"portfolio-five":"https:\/\/www.bagesturisme.cat\/wp-content\/uploads\/2016\/12\/plats-i-cuiners-8520-scaled.jpg","portfolio-five-width":95,"portfolio-five-height":142}},{"ID":10103,"id":10103,"title":"panor\u00e1mica mas de la sala 3","filename":"panoramica-mas-de-la-sala-3.jpg","filesize":4120000,"url":"https:\/\/www.bagesturisme.cat\/wp-content\/uploads\/2016\/12\/panoramica-mas-de-la-sala-3.jpg","link":"https:\/\/www.bagesturisme.cat\/fr\/restauracio\/masdelasala-com\/panoramica-mas-de-la-sala-3\/","alt":"","author":"3","description":"","caption":"","name":"panoramica-mas-de-la-sala-3","status":"inherit","uploaded_to":130,"date":"2021-06-09 06:59:56","modified":"2021-06-09 06:59:56","menu_order":0,"mime_type":"image\/jpeg","type":"image","subtype":"jpeg","icon":"https:\/\/www.bagesturisme.cat\/wp-includes\/images\/media\/default.png","width":2520,"height":1680,"sizes":{"thumbnail":"https:\/\/www.bagesturisme.cat\/wp-content\/uploads\/2016\/12\/panoramica-mas-de-la-sala-3-150x150.jpg","thumbnail-width":150,"thumbnail-height":150,"medium":"https:\/\/www.bagesturisme.cat\/wp-content\/uploads\/2016\/12\/panoramica-mas-de-la-sala-3-600x400.jpg","medium-width":600,"medium-height":400,"medium_large":"https:\/\/www.bagesturisme.cat\/wp-content\/uploads\/2016\/12\/panoramica-mas-de-la-sala-3-768x512.jpg","medium_large-width":768,"medium_large-height":512,"large":"https:\/\/www.bagesturisme.cat\/wp-content\/uploads\/2016\/12\/panoramica-mas-de-la-sala-3-1280x853.jpg","large-width":1170,"large-height":780,"1536x1536":"https:\/\/www.bagesturisme.cat\/wp-content\/uploads\/2016\/12\/panoramica-mas-de-la-sala-3-1536x1024.jpg","1536x1536-width":1536,"1536x1536-height":1024,"2048x2048":"https:\/\/www.bagesturisme.cat\/wp-content\/uploads\/2016\/12\/panoramica-mas-de-la-sala-3-2048x1365.jpg","2048x2048-width":2048,"2048x2048-height":1365,"blog-large":"https:\/\/www.bagesturisme.cat\/wp-content\/uploads\/2016\/12\/panoramica-mas-de-la-sala-3.jpg","blog-large-width":408,"blog-large-height":272,"blog-medium":"https:\/\/www.bagesturisme.cat\/wp-content\/uploads\/2016\/12\/panoramica-mas-de-la-sala-3.jpg","blog-medium-width":303,"blog-medium-height":202,"recent-posts":"https:\/\/www.bagesturisme.cat\/wp-content\/uploads\/2016\/12\/panoramica-mas-de-la-sala-3.jpg","recent-posts-width":662,"recent-posts-height":441,"recent-works-thumbnail":"https:\/\/www.bagesturisme.cat\/wp-content\/uploads\/2016\/12\/panoramica-mas-de-la-sala-3.jpg","recent-works-thumbnail-width":66,"recent-works-thumbnail-height":44,"fusion-200":"https:\/\/www.bagesturisme.cat\/wp-content\/uploads\/2016\/12\/panoramica-mas-de-la-sala-3.jpg","fusion-200-width":200,"fusion-200-height":133,"fusion-400":"https:\/\/www.bagesturisme.cat\/wp-content\/uploads\/2016\/12\/panoramica-mas-de-la-sala-3.jpg","fusion-400-width":400,"fusion-400-height":267,"fusion-600":"https:\/\/www.bagesturisme.cat\/wp-content\/uploads\/2016\/12\/panoramica-mas-de-la-sala-3.jpg","fusion-600-width":600,"fusion-600-height":400,"fusion-800":"https:\/\/www.bagesturisme.cat\/wp-content\/uploads\/2016\/12\/panoramica-mas-de-la-sala-3.jpg","fusion-800-width":800,"fusion-800-height":533,"fusion-1200":"https:\/\/www.bagesturisme.cat\/wp-content\/uploads\/2016\/12\/panoramica-mas-de-la-sala-3.jpg","fusion-1200-width":1200,"fusion-1200-height":800,"portfolio-full":"https:\/\/www.bagesturisme.cat\/wp-content\/uploads\/2016\/12\/panoramica-mas-de-la-sala-3.jpg","portfolio-full-width":600,"portfolio-full-height":400,"portfolio-one":"https:\/\/www.bagesturisme.cat\/wp-content\/uploads\/2016\/12\/panoramica-mas-de-la-sala-3.jpg","portfolio-one-width":408,"portfolio-one-height":272,"portfolio-two":"https:\/\/www.bagesturisme.cat\/wp-content\/uploads\/2016\/12\/panoramica-mas-de-la-sala-3.jpg","portfolio-two-width":443,"portfolio-two-height":295,"portfolio-three":"https:\/\/www.bagesturisme.cat\/wp-content\/uploads\/2016\/12\/panoramica-mas-de-la-sala-3.jpg","portfolio-three-width":300,"portfolio-three-height":200,"portfolio-five":"https:\/\/www.bagesturisme.cat\/wp-content\/uploads\/2016\/12\/panoramica-mas-de-la-sala-3.jpg","portfolio-five-width":177,"portfolio-five-height":118}},{"ID":10105,"id":10105,"title":"terraza cena hotel restaurante mas de la sala 6","filename":"terraza-cena-hotel-restaurante-mas-de-la-sala-6-scaled.jpg","filesize":971267,"url":"https:\/\/www.bagesturisme.cat\/wp-content\/uploads\/2016\/12\/terraza-cena-hotel-restaurante-mas-de-la-sala-6-scaled.jpg","link":"https:\/\/www.bagesturisme.cat\/fr\/restauracio\/masdelasala-com\/terraza-cena-hotel-restaurante-mas-de-la-sala-6\/","alt":"","author":"3","description":"","caption":"","name":"terraza-cena-hotel-restaurante-mas-de-la-sala-6","status":"inherit","uploaded_to":130,"date":"2021-06-09 07:00:08","modified":"2021-06-09 07:00:08","menu_order":0,"mime_type":"image\/jpeg","type":"image","subtype":"jpeg","icon":"https:\/\/www.bagesturisme.cat\/wp-includes\/images\/media\/default.png","width":2560,"height":1906,"sizes":{"thumbnail":"https:\/\/www.bagesturisme.cat\/wp-content\/uploads\/2016\/12\/terraza-cena-hotel-restaurante-mas-de-la-sala-6-150x150.jpg","thumbnail-width":150,"thumbnail-height":150,"medium":"https:\/\/www.bagesturisme.cat\/wp-content\/uploads\/2016\/12\/terraza-cena-hotel-restaurante-mas-de-la-sala-6-537x400.jpg","medium-width":537,"medium-height":400,"medium_large":"https:\/\/www.bagesturisme.cat\/wp-content\/uploads\/2016\/12\/terraza-cena-hotel-restaurante-mas-de-la-sala-6-768x572.jpg","medium_large-width":768,"medium_large-height":572,"large":"https:\/\/www.bagesturisme.cat\/wp-content\/uploads\/2016\/12\/terraza-cena-hotel-restaurante-mas-de-la-sala-6-1280x953.jpg","large-width":1170,"large-height":871,"1536x1536":"https:\/\/www.bagesturisme.cat\/wp-content\/uploads\/2016\/12\/terraza-cena-hotel-restaurante-mas-de-la-sala-6-1536x1144.jpg","1536x1536-width":1536,"1536x1536-height":1144,"2048x2048":"https:\/\/www.bagesturisme.cat\/wp-content\/uploads\/2016\/12\/terraza-cena-hotel-restaurante-mas-de-la-sala-6-2048x1525.jpg","2048x2048-width":2048,"2048x2048-height":1525,"blog-large":"https:\/\/www.bagesturisme.cat\/wp-content\/uploads\/2016\/12\/terraza-cena-hotel-restaurante-mas-de-la-sala-6-scaled.jpg","blog-large-width":365,"blog-large-height":272,"blog-medium":"https:\/\/www.bagesturisme.cat\/wp-content\/uploads\/2016\/12\/terraza-cena-hotel-restaurante-mas-de-la-sala-6-scaled.jpg","blog-medium-width":271,"blog-medium-height":202,"recent-posts":"https:\/\/www.bagesturisme.cat\/wp-content\/uploads\/2016\/12\/terraza-cena-hotel-restaurante-mas-de-la-sala-6-scaled.jpg","recent-posts-width":592,"recent-posts-height":441,"recent-works-thumbnail":"https:\/\/www.bagesturisme.cat\/wp-content\/uploads\/2016\/12\/terraza-cena-hotel-restaurante-mas-de-la-sala-6-scaled.jpg","recent-works-thumbnail-width":66,"recent-works-thumbnail-height":49,"fusion-200":"https:\/\/www.bagesturisme.cat\/wp-content\/uploads\/2016\/12\/terraza-cena-hotel-restaurante-mas-de-la-sala-6-scaled.jpg","fusion-200-width":200,"fusion-200-height":149,"fusion-400":"https:\/\/www.bagesturisme.cat\/wp-content\/uploads\/2016\/12\/terraza-cena-hotel-restaurante-mas-de-la-sala-6-scaled.jpg","fusion-400-width":400,"fusion-400-height":298,"fusion-600":"https:\/\/www.bagesturisme.cat\/wp-content\/uploads\/2016\/12\/terraza-cena-hotel-restaurante-mas-de-la-sala-6-scaled.jpg","fusion-600-width":600,"fusion-600-height":447,"fusion-800":"https:\/\/www.bagesturisme.cat\/wp-content\/uploads\/2016\/12\/terraza-cena-hotel-restaurante-mas-de-la-sala-6-scaled.jpg","fusion-800-width":800,"fusion-800-height":596,"fusion-1200":"https:\/\/www.bagesturisme.cat\/wp-content\/uploads\/2016\/12\/terraza-cena-hotel-restaurante-mas-de-la-sala-6-scaled.jpg","fusion-1200-width":1200,"fusion-1200-height":893,"portfolio-full":"https:\/\/www.bagesturisme.cat\/wp-content\/uploads\/2016\/12\/terraza-cena-hotel-restaurante-mas-de-la-sala-6-scaled.jpg","portfolio-full-width":537,"portfolio-full-height":400,"portfolio-one":"https:\/\/www.bagesturisme.cat\/wp-content\/uploads\/2016\/12\/terraza-cena-hotel-restaurante-mas-de-la-sala-6-scaled.jpg","portfolio-one-width":365,"portfolio-one-height":272,"portfolio-two":"https:\/\/www.bagesturisme.cat\/wp-content\/uploads\/2016\/12\/terraza-cena-hotel-restaurante-mas-de-la-sala-6-scaled.jpg","portfolio-two-width":396,"portfolio-two-height":295,"portfolio-three":"https:\/\/www.bagesturisme.cat\/wp-content\/uploads\/2016\/12\/terraza-cena-hotel-restaurante-mas-de-la-sala-6-scaled.jpg","portfolio-three-width":287,"portfolio-three-height":214,"portfolio-five":"https:\/\/www.bagesturisme.cat\/wp-content\/uploads\/2016\/12\/terraza-cena-hotel-restaurante-mas-de-la-sala-6-scaled.jpg","portfolio-five-width":177,"portfolio-five-height":132}},{"ID":10096,"id":10096,"title":"bodega mas de la sala 4","filename":"bodega-mas-de-la-sala-4.jpg","filesize":1715594,"url":"https:\/\/www.bagesturisme.cat\/wp-content\/uploads\/2016\/12\/bodega-mas-de-la-sala-4.jpg","link":"https:\/\/www.bagesturisme.cat\/fr\/restauracio\/masdelasala-com\/bodega-mas-de-la-sala-4\/","alt":"","author":"3","description":"","caption":"","name":"bodega-mas-de-la-sala-4","status":"inherit","uploaded_to":130,"date":"2021-06-09 06:59:39","modified":"2021-06-09 07:00:54","menu_order":0,"mime_type":"image\/jpeg","type":"image","subtype":"jpeg","icon":"https:\/\/www.bagesturisme.cat\/wp-includes\/images\/media\/default.png","width":1900,"height":1265,"sizes":{"thumbnail":"https:\/\/www.bagesturisme.cat\/wp-content\/uploads\/2016\/12\/bodega-mas-de-la-sala-4-150x150.jpg","thumbnail-width":150,"thumbnail-height":150,"medium":"https:\/\/www.bagesturisme.cat\/wp-content\/uploads\/2016\/12\/bodega-mas-de-la-sala-4-601x400.jpg","medium-width":601,"medium-height":400,"medium_large":"https:\/\/www.bagesturisme.cat\/wp-content\/uploads\/2016\/12\/bodega-mas-de-la-sala-4-768x511.jpg","medium_large-width":768,"medium_large-height":511,"large":"https:\/\/www.bagesturisme.cat\/wp-content\/uploads\/2016\/12\/bodega-mas-de-la-sala-4-1280x852.jpg","large-width":1170,"large-height":779,"1536x1536":"https:\/\/www.bagesturisme.cat\/wp-content\/uploads\/2016\/12\/bodega-mas-de-la-sala-4-1536x1023.jpg","1536x1536-width":1536,"1536x1536-height":1023,"2048x2048":"https:\/\/www.bagesturisme.cat\/wp-content\/uploads\/2016\/12\/bodega-mas-de-la-sala-4.jpg","2048x2048-width":1900,"2048x2048-height":1265,"blog-large":"https:\/\/www.bagesturisme.cat\/wp-content\/uploads\/2016\/12\/bodega-mas-de-la-sala-4.jpg","blog-large-width":409,"blog-large-height":272,"blog-medium":"https:\/\/www.bagesturisme.cat\/wp-content\/uploads\/2016\/12\/bodega-mas-de-la-sala-4.jpg","blog-medium-width":303,"blog-medium-height":202,"recent-posts":"https:\/\/www.bagesturisme.cat\/wp-content\/uploads\/2016\/12\/bodega-mas-de-la-sala-4.jpg","recent-posts-width":662,"recent-posts-height":441,"recent-works-thumbnail":"https:\/\/www.bagesturisme.cat\/wp-content\/uploads\/2016\/12\/bodega-mas-de-la-sala-4.jpg","recent-works-thumbnail-width":66,"recent-works-thumbnail-height":44,"fusion-200":"https:\/\/www.bagesturisme.cat\/wp-content\/uploads\/2016\/12\/bodega-mas-de-la-sala-4.jpg","fusion-200-width":200,"fusion-200-height":133,"fusion-400":"https:\/\/www.bagesturisme.cat\/wp-content\/uploads\/2016\/12\/bodega-mas-de-la-sala-4.jpg","fusion-400-width":400,"fusion-400-height":266,"fusion-600":"https:\/\/www.bagesturisme.cat\/wp-content\/uploads\/2016\/12\/bodega-mas-de-la-sala-4.jpg","fusion-600-width":600,"fusion-600-height":399,"fusion-800":"https:\/\/www.bagesturisme.cat\/wp-content\/uploads\/2016\/12\/bodega-mas-de-la-sala-4.jpg","fusion-800-width":800,"fusion-800-height":533,"fusion-1200":"https:\/\/www.bagesturisme.cat\/wp-content\/uploads\/2016\/12\/bodega-mas-de-la-sala-4.jpg","fusion-1200-width":1200,"fusion-1200-height":799,"portfolio-full":"https:\/\/www.bagesturisme.cat\/wp-content\/uploads\/2016\/12\/bodega-mas-de-la-sala-4.jpg","portfolio-full-width":601,"portfolio-full-height":400,"portfolio-one":"https:\/\/www.bagesturisme.cat\/wp-content\/uploads\/2016\/12\/bodega-mas-de-la-sala-4.jpg","portfolio-one-width":409,"portfolio-one-height":272,"portfolio-two":"https:\/\/www.bagesturisme.cat\/wp-content\/uploads\/2016\/12\/bodega-mas-de-la-sala-4.jpg","portfolio-two-width":443,"portfolio-two-height":295,"portfolio-three":"https:\/\/www.bagesturisme.cat\/wp-content\/uploads\/2016\/12\/bodega-mas-de-la-sala-4.jpg","portfolio-three-width":300,"portfolio-three-height":200,"portfolio-five":"https:\/\/www.bagesturisme.cat\/wp-content\/uploads\/2016\/12\/bodega-mas-de-la-sala-4.jpg","portfolio-five-width":177,"portfolio-five-height":118}},{"ID":10097,"id":10097,"title":"bufet desayuno mas de la sala","filename":"bufet-desayuno-mas-de-la-sala.jpg","filesize":1490477,"url":"https:\/\/www.bagesturisme.cat\/wp-content\/uploads\/2016\/12\/bufet-desayuno-mas-de-la-sala.jpg","link":"https:\/\/www.bagesturisme.cat\/fr\/restauracio\/masdelasala-com\/bufet-desayuno-mas-de-la-sala\/","alt":"","author":"3","description":"","caption":"","name":"bufet-desayuno-mas-de-la-sala","status":"inherit","uploaded_to":130,"date":"2021-06-09 06:59:40","modified":"2021-06-09 06:59:40","menu_order":0,"mime_type":"image\/jpeg","type":"image","subtype":"jpeg","icon":"https:\/\/www.bagesturisme.cat\/wp-includes\/images\/media\/default.png","width":1900,"height":1269,"sizes":{"thumbnail":"https:\/\/www.bagesturisme.cat\/wp-content\/uploads\/2016\/12\/bufet-desayuno-mas-de-la-sala-150x150.jpg","thumbnail-width":150,"thumbnail-height":150,"medium":"https:\/\/www.bagesturisme.cat\/wp-content\/uploads\/2016\/12\/bufet-desayuno-mas-de-la-sala-599x400.jpg","medium-width":599,"medium-height":400,"medium_large":"https:\/\/www.bagesturisme.cat\/wp-content\/uploads\/2016\/12\/bufet-desayuno-mas-de-la-sala-768x513.jpg","medium_large-width":768,"medium_large-height":513,"large":"https:\/\/www.bagesturisme.cat\/wp-content\/uploads\/2016\/12\/bufet-desayuno-mas-de-la-sala-1280x855.jpg","large-width":1170,"large-height":782,"1536x1536":"https:\/\/www.bagesturisme.cat\/wp-content\/uploads\/2016\/12\/bufet-desayuno-mas-de-la-sala-1536x1026.jpg","1536x1536-width":1536,"1536x1536-height":1026,"2048x2048":"https:\/\/www.bagesturisme.cat\/wp-content\/uploads\/2016\/12\/bufet-desayuno-mas-de-la-sala.jpg","2048x2048-width":1900,"2048x2048-height":1269,"blog-large":"https:\/\/www.bagesturisme.cat\/wp-content\/uploads\/2016\/12\/bufet-desayuno-mas-de-la-sala.jpg","blog-large-width":407,"blog-large-height":272,"blog-medium":"https:\/\/www.bagesturisme.cat\/wp-content\/uploads\/2016\/12\/bufet-desayuno-mas-de-la-sala.jpg","blog-medium-width":302,"blog-medium-height":202,"recent-posts":"https:\/\/www.bagesturisme.cat\/wp-content\/uploads\/2016\/12\/bufet-desayuno-mas-de-la-sala.jpg","recent-posts-width":660,"recent-posts-height":441,"recent-works-thumbnail":"https:\/\/www.bagesturisme.cat\/wp-content\/uploads\/2016\/12\/bufet-desayuno-mas-de-la-sala.jpg","recent-works-thumbnail-width":66,"recent-works-thumbnail-height":44,"fusion-200":"https:\/\/www.bagesturisme.cat\/wp-content\/uploads\/2016\/12\/bufet-desayuno-mas-de-la-sala.jpg","fusion-200-width":200,"fusion-200-height":134,"fusion-400":"https:\/\/www.bagesturisme.cat\/wp-content\/uploads\/2016\/12\/bufet-desayuno-mas-de-la-sala.jpg","fusion-400-width":400,"fusion-400-height":267,"fusion-600":"https:\/\/www.bagesturisme.cat\/wp-content\/uploads\/2016\/12\/bufet-desayuno-mas-de-la-sala.jpg","fusion-600-width":600,"fusion-600-height":401,"fusion-800":"https:\/\/www.bagesturisme.cat\/wp-content\/uploads\/2016\/12\/bufet-desayuno-mas-de-la-sala.jpg","fusion-800-width":800,"fusion-800-height":534,"fusion-1200":"https:\/\/www.bagesturisme.cat\/wp-content\/uploads\/2016\/12\/bufet-desayuno-mas-de-la-sala.jpg","fusion-1200-width":1200,"fusion-1200-height":801,"portfolio-full":"https:\/\/www.bagesturisme.cat\/wp-content\/uploads\/2016\/12\/bufet-desayuno-mas-de-la-sala.jpg","portfolio-full-width":599,"portfolio-full-height":400,"portfolio-one":"https:\/\/www.bagesturisme.cat\/wp-content\/uploads\/2016\/12\/bufet-desayuno-mas-de-la-sala.jpg","portfolio-one-width":407,"portfolio-one-height":272,"portfolio-two":"https:\/\/www.bagesturisme.cat\/wp-content\/uploads\/2016\/12\/bufet-desayuno-mas-de-la-sala.jpg","portfolio-two-width":442,"portfolio-two-height":295,"portfolio-three":"https:\/\/www.bagesturisme.cat\/wp-content\/uploads\/2016\/12\/bufet-desayuno-mas-de-la-sala.jpg","portfolio-three-width":300,"portfolio-three-height":200,"portfolio-five":"https:\/\/www.bagesturisme.cat\/wp-content\/uploads\/2016\/12\/bufet-desayuno-mas-de-la-sala.jpg","portfolio-five-width":177,"portfolio-five-height":118}},{"ID":3124,"id":3124,"title":"_ORP4437","filename":"ORP4437.jpg","filesize":151308,"url":"https:\/\/www.bagesturisme.cat\/wp-content\/uploads\/2017\/08\/ORP4437.jpg","link":"https:\/\/www.bagesturisme.cat\/fr\/_orp4437\/","alt":"","author":"3","description":"","caption":"Postre: La s\u00e8quia de Manresa. Realitzat per la Gemma Sol\u00e0 del Restaurant Mas de la Sala de Sallent. Bages, novembre de 2015.","name":"_orp4437","status":"inherit","uploaded_to":0,"date":"2017-08-22 07:53:22","modified":"2017-08-22 07:53:22","menu_order":0,"mime_type":"image\/jpeg","type":"image","subtype":"jpeg","icon":"https:\/\/www.bagesturisme.cat\/wp-includes\/images\/media\/default.png","width":1766,"height":1179,"sizes":{"thumbnail":"https:\/\/www.bagesturisme.cat\/wp-content\/uploads\/2017\/08\/ORP4437-150x150.jpg","thumbnail-width":150,"thumbnail-height":150,"medium":"https:\/\/www.bagesturisme.cat\/wp-content\/uploads\/2017\/08\/ORP4437-599x400.jpg","medium-width":599,"medium-height":400,"medium_large":"https:\/\/www.bagesturisme.cat\/wp-content\/uploads\/2017\/08\/ORP4437-768x513.jpg","medium_large-width":768,"medium_large-height":513,"large":"https:\/\/www.bagesturisme.cat\/wp-content\/uploads\/2017\/08\/ORP4437-1280x855.jpg","large-width":1170,"large-height":782,"1536x1536":"https:\/\/www.bagesturisme.cat\/wp-content\/uploads\/2017\/08\/ORP4437.jpg","1536x1536-width":1536,"1536x1536-height":1025,"2048x2048":"https:\/\/www.bagesturisme.cat\/wp-content\/uploads\/2017\/08\/ORP4437.jpg","2048x2048-width":1766,"2048x2048-height":1179,"blog-large":"https:\/\/www.bagesturisme.cat\/wp-content\/uploads\/2017\/08\/ORP4437.jpg","blog-large-width":407,"blog-large-height":272,"blog-medium":"https:\/\/www.bagesturisme.cat\/wp-content\/uploads\/2017\/08\/ORP4437.jpg","blog-medium-width":303,"blog-medium-height":202,"recent-posts":"https:\/\/www.bagesturisme.cat\/wp-content\/uploads\/2017\/08\/ORP4437.jpg","recent-posts-width":661,"recent-posts-height":441,"recent-works-thumbnail":"https:\/\/www.bagesturisme.cat\/wp-content\/uploads\/2017\/08\/ORP4437.jpg","recent-works-thumbnail-width":66,"recent-works-thumbnail-height":44,"fusion-200":"https:\/\/www.bagesturisme.cat\/wp-content\/uploads\/2017\/08\/ORP4437.jpg","fusion-200-width":200,"fusion-200-height":134,"fusion-400":"https:\/\/www.bagesturisme.cat\/wp-content\/uploads\/2017\/08\/ORP4437.jpg","fusion-400-width":400,"fusion-400-height":267,"fusion-600":"https:\/\/www.bagesturisme.cat\/wp-content\/uploads\/2017\/08\/ORP4437.jpg","fusion-600-width":600,"fusion-600-height":401,"fusion-800":"https:\/\/www.bagesturisme.cat\/wp-content\/uploads\/2017\/08\/ORP4437.jpg","fusion-800-width":800,"fusion-800-height":534,"fusion-1200":"https:\/\/www.bagesturisme.cat\/wp-content\/uploads\/2017\/08\/ORP4437.jpg","fusion-1200-width":1200,"fusion-1200-height":801,"portfolio-full":"https:\/\/www.bagesturisme.cat\/wp-content\/uploads\/2017\/08\/ORP4437.jpg","portfolio-full-width":599,"portfolio-full-height":400,"portfolio-one":"https:\/\/www.bagesturisme.cat\/wp-content\/uploads\/2017\/08\/ORP4437.jpg","portfolio-one-width":407,"portfolio-one-height":272,"portfolio-two":"https:\/\/www.bagesturisme.cat\/wp-content\/uploads\/2017\/08\/ORP4437.jpg","portfolio-two-width":442,"portfolio-two-height":295,"portfolio-three":"https:\/\/www.bagesturisme.cat\/wp-content\/uploads\/2017\/08\/ORP4437.jpg","portfolio-three-width":300,"portfolio-three-height":200,"portfolio-five":"https:\/\/www.bagesturisme.cat\/wp-content\/uploads\/2017\/08\/ORP4437.jpg","portfolio-five-width":177,"portfolio-five-height":118}},{"ID":10099,"id":10099,"title":"comedor carpa mas de la sala convenciones 1","filename":"comedor-carpa-mas-de-la-sala-convenciones-1.jpg","filesize":312364,"url":"https:\/\/www.bagesturisme.cat\/wp-content\/uploads\/2016\/12\/comedor-carpa-mas-de-la-sala-convenciones-1.jpg","link":"https:\/\/www.bagesturisme.cat\/fr\/restauracio\/masdelasala-com\/comedor-carpa-mas-de-la-sala-convenciones-1\/","alt":"","author":"3","description":"","caption":"","name":"comedor-carpa-mas-de-la-sala-convenciones-1","status":"inherit","uploaded_to":130,"date":"2021-06-09 06:59:48","modified":"2021-06-09 06:59:48","menu_order":0,"mime_type":"image\/jpeg","type":"image","subtype":"jpeg","icon":"https:\/\/www.bagesturisme.cat\/wp-includes\/images\/media\/default.png","width":1731,"height":1154,"sizes":{"thumbnail":"https:\/\/www.bagesturisme.cat\/wp-content\/uploads\/2016\/12\/comedor-carpa-mas-de-la-sala-convenciones-1-150x150.jpg","thumbnail-width":150,"thumbnail-height":150,"medium":"https:\/\/www.bagesturisme.cat\/wp-content\/uploads\/2016\/12\/comedor-carpa-mas-de-la-sala-convenciones-1-600x400.jpg","medium-width":600,"medium-height":400,"medium_large":"https:\/\/www.bagesturisme.cat\/wp-content\/uploads\/2016\/12\/comedor-carpa-mas-de-la-sala-convenciones-1-768x512.jpg","medium_large-width":768,"medium_large-height":512,"large":"https:\/\/www.bagesturisme.cat\/wp-content\/uploads\/2016\/12\/comedor-carpa-mas-de-la-sala-convenciones-1-1280x853.jpg","large-width":1170,"large-height":780,"1536x1536":"https:\/\/www.bagesturisme.cat\/wp-content\/uploads\/2016\/12\/comedor-carpa-mas-de-la-sala-convenciones-1-1536x1024.jpg","1536x1536-width":1536,"1536x1536-height":1024,"2048x2048":"https:\/\/www.bagesturisme.cat\/wp-content\/uploads\/2016\/12\/comedor-carpa-mas-de-la-sala-convenciones-1.jpg","2048x2048-width":1731,"2048x2048-height":1154,"blog-large":"https:\/\/www.bagesturisme.cat\/wp-content\/uploads\/2016\/12\/comedor-carpa-mas-de-la-sala-convenciones-1.jpg","blog-large-width":408,"blog-large-height":272,"blog-medium":"https:\/\/www.bagesturisme.cat\/wp-content\/uploads\/2016\/12\/comedor-carpa-mas-de-la-sala-convenciones-1.jpg","blog-medium-width":303,"blog-medium-height":202,"recent-posts":"https:\/\/www.bagesturisme.cat\/wp-content\/uploads\/2016\/12\/comedor-carpa-mas-de-la-sala-convenciones-1.jpg","recent-posts-width":662,"recent-posts-height":441,"recent-works-thumbnail":"https:\/\/www.bagesturisme.cat\/wp-content\/uploads\/2016\/12\/comedor-carpa-mas-de-la-sala-convenciones-1.jpg","recent-works-thumbnail-width":66,"recent-works-thumbnail-height":44,"fusion-200":"https:\/\/www.bagesturisme.cat\/wp-content\/uploads\/2016\/12\/comedor-carpa-mas-de-la-sala-convenciones-1.jpg","fusion-200-width":200,"fusion-200-height":133,"fusion-400":"https:\/\/www.bagesturisme.cat\/wp-content\/uploads\/2016\/12\/comedor-carpa-mas-de-la-sala-convenciones-1.jpg","fusion-400-width":400,"fusion-400-height":267,"fusion-600":"https:\/\/www.bagesturisme.cat\/wp-content\/uploads\/2016\/12\/comedor-carpa-mas-de-la-sala-convenciones-1.jpg","fusion-600-width":600,"fusion-600-height":400,"fusion-800":"https:\/\/www.bagesturisme.cat\/wp-content\/uploads\/2016\/12\/comedor-carpa-mas-de-la-sala-convenciones-1.jpg","fusion-800-width":800,"fusion-800-height":533,"fusion-1200":"https:\/\/www.bagesturisme.cat\/wp-content\/uploads\/2016\/12\/comedor-carpa-mas-de-la-sala-convenciones-1.jpg","fusion-1200-width":1200,"fusion-1200-height":800,"portfolio-full":"https:\/\/www.bagesturisme.cat\/wp-content\/uploads\/2016\/12\/comedor-carpa-mas-de-la-sala-convenciones-1.jpg","portfolio-full-width":600,"portfolio-full-height":400,"portfolio-one":"https:\/\/www.bagesturisme.cat\/wp-content\/uploads\/2016\/12\/comedor-carpa-mas-de-la-sala-convenciones-1.jpg","portfolio-one-width":408,"portfolio-one-height":272,"portfolio-two":"https:\/\/www.bagesturisme.cat\/wp-content\/uploads\/2016\/12\/comedor-carpa-mas-de-la-sala-convenciones-1.jpg","portfolio-two-width":443,"portfolio-two-height":295,"portfolio-three":"https:\/\/www.bagesturisme.cat\/wp-content\/uploads\/2016\/12\/comedor-carpa-mas-de-la-sala-convenciones-1.jpg","portfolio-three-width":300,"portfolio-three-height":200,"portfolio-five":"https:\/\/www.bagesturisme.cat\/wp-content\/uploads\/2016\/12\/comedor-carpa-mas-de-la-sala-convenciones-1.jpg","portfolio-five-width":177,"portfolio-five-height":118}},{"ID":10101,"id":10101,"title":"guarda bicicletas mas de la sala 1","filename":"guarda-bicicletas-mas-de-la-sala-1-1.jpg","filesize":5130182,"url":"https:\/\/www.bagesturisme.cat\/wp-content\/uploads\/2016\/12\/guarda-bicicletas-mas-de-la-sala-1-1.jpg","link":"https:\/\/www.bagesturisme.cat\/fr\/restauracio\/masdelasala-com\/guarda-bicicletas-mas-de-la-sala-1-2\/","alt":"","author":"3","description":"","caption":"","name":"guarda-bicicletas-mas-de-la-sala-1-2","status":"inherit","uploaded_to":130,"date":"2021-06-09 06:59:51","modified":"2021-06-09 06:59:51","menu_order":0,"mime_type":"image\/jpeg","type":"image","subtype":"jpeg","icon":"https:\/\/www.bagesturisme.cat\/wp-includes\/images\/media\/default.png","width":2520,"height":1680,"sizes":{"thumbnail":"https:\/\/www.bagesturisme.cat\/wp-content\/uploads\/2016\/12\/guarda-bicicletas-mas-de-la-sala-1-1-150x150.jpg","thumbnail-width":150,"thumbnail-height":150,"medium":"https:\/\/www.bagesturisme.cat\/wp-content\/uploads\/2016\/12\/guarda-bicicletas-mas-de-la-sala-1-1-600x400.jpg","medium-width":600,"medium-height":400,"medium_large":"https:\/\/www.bagesturisme.cat\/wp-content\/uploads\/2016\/12\/guarda-bicicletas-mas-de-la-sala-1-1-768x512.jpg","medium_large-width":768,"medium_large-height":512,"large":"https:\/\/www.bagesturisme.cat\/wp-content\/uploads\/2016\/12\/guarda-bicicletas-mas-de-la-sala-1-1-1280x853.jpg","large-width":1170,"large-height":780,"1536x1536":"https:\/\/www.bagesturisme.cat\/wp-content\/uploads\/2016\/12\/guarda-bicicletas-mas-de-la-sala-1-1-1536x1024.jpg","1536x1536-width":1536,"1536x1536-height":1024,"2048x2048":"https:\/\/www.bagesturisme.cat\/wp-content\/uploads\/2016\/12\/guarda-bicicletas-mas-de-la-sala-1-1-2048x1365.jpg","2048x2048-width":2048,"2048x2048-height":1365,"blog-large":"https:\/\/www.bagesturisme.cat\/wp-content\/uploads\/2016\/12\/guarda-bicicletas-mas-de-la-sala-1-1.jpg","blog-large-width":408,"blog-large-height":272,"blog-medium":"https:\/\/www.bagesturisme.cat\/wp-content\/uploads\/2016\/12\/guarda-bicicletas-mas-de-la-sala-1-1.jpg","blog-medium-width":303,"blog-medium-height":202,"recent-posts":"https:\/\/www.bagesturisme.cat\/wp-content\/uploads\/2016\/12\/guarda-bicicletas-mas-de-la-sala-1-1.jpg","recent-posts-width":662,"recent-posts-height":441,"recent-works-thumbnail":"https:\/\/www.bagesturisme.cat\/wp-content\/uploads\/2016\/12\/guarda-bicicletas-mas-de-la-sala-1-1.jpg","recent-works-thumbnail-width":66,"recent-works-thumbnail-height":44,"fusion-200":"https:\/\/www.bagesturisme.cat\/wp-content\/uploads\/2016\/12\/guarda-bicicletas-mas-de-la-sala-1-1.jpg","fusion-200-width":200,"fusion-200-height":133,"fusion-400":"https:\/\/www.bagesturisme.cat\/wp-content\/uploads\/2016\/12\/guarda-bicicletas-mas-de-la-sala-1-1.jpg","fusion-400-width":400,"fusion-400-height":267,"fusion-600":"https:\/\/www.bagesturisme.cat\/wp-content\/uploads\/2016\/12\/guarda-bicicletas-mas-de-la-sala-1-1.jpg","fusion-600-width":600,"fusion-600-height":400,"fusion-800":"https:\/\/www.bagesturisme.cat\/wp-content\/uploads\/2016\/12\/guarda-bicicletas-mas-de-la-sala-1-1.jpg","fusion-800-width":800,"fusion-800-height":533,"fusion-1200":"https:\/\/www.bagesturisme.cat\/wp-content\/uploads\/2016\/12\/guarda-bicicletas-mas-de-la-sala-1-1.jpg","fusion-1200-width":1200,"fusion-1200-height":800,"portfolio-full":"https:\/\/www.bagesturisme.cat\/wp-content\/uploads\/2016\/12\/guarda-bicicletas-mas-de-la-sala-1-1.jpg","portfolio-full-width":600,"portfolio-full-height":400,"portfolio-one":"https:\/\/www.bagesturisme.cat\/wp-content\/uploads\/2016\/12\/guarda-bicicletas-mas-de-la-sala-1-1.jpg","portfolio-one-width":408,"portfolio-one-height":272,"portfolio-two":"https:\/\/www.bagesturisme.cat\/wp-content\/uploads\/2016\/12\/guarda-bicicletas-mas-de-la-sala-1-1.jpg","portfolio-two-width":443,"portfolio-two-height":295,"portfolio-three":"https:\/\/www.bagesturisme.cat\/wp-content\/uploads\/2016\/12\/guarda-bicicletas-mas-de-la-sala-1-1.jpg","portfolio-three-width":300,"portfolio-three-height":200,"portfolio-five":"https:\/\/www.bagesturisme.cat\/wp-content\/uploads\/2016\/12\/guarda-bicicletas-mas-de-la-sala-1-1.jpg","portfolio-five-width":177,"portfolio-five-height":118}},{"ID":10098,"id":10098,"title":"coffee break carpa mas de la sala convenciones","filename":"coffee-break-carpa-mas-de-la-sala-convenciones-scaled.jpg","filesize":828385,"url":"https:\/\/www.bagesturisme.cat\/wp-content\/uploads\/2016\/12\/coffee-break-carpa-mas-de-la-sala-convenciones-scaled.jpg","link":"https:\/\/www.bagesturisme.cat\/fr\/restauracio\/masdelasala-com\/coffee-break-carpa-mas-de-la-sala-convenciones\/","alt":"","author":"3","description":"","caption":"","name":"coffee-break-carpa-mas-de-la-sala-convenciones","status":"inherit","uploaded_to":130,"date":"2021-06-09 06:59:42","modified":"2021-06-09 06:59:42","menu_order":0,"mime_type":"image\/jpeg","type":"image","subtype":"jpeg","icon":"https:\/\/www.bagesturisme.cat\/wp-includes\/images\/media\/default.png","width":2560,"height":1920,"sizes":{"thumbnail":"https:\/\/www.bagesturisme.cat\/wp-content\/uploads\/2016\/12\/coffee-break-carpa-mas-de-la-sala-convenciones-150x150.jpg","thumbnail-width":150,"thumbnail-height":150,"medium":"https:\/\/www.bagesturisme.cat\/wp-content\/uploads\/2016\/12\/coffee-break-carpa-mas-de-la-sala-convenciones-533x400.jpg","medium-width":533,"medium-height":400,"medium_large":"https:\/\/www.bagesturisme.cat\/wp-content\/uploads\/2016\/12\/coffee-break-carpa-mas-de-la-sala-convenciones-768x576.jpg","medium_large-width":768,"medium_large-height":576,"large":"https:\/\/www.bagesturisme.cat\/wp-content\/uploads\/2016\/12\/coffee-break-carpa-mas-de-la-sala-convenciones-1280x960.jpg","large-width":1170,"large-height":878,"1536x1536":"https:\/\/www.bagesturisme.cat\/wp-content\/uploads\/2016\/12\/coffee-break-carpa-mas-de-la-sala-convenciones-1536x1152.jpg","1536x1536-width":1536,"1536x1536-height":1152,"2048x2048":"https:\/\/www.bagesturisme.cat\/wp-content\/uploads\/2016\/12\/coffee-break-carpa-mas-de-la-sala-convenciones-2048x1536.jpg","2048x2048-width":2048,"2048x2048-height":1536,"blog-large":"https:\/\/www.bagesturisme.cat\/wp-content\/uploads\/2016\/12\/coffee-break-carpa-mas-de-la-sala-convenciones-scaled.jpg","blog-large-width":363,"blog-large-height":272,"blog-medium":"https:\/\/www.bagesturisme.cat\/wp-content\/uploads\/2016\/12\/coffee-break-carpa-mas-de-la-sala-convenciones-scaled.jpg","blog-medium-width":269,"blog-medium-height":202,"recent-posts":"https:\/\/www.bagesturisme.cat\/wp-content\/uploads\/2016\/12\/coffee-break-carpa-mas-de-la-sala-convenciones-scaled.jpg","recent-posts-width":588,"recent-posts-height":441,"recent-works-thumbnail":"https:\/\/www.bagesturisme.cat\/wp-content\/uploads\/2016\/12\/coffee-break-carpa-mas-de-la-sala-convenciones-scaled.jpg","recent-works-thumbnail-width":66,"recent-works-thumbnail-height":50,"fusion-200":"https:\/\/www.bagesturisme.cat\/wp-content\/uploads\/2016\/12\/coffee-break-carpa-mas-de-la-sala-convenciones-scaled.jpg","fusion-200-width":200,"fusion-200-height":150,"fusion-400":"https:\/\/www.bagesturisme.cat\/wp-content\/uploads\/2016\/12\/coffee-break-carpa-mas-de-la-sala-convenciones-scaled.jpg","fusion-400-width":400,"fusion-400-height":300,"fusion-600":"https:\/\/www.bagesturisme.cat\/wp-content\/uploads\/2016\/12\/coffee-break-carpa-mas-de-la-sala-convenciones-scaled.jpg","fusion-600-width":600,"fusion-600-height":450,"fusion-800":"https:\/\/www.bagesturisme.cat\/wp-content\/uploads\/2016\/12\/coffee-break-carpa-mas-de-la-sala-convenciones-scaled.jpg","fusion-800-width":800,"fusion-800-height":600,"fusion-1200":"https:\/\/www.bagesturisme.cat\/wp-content\/uploads\/2016\/12\/coffee-break-carpa-mas-de-la-sala-convenciones-scaled.jpg","fusion-1200-width":1200,"fusion-1200-height":900,"portfolio-full":"https:\/\/www.bagesturisme.cat\/wp-content\/uploads\/2016\/12\/coffee-break-carpa-mas-de-la-sala-convenciones-scaled.jpg","portfolio-full-width":533,"portfolio-full-height":400,"portfolio-one":"https:\/\/www.bagesturisme.cat\/wp-content\/uploads\/2016\/12\/coffee-break-carpa-mas-de-la-sala-convenciones-scaled.jpg","portfolio-one-width":363,"portfolio-one-height":272,"portfolio-two":"https:\/\/www.bagesturisme.cat\/wp-content\/uploads\/2016\/12\/coffee-break-carpa-mas-de-la-sala-convenciones-scaled.jpg","portfolio-two-width":393,"portfolio-two-height":295,"portfolio-three":"https:\/\/www.bagesturisme.cat\/wp-content\/uploads\/2016\/12\/coffee-break-carpa-mas-de-la-sala-convenciones-scaled.jpg","portfolio-three-width":285,"portfolio-three-height":214,"portfolio-five":"https:\/\/www.bagesturisme.cat\/wp-content\/uploads\/2016\/12\/coffee-break-carpa-mas-de-la-sala-convenciones-scaled.jpg","portfolio-five-width":177,"portfolio-five-height":133}},{"ID":10100,"id":10100,"title":"detall coffee break 2 hotel restaurant mas de la sala convencions 3","filename":"detall-coffee-break-2-hotel-restaurant-mas-de-la-sala-convencions-3.jpg","filesize":128873,"url":"https:\/\/www.bagesturisme.cat\/wp-content\/uploads\/2016\/12\/detall-coffee-break-2-hotel-restaurant-mas-de-la-sala-convencions-3.jpg","link":"https:\/\/www.bagesturisme.cat\/fr\/restauracio\/masdelasala-com\/detall-coffee-break-2-hotel-restaurant-mas-de-la-sala-convencions-3\/","alt":"","author":"3","description":"","caption":"","name":"detall-coffee-break-2-hotel-restaurant-mas-de-la-sala-convencions-3","status":"inherit","uploaded_to":130,"date":"2021-06-09 06:59:49","modified":"2021-06-09 06:59:49","menu_order":0,"mime_type":"image\/jpeg","type":"image","subtype":"jpeg","icon":"https:\/\/www.bagesturisme.cat\/wp-includes\/images\/media\/default.png","width":1600,"height":1003,"sizes":{"thumbnail":"https:\/\/www.bagesturisme.cat\/wp-content\/uploads\/2016\/12\/detall-coffee-break-2-hotel-restaurant-mas-de-la-sala-convencions-3-150x150.jpg","thumbnail-width":150,"thumbnail-height":150,"medium":"https:\/\/www.bagesturisme.cat\/wp-content\/uploads\/2016\/12\/detall-coffee-break-2-hotel-restaurant-mas-de-la-sala-convencions-3-638x400.jpg","medium-width":638,"medium-height":400,"medium_large":"https:\/\/www.bagesturisme.cat\/wp-content\/uploads\/2016\/12\/detall-coffee-break-2-hotel-restaurant-mas-de-la-sala-convencions-3-768x481.jpg","medium_large-width":768,"medium_large-height":481,"large":"https:\/\/www.bagesturisme.cat\/wp-content\/uploads\/2016\/12\/detall-coffee-break-2-hotel-restaurant-mas-de-la-sala-convencions-3-1280x802.jpg","large-width":1170,"large-height":733,"1536x1536":"https:\/\/www.bagesturisme.cat\/wp-content\/uploads\/2016\/12\/detall-coffee-break-2-hotel-restaurant-mas-de-la-sala-convencions-3-1536x963.jpg","1536x1536-width":1536,"1536x1536-height":963,"2048x2048":"https:\/\/www.bagesturisme.cat\/wp-content\/uploads\/2016\/12\/detall-coffee-break-2-hotel-restaurant-mas-de-la-sala-convencions-3.jpg","2048x2048-width":1600,"2048x2048-height":1003,"blog-large":"https:\/\/www.bagesturisme.cat\/wp-content\/uploads\/2016\/12\/detall-coffee-break-2-hotel-restaurant-mas-de-la-sala-convencions-3.jpg","blog-large-width":434,"blog-large-height":272,"blog-medium":"https:\/\/www.bagesturisme.cat\/wp-content\/uploads\/2016\/12\/detall-coffee-break-2-hotel-restaurant-mas-de-la-sala-convencions-3.jpg","blog-medium-width":320,"blog-medium-height":202,"recent-posts":"https:\/\/www.bagesturisme.cat\/wp-content\/uploads\/2016\/12\/detall-coffee-break-2-hotel-restaurant-mas-de-la-sala-convencions-3.jpg","recent-posts-width":700,"recent-posts-height":439,"recent-works-thumbnail":"https:\/\/www.bagesturisme.cat\/wp-content\/uploads\/2016\/12\/detall-coffee-break-2-hotel-restaurant-mas-de-la-sala-convencions-3.jpg","recent-works-thumbnail-width":66,"recent-works-thumbnail-height":41,"fusion-200":"https:\/\/www.bagesturisme.cat\/wp-content\/uploads\/2016\/12\/detall-coffee-break-2-hotel-restaurant-mas-de-la-sala-convencions-3.jpg","fusion-200-width":200,"fusion-200-height":125,"fusion-400":"https:\/\/www.bagesturisme.cat\/wp-content\/uploads\/2016\/12\/detall-coffee-break-2-hotel-restaurant-mas-de-la-sala-convencions-3.jpg","fusion-400-width":400,"fusion-400-height":251,"fusion-600":"https:\/\/www.bagesturisme.cat\/wp-content\/uploads\/2016\/12\/detall-coffee-break-2-hotel-restaurant-mas-de-la-sala-convencions-3.jpg","fusion-600-width":600,"fusion-600-height":376,"fusion-800":"https:\/\/www.bagesturisme.cat\/wp-content\/uploads\/2016\/12\/detall-coffee-break-2-hotel-restaurant-mas-de-la-sala-convencions-3.jpg","fusion-800-width":800,"fusion-800-height":502,"fusion-1200":"https:\/\/www.bagesturisme.cat\/wp-content\/uploads\/2016\/12\/detall-coffee-break-2-hotel-restaurant-mas-de-la-sala-convencions-3.jpg","fusion-1200-width":1200,"fusion-1200-height":752,"portfolio-full":"https:\/\/www.bagesturisme.cat\/wp-content\/uploads\/2016\/12\/detall-coffee-break-2-hotel-restaurant-mas-de-la-sala-convencions-3.jpg","portfolio-full-width":638,"portfolio-full-height":400,"portfolio-one":"https:\/\/www.bagesturisme.cat\/wp-content\/uploads\/2016\/12\/detall-coffee-break-2-hotel-restaurant-mas-de-la-sala-convencions-3.jpg","portfolio-one-width":434,"portfolio-one-height":272,"portfolio-two":"https:\/\/www.bagesturisme.cat\/wp-content\/uploads\/2016\/12\/detall-coffee-break-2-hotel-restaurant-mas-de-la-sala-convencions-3.jpg","portfolio-two-width":460,"portfolio-two-height":288,"portfolio-three":"https:\/\/www.bagesturisme.cat\/wp-content\/uploads\/2016\/12\/detall-coffee-break-2-hotel-restaurant-mas-de-la-sala-convencions-3.jpg","portfolio-three-width":300,"portfolio-three-height":188,"portfolio-five":"https:\/\/www.bagesturisme.cat\/wp-content\/uploads\/2016\/12\/detall-coffee-break-2-hotel-restaurant-mas-de-la-sala-convencions-3.jpg","portfolio-five-width":177,"portfolio-five-height":111}},{"ID":10104,"id":10104,"title":"sala de tast mas de la sala","filename":"sala-de-tast-mas-de-la-sala-scaled.jpg","filesize":449344,"url":"https:\/\/www.bagesturisme.cat\/wp-content\/uploads\/2016\/12\/sala-de-tast-mas-de-la-sala-scaled.jpg","link":"https:\/\/www.bagesturisme.cat\/fr\/restauracio\/masdelasala-com\/sala-de-tast-mas-de-la-sala\/","alt":"","author":"3","description":"","caption":"","name":"sala-de-tast-mas-de-la-sala","status":"inherit","uploaded_to":130,"date":"2021-06-09 06:59:59","modified":"2021-06-09 06:59:59","menu_order":0,"mime_type":"image\/jpeg","type":"image","subtype":"jpeg","icon":"https:\/\/www.bagesturisme.cat\/wp-includes\/images\/media\/default.png","width":1920,"height":2560,"sizes":{"thumbnail":"https:\/\/www.bagesturisme.cat\/wp-content\/uploads\/2016\/12\/sala-de-tast-mas-de-la-sala-150x150.jpg","thumbnail-width":150,"thumbnail-height":150,"medium":"https:\/\/www.bagesturisme.cat\/wp-content\/uploads\/2016\/12\/sala-de-tast-mas-de-la-sala-300x400.jpg","medium-width":300,"medium-height":400,"medium_large":"https:\/\/www.bagesturisme.cat\/wp-content\/uploads\/2016\/12\/sala-de-tast-mas-de-la-sala-768x1024.jpg","medium_large-width":768,"medium_large-height":1024,"large":"https:\/\/www.bagesturisme.cat\/wp-content\/uploads\/2016\/12\/sala-de-tast-mas-de-la-sala-768x1024.jpg","large-width":768,"large-height":1024,"1536x1536":"https:\/\/www.bagesturisme.cat\/wp-content\/uploads\/2016\/12\/sala-de-tast-mas-de-la-sala-1152x1536.jpg","1536x1536-width":1152,"1536x1536-height":1536,"2048x2048":"https:\/\/www.bagesturisme.cat\/wp-content\/uploads\/2016\/12\/sala-de-tast-mas-de-la-sala-1536x2048.jpg","2048x2048-width":1536,"2048x2048-height":2048,"blog-large":"https:\/\/www.bagesturisme.cat\/wp-content\/uploads\/2016\/12\/sala-de-tast-mas-de-la-sala-scaled.jpg","blog-large-width":204,"blog-large-height":272,"blog-medium":"https:\/\/www.bagesturisme.cat\/wp-content\/uploads\/2016\/12\/sala-de-tast-mas-de-la-sala-scaled.jpg","blog-medium-width":152,"blog-medium-height":202,"recent-posts":"https:\/\/www.bagesturisme.cat\/wp-content\/uploads\/2016\/12\/sala-de-tast-mas-de-la-sala-scaled.jpg","recent-posts-width":331,"recent-posts-height":441,"recent-works-thumbnail":"https:\/\/www.bagesturisme.cat\/wp-content\/uploads\/2016\/12\/sala-de-tast-mas-de-la-sala-scaled.jpg","recent-works-thumbnail-width":50,"recent-works-thumbnail-height":66,"fusion-200":"https:\/\/www.bagesturisme.cat\/wp-content\/uploads\/2016\/12\/sala-de-tast-mas-de-la-sala-scaled.jpg","fusion-200-width":200,"fusion-200-height":267,"fusion-400":"https:\/\/www.bagesturisme.cat\/wp-content\/uploads\/2016\/12\/sala-de-tast-mas-de-la-sala-scaled.jpg","fusion-400-width":400,"fusion-400-height":533,"fusion-600":"https:\/\/www.bagesturisme.cat\/wp-content\/uploads\/2016\/12\/sala-de-tast-mas-de-la-sala-scaled.jpg","fusion-600-width":600,"fusion-600-height":800,"fusion-800":"https:\/\/www.bagesturisme.cat\/wp-content\/uploads\/2016\/12\/sala-de-tast-mas-de-la-sala-scaled.jpg","fusion-800-width":800,"fusion-800-height":1067,"fusion-1200":"https:\/\/www.bagesturisme.cat\/wp-content\/uploads\/2016\/12\/sala-de-tast-mas-de-la-sala-scaled.jpg","fusion-1200-width":1200,"fusion-1200-height":1600,"portfolio-full":"https:\/\/www.bagesturisme.cat\/wp-content\/uploads\/2016\/12\/sala-de-tast-mas-de-la-sala-scaled.jpg","portfolio-full-width":300,"portfolio-full-height":400,"portfolio-one":"https:\/\/www.bagesturisme.cat\/wp-content\/uploads\/2016\/12\/sala-de-tast-mas-de-la-sala-scaled.jpg","portfolio-one-width":204,"portfolio-one-height":272,"portfolio-two":"https:\/\/www.bagesturisme.cat\/wp-content\/uploads\/2016\/12\/sala-de-tast-mas-de-la-sala-scaled.jpg","portfolio-two-width":221,"portfolio-two-height":295,"portfolio-three":"https:\/\/www.bagesturisme.cat\/wp-content\/uploads\/2016\/12\/sala-de-tast-mas-de-la-sala-scaled.jpg","portfolio-three-width":161,"portfolio-three-height":214,"portfolio-five":"https:\/\/www.bagesturisme.cat\/wp-content\/uploads\/2016\/12\/sala-de-tast-mas-de-la-sala-scaled.jpg","portfolio-five-width":107,"portfolio-five-height":142}},{"ID":10106,"id":10106,"title":"tienda productos proximidad mas de la sala","filename":"tienda-productos-proximidad-mas-de-la-sala.jpg","filesize":1045600,"url":"https:\/\/www.bagesturisme.cat\/wp-content\/uploads\/2016\/12\/tienda-productos-proximidad-mas-de-la-sala.jpg","link":"https:\/\/www.bagesturisme.cat\/fr\/restauracio\/masdelasala-com\/tienda-productos-proximidad-mas-de-la-sala\/","alt":"","author":"3","description":"","caption":"","name":"tienda-productos-proximidad-mas-de-la-sala","status":"inherit","uploaded_to":130,"date":"2021-06-09 07:00:14","modified":"2021-06-09 07:00:14","menu_order":0,"mime_type":"image\/jpeg","type":"image","subtype":"jpeg","icon":"https:\/\/www.bagesturisme.cat\/wp-includes\/images\/media\/default.png","width":2080,"height":1560,"sizes":{"thumbnail":"https:\/\/www.bagesturisme.cat\/wp-content\/uploads\/2016\/12\/tienda-productos-proximidad-mas-de-la-sala-150x150.jpg","thumbnail-width":150,"thumbnail-height":150,"medium":"https:\/\/www.bagesturisme.cat\/wp-content\/uploads\/2016\/12\/tienda-productos-proximidad-mas-de-la-sala-533x400.jpg","medium-width":533,"medium-height":400,"medium_large":"https:\/\/www.bagesturisme.cat\/wp-content\/uploads\/2016\/12\/tienda-productos-proximidad-mas-de-la-sala-768x576.jpg","medium_large-width":768,"medium_large-height":576,"large":"https:\/\/www.bagesturisme.cat\/wp-content\/uploads\/2016\/12\/tienda-productos-proximidad-mas-de-la-sala-1280x960.jpg","large-width":1170,"large-height":878,"1536x1536":"https:\/\/www.bagesturisme.cat\/wp-content\/uploads\/2016\/12\/tienda-productos-proximidad-mas-de-la-sala-1536x1152.jpg","1536x1536-width":1536,"1536x1536-height":1152,"2048x2048":"https:\/\/www.bagesturisme.cat\/wp-content\/uploads\/2016\/12\/tienda-productos-proximidad-mas-de-la-sala-2048x1536.jpg","2048x2048-width":2048,"2048x2048-height":1536,"blog-large":"https:\/\/www.bagesturisme.cat\/wp-content\/uploads\/2016\/12\/tienda-productos-proximidad-mas-de-la-sala.jpg","blog-large-width":363,"blog-large-height":272,"blog-medium":"https:\/\/www.bagesturisme.cat\/wp-content\/uploads\/2016\/12\/tienda-productos-proximidad-mas-de-la-sala.jpg","blog-medium-width":269,"blog-medium-height":202,"recent-posts":"https:\/\/www.bagesturisme.cat\/wp-content\/uploads\/2016\/12\/tienda-productos-proximidad-mas-de-la-sala.jpg","recent-posts-width":588,"recent-posts-height":441,"recent-works-thumbnail":"https:\/\/www.bagesturisme.cat\/wp-content\/uploads\/2016\/12\/tienda-productos-proximidad-mas-de-la-sala.jpg","recent-works-thumbnail-width":66,"recent-works-thumbnail-height":50,"fusion-200":"https:\/\/www.bagesturisme.cat\/wp-content\/uploads\/2016\/12\/tienda-productos-proximidad-mas-de-la-sala.jpg","fusion-200-width":200,"fusion-200-height":150,"fusion-400":"https:\/\/www.bagesturisme.cat\/wp-content\/uploads\/2016\/12\/tienda-productos-proximidad-mas-de-la-sala.jpg","fusion-400-width":400,"fusion-400-height":300,"fusion-600":"https:\/\/www.bagesturisme.cat\/wp-content\/uploads\/2016\/12\/tienda-productos-proximidad-mas-de-la-sala.jpg","fusion-600-width":600,"fusion-600-height":450,"fusion-800":"https:\/\/www.bagesturisme.cat\/wp-content\/uploads\/2016\/12\/tienda-productos-proximidad-mas-de-la-sala.jpg","fusion-800-width":800,"fusion-800-height":600,"fusion-1200":"https:\/\/www.bagesturisme.cat\/wp-content\/uploads\/2016\/12\/tienda-productos-proximidad-mas-de-la-sala.jpg","fusion-1200-width":1200,"fusion-1200-height":900,"portfolio-full":"https:\/\/www.bagesturisme.cat\/wp-content\/uploads\/2016\/12\/tienda-productos-proximidad-mas-de-la-sala.jpg","portfolio-full-width":533,"portfolio-full-height":400,"portfolio-one":"https:\/\/www.bagesturisme.cat\/wp-content\/uploads\/2016\/12\/tienda-productos-proximidad-mas-de-la-sala.jpg","portfolio-one-width":363,"portfolio-one-height":272,"portfolio-two":"https:\/\/www.bagesturisme.cat\/wp-content\/uploads\/2016\/12\/tienda-productos-proximidad-mas-de-la-sala.jpg","portfolio-two-width":393,"portfolio-two-height":295,"portfolio-three":"https:\/\/www.bagesturisme.cat\/wp-content\/uploads\/2016\/12\/tienda-productos-proximidad-mas-de-la-sala.jpg","portfolio-three-width":285,"portfolio-three-height":214,"portfolio-five":"https:\/\/www.bagesturisme.cat\/wp-content\/uploads\/2016\/12\/tienda-productos-proximidad-mas-de-la-sala.jpg","portfolio-five-width":177,"portfolio-five-height":133}},{"ID":10066,"id":10066,"title":"panoramica-mas-de-la-sala-2","filename":"panoramica-mas-de-la-sala-2.jpg","filesize":4172538,"url":"https:\/\/www.bagesturisme.cat\/wp-content\/uploads\/2021\/06\/panoramica-mas-de-la-sala-2.jpg","link":"https:\/\/www.bagesturisme.cat\/fr\/panoramica-mas-de-la-sala-2\/","alt":"","author":"0","description":"Prova","caption":"","name":"panoramica-mas-de-la-sala-2","status":"inherit","uploaded_to":0,"date":"2021-06-07 07:25:10","modified":"2021-06-07 07:25:10","menu_order":0,"mime_type":"image\/jpeg","type":"image","subtype":"jpeg","icon":"https:\/\/www.bagesturisme.cat\/wp-includes\/images\/media\/default.png","width":2520,"height":1680,"sizes":{"thumbnail":"https:\/\/www.bagesturisme.cat\/wp-content\/uploads\/2021\/06\/panoramica-mas-de-la-sala-2.jpg","thumbnail-width":150,"thumbnail-height":100,"medium":"https:\/\/www.bagesturisme.cat\/wp-content\/uploads\/2021\/06\/panoramica-mas-de-la-sala-2.jpg","medium-width":600,"medium-height":400,"medium_large":"https:\/\/www.bagesturisme.cat\/wp-content\/uploads\/2021\/06\/panoramica-mas-de-la-sala-2.jpg","medium_large-width":768,"medium_large-height":512,"large":"https:\/\/www.bagesturisme.cat\/wp-content\/uploads\/2021\/06\/panoramica-mas-de-la-sala-2.jpg","large-width":1170,"large-height":780,"1536x1536":"https:\/\/www.bagesturisme.cat\/wp-content\/uploads\/2021\/06\/panoramica-mas-de-la-sala-2.jpg","1536x1536-width":1536,"1536x1536-height":1024,"2048x2048":"https:\/\/www.bagesturisme.cat\/wp-content\/uploads\/2021\/06\/panoramica-mas-de-la-sala-2.jpg","2048x2048-width":2048,"2048x2048-height":1365,"blog-large":"https:\/\/www.bagesturisme.cat\/wp-content\/uploads\/2021\/06\/panoramica-mas-de-la-sala-2.jpg","blog-large-width":408,"blog-large-height":272,"blog-medium":"https:\/\/www.bagesturisme.cat\/wp-content\/uploads\/2021\/06\/panoramica-mas-de-la-sala-2.jpg","blog-medium-width":303,"blog-medium-height":202,"recent-posts":"https:\/\/www.bagesturisme.cat\/wp-content\/uploads\/2021\/06\/panoramica-mas-de-la-sala-2.jpg","recent-posts-width":662,"recent-posts-height":441,"recent-works-thumbnail":"https:\/\/www.bagesturisme.cat\/wp-content\/uploads\/2021\/06\/panoramica-mas-de-la-sala-2.jpg","recent-works-thumbnail-width":66,"recent-works-thumbnail-height":44,"fusion-200":"https:\/\/www.bagesturisme.cat\/wp-content\/uploads\/2021\/06\/panoramica-mas-de-la-sala-2.jpg","fusion-200-width":200,"fusion-200-height":133,"fusion-400":"https:\/\/www.bagesturisme.cat\/wp-content\/uploads\/2021\/06\/panoramica-mas-de-la-sala-2.jpg","fusion-400-width":400,"fusion-400-height":267,"fusion-600":"https:\/\/www.bagesturisme.cat\/wp-content\/uploads\/2021\/06\/panoramica-mas-de-la-sala-2.jpg","fusion-600-width":600,"fusion-600-height":400,"fusion-800":"https:\/\/www.bagesturisme.cat\/wp-content\/uploads\/2021\/06\/panoramica-mas-de-la-sala-2.jpg","fusion-800-width":800,"fusion-800-height":533,"fusion-1200":"https:\/\/www.bagesturisme.cat\/wp-content\/uploads\/2021\/06\/panoramica-mas-de-la-sala-2.jpg","fusion-1200-width":1200,"fusion-1200-height":800,"portfolio-full":"https:\/\/www.bagesturisme.cat\/wp-content\/uploads\/2021\/06\/panoramica-mas-de-la-sala-2.jpg","portfolio-full-width":600,"portfolio-full-height":400,"portfolio-one":"https:\/\/www.bagesturisme.cat\/wp-content\/uploads\/2021\/06\/panoramica-mas-de-la-sala-2.jpg","portfolio-one-width":408,"portfolio-one-height":272,"portfolio-two":"https:\/\/www.bagesturisme.cat\/wp-content\/uploads\/2021\/06\/panoramica-mas-de-la-sala-2.jpg","portfolio-two-width":443,"portfolio-two-height":295,"portfolio-three":"https:\/\/www.bagesturisme.cat\/wp-content\/uploads\/2021\/06\/panoramica-mas-de-la-sala-2.jpg","portfolio-three-width":300,"portfolio-three-height":200,"portfolio-five":"https:\/\/www.bagesturisme.cat\/wp-content\/uploads\/2021\/06\/panoramica-mas-de-la-sala-2.jpg","portfolio-five-width":177,"portfolio-five-height":118}}],"ubicacio":{"address":"mas de la sala","lat":"41.789386","lng":"1.897807000000057"}},"_links":{"self":[{"href":"https:\/\/www.bagesturisme.cat\/fr\/wp-json\/wp\/v2\/restauracio\/130","targetHints":{"allow":["GET"]}}],"collection":[{"href":"https:\/\/www.bagesturisme.cat\/fr\/wp-json\/wp\/v2\/restauracio"}],"about":[{"href":"https:\/\/www.bagesturisme.cat\/fr\/wp-json\/wp\/v2\/types\/restauracio"}],"author":[{"embeddable":true,"href":"https:\/\/www.bagesturisme.cat\/fr\/wp-json\/wp\/v2\/users\/24"}],"version-history":[{"count":31,"href":"https:\/\/www.bagesturisme.cat\/fr\/wp-json\/wp\/v2\/restauracio\/130\/revisions"}],"predecessor-version":[{"id":12362,"href":"https:\/\/www.bagesturisme.cat\/fr\/wp-json\/wp\/v2\/restauracio\/130\/revisions\/12362"}],"wp:featuredmedia":[{"embeddable":true,"href":"https:\/\/www.bagesturisme.cat\/fr\/wp-json\/wp\/v2\/media\/12359"}],"wp:attachment":[{"href":"https:\/\/www.bagesturisme.cat\/fr\/wp-json\/wp\/v2\/media?parent=130"}],"curies":[{"name":"wp","href":"https:\/\/api.w.org\/{rel}","templated":true}]}}