{"id":11072,"date":"2022-03-29T08:49:15","date_gmt":"2022-03-29T07:49:15","guid":{"rendered":"https:\/\/bagesturisme.cat\/setmana-santa-2021-copy\/"},"modified":"2026-03-19T15:04:31","modified_gmt":"2026-03-19T14:04:31","slug":"setmana-santa-al-bages","status":"publish","type":"page","link":"https:\/\/www.bagesturisme.cat\/fr\/setmana-santa-al-bages\/","title":{"rendered":"Copy"},"content":{"rendered":"<div class=\"wpb-content-wrapper\">[vc_row][vc_column][vc_column_text]\r\n[\/vc_column_text][\/vc_column][\/vc_row][vc_row][vc_column][vc_column_text][\/vc_column_text][\/vc_column][\/vc_row][vc_row][vc_column][vc_column_text][\/vc_column_text][\/vc_column][\/vc_row][vc_row full_width=\u00a0\u00bbstretch_row_content_no_spaces\u00a0\u00bb full_height=\u00a0\u00bbyes\u00a0\u00bb equal_height=\u00a0\u00bbyes\u00a0\u00bb parallax=\u00a0\u00bbcontent-moving-fade\u00a0\u00bb parallax_image=\u00a0\u00bb12641&Prime; css_animation=\u00a0\u00bbfadeIn\u00a0\u00bb css=\u00a0\u00bb.vc_custom_1679062228094{padding-top: 60px !important;padding-bottom: 60px !important;background-color: #969696 !important;}\u00a0\u00bb][vc_column video_bg=\u00a0\u00bbyes\u00a0\u00bb video_bg_url=\u00a0\u00bb\u00a0\u00bb][vc_column_text css_animation=\u00a0\u00bbfadeInUp\u00a0\u00bb]\r\n<h1 style=\"text-align: center;\"><span style=\"color: #ffffff;\">Desconnecta al Bages per setmana Santa<\/span><\/h1>\r\n[\/vc_column_text][\/vc_column][\/vc_row][vc_row][vc_column][vc_column_text css=\u00a0\u00bb\u00a0\u00bb]\r\n<h2 style=\"text-align: center;\">Propostes de primavera&#8230;<\/h2>\r\n[\/vc_column_text][\/vc_column][\/vc_row][vc_row][vc_column width=\u00a0\u00bb1\/4&Prime;][vc_column_text css=\u00a0\u00bb\u00a0\u00bb]\r\n<h3><img decoding=\"async\" class=\"lazyload alignnone wp-image-5471 size-medium\" src=\"https:\/\/bagesturisme.cat\/wp-content\/uploads\/2017\/01\/Monacalia_9889-e1710931352989-522x400.jpg\" data-orig-src=\"https:\/\/bagesturisme.cat\/wp-content\/uploads\/2017\/01\/Monacalia_9889-e1710931352989-522x400.jpg\" alt=\"\" width=\"522\" height=\"400\" srcset=\"data:image\/svg+xml,%3Csvg%20xmlns%3D%27http%3A%2F%2Fwww.w3.org%2F2000%2Fsvg%27%20width%3D%27522%27%20height%3D%27400%27%20viewBox%3D%270%200%20522%20400%27%3E%3Crect%20width%3D%27522%27%20height%3D%27400%27%20fill-opacity%3D%220%22%2F%3E%3C%2Fsvg%3E\" data-srcset=\"https:\/\/www.bagesturisme.cat\/wp-content\/uploads\/2017\/01\/Monacalia_9889-e1710931352989-522x400.jpg 522w, https:\/\/www.bagesturisme.cat\/wp-content\/uploads\/2017\/01\/Monacalia_9889-e1710931352989-768x588.jpg 768w, https:\/\/www.bagesturisme.cat\/wp-content\/uploads\/2017\/01\/Monacalia_9889-e1710931352989.jpg 1000w\" data-sizes=\"auto\" data-orig-sizes=\"(max-width: 522px) 100vw, 522px\" \/><\/h3>\r\n<h3>MONAC\u00c0LIA<\/h3>\r\n<p><em>5 i 6 d&rsquo;abril<\/em><\/p>\r\n<p>La Fira de l&rsquo;Abat &#8211; Monac\u00e0lia celebra l&rsquo;estreta relaci\u00f3 feudal entre el monestir de Sant Benet de Bages i els habitants de Navarcles de quan fa m\u00e9s de mil anys es va fundar el monestir. Durant el primer cap de setmana d&rsquo;abril, les places i carrers de Navarcles reviuen l&rsquo;edat mitjana amb actuacions teatrals que commemoren els fets, danses, tallers, feines tradicionals i gastronomia.<\/p>\r\n<p style=\"text-align: center;\"><a href=\"http:\/\/monacalia.cat\" class=\"btn btn-primary btn-md\"> M\u00e9s info<\/a>\r\n[\/vc_column_text][\/vc_column][vc_column width=\u00a0\u00bb1\/4&Prime;][vc_column_text css=\u00a0\u00bb\u00a0\u00bb]\r\n<h3><img decoding=\"async\" class=\"lazyload alignnone wp-image-11341 size-medium\" src=\"https:\/\/bagesturisme.cat\/wp-content\/uploads\/2022\/04\/ruta_romanic-2432-xarxes-601x400.jpg\" data-orig-src=\"https:\/\/bagesturisme.cat\/wp-content\/uploads\/2022\/04\/ruta_romanic-2432-xarxes-601x400.jpg\" alt=\"Paisatge de natura amb senderistes i Montserrat de fons\" width=\"601\" height=\"400\" srcset=\"data:image\/svg+xml,%3Csvg%20xmlns%3D%27http%3A%2F%2Fwww.w3.org%2F2000%2Fsvg%27%20width%3D%27601%27%20height%3D%27400%27%20viewBox%3D%270%200%20601%20400%27%3E%3Crect%20width%3D%27601%27%20height%3D%27400%27%20fill-opacity%3D%220%22%2F%3E%3C%2Fsvg%3E\" data-srcset=\"https:\/\/www.bagesturisme.cat\/wp-content\/uploads\/2022\/04\/ruta_romanic-2432-xarxes-601x400.jpg 601w, https:\/\/www.bagesturisme.cat\/wp-content\/uploads\/2022\/04\/ruta_romanic-2432-xarxes-768x511.jpg 768w, https:\/\/www.bagesturisme.cat\/wp-content\/uploads\/2022\/04\/ruta_romanic-2432-xarxes.jpg 1200w\" data-sizes=\"auto\" data-orig-sizes=\"(max-width: 601px) 100vw, 601px\" \/><\/h3>\r\n<h3>MARXA DEL PELEGR\u00cd<\/h3>\r\n<p><em>6 d&rsquo;abril Montserrat &#8211; Manresa<\/em><\/p>\r\n<p>26 km per a descobrir paisatges inspiradors resseguint l&rsquo;\u00faltim tram del Cam\u00ed Ignasi\u00e0, entre Montserrat i Manresa. La caminada permet tamb\u00e9, en l&rsquo;arribada, redescobrir la ciutat que va captivar a Sant Ignasi de Loyola. Un any m\u00e9s, s&rsquo;han incorporat nous recorreguts i modalitats amb l&rsquo;objectiu de fer el m\u00e0xim d&rsquo;accesible l&rsquo;activitat.<\/p>\r\n<p style=\"text-align: center;\"><a href=\"http:\/\/www.manresa2022.cat\/web\/menu\/13463-marxa-del-pelegri\" class=\"btn btn-primary btn-md\"> Inscriu-te<\/a>\r\n[\/vc_column_text][\/vc_column][vc_column width=\u00a0\u00bb1\/4&Prime;][vc_column_text css=\u00a0\u00bb\u00a0\u00bb]\r\n<h3><img decoding=\"async\" class=\"lazyload alignnone wp-image-15341 size-medium\" src=\"https:\/\/bagesturisme.cat\/wp-content\/uploads\/2025\/03\/web-en-familia-1-01-2-scaled-1-564x400.jpg\" data-orig-src=\"https:\/\/bagesturisme.cat\/wp-content\/uploads\/2025\/03\/web-en-familia-1-01-2-scaled-1-564x400.jpg\" alt=\"\" width=\"564\" height=\"400\" srcset=\"data:image\/svg+xml,%3Csvg%20xmlns%3D%27http%3A%2F%2Fwww.w3.org%2F2000%2Fsvg%27%20width%3D%27564%27%20height%3D%27400%27%20viewBox%3D%270%200%20564%20400%27%3E%3Crect%20width%3D%27564%27%20height%3D%27400%27%20fill-opacity%3D%220%22%2F%3E%3C%2Fsvg%3E\" data-srcset=\"https:\/\/www.bagesturisme.cat\/wp-content\/uploads\/2025\/03\/web-en-familia-1-01-2-scaled-1-564x400.jpg 564w, https:\/\/www.bagesturisme.cat\/wp-content\/uploads\/2025\/03\/web-en-familia-1-01-2-scaled-1-768x545.jpg 768w, https:\/\/www.bagesturisme.cat\/wp-content\/uploads\/2025\/03\/web-en-familia-1-01-2-scaled-1-1280x909.jpg 1280w, https:\/\/www.bagesturisme.cat\/wp-content\/uploads\/2025\/03\/web-en-familia-1-01-2-scaled-1-1536x1090.jpg 1536w, https:\/\/www.bagesturisme.cat\/wp-content\/uploads\/2025\/03\/web-en-familia-1-01-2-scaled-1.jpg 2560w\" data-sizes=\"auto\" data-orig-sizes=\"(max-width: 564px) 100vw, 564px\" \/><\/h3>\r\n<h3>BARROC, L\u2019ART DELS SENTITS<\/h3>\r\n<p><em>13 d&rsquo;abril al Museu del Barroc de Catalunya<\/em><\/p>\r\n<p>Emeten so les pintures? Fan olor els retaules? Quin tacte tenen les obres d\u2019art? Barroc, l\u2019art dels sentits \u00e9s una visita dinamitzada que convida a comprendre l\u2019art barroc a trav\u00e9s de l\u2019o\u00efda, el tacte, la vista o l\u2019olfacte. Durant la visita les fam\u00edlies realitzaran diferents din\u00e0miques l\u00fadiques i participatives entorn d\u2019algunes de les obres m\u00e9s significatives de la col\u00b7lecci\u00f3.<\/p>\r\n<p style=\"text-align: center;\"><a href=\"https:\/\/museudelbarroc.cat\/barroc-lart-dels-sentits-3\/\" class=\"btn btn-primary btn-md\"> Reserva<\/a>\r\n[\/vc_column_text][\/vc_column][vc_column width=\u00a0\u00bb1\/4&Prime;][vc_column_text css=\u00a0\u00bb\u00a0\u00bb]\r\n<h3><img decoding=\"async\" class=\"lazyload alignnone wp-image-15357 size-medium\" src=\"https:\/\/bagesturisme.cat\/wp-content\/uploads\/2025\/03\/img_ciclistas-e1743419685986-587x400.jpg\" data-orig-src=\"https:\/\/bagesturisme.cat\/wp-content\/uploads\/2025\/03\/img_ciclistas-e1743419685986-587x400.jpg\" alt=\"\" width=\"587\" height=\"400\" srcset=\"data:image\/svg+xml,%3Csvg%20xmlns%3D%27http%3A%2F%2Fwww.w3.org%2F2000%2Fsvg%27%20width%3D%27587%27%20height%3D%27400%27%20viewBox%3D%270%200%20587%20400%27%3E%3Crect%20width%3D%27587%27%20height%3D%27400%27%20fill-opacity%3D%220%22%2F%3E%3C%2Fsvg%3E\" data-srcset=\"https:\/\/www.bagesturisme.cat\/wp-content\/uploads\/2025\/03\/img_ciclistas-e1743419685986-587x400.jpg 587w, https:\/\/www.bagesturisme.cat\/wp-content\/uploads\/2025\/03\/img_ciclistas-e1743419685986-768x523.jpg 768w, https:\/\/www.bagesturisme.cat\/wp-content\/uploads\/2025\/03\/img_ciclistas-e1743419685986-1280x872.jpg 1280w, https:\/\/www.bagesturisme.cat\/wp-content\/uploads\/2025\/03\/img_ciclistas-e1743419685986-1536x1046.jpg 1536w, https:\/\/www.bagesturisme.cat\/wp-content\/uploads\/2025\/03\/img_ciclistas-e1743419685986.jpg 1987w\" data-sizes=\"auto\" data-orig-sizes=\"(max-width: 587px) 100vw, 587px\" \/><\/h3>\r\n<h3>Ciclo &#8211; Marxa cicloturista<\/h3>\r\n<p><em>13 d&rsquo;abril a M\u00f3n Sant Benet<\/em><\/p>\r\n<p>CICLO et convida a pedalar pel privilegiat entorn natural de M\u00f3n Sant Benet amb Montserrat com a tel\u00f3 de fons. Dues rutes circulars de carretera (una m\u00e9s llarga i desafiadora; i una altra m\u00e9s curta i accessible) ofereixen un repte i una aventura inoblidable per a ciclistes de tots els nivells.<\/p>\r\n<p style=\"text-align: center;\"><a href=\"https:\/\/ciclomonsantbenet.com\/ca\/\" class=\"btn btn-primary btn-md\"> Inscripcions<\/a>\r\n[\/vc_column_text][\/vc_column][\/vc_row][vc_row][vc_column][vc_column_text]\r\n<h2 style=\"text-align: center;\">Aquesta setmana santa et recomanem&#8230;<\/h2>\r\n[\/vc_column_text][\/vc_column][\/vc_row][vc_row css_animation=\u00a0\u00bbfadeIn\u00a0\u00bb][vc_column width=\u00a0\u00bb1\/3&Prime;][vc_column_text css=\u00a0\u00bb\u00a0\u00bb]\r\n<h3><img decoding=\"async\" class=\"lazyload alignnone wp-image-15353 size-medium\" src=\"https:\/\/bagesturisme.cat\/wp-content\/uploads\/2025\/03\/suria_caramelles_abril_fortuny-017-601x400.jpg\" data-orig-src=\"https:\/\/bagesturisme.cat\/wp-content\/uploads\/2025\/03\/suria_caramelles_abril_fortuny-017-601x400.jpg\" alt=\"\" width=\"601\" height=\"400\" srcset=\"data:image\/svg+xml,%3Csvg%20xmlns%3D%27http%3A%2F%2Fwww.w3.org%2F2000%2Fsvg%27%20width%3D%27601%27%20height%3D%27400%27%20viewBox%3D%270%200%20601%20400%27%3E%3Crect%20width%3D%27601%27%20height%3D%27400%27%20fill-opacity%3D%220%22%2F%3E%3C%2Fsvg%3E\" data-srcset=\"https:\/\/www.bagesturisme.cat\/wp-content\/uploads\/2025\/03\/suria_caramelles_abril_fortuny-017-601x400.jpg 601w, https:\/\/www.bagesturisme.cat\/wp-content\/uploads\/2025\/03\/suria_caramelles_abril_fortuny-017-768x511.jpg 768w, https:\/\/www.bagesturisme.cat\/wp-content\/uploads\/2025\/03\/suria_caramelles_abril_fortuny-017-1280x852.jpg 1280w, https:\/\/www.bagesturisme.cat\/wp-content\/uploads\/2025\/03\/suria_caramelles_abril_fortuny-017-1536x1022.jpg 1536w, https:\/\/www.bagesturisme.cat\/wp-content\/uploads\/2025\/03\/suria_caramelles_abril_fortuny-017.jpg 2200w\" data-sizes=\"auto\" data-orig-sizes=\"(max-width: 601px) 100vw, 601px\" \/><\/h3>\r\n<h3>CARAMELLES DE S\u00daRIA<\/h3>\r\n<p><em>Dissabte 19 i diumenge 20 d&rsquo;abril<\/em><\/p>\r\n<p><span style=\"font-weight: 400;\">Les Caramelles de S\u00faria s\u00f3n una de les celebracions m\u00e9s emblem\u00e0tiques de Pasqua a la Catalunya Central. Aquestes tradicionals cantades populars omplen els carrers del municipi de m\u00fasica, dansa i alegria, amb la participaci\u00f3 de centenars de caramellaires de totes les edats, <\/span><span style=\"font-weight: 400;\">vestits amb indument\u00e0ria tradicional o propera a la tradici\u00f3<\/span><span style=\"font-weight: 400;\">. Els diferents grups recorren el poble interpretant can\u00e7ons populars i ballant, creant una atmosfera \u00fanica que combina tradici\u00f3 i festa.\u00a0<\/span><span style=\"font-weight: 400;\">A S\u00faria, les Caramelles tenen una singularitat especial: la participaci\u00f3 de grans formacions corals i balladores, <\/span><span style=\"font-weight: 400;\">fet que les converteix en unes de les m\u00e9s espectaculars de Catalunya, i tamb\u00e9 en les m\u00e9s grans.<\/span><\/p>\r\n<p style=\"text-align: center;\"><a href=\"https:\/\/www.caramellesasuria.cat\/\/\" class=\"btn btn-primary btn-md\"> M\u00e9s info<\/a>\r\n[\/vc_column_text][\/vc_column][vc_column width=\u00a0\u00bb1\/3&Prime;][vc_column_text css=\u00a0\u00bb\u00a0\u00bb]<img decoding=\"async\" class=\"lazyload alignnone wp-image-15352 size-medium\" src=\"https:\/\/bagesturisme.cat\/wp-content\/uploads\/2025\/03\/callus_caramelles_abril_fortuny-014-601x400.jpg\" data-orig-src=\"https:\/\/bagesturisme.cat\/wp-content\/uploads\/2025\/03\/callus_caramelles_abril_fortuny-014-601x400.jpg\" alt=\"\" width=\"601\" height=\"400\" srcset=\"data:image\/svg+xml,%3Csvg%20xmlns%3D%27http%3A%2F%2Fwww.w3.org%2F2000%2Fsvg%27%20width%3D%27601%27%20height%3D%27400%27%20viewBox%3D%270%200%20601%20400%27%3E%3Crect%20width%3D%27601%27%20height%3D%27400%27%20fill-opacity%3D%220%22%2F%3E%3C%2Fsvg%3E\" data-srcset=\"https:\/\/www.bagesturisme.cat\/wp-content\/uploads\/2025\/03\/callus_caramelles_abril_fortuny-014-601x400.jpg 601w, https:\/\/www.bagesturisme.cat\/wp-content\/uploads\/2025\/03\/callus_caramelles_abril_fortuny-014-768x511.jpg 768w, https:\/\/www.bagesturisme.cat\/wp-content\/uploads\/2025\/03\/callus_caramelles_abril_fortuny-014-1280x852.jpg 1280w, https:\/\/www.bagesturisme.cat\/wp-content\/uploads\/2025\/03\/callus_caramelles_abril_fortuny-014-1536x1022.jpg 1536w, https:\/\/www.bagesturisme.cat\/wp-content\/uploads\/2025\/03\/callus_caramelles_abril_fortuny-014.jpg 2200w\" data-sizes=\"auto\" data-orig-sizes=\"(max-width: 601px) 100vw, 601px\" \/><\/p>\r\n<h3>CARAMELLES DE CALL\u00daS<\/h3>\r\n<p><em>Dissabte 19 i diumenge 20 d&rsquo;abril<\/em><\/p>\r\n<p>Vestits amb la roba tradicional, les colles caramellaires de Grans i Petits\u00a0 escampen els seus cants i balls, com la Sardana de Call\u00fas. Dissabte els veur\u00e0s a les masies del poble amb el seu trenet des de 3 de la tarda amb un instrument molt peculiar per arribar als balcons i acabaran a 2\/4 de 10 a l&rsquo;Esgl\u00e9sia de Sant Sadurn\u00ed de Call\u00fas. Diumenge les cantades i ballades s\u00f3n pels carrers del poble de Call\u00fas des d&rsquo;1\/4 de 10 fins a les 3h de la tarda.<\/p>\r\n<p style=\"text-align: center;\"><a href=\"https:\/\/bagesturisme.cat\/esdeveniments\/les-caramelles\/\" class=\"btn btn-primary btn-md\"> M\u00e9s info<\/a>\r\n[\/vc_column_text][\/vc_column][vc_column width=\u00a0\u00bb1\/3&Prime;][vc_column_text css=\u00a0\u00bb\u00a0\u00bb]\r\n<h3><img decoding=\"async\" class=\"lazyload alignnone size-medium wp-image-13945\" src=\"https:\/\/bagesturisme.cat\/wp-content\/uploads\/2024\/03\/IMG_8128MSB_OperacioPasqua-1024x1024.jpg-400x400.webp\" data-orig-src=\"https:\/\/bagesturisme.cat\/wp-content\/uploads\/2024\/03\/IMG_8128MSB_OperacioPasqua-1024x1024.jpg-400x400.webp\" alt=\"\" width=\"400\" height=\"400\" srcset=\"data:image\/svg+xml,%3Csvg%20xmlns%3D%27http%3A%2F%2Fwww.w3.org%2F2000%2Fsvg%27%20width%3D%27400%27%20height%3D%27400%27%20viewBox%3D%270%200%20400%20400%27%3E%3Crect%20width%3D%27400%27%20height%3D%27400%27%20fill-opacity%3D%220%22%2F%3E%3C%2Fsvg%3E\" data-srcset=\"https:\/\/www.bagesturisme.cat\/wp-content\/uploads\/2024\/03\/IMG_8128MSB_OperacioPasqua-1024x1024.jpg-60x60.webp 60w, https:\/\/www.bagesturisme.cat\/wp-content\/uploads\/2024\/03\/IMG_8128MSB_OperacioPasqua-1024x1024.jpg-150x150.webp 150w, https:\/\/www.bagesturisme.cat\/wp-content\/uploads\/2024\/03\/IMG_8128MSB_OperacioPasqua-1024x1024.jpg-400x400.webp 400w, https:\/\/www.bagesturisme.cat\/wp-content\/uploads\/2024\/03\/IMG_8128MSB_OperacioPasqua-1024x1024.jpg-768x768.webp 768w, https:\/\/www.bagesturisme.cat\/wp-content\/uploads\/2024\/03\/IMG_8128MSB_OperacioPasqua-1024x1024.jpg.webp 1024w\" data-sizes=\"auto\" data-orig-sizes=\"(max-width: 400px) 100vw, 400px\" \/><\/h3>\r\n<h3>OPERACI\u00d3 PASQUA AL M\u00d3N SANT BENET<\/h3>\r\n<p><em>Del 15 de mar\u00e7 al 21 d&rsquo;abril<\/em><\/p>\r\n<p>Viu la Pasqua a M\u00f3n Sant Benet: busquem ous de colors i cuinem una deliciosa mona. Podr\u00e0s celebrar l\u2019arribada de la primavera i buscar en fam\u00edlia els ous de pasqua de colors amagats als Jardins de la Casa de l\u2019Amo. No ser\u00e0 f\u00e0cil i necessitarem superar una divertida gimcana per tal de guardar-los. Quan tinguem l\u2019ouera completa podrem endinsar-nos a la cuina de la Fundaci\u00f3 Al\u00edcia per elaborar una deliciosa mona de pasqua.<\/p>\r\n<p style=\"text-align: center;\"><a href=\"https:\/\/monsantbenet.com\/ca\/visites-i-activitats\/operacio-pasqua\/\" class=\"btn btn-primary btn-md\"> Reserva <\/a>\r\n[\/vc_column_text][\/vc_column][\/vc_row][vc_row][vc_column width=\u00a0\u00bb1\/3&Prime;][vc_column_text css=\u00a0\u00bb\u00a0\u00bb]\r\n<h3><img decoding=\"async\" class=\"lazyload alignnone wp-image-15339 size-medium\" src=\"https:\/\/bagesturisme.cat\/wp-content\/uploads\/2025\/03\/ous-de-pasqua-e1743413039900-711x400.jpg\" data-orig-src=\"https:\/\/bagesturisme.cat\/wp-content\/uploads\/2025\/03\/ous-de-pasqua-e1743413039900-711x400.jpg\" alt=\"\" width=\"711\" height=\"400\" srcset=\"data:image\/svg+xml,%3Csvg%20xmlns%3D%27http%3A%2F%2Fwww.w3.org%2F2000%2Fsvg%27%20width%3D%27711%27%20height%3D%27400%27%20viewBox%3D%270%200%20711%20400%27%3E%3Crect%20width%3D%27711%27%20height%3D%27400%27%20fill-opacity%3D%220%22%2F%3E%3C%2Fsvg%3E\" data-srcset=\"https:\/\/www.bagesturisme.cat\/wp-content\/uploads\/2025\/03\/ous-de-pasqua-e1743413039900-711x400.jpg 711w, https:\/\/www.bagesturisme.cat\/wp-content\/uploads\/2025\/03\/ous-de-pasqua-e1743413039900-768x432.jpg 768w, https:\/\/www.bagesturisme.cat\/wp-content\/uploads\/2025\/03\/ous-de-pasqua-e1743413039900-1280x720.jpg 1280w, https:\/\/www.bagesturisme.cat\/wp-content\/uploads\/2025\/03\/ous-de-pasqua-e1743413039900-1536x864.jpg 1536w, https:\/\/www.bagesturisme.cat\/wp-content\/uploads\/2025\/03\/ous-de-pasqua-e1743413039900.jpg 1920w\" data-sizes=\"auto\" data-orig-sizes=\"(max-width: 711px) 100vw, 711px\" \/><\/h3>\r\n<h3>Troba els ous de Pasqua al bosc de l&rsquo;OLLER<\/h3>\r\n<p><em>Del 17 al 21 d&rsquo;abril\u00a0<\/em><\/p>\r\n<p>Un viatge fascinant que convida als infants a descobrir la m\u00e0gia de la natura i el paisatge de vinya del Bages, amb el repte de trobar els ous de Pasqua al bosc de l&rsquo;Oller! Sense reserva. Punt d&rsquo;inici a la Botiga de l&rsquo;Oller.<\/p>\r\n<p style=\"text-align: center;\"><a href=\"\" class=\"btn btn-primary btn-md\"> M\u00e9s info <\/a>\r\n[\/vc_column_text][\/vc_column][vc_column width=\u00a0\u00bb1\/3&Prime;][vc_column_text css=\u00a0\u00bb\u00a0\u00bb]\r\n<h4><b><img decoding=\"async\" class=\"lazyload alignnone size-medium wp-image-11779\" src=\"https:\/\/bagesturisme.cat\/wp-content\/uploads\/2022\/08\/castelltallat_agost_fortuny-8850-602x400.jpg\" data-orig-src=\"https:\/\/bagesturisme.cat\/wp-content\/uploads\/2022\/08\/castelltallat_agost_fortuny-8850-602x400.jpg\" alt=\"\" width=\"602\" height=\"400\" srcset=\"data:image\/svg+xml,%3Csvg%20xmlns%3D%27http%3A%2F%2Fwww.w3.org%2F2000%2Fsvg%27%20width%3D%27602%27%20height%3D%27400%27%20viewBox%3D%270%200%20602%20400%27%3E%3Crect%20width%3D%27602%27%20height%3D%27400%27%20fill-opacity%3D%220%22%2F%3E%3C%2Fsvg%3E\" data-srcset=\"https:\/\/www.bagesturisme.cat\/wp-content\/uploads\/2022\/08\/castelltallat_agost_fortuny-8850-602x400.jpg 602w, https:\/\/www.bagesturisme.cat\/wp-content\/uploads\/2022\/08\/castelltallat_agost_fortuny-8850-768x511.jpg 768w, https:\/\/www.bagesturisme.cat\/wp-content\/uploads\/2022\/08\/castelltallat_agost_fortuny-8850.jpg 1200w\" data-sizes=\"auto\" data-orig-sizes=\"(max-width: 602px) 100vw, 602px\" \/><\/b><\/h4>\r\n<h4><b>Nit dels estels\u00a0<\/b><\/h4>\r\n<p><em><span style=\"font-weight: 400;\">17, 18 i 19 d&rsquo;abril &#8211; Observatori Astron\u00f2mic de Castelltallat<\/span><\/em><\/p>\r\n<p><span style=\"font-weight: 400;\">Una nit dedicada a l\u2019observaci\u00f3 dels estels amb una xerrada sobre la seva evoluci\u00f3, visita a l&rsquo;exposici\u00f3 sobre les proporcions del sistema solar, observaci\u00f3 amb telescopis des de la c\u00fapula i a l\u2019exterior (planeta i cel profund i a ull nu amb un raig l\u00e0ser per recon\u00e8ixer les constel\u00b7lacions. Servei de bar i restaurant. No t\u2019ho perdis!<\/span><\/p>\r\n<p><span style=\"font-weight: 400;\">Horaris: 21:00 (catal\u00e0), 21:45 (castell\u00e0), 22:30 (catal\u00e0)<\/span><\/p>\r\n<p style=\"text-align: center;\"><a href=\"https:\/\/www.observatoricastelltallat.com\/una-nit-dedicada-a-la-observacioo-dels-estels\/\" class=\"btn btn-primary btn-md\"> Reserva <\/a>\r\n[\/vc_column_text][\/vc_column][vc_column width=\u00a0\u00bb1\/3&Prime;][vc_column_text css=\u00a0\u00bb\u00a0\u00bb]\r\n<h4><b><img decoding=\"async\" class=\"lazyload alignnone wp-image-15349 size-medium\" src=\"https:\/\/bagesturisme.cat\/wp-content\/uploads\/2025\/03\/Visita-amants-del-vi-e1743416048620-614x400.jpg\" data-orig-src=\"https:\/\/bagesturisme.cat\/wp-content\/uploads\/2025\/03\/Visita-amants-del-vi-e1743416048620-614x400.jpg\" alt=\"\" width=\"614\" height=\"400\" srcset=\"data:image\/svg+xml,%3Csvg%20xmlns%3D%27http%3A%2F%2Fwww.w3.org%2F2000%2Fsvg%27%20width%3D%27614%27%20height%3D%27400%27%20viewBox%3D%270%200%20614%20400%27%3E%3Crect%20width%3D%27614%27%20height%3D%27400%27%20fill-opacity%3D%220%22%2F%3E%3C%2Fsvg%3E\" data-srcset=\"https:\/\/www.bagesturisme.cat\/wp-content\/uploads\/2025\/03\/Visita-amants-del-vi-e1743416048620-614x400.jpg 614w, https:\/\/www.bagesturisme.cat\/wp-content\/uploads\/2025\/03\/Visita-amants-del-vi-e1743416048620-768x500.jpg 768w, https:\/\/www.bagesturisme.cat\/wp-content\/uploads\/2025\/03\/Visita-amants-del-vi-e1743416048620-1280x834.jpg 1280w, https:\/\/www.bagesturisme.cat\/wp-content\/uploads\/2025\/03\/Visita-amants-del-vi-e1743416048620-1536x1001.jpg 1536w, https:\/\/www.bagesturisme.cat\/wp-content\/uploads\/2025\/03\/Visita-amants-del-vi-e1743416048620.jpg 2560w\" data-sizes=\"auto\" data-orig-sizes=\"(max-width: 614px) 100vw, 614px\" \/><\/b><\/h4>\r\n<h4><b>Setmana Santa a l&rsquo;Oller del Mas<\/b><\/h4>\r\n<p><em><span style=\"font-weight: 400;\">Dijous 17 d&rsquo;abril : <\/span><\/em>Demostraci\u00f3 de c\u00f2ctels amb David Navarro (Millor Bartender a la WorldClass Spain 2023) \u00a0winebar a les 19h. No cal reserva pr\u00e8via<\/p>\r\n<p><em><span style=\"font-weight: 400;\">Divendres 18 d&rsquo;abril: <\/span><\/em>Winebar obert de tarda a les 17.30. No cal reserva pr\u00e8via.<\/p>\r\n<p><em><span style=\"font-weight: 400;\">Dissabte 19 d&rsquo;abril:\u00a0<\/span><\/em><\/p>\r\n<ul>\r\n<li>Visita amants de la terra a les 10.30 -28\u20ac<\/li>\r\n<li>Visita especial Setmana Santa &#8211; tast de vins i xocolata a les 12h &#8211; 42\u20ac<\/li>\r\n<\/ul>\r\n<p><em><span style=\"font-weight: 400;\">Diumenge 20 d&rsquo;abril: <\/span><\/em>Visita amants del vi a les 12h &#8211; 35\u20ac<\/p>\r\n<p><em>Dilluns 21 d&rsquo;abril: <\/em>Visita amants del vi a les 11h &#8211; 35\u20ac<\/p>\r\n<p style=\"text-align: center;\"><a href=\"https:\/\/www.ollerdelmas.com\/\" class=\"btn btn-primary btn-md\"> M\u00e9s info<\/a>\r\n[\/vc_column_text][\/vc_column][\/vc_row][vc_row][vc_column width=\u00a0\u00bb1\/3&Prime;][vc_column_text css=\u00a0\u00bb\u00a0\u00bb]\r\n<h3><img decoding=\"async\" class=\"lazyload alignnone wp-image-15350 size-medium\" src=\"https:\/\/bagesturisme.cat\/wp-content\/uploads\/2025\/03\/Abadal2024-117-600x400.jpg\" data-orig-src=\"https:\/\/bagesturisme.cat\/wp-content\/uploads\/2025\/03\/Abadal2024-117-600x400.jpg\" alt=\"\" width=\"600\" height=\"400\" srcset=\"data:image\/svg+xml,%3Csvg%20xmlns%3D%27http%3A%2F%2Fwww.w3.org%2F2000%2Fsvg%27%20width%3D%27600%27%20height%3D%27400%27%20viewBox%3D%270%200%20600%20400%27%3E%3Crect%20width%3D%27600%27%20height%3D%27400%27%20fill-opacity%3D%220%22%2F%3E%3C%2Fsvg%3E\" data-srcset=\"https:\/\/www.bagesturisme.cat\/wp-content\/uploads\/2025\/03\/Abadal2024-117-600x400.jpg 600w, https:\/\/www.bagesturisme.cat\/wp-content\/uploads\/2025\/03\/Abadal2024-117-768x512.jpg 768w, https:\/\/www.bagesturisme.cat\/wp-content\/uploads\/2025\/03\/Abadal2024-117-1280x853.jpg 1280w, https:\/\/www.bagesturisme.cat\/wp-content\/uploads\/2025\/03\/Abadal2024-117-1536x1024.jpg 1536w, https:\/\/www.bagesturisme.cat\/wp-content\/uploads\/2025\/03\/Abadal2024-117.jpg 2024w\" data-sizes=\"auto\" data-orig-sizes=\"(max-width: 600px) 100vw, 600px\" \/><\/h3>\r\n<h3>Brunch entre vinyes a Abadal<\/h3>\r\n<p><em>19 d&rsquo;abril<\/em><\/p>\r\n<p>Descobreix la vinya en estat pur i impregna&rsquo;t de les seves aromes tot gaudint d\u2019un esmorzar entre vinyes.<br \/>Endinsa&rsquo;t en els m\u00e9s de 8 segles d\u2019hist\u00f2ria, visita la Masia Roqueta del s. XII amb l&rsquo;antic celler i passeja&rsquo;t cap a la vinya per gaudir-hi d\u2019un bon aperitiu casol\u00e0 maridat amb vins Abadal.<\/p>\r\n<p style=\"text-align: center;\"><a href=\"https:\/\/abadal.net\/ca\/producte\/brunch-entre-vinyes\/\" class=\"btn btn-primary btn-md\"> Reserva <\/a>\r\n[\/vc_column_text][\/vc_column][vc_column width=\u00a0\u00bb1\/3&Prime;][vc_column_text css=\u00a0\u00bb\u00a0\u00bb]\r\n<h3><img decoding=\"async\" class=\"lazyload alignnone wp-image-15355 size-medium\" src=\"https:\/\/bagesturisme.cat\/wp-content\/uploads\/2025\/03\/Visita-Exibis-Mina-de-Cardona-600x400.jpg\" data-orig-src=\"https:\/\/bagesturisme.cat\/wp-content\/uploads\/2025\/03\/Visita-Exibis-Mina-de-Cardona-600x400.jpg\" alt=\"\" width=\"600\" height=\"400\" srcset=\"data:image\/svg+xml,%3Csvg%20xmlns%3D%27http%3A%2F%2Fwww.w3.org%2F2000%2Fsvg%27%20width%3D%27600%27%20height%3D%27400%27%20viewBox%3D%270%200%20600%20400%27%3E%3Crect%20width%3D%27600%27%20height%3D%27400%27%20fill-opacity%3D%220%22%2F%3E%3C%2Fsvg%3E\" data-srcset=\"https:\/\/www.bagesturisme.cat\/wp-content\/uploads\/2025\/03\/Visita-Exibis-Mina-de-Cardona-600x400.jpg 600w, https:\/\/www.bagesturisme.cat\/wp-content\/uploads\/2025\/03\/Visita-Exibis-Mina-de-Cardona-768x512.jpg 768w, https:\/\/www.bagesturisme.cat\/wp-content\/uploads\/2025\/03\/Visita-Exibis-Mina-de-Cardona-1280x854.jpg 1280w, https:\/\/www.bagesturisme.cat\/wp-content\/uploads\/2025\/03\/Visita-Exibis-Mina-de-Cardona-1536x1024.jpg 1536w, https:\/\/www.bagesturisme.cat\/wp-content\/uploads\/2025\/03\/Visita-Exibis-Mina-de-Cardona.jpg 2560w\" data-sizes=\"auto\" data-orig-sizes=\"(max-width: 600px) 100vw, 600px\" \/><\/h3>\r\n<h3>Explorant la Terra i el Vi<\/h3>\r\n<p><em>17 d&rsquo;abril a les 19h <\/em><\/p>\r\n<p><strong>Maridatge Exclusiu dins de la Muntanya de Sal de Cardona<\/strong><\/p>\r\n<p>Endinsa\u2019t en una experi\u00e8ncia \u00fanica que combina geologia, hist\u00f2ria i enoturisme en un entorn incomparable: la Muntanya de Sal de Cardona. Aquesta visita especial et portar\u00e0 a descobrir els misteris d\u2019aquesta joia subterr\u00e0nia mentre assaboreixes els vins singulars d\u2019Exibis i la cuina de Voci Gastrovinoteca de Manresa.<\/p>\r\n<p style=\"text-align: center;\"><a href=\"https:\/\/www.slowturisme.com\/experiencia\/explorant-la-terra-i-el-vi-maridatge-exclusiu-dins-de-la-muntanya-de-sal-de-cardona\/\" class=\"btn btn-primary btn-md\"> Reserva <\/a>\r\n[\/vc_column_text][\/vc_column][vc_column width=\u00a0\u00bb1\/3&Prime;][vc_column_text css=\u00a0\u00bb\u00a0\u00bb]\r\n<h3><img decoding=\"async\" class=\"lazyload alignnone wp-image-15345 size-medium\" src=\"https:\/\/bagesturisme.cat\/wp-content\/uploads\/2025\/03\/pack-familia-cardona-600x400.jpg\" data-orig-src=\"https:\/\/bagesturisme.cat\/wp-content\/uploads\/2025\/03\/pack-familia-cardona-600x400.jpg\" alt=\"\" width=\"600\" height=\"400\" srcset=\"data:image\/svg+xml,%3Csvg%20xmlns%3D%27http%3A%2F%2Fwww.w3.org%2F2000%2Fsvg%27%20width%3D%27600%27%20height%3D%27400%27%20viewBox%3D%270%200%20600%20400%27%3E%3Crect%20width%3D%27600%27%20height%3D%27400%27%20fill-opacity%3D%220%22%2F%3E%3C%2Fsvg%3E\" data-srcset=\"https:\/\/www.bagesturisme.cat\/wp-content\/uploads\/2025\/03\/pack-familia-cardona-600x400.jpg 600w, https:\/\/www.bagesturisme.cat\/wp-content\/uploads\/2025\/03\/pack-familia-cardona-768x512.jpg 768w, https:\/\/www.bagesturisme.cat\/wp-content\/uploads\/2025\/03\/pack-familia-cardona.jpg 1200w\" data-sizes=\"auto\" data-orig-sizes=\"(max-width: 600px) 100vw, 600px\" \/><\/h3>\r\n<h3>Pack familiar a Cardona<\/h3>\r\n<p>Passa el dia a Cardona en fam\u00edlia! Exploreu la fascinant Muntanya de Sal o reescriviu la llegenda m\u00e9s famosa del Castell tot descobrint-ne els secrets a trav\u00e9s de les visites teatralitzades familiars. I si est\u00e0s allotjat a Cardona, sol\u00b7licita el codi promocional al teu establiment. La proposta ideal per aquesta Setmana Santa!<\/p>\r\n<p style=\"text-align: center;\"><a href=\"https:\/\/www.cardonaturisme.cat\/activitats\/pack-familiar-visites-teatralitzades-a-la-muntanya-de-sal-i-el-castell\/\" class=\"btn btn-primary btn-md\"> M\u00e9s info<\/a>\r\n[\/vc_column_text][\/vc_column][\/vc_row][vc_row][vc_column width=\u00a0\u00bb1\/3&Prime;][vc_column_text css=\u00a0\u00bb\u00a0\u00bb]<img decoding=\"async\" class=\"lazyload wp-image-10167 size-medium\" src=\"https:\/\/bagesturisme.cat\/wp-content\/uploads\/2021\/06\/Copia-de-octubre-400x400.png\" data-orig-src=\"https:\/\/bagesturisme.cat\/wp-content\/uploads\/2021\/06\/Copia-de-octubre-400x400.png\" alt=\"\" width=\"400\" height=\"400\" srcset=\"data:image\/svg+xml,%3Csvg%20xmlns%3D%27http%3A%2F%2Fwww.w3.org%2F2000%2Fsvg%27%20width%3D%27400%27%20height%3D%27400%27%20viewBox%3D%270%200%20400%20400%27%3E%3Crect%20width%3D%27400%27%20height%3D%27400%27%20fill-opacity%3D%220%22%2F%3E%3C%2Fsvg%3E\" data-srcset=\"https:\/\/www.bagesturisme.cat\/wp-content\/uploads\/2021\/06\/Copia-de-octubre-60x60.png 60w, https:\/\/www.bagesturisme.cat\/wp-content\/uploads\/2021\/06\/Copia-de-octubre-150x150.png 150w, https:\/\/www.bagesturisme.cat\/wp-content\/uploads\/2021\/06\/Copia-de-octubre-400x400.png 400w, https:\/\/www.bagesturisme.cat\/wp-content\/uploads\/2021\/06\/Copia-de-octubre-768x768.png 768w, https:\/\/www.bagesturisme.cat\/wp-content\/uploads\/2021\/06\/Copia-de-octubre-1024x1024.png 1024w, https:\/\/www.bagesturisme.cat\/wp-content\/uploads\/2021\/06\/Copia-de-octubre.png 1080w\" data-sizes=\"auto\" data-orig-sizes=\"(max-width: 400px) 100vw, 400px\" \/><\/p>\r\n<h3>Visites guiades a la Seu de Manresa<\/h3>\r\n<p>Setmana Santa \u00e9s un bon moment per visitar la Bas\u00edlica de la Seu de Manresa, una joia arquitect\u00f2nica de Berenguer de Montagut. A part de les visites tur\u00edstiques, la bas\u00edlica ofereix el programa de Setmana Santa, on en destaquem el Concert de Setmana Santa (11 d&rsquo;abril) i la Process\u00f3 de Divendres Sant (18 d&rsquo;abril).<\/p>\r\n<p style=\"text-align: center;\"><a href=\"https:\/\/seudemanresa.cat\/setmana-santa-2025\/\" class=\"btn btn-primary btn-md\"> M\u00e9s info <\/a>\r\n[\/vc_column_text][\/vc_column][vc_column width=\u00a0\u00bb1\/3&Prime;][vc_column_text css=\u00a0\u00bb\u00a0\u00bb]<img decoding=\"async\" class=\"lazyload alignnone wp-image-15340 size-medium\" src=\"https:\/\/bagesturisme.cat\/wp-content\/uploads\/2025\/03\/1080X1350-guia-esmorzars-e1743413319395-396x400.jpg\" data-orig-src=\"https:\/\/bagesturisme.cat\/wp-content\/uploads\/2025\/03\/1080X1350-guia-esmorzars-e1743413319395-396x400.jpg\" alt=\"\" width=\"396\" height=\"400\" srcset=\"data:image\/svg+xml,%3Csvg%20xmlns%3D%27http%3A%2F%2Fwww.w3.org%2F2000%2Fsvg%27%20width%3D%27396%27%20height%3D%27400%27%20viewBox%3D%270%200%20396%20400%27%3E%3Crect%20width%3D%27396%27%20height%3D%27400%27%20fill-opacity%3D%220%22%2F%3E%3C%2Fsvg%3E\" data-srcset=\"https:\/\/www.bagesturisme.cat\/wp-content\/uploads\/2025\/03\/1080X1350-guia-esmorzars-e1743413319395-60x60.jpg 60w, https:\/\/www.bagesturisme.cat\/wp-content\/uploads\/2025\/03\/1080X1350-guia-esmorzars-e1743413319395-396x400.jpg 396w, https:\/\/www.bagesturisme.cat\/wp-content\/uploads\/2025\/03\/1080X1350-guia-esmorzars-e1743413319395-768x775.jpg 768w, https:\/\/www.bagesturisme.cat\/wp-content\/uploads\/2025\/03\/1080X1350-guia-esmorzars-e1743413319395-1015x1024.jpg 1015w, https:\/\/www.bagesturisme.cat\/wp-content\/uploads\/2025\/03\/1080X1350-guia-esmorzars-e1743413319395.jpg 1080w\" data-sizes=\"auto\" data-orig-sizes=\"(max-width: 396px) 100vw, 396px\" \/><\/p>\r\n<h3>Guia dels esmorzars de forquilla<\/h3>\r\n<p>Les pluges de mar\u00e7 ens deixen una Pasqua ben florida amb paisatges verds preciosos. Gaudeix-los fent rutes pel Bages a peu o en BTT i acaba amb un bon esmorzar de forquilla. Descarrega&rsquo;t la guia amb totes les recomanacions!<\/p>\r\n<p style=\"text-align: center;\"><a href=\"https:\/\/bagesturisme.cat\/wp-content\/uploads\/2025\/03\/GUIA-ESMORZARS-DE-FORQUILLA-AL-BAGES.pdf\/\" class=\"btn btn-primary btn-md\"> Descarrega&rsquo;t la guia <\/a>\r\n[\/vc_column_text][\/vc_column][vc_column width=\u00a0\u00bb1\/3&Prime;][vc_column_text]<img decoding=\"async\" class=\"lazyload alignnone wp-image-12632 size-medium\" src=\"https:\/\/bagesturisme.cat\/wp-content\/uploads\/2023\/03\/avinyo_pedraseca_maig_fortuny-001-601x400.jpg\" data-orig-src=\"https:\/\/bagesturisme.cat\/wp-content\/uploads\/2023\/03\/avinyo_pedraseca_maig_fortuny-001-601x400.jpg\" alt=\"Barraca de pedra seca amb lliris\" width=\"601\" height=\"400\" srcset=\"data:image\/svg+xml,%3Csvg%20xmlns%3D%27http%3A%2F%2Fwww.w3.org%2F2000%2Fsvg%27%20width%3D%27601%27%20height%3D%27400%27%20viewBox%3D%270%200%20601%20400%27%3E%3Crect%20width%3D%27601%27%20height%3D%27400%27%20fill-opacity%3D%220%22%2F%3E%3C%2Fsvg%3E\" data-srcset=\"https:\/\/www.bagesturisme.cat\/wp-content\/uploads\/2023\/03\/avinyo_pedraseca_maig_fortuny-001-601x400.jpg 601w, https:\/\/www.bagesturisme.cat\/wp-content\/uploads\/2023\/03\/avinyo_pedraseca_maig_fortuny-001-768x511.jpg 768w, https:\/\/www.bagesturisme.cat\/wp-content\/uploads\/2023\/03\/avinyo_pedraseca_maig_fortuny-001-1280x852.jpg 1280w, https:\/\/www.bagesturisme.cat\/wp-content\/uploads\/2023\/03\/avinyo_pedraseca_maig_fortuny-001-1536x1022.jpg 1536w, https:\/\/www.bagesturisme.cat\/wp-content\/uploads\/2023\/03\/avinyo_pedraseca_maig_fortuny-001.jpg 2200w\" data-sizes=\"auto\" data-orig-sizes=\"(max-width: 601px) 100vw, 601px\" \/><\/p>\r\n<h3>Ruta del vi DO Pla de Bages<\/h3>\r\n<p>I si aquesta Setmana Santa fas una escapada amb el vi com a protagonista? Et proposem les m\u00e9s de 30 experi\u00e8ncies de la Ruta del vi de la DO Pla de Bages.<\/p>\r\n<p>Tastos, p\u00edcnics entre vinyes, descoberta del patrimoni vin\u00edcola, rutes a l&rsquo;entorn dels cellers, maridatges, activitats de benestar, etc. I tot una xarxa d&rsquo;establiments que respiren cultural de: cellers, allotjaments, restaurants, museus&#8230;<\/p>\r\n<p style=\"text-align: center;\"><a href=\"https:\/\/www.rutadelvidobages.cat\/setmana-santa\/\" class=\"btn btn-primary btn-md\"> Planifica&rsquo;t <\/a>\r\n[\/vc_column_text][\/vc_column][\/vc_row][vc_row][vc_column width=\u00a0\u00bb1\/3&Prime;][vc_column_text css=\u00a0\u00bb\u00a0\u00bb]\r\n<p><img decoding=\"async\" class=\"lazyload alignnone wp-image-9707 size-medium\" src=\"https:\/\/bagesturisme.cat\/wp-content\/uploads\/2021\/03\/BT18_034_Sequia-_Santpedo_a_Sallent-600x400.jpg\" data-orig-src=\"https:\/\/bagesturisme.cat\/wp-content\/uploads\/2021\/03\/BT18_034_Sequia-_Santpedo_a_Sallent-600x400.jpg\" alt=\"\" width=\"600\" height=\"400\" srcset=\"data:image\/svg+xml,%3Csvg%20xmlns%3D%27http%3A%2F%2Fwww.w3.org%2F2000%2Fsvg%27%20width%3D%27600%27%20height%3D%27400%27%20viewBox%3D%270%200%20600%20400%27%3E%3Crect%20width%3D%27600%27%20height%3D%27400%27%20fill-opacity%3D%220%22%2F%3E%3C%2Fsvg%3E\" data-srcset=\"https:\/\/www.bagesturisme.cat\/wp-content\/uploads\/2021\/03\/BT18_034_Sequia-_Santpedo_a_Sallent-600x400.jpg 600w, https:\/\/www.bagesturisme.cat\/wp-content\/uploads\/2021\/03\/BT18_034_Sequia-_Santpedo_a_Sallent-768x512.jpg 768w, https:\/\/www.bagesturisme.cat\/wp-content\/uploads\/2021\/03\/BT18_034_Sequia-_Santpedo_a_Sallent-1280x853.jpg 1280w, https:\/\/www.bagesturisme.cat\/wp-content\/uploads\/2021\/03\/BT18_034_Sequia-_Santpedo_a_Sallent.jpg 1500w\" data-sizes=\"auto\" data-orig-sizes=\"(max-width: 600px) 100vw, 600px\" \/><\/p>\r\n<h3>Camins de la S\u00e9quia<\/h3>\r\n<p>Descobreix el Canal medieval de la S\u00e9quia en un, dos o tres dies. Pel teu compte o amb un guia. Amb tastos, allotjament o sense.<\/p>\r\n<p style=\"text-align: center;\"><a href=\"https:\/\/www.caminsdelasequia.cat\/\" class=\"btn btn-primary btn-md\"> M\u00e9s info <\/a>\r\n[\/vc_column_text][\/vc_column][vc_column width=\u00a0\u00bb1\/3&Prime;][vc_column_text css=\u00a0\u00bb\u00a0\u00bb]\r\n<p><img decoding=\"async\" class=\"lazyload alignnone wp-image-11077 size-medium\" src=\"https:\/\/bagesturisme.cat\/wp-content\/uploads\/2022\/03\/IMG_1792-600x400.jpg\" data-orig-src=\"https:\/\/bagesturisme.cat\/wp-content\/uploads\/2022\/03\/IMG_1792-600x400.jpg\" alt=\"\" width=\"600\" height=\"400\" srcset=\"data:image\/svg+xml,%3Csvg%20xmlns%3D%27http%3A%2F%2Fwww.w3.org%2F2000%2Fsvg%27%20width%3D%27600%27%20height%3D%27400%27%20viewBox%3D%270%200%20600%20400%27%3E%3Crect%20width%3D%27600%27%20height%3D%27400%27%20fill-opacity%3D%220%22%2F%3E%3C%2Fsvg%3E\" data-srcset=\"https:\/\/www.bagesturisme.cat\/wp-content\/uploads\/2022\/03\/IMG_1792-600x400.jpg 600w, https:\/\/www.bagesturisme.cat\/wp-content\/uploads\/2022\/03\/IMG_1792-768x512.jpg 768w, https:\/\/www.bagesturisme.cat\/wp-content\/uploads\/2022\/03\/IMG_1792-1280x853.jpg 1280w, https:\/\/www.bagesturisme.cat\/wp-content\/uploads\/2022\/03\/IMG_1792-1536x1024.jpg 1536w, https:\/\/www.bagesturisme.cat\/wp-content\/uploads\/2022\/03\/IMG_1792-scaled.jpg 2560w\" data-sizes=\"auto\" data-orig-sizes=\"(max-width: 600px) 100vw, 600px\" \/><\/p>\r\n<h3>\u00daltima etapa del Cam\u00ed Ignasi\u00e0<\/h3>\r\n<p><strong>De Montserrat a Manresa<\/strong><\/p>\r\n<p>El Cam\u00ed Ignasi\u00e0 recrea l\u2019itinerari que el cavaller Ignasi de Loiola va rec\u00f3rrer l\u2019any 1522, des de Loiola , el seu poble natal, fins a Manresa, ciutat on va fer estada durant 11 mesos abans de viatjar a Terra Santa. L&rsquo;\u00faltima etapa transcorre camins amb vises precioses a Montserrat.<\/p>\r\n<p style=\"text-align: center;\"><a href=\"https:\/\/bagesturisme.cat\/rutes\/ultim-tram-cami-ignasia\/\" class=\"btn btn-primary btn-md\"> La ruta <\/a>\r\n[\/vc_column_text][\/vc_column][vc_column width=\u00a0\u00bb1\/3&Prime;][vc_column_text css=\u00a0\u00bb\u00a0\u00bb]\r\n<p><img decoding=\"async\" class=\"lazyload alignnone wp-image-13262 size-full\" src=\"data:image\/svg+xml,%3Csvg%20xmlns%3D%27http%3A%2F%2Fwww.w3.org%2F2000%2Fsvg%27%20width%3D%271200%27%20height%3D%27800%27%20viewBox%3D%270%200%201200%20800%27%3E%3Crect%20width%3D%271200%27%20height%3D%27800%27%20fill-opacity%3D%220%22%2F%3E%3C%2Fsvg%3E\" data-orig-src=\"https:\/\/bagesturisme.cat\/wp-content\/uploads\/2023\/08\/ruta_romanic_maig_fortuny-005-1-e1692953872293.jpg\" alt=\"\" width=\"1200\" height=\"800\" \/><\/p>\r\n<h3>Ruta del rom\u00e0nic montserrat\u00ed<\/h3>\r\n<p>Vorejant els termes de Castellbell i el Vilar i Marganell trobem 3 esgl\u00e9sies rom\u00e0niques amb molt encant acompanyades de\u00a0camins i corriols des d\u2019on podem gaudir de Montserrat en tota la seva immensitat. Aquest ruta circular de 6,57km i 170m de desnivell \u00e9s una gran proposta per con\u00e8ixer el ric patrimoni natural i cultural del Bages.<\/p>\r\n<p style=\"text-align: center;\"><a href=\"https:\/\/bagesturisme.cat\/rutes\/ruta-ii-2-vorejant-montserrat-copy\/\" class=\"btn btn-primary btn-md\"> La ruta<\/a>\r\n[\/vc_column_text][\/vc_column][\/vc_row][vc_row][vc_column width=\u00a0\u00bb1\/3&Prime;][vc_column_text css=\u00a0\u00bb\u00a0\u00bb]\r\n<h3><img decoding=\"async\" class=\"lazyload alignnone wp-image-13674 size-medium\" src=\"https:\/\/bagesturisme.cat\/wp-content\/uploads\/2017\/01\/sant_feliu_saserra_firabruixes_novembre_fortuny-003-1-601x400.jpg\" data-orig-src=\"https:\/\/bagesturisme.cat\/wp-content\/uploads\/2017\/01\/sant_feliu_saserra_firabruixes_novembre_fortuny-003-1-601x400.jpg\" alt=\"\" width=\"601\" height=\"400\" srcset=\"data:image\/svg+xml,%3Csvg%20xmlns%3D%27http%3A%2F%2Fwww.w3.org%2F2000%2Fsvg%27%20width%3D%27601%27%20height%3D%27400%27%20viewBox%3D%270%200%20601%20400%27%3E%3Crect%20width%3D%27601%27%20height%3D%27400%27%20fill-opacity%3D%220%22%2F%3E%3C%2Fsvg%3E\" data-srcset=\"https:\/\/www.bagesturisme.cat\/wp-content\/uploads\/2017\/01\/sant_feliu_saserra_firabruixes_novembre_fortuny-003-1-601x400.jpg 601w, https:\/\/www.bagesturisme.cat\/wp-content\/uploads\/2017\/01\/sant_feliu_saserra_firabruixes_novembre_fortuny-003-1-768x511.jpg 768w, https:\/\/www.bagesturisme.cat\/wp-content\/uploads\/2017\/01\/sant_feliu_saserra_firabruixes_novembre_fortuny-003-1-1280x852.jpg 1280w, https:\/\/www.bagesturisme.cat\/wp-content\/uploads\/2017\/01\/sant_feliu_saserra_firabruixes_novembre_fortuny-003-1-1536x1022.jpg 1536w, https:\/\/www.bagesturisme.cat\/wp-content\/uploads\/2017\/01\/sant_feliu_saserra_firabruixes_novembre_fortuny-003-1.jpg 2200w\" data-sizes=\"auto\" data-orig-sizes=\"(max-width: 601px) 100vw, 601px\" \/><\/h3>\r\n<h3>JORNADA D&rsquo;HERBES REMEIERES<\/h3>\r\n<p><em>Del 24 al 27 d&rsquo;abril a Sant Feliu Sasserra<\/em><\/p>\r\n<p>Sant Feliu Sasserra celebra un cap de setmana dedicat a les plantes remeieres amb tres activitats diferents:<br \/>1- ESCOLA DE REMEIERES: xerrades sobre la medicina tradicional del mediterrani, recorregut de reconeixement d\u2019herbes remeieres del territori i formaci\u00f3 en tractament d\u2019aquestes herbes.<br \/>2- FIRA: sobre herbes remeieres i productes agroalimentaris amb productors locals.<br \/>3- GASTRONOMIA: taula rodona sobre receptes on s\u2019utilitzen herbes remeieres i elaboraci\u00f3 d\u2019un receptari amb recopilaci\u00f3 de les receptes en \u00fas del poble i d\u2019un audiovisual etnogr\u00e0fic. Xerrada d\u2019un cuiner i mostra de receptes elaborades amb herbes remeieres i tast de productes gastron\u00f2mics de proximitat.<\/p>\r\n<p style=\"text-align: center;\"><a href=\"https:\/\/www.santfeliusasserra.cat\/actualitat\/agenda\/escola-de-remeieres-jornada-dherbes-remeieres.html\" class=\"btn btn-primary btn-md\"> M\u00e9s info <\/a>\r\n[\/vc_column_text][\/vc_column][vc_column width=\u00a0\u00bb1\/3&Prime;][vc_column_text css=\u00a0\u00bb\u00a0\u00bb]\r\n<h3><img decoding=\"async\" class=\"lazyload alignnone wp-image-12630 size-medium\" src=\"https:\/\/bagesturisme.cat\/wp-content\/uploads\/2023\/03\/sant_salvador_guardiola_festapa_abril_fortuny-008-601x400.jpg\" data-orig-src=\"https:\/\/bagesturisme.cat\/wp-content\/uploads\/2023\/03\/sant_salvador_guardiola_festapa_abril_fortuny-008-601x400.jpg\" alt=\"\" width=\"601\" height=\"400\" srcset=\"data:image\/svg+xml,%3Csvg%20xmlns%3D%27http%3A%2F%2Fwww.w3.org%2F2000%2Fsvg%27%20width%3D%27601%27%20height%3D%27400%27%20viewBox%3D%270%200%20601%20400%27%3E%3Crect%20width%3D%27601%27%20height%3D%27400%27%20fill-opacity%3D%220%22%2F%3E%3C%2Fsvg%3E\" data-srcset=\"https:\/\/www.bagesturisme.cat\/wp-content\/uploads\/2023\/03\/sant_salvador_guardiola_festapa_abril_fortuny-008-601x400.jpg 601w, https:\/\/www.bagesturisme.cat\/wp-content\/uploads\/2023\/03\/sant_salvador_guardiola_festapa_abril_fortuny-008-768x511.jpg 768w, https:\/\/www.bagesturisme.cat\/wp-content\/uploads\/2023\/03\/sant_salvador_guardiola_festapa_abril_fortuny-008-1280x852.jpg 1280w, https:\/\/www.bagesturisme.cat\/wp-content\/uploads\/2023\/03\/sant_salvador_guardiola_festapa_abril_fortuny-008-1536x1022.jpg 1536w, https:\/\/www.bagesturisme.cat\/wp-content\/uploads\/2023\/03\/sant_salvador_guardiola_festapa_abril_fortuny-008.jpg 2200w\" data-sizes=\"auto\" data-orig-sizes=\"(max-width: 601px) 100vw, 601px\" \/><\/h3>\r\n<h3>FIRA DE SANT MARC &#8211; FESTA DEL PA I EL VI<\/h3>\r\n<p><em>Diumenge 27 d&rsquo;abril<\/em><\/p>\r\n<p>La Fira de Sant Marc \u00e9s una festa molt arrelada a Sant Salvador de Guardiola que est\u00e0 dedicada al pa i al vi.<\/p>\r\n<p>Els actes m\u00e9s importants s\u00f3n el repartiment del panellet bene\u00eft, les caramelles, degustacions de pinxos i vins DO Pla de Bages,\u00a0 mercat de productes artesans, mostra d\u2019oficis, m\u00fasica en directe i els jocs de fusta gegants per a infants.<\/p>\r\n<p style=\"text-align: center;\"><a href=\"https:\/\/santsalvadordeguardiolaturisme.cat\/fires-festes-i-mercats\/fira-de-sant-marc\/\" class=\"btn btn-primary btn-md\"> M\u00e9s info <\/a>\r\n[\/vc_column_text][\/vc_column][vc_column width=\u00a0\u00bb1\/3&Prime;][vc_column_text css=\u00a0\u00bb\u00a0\u00bb]\r\n<h3><img decoding=\"async\" class=\"lazyload alignnone size-medium wp-image-13336\" src=\"https:\/\/bagesturisme.cat\/wp-content\/uploads\/2023\/09\/FIRA-TARDOR-NAVAS-533x400.jpg\" data-orig-src=\"https:\/\/bagesturisme.cat\/wp-content\/uploads\/2023\/09\/FIRA-TARDOR-NAVAS-533x400.jpg\" alt=\"\" width=\"533\" height=\"400\" srcset=\"data:image\/svg+xml,%3Csvg%20xmlns%3D%27http%3A%2F%2Fwww.w3.org%2F2000%2Fsvg%27%20width%3D%27533%27%20height%3D%27400%27%20viewBox%3D%270%200%20533%20400%27%3E%3Crect%20width%3D%27533%27%20height%3D%27400%27%20fill-opacity%3D%220%22%2F%3E%3C%2Fsvg%3E\" data-srcset=\"https:\/\/www.bagesturisme.cat\/wp-content\/uploads\/2023\/09\/FIRA-TARDOR-NAVAS-533x400.jpg 533w, https:\/\/www.bagesturisme.cat\/wp-content\/uploads\/2023\/09\/FIRA-TARDOR-NAVAS-768x576.jpg 768w, https:\/\/www.bagesturisme.cat\/wp-content\/uploads\/2023\/09\/FIRA-TARDOR-NAVAS-1280x960.jpg 1280w, https:\/\/www.bagesturisme.cat\/wp-content\/uploads\/2023\/09\/FIRA-TARDOR-NAVAS-1536x1152.jpg 1536w, https:\/\/www.bagesturisme.cat\/wp-content\/uploads\/2023\/09\/FIRA-TARDOR-NAVAS-scaled.jpg 2560w\" data-sizes=\"auto\" data-orig-sizes=\"(max-width: 533px) 100vw, 533px\" \/><\/h3>\r\n<h3>FIRA DE PRIMAVERA DE NAV\u00c0S<\/h3>\r\n<p><em>3 i 4 de maig<\/em><\/p>\r\n<p>Arriba la 93a Fira de Primavera de Nav\u00e0s els dies 3 i 4 de maig al Passeig Ramon Vall!<br \/>Tothom podr\u00e0 gaudir de paradetes, artesania i productes de tota mena. A m\u00e9s, hi ha programades activitats per a totes les edats i aprofitarem el cap de setmana per donar a con\u00e8ixer i promocionar les entitats, empreses i establiments del poble. I per acabar-ho d&rsquo;adobar, una novetat: La C\u00edclica, un nou esdeveniment esportiu que ofereix un ventall d&rsquo;activitats per a tots els ciclistes amb el Repte a Castelladral i la Revolta.<\/p>\r\n<p style=\"text-align: center;\"><a href=\"https:\/\/www.navas.cat\/fires\/\" class=\"btn btn-primary btn-md\"> M\u00e9s info<\/a>\r\n[\/vc_column_text][\/vc_column][\/vc_row][vc_row full_width=\u00a0\u00bbstretch_row_content\u00a0\u00bb css=\u00a0\u00bb.vc_custom_1616763033326{padding-top: 30px !important;padding-right: 40px !important;padding-bottom: 30px !important;padding-left: 40px !important;background-color: #ffffff !important;}\u00a0\u00bb][vc_column][vc_text_separator title=\u00a0\u00bbPLANIFICA LA TEVA ESTADA\u00a0\u00bb][\/vc_column][vc_column width=\u00a0\u00bb1\/4&Prime;][vc_btn title=\u00a0\u00bbSegueix-nos!\u00a0\u00bb style=\u00a0\u00bbflat\u00a0\u00bb color=\u00a0\u00bbpink\u00a0\u00bb size=\u00a0\u00bblg\u00a0\u00bb align=\u00a0\u00bbcenter\u00a0\u00bb i_icon_fontawesome=\u00a0\u00bbfas fa-utensils\u00a0\u00bb css_animation=\u00a0\u00bbbottom-to-top\u00a0\u00bb add_icon=\u00a0\u00bbtrue\u00a0\u00bb link=\u00a0\u00bburl:http%3A%2F%2Finstagram.com%2Fbagesturisme|target:_blank\u00a0\u00bb][\/vc_column][vc_column width=\u00a0\u00bb1\/4&Prime;][vc_btn title=\u00a0\u00bbRESTAURANTS\u00a0\u00bb style=\u00a0\u00bbflat\u00a0\u00bb color=\u00a0\u00bbviolet\u00a0\u00bb size=\u00a0\u00bblg\u00a0\u00bb align=\u00a0\u00bbcenter\u00a0\u00bb i_icon_fontawesome=\u00a0\u00bbfas fa-utensils\u00a0\u00bb css_animation=\u00a0\u00bbbottom-to-top\u00a0\u00bb add_icon=\u00a0\u00bbtrue\u00a0\u00bb link=\u00a0\u00bburl:http%3A%2F%2Fbagesturisme.cat%2Frestauracio|target:_blank\u00a0\u00bb][\/vc_column][vc_column width=\u00a0\u00bb1\/4&Prime;][vc_btn title=\u00a0\u00bbALLOTJAMENTS\u00a0\u00bb style=\u00a0\u00bbflat\u00a0\u00bb color=\u00a0\u00bbviolet\u00a0\u00bb size=\u00a0\u00bblg\u00a0\u00bb align=\u00a0\u00bbcenter\u00a0\u00bb i_icon_fontawesome=\u00a0\u00bbfas fa-hotel\u00a0\u00bb css_animation=\u00a0\u00bbbottom-to-top\u00a0\u00bb add_icon=\u00a0\u00bbtrue\u00a0\u00bb link=\u00a0\u00bburl:http%3A%2F%2Fbagesturisme.cat%2Fallotjament\u00a0\u00bb][\/vc_column][vc_column width=\u00a0\u00bb1\/4&Prime;][vc_btn title=\u00a0\u00bbSubscriu-te al butllet\u00ed\u00a0\u00bb style=\u00a0\u00bbflat\u00a0\u00bb color=\u00a0\u00bbpink\u00a0\u00bb size=\u00a0\u00bblg\u00a0\u00bb align=\u00a0\u00bbcenter\u00a0\u00bb i_icon_fontawesome=\u00a0\u00bbfas fa-hotel\u00a0\u00bb css_animation=\u00a0\u00bbbottom-to-top\u00a0\u00bb add_icon=\u00a0\u00bbtrue\u00a0\u00bb link=\u00a0\u00bburl:https%3A%2F%2Fmailchi.mp%2Fa59c34dec874%2Fnewsletter-bages-turisme\u00a0\u00bb][\/vc_column][\/vc_row][vc_row][vc_column][vc_column_text css=\u00a0\u00bb\u00a0\u00bb]\r\n<h2>\u00a0<\/h2>\r\n<h2 style=\"text-align: center;\">Queda&rsquo;t al Bages per Setmana Santa<\/h2>\r\n[\/vc_column_text][\/vc_column][\/vc_row][vc_row][vc_column][vc_basic_grid post_type=\u00a0\u00bballotjament\u00a0\u00bb max_items=\u00a0\u00bb-1&Prime; style=\u00a0\u00bbpagination\u00a0\u00bb items_per_page=\u00a0\u00bb4&Prime; element_width=\u00a0\u00bb3&Prime; gap=\u00a0\u00bb10&Prime; orderby=\u00a0\u00bbrand\u00a0\u00bb arrows_design=\u00a0\u00bbvc_arrow-icon-arrow_06_left\u00a0\u00bb arrows_color=\u00a0\u00bbgrey\u00a0\u00bb loop=\u00a0\u00bbyes\u00a0\u00bb item=\u00a0\u00bbmediaGrid_SlideInTitle\u00a0\u00bb grid_id=\u00a0\u00bbvc_gid:1744701952635-e6bee4ca-ff31-10&Prime; taxonomies=\u00a0\u00bb91&Prime; exclude=\u00a0\u00bb100, 96, 21, 60, 89, 123, 73, 101, 96, 17, 51, 97, 3703, 117, 87, 74, 26&Prime; paging_animation_in=\u00a0\u00bbslideInRight\u00a0\u00bb][vc_column_text]\r\n<p style=\"text-align: center;\"><a href=\"https:\/\/bagesturisme.cat\/allotjament\/\" class=\"btn btn-primary btn-lg\">Queda&rsquo;t a dormir al Bages!<\/a>\r\n[\/vc_column_text][\/vc_column][\/vc_row][vc_row full_width=\u00a0\u00bbstretch_row_content\u00a0\u00bb css=\u00a0\u00bb.vc_custom_1616763033326{padding-top: 30px !important;padding-right: 40px !important;padding-bottom: 30px !important;padding-left: 40px !important;background-color: #ffffff !important;}\u00a0\u00bb][vc_column][vc_column_text]\r\n<h1 style=\"text-align: center;\">Tots els camins et porten al Bages<\/h1>\r\n[\/vc_column_text][vc_row_inner][vc_column_inner][vc_single_image image=\u00a0\u00bb9557&Prime; img_size=\u00a0\u00bbfull\u00a0\u00bb alignment=\u00a0\u00bbcenter\u00a0\u00bb][\/vc_column_inner][\/vc_row_inner][\/vc_column][\/vc_row][vc_row content_placement=\u00a0\u00bbmiddle\u00a0\u00bb][vc_column width=\u00a0\u00bb1\/2&Prime;][vc_video link=\u00a0\u00bbhttps:\/\/youtu.be\/iIo7USnbveg\u00a0\u00bb][\/vc_column][vc_column width=\u00a0\u00bb1\/2&Prime;][vc_column_text]\r\n<h2 style=\"text-align: center;\"><strong>El Bages, viu el plaer de descobrir-lo!<\/strong><\/h2>\r\n<p><i><span style=\"font-weight: 400;\">A tocar de les principals ciutats de Catalunya, hi ha guardat un gran secret. Amb la cara nord de Montserrat com a protagonista, el Bages \u00e9s un joia rural amagada; un indret allunyat de les aglomeracions i desconegut per molts, que sorpr\u00e8n per la seva autenticitat i car\u00e0cter.\u00a0<\/span><\/i><\/p>\r\n<p><i><span style=\"font-weight: 400;\">Visitar aquest territori \u00e9s tamb\u00e9 trepitjar el terra d\u2019un mar interior que va existir fa m\u00e9s de 40 milions d\u2019anys i que va desapar\u00e8ixer amb l\u2019aixecament dels Pirineus. Aquest antic mar declarat Geoparc Mundial UNESCO de la Catalunya Central ens ha deixat en her\u00e8ncia un ric patrimoni natural i geol\u00f2gic \u00fanic, que ha forjat paisatges de bosc i vinya incre\u00efbles, pobles on el temps s\u2019hi atura, cultura, tradicions i una oferta enogastron\u00f2mica per seduir els sentits.\u00a0<\/span><\/i><\/p>\r\n<h5 style=\"text-align: center;\"><strong>Aquesta Setmana Santa desconnecta al Bages<\/strong><strong>!<\/strong><\/h5>\r\n[\/vc_column_text][\/vc_column][\/vc_row][vc_row][vc_column][vc_gmaps link=\u00a0\u00bb#E-8_JTNDaWZyYW1lJTIwc3JjJTNEJTIyaHR0cHMlM0ElMkYlMkZ3d3cuZ29vZ2xlLmNvbSUyRm1hcHMlMkZkJTJGdSUyRjAlMkZlbWJlZCUzRm1pZCUzRDE2dE55QjBlVkZYX2dUS2RzY0t4SEVLU0tNNGd3STFoZSUyMiUyMHdpZHRoJTNEJTIyNjQwJTIyJTIwaGVpZ2h0JTNEJTIyNDgwJTIyJTNFJTNDJTJGaWZyYW1lJTNF\u00a0\u00bb title=\u00a0\u00bbEl Bages\u00a0\u00bb][\/vc_column][\/vc_row][vc_row][vc_column][vc_column_text][\/vc_column_text][\/vc_column][\/vc_row][vc_row][vc_column][vc_column_text]\r\n[\/vc_column_text][\/vc_column][\/vc_row]<\/div>","protected":false},"excerpt":{"rendered":"<p>[vc_row][vc_column][vc_column_text] [\/vc_column_text][\/vc_column][\/vc_row][vc_row][vc_column][vc_column_text][\/vc_column_text][\/vc_column][\/vc_row][vc_row][vc_column][vc_column_text][\/vc_column_text][\/vc_column][\/vc_row][vc_row full_width=\u00a0\u00bbstretch_row_content_no_spaces\u00a0\u00bb full_height=\u00a0\u00bbyes\u00a0\u00bb equal_height=\u00a0\u00bbyes\u00a0\u00bb parallax=\u00a0\u00bbcontent-moving-fade\u00a0\u00bb parallax_image=\u00a0\u00bb12641&Prime; css_animation=\u00a0\u00bbfadeIn\u00a0\u00bb css=\u00a0\u00bb.vc_custom_1679062228094{padding-top: 60px !important;padding-bottom: 60px !important;background-color: #969696 !important;}\u00a0\u00bb][vc_column video_bg=\u00a0\u00bbyes\u00a0\u00bb video_bg_url=\u00a0\u00bb\u00a0\u00bb][vc_column_text css_animation=\u00a0\u00bbfadeInUp\u00a0\u00bb][\/vc_column_text][\/vc_column][\/vc_row][vc_row][vc_column][vc_column_text css=\u00a0\u00bb\u00a0\u00bb] Propostes de primavera&#8230; [\/vc_column_text][\/vc_column][\/vc_row][vc_row][vc_column width=\u00a0\u00bb1\/4&Prime;][vc_column_text css=\u00a0\u00bb\u00a0\u00bb] MONAC\u00c0LIA 5 i 6 d&rsquo;abril La Fira de l&rsquo;Abat &#8211; Monac\u00e0lia celebra l&rsquo;estreta relaci\u00f3 feudal entre el monestir de Sant Benet de Bages i els habitants de Navarcles de quan  [&#8230;]<\/p>\n","protected":false},"author":3,"featured_media":12639,"parent":0,"menu_order":63,"comment_status":"closed","ping_status":"closed","template":"","meta":{"_acf_changed":false,"_eb_attr":"","footnotes":""},"tags":[330],"class_list":["post-11072","page","type-page","status-publish","has-post-thumbnail","hentry","tag-setmana-santa"],"acf":{"galeria":false,"recomanats":false},"_links":{"self":[{"href":"https:\/\/www.bagesturisme.cat\/fr\/wp-json\/wp\/v2\/pages\/11072","targetHints":{"allow":["GET"]}}],"collection":[{"href":"https:\/\/www.bagesturisme.cat\/fr\/wp-json\/wp\/v2\/pages"}],"about":[{"href":"https:\/\/www.bagesturisme.cat\/fr\/wp-json\/wp\/v2\/types\/page"}],"author":[{"embeddable":true,"href":"https:\/\/www.bagesturisme.cat\/fr\/wp-json\/wp\/v2\/users\/3"}],"replies":[{"embeddable":true,"href":"https:\/\/www.bagesturisme.cat\/fr\/wp-json\/wp\/v2\/comments?post=11072"}],"version-history":[{"count":89,"href":"https:\/\/www.bagesturisme.cat\/fr\/wp-json\/wp\/v2\/pages\/11072\/revisions"}],"predecessor-version":[{"id":17665,"href":"https:\/\/www.bagesturisme.cat\/fr\/wp-json\/wp\/v2\/pages\/11072\/revisions\/17665"}],"wp:featuredmedia":[{"embeddable":true,"href":"https:\/\/www.bagesturisme.cat\/fr\/wp-json\/wp\/v2\/media\/12639"}],"wp:attachment":[{"href":"https:\/\/www.bagesturisme.cat\/fr\/wp-json\/wp\/v2\/media?parent=11072"}],"wp:term":[{"taxonomy":"post_tag","embeddable":true,"href":"https:\/\/www.bagesturisme.cat\/fr\/wp-json\/wp\/v2\/tags?post=11072"}],"curies":[{"name":"wp","href":"https:\/\/api.w.org\/{rel}","templated":true}]}}