{"id":4421,"date":"2017-09-28T16:36:19","date_gmt":"2017-09-28T15:36:19","guid":{"rendered":"https:\/\/bagesturisme.cat\/?post_type=escoles&#038;p=4421"},"modified":"2018-12-03T10:15:13","modified_gmt":"2018-12-03T09:15:13","slug":"camp-daprenentatge-bages","status":"publish","type":"escoles","link":"https:\/\/www.bagesturisme.cat\/fr\/servei-escoles\/camp-daprenentatge-bages\/","title":{"rendered":"Camp d&rsquo;Aprenentatge del Bages"},"content":{"rendered":"El\u00a0<strong>Camp d\u2019Aprenentatge<sup>1<\/sup>\u00a0del Bages\u00a0<\/strong>\u00e9s un servei educatiu del Departament d\u2019Ensenyament de la Generalitat de Catalunya. Forma part de la xarxa de Camps d\u2019Aprenentatge del Departament d\u2019Ensenyament.\u00a0<a href=\"http:\/\/www.xtec.cat\/web\/serveis\/serveis\/cda\" target=\"_blank\" rel=\"noopener\">Web de la xarxa<\/a><\/p>\n<p>Volem fer realitat el lema\u00a0<em>\u201cAprendre de l\u2019entorn\u201d<\/em>\u00a0facilitant la interpretaci\u00f3 del medi natural, social i cultural de la comarca, amb una especial incid\u00e8ncia sobre els aspectes mediambientals, mitjan\u00e7ant l\u2019observaci\u00f3, la descoberta de l\u2019entorn, la reflexi\u00f3 i l\u2019experimentaci\u00f3.<\/p>\n<p>Les\u00a0<strong>activitats amb alumnes<\/strong>\u00a0poden ser:<\/p>\n<p>\u2013\u00a0<strong>Estades<\/strong>\u00a0de 2 a 5 dies: allotjats a l\u2019<a title=\"Alberg del Carme\" href=\"http:\/\/www.xanascat.cat\/showhostel.tjc?id=237&amp;index=13\" target=\"_blank\" rel=\"noopener\">Alberg del Carme de Manresa<br \/>\n<\/a><a title=\"Alberg del Carme\" href=\"http:\/\/www.xanascat.cat\/showhostel.tjc?id=237&amp;index=13\" target=\"_blank\" rel=\"noopener\">\u2013\u00a0<\/a><strong>Sortides o activitats d\u2019un dia<\/strong><a title=\"Alberg del Carme\" href=\"http:\/\/www.xanascat.cat\/showhostel.tjc?id=237&amp;index=13\" target=\"_blank\" rel=\"noopener\"><br \/>\n<\/a><\/p>\n<p>Les activitats\u00a0que portem a terme poden ser realitzades en les pr\u00f2pies instal\u00b7lacions de La Culla, en instal\u00b7lacions i equipaments d\u2019altres entitats, en itineraris guiats per la comarca, o b\u00e9 en el propi centre escolar si s\u00f3n activitats vinculades a projectes compartits. Es realitzen dins l\u2019horari i calendari escolar.<\/p>\n<a href=\"http:\/\/blocs.xtec.cat\/cdabages\/presentacio\/\" class=\"btn btn-primary btn-lg\">M\u00e9s informaci\u00f3<\/a>\n<p><!--more--><\/p>\n<p>\u00a0<\/p>\n<p>\u00a0","protected":false},"author":1,"featured_media":0,"template":"","class_list":["post-4421","escoles","type-escoles","status-publish","hentry","municipi-manresa","municipi-bages"],"acf":{"adreca":"Casa La Culla s\/n,  08243, Manresa","web":"http:\/\/blocs.xtec.cat\/cdabages\/","email":"cda-bages@xtec.cat","tel":"93 874 43 58","ubicacio":{"address":"Casa La Culla s\/n,  08243, Manresa","lat":"41.7205802","lng":"1.8397962000000234"}},"_links":{"self":[{"href":"https:\/\/www.bagesturisme.cat\/fr\/wp-json\/wp\/v2\/escoles\/4421","targetHints":{"allow":["GET"]}}],"collection":[{"href":"https:\/\/www.bagesturisme.cat\/fr\/wp-json\/wp\/v2\/escoles"}],"about":[{"href":"https:\/\/www.bagesturisme.cat\/fr\/wp-json\/wp\/v2\/types\/escoles"}],"author":[{"embeddable":true,"href":"https:\/\/www.bagesturisme.cat\/fr\/wp-json\/wp\/v2\/users\/1"}],"version-history":[{"count":17,"href":"https:\/\/www.bagesturisme.cat\/fr\/wp-json\/wp\/v2\/escoles\/4421\/revisions"}],"predecessor-version":[{"id":6365,"href":"https:\/\/www.bagesturisme.cat\/fr\/wp-json\/wp\/v2\/escoles\/4421\/revisions\/6365"}],"wp:attachment":[{"href":"https:\/\/www.bagesturisme.cat\/fr\/wp-json\/wp\/v2\/media?parent=4421"}],"curies":[{"name":"wp","href":"https:\/\/api.w.org\/{rel}","templated":true}]}}