{"id":9979,"date":"2021-05-26T08:20:45","date_gmt":"2021-05-26T07:20:45","guid":{"rendered":"https:\/\/bagesturisme.cat\/?post_type=empreses&#038;p=9979"},"modified":"2021-05-27T08:07:22","modified_gmt":"2021-05-27T07:07:22","slug":"mas-de-la-sala-hotel-i-restaurant-ideal-per-a-empresa","status":"publish","type":"empreses","link":"https:\/\/www.bagesturisme.cat\/fr\/servei-empreses\/mas-de-la-sala-hotel-i-restaurant-ideal-per-a-empresa\/","title":{"rendered":"MAS DE LA SALA, H\u00d4TEL ET RESTAURANT ID\u00c9AL POUR LES ENTREPRISES"},"content":{"rendered":"H\u00f4tel restaurant pour \u00e9v\u00e9nements professionnels, r\u00e9unions, formations, pr\u00e9sentations &#8230; Le Mas de la Sala peut \u00eatre une extension de votre entreprise.<br \/>\nSitu\u00e9 dans un point de rencontre imbattable, juste au croisement des routes C-25 et C-16, vous trouverez un complexe h\u00f4telier quatre \u00e9toiles entour\u00e9 de champs et de for\u00eats, un paysage unique caract\u00e9ristique du Pla de Bages.<br \/>\nLes salles de r\u00e9union ont des caract\u00e9ristiques et des capacit\u00e9s diff\u00e9rentes: l&rsquo;espace \u00abLes veles\u00bb peut accueillir jusqu&rsquo;\u00e0 300 personnes. Les jardins, donnant sur la piscine, au pied du puits ou de la cabane du vignoble ou de la cave sont des lieux tr\u00e8s privil\u00e9gi\u00e9s pour faire des collations de bienvenue ou des pauses caf\u00e9&#8230;<br \/>\nNous disposons d&rsquo;un \u00e9quipement professionnel, \u00e0 la fois technologique et humain, pour mener \u00e0 bien la s\u00e9ance de travail.<br \/>\nNous proposons diff\u00e9rentes activit\u00e9s de loisirs, soit comme d\u00e9tente en fin de journ\u00e9e, soit comme \u201cteam-building\u201d et \u201ccoaching\u201d de travail d&rsquo;\u00e9quipe pour favoriser la communication, la comp\u00e9tence et la cr\u00e9ativit\u00e9.<br \/>\nNous nous engageons pour le territoire et la qualit\u00e9, en respectant les r\u00e8gles et r\u00e8glements officiels qui s&rsquo;appliquent \u00e0 l&rsquo;h\u00f4tel et au restaurant ainsi que ceux du sceau Destinaci\u00f3 Biosphere-Paisatges de Barcelona. Collaborateurs du G\u00e9oparc mondial Unesco de Catalogne Centrale pour promouvoir un tourisme responsable et, en m\u00eame temps, impliquer la population locale.<br \/>\nService de recharge pour v\u00e9hicules \u00e9lectriques.<br \/>","protected":false},"author":1,"featured_media":9980,"template":"","class_list":["post-9979","empreses","type-empreses","status-publish","has-post-thumbnail","hentry","municipi-sallent"],"acf":{"email":"info@masdelasala.com","adreca":"Ctra. C-16 sortida 59","web":"http:\/\/www.masdelasala.com\/pag\/empreses\/","tel":"938370877","ubicacio":false},"_links":{"self":[{"href":"https:\/\/www.bagesturisme.cat\/fr\/wp-json\/wp\/v2\/empreses\/9979","targetHints":{"allow":["GET"]}}],"collection":[{"href":"https:\/\/www.bagesturisme.cat\/fr\/wp-json\/wp\/v2\/empreses"}],"about":[{"href":"https:\/\/www.bagesturisme.cat\/fr\/wp-json\/wp\/v2\/types\/empreses"}],"author":[{"embeddable":true,"href":"https:\/\/www.bagesturisme.cat\/fr\/wp-json\/wp\/v2\/users\/1"}],"version-history":[{"count":1,"href":"https:\/\/www.bagesturisme.cat\/fr\/wp-json\/wp\/v2\/empreses\/9979\/revisions"}],"predecessor-version":[{"id":10055,"href":"https:\/\/www.bagesturisme.cat\/fr\/wp-json\/wp\/v2\/empreses\/9979\/revisions\/10055"}],"wp:featuredmedia":[{"embeddable":true,"href":"https:\/\/www.bagesturisme.cat\/fr\/wp-json\/wp\/v2\/media\/9980"}],"wp:attachment":[{"href":"https:\/\/www.bagesturisme.cat\/fr\/wp-json\/wp\/v2\/media?parent=9979"}],"curies":[{"name":"wp","href":"https:\/\/api.w.org\/{rel}","templated":true}]}}