{"id":8429,"date":"2020-09-22T11:26:03","date_gmt":"2020-09-22T10:26:03","guid":{"rendered":"https:\/\/bagesturisme.cat\/?post_type=allotjament&#038;p=8429"},"modified":"2023-08-21T11:07:01","modified_gmt":"2023-08-21T10:07:01","slug":"les-feixes-de-coaner","status":"publish","type":"allotjament","link":"https:\/\/www.bagesturisme.cat\/fr\/allotjament\/les-feixes-de-coaner\/","title":{"rendered":"LES FEIXES DE COANER"},"content":{"rendered":"Ancienne ferme fortifi\u00e9e du XVIe si\u00e8cle, un lieu pour profiter de la tranquillit\u00e9, de la nature et de l&rsquo;histoire pr\u00e9sentes dans chaque recoin de la maison.<\/p>\n<p>La ferme dispose d&rsquo;un h\u00e9bergement pour 11 personnes :<\/p>\n<p>&#8211; 4 chambres avec salle de bain (3 triples et 1 double).<br \/>\n&#8211; Cuisine enti\u00e8rement \u00e9quip\u00e9e (r\u00e9frig\u00e9rateur, micro-onde, four, plaque vitroc\u00e9ramique, lave-vaisselle et petit \u00e9lectrom\u00e9nager)<br \/>\n&#8211; Lit et chaises hautes pour b\u00e9b\u00e9s.<\/p>\n<p>Espaces communs :<\/p>\n<p>&#8211; S\u00e9jour avec chemin\u00e9e.<br \/>\n&#8211; S\u00e9jour avec TV.<br \/>\n&#8211; Machine \u00e0 laver<br \/>\n&#8211; Parc pour enfants<br \/>\n&#8211; Barbecue.<br \/>\n&#8211; Salle de jeux (football, ping-pong, fl\u00e9chettes et jeux de soci\u00e9t\u00e9)<br \/>\n&#8211; Piscine","protected":false},"author":28,"featured_media":8430,"template":"","class_list":["post-8429","allotjament","type-allotjament","status-publish","has-post-thumbnail","hentry","municipi-sant-mateu-de-bages","indicadors-pit","indicadors-familiar","indicadors-tres-espigues","tipus-allotjament-turisme-rural"],"acf":{"email":"info@feixesdecoaner.com","adreca":"Ctra. de Salo Km.4","web":"https:\/\/feixesdecoaner.com\/","tel":"663284933","galeria":[{"ID":13124,"id":13124,"title":"feixes de coaner salo-004","filename":"feixes-de-coaner-salo-004.jpg","filesize":2790569,"url":"https:\/\/www.bagesturisme.cat\/wp-content\/uploads\/2020\/09\/feixes-de-coaner-salo-004.jpg","link":"https:\/\/www.bagesturisme.cat\/fr\/allotjament\/les-feixes-de-coaner\/feixes-de-coaner-salo-004\/","alt":"","author":"3","description":"","caption":"","name":"feixes-de-coaner-salo-004","status":"inherit","uploaded_to":8429,"date":"2023-08-21 10:01:56","modified":"2023-08-21 10:03:48","menu_order":0,"mime_type":"image\/jpeg","type":"image","subtype":"jpeg","icon":"https:\/\/www.bagesturisme.cat\/wp-includes\/images\/media\/default.png","width":2200,"height":1464,"sizes":{"thumbnail":"https:\/\/www.bagesturisme.cat\/wp-content\/uploads\/2020\/09\/feixes-de-coaner-salo-004-150x150.jpg","thumbnail-width":150,"thumbnail-height":150,"medium":"https:\/\/www.bagesturisme.cat\/wp-content\/uploads\/2020\/09\/feixes-de-coaner-salo-004-601x400.jpg","medium-width":601,"medium-height":400,"medium_large":"https:\/\/www.bagesturisme.cat\/wp-content\/uploads\/2020\/09\/feixes-de-coaner-salo-004-768x511.jpg","medium_large-width":768,"medium_large-height":511,"large":"https:\/\/www.bagesturisme.cat\/wp-content\/uploads\/2020\/09\/feixes-de-coaner-salo-004-1280x852.jpg","large-width":1170,"large-height":779,"1536x1536":"https:\/\/www.bagesturisme.cat\/wp-content\/uploads\/2020\/09\/feixes-de-coaner-salo-004-1536x1022.jpg","1536x1536-width":1536,"1536x1536-height":1022,"2048x2048":"https:\/\/www.bagesturisme.cat\/wp-content\/uploads\/2020\/09\/feixes-de-coaner-salo-004-2048x1363.jpg","2048x2048-width":2048,"2048x2048-height":1363,"blog-large":"https:\/\/www.bagesturisme.cat\/wp-content\/uploads\/2020\/09\/feixes-de-coaner-salo-004.jpg","blog-large-width":409,"blog-large-height":272,"blog-medium":"https:\/\/www.bagesturisme.cat\/wp-content\/uploads\/2020\/09\/feixes-de-coaner-salo-004.jpg","blog-medium-width":304,"blog-medium-height":202,"recent-posts":"https:\/\/www.bagesturisme.cat\/wp-content\/uploads\/2020\/09\/feixes-de-coaner-salo-004.jpg","recent-posts-width":663,"recent-posts-height":441,"recent-works-thumbnail":"https:\/\/www.bagesturisme.cat\/wp-content\/uploads\/2020\/09\/feixes-de-coaner-salo-004.jpg","recent-works-thumbnail-width":66,"recent-works-thumbnail-height":44,"fusion-200":"https:\/\/www.bagesturisme.cat\/wp-content\/uploads\/2020\/09\/feixes-de-coaner-salo-004.jpg","fusion-200-width":200,"fusion-200-height":133,"fusion-400":"https:\/\/www.bagesturisme.cat\/wp-content\/uploads\/2020\/09\/feixes-de-coaner-salo-004.jpg","fusion-400-width":400,"fusion-400-height":266,"fusion-600":"https:\/\/www.bagesturisme.cat\/wp-content\/uploads\/2020\/09\/feixes-de-coaner-salo-004.jpg","fusion-600-width":600,"fusion-600-height":399,"fusion-800":"https:\/\/www.bagesturisme.cat\/wp-content\/uploads\/2020\/09\/feixes-de-coaner-salo-004.jpg","fusion-800-width":800,"fusion-800-height":532,"fusion-1200":"https:\/\/www.bagesturisme.cat\/wp-content\/uploads\/2020\/09\/feixes-de-coaner-salo-004.jpg","fusion-1200-width":1200,"fusion-1200-height":799,"portfolio-full":"https:\/\/www.bagesturisme.cat\/wp-content\/uploads\/2020\/09\/feixes-de-coaner-salo-004.jpg","portfolio-full-width":601,"portfolio-full-height":400,"portfolio-one":"https:\/\/www.bagesturisme.cat\/wp-content\/uploads\/2020\/09\/feixes-de-coaner-salo-004.jpg","portfolio-one-width":409,"portfolio-one-height":272,"portfolio-two":"https:\/\/www.bagesturisme.cat\/wp-content\/uploads\/2020\/09\/feixes-de-coaner-salo-004.jpg","portfolio-two-width":443,"portfolio-two-height":295,"portfolio-three":"https:\/\/www.bagesturisme.cat\/wp-content\/uploads\/2020\/09\/feixes-de-coaner-salo-004.jpg","portfolio-three-width":300,"portfolio-three-height":200,"portfolio-five":"https:\/\/www.bagesturisme.cat\/wp-content\/uploads\/2020\/09\/feixes-de-coaner-salo-004.jpg","portfolio-five-width":177,"portfolio-five-height":118}},{"ID":13125,"id":13125,"title":"feixes de coaner salo-061","filename":"feixes-de-coaner-salo-061.jpg","filesize":3495418,"url":"https:\/\/www.bagesturisme.cat\/wp-content\/uploads\/2020\/09\/feixes-de-coaner-salo-061.jpg","link":"https:\/\/www.bagesturisme.cat\/fr\/allotjament\/les-feixes-de-coaner\/feixes-de-coaner-salo-061\/","alt":"","author":"3","description":"","caption":"","name":"feixes-de-coaner-salo-061","status":"inherit","uploaded_to":8429,"date":"2023-08-21 10:03:22","modified":"2023-08-21 10:03:22","menu_order":0,"mime_type":"image\/jpeg","type":"image","subtype":"jpeg","icon":"https:\/\/www.bagesturisme.cat\/wp-includes\/images\/media\/default.png","width":2200,"height":1464,"sizes":{"thumbnail":"https:\/\/www.bagesturisme.cat\/wp-content\/uploads\/2020\/09\/feixes-de-coaner-salo-061-150x150.jpg","thumbnail-width":150,"thumbnail-height":150,"medium":"https:\/\/www.bagesturisme.cat\/wp-content\/uploads\/2020\/09\/feixes-de-coaner-salo-061-601x400.jpg","medium-width":601,"medium-height":400,"medium_large":"https:\/\/www.bagesturisme.cat\/wp-content\/uploads\/2020\/09\/feixes-de-coaner-salo-061-768x511.jpg","medium_large-width":768,"medium_large-height":511,"large":"https:\/\/www.bagesturisme.cat\/wp-content\/uploads\/2020\/09\/feixes-de-coaner-salo-061-1280x852.jpg","large-width":1170,"large-height":779,"1536x1536":"https:\/\/www.bagesturisme.cat\/wp-content\/uploads\/2020\/09\/feixes-de-coaner-salo-061-1536x1022.jpg","1536x1536-width":1536,"1536x1536-height":1022,"2048x2048":"https:\/\/www.bagesturisme.cat\/wp-content\/uploads\/2020\/09\/feixes-de-coaner-salo-061-2048x1363.jpg","2048x2048-width":2048,"2048x2048-height":1363,"blog-large":"https:\/\/www.bagesturisme.cat\/wp-content\/uploads\/2020\/09\/feixes-de-coaner-salo-061.jpg","blog-large-width":409,"blog-large-height":272,"blog-medium":"https:\/\/www.bagesturisme.cat\/wp-content\/uploads\/2020\/09\/feixes-de-coaner-salo-061.jpg","blog-medium-width":304,"blog-medium-height":202,"recent-posts":"https:\/\/www.bagesturisme.cat\/wp-content\/uploads\/2020\/09\/feixes-de-coaner-salo-061.jpg","recent-posts-width":663,"recent-posts-height":441,"recent-works-thumbnail":"https:\/\/www.bagesturisme.cat\/wp-content\/uploads\/2020\/09\/feixes-de-coaner-salo-061.jpg","recent-works-thumbnail-width":66,"recent-works-thumbnail-height":44,"fusion-200":"https:\/\/www.bagesturisme.cat\/wp-content\/uploads\/2020\/09\/feixes-de-coaner-salo-061.jpg","fusion-200-width":200,"fusion-200-height":133,"fusion-400":"https:\/\/www.bagesturisme.cat\/wp-content\/uploads\/2020\/09\/feixes-de-coaner-salo-061.jpg","fusion-400-width":400,"fusion-400-height":266,"fusion-600":"https:\/\/www.bagesturisme.cat\/wp-content\/uploads\/2020\/09\/feixes-de-coaner-salo-061.jpg","fusion-600-width":600,"fusion-600-height":399,"fusion-800":"https:\/\/www.bagesturisme.cat\/wp-content\/uploads\/2020\/09\/feixes-de-coaner-salo-061.jpg","fusion-800-width":800,"fusion-800-height":532,"fusion-1200":"https:\/\/www.bagesturisme.cat\/wp-content\/uploads\/2020\/09\/feixes-de-coaner-salo-061.jpg","fusion-1200-width":1200,"fusion-1200-height":799,"portfolio-full":"https:\/\/www.bagesturisme.cat\/wp-content\/uploads\/2020\/09\/feixes-de-coaner-salo-061.jpg","portfolio-full-width":601,"portfolio-full-height":400,"portfolio-one":"https:\/\/www.bagesturisme.cat\/wp-content\/uploads\/2020\/09\/feixes-de-coaner-salo-061.jpg","portfolio-one-width":409,"portfolio-one-height":272,"portfolio-two":"https:\/\/www.bagesturisme.cat\/wp-content\/uploads\/2020\/09\/feixes-de-coaner-salo-061.jpg","portfolio-two-width":443,"portfolio-two-height":295,"portfolio-three":"https:\/\/www.bagesturisme.cat\/wp-content\/uploads\/2020\/09\/feixes-de-coaner-salo-061.jpg","portfolio-three-width":300,"portfolio-three-height":200,"portfolio-five":"https:\/\/www.bagesturisme.cat\/wp-content\/uploads\/2020\/09\/feixes-de-coaner-salo-061.jpg","portfolio-five-width":177,"portfolio-five-height":118}},{"ID":13126,"id":13126,"title":"feixes de coaner salo-007","filename":"feixes-de-coaner-salo-007.jpg","filesize":3070897,"url":"https:\/\/www.bagesturisme.cat\/wp-content\/uploads\/2020\/09\/feixes-de-coaner-salo-007.jpg","link":"https:\/\/www.bagesturisme.cat\/fr\/allotjament\/les-feixes-de-coaner\/feixes-de-coaner-salo-007\/","alt":"","author":"3","description":"","caption":"","name":"feixes-de-coaner-salo-007","status":"inherit","uploaded_to":8429,"date":"2023-08-21 10:03:26","modified":"2023-08-21 10:03:26","menu_order":0,"mime_type":"image\/jpeg","type":"image","subtype":"jpeg","icon":"https:\/\/www.bagesturisme.cat\/wp-includes\/images\/media\/default.png","width":2200,"height":1466,"sizes":{"thumbnail":"https:\/\/www.bagesturisme.cat\/wp-content\/uploads\/2020\/09\/feixes-de-coaner-salo-007-150x150.jpg","thumbnail-width":150,"thumbnail-height":150,"medium":"https:\/\/www.bagesturisme.cat\/wp-content\/uploads\/2020\/09\/feixes-de-coaner-salo-007-600x400.jpg","medium-width":600,"medium-height":400,"medium_large":"https:\/\/www.bagesturisme.cat\/wp-content\/uploads\/2020\/09\/feixes-de-coaner-salo-007-768x512.jpg","medium_large-width":768,"medium_large-height":512,"large":"https:\/\/www.bagesturisme.cat\/wp-content\/uploads\/2020\/09\/feixes-de-coaner-salo-007-1280x853.jpg","large-width":1170,"large-height":780,"1536x1536":"https:\/\/www.bagesturisme.cat\/wp-content\/uploads\/2020\/09\/feixes-de-coaner-salo-007-1536x1024.jpg","1536x1536-width":1536,"1536x1536-height":1024,"2048x2048":"https:\/\/www.bagesturisme.cat\/wp-content\/uploads\/2020\/09\/feixes-de-coaner-salo-007-2048x1365.jpg","2048x2048-width":2048,"2048x2048-height":1365,"blog-large":"https:\/\/www.bagesturisme.cat\/wp-content\/uploads\/2020\/09\/feixes-de-coaner-salo-007.jpg","blog-large-width":408,"blog-large-height":272,"blog-medium":"https:\/\/www.bagesturisme.cat\/wp-content\/uploads\/2020\/09\/feixes-de-coaner-salo-007.jpg","blog-medium-width":303,"blog-medium-height":202,"recent-posts":"https:\/\/www.bagesturisme.cat\/wp-content\/uploads\/2020\/09\/feixes-de-coaner-salo-007.jpg","recent-posts-width":662,"recent-posts-height":441,"recent-works-thumbnail":"https:\/\/www.bagesturisme.cat\/wp-content\/uploads\/2020\/09\/feixes-de-coaner-salo-007.jpg","recent-works-thumbnail-width":66,"recent-works-thumbnail-height":44,"fusion-200":"https:\/\/www.bagesturisme.cat\/wp-content\/uploads\/2020\/09\/feixes-de-coaner-salo-007.jpg","fusion-200-width":200,"fusion-200-height":133,"fusion-400":"https:\/\/www.bagesturisme.cat\/wp-content\/uploads\/2020\/09\/feixes-de-coaner-salo-007.jpg","fusion-400-width":400,"fusion-400-height":267,"fusion-600":"https:\/\/www.bagesturisme.cat\/wp-content\/uploads\/2020\/09\/feixes-de-coaner-salo-007.jpg","fusion-600-width":600,"fusion-600-height":400,"fusion-800":"https:\/\/www.bagesturisme.cat\/wp-content\/uploads\/2020\/09\/feixes-de-coaner-salo-007.jpg","fusion-800-width":800,"fusion-800-height":533,"fusion-1200":"https:\/\/www.bagesturisme.cat\/wp-content\/uploads\/2020\/09\/feixes-de-coaner-salo-007.jpg","fusion-1200-width":1200,"fusion-1200-height":800,"portfolio-full":"https:\/\/www.bagesturisme.cat\/wp-content\/uploads\/2020\/09\/feixes-de-coaner-salo-007.jpg","portfolio-full-width":600,"portfolio-full-height":400,"portfolio-one":"https:\/\/www.bagesturisme.cat\/wp-content\/uploads\/2020\/09\/feixes-de-coaner-salo-007.jpg","portfolio-one-width":408,"portfolio-one-height":272,"portfolio-two":"https:\/\/www.bagesturisme.cat\/wp-content\/uploads\/2020\/09\/feixes-de-coaner-salo-007.jpg","portfolio-two-width":443,"portfolio-two-height":295,"portfolio-three":"https:\/\/www.bagesturisme.cat\/wp-content\/uploads\/2020\/09\/feixes-de-coaner-salo-007.jpg","portfolio-three-width":300,"portfolio-three-height":200,"portfolio-five":"https:\/\/www.bagesturisme.cat\/wp-content\/uploads\/2020\/09\/feixes-de-coaner-salo-007.jpg","portfolio-five-width":177,"portfolio-five-height":118}},{"ID":13127,"id":13127,"title":"feixes de coaner salo-013","filename":"feixes-de-coaner-salo-013-rotated.jpg","filesize":675860,"url":"https:\/\/www.bagesturisme.cat\/wp-content\/uploads\/2020\/09\/feixes-de-coaner-salo-013-rotated.jpg","link":"https:\/\/www.bagesturisme.cat\/fr\/allotjament\/les-feixes-de-coaner\/feixes-de-coaner-salo-013\/","alt":"","author":"3","description":"","caption":"","name":"feixes-de-coaner-salo-013","status":"inherit","uploaded_to":8429,"date":"2023-08-21 10:03:29","modified":"2023-08-21 10:03:29","menu_order":0,"mime_type":"image\/jpeg","type":"image","subtype":"jpeg","icon":"https:\/\/www.bagesturisme.cat\/wp-includes\/images\/media\/default.png","width":1464,"height":2200,"sizes":{"thumbnail":"https:\/\/www.bagesturisme.cat\/wp-content\/uploads\/2020\/09\/feixes-de-coaner-salo-013-150x150.jpg","thumbnail-width":150,"thumbnail-height":150,"medium":"https:\/\/www.bagesturisme.cat\/wp-content\/uploads\/2020\/09\/feixes-de-coaner-salo-013-266x400.jpg","medium-width":266,"medium-height":400,"medium_large":"https:\/\/www.bagesturisme.cat\/wp-content\/uploads\/2020\/09\/feixes-de-coaner-salo-013-768x1154.jpg","medium_large-width":768,"medium_large-height":1154,"large":"https:\/\/www.bagesturisme.cat\/wp-content\/uploads\/2020\/09\/feixes-de-coaner-salo-013-681x1024.jpg","large-width":681,"large-height":1024,"1536x1536":"https:\/\/www.bagesturisme.cat\/wp-content\/uploads\/2020\/09\/feixes-de-coaner-salo-013-1022x1536.jpg","1536x1536-width":1022,"1536x1536-height":1536,"2048x2048":"https:\/\/www.bagesturisme.cat\/wp-content\/uploads\/2020\/09\/feixes-de-coaner-salo-013-1363x2048.jpg","2048x2048-width":1363,"2048x2048-height":2048,"blog-large":"https:\/\/www.bagesturisme.cat\/wp-content\/uploads\/2020\/09\/feixes-de-coaner-salo-013-rotated.jpg","blog-large-width":181,"blog-large-height":272,"blog-medium":"https:\/\/www.bagesturisme.cat\/wp-content\/uploads\/2020\/09\/feixes-de-coaner-salo-013-rotated.jpg","blog-medium-width":134,"blog-medium-height":202,"recent-posts":"https:\/\/www.bagesturisme.cat\/wp-content\/uploads\/2020\/09\/feixes-de-coaner-salo-013-rotated.jpg","recent-posts-width":293,"recent-posts-height":441,"recent-works-thumbnail":"https:\/\/www.bagesturisme.cat\/wp-content\/uploads\/2020\/09\/feixes-de-coaner-salo-013-rotated.jpg","recent-works-thumbnail-width":44,"recent-works-thumbnail-height":66,"fusion-200":"https:\/\/www.bagesturisme.cat\/wp-content\/uploads\/2020\/09\/feixes-de-coaner-salo-013-rotated.jpg","fusion-200-width":200,"fusion-200-height":301,"fusion-400":"https:\/\/www.bagesturisme.cat\/wp-content\/uploads\/2020\/09\/feixes-de-coaner-salo-013-rotated.jpg","fusion-400-width":400,"fusion-400-height":601,"fusion-600":"https:\/\/www.bagesturisme.cat\/wp-content\/uploads\/2020\/09\/feixes-de-coaner-salo-013-rotated.jpg","fusion-600-width":600,"fusion-600-height":902,"fusion-800":"https:\/\/www.bagesturisme.cat\/wp-content\/uploads\/2020\/09\/feixes-de-coaner-salo-013-rotated.jpg","fusion-800-width":800,"fusion-800-height":1202,"fusion-1200":"https:\/\/www.bagesturisme.cat\/wp-content\/uploads\/2020\/09\/feixes-de-coaner-salo-013-rotated.jpg","fusion-1200-width":1200,"fusion-1200-height":1803,"portfolio-full":"https:\/\/www.bagesturisme.cat\/wp-content\/uploads\/2020\/09\/feixes-de-coaner-salo-013-rotated.jpg","portfolio-full-width":266,"portfolio-full-height":400,"portfolio-one":"https:\/\/www.bagesturisme.cat\/wp-content\/uploads\/2020\/09\/feixes-de-coaner-salo-013-rotated.jpg","portfolio-one-width":181,"portfolio-one-height":272,"portfolio-two":"https:\/\/www.bagesturisme.cat\/wp-content\/uploads\/2020\/09\/feixes-de-coaner-salo-013-rotated.jpg","portfolio-two-width":196,"portfolio-two-height":295,"portfolio-three":"https:\/\/www.bagesturisme.cat\/wp-content\/uploads\/2020\/09\/feixes-de-coaner-salo-013-rotated.jpg","portfolio-three-width":142,"portfolio-three-height":214,"portfolio-five":"https:\/\/www.bagesturisme.cat\/wp-content\/uploads\/2020\/09\/feixes-de-coaner-salo-013-rotated.jpg","portfolio-five-width":94,"portfolio-five-height":142}},{"ID":13128,"id":13128,"title":"feixes de coaner salo-036","filename":"feixes-de-coaner-salo-036.jpg","filesize":3072177,"url":"https:\/\/www.bagesturisme.cat\/wp-content\/uploads\/2020\/09\/feixes-de-coaner-salo-036.jpg","link":"https:\/\/www.bagesturisme.cat\/fr\/allotjament\/les-feixes-de-coaner\/feixes-de-coaner-salo-036\/","alt":"","author":"3","description":"","caption":"","name":"feixes-de-coaner-salo-036","status":"inherit","uploaded_to":8429,"date":"2023-08-21 10:03:32","modified":"2023-08-21 10:03:32","menu_order":0,"mime_type":"image\/jpeg","type":"image","subtype":"jpeg","icon":"https:\/\/www.bagesturisme.cat\/wp-includes\/images\/media\/default.png","width":2200,"height":1464,"sizes":{"thumbnail":"https:\/\/www.bagesturisme.cat\/wp-content\/uploads\/2020\/09\/feixes-de-coaner-salo-036-150x150.jpg","thumbnail-width":150,"thumbnail-height":150,"medium":"https:\/\/www.bagesturisme.cat\/wp-content\/uploads\/2020\/09\/feixes-de-coaner-salo-036-601x400.jpg","medium-width":601,"medium-height":400,"medium_large":"https:\/\/www.bagesturisme.cat\/wp-content\/uploads\/2020\/09\/feixes-de-coaner-salo-036-768x511.jpg","medium_large-width":768,"medium_large-height":511,"large":"https:\/\/www.bagesturisme.cat\/wp-content\/uploads\/2020\/09\/feixes-de-coaner-salo-036-1280x852.jpg","large-width":1170,"large-height":779,"1536x1536":"https:\/\/www.bagesturisme.cat\/wp-content\/uploads\/2020\/09\/feixes-de-coaner-salo-036-1536x1022.jpg","1536x1536-width":1536,"1536x1536-height":1022,"2048x2048":"https:\/\/www.bagesturisme.cat\/wp-content\/uploads\/2020\/09\/feixes-de-coaner-salo-036-2048x1363.jpg","2048x2048-width":2048,"2048x2048-height":1363,"blog-large":"https:\/\/www.bagesturisme.cat\/wp-content\/uploads\/2020\/09\/feixes-de-coaner-salo-036.jpg","blog-large-width":409,"blog-large-height":272,"blog-medium":"https:\/\/www.bagesturisme.cat\/wp-content\/uploads\/2020\/09\/feixes-de-coaner-salo-036.jpg","blog-medium-width":304,"blog-medium-height":202,"recent-posts":"https:\/\/www.bagesturisme.cat\/wp-content\/uploads\/2020\/09\/feixes-de-coaner-salo-036.jpg","recent-posts-width":663,"recent-posts-height":441,"recent-works-thumbnail":"https:\/\/www.bagesturisme.cat\/wp-content\/uploads\/2020\/09\/feixes-de-coaner-salo-036.jpg","recent-works-thumbnail-width":66,"recent-works-thumbnail-height":44,"fusion-200":"https:\/\/www.bagesturisme.cat\/wp-content\/uploads\/2020\/09\/feixes-de-coaner-salo-036.jpg","fusion-200-width":200,"fusion-200-height":133,"fusion-400":"https:\/\/www.bagesturisme.cat\/wp-content\/uploads\/2020\/09\/feixes-de-coaner-salo-036.jpg","fusion-400-width":400,"fusion-400-height":266,"fusion-600":"https:\/\/www.bagesturisme.cat\/wp-content\/uploads\/2020\/09\/feixes-de-coaner-salo-036.jpg","fusion-600-width":600,"fusion-600-height":399,"fusion-800":"https:\/\/www.bagesturisme.cat\/wp-content\/uploads\/2020\/09\/feixes-de-coaner-salo-036.jpg","fusion-800-width":800,"fusion-800-height":532,"fusion-1200":"https:\/\/www.bagesturisme.cat\/wp-content\/uploads\/2020\/09\/feixes-de-coaner-salo-036.jpg","fusion-1200-width":1200,"fusion-1200-height":799,"portfolio-full":"https:\/\/www.bagesturisme.cat\/wp-content\/uploads\/2020\/09\/feixes-de-coaner-salo-036.jpg","portfolio-full-width":601,"portfolio-full-height":400,"portfolio-one":"https:\/\/www.bagesturisme.cat\/wp-content\/uploads\/2020\/09\/feixes-de-coaner-salo-036.jpg","portfolio-one-width":409,"portfolio-one-height":272,"portfolio-two":"https:\/\/www.bagesturisme.cat\/wp-content\/uploads\/2020\/09\/feixes-de-coaner-salo-036.jpg","portfolio-two-width":443,"portfolio-two-height":295,"portfolio-three":"https:\/\/www.bagesturisme.cat\/wp-content\/uploads\/2020\/09\/feixes-de-coaner-salo-036.jpg","portfolio-three-width":300,"portfolio-three-height":200,"portfolio-five":"https:\/\/www.bagesturisme.cat\/wp-content\/uploads\/2020\/09\/feixes-de-coaner-salo-036.jpg","portfolio-five-width":177,"portfolio-five-height":118}},{"ID":13129,"id":13129,"title":"feixes de coaner salo-045","filename":"feixes-de-coaner-salo-045.jpg","filesize":3053076,"url":"https:\/\/www.bagesturisme.cat\/wp-content\/uploads\/2020\/09\/feixes-de-coaner-salo-045.jpg","link":"https:\/\/www.bagesturisme.cat\/fr\/allotjament\/les-feixes-de-coaner\/feixes-de-coaner-salo-045\/","alt":"","author":"3","description":"","caption":"","name":"feixes-de-coaner-salo-045","status":"inherit","uploaded_to":8429,"date":"2023-08-21 10:03:35","modified":"2023-08-21 10:03:35","menu_order":0,"mime_type":"image\/jpeg","type":"image","subtype":"jpeg","icon":"https:\/\/www.bagesturisme.cat\/wp-includes\/images\/media\/default.png","width":2200,"height":1464,"sizes":{"thumbnail":"https:\/\/www.bagesturisme.cat\/wp-content\/uploads\/2020\/09\/feixes-de-coaner-salo-045-150x150.jpg","thumbnail-width":150,"thumbnail-height":150,"medium":"https:\/\/www.bagesturisme.cat\/wp-content\/uploads\/2020\/09\/feixes-de-coaner-salo-045-601x400.jpg","medium-width":601,"medium-height":400,"medium_large":"https:\/\/www.bagesturisme.cat\/wp-content\/uploads\/2020\/09\/feixes-de-coaner-salo-045-768x511.jpg","medium_large-width":768,"medium_large-height":511,"large":"https:\/\/www.bagesturisme.cat\/wp-content\/uploads\/2020\/09\/feixes-de-coaner-salo-045-1280x852.jpg","large-width":1170,"large-height":779,"1536x1536":"https:\/\/www.bagesturisme.cat\/wp-content\/uploads\/2020\/09\/feixes-de-coaner-salo-045-1536x1022.jpg","1536x1536-width":1536,"1536x1536-height":1022,"2048x2048":"https:\/\/www.bagesturisme.cat\/wp-content\/uploads\/2020\/09\/feixes-de-coaner-salo-045-2048x1363.jpg","2048x2048-width":2048,"2048x2048-height":1363,"blog-large":"https:\/\/www.bagesturisme.cat\/wp-content\/uploads\/2020\/09\/feixes-de-coaner-salo-045.jpg","blog-large-width":409,"blog-large-height":272,"blog-medium":"https:\/\/www.bagesturisme.cat\/wp-content\/uploads\/2020\/09\/feixes-de-coaner-salo-045.jpg","blog-medium-width":304,"blog-medium-height":202,"recent-posts":"https:\/\/www.bagesturisme.cat\/wp-content\/uploads\/2020\/09\/feixes-de-coaner-salo-045.jpg","recent-posts-width":663,"recent-posts-height":441,"recent-works-thumbnail":"https:\/\/www.bagesturisme.cat\/wp-content\/uploads\/2020\/09\/feixes-de-coaner-salo-045.jpg","recent-works-thumbnail-width":66,"recent-works-thumbnail-height":44,"fusion-200":"https:\/\/www.bagesturisme.cat\/wp-content\/uploads\/2020\/09\/feixes-de-coaner-salo-045.jpg","fusion-200-width":200,"fusion-200-height":133,"fusion-400":"https:\/\/www.bagesturisme.cat\/wp-content\/uploads\/2020\/09\/feixes-de-coaner-salo-045.jpg","fusion-400-width":400,"fusion-400-height":266,"fusion-600":"https:\/\/www.bagesturisme.cat\/wp-content\/uploads\/2020\/09\/feixes-de-coaner-salo-045.jpg","fusion-600-width":600,"fusion-600-height":399,"fusion-800":"https:\/\/www.bagesturisme.cat\/wp-content\/uploads\/2020\/09\/feixes-de-coaner-salo-045.jpg","fusion-800-width":800,"fusion-800-height":532,"fusion-1200":"https:\/\/www.bagesturisme.cat\/wp-content\/uploads\/2020\/09\/feixes-de-coaner-salo-045.jpg","fusion-1200-width":1200,"fusion-1200-height":799,"portfolio-full":"https:\/\/www.bagesturisme.cat\/wp-content\/uploads\/2020\/09\/feixes-de-coaner-salo-045.jpg","portfolio-full-width":601,"portfolio-full-height":400,"portfolio-one":"https:\/\/www.bagesturisme.cat\/wp-content\/uploads\/2020\/09\/feixes-de-coaner-salo-045.jpg","portfolio-one-width":409,"portfolio-one-height":272,"portfolio-two":"https:\/\/www.bagesturisme.cat\/wp-content\/uploads\/2020\/09\/feixes-de-coaner-salo-045.jpg","portfolio-two-width":443,"portfolio-two-height":295,"portfolio-three":"https:\/\/www.bagesturisme.cat\/wp-content\/uploads\/2020\/09\/feixes-de-coaner-salo-045.jpg","portfolio-three-width":300,"portfolio-three-height":200,"portfolio-five":"https:\/\/www.bagesturisme.cat\/wp-content\/uploads\/2020\/09\/feixes-de-coaner-salo-045.jpg","portfolio-five-width":177,"portfolio-five-height":118}},{"ID":13130,"id":13130,"title":"feixes de coaner salo-048","filename":"feixes-de-coaner-salo-048.jpg","filesize":2707603,"url":"https:\/\/www.bagesturisme.cat\/wp-content\/uploads\/2020\/09\/feixes-de-coaner-salo-048.jpg","link":"https:\/\/www.bagesturisme.cat\/fr\/allotjament\/les-feixes-de-coaner\/feixes-de-coaner-salo-048\/","alt":"","author":"3","description":"","caption":"","name":"feixes-de-coaner-salo-048","status":"inherit","uploaded_to":8429,"date":"2023-08-21 10:03:37","modified":"2023-08-21 10:03:37","menu_order":0,"mime_type":"image\/jpeg","type":"image","subtype":"jpeg","icon":"https:\/\/www.bagesturisme.cat\/wp-includes\/images\/media\/default.png","width":2200,"height":1464,"sizes":{"thumbnail":"https:\/\/www.bagesturisme.cat\/wp-content\/uploads\/2020\/09\/feixes-de-coaner-salo-048-150x150.jpg","thumbnail-width":150,"thumbnail-height":150,"medium":"https:\/\/www.bagesturisme.cat\/wp-content\/uploads\/2020\/09\/feixes-de-coaner-salo-048-601x400.jpg","medium-width":601,"medium-height":400,"medium_large":"https:\/\/www.bagesturisme.cat\/wp-content\/uploads\/2020\/09\/feixes-de-coaner-salo-048-768x511.jpg","medium_large-width":768,"medium_large-height":511,"large":"https:\/\/www.bagesturisme.cat\/wp-content\/uploads\/2020\/09\/feixes-de-coaner-salo-048-1280x852.jpg","large-width":1170,"large-height":779,"1536x1536":"https:\/\/www.bagesturisme.cat\/wp-content\/uploads\/2020\/09\/feixes-de-coaner-salo-048-1536x1022.jpg","1536x1536-width":1536,"1536x1536-height":1022,"2048x2048":"https:\/\/www.bagesturisme.cat\/wp-content\/uploads\/2020\/09\/feixes-de-coaner-salo-048-2048x1363.jpg","2048x2048-width":2048,"2048x2048-height":1363,"blog-large":"https:\/\/www.bagesturisme.cat\/wp-content\/uploads\/2020\/09\/feixes-de-coaner-salo-048.jpg","blog-large-width":409,"blog-large-height":272,"blog-medium":"https:\/\/www.bagesturisme.cat\/wp-content\/uploads\/2020\/09\/feixes-de-coaner-salo-048.jpg","blog-medium-width":304,"blog-medium-height":202,"recent-posts":"https:\/\/www.bagesturisme.cat\/wp-content\/uploads\/2020\/09\/feixes-de-coaner-salo-048.jpg","recent-posts-width":663,"recent-posts-height":441,"recent-works-thumbnail":"https:\/\/www.bagesturisme.cat\/wp-content\/uploads\/2020\/09\/feixes-de-coaner-salo-048.jpg","recent-works-thumbnail-width":66,"recent-works-thumbnail-height":44,"fusion-200":"https:\/\/www.bagesturisme.cat\/wp-content\/uploads\/2020\/09\/feixes-de-coaner-salo-048.jpg","fusion-200-width":200,"fusion-200-height":133,"fusion-400":"https:\/\/www.bagesturisme.cat\/wp-content\/uploads\/2020\/09\/feixes-de-coaner-salo-048.jpg","fusion-400-width":400,"fusion-400-height":266,"fusion-600":"https:\/\/www.bagesturisme.cat\/wp-content\/uploads\/2020\/09\/feixes-de-coaner-salo-048.jpg","fusion-600-width":600,"fusion-600-height":399,"fusion-800":"https:\/\/www.bagesturisme.cat\/wp-content\/uploads\/2020\/09\/feixes-de-coaner-salo-048.jpg","fusion-800-width":800,"fusion-800-height":532,"fusion-1200":"https:\/\/www.bagesturisme.cat\/wp-content\/uploads\/2020\/09\/feixes-de-coaner-salo-048.jpg","fusion-1200-width":1200,"fusion-1200-height":799,"portfolio-full":"https:\/\/www.bagesturisme.cat\/wp-content\/uploads\/2020\/09\/feixes-de-coaner-salo-048.jpg","portfolio-full-width":601,"portfolio-full-height":400,"portfolio-one":"https:\/\/www.bagesturisme.cat\/wp-content\/uploads\/2020\/09\/feixes-de-coaner-salo-048.jpg","portfolio-one-width":409,"portfolio-one-height":272,"portfolio-two":"https:\/\/www.bagesturisme.cat\/wp-content\/uploads\/2020\/09\/feixes-de-coaner-salo-048.jpg","portfolio-two-width":443,"portfolio-two-height":295,"portfolio-three":"https:\/\/www.bagesturisme.cat\/wp-content\/uploads\/2020\/09\/feixes-de-coaner-salo-048.jpg","portfolio-three-width":300,"portfolio-three-height":200,"portfolio-five":"https:\/\/www.bagesturisme.cat\/wp-content\/uploads\/2020\/09\/feixes-de-coaner-salo-048.jpg","portfolio-five-width":177,"portfolio-five-height":118}},{"ID":13131,"id":13131,"title":"feixes de coaner salo-053","filename":"feixes-de-coaner-salo-053.jpg","filesize":2810782,"url":"https:\/\/www.bagesturisme.cat\/wp-content\/uploads\/2020\/09\/feixes-de-coaner-salo-053.jpg","link":"https:\/\/www.bagesturisme.cat\/fr\/allotjament\/les-feixes-de-coaner\/feixes-de-coaner-salo-053\/","alt":"","author":"3","description":"","caption":"","name":"feixes-de-coaner-salo-053","status":"inherit","uploaded_to":8429,"date":"2023-08-21 10:03:40","modified":"2023-08-21 10:03:40","menu_order":0,"mime_type":"image\/jpeg","type":"image","subtype":"jpeg","icon":"https:\/\/www.bagesturisme.cat\/wp-includes\/images\/media\/default.png","width":2200,"height":1464,"sizes":{"thumbnail":"https:\/\/www.bagesturisme.cat\/wp-content\/uploads\/2020\/09\/feixes-de-coaner-salo-053-150x150.jpg","thumbnail-width":150,"thumbnail-height":150,"medium":"https:\/\/www.bagesturisme.cat\/wp-content\/uploads\/2020\/09\/feixes-de-coaner-salo-053-601x400.jpg","medium-width":601,"medium-height":400,"medium_large":"https:\/\/www.bagesturisme.cat\/wp-content\/uploads\/2020\/09\/feixes-de-coaner-salo-053-768x511.jpg","medium_large-width":768,"medium_large-height":511,"large":"https:\/\/www.bagesturisme.cat\/wp-content\/uploads\/2020\/09\/feixes-de-coaner-salo-053-1280x852.jpg","large-width":1170,"large-height":779,"1536x1536":"https:\/\/www.bagesturisme.cat\/wp-content\/uploads\/2020\/09\/feixes-de-coaner-salo-053-1536x1022.jpg","1536x1536-width":1536,"1536x1536-height":1022,"2048x2048":"https:\/\/www.bagesturisme.cat\/wp-content\/uploads\/2020\/09\/feixes-de-coaner-salo-053-2048x1363.jpg","2048x2048-width":2048,"2048x2048-height":1363,"blog-large":"https:\/\/www.bagesturisme.cat\/wp-content\/uploads\/2020\/09\/feixes-de-coaner-salo-053.jpg","blog-large-width":409,"blog-large-height":272,"blog-medium":"https:\/\/www.bagesturisme.cat\/wp-content\/uploads\/2020\/09\/feixes-de-coaner-salo-053.jpg","blog-medium-width":304,"blog-medium-height":202,"recent-posts":"https:\/\/www.bagesturisme.cat\/wp-content\/uploads\/2020\/09\/feixes-de-coaner-salo-053.jpg","recent-posts-width":663,"recent-posts-height":441,"recent-works-thumbnail":"https:\/\/www.bagesturisme.cat\/wp-content\/uploads\/2020\/09\/feixes-de-coaner-salo-053.jpg","recent-works-thumbnail-width":66,"recent-works-thumbnail-height":44,"fusion-200":"https:\/\/www.bagesturisme.cat\/wp-content\/uploads\/2020\/09\/feixes-de-coaner-salo-053.jpg","fusion-200-width":200,"fusion-200-height":133,"fusion-400":"https:\/\/www.bagesturisme.cat\/wp-content\/uploads\/2020\/09\/feixes-de-coaner-salo-053.jpg","fusion-400-width":400,"fusion-400-height":266,"fusion-600":"https:\/\/www.bagesturisme.cat\/wp-content\/uploads\/2020\/09\/feixes-de-coaner-salo-053.jpg","fusion-600-width":600,"fusion-600-height":399,"fusion-800":"https:\/\/www.bagesturisme.cat\/wp-content\/uploads\/2020\/09\/feixes-de-coaner-salo-053.jpg","fusion-800-width":800,"fusion-800-height":532,"fusion-1200":"https:\/\/www.bagesturisme.cat\/wp-content\/uploads\/2020\/09\/feixes-de-coaner-salo-053.jpg","fusion-1200-width":1200,"fusion-1200-height":799,"portfolio-full":"https:\/\/www.bagesturisme.cat\/wp-content\/uploads\/2020\/09\/feixes-de-coaner-salo-053.jpg","portfolio-full-width":601,"portfolio-full-height":400,"portfolio-one":"https:\/\/www.bagesturisme.cat\/wp-content\/uploads\/2020\/09\/feixes-de-coaner-salo-053.jpg","portfolio-one-width":409,"portfolio-one-height":272,"portfolio-two":"https:\/\/www.bagesturisme.cat\/wp-content\/uploads\/2020\/09\/feixes-de-coaner-salo-053.jpg","portfolio-two-width":443,"portfolio-two-height":295,"portfolio-three":"https:\/\/www.bagesturisme.cat\/wp-content\/uploads\/2020\/09\/feixes-de-coaner-salo-053.jpg","portfolio-three-width":300,"portfolio-three-height":200,"portfolio-five":"https:\/\/www.bagesturisme.cat\/wp-content\/uploads\/2020\/09\/feixes-de-coaner-salo-053.jpg","portfolio-five-width":177,"portfolio-five-height":118}},{"ID":8430,"id":8430,"title":"Les Feixes de Coaner","filename":"Coaner-35.jpg","filesize":370396,"url":"https:\/\/www.bagesturisme.cat\/wp-content\/uploads\/2020\/08\/Coaner-35.jpg","link":"https:\/\/www.bagesturisme.cat\/fr\/coaner-35-2\/","alt":"","author":"0","description":"Les Feixes de Coaner","caption":"","name":"coaner-35-2","status":"inherit","uploaded_to":0,"date":"2020-08-08 17:52:14","modified":"2023-08-21 10:01:32","menu_order":0,"mime_type":"image\/jpeg","type":"image","subtype":"jpeg","icon":"https:\/\/www.bagesturisme.cat\/wp-includes\/images\/media\/default.png","width":0,"height":0,"sizes":{"thumbnail":"https:\/\/www.bagesturisme.cat\/wp-content\/uploads\/2020\/08\/Coaner-35.jpg","thumbnail-width":1,"thumbnail-height":1,"medium":"https:\/\/www.bagesturisme.cat\/wp-content\/uploads\/2020\/08\/Coaner-35.jpg","medium-width":1,"medium-height":1,"medium_large":"https:\/\/www.bagesturisme.cat\/wp-content\/uploads\/2020\/08\/Coaner-35.jpg","medium_large-width":1,"medium_large-height":1,"large":"https:\/\/www.bagesturisme.cat\/wp-content\/uploads\/2020\/08\/Coaner-35.jpg","large-width":1,"large-height":1,"1536x1536":"https:\/\/www.bagesturisme.cat\/wp-content\/uploads\/2020\/08\/Coaner-35.jpg","1536x1536-width":1,"1536x1536-height":1,"2048x2048":"https:\/\/www.bagesturisme.cat\/wp-content\/uploads\/2020\/08\/Coaner-35.jpg","2048x2048-width":1,"2048x2048-height":1,"blog-large":"https:\/\/www.bagesturisme.cat\/wp-content\/uploads\/2020\/08\/Coaner-35.jpg","blog-large-width":1,"blog-large-height":1,"blog-medium":"https:\/\/www.bagesturisme.cat\/wp-content\/uploads\/2020\/08\/Coaner-35.jpg","blog-medium-width":1,"blog-medium-height":1,"recent-posts":"https:\/\/www.bagesturisme.cat\/wp-content\/uploads\/2020\/08\/Coaner-35.jpg","recent-posts-width":1,"recent-posts-height":1,"recent-works-thumbnail":"https:\/\/www.bagesturisme.cat\/wp-content\/uploads\/2020\/08\/Coaner-35.jpg","recent-works-thumbnail-width":1,"recent-works-thumbnail-height":1,"fusion-200":"https:\/\/www.bagesturisme.cat\/wp-content\/uploads\/2020\/08\/Coaner-35.jpg","fusion-200-width":1,"fusion-200-height":1,"fusion-400":"https:\/\/www.bagesturisme.cat\/wp-content\/uploads\/2020\/08\/Coaner-35.jpg","fusion-400-width":1,"fusion-400-height":1,"fusion-600":"https:\/\/www.bagesturisme.cat\/wp-content\/uploads\/2020\/08\/Coaner-35.jpg","fusion-600-width":1,"fusion-600-height":1,"fusion-800":"https:\/\/www.bagesturisme.cat\/wp-content\/uploads\/2020\/08\/Coaner-35.jpg","fusion-800-width":1,"fusion-800-height":1,"fusion-1200":"https:\/\/www.bagesturisme.cat\/wp-content\/uploads\/2020\/08\/Coaner-35.jpg","fusion-1200-width":1,"fusion-1200-height":1,"portfolio-full":"https:\/\/www.bagesturisme.cat\/wp-content\/uploads\/2020\/08\/Coaner-35.jpg","portfolio-full-width":1,"portfolio-full-height":1,"portfolio-one":"https:\/\/www.bagesturisme.cat\/wp-content\/uploads\/2020\/08\/Coaner-35.jpg","portfolio-one-width":1,"portfolio-one-height":1,"portfolio-two":"https:\/\/www.bagesturisme.cat\/wp-content\/uploads\/2020\/08\/Coaner-35.jpg","portfolio-two-width":1,"portfolio-two-height":1,"portfolio-three":"https:\/\/www.bagesturisme.cat\/wp-content\/uploads\/2020\/08\/Coaner-35.jpg","portfolio-three-width":1,"portfolio-three-height":1,"portfolio-five":"https:\/\/www.bagesturisme.cat\/wp-content\/uploads\/2020\/08\/Coaner-35.jpg","portfolio-five-width":1,"portfolio-five-height":1}}],"ubicacio":false},"_links":{"self":[{"href":"https:\/\/www.bagesturisme.cat\/fr\/wp-json\/wp\/v2\/allotjament\/8429","targetHints":{"allow":["GET"]}}],"collection":[{"href":"https:\/\/www.bagesturisme.cat\/fr\/wp-json\/wp\/v2\/allotjament"}],"about":[{"href":"https:\/\/www.bagesturisme.cat\/fr\/wp-json\/wp\/v2\/types\/allotjament"}],"author":[{"embeddable":true,"href":"https:\/\/www.bagesturisme.cat\/fr\/wp-json\/wp\/v2\/users\/28"}],"version-history":[{"count":11,"href":"https:\/\/www.bagesturisme.cat\/fr\/wp-json\/wp\/v2\/allotjament\/8429\/revisions"}],"predecessor-version":[{"id":13138,"href":"https:\/\/www.bagesturisme.cat\/fr\/wp-json\/wp\/v2\/allotjament\/8429\/revisions\/13138"}],"wp:featuredmedia":[{"embeddable":true,"href":"https:\/\/www.bagesturisme.cat\/fr\/wp-json\/wp\/v2\/media\/8430"}],"wp:attachment":[{"href":"https:\/\/www.bagesturisme.cat\/fr\/wp-json\/wp\/v2\/media?parent=8429"}],"curies":[{"name":"wp","href":"https:\/\/api.w.org\/{rel}","templated":true}]}}