{"id":53,"date":"2018-12-13T10:09:59","date_gmt":"2018-12-13T09:09:59","guid":{"rendered":"https:\/\/bagesturisme.cat\/allotjament\/les-corts-de-biosca\/"},"modified":"2023-10-17T13:01:16","modified_gmt":"2023-10-17T12:01:16","slug":"corts-biosca-pcc0023","status":"publish","type":"allotjament","link":"https:\/\/www.bagesturisme.cat\/fr\/allotjament\/corts-biosca-pcc0023\/","title":{"rendered":"Les Corts de Biosca (PCC00023)"},"content":{"rendered":"Construction rurale typique \u00e0 l&rsquo;int\u00e9rieur de la Catalogne avec une capacit\u00e9 d&rsquo;h\u00e9bergement de 5 personnes (+1 en suppl\u00e9ment). Olmo Centenario \u00e0 c\u00f4t\u00e9 de la maison et une vue splendide sur Montserrat. La maison a une biblioth\u00e8que.<br \/>\nChauffage avec bois \u00e0 br\u00fbler, chemin\u00e9e, TV, cha\u00eene hi-fi, connexion \u00e0 Inernet dans toute la maison, terrasse avec mobilier et zone ombrag\u00e9e.<\/p>\n<p>&#8211; G\u00e9oparc Catalunya Central (Unesco)<br \/>\n&#8211; Zone naturelle Castelltallat<br \/>\n&#8211; Parcours balis\u00e9 et document\u00e9 de la culture rurale.<br \/>\n&#8211; piscine<br \/>\n&#8211; Foosball<br \/>\n&#8211; Salle de r\u00e9union et de f\u00eate pouvant accueillir 16 personnes","protected":false},"author":28,"featured_media":13513,"template":"","class_list":["post-53","allotjament","type-allotjament","status-publish","has-post-thumbnail","hentry","municipi-sant-mateu-de-bages","indicadors-geoparc-de-la-catalunya-central","indicadors-biosphere","indicadors-pit","indicadors-familiar","tipus-allotjament-turisme-rural"],"acf":{"adreca":"Casa Biosca, Castelltallat (Sant Mateu de Bages)","web":"http:\/\/bioscaielmas.com\/","email":"bioscaielmas@gmail.com","tel":"648057662 \u00b7 93 836 61 35","galeria":[{"ID":13513,"id":13513,"title":"corts de biosca fa\u00e7ana","filename":"corts-de-biosca-003.jpg","filesize":3218741,"url":"https:\/\/www.bagesturisme.cat\/wp-content\/uploads\/2018\/12\/corts-de-biosca-003.jpg","link":"https:\/\/www.bagesturisme.cat\/fr\/allotjament\/corts-biosca-pcc0023\/corts-de-biosca-003\/","alt":"","author":"3","description":"","caption":"","name":"corts-de-biosca-003","status":"inherit","uploaded_to":53,"date":"2023-10-17 11:18:49","modified":"2023-10-17 11:28:28","menu_order":0,"mime_type":"image\/jpeg","type":"image","subtype":"jpeg","icon":"https:\/\/www.bagesturisme.cat\/wp-includes\/images\/media\/default.png","width":2200,"height":1464,"sizes":{"thumbnail":"https:\/\/www.bagesturisme.cat\/wp-content\/uploads\/2018\/12\/corts-de-biosca-003-150x150.jpg","thumbnail-width":150,"thumbnail-height":150,"medium":"https:\/\/www.bagesturisme.cat\/wp-content\/uploads\/2018\/12\/corts-de-biosca-003-601x400.jpg","medium-width":601,"medium-height":400,"medium_large":"https:\/\/www.bagesturisme.cat\/wp-content\/uploads\/2018\/12\/corts-de-biosca-003-768x511.jpg","medium_large-width":768,"medium_large-height":511,"large":"https:\/\/www.bagesturisme.cat\/wp-content\/uploads\/2018\/12\/corts-de-biosca-003-1280x852.jpg","large-width":1170,"large-height":779,"1536x1536":"https:\/\/www.bagesturisme.cat\/wp-content\/uploads\/2018\/12\/corts-de-biosca-003-1536x1022.jpg","1536x1536-width":1536,"1536x1536-height":1022,"2048x2048":"https:\/\/www.bagesturisme.cat\/wp-content\/uploads\/2018\/12\/corts-de-biosca-003-2048x1363.jpg","2048x2048-width":2048,"2048x2048-height":1363,"blog-large":"https:\/\/www.bagesturisme.cat\/wp-content\/uploads\/2018\/12\/corts-de-biosca-003.jpg","blog-large-width":409,"blog-large-height":272,"blog-medium":"https:\/\/www.bagesturisme.cat\/wp-content\/uploads\/2018\/12\/corts-de-biosca-003.jpg","blog-medium-width":304,"blog-medium-height":202,"recent-posts":"https:\/\/www.bagesturisme.cat\/wp-content\/uploads\/2018\/12\/corts-de-biosca-003.jpg","recent-posts-width":663,"recent-posts-height":441,"recent-works-thumbnail":"https:\/\/www.bagesturisme.cat\/wp-content\/uploads\/2018\/12\/corts-de-biosca-003.jpg","recent-works-thumbnail-width":66,"recent-works-thumbnail-height":44,"fusion-200":"https:\/\/www.bagesturisme.cat\/wp-content\/uploads\/2018\/12\/corts-de-biosca-003.jpg","fusion-200-width":200,"fusion-200-height":133,"fusion-400":"https:\/\/www.bagesturisme.cat\/wp-content\/uploads\/2018\/12\/corts-de-biosca-003.jpg","fusion-400-width":400,"fusion-400-height":266,"fusion-600":"https:\/\/www.bagesturisme.cat\/wp-content\/uploads\/2018\/12\/corts-de-biosca-003.jpg","fusion-600-width":600,"fusion-600-height":399,"fusion-800":"https:\/\/www.bagesturisme.cat\/wp-content\/uploads\/2018\/12\/corts-de-biosca-003.jpg","fusion-800-width":800,"fusion-800-height":532,"fusion-1200":"https:\/\/www.bagesturisme.cat\/wp-content\/uploads\/2018\/12\/corts-de-biosca-003.jpg","fusion-1200-width":1200,"fusion-1200-height":799,"portfolio-full":"https:\/\/www.bagesturisme.cat\/wp-content\/uploads\/2018\/12\/corts-de-biosca-003.jpg","portfolio-full-width":601,"portfolio-full-height":400,"portfolio-one":"https:\/\/www.bagesturisme.cat\/wp-content\/uploads\/2018\/12\/corts-de-biosca-003.jpg","portfolio-one-width":409,"portfolio-one-height":272,"portfolio-two":"https:\/\/www.bagesturisme.cat\/wp-content\/uploads\/2018\/12\/corts-de-biosca-003.jpg","portfolio-two-width":443,"portfolio-two-height":295,"portfolio-three":"https:\/\/www.bagesturisme.cat\/wp-content\/uploads\/2018\/12\/corts-de-biosca-003.jpg","portfolio-three-width":300,"portfolio-three-height":200,"portfolio-five":"https:\/\/www.bagesturisme.cat\/wp-content\/uploads\/2018\/12\/corts-de-biosca-003.jpg","portfolio-five-width":177,"portfolio-five-height":118}},{"ID":13516,"id":13516,"title":"corts de biosca fa\u00e7ana","filename":"corts-de-biosca-006.jpg","filesize":4001758,"url":"https:\/\/www.bagesturisme.cat\/wp-content\/uploads\/2018\/12\/corts-de-biosca-006.jpg","link":"https:\/\/www.bagesturisme.cat\/fr\/allotjament\/corts-biosca-pcc0023\/corts-de-biosca-006\/","alt":"","author":"3","description":"","caption":"","name":"corts-de-biosca-006","status":"inherit","uploaded_to":53,"date":"2023-10-17 11:19:47","modified":"2023-10-17 11:28:14","menu_order":0,"mime_type":"image\/jpeg","type":"image","subtype":"jpeg","icon":"https:\/\/www.bagesturisme.cat\/wp-includes\/images\/media\/default.png","width":2200,"height":1464,"sizes":{"thumbnail":"https:\/\/www.bagesturisme.cat\/wp-content\/uploads\/2018\/12\/corts-de-biosca-006-150x150.jpg","thumbnail-width":150,"thumbnail-height":150,"medium":"https:\/\/www.bagesturisme.cat\/wp-content\/uploads\/2018\/12\/corts-de-biosca-006-601x400.jpg","medium-width":601,"medium-height":400,"medium_large":"https:\/\/www.bagesturisme.cat\/wp-content\/uploads\/2018\/12\/corts-de-biosca-006-768x511.jpg","medium_large-width":768,"medium_large-height":511,"large":"https:\/\/www.bagesturisme.cat\/wp-content\/uploads\/2018\/12\/corts-de-biosca-006-1280x852.jpg","large-width":1170,"large-height":779,"1536x1536":"https:\/\/www.bagesturisme.cat\/wp-content\/uploads\/2018\/12\/corts-de-biosca-006-1536x1022.jpg","1536x1536-width":1536,"1536x1536-height":1022,"2048x2048":"https:\/\/www.bagesturisme.cat\/wp-content\/uploads\/2018\/12\/corts-de-biosca-006-2048x1363.jpg","2048x2048-width":2048,"2048x2048-height":1363,"blog-large":"https:\/\/www.bagesturisme.cat\/wp-content\/uploads\/2018\/12\/corts-de-biosca-006.jpg","blog-large-width":409,"blog-large-height":272,"blog-medium":"https:\/\/www.bagesturisme.cat\/wp-content\/uploads\/2018\/12\/corts-de-biosca-006.jpg","blog-medium-width":304,"blog-medium-height":202,"recent-posts":"https:\/\/www.bagesturisme.cat\/wp-content\/uploads\/2018\/12\/corts-de-biosca-006.jpg","recent-posts-width":663,"recent-posts-height":441,"recent-works-thumbnail":"https:\/\/www.bagesturisme.cat\/wp-content\/uploads\/2018\/12\/corts-de-biosca-006.jpg","recent-works-thumbnail-width":66,"recent-works-thumbnail-height":44,"fusion-200":"https:\/\/www.bagesturisme.cat\/wp-content\/uploads\/2018\/12\/corts-de-biosca-006.jpg","fusion-200-width":200,"fusion-200-height":133,"fusion-400":"https:\/\/www.bagesturisme.cat\/wp-content\/uploads\/2018\/12\/corts-de-biosca-006.jpg","fusion-400-width":400,"fusion-400-height":266,"fusion-600":"https:\/\/www.bagesturisme.cat\/wp-content\/uploads\/2018\/12\/corts-de-biosca-006.jpg","fusion-600-width":600,"fusion-600-height":399,"fusion-800":"https:\/\/www.bagesturisme.cat\/wp-content\/uploads\/2018\/12\/corts-de-biosca-006.jpg","fusion-800-width":800,"fusion-800-height":532,"fusion-1200":"https:\/\/www.bagesturisme.cat\/wp-content\/uploads\/2018\/12\/corts-de-biosca-006.jpg","fusion-1200-width":1200,"fusion-1200-height":799,"portfolio-full":"https:\/\/www.bagesturisme.cat\/wp-content\/uploads\/2018\/12\/corts-de-biosca-006.jpg","portfolio-full-width":601,"portfolio-full-height":400,"portfolio-one":"https:\/\/www.bagesturisme.cat\/wp-content\/uploads\/2018\/12\/corts-de-biosca-006.jpg","portfolio-one-width":409,"portfolio-one-height":272,"portfolio-two":"https:\/\/www.bagesturisme.cat\/wp-content\/uploads\/2018\/12\/corts-de-biosca-006.jpg","portfolio-two-width":443,"portfolio-two-height":295,"portfolio-three":"https:\/\/www.bagesturisme.cat\/wp-content\/uploads\/2018\/12\/corts-de-biosca-006.jpg","portfolio-three-width":300,"portfolio-three-height":200,"portfolio-five":"https:\/\/www.bagesturisme.cat\/wp-content\/uploads\/2018\/12\/corts-de-biosca-006.jpg","portfolio-five-width":177,"portfolio-five-height":118}},{"ID":13532,"id":13532,"title":"corts de biosca piscina","filename":"corts-de-biosca-074.jpg","filesize":2841670,"url":"https:\/\/www.bagesturisme.cat\/wp-content\/uploads\/2018\/12\/corts-de-biosca-074.jpg","link":"https:\/\/www.bagesturisme.cat\/fr\/allotjament\/corts-biosca-pcc0023\/corts-de-biosca-074\/","alt":"","author":"3","description":"","caption":"","name":"corts-de-biosca-074","status":"inherit","uploaded_to":53,"date":"2023-10-17 11:24:53","modified":"2023-10-17 11:27:05","menu_order":0,"mime_type":"image\/jpeg","type":"image","subtype":"jpeg","icon":"https:\/\/www.bagesturisme.cat\/wp-includes\/images\/media\/default.png","width":2200,"height":1464,"sizes":{"thumbnail":"https:\/\/www.bagesturisme.cat\/wp-content\/uploads\/2018\/12\/corts-de-biosca-074-150x150.jpg","thumbnail-width":150,"thumbnail-height":150,"medium":"https:\/\/www.bagesturisme.cat\/wp-content\/uploads\/2018\/12\/corts-de-biosca-074-601x400.jpg","medium-width":601,"medium-height":400,"medium_large":"https:\/\/www.bagesturisme.cat\/wp-content\/uploads\/2018\/12\/corts-de-biosca-074-768x511.jpg","medium_large-width":768,"medium_large-height":511,"large":"https:\/\/www.bagesturisme.cat\/wp-content\/uploads\/2018\/12\/corts-de-biosca-074-1280x852.jpg","large-width":1170,"large-height":779,"1536x1536":"https:\/\/www.bagesturisme.cat\/wp-content\/uploads\/2018\/12\/corts-de-biosca-074-1536x1022.jpg","1536x1536-width":1536,"1536x1536-height":1022,"2048x2048":"https:\/\/www.bagesturisme.cat\/wp-content\/uploads\/2018\/12\/corts-de-biosca-074-2048x1363.jpg","2048x2048-width":2048,"2048x2048-height":1363,"blog-large":"https:\/\/www.bagesturisme.cat\/wp-content\/uploads\/2018\/12\/corts-de-biosca-074.jpg","blog-large-width":409,"blog-large-height":272,"blog-medium":"https:\/\/www.bagesturisme.cat\/wp-content\/uploads\/2018\/12\/corts-de-biosca-074.jpg","blog-medium-width":304,"blog-medium-height":202,"recent-posts":"https:\/\/www.bagesturisme.cat\/wp-content\/uploads\/2018\/12\/corts-de-biosca-074.jpg","recent-posts-width":663,"recent-posts-height":441,"recent-works-thumbnail":"https:\/\/www.bagesturisme.cat\/wp-content\/uploads\/2018\/12\/corts-de-biosca-074.jpg","recent-works-thumbnail-width":66,"recent-works-thumbnail-height":44,"fusion-200":"https:\/\/www.bagesturisme.cat\/wp-content\/uploads\/2018\/12\/corts-de-biosca-074.jpg","fusion-200-width":200,"fusion-200-height":133,"fusion-400":"https:\/\/www.bagesturisme.cat\/wp-content\/uploads\/2018\/12\/corts-de-biosca-074.jpg","fusion-400-width":400,"fusion-400-height":266,"fusion-600":"https:\/\/www.bagesturisme.cat\/wp-content\/uploads\/2018\/12\/corts-de-biosca-074.jpg","fusion-600-width":600,"fusion-600-height":399,"fusion-800":"https:\/\/www.bagesturisme.cat\/wp-content\/uploads\/2018\/12\/corts-de-biosca-074.jpg","fusion-800-width":800,"fusion-800-height":532,"fusion-1200":"https:\/\/www.bagesturisme.cat\/wp-content\/uploads\/2018\/12\/corts-de-biosca-074.jpg","fusion-1200-width":1200,"fusion-1200-height":799,"portfolio-full":"https:\/\/www.bagesturisme.cat\/wp-content\/uploads\/2018\/12\/corts-de-biosca-074.jpg","portfolio-full-width":601,"portfolio-full-height":400,"portfolio-one":"https:\/\/www.bagesturisme.cat\/wp-content\/uploads\/2018\/12\/corts-de-biosca-074.jpg","portfolio-one-width":409,"portfolio-one-height":272,"portfolio-two":"https:\/\/www.bagesturisme.cat\/wp-content\/uploads\/2018\/12\/corts-de-biosca-074.jpg","portfolio-two-width":443,"portfolio-two-height":295,"portfolio-three":"https:\/\/www.bagesturisme.cat\/wp-content\/uploads\/2018\/12\/corts-de-biosca-074.jpg","portfolio-three-width":300,"portfolio-three-height":200,"portfolio-five":"https:\/\/www.bagesturisme.cat\/wp-content\/uploads\/2018\/12\/corts-de-biosca-074.jpg","portfolio-five-width":177,"portfolio-five-height":118}},{"ID":13528,"id":13528,"title":"corts de biosca terrassa","filename":"corts-de-biosca-055.jpg","filesize":1926734,"url":"https:\/\/www.bagesturisme.cat\/wp-content\/uploads\/2018\/12\/corts-de-biosca-055.jpg","link":"https:\/\/www.bagesturisme.cat\/fr\/allotjament\/corts-biosca-pcc0023\/corts-de-biosca-055\/","alt":"","author":"3","description":"","caption":"","name":"corts-de-biosca-055","status":"inherit","uploaded_to":53,"date":"2023-10-17 11:23:47","modified":"2023-10-17 11:27:09","menu_order":0,"mime_type":"image\/jpeg","type":"image","subtype":"jpeg","icon":"https:\/\/www.bagesturisme.cat\/wp-includes\/images\/media\/default.png","width":1464,"height":2200,"sizes":{"thumbnail":"https:\/\/www.bagesturisme.cat\/wp-content\/uploads\/2018\/12\/corts-de-biosca-055-150x150.jpg","thumbnail-width":150,"thumbnail-height":150,"medium":"https:\/\/www.bagesturisme.cat\/wp-content\/uploads\/2018\/12\/corts-de-biosca-055-266x400.jpg","medium-width":266,"medium-height":400,"medium_large":"https:\/\/www.bagesturisme.cat\/wp-content\/uploads\/2018\/12\/corts-de-biosca-055-768x1154.jpg","medium_large-width":768,"medium_large-height":1154,"large":"https:\/\/www.bagesturisme.cat\/wp-content\/uploads\/2018\/12\/corts-de-biosca-055-681x1024.jpg","large-width":681,"large-height":1024,"1536x1536":"https:\/\/www.bagesturisme.cat\/wp-content\/uploads\/2018\/12\/corts-de-biosca-055-1022x1536.jpg","1536x1536-width":1022,"1536x1536-height":1536,"2048x2048":"https:\/\/www.bagesturisme.cat\/wp-content\/uploads\/2018\/12\/corts-de-biosca-055-1363x2048.jpg","2048x2048-width":1363,"2048x2048-height":2048,"blog-large":"https:\/\/www.bagesturisme.cat\/wp-content\/uploads\/2018\/12\/corts-de-biosca-055.jpg","blog-large-width":181,"blog-large-height":272,"blog-medium":"https:\/\/www.bagesturisme.cat\/wp-content\/uploads\/2018\/12\/corts-de-biosca-055.jpg","blog-medium-width":134,"blog-medium-height":202,"recent-posts":"https:\/\/www.bagesturisme.cat\/wp-content\/uploads\/2018\/12\/corts-de-biosca-055.jpg","recent-posts-width":293,"recent-posts-height":441,"recent-works-thumbnail":"https:\/\/www.bagesturisme.cat\/wp-content\/uploads\/2018\/12\/corts-de-biosca-055.jpg","recent-works-thumbnail-width":44,"recent-works-thumbnail-height":66,"fusion-200":"https:\/\/www.bagesturisme.cat\/wp-content\/uploads\/2018\/12\/corts-de-biosca-055.jpg","fusion-200-width":200,"fusion-200-height":301,"fusion-400":"https:\/\/www.bagesturisme.cat\/wp-content\/uploads\/2018\/12\/corts-de-biosca-055.jpg","fusion-400-width":400,"fusion-400-height":601,"fusion-600":"https:\/\/www.bagesturisme.cat\/wp-content\/uploads\/2018\/12\/corts-de-biosca-055.jpg","fusion-600-width":600,"fusion-600-height":902,"fusion-800":"https:\/\/www.bagesturisme.cat\/wp-content\/uploads\/2018\/12\/corts-de-biosca-055.jpg","fusion-800-width":800,"fusion-800-height":1202,"fusion-1200":"https:\/\/www.bagesturisme.cat\/wp-content\/uploads\/2018\/12\/corts-de-biosca-055.jpg","fusion-1200-width":1200,"fusion-1200-height":1803,"portfolio-full":"https:\/\/www.bagesturisme.cat\/wp-content\/uploads\/2018\/12\/corts-de-biosca-055.jpg","portfolio-full-width":266,"portfolio-full-height":400,"portfolio-one":"https:\/\/www.bagesturisme.cat\/wp-content\/uploads\/2018\/12\/corts-de-biosca-055.jpg","portfolio-one-width":181,"portfolio-one-height":272,"portfolio-two":"https:\/\/www.bagesturisme.cat\/wp-content\/uploads\/2018\/12\/corts-de-biosca-055.jpg","portfolio-two-width":196,"portfolio-two-height":295,"portfolio-three":"https:\/\/www.bagesturisme.cat\/wp-content\/uploads\/2018\/12\/corts-de-biosca-055.jpg","portfolio-three-width":142,"portfolio-three-height":214,"portfolio-five":"https:\/\/www.bagesturisme.cat\/wp-content\/uploads\/2018\/12\/corts-de-biosca-055.jpg","portfolio-five-width":94,"portfolio-five-height":142}},{"ID":13523,"id":13523,"title":"corts de biosca  habitaci\u00f3 llibreria","filename":"corts-de-biosca-042.jpg","filesize":2870397,"url":"https:\/\/www.bagesturisme.cat\/wp-content\/uploads\/2018\/12\/corts-de-biosca-042.jpg","link":"https:\/\/www.bagesturisme.cat\/fr\/allotjament\/corts-biosca-pcc0023\/corts-de-biosca-042\/","alt":"","author":"3","description":"","caption":"","name":"corts-de-biosca-042","status":"inherit","uploaded_to":53,"date":"2023-10-17 11:21:17","modified":"2023-10-17 11:27:36","menu_order":0,"mime_type":"image\/jpeg","type":"image","subtype":"jpeg","icon":"https:\/\/www.bagesturisme.cat\/wp-includes\/images\/media\/default.png","width":2200,"height":1464,"sizes":{"thumbnail":"https:\/\/www.bagesturisme.cat\/wp-content\/uploads\/2018\/12\/corts-de-biosca-042-150x150.jpg","thumbnail-width":150,"thumbnail-height":150,"medium":"https:\/\/www.bagesturisme.cat\/wp-content\/uploads\/2018\/12\/corts-de-biosca-042-601x400.jpg","medium-width":601,"medium-height":400,"medium_large":"https:\/\/www.bagesturisme.cat\/wp-content\/uploads\/2018\/12\/corts-de-biosca-042-768x511.jpg","medium_large-width":768,"medium_large-height":511,"large":"https:\/\/www.bagesturisme.cat\/wp-content\/uploads\/2018\/12\/corts-de-biosca-042-1280x852.jpg","large-width":1170,"large-height":779,"1536x1536":"https:\/\/www.bagesturisme.cat\/wp-content\/uploads\/2018\/12\/corts-de-biosca-042-1536x1022.jpg","1536x1536-width":1536,"1536x1536-height":1022,"2048x2048":"https:\/\/www.bagesturisme.cat\/wp-content\/uploads\/2018\/12\/corts-de-biosca-042-2048x1363.jpg","2048x2048-width":2048,"2048x2048-height":1363,"blog-large":"https:\/\/www.bagesturisme.cat\/wp-content\/uploads\/2018\/12\/corts-de-biosca-042.jpg","blog-large-width":409,"blog-large-height":272,"blog-medium":"https:\/\/www.bagesturisme.cat\/wp-content\/uploads\/2018\/12\/corts-de-biosca-042.jpg","blog-medium-width":304,"blog-medium-height":202,"recent-posts":"https:\/\/www.bagesturisme.cat\/wp-content\/uploads\/2018\/12\/corts-de-biosca-042.jpg","recent-posts-width":663,"recent-posts-height":441,"recent-works-thumbnail":"https:\/\/www.bagesturisme.cat\/wp-content\/uploads\/2018\/12\/corts-de-biosca-042.jpg","recent-works-thumbnail-width":66,"recent-works-thumbnail-height":44,"fusion-200":"https:\/\/www.bagesturisme.cat\/wp-content\/uploads\/2018\/12\/corts-de-biosca-042.jpg","fusion-200-width":200,"fusion-200-height":133,"fusion-400":"https:\/\/www.bagesturisme.cat\/wp-content\/uploads\/2018\/12\/corts-de-biosca-042.jpg","fusion-400-width":400,"fusion-400-height":266,"fusion-600":"https:\/\/www.bagesturisme.cat\/wp-content\/uploads\/2018\/12\/corts-de-biosca-042.jpg","fusion-600-width":600,"fusion-600-height":399,"fusion-800":"https:\/\/www.bagesturisme.cat\/wp-content\/uploads\/2018\/12\/corts-de-biosca-042.jpg","fusion-800-width":800,"fusion-800-height":532,"fusion-1200":"https:\/\/www.bagesturisme.cat\/wp-content\/uploads\/2018\/12\/corts-de-biosca-042.jpg","fusion-1200-width":1200,"fusion-1200-height":799,"portfolio-full":"https:\/\/www.bagesturisme.cat\/wp-content\/uploads\/2018\/12\/corts-de-biosca-042.jpg","portfolio-full-width":601,"portfolio-full-height":400,"portfolio-one":"https:\/\/www.bagesturisme.cat\/wp-content\/uploads\/2018\/12\/corts-de-biosca-042.jpg","portfolio-one-width":409,"portfolio-one-height":272,"portfolio-two":"https:\/\/www.bagesturisme.cat\/wp-content\/uploads\/2018\/12\/corts-de-biosca-042.jpg","portfolio-two-width":443,"portfolio-two-height":295,"portfolio-three":"https:\/\/www.bagesturisme.cat\/wp-content\/uploads\/2018\/12\/corts-de-biosca-042.jpg","portfolio-three-width":300,"portfolio-three-height":200,"portfolio-five":"https:\/\/www.bagesturisme.cat\/wp-content\/uploads\/2018\/12\/corts-de-biosca-042.jpg","portfolio-five-width":177,"portfolio-five-height":118}},{"ID":13517,"id":13517,"title":"corts de biosca vistes montserrat","filename":"corts-de-biosca-008.jpg","filesize":2347928,"url":"https:\/\/www.bagesturisme.cat\/wp-content\/uploads\/2018\/12\/corts-de-biosca-008.jpg","link":"https:\/\/www.bagesturisme.cat\/fr\/allotjament\/corts-biosca-pcc0023\/corts-de-biosca-008\/","alt":"","author":"3","description":"","caption":"","name":"corts-de-biosca-008","status":"inherit","uploaded_to":53,"date":"2023-10-17 11:19:52","modified":"2023-10-17 11:28:07","menu_order":0,"mime_type":"image\/jpeg","type":"image","subtype":"jpeg","icon":"https:\/\/www.bagesturisme.cat\/wp-includes\/images\/media\/default.png","width":1464,"height":2200,"sizes":{"thumbnail":"https:\/\/www.bagesturisme.cat\/wp-content\/uploads\/2018\/12\/corts-de-biosca-008-150x150.jpg","thumbnail-width":150,"thumbnail-height":150,"medium":"https:\/\/www.bagesturisme.cat\/wp-content\/uploads\/2018\/12\/corts-de-biosca-008-266x400.jpg","medium-width":266,"medium-height":400,"medium_large":"https:\/\/www.bagesturisme.cat\/wp-content\/uploads\/2018\/12\/corts-de-biosca-008-768x1154.jpg","medium_large-width":768,"medium_large-height":1154,"large":"https:\/\/www.bagesturisme.cat\/wp-content\/uploads\/2018\/12\/corts-de-biosca-008-681x1024.jpg","large-width":681,"large-height":1024,"1536x1536":"https:\/\/www.bagesturisme.cat\/wp-content\/uploads\/2018\/12\/corts-de-biosca-008-1022x1536.jpg","1536x1536-width":1022,"1536x1536-height":1536,"2048x2048":"https:\/\/www.bagesturisme.cat\/wp-content\/uploads\/2018\/12\/corts-de-biosca-008-1363x2048.jpg","2048x2048-width":1363,"2048x2048-height":2048,"blog-large":"https:\/\/www.bagesturisme.cat\/wp-content\/uploads\/2018\/12\/corts-de-biosca-008.jpg","blog-large-width":181,"blog-large-height":272,"blog-medium":"https:\/\/www.bagesturisme.cat\/wp-content\/uploads\/2018\/12\/corts-de-biosca-008.jpg","blog-medium-width":134,"blog-medium-height":202,"recent-posts":"https:\/\/www.bagesturisme.cat\/wp-content\/uploads\/2018\/12\/corts-de-biosca-008.jpg","recent-posts-width":293,"recent-posts-height":441,"recent-works-thumbnail":"https:\/\/www.bagesturisme.cat\/wp-content\/uploads\/2018\/12\/corts-de-biosca-008.jpg","recent-works-thumbnail-width":44,"recent-works-thumbnail-height":66,"fusion-200":"https:\/\/www.bagesturisme.cat\/wp-content\/uploads\/2018\/12\/corts-de-biosca-008.jpg","fusion-200-width":200,"fusion-200-height":301,"fusion-400":"https:\/\/www.bagesturisme.cat\/wp-content\/uploads\/2018\/12\/corts-de-biosca-008.jpg","fusion-400-width":400,"fusion-400-height":601,"fusion-600":"https:\/\/www.bagesturisme.cat\/wp-content\/uploads\/2018\/12\/corts-de-biosca-008.jpg","fusion-600-width":600,"fusion-600-height":902,"fusion-800":"https:\/\/www.bagesturisme.cat\/wp-content\/uploads\/2018\/12\/corts-de-biosca-008.jpg","fusion-800-width":800,"fusion-800-height":1202,"fusion-1200":"https:\/\/www.bagesturisme.cat\/wp-content\/uploads\/2018\/12\/corts-de-biosca-008.jpg","fusion-1200-width":1200,"fusion-1200-height":1803,"portfolio-full":"https:\/\/www.bagesturisme.cat\/wp-content\/uploads\/2018\/12\/corts-de-biosca-008.jpg","portfolio-full-width":266,"portfolio-full-height":400,"portfolio-one":"https:\/\/www.bagesturisme.cat\/wp-content\/uploads\/2018\/12\/corts-de-biosca-008.jpg","portfolio-one-width":181,"portfolio-one-height":272,"portfolio-two":"https:\/\/www.bagesturisme.cat\/wp-content\/uploads\/2018\/12\/corts-de-biosca-008.jpg","portfolio-two-width":196,"portfolio-two-height":295,"portfolio-three":"https:\/\/www.bagesturisme.cat\/wp-content\/uploads\/2018\/12\/corts-de-biosca-008.jpg","portfolio-three-width":142,"portfolio-three-height":214,"portfolio-five":"https:\/\/www.bagesturisme.cat\/wp-content\/uploads\/2018\/12\/corts-de-biosca-008.jpg","portfolio-five-width":94,"portfolio-five-height":142}},{"ID":13515,"id":13515,"title":"corts de biosca habitaci\u00f3","filename":"corts-de-biosca-024.jpg","filesize":1249751,"url":"https:\/\/www.bagesturisme.cat\/wp-content\/uploads\/2018\/12\/corts-de-biosca-024.jpg","link":"https:\/\/www.bagesturisme.cat\/fr\/allotjament\/corts-biosca-pcc0023\/corts-de-biosca-024\/","alt":"","author":"3","description":"","caption":"","name":"corts-de-biosca-024","status":"inherit","uploaded_to":53,"date":"2023-10-17 11:19:44","modified":"2023-10-17 11:28:19","menu_order":0,"mime_type":"image\/jpeg","type":"image","subtype":"jpeg","icon":"https:\/\/www.bagesturisme.cat\/wp-includes\/images\/media\/default.png","width":1464,"height":2200,"sizes":{"thumbnail":"https:\/\/www.bagesturisme.cat\/wp-content\/uploads\/2018\/12\/corts-de-biosca-024-150x150.jpg","thumbnail-width":150,"thumbnail-height":150,"medium":"https:\/\/www.bagesturisme.cat\/wp-content\/uploads\/2018\/12\/corts-de-biosca-024-266x400.jpg","medium-width":266,"medium-height":400,"medium_large":"https:\/\/www.bagesturisme.cat\/wp-content\/uploads\/2018\/12\/corts-de-biosca-024-768x1154.jpg","medium_large-width":768,"medium_large-height":1154,"large":"https:\/\/www.bagesturisme.cat\/wp-content\/uploads\/2018\/12\/corts-de-biosca-024-681x1024.jpg","large-width":681,"large-height":1024,"1536x1536":"https:\/\/www.bagesturisme.cat\/wp-content\/uploads\/2018\/12\/corts-de-biosca-024-1022x1536.jpg","1536x1536-width":1022,"1536x1536-height":1536,"2048x2048":"https:\/\/www.bagesturisme.cat\/wp-content\/uploads\/2018\/12\/corts-de-biosca-024-1363x2048.jpg","2048x2048-width":1363,"2048x2048-height":2048,"blog-large":"https:\/\/www.bagesturisme.cat\/wp-content\/uploads\/2018\/12\/corts-de-biosca-024.jpg","blog-large-width":181,"blog-large-height":272,"blog-medium":"https:\/\/www.bagesturisme.cat\/wp-content\/uploads\/2018\/12\/corts-de-biosca-024.jpg","blog-medium-width":134,"blog-medium-height":202,"recent-posts":"https:\/\/www.bagesturisme.cat\/wp-content\/uploads\/2018\/12\/corts-de-biosca-024.jpg","recent-posts-width":293,"recent-posts-height":441,"recent-works-thumbnail":"https:\/\/www.bagesturisme.cat\/wp-content\/uploads\/2018\/12\/corts-de-biosca-024.jpg","recent-works-thumbnail-width":44,"recent-works-thumbnail-height":66,"fusion-200":"https:\/\/www.bagesturisme.cat\/wp-content\/uploads\/2018\/12\/corts-de-biosca-024.jpg","fusion-200-width":200,"fusion-200-height":301,"fusion-400":"https:\/\/www.bagesturisme.cat\/wp-content\/uploads\/2018\/12\/corts-de-biosca-024.jpg","fusion-400-width":400,"fusion-400-height":601,"fusion-600":"https:\/\/www.bagesturisme.cat\/wp-content\/uploads\/2018\/12\/corts-de-biosca-024.jpg","fusion-600-width":600,"fusion-600-height":902,"fusion-800":"https:\/\/www.bagesturisme.cat\/wp-content\/uploads\/2018\/12\/corts-de-biosca-024.jpg","fusion-800-width":800,"fusion-800-height":1202,"fusion-1200":"https:\/\/www.bagesturisme.cat\/wp-content\/uploads\/2018\/12\/corts-de-biosca-024.jpg","fusion-1200-width":1200,"fusion-1200-height":1803,"portfolio-full":"https:\/\/www.bagesturisme.cat\/wp-content\/uploads\/2018\/12\/corts-de-biosca-024.jpg","portfolio-full-width":266,"portfolio-full-height":400,"portfolio-one":"https:\/\/www.bagesturisme.cat\/wp-content\/uploads\/2018\/12\/corts-de-biosca-024.jpg","portfolio-one-width":181,"portfolio-one-height":272,"portfolio-two":"https:\/\/www.bagesturisme.cat\/wp-content\/uploads\/2018\/12\/corts-de-biosca-024.jpg","portfolio-two-width":196,"portfolio-two-height":295,"portfolio-three":"https:\/\/www.bagesturisme.cat\/wp-content\/uploads\/2018\/12\/corts-de-biosca-024.jpg","portfolio-three-width":142,"portfolio-three-height":214,"portfolio-five":"https:\/\/www.bagesturisme.cat\/wp-content\/uploads\/2018\/12\/corts-de-biosca-024.jpg","portfolio-five-width":94,"portfolio-five-height":142}},{"ID":13526,"id":13526,"title":"corts de biosca habitaci\u00f3","filename":"corts-de-biosca-050.jpg","filesize":2306941,"url":"https:\/\/www.bagesturisme.cat\/wp-content\/uploads\/2018\/12\/corts-de-biosca-050.jpg","link":"https:\/\/www.bagesturisme.cat\/fr\/allotjament\/corts-biosca-pcc0023\/corts-de-biosca-050\/","alt":"","author":"3","description":"","caption":"","name":"corts-de-biosca-050","status":"inherit","uploaded_to":53,"date":"2023-10-17 11:23:32","modified":"2023-10-17 11:27:21","menu_order":0,"mime_type":"image\/jpeg","type":"image","subtype":"jpeg","icon":"https:\/\/www.bagesturisme.cat\/wp-includes\/images\/media\/default.png","width":1464,"height":2200,"sizes":{"thumbnail":"https:\/\/www.bagesturisme.cat\/wp-content\/uploads\/2018\/12\/corts-de-biosca-050-150x150.jpg","thumbnail-width":150,"thumbnail-height":150,"medium":"https:\/\/www.bagesturisme.cat\/wp-content\/uploads\/2018\/12\/corts-de-biosca-050-266x400.jpg","medium-width":266,"medium-height":400,"medium_large":"https:\/\/www.bagesturisme.cat\/wp-content\/uploads\/2018\/12\/corts-de-biosca-050-768x1154.jpg","medium_large-width":768,"medium_large-height":1154,"large":"https:\/\/www.bagesturisme.cat\/wp-content\/uploads\/2018\/12\/corts-de-biosca-050-681x1024.jpg","large-width":681,"large-height":1024,"1536x1536":"https:\/\/www.bagesturisme.cat\/wp-content\/uploads\/2018\/12\/corts-de-biosca-050-1022x1536.jpg","1536x1536-width":1022,"1536x1536-height":1536,"2048x2048":"https:\/\/www.bagesturisme.cat\/wp-content\/uploads\/2018\/12\/corts-de-biosca-050-1363x2048.jpg","2048x2048-width":1363,"2048x2048-height":2048,"blog-large":"https:\/\/www.bagesturisme.cat\/wp-content\/uploads\/2018\/12\/corts-de-biosca-050.jpg","blog-large-width":181,"blog-large-height":272,"blog-medium":"https:\/\/www.bagesturisme.cat\/wp-content\/uploads\/2018\/12\/corts-de-biosca-050.jpg","blog-medium-width":134,"blog-medium-height":202,"recent-posts":"https:\/\/www.bagesturisme.cat\/wp-content\/uploads\/2018\/12\/corts-de-biosca-050.jpg","recent-posts-width":293,"recent-posts-height":441,"recent-works-thumbnail":"https:\/\/www.bagesturisme.cat\/wp-content\/uploads\/2018\/12\/corts-de-biosca-050.jpg","recent-works-thumbnail-width":44,"recent-works-thumbnail-height":66,"fusion-200":"https:\/\/www.bagesturisme.cat\/wp-content\/uploads\/2018\/12\/corts-de-biosca-050.jpg","fusion-200-width":200,"fusion-200-height":301,"fusion-400":"https:\/\/www.bagesturisme.cat\/wp-content\/uploads\/2018\/12\/corts-de-biosca-050.jpg","fusion-400-width":400,"fusion-400-height":601,"fusion-600":"https:\/\/www.bagesturisme.cat\/wp-content\/uploads\/2018\/12\/corts-de-biosca-050.jpg","fusion-600-width":600,"fusion-600-height":902,"fusion-800":"https:\/\/www.bagesturisme.cat\/wp-content\/uploads\/2018\/12\/corts-de-biosca-050.jpg","fusion-800-width":800,"fusion-800-height":1202,"fusion-1200":"https:\/\/www.bagesturisme.cat\/wp-content\/uploads\/2018\/12\/corts-de-biosca-050.jpg","fusion-1200-width":1200,"fusion-1200-height":1803,"portfolio-full":"https:\/\/www.bagesturisme.cat\/wp-content\/uploads\/2018\/12\/corts-de-biosca-050.jpg","portfolio-full-width":266,"portfolio-full-height":400,"portfolio-one":"https:\/\/www.bagesturisme.cat\/wp-content\/uploads\/2018\/12\/corts-de-biosca-050.jpg","portfolio-one-width":181,"portfolio-one-height":272,"portfolio-two":"https:\/\/www.bagesturisme.cat\/wp-content\/uploads\/2018\/12\/corts-de-biosca-050.jpg","portfolio-two-width":196,"portfolio-two-height":295,"portfolio-three":"https:\/\/www.bagesturisme.cat\/wp-content\/uploads\/2018\/12\/corts-de-biosca-050.jpg","portfolio-three-width":142,"portfolio-three-height":214,"portfolio-five":"https:\/\/www.bagesturisme.cat\/wp-content\/uploads\/2018\/12\/corts-de-biosca-050.jpg","portfolio-five-width":94,"portfolio-five-height":142}},{"ID":13519,"id":13519,"title":"corts de biosca bany","filename":"corts-de-biosca-023.jpg","filesize":1906361,"url":"https:\/\/www.bagesturisme.cat\/wp-content\/uploads\/2018\/12\/corts-de-biosca-023.jpg","link":"https:\/\/www.bagesturisme.cat\/fr\/allotjament\/corts-biosca-pcc0023\/corts-de-biosca-023\/","alt":"","author":"3","description":"","caption":"","name":"corts-de-biosca-023","status":"inherit","uploaded_to":53,"date":"2023-10-17 11:20:00","modified":"2023-10-17 11:27:54","menu_order":0,"mime_type":"image\/jpeg","type":"image","subtype":"jpeg","icon":"https:\/\/www.bagesturisme.cat\/wp-includes\/images\/media\/default.png","width":1464,"height":2200,"sizes":{"thumbnail":"https:\/\/www.bagesturisme.cat\/wp-content\/uploads\/2018\/12\/corts-de-biosca-023-150x150.jpg","thumbnail-width":150,"thumbnail-height":150,"medium":"https:\/\/www.bagesturisme.cat\/wp-content\/uploads\/2018\/12\/corts-de-biosca-023-266x400.jpg","medium-width":266,"medium-height":400,"medium_large":"https:\/\/www.bagesturisme.cat\/wp-content\/uploads\/2018\/12\/corts-de-biosca-023-768x1154.jpg","medium_large-width":768,"medium_large-height":1154,"large":"https:\/\/www.bagesturisme.cat\/wp-content\/uploads\/2018\/12\/corts-de-biosca-023-681x1024.jpg","large-width":681,"large-height":1024,"1536x1536":"https:\/\/www.bagesturisme.cat\/wp-content\/uploads\/2018\/12\/corts-de-biosca-023-1022x1536.jpg","1536x1536-width":1022,"1536x1536-height":1536,"2048x2048":"https:\/\/www.bagesturisme.cat\/wp-content\/uploads\/2018\/12\/corts-de-biosca-023-1363x2048.jpg","2048x2048-width":1363,"2048x2048-height":2048,"blog-large":"https:\/\/www.bagesturisme.cat\/wp-content\/uploads\/2018\/12\/corts-de-biosca-023.jpg","blog-large-width":181,"blog-large-height":272,"blog-medium":"https:\/\/www.bagesturisme.cat\/wp-content\/uploads\/2018\/12\/corts-de-biosca-023.jpg","blog-medium-width":134,"blog-medium-height":202,"recent-posts":"https:\/\/www.bagesturisme.cat\/wp-content\/uploads\/2018\/12\/corts-de-biosca-023.jpg","recent-posts-width":293,"recent-posts-height":441,"recent-works-thumbnail":"https:\/\/www.bagesturisme.cat\/wp-content\/uploads\/2018\/12\/corts-de-biosca-023.jpg","recent-works-thumbnail-width":44,"recent-works-thumbnail-height":66,"fusion-200":"https:\/\/www.bagesturisme.cat\/wp-content\/uploads\/2018\/12\/corts-de-biosca-023.jpg","fusion-200-width":200,"fusion-200-height":301,"fusion-400":"https:\/\/www.bagesturisme.cat\/wp-content\/uploads\/2018\/12\/corts-de-biosca-023.jpg","fusion-400-width":400,"fusion-400-height":601,"fusion-600":"https:\/\/www.bagesturisme.cat\/wp-content\/uploads\/2018\/12\/corts-de-biosca-023.jpg","fusion-600-width":600,"fusion-600-height":902,"fusion-800":"https:\/\/www.bagesturisme.cat\/wp-content\/uploads\/2018\/12\/corts-de-biosca-023.jpg","fusion-800-width":800,"fusion-800-height":1202,"fusion-1200":"https:\/\/www.bagesturisme.cat\/wp-content\/uploads\/2018\/12\/corts-de-biosca-023.jpg","fusion-1200-width":1200,"fusion-1200-height":1803,"portfolio-full":"https:\/\/www.bagesturisme.cat\/wp-content\/uploads\/2018\/12\/corts-de-biosca-023.jpg","portfolio-full-width":266,"portfolio-full-height":400,"portfolio-one":"https:\/\/www.bagesturisme.cat\/wp-content\/uploads\/2018\/12\/corts-de-biosca-023.jpg","portfolio-one-width":181,"portfolio-one-height":272,"portfolio-two":"https:\/\/www.bagesturisme.cat\/wp-content\/uploads\/2018\/12\/corts-de-biosca-023.jpg","portfolio-two-width":196,"portfolio-two-height":295,"portfolio-three":"https:\/\/www.bagesturisme.cat\/wp-content\/uploads\/2018\/12\/corts-de-biosca-023.jpg","portfolio-three-width":142,"portfolio-three-height":214,"portfolio-five":"https:\/\/www.bagesturisme.cat\/wp-content\/uploads\/2018\/12\/corts-de-biosca-023.jpg","portfolio-five-width":94,"portfolio-five-height":142}},{"ID":13520,"id":13520,"title":"corts de biosca cuina","filename":"corts-de-biosca-027.jpg","filesize":2385419,"url":"https:\/\/www.bagesturisme.cat\/wp-content\/uploads\/2018\/12\/corts-de-biosca-027.jpg","link":"https:\/\/www.bagesturisme.cat\/fr\/allotjament\/corts-biosca-pcc0023\/corts-de-biosca-027\/","alt":"","author":"3","description":"","caption":"","name":"corts-de-biosca-027","status":"inherit","uploaded_to":53,"date":"2023-10-17 11:20:04","modified":"2023-10-17 11:27:50","menu_order":0,"mime_type":"image\/jpeg","type":"image","subtype":"jpeg","icon":"https:\/\/www.bagesturisme.cat\/wp-includes\/images\/media\/default.png","width":2200,"height":1464,"sizes":{"thumbnail":"https:\/\/www.bagesturisme.cat\/wp-content\/uploads\/2018\/12\/corts-de-biosca-027-150x150.jpg","thumbnail-width":150,"thumbnail-height":150,"medium":"https:\/\/www.bagesturisme.cat\/wp-content\/uploads\/2018\/12\/corts-de-biosca-027-601x400.jpg","medium-width":601,"medium-height":400,"medium_large":"https:\/\/www.bagesturisme.cat\/wp-content\/uploads\/2018\/12\/corts-de-biosca-027-768x511.jpg","medium_large-width":768,"medium_large-height":511,"large":"https:\/\/www.bagesturisme.cat\/wp-content\/uploads\/2018\/12\/corts-de-biosca-027-1280x852.jpg","large-width":1170,"large-height":779,"1536x1536":"https:\/\/www.bagesturisme.cat\/wp-content\/uploads\/2018\/12\/corts-de-biosca-027-1536x1022.jpg","1536x1536-width":1536,"1536x1536-height":1022,"2048x2048":"https:\/\/www.bagesturisme.cat\/wp-content\/uploads\/2018\/12\/corts-de-biosca-027-2048x1363.jpg","2048x2048-width":2048,"2048x2048-height":1363,"blog-large":"https:\/\/www.bagesturisme.cat\/wp-content\/uploads\/2018\/12\/corts-de-biosca-027.jpg","blog-large-width":409,"blog-large-height":272,"blog-medium":"https:\/\/www.bagesturisme.cat\/wp-content\/uploads\/2018\/12\/corts-de-biosca-027.jpg","blog-medium-width":304,"blog-medium-height":202,"recent-posts":"https:\/\/www.bagesturisme.cat\/wp-content\/uploads\/2018\/12\/corts-de-biosca-027.jpg","recent-posts-width":663,"recent-posts-height":441,"recent-works-thumbnail":"https:\/\/www.bagesturisme.cat\/wp-content\/uploads\/2018\/12\/corts-de-biosca-027.jpg","recent-works-thumbnail-width":66,"recent-works-thumbnail-height":44,"fusion-200":"https:\/\/www.bagesturisme.cat\/wp-content\/uploads\/2018\/12\/corts-de-biosca-027.jpg","fusion-200-width":200,"fusion-200-height":133,"fusion-400":"https:\/\/www.bagesturisme.cat\/wp-content\/uploads\/2018\/12\/corts-de-biosca-027.jpg","fusion-400-width":400,"fusion-400-height":266,"fusion-600":"https:\/\/www.bagesturisme.cat\/wp-content\/uploads\/2018\/12\/corts-de-biosca-027.jpg","fusion-600-width":600,"fusion-600-height":399,"fusion-800":"https:\/\/www.bagesturisme.cat\/wp-content\/uploads\/2018\/12\/corts-de-biosca-027.jpg","fusion-800-width":800,"fusion-800-height":532,"fusion-1200":"https:\/\/www.bagesturisme.cat\/wp-content\/uploads\/2018\/12\/corts-de-biosca-027.jpg","fusion-1200-width":1200,"fusion-1200-height":799,"portfolio-full":"https:\/\/www.bagesturisme.cat\/wp-content\/uploads\/2018\/12\/corts-de-biosca-027.jpg","portfolio-full-width":601,"portfolio-full-height":400,"portfolio-one":"https:\/\/www.bagesturisme.cat\/wp-content\/uploads\/2018\/12\/corts-de-biosca-027.jpg","portfolio-one-width":409,"portfolio-one-height":272,"portfolio-two":"https:\/\/www.bagesturisme.cat\/wp-content\/uploads\/2018\/12\/corts-de-biosca-027.jpg","portfolio-two-width":443,"portfolio-two-height":295,"portfolio-three":"https:\/\/www.bagesturisme.cat\/wp-content\/uploads\/2018\/12\/corts-de-biosca-027.jpg","portfolio-three-width":300,"portfolio-three-height":200,"portfolio-five":"https:\/\/www.bagesturisme.cat\/wp-content\/uploads\/2018\/12\/corts-de-biosca-027.jpg","portfolio-five-width":177,"portfolio-five-height":118}},{"ID":13521,"id":13521,"title":"corts de biosca sala","filename":"corts-de-biosca-032.jpg","filesize":2698395,"url":"https:\/\/www.bagesturisme.cat\/wp-content\/uploads\/2018\/12\/corts-de-biosca-032.jpg","link":"https:\/\/www.bagesturisme.cat\/fr\/allotjament\/corts-biosca-pcc0023\/corts-de-biosca-032\/","alt":"","author":"3","description":"","caption":"","name":"corts-de-biosca-032","status":"inherit","uploaded_to":53,"date":"2023-10-17 11:20:58","modified":"2023-10-17 11:27:46","menu_order":0,"mime_type":"image\/jpeg","type":"image","subtype":"jpeg","icon":"https:\/\/www.bagesturisme.cat\/wp-includes\/images\/media\/default.png","width":2200,"height":1464,"sizes":{"thumbnail":"https:\/\/www.bagesturisme.cat\/wp-content\/uploads\/2018\/12\/corts-de-biosca-032-150x150.jpg","thumbnail-width":150,"thumbnail-height":150,"medium":"https:\/\/www.bagesturisme.cat\/wp-content\/uploads\/2018\/12\/corts-de-biosca-032-601x400.jpg","medium-width":601,"medium-height":400,"medium_large":"https:\/\/www.bagesturisme.cat\/wp-content\/uploads\/2018\/12\/corts-de-biosca-032-768x511.jpg","medium_large-width":768,"medium_large-height":511,"large":"https:\/\/www.bagesturisme.cat\/wp-content\/uploads\/2018\/12\/corts-de-biosca-032-1280x852.jpg","large-width":1170,"large-height":779,"1536x1536":"https:\/\/www.bagesturisme.cat\/wp-content\/uploads\/2018\/12\/corts-de-biosca-032-1536x1022.jpg","1536x1536-width":1536,"1536x1536-height":1022,"2048x2048":"https:\/\/www.bagesturisme.cat\/wp-content\/uploads\/2018\/12\/corts-de-biosca-032-2048x1363.jpg","2048x2048-width":2048,"2048x2048-height":1363,"blog-large":"https:\/\/www.bagesturisme.cat\/wp-content\/uploads\/2018\/12\/corts-de-biosca-032.jpg","blog-large-width":409,"blog-large-height":272,"blog-medium":"https:\/\/www.bagesturisme.cat\/wp-content\/uploads\/2018\/12\/corts-de-biosca-032.jpg","blog-medium-width":304,"blog-medium-height":202,"recent-posts":"https:\/\/www.bagesturisme.cat\/wp-content\/uploads\/2018\/12\/corts-de-biosca-032.jpg","recent-posts-width":663,"recent-posts-height":441,"recent-works-thumbnail":"https:\/\/www.bagesturisme.cat\/wp-content\/uploads\/2018\/12\/corts-de-biosca-032.jpg","recent-works-thumbnail-width":66,"recent-works-thumbnail-height":44,"fusion-200":"https:\/\/www.bagesturisme.cat\/wp-content\/uploads\/2018\/12\/corts-de-biosca-032.jpg","fusion-200-width":200,"fusion-200-height":133,"fusion-400":"https:\/\/www.bagesturisme.cat\/wp-content\/uploads\/2018\/12\/corts-de-biosca-032.jpg","fusion-400-width":400,"fusion-400-height":266,"fusion-600":"https:\/\/www.bagesturisme.cat\/wp-content\/uploads\/2018\/12\/corts-de-biosca-032.jpg","fusion-600-width":600,"fusion-600-height":399,"fusion-800":"https:\/\/www.bagesturisme.cat\/wp-content\/uploads\/2018\/12\/corts-de-biosca-032.jpg","fusion-800-width":800,"fusion-800-height":532,"fusion-1200":"https:\/\/www.bagesturisme.cat\/wp-content\/uploads\/2018\/12\/corts-de-biosca-032.jpg","fusion-1200-width":1200,"fusion-1200-height":799,"portfolio-full":"https:\/\/www.bagesturisme.cat\/wp-content\/uploads\/2018\/12\/corts-de-biosca-032.jpg","portfolio-full-width":601,"portfolio-full-height":400,"portfolio-one":"https:\/\/www.bagesturisme.cat\/wp-content\/uploads\/2018\/12\/corts-de-biosca-032.jpg","portfolio-one-width":409,"portfolio-one-height":272,"portfolio-two":"https:\/\/www.bagesturisme.cat\/wp-content\/uploads\/2018\/12\/corts-de-biosca-032.jpg","portfolio-two-width":443,"portfolio-two-height":295,"portfolio-three":"https:\/\/www.bagesturisme.cat\/wp-content\/uploads\/2018\/12\/corts-de-biosca-032.jpg","portfolio-three-width":300,"portfolio-three-height":200,"portfolio-five":"https:\/\/www.bagesturisme.cat\/wp-content\/uploads\/2018\/12\/corts-de-biosca-032.jpg","portfolio-five-width":177,"portfolio-five-height":118}},{"ID":13522,"id":13522,"title":"corts de biosca detall","filename":"corts-de-biosca-036.jpg","filesize":1517077,"url":"https:\/\/www.bagesturisme.cat\/wp-content\/uploads\/2018\/12\/corts-de-biosca-036.jpg","link":"https:\/\/www.bagesturisme.cat\/fr\/allotjament\/corts-biosca-pcc0023\/corts-de-biosca-036\/","alt":"","author":"3","description":"","caption":"","name":"corts-de-biosca-036","status":"inherit","uploaded_to":53,"date":"2023-10-17 11:21:02","modified":"2023-10-17 11:27:42","menu_order":0,"mime_type":"image\/jpeg","type":"image","subtype":"jpeg","icon":"https:\/\/www.bagesturisme.cat\/wp-includes\/images\/media\/default.png","width":2200,"height":1464,"sizes":{"thumbnail":"https:\/\/www.bagesturisme.cat\/wp-content\/uploads\/2018\/12\/corts-de-biosca-036-150x150.jpg","thumbnail-width":150,"thumbnail-height":150,"medium":"https:\/\/www.bagesturisme.cat\/wp-content\/uploads\/2018\/12\/corts-de-biosca-036-601x400.jpg","medium-width":601,"medium-height":400,"medium_large":"https:\/\/www.bagesturisme.cat\/wp-content\/uploads\/2018\/12\/corts-de-biosca-036-768x511.jpg","medium_large-width":768,"medium_large-height":511,"large":"https:\/\/www.bagesturisme.cat\/wp-content\/uploads\/2018\/12\/corts-de-biosca-036-1280x852.jpg","large-width":1170,"large-height":779,"1536x1536":"https:\/\/www.bagesturisme.cat\/wp-content\/uploads\/2018\/12\/corts-de-biosca-036-1536x1022.jpg","1536x1536-width":1536,"1536x1536-height":1022,"2048x2048":"https:\/\/www.bagesturisme.cat\/wp-content\/uploads\/2018\/12\/corts-de-biosca-036-2048x1363.jpg","2048x2048-width":2048,"2048x2048-height":1363,"blog-large":"https:\/\/www.bagesturisme.cat\/wp-content\/uploads\/2018\/12\/corts-de-biosca-036.jpg","blog-large-width":409,"blog-large-height":272,"blog-medium":"https:\/\/www.bagesturisme.cat\/wp-content\/uploads\/2018\/12\/corts-de-biosca-036.jpg","blog-medium-width":304,"blog-medium-height":202,"recent-posts":"https:\/\/www.bagesturisme.cat\/wp-content\/uploads\/2018\/12\/corts-de-biosca-036.jpg","recent-posts-width":663,"recent-posts-height":441,"recent-works-thumbnail":"https:\/\/www.bagesturisme.cat\/wp-content\/uploads\/2018\/12\/corts-de-biosca-036.jpg","recent-works-thumbnail-width":66,"recent-works-thumbnail-height":44,"fusion-200":"https:\/\/www.bagesturisme.cat\/wp-content\/uploads\/2018\/12\/corts-de-biosca-036.jpg","fusion-200-width":200,"fusion-200-height":133,"fusion-400":"https:\/\/www.bagesturisme.cat\/wp-content\/uploads\/2018\/12\/corts-de-biosca-036.jpg","fusion-400-width":400,"fusion-400-height":266,"fusion-600":"https:\/\/www.bagesturisme.cat\/wp-content\/uploads\/2018\/12\/corts-de-biosca-036.jpg","fusion-600-width":600,"fusion-600-height":399,"fusion-800":"https:\/\/www.bagesturisme.cat\/wp-content\/uploads\/2018\/12\/corts-de-biosca-036.jpg","fusion-800-width":800,"fusion-800-height":532,"fusion-1200":"https:\/\/www.bagesturisme.cat\/wp-content\/uploads\/2018\/12\/corts-de-biosca-036.jpg","fusion-1200-width":1200,"fusion-1200-height":799,"portfolio-full":"https:\/\/www.bagesturisme.cat\/wp-content\/uploads\/2018\/12\/corts-de-biosca-036.jpg","portfolio-full-width":601,"portfolio-full-height":400,"portfolio-one":"https:\/\/www.bagesturisme.cat\/wp-content\/uploads\/2018\/12\/corts-de-biosca-036.jpg","portfolio-one-width":409,"portfolio-one-height":272,"portfolio-two":"https:\/\/www.bagesturisme.cat\/wp-content\/uploads\/2018\/12\/corts-de-biosca-036.jpg","portfolio-two-width":443,"portfolio-two-height":295,"portfolio-three":"https:\/\/www.bagesturisme.cat\/wp-content\/uploads\/2018\/12\/corts-de-biosca-036.jpg","portfolio-three-width":300,"portfolio-three-height":200,"portfolio-five":"https:\/\/www.bagesturisme.cat\/wp-content\/uploads\/2018\/12\/corts-de-biosca-036.jpg","portfolio-five-width":177,"portfolio-five-height":118}},{"ID":13525,"id":13525,"title":"corts de biosca terrassa","filename":"corts-de-biosca-053.jpg","filesize":2920262,"url":"https:\/\/www.bagesturisme.cat\/wp-content\/uploads\/2018\/12\/corts-de-biosca-053.jpg","link":"https:\/\/www.bagesturisme.cat\/fr\/allotjament\/corts-biosca-pcc0023\/corts-de-biosca-053\/","alt":"","author":"3","description":"","caption":"","name":"corts-de-biosca-053","status":"inherit","uploaded_to":53,"date":"2023-10-17 11:23:03","modified":"2023-10-17 11:27:28","menu_order":0,"mime_type":"image\/jpeg","type":"image","subtype":"jpeg","icon":"https:\/\/www.bagesturisme.cat\/wp-includes\/images\/media\/default.png","width":2200,"height":1464,"sizes":{"thumbnail":"https:\/\/www.bagesturisme.cat\/wp-content\/uploads\/2018\/12\/corts-de-biosca-053-150x150.jpg","thumbnail-width":150,"thumbnail-height":150,"medium":"https:\/\/www.bagesturisme.cat\/wp-content\/uploads\/2018\/12\/corts-de-biosca-053-601x400.jpg","medium-width":601,"medium-height":400,"medium_large":"https:\/\/www.bagesturisme.cat\/wp-content\/uploads\/2018\/12\/corts-de-biosca-053-768x511.jpg","medium_large-width":768,"medium_large-height":511,"large":"https:\/\/www.bagesturisme.cat\/wp-content\/uploads\/2018\/12\/corts-de-biosca-053-1280x852.jpg","large-width":1170,"large-height":779,"1536x1536":"https:\/\/www.bagesturisme.cat\/wp-content\/uploads\/2018\/12\/corts-de-biosca-053-1536x1022.jpg","1536x1536-width":1536,"1536x1536-height":1022,"2048x2048":"https:\/\/www.bagesturisme.cat\/wp-content\/uploads\/2018\/12\/corts-de-biosca-053-2048x1363.jpg","2048x2048-width":2048,"2048x2048-height":1363,"blog-large":"https:\/\/www.bagesturisme.cat\/wp-content\/uploads\/2018\/12\/corts-de-biosca-053.jpg","blog-large-width":409,"blog-large-height":272,"blog-medium":"https:\/\/www.bagesturisme.cat\/wp-content\/uploads\/2018\/12\/corts-de-biosca-053.jpg","blog-medium-width":304,"blog-medium-height":202,"recent-posts":"https:\/\/www.bagesturisme.cat\/wp-content\/uploads\/2018\/12\/corts-de-biosca-053.jpg","recent-posts-width":663,"recent-posts-height":441,"recent-works-thumbnail":"https:\/\/www.bagesturisme.cat\/wp-content\/uploads\/2018\/12\/corts-de-biosca-053.jpg","recent-works-thumbnail-width":66,"recent-works-thumbnail-height":44,"fusion-200":"https:\/\/www.bagesturisme.cat\/wp-content\/uploads\/2018\/12\/corts-de-biosca-053.jpg","fusion-200-width":200,"fusion-200-height":133,"fusion-400":"https:\/\/www.bagesturisme.cat\/wp-content\/uploads\/2018\/12\/corts-de-biosca-053.jpg","fusion-400-width":400,"fusion-400-height":266,"fusion-600":"https:\/\/www.bagesturisme.cat\/wp-content\/uploads\/2018\/12\/corts-de-biosca-053.jpg","fusion-600-width":600,"fusion-600-height":399,"fusion-800":"https:\/\/www.bagesturisme.cat\/wp-content\/uploads\/2018\/12\/corts-de-biosca-053.jpg","fusion-800-width":800,"fusion-800-height":532,"fusion-1200":"https:\/\/www.bagesturisme.cat\/wp-content\/uploads\/2018\/12\/corts-de-biosca-053.jpg","fusion-1200-width":1200,"fusion-1200-height":799,"portfolio-full":"https:\/\/www.bagesturisme.cat\/wp-content\/uploads\/2018\/12\/corts-de-biosca-053.jpg","portfolio-full-width":601,"portfolio-full-height":400,"portfolio-one":"https:\/\/www.bagesturisme.cat\/wp-content\/uploads\/2018\/12\/corts-de-biosca-053.jpg","portfolio-one-width":409,"portfolio-one-height":272,"portfolio-two":"https:\/\/www.bagesturisme.cat\/wp-content\/uploads\/2018\/12\/corts-de-biosca-053.jpg","portfolio-two-width":443,"portfolio-two-height":295,"portfolio-three":"https:\/\/www.bagesturisme.cat\/wp-content\/uploads\/2018\/12\/corts-de-biosca-053.jpg","portfolio-three-width":300,"portfolio-three-height":200,"portfolio-five":"https:\/\/www.bagesturisme.cat\/wp-content\/uploads\/2018\/12\/corts-de-biosca-053.jpg","portfolio-five-width":177,"portfolio-five-height":118}},{"ID":13527,"id":13527,"title":"corts de biosca terrassa","filename":"corts-de-biosca-052.jpg","filesize":3073908,"url":"https:\/\/www.bagesturisme.cat\/wp-content\/uploads\/2018\/12\/corts-de-biosca-052.jpg","link":"https:\/\/www.bagesturisme.cat\/fr\/allotjament\/corts-biosca-pcc0023\/corts-de-biosca-052\/","alt":"","author":"3","description":"","caption":"","name":"corts-de-biosca-052","status":"inherit","uploaded_to":53,"date":"2023-10-17 11:23:36","modified":"2023-10-17 11:27:12","menu_order":0,"mime_type":"image\/jpeg","type":"image","subtype":"jpeg","icon":"https:\/\/www.bagesturisme.cat\/wp-includes\/images\/media\/default.png","width":2200,"height":1465,"sizes":{"thumbnail":"https:\/\/www.bagesturisme.cat\/wp-content\/uploads\/2018\/12\/corts-de-biosca-052-150x150.jpg","thumbnail-width":150,"thumbnail-height":150,"medium":"https:\/\/www.bagesturisme.cat\/wp-content\/uploads\/2018\/12\/corts-de-biosca-052-601x400.jpg","medium-width":601,"medium-height":400,"medium_large":"https:\/\/www.bagesturisme.cat\/wp-content\/uploads\/2018\/12\/corts-de-biosca-052-768x511.jpg","medium_large-width":768,"medium_large-height":511,"large":"https:\/\/www.bagesturisme.cat\/wp-content\/uploads\/2018\/12\/corts-de-biosca-052-1280x852.jpg","large-width":1170,"large-height":779,"1536x1536":"https:\/\/www.bagesturisme.cat\/wp-content\/uploads\/2018\/12\/corts-de-biosca-052-1536x1023.jpg","1536x1536-width":1536,"1536x1536-height":1023,"2048x2048":"https:\/\/www.bagesturisme.cat\/wp-content\/uploads\/2018\/12\/corts-de-biosca-052-2048x1364.jpg","2048x2048-width":2048,"2048x2048-height":1364,"blog-large":"https:\/\/www.bagesturisme.cat\/wp-content\/uploads\/2018\/12\/corts-de-biosca-052.jpg","blog-large-width":408,"blog-large-height":272,"blog-medium":"https:\/\/www.bagesturisme.cat\/wp-content\/uploads\/2018\/12\/corts-de-biosca-052.jpg","blog-medium-width":303,"blog-medium-height":202,"recent-posts":"https:\/\/www.bagesturisme.cat\/wp-content\/uploads\/2018\/12\/corts-de-biosca-052.jpg","recent-posts-width":662,"recent-posts-height":441,"recent-works-thumbnail":"https:\/\/www.bagesturisme.cat\/wp-content\/uploads\/2018\/12\/corts-de-biosca-052.jpg","recent-works-thumbnail-width":66,"recent-works-thumbnail-height":44,"fusion-200":"https:\/\/www.bagesturisme.cat\/wp-content\/uploads\/2018\/12\/corts-de-biosca-052.jpg","fusion-200-width":200,"fusion-200-height":133,"fusion-400":"https:\/\/www.bagesturisme.cat\/wp-content\/uploads\/2018\/12\/corts-de-biosca-052.jpg","fusion-400-width":400,"fusion-400-height":266,"fusion-600":"https:\/\/www.bagesturisme.cat\/wp-content\/uploads\/2018\/12\/corts-de-biosca-052.jpg","fusion-600-width":600,"fusion-600-height":400,"fusion-800":"https:\/\/www.bagesturisme.cat\/wp-content\/uploads\/2018\/12\/corts-de-biosca-052.jpg","fusion-800-width":800,"fusion-800-height":533,"fusion-1200":"https:\/\/www.bagesturisme.cat\/wp-content\/uploads\/2018\/12\/corts-de-biosca-052.jpg","fusion-1200-width":1200,"fusion-1200-height":799,"portfolio-full":"https:\/\/www.bagesturisme.cat\/wp-content\/uploads\/2018\/12\/corts-de-biosca-052.jpg","portfolio-full-width":601,"portfolio-full-height":400,"portfolio-one":"https:\/\/www.bagesturisme.cat\/wp-content\/uploads\/2018\/12\/corts-de-biosca-052.jpg","portfolio-one-width":408,"portfolio-one-height":272,"portfolio-two":"https:\/\/www.bagesturisme.cat\/wp-content\/uploads\/2018\/12\/corts-de-biosca-052.jpg","portfolio-two-width":443,"portfolio-two-height":295,"portfolio-three":"https:\/\/www.bagesturisme.cat\/wp-content\/uploads\/2018\/12\/corts-de-biosca-052.jpg","portfolio-three-width":300,"portfolio-three-height":200,"portfolio-five":"https:\/\/www.bagesturisme.cat\/wp-content\/uploads\/2018\/12\/corts-de-biosca-052.jpg","portfolio-five-width":177,"portfolio-five-height":118}},{"ID":13534,"id":13534,"title":"corts de biosca piscina panor\u00e0mica","filename":"corts-de-biosca-068.jpg","filesize":3851739,"url":"https:\/\/www.bagesturisme.cat\/wp-content\/uploads\/2018\/12\/corts-de-biosca-068.jpg","link":"https:\/\/www.bagesturisme.cat\/fr\/allotjament\/corts-biosca-pcc0023\/corts-de-biosca-068\/","alt":"","author":"3","description":"","caption":"","name":"corts-de-biosca-068","status":"inherit","uploaded_to":53,"date":"2023-10-17 11:25:02","modified":"2023-10-17 11:27:01","menu_order":0,"mime_type":"image\/jpeg","type":"image","subtype":"jpeg","icon":"https:\/\/www.bagesturisme.cat\/wp-includes\/images\/media\/default.png","width":2200,"height":1465,"sizes":{"thumbnail":"https:\/\/www.bagesturisme.cat\/wp-content\/uploads\/2018\/12\/corts-de-biosca-068-150x150.jpg","thumbnail-width":150,"thumbnail-height":150,"medium":"https:\/\/www.bagesturisme.cat\/wp-content\/uploads\/2018\/12\/corts-de-biosca-068-601x400.jpg","medium-width":601,"medium-height":400,"medium_large":"https:\/\/www.bagesturisme.cat\/wp-content\/uploads\/2018\/12\/corts-de-biosca-068-768x511.jpg","medium_large-width":768,"medium_large-height":511,"large":"https:\/\/www.bagesturisme.cat\/wp-content\/uploads\/2018\/12\/corts-de-biosca-068-1280x852.jpg","large-width":1170,"large-height":779,"1536x1536":"https:\/\/www.bagesturisme.cat\/wp-content\/uploads\/2018\/12\/corts-de-biosca-068-1536x1023.jpg","1536x1536-width":1536,"1536x1536-height":1023,"2048x2048":"https:\/\/www.bagesturisme.cat\/wp-content\/uploads\/2018\/12\/corts-de-biosca-068-2048x1364.jpg","2048x2048-width":2048,"2048x2048-height":1364,"blog-large":"https:\/\/www.bagesturisme.cat\/wp-content\/uploads\/2018\/12\/corts-de-biosca-068.jpg","blog-large-width":408,"blog-large-height":272,"blog-medium":"https:\/\/www.bagesturisme.cat\/wp-content\/uploads\/2018\/12\/corts-de-biosca-068.jpg","blog-medium-width":303,"blog-medium-height":202,"recent-posts":"https:\/\/www.bagesturisme.cat\/wp-content\/uploads\/2018\/12\/corts-de-biosca-068.jpg","recent-posts-width":662,"recent-posts-height":441,"recent-works-thumbnail":"https:\/\/www.bagesturisme.cat\/wp-content\/uploads\/2018\/12\/corts-de-biosca-068.jpg","recent-works-thumbnail-width":66,"recent-works-thumbnail-height":44,"fusion-200":"https:\/\/www.bagesturisme.cat\/wp-content\/uploads\/2018\/12\/corts-de-biosca-068.jpg","fusion-200-width":200,"fusion-200-height":133,"fusion-400":"https:\/\/www.bagesturisme.cat\/wp-content\/uploads\/2018\/12\/corts-de-biosca-068.jpg","fusion-400-width":400,"fusion-400-height":266,"fusion-600":"https:\/\/www.bagesturisme.cat\/wp-content\/uploads\/2018\/12\/corts-de-biosca-068.jpg","fusion-600-width":600,"fusion-600-height":400,"fusion-800":"https:\/\/www.bagesturisme.cat\/wp-content\/uploads\/2018\/12\/corts-de-biosca-068.jpg","fusion-800-width":800,"fusion-800-height":533,"fusion-1200":"https:\/\/www.bagesturisme.cat\/wp-content\/uploads\/2018\/12\/corts-de-biosca-068.jpg","fusion-1200-width":1200,"fusion-1200-height":799,"portfolio-full":"https:\/\/www.bagesturisme.cat\/wp-content\/uploads\/2018\/12\/corts-de-biosca-068.jpg","portfolio-full-width":601,"portfolio-full-height":400,"portfolio-one":"https:\/\/www.bagesturisme.cat\/wp-content\/uploads\/2018\/12\/corts-de-biosca-068.jpg","portfolio-one-width":408,"portfolio-one-height":272,"portfolio-two":"https:\/\/www.bagesturisme.cat\/wp-content\/uploads\/2018\/12\/corts-de-biosca-068.jpg","portfolio-two-width":443,"portfolio-two-height":295,"portfolio-three":"https:\/\/www.bagesturisme.cat\/wp-content\/uploads\/2018\/12\/corts-de-biosca-068.jpg","portfolio-three-width":300,"portfolio-three-height":200,"portfolio-five":"https:\/\/www.bagesturisme.cat\/wp-content\/uploads\/2018\/12\/corts-de-biosca-068.jpg","portfolio-five-width":177,"portfolio-five-height":118}},{"ID":13535,"id":13535,"title":"corts de biosca piscina","filename":"corts-de-biosca-069.jpg","filesize":3728296,"url":"https:\/\/www.bagesturisme.cat\/wp-content\/uploads\/2018\/12\/corts-de-biosca-069.jpg","link":"https:\/\/www.bagesturisme.cat\/fr\/allotjament\/corts-biosca-pcc0023\/corts-de-biosca-069\/","alt":"","author":"3","description":"","caption":"","name":"corts-de-biosca-069","status":"inherit","uploaded_to":53,"date":"2023-10-17 11:25:16","modified":"2023-10-17 11:26:56","menu_order":0,"mime_type":"image\/jpeg","type":"image","subtype":"jpeg","icon":"https:\/\/www.bagesturisme.cat\/wp-includes\/images\/media\/default.png","width":2200,"height":1464,"sizes":{"thumbnail":"https:\/\/www.bagesturisme.cat\/wp-content\/uploads\/2018\/12\/corts-de-biosca-069-150x150.jpg","thumbnail-width":150,"thumbnail-height":150,"medium":"https:\/\/www.bagesturisme.cat\/wp-content\/uploads\/2018\/12\/corts-de-biosca-069-601x400.jpg","medium-width":601,"medium-height":400,"medium_large":"https:\/\/www.bagesturisme.cat\/wp-content\/uploads\/2018\/12\/corts-de-biosca-069-768x511.jpg","medium_large-width":768,"medium_large-height":511,"large":"https:\/\/www.bagesturisme.cat\/wp-content\/uploads\/2018\/12\/corts-de-biosca-069-1280x852.jpg","large-width":1170,"large-height":779,"1536x1536":"https:\/\/www.bagesturisme.cat\/wp-content\/uploads\/2018\/12\/corts-de-biosca-069-1536x1022.jpg","1536x1536-width":1536,"1536x1536-height":1022,"2048x2048":"https:\/\/www.bagesturisme.cat\/wp-content\/uploads\/2018\/12\/corts-de-biosca-069-2048x1363.jpg","2048x2048-width":2048,"2048x2048-height":1363,"blog-large":"https:\/\/www.bagesturisme.cat\/wp-content\/uploads\/2018\/12\/corts-de-biosca-069.jpg","blog-large-width":409,"blog-large-height":272,"blog-medium":"https:\/\/www.bagesturisme.cat\/wp-content\/uploads\/2018\/12\/corts-de-biosca-069.jpg","blog-medium-width":304,"blog-medium-height":202,"recent-posts":"https:\/\/www.bagesturisme.cat\/wp-content\/uploads\/2018\/12\/corts-de-biosca-069.jpg","recent-posts-width":663,"recent-posts-height":441,"recent-works-thumbnail":"https:\/\/www.bagesturisme.cat\/wp-content\/uploads\/2018\/12\/corts-de-biosca-069.jpg","recent-works-thumbnail-width":66,"recent-works-thumbnail-height":44,"fusion-200":"https:\/\/www.bagesturisme.cat\/wp-content\/uploads\/2018\/12\/corts-de-biosca-069.jpg","fusion-200-width":200,"fusion-200-height":133,"fusion-400":"https:\/\/www.bagesturisme.cat\/wp-content\/uploads\/2018\/12\/corts-de-biosca-069.jpg","fusion-400-width":400,"fusion-400-height":266,"fusion-600":"https:\/\/www.bagesturisme.cat\/wp-content\/uploads\/2018\/12\/corts-de-biosca-069.jpg","fusion-600-width":600,"fusion-600-height":399,"fusion-800":"https:\/\/www.bagesturisme.cat\/wp-content\/uploads\/2018\/12\/corts-de-biosca-069.jpg","fusion-800-width":800,"fusion-800-height":532,"fusion-1200":"https:\/\/www.bagesturisme.cat\/wp-content\/uploads\/2018\/12\/corts-de-biosca-069.jpg","fusion-1200-width":1200,"fusion-1200-height":799,"portfolio-full":"https:\/\/www.bagesturisme.cat\/wp-content\/uploads\/2018\/12\/corts-de-biosca-069.jpg","portfolio-full-width":601,"portfolio-full-height":400,"portfolio-one":"https:\/\/www.bagesturisme.cat\/wp-content\/uploads\/2018\/12\/corts-de-biosca-069.jpg","portfolio-one-width":409,"portfolio-one-height":272,"portfolio-two":"https:\/\/www.bagesturisme.cat\/wp-content\/uploads\/2018\/12\/corts-de-biosca-069.jpg","portfolio-two-width":443,"portfolio-two-height":295,"portfolio-three":"https:\/\/www.bagesturisme.cat\/wp-content\/uploads\/2018\/12\/corts-de-biosca-069.jpg","portfolio-three-width":300,"portfolio-three-height":200,"portfolio-five":"https:\/\/www.bagesturisme.cat\/wp-content\/uploads\/2018\/12\/corts-de-biosca-069.jpg","portfolio-five-width":177,"portfolio-five-height":118}},{"ID":13536,"id":13536,"title":"corts de biosca piscina pedra seca","filename":"corts-de-biosca-075.jpg","filesize":3216308,"url":"https:\/\/www.bagesturisme.cat\/wp-content\/uploads\/2018\/12\/corts-de-biosca-075.jpg","link":"https:\/\/www.bagesturisme.cat\/fr\/allotjament\/corts-biosca-pcc0023\/corts-de-biosca-075\/","alt":"","author":"3","description":"","caption":"","name":"corts-de-biosca-075","status":"inherit","uploaded_to":53,"date":"2023-10-17 11:25:32","modified":"2023-10-17 11:26:49","menu_order":0,"mime_type":"image\/jpeg","type":"image","subtype":"jpeg","icon":"https:\/\/www.bagesturisme.cat\/wp-includes\/images\/media\/default.png","width":1464,"height":2200,"sizes":{"thumbnail":"https:\/\/www.bagesturisme.cat\/wp-content\/uploads\/2018\/12\/corts-de-biosca-075-150x150.jpg","thumbnail-width":150,"thumbnail-height":150,"medium":"https:\/\/www.bagesturisme.cat\/wp-content\/uploads\/2018\/12\/corts-de-biosca-075-266x400.jpg","medium-width":266,"medium-height":400,"medium_large":"https:\/\/www.bagesturisme.cat\/wp-content\/uploads\/2018\/12\/corts-de-biosca-075-768x1154.jpg","medium_large-width":768,"medium_large-height":1154,"large":"https:\/\/www.bagesturisme.cat\/wp-content\/uploads\/2018\/12\/corts-de-biosca-075-681x1024.jpg","large-width":681,"large-height":1024,"1536x1536":"https:\/\/www.bagesturisme.cat\/wp-content\/uploads\/2018\/12\/corts-de-biosca-075-1022x1536.jpg","1536x1536-width":1022,"1536x1536-height":1536,"2048x2048":"https:\/\/www.bagesturisme.cat\/wp-content\/uploads\/2018\/12\/corts-de-biosca-075-1363x2048.jpg","2048x2048-width":1363,"2048x2048-height":2048,"blog-large":"https:\/\/www.bagesturisme.cat\/wp-content\/uploads\/2018\/12\/corts-de-biosca-075.jpg","blog-large-width":181,"blog-large-height":272,"blog-medium":"https:\/\/www.bagesturisme.cat\/wp-content\/uploads\/2018\/12\/corts-de-biosca-075.jpg","blog-medium-width":134,"blog-medium-height":202,"recent-posts":"https:\/\/www.bagesturisme.cat\/wp-content\/uploads\/2018\/12\/corts-de-biosca-075.jpg","recent-posts-width":293,"recent-posts-height":441,"recent-works-thumbnail":"https:\/\/www.bagesturisme.cat\/wp-content\/uploads\/2018\/12\/corts-de-biosca-075.jpg","recent-works-thumbnail-width":44,"recent-works-thumbnail-height":66,"fusion-200":"https:\/\/www.bagesturisme.cat\/wp-content\/uploads\/2018\/12\/corts-de-biosca-075.jpg","fusion-200-width":200,"fusion-200-height":301,"fusion-400":"https:\/\/www.bagesturisme.cat\/wp-content\/uploads\/2018\/12\/corts-de-biosca-075.jpg","fusion-400-width":400,"fusion-400-height":601,"fusion-600":"https:\/\/www.bagesturisme.cat\/wp-content\/uploads\/2018\/12\/corts-de-biosca-075.jpg","fusion-600-width":600,"fusion-600-height":902,"fusion-800":"https:\/\/www.bagesturisme.cat\/wp-content\/uploads\/2018\/12\/corts-de-biosca-075.jpg","fusion-800-width":800,"fusion-800-height":1202,"fusion-1200":"https:\/\/www.bagesturisme.cat\/wp-content\/uploads\/2018\/12\/corts-de-biosca-075.jpg","fusion-1200-width":1200,"fusion-1200-height":1803,"portfolio-full":"https:\/\/www.bagesturisme.cat\/wp-content\/uploads\/2018\/12\/corts-de-biosca-075.jpg","portfolio-full-width":266,"portfolio-full-height":400,"portfolio-one":"https:\/\/www.bagesturisme.cat\/wp-content\/uploads\/2018\/12\/corts-de-biosca-075.jpg","portfolio-one-width":181,"portfolio-one-height":272,"portfolio-two":"https:\/\/www.bagesturisme.cat\/wp-content\/uploads\/2018\/12\/corts-de-biosca-075.jpg","portfolio-two-width":196,"portfolio-two-height":295,"portfolio-three":"https:\/\/www.bagesturisme.cat\/wp-content\/uploads\/2018\/12\/corts-de-biosca-075.jpg","portfolio-three-width":142,"portfolio-three-height":214,"portfolio-five":"https:\/\/www.bagesturisme.cat\/wp-content\/uploads\/2018\/12\/corts-de-biosca-075.jpg","portfolio-five-width":94,"portfolio-five-height":142}},{"ID":13518,"id":13518,"title":"corts de biosca paisatge montserrat","filename":"corts-de-biosca-009.jpg","filesize":2190083,"url":"https:\/\/www.bagesturisme.cat\/wp-content\/uploads\/2018\/12\/corts-de-biosca-009.jpg","link":"https:\/\/www.bagesturisme.cat\/fr\/allotjament\/corts-biosca-pcc0023\/corts-de-biosca-009\/","alt":"","author":"3","description":"","caption":"","name":"corts-de-biosca-009","status":"inherit","uploaded_to":53,"date":"2023-10-17 11:19:55","modified":"2023-10-17 11:28:02","menu_order":0,"mime_type":"image\/jpeg","type":"image","subtype":"jpeg","icon":"https:\/\/www.bagesturisme.cat\/wp-includes\/images\/media\/default.png","width":2200,"height":1464,"sizes":{"thumbnail":"https:\/\/www.bagesturisme.cat\/wp-content\/uploads\/2018\/12\/corts-de-biosca-009-150x150.jpg","thumbnail-width":150,"thumbnail-height":150,"medium":"https:\/\/www.bagesturisme.cat\/wp-content\/uploads\/2018\/12\/corts-de-biosca-009-601x400.jpg","medium-width":601,"medium-height":400,"medium_large":"https:\/\/www.bagesturisme.cat\/wp-content\/uploads\/2018\/12\/corts-de-biosca-009-768x511.jpg","medium_large-width":768,"medium_large-height":511,"large":"https:\/\/www.bagesturisme.cat\/wp-content\/uploads\/2018\/12\/corts-de-biosca-009-1280x852.jpg","large-width":1170,"large-height":779,"1536x1536":"https:\/\/www.bagesturisme.cat\/wp-content\/uploads\/2018\/12\/corts-de-biosca-009-1536x1022.jpg","1536x1536-width":1536,"1536x1536-height":1022,"2048x2048":"https:\/\/www.bagesturisme.cat\/wp-content\/uploads\/2018\/12\/corts-de-biosca-009-2048x1363.jpg","2048x2048-width":2048,"2048x2048-height":1363,"blog-large":"https:\/\/www.bagesturisme.cat\/wp-content\/uploads\/2018\/12\/corts-de-biosca-009.jpg","blog-large-width":409,"blog-large-height":272,"blog-medium":"https:\/\/www.bagesturisme.cat\/wp-content\/uploads\/2018\/12\/corts-de-biosca-009.jpg","blog-medium-width":304,"blog-medium-height":202,"recent-posts":"https:\/\/www.bagesturisme.cat\/wp-content\/uploads\/2018\/12\/corts-de-biosca-009.jpg","recent-posts-width":663,"recent-posts-height":441,"recent-works-thumbnail":"https:\/\/www.bagesturisme.cat\/wp-content\/uploads\/2018\/12\/corts-de-biosca-009.jpg","recent-works-thumbnail-width":66,"recent-works-thumbnail-height":44,"fusion-200":"https:\/\/www.bagesturisme.cat\/wp-content\/uploads\/2018\/12\/corts-de-biosca-009.jpg","fusion-200-width":200,"fusion-200-height":133,"fusion-400":"https:\/\/www.bagesturisme.cat\/wp-content\/uploads\/2018\/12\/corts-de-biosca-009.jpg","fusion-400-width":400,"fusion-400-height":266,"fusion-600":"https:\/\/www.bagesturisme.cat\/wp-content\/uploads\/2018\/12\/corts-de-biosca-009.jpg","fusion-600-width":600,"fusion-600-height":399,"fusion-800":"https:\/\/www.bagesturisme.cat\/wp-content\/uploads\/2018\/12\/corts-de-biosca-009.jpg","fusion-800-width":800,"fusion-800-height":532,"fusion-1200":"https:\/\/www.bagesturisme.cat\/wp-content\/uploads\/2018\/12\/corts-de-biosca-009.jpg","fusion-1200-width":1200,"fusion-1200-height":799,"portfolio-full":"https:\/\/www.bagesturisme.cat\/wp-content\/uploads\/2018\/12\/corts-de-biosca-009.jpg","portfolio-full-width":601,"portfolio-full-height":400,"portfolio-one":"https:\/\/www.bagesturisme.cat\/wp-content\/uploads\/2018\/12\/corts-de-biosca-009.jpg","portfolio-one-width":409,"portfolio-one-height":272,"portfolio-two":"https:\/\/www.bagesturisme.cat\/wp-content\/uploads\/2018\/12\/corts-de-biosca-009.jpg","portfolio-two-width":443,"portfolio-two-height":295,"portfolio-three":"https:\/\/www.bagesturisme.cat\/wp-content\/uploads\/2018\/12\/corts-de-biosca-009.jpg","portfolio-three-width":300,"portfolio-three-height":200,"portfolio-five":"https:\/\/www.bagesturisme.cat\/wp-content\/uploads\/2018\/12\/corts-de-biosca-009.jpg","portfolio-five-width":177,"portfolio-five-height":118}},{"ID":13514,"id":13514,"title":"corts de biosca tractor","filename":"corts-de-biosca-004.jpg","filesize":2070453,"url":"https:\/\/www.bagesturisme.cat\/wp-content\/uploads\/2018\/12\/corts-de-biosca-004.jpg","link":"https:\/\/www.bagesturisme.cat\/fr\/allotjament\/corts-biosca-pcc0023\/corts-de-biosca-004\/","alt":"","author":"3","description":"","caption":"","name":"corts-de-biosca-004","status":"inherit","uploaded_to":53,"date":"2023-10-17 11:18:53","modified":"2023-10-17 11:28:22","menu_order":0,"mime_type":"image\/jpeg","type":"image","subtype":"jpeg","icon":"https:\/\/www.bagesturisme.cat\/wp-includes\/images\/media\/default.png","width":2200,"height":1464,"sizes":{"thumbnail":"https:\/\/www.bagesturisme.cat\/wp-content\/uploads\/2018\/12\/corts-de-biosca-004-150x150.jpg","thumbnail-width":150,"thumbnail-height":150,"medium":"https:\/\/www.bagesturisme.cat\/wp-content\/uploads\/2018\/12\/corts-de-biosca-004-601x400.jpg","medium-width":601,"medium-height":400,"medium_large":"https:\/\/www.bagesturisme.cat\/wp-content\/uploads\/2018\/12\/corts-de-biosca-004-768x511.jpg","medium_large-width":768,"medium_large-height":511,"large":"https:\/\/www.bagesturisme.cat\/wp-content\/uploads\/2018\/12\/corts-de-biosca-004-1280x852.jpg","large-width":1170,"large-height":779,"1536x1536":"https:\/\/www.bagesturisme.cat\/wp-content\/uploads\/2018\/12\/corts-de-biosca-004-1536x1022.jpg","1536x1536-width":1536,"1536x1536-height":1022,"2048x2048":"https:\/\/www.bagesturisme.cat\/wp-content\/uploads\/2018\/12\/corts-de-biosca-004-2048x1363.jpg","2048x2048-width":2048,"2048x2048-height":1363,"blog-large":"https:\/\/www.bagesturisme.cat\/wp-content\/uploads\/2018\/12\/corts-de-biosca-004.jpg","blog-large-width":409,"blog-large-height":272,"blog-medium":"https:\/\/www.bagesturisme.cat\/wp-content\/uploads\/2018\/12\/corts-de-biosca-004.jpg","blog-medium-width":304,"blog-medium-height":202,"recent-posts":"https:\/\/www.bagesturisme.cat\/wp-content\/uploads\/2018\/12\/corts-de-biosca-004.jpg","recent-posts-width":663,"recent-posts-height":441,"recent-works-thumbnail":"https:\/\/www.bagesturisme.cat\/wp-content\/uploads\/2018\/12\/corts-de-biosca-004.jpg","recent-works-thumbnail-width":66,"recent-works-thumbnail-height":44,"fusion-200":"https:\/\/www.bagesturisme.cat\/wp-content\/uploads\/2018\/12\/corts-de-biosca-004.jpg","fusion-200-width":200,"fusion-200-height":133,"fusion-400":"https:\/\/www.bagesturisme.cat\/wp-content\/uploads\/2018\/12\/corts-de-biosca-004.jpg","fusion-400-width":400,"fusion-400-height":266,"fusion-600":"https:\/\/www.bagesturisme.cat\/wp-content\/uploads\/2018\/12\/corts-de-biosca-004.jpg","fusion-600-width":600,"fusion-600-height":399,"fusion-800":"https:\/\/www.bagesturisme.cat\/wp-content\/uploads\/2018\/12\/corts-de-biosca-004.jpg","fusion-800-width":800,"fusion-800-height":532,"fusion-1200":"https:\/\/www.bagesturisme.cat\/wp-content\/uploads\/2018\/12\/corts-de-biosca-004.jpg","fusion-1200-width":1200,"fusion-1200-height":799,"portfolio-full":"https:\/\/www.bagesturisme.cat\/wp-content\/uploads\/2018\/12\/corts-de-biosca-004.jpg","portfolio-full-width":601,"portfolio-full-height":400,"portfolio-one":"https:\/\/www.bagesturisme.cat\/wp-content\/uploads\/2018\/12\/corts-de-biosca-004.jpg","portfolio-one-width":409,"portfolio-one-height":272,"portfolio-two":"https:\/\/www.bagesturisme.cat\/wp-content\/uploads\/2018\/12\/corts-de-biosca-004.jpg","portfolio-two-width":443,"portfolio-two-height":295,"portfolio-three":"https:\/\/www.bagesturisme.cat\/wp-content\/uploads\/2018\/12\/corts-de-biosca-004.jpg","portfolio-three-width":300,"portfolio-three-height":200,"portfolio-five":"https:\/\/www.bagesturisme.cat\/wp-content\/uploads\/2018\/12\/corts-de-biosca-004.jpg","portfolio-five-width":177,"portfolio-five-height":118}},{"ID":13538,"id":13538,"title":"corts de biosca paisatge","filename":"corts-de-biosca-085.jpg","filesize":2915497,"url":"https:\/\/www.bagesturisme.cat\/wp-content\/uploads\/2018\/12\/corts-de-biosca-085.jpg","link":"https:\/\/www.bagesturisme.cat\/fr\/allotjament\/corts-biosca-pcc0023\/corts-de-biosca-085\/","alt":"","author":"3","description":"","caption":"","name":"corts-de-biosca-085","status":"inherit","uploaded_to":53,"date":"2023-10-17 11:26:21","modified":"2023-10-17 11:26:38","menu_order":0,"mime_type":"image\/jpeg","type":"image","subtype":"jpeg","icon":"https:\/\/www.bagesturisme.cat\/wp-includes\/images\/media\/default.png","width":2200,"height":1464,"sizes":{"thumbnail":"https:\/\/www.bagesturisme.cat\/wp-content\/uploads\/2018\/12\/corts-de-biosca-085-150x150.jpg","thumbnail-width":150,"thumbnail-height":150,"medium":"https:\/\/www.bagesturisme.cat\/wp-content\/uploads\/2018\/12\/corts-de-biosca-085-601x400.jpg","medium-width":601,"medium-height":400,"medium_large":"https:\/\/www.bagesturisme.cat\/wp-content\/uploads\/2018\/12\/corts-de-biosca-085-768x511.jpg","medium_large-width":768,"medium_large-height":511,"large":"https:\/\/www.bagesturisme.cat\/wp-content\/uploads\/2018\/12\/corts-de-biosca-085-1280x852.jpg","large-width":1170,"large-height":779,"1536x1536":"https:\/\/www.bagesturisme.cat\/wp-content\/uploads\/2018\/12\/corts-de-biosca-085-1536x1022.jpg","1536x1536-width":1536,"1536x1536-height":1022,"2048x2048":"https:\/\/www.bagesturisme.cat\/wp-content\/uploads\/2018\/12\/corts-de-biosca-085-2048x1363.jpg","2048x2048-width":2048,"2048x2048-height":1363,"blog-large":"https:\/\/www.bagesturisme.cat\/wp-content\/uploads\/2018\/12\/corts-de-biosca-085.jpg","blog-large-width":409,"blog-large-height":272,"blog-medium":"https:\/\/www.bagesturisme.cat\/wp-content\/uploads\/2018\/12\/corts-de-biosca-085.jpg","blog-medium-width":304,"blog-medium-height":202,"recent-posts":"https:\/\/www.bagesturisme.cat\/wp-content\/uploads\/2018\/12\/corts-de-biosca-085.jpg","recent-posts-width":663,"recent-posts-height":441,"recent-works-thumbnail":"https:\/\/www.bagesturisme.cat\/wp-content\/uploads\/2018\/12\/corts-de-biosca-085.jpg","recent-works-thumbnail-width":66,"recent-works-thumbnail-height":44,"fusion-200":"https:\/\/www.bagesturisme.cat\/wp-content\/uploads\/2018\/12\/corts-de-biosca-085.jpg","fusion-200-width":200,"fusion-200-height":133,"fusion-400":"https:\/\/www.bagesturisme.cat\/wp-content\/uploads\/2018\/12\/corts-de-biosca-085.jpg","fusion-400-width":400,"fusion-400-height":266,"fusion-600":"https:\/\/www.bagesturisme.cat\/wp-content\/uploads\/2018\/12\/corts-de-biosca-085.jpg","fusion-600-width":600,"fusion-600-height":399,"fusion-800":"https:\/\/www.bagesturisme.cat\/wp-content\/uploads\/2018\/12\/corts-de-biosca-085.jpg","fusion-800-width":800,"fusion-800-height":532,"fusion-1200":"https:\/\/www.bagesturisme.cat\/wp-content\/uploads\/2018\/12\/corts-de-biosca-085.jpg","fusion-1200-width":1200,"fusion-1200-height":799,"portfolio-full":"https:\/\/www.bagesturisme.cat\/wp-content\/uploads\/2018\/12\/corts-de-biosca-085.jpg","portfolio-full-width":601,"portfolio-full-height":400,"portfolio-one":"https:\/\/www.bagesturisme.cat\/wp-content\/uploads\/2018\/12\/corts-de-biosca-085.jpg","portfolio-one-width":409,"portfolio-one-height":272,"portfolio-two":"https:\/\/www.bagesturisme.cat\/wp-content\/uploads\/2018\/12\/corts-de-biosca-085.jpg","portfolio-two-width":443,"portfolio-two-height":295,"portfolio-three":"https:\/\/www.bagesturisme.cat\/wp-content\/uploads\/2018\/12\/corts-de-biosca-085.jpg","portfolio-three-width":300,"portfolio-three-height":200,"portfolio-five":"https:\/\/www.bagesturisme.cat\/wp-content\/uploads\/2018\/12\/corts-de-biosca-085.jpg","portfolio-five-width":177,"portfolio-five-height":118}},{"ID":8825,"id":8825,"title":"Les Corts de Biosca3","filename":"Les-Corts-de-Biosca3.jpg","filesize":132336,"url":"https:\/\/www.bagesturisme.cat\/wp-content\/uploads\/2018\/12\/Les-Corts-de-Biosca3.jpg","link":"https:\/\/www.bagesturisme.cat\/fr\/allotjament\/corts-biosca-pcc0023\/les-corts-de-biosca3\/","alt":"","author":"3","description":"","caption":"","name":"les-corts-de-biosca3","status":"inherit","uploaded_to":53,"date":"2021-02-12 09:49:14","modified":"2021-02-12 09:49:14","menu_order":0,"mime_type":"image\/jpeg","type":"image","subtype":"jpeg","icon":"https:\/\/www.bagesturisme.cat\/wp-includes\/images\/media\/default.png","width":920,"height":420,"sizes":{"thumbnail":"https:\/\/www.bagesturisme.cat\/wp-content\/uploads\/2018\/12\/Les-Corts-de-Biosca3-150x150.jpg","thumbnail-width":150,"thumbnail-height":150,"medium":"https:\/\/www.bagesturisme.cat\/wp-content\/uploads\/2018\/12\/Les-Corts-de-Biosca3-800x365.jpg","medium-width":800,"medium-height":365,"medium_large":"https:\/\/www.bagesturisme.cat\/wp-content\/uploads\/2018\/12\/Les-Corts-de-Biosca3-768x351.jpg","medium_large-width":768,"medium_large-height":351,"large":"https:\/\/www.bagesturisme.cat\/wp-content\/uploads\/2018\/12\/Les-Corts-de-Biosca3.jpg","large-width":920,"large-height":420,"1536x1536":"https:\/\/www.bagesturisme.cat\/wp-content\/uploads\/2018\/12\/Les-Corts-de-Biosca3.jpg","1536x1536-width":920,"1536x1536-height":420,"2048x2048":"https:\/\/www.bagesturisme.cat\/wp-content\/uploads\/2018\/12\/Les-Corts-de-Biosca3.jpg","2048x2048-width":920,"2048x2048-height":420,"blog-large":"https:\/\/www.bagesturisme.cat\/wp-content\/uploads\/2018\/12\/Les-Corts-de-Biosca3.jpg","blog-large-width":596,"blog-large-height":272,"blog-medium":"https:\/\/www.bagesturisme.cat\/wp-content\/uploads\/2018\/12\/Les-Corts-de-Biosca3.jpg","blog-medium-width":320,"blog-medium-height":146,"recent-posts":"https:\/\/www.bagesturisme.cat\/wp-content\/uploads\/2018\/12\/Les-Corts-de-Biosca3.jpg","recent-posts-width":700,"recent-posts-height":320,"recent-works-thumbnail":"https:\/\/www.bagesturisme.cat\/wp-content\/uploads\/2018\/12\/Les-Corts-de-Biosca3.jpg","recent-works-thumbnail-width":66,"recent-works-thumbnail-height":30,"fusion-200":"https:\/\/www.bagesturisme.cat\/wp-content\/uploads\/2018\/12\/Les-Corts-de-Biosca3.jpg","fusion-200-width":200,"fusion-200-height":91,"fusion-400":"https:\/\/www.bagesturisme.cat\/wp-content\/uploads\/2018\/12\/Les-Corts-de-Biosca3.jpg","fusion-400-width":400,"fusion-400-height":183,"fusion-600":"https:\/\/www.bagesturisme.cat\/wp-content\/uploads\/2018\/12\/Les-Corts-de-Biosca3.jpg","fusion-600-width":600,"fusion-600-height":274,"fusion-800":"https:\/\/www.bagesturisme.cat\/wp-content\/uploads\/2018\/12\/Les-Corts-de-Biosca3.jpg","fusion-800-width":800,"fusion-800-height":365,"fusion-1200":"https:\/\/www.bagesturisme.cat\/wp-content\/uploads\/2018\/12\/Les-Corts-de-Biosca3.jpg","fusion-1200-width":920,"fusion-1200-height":420,"portfolio-full":"https:\/\/www.bagesturisme.cat\/wp-content\/uploads\/2018\/12\/Les-Corts-de-Biosca3.jpg","portfolio-full-width":876,"portfolio-full-height":400,"portfolio-one":"https:\/\/www.bagesturisme.cat\/wp-content\/uploads\/2018\/12\/Les-Corts-de-Biosca3.jpg","portfolio-one-width":540,"portfolio-one-height":247,"portfolio-two":"https:\/\/www.bagesturisme.cat\/wp-content\/uploads\/2018\/12\/Les-Corts-de-Biosca3.jpg","portfolio-two-width":460,"portfolio-two-height":210,"portfolio-three":"https:\/\/www.bagesturisme.cat\/wp-content\/uploads\/2018\/12\/Les-Corts-de-Biosca3.jpg","portfolio-three-width":300,"portfolio-three-height":137,"portfolio-five":"https:\/\/www.bagesturisme.cat\/wp-content\/uploads\/2018\/12\/Les-Corts-de-Biosca3.jpg","portfolio-five-width":177,"portfolio-five-height":81}},{"ID":13537,"id":13537,"title":"corts de biosca panor\u00e0mica","filename":"corts-de-biosca-077.jpg","filesize":3274543,"url":"https:\/\/www.bagesturisme.cat\/wp-content\/uploads\/2018\/12\/corts-de-biosca-077.jpg","link":"https:\/\/www.bagesturisme.cat\/fr\/allotjament\/corts-biosca-pcc0023\/corts-de-biosca-077\/","alt":"","author":"3","description":"","caption":"","name":"corts-de-biosca-077","status":"inherit","uploaded_to":53,"date":"2023-10-17 11:26:03","modified":"2023-10-17 11:26:43","menu_order":0,"mime_type":"image\/jpeg","type":"image","subtype":"jpeg","icon":"https:\/\/www.bagesturisme.cat\/wp-includes\/images\/media\/default.png","width":2200,"height":1466,"sizes":{"thumbnail":"https:\/\/www.bagesturisme.cat\/wp-content\/uploads\/2018\/12\/corts-de-biosca-077-150x150.jpg","thumbnail-width":150,"thumbnail-height":150,"medium":"https:\/\/www.bagesturisme.cat\/wp-content\/uploads\/2018\/12\/corts-de-biosca-077-600x400.jpg","medium-width":600,"medium-height":400,"medium_large":"https:\/\/www.bagesturisme.cat\/wp-content\/uploads\/2018\/12\/corts-de-biosca-077-768x512.jpg","medium_large-width":768,"medium_large-height":512,"large":"https:\/\/www.bagesturisme.cat\/wp-content\/uploads\/2018\/12\/corts-de-biosca-077-1280x853.jpg","large-width":1170,"large-height":780,"1536x1536":"https:\/\/www.bagesturisme.cat\/wp-content\/uploads\/2018\/12\/corts-de-biosca-077-1536x1024.jpg","1536x1536-width":1536,"1536x1536-height":1024,"2048x2048":"https:\/\/www.bagesturisme.cat\/wp-content\/uploads\/2018\/12\/corts-de-biosca-077-2048x1365.jpg","2048x2048-width":2048,"2048x2048-height":1365,"blog-large":"https:\/\/www.bagesturisme.cat\/wp-content\/uploads\/2018\/12\/corts-de-biosca-077.jpg","blog-large-width":408,"blog-large-height":272,"blog-medium":"https:\/\/www.bagesturisme.cat\/wp-content\/uploads\/2018\/12\/corts-de-biosca-077.jpg","blog-medium-width":303,"blog-medium-height":202,"recent-posts":"https:\/\/www.bagesturisme.cat\/wp-content\/uploads\/2018\/12\/corts-de-biosca-077.jpg","recent-posts-width":662,"recent-posts-height":441,"recent-works-thumbnail":"https:\/\/www.bagesturisme.cat\/wp-content\/uploads\/2018\/12\/corts-de-biosca-077.jpg","recent-works-thumbnail-width":66,"recent-works-thumbnail-height":44,"fusion-200":"https:\/\/www.bagesturisme.cat\/wp-content\/uploads\/2018\/12\/corts-de-biosca-077.jpg","fusion-200-width":200,"fusion-200-height":133,"fusion-400":"https:\/\/www.bagesturisme.cat\/wp-content\/uploads\/2018\/12\/corts-de-biosca-077.jpg","fusion-400-width":400,"fusion-400-height":267,"fusion-600":"https:\/\/www.bagesturisme.cat\/wp-content\/uploads\/2018\/12\/corts-de-biosca-077.jpg","fusion-600-width":600,"fusion-600-height":400,"fusion-800":"https:\/\/www.bagesturisme.cat\/wp-content\/uploads\/2018\/12\/corts-de-biosca-077.jpg","fusion-800-width":800,"fusion-800-height":533,"fusion-1200":"https:\/\/www.bagesturisme.cat\/wp-content\/uploads\/2018\/12\/corts-de-biosca-077.jpg","fusion-1200-width":1200,"fusion-1200-height":800,"portfolio-full":"https:\/\/www.bagesturisme.cat\/wp-content\/uploads\/2018\/12\/corts-de-biosca-077.jpg","portfolio-full-width":600,"portfolio-full-height":400,"portfolio-one":"https:\/\/www.bagesturisme.cat\/wp-content\/uploads\/2018\/12\/corts-de-biosca-077.jpg","portfolio-one-width":408,"portfolio-one-height":272,"portfolio-two":"https:\/\/www.bagesturisme.cat\/wp-content\/uploads\/2018\/12\/corts-de-biosca-077.jpg","portfolio-two-width":443,"portfolio-two-height":295,"portfolio-three":"https:\/\/www.bagesturisme.cat\/wp-content\/uploads\/2018\/12\/corts-de-biosca-077.jpg","portfolio-three-width":300,"portfolio-three-height":200,"portfolio-five":"https:\/\/www.bagesturisme.cat\/wp-content\/uploads\/2018\/12\/corts-de-biosca-077.jpg","portfolio-five-width":177,"portfolio-five-height":118}}],"ubicacio":{"address":"Casa Biosca (Castelltallat) 08263 Sant Mateu de Bages","lat":"41.779468","lng":"1.6176410000000487"}},"_links":{"self":[{"href":"https:\/\/www.bagesturisme.cat\/fr\/wp-json\/wp\/v2\/allotjament\/53","targetHints":{"allow":["GET"]}}],"collection":[{"href":"https:\/\/www.bagesturisme.cat\/fr\/wp-json\/wp\/v2\/allotjament"}],"about":[{"href":"https:\/\/www.bagesturisme.cat\/fr\/wp-json\/wp\/v2\/types\/allotjament"}],"author":[{"embeddable":true,"href":"https:\/\/www.bagesturisme.cat\/fr\/wp-json\/wp\/v2\/users\/28"}],"version-history":[{"count":46,"href":"https:\/\/www.bagesturisme.cat\/fr\/wp-json\/wp\/v2\/allotjament\/53\/revisions"}],"predecessor-version":[{"id":13546,"href":"https:\/\/www.bagesturisme.cat\/fr\/wp-json\/wp\/v2\/allotjament\/53\/revisions\/13546"}],"wp:featuredmedia":[{"embeddable":true,"href":"https:\/\/www.bagesturisme.cat\/fr\/wp-json\/wp\/v2\/media\/13513"}],"wp:attachment":[{"href":"https:\/\/www.bagesturisme.cat\/fr\/wp-json\/wp\/v2\/media?parent=53"}],"curies":[{"name":"wp","href":"https:\/\/api.w.org\/{rel}","templated":true}]}}