{"id":103,"date":"2016-12-15T13:10:00","date_gmt":"2016-12-15T12:10:00","guid":{"rendered":"https:\/\/bagesturisme.cat\/allotjament\/masia-la-garriga-de-castelladral\/"},"modified":"2021-02-05T14:40:12","modified_gmt":"2021-02-05T13:40:12","slug":"hotel-masia-garriga-castelladral","status":"publish","type":"allotjament","link":"https:\/\/www.bagesturisme.cat\/fr\/allotjament\/hotel-masia-garriga-castelladral\/","title":{"rendered":"Masia La Garriga de Castelladral"},"content":{"rendered":"Edificaci\u00f3 medieval del\u00a0segle XV. Majestuosa finca dedicada a l\u2019explotaci\u00f3 vin\u00edcola a finals del segle XIX i actualment La Garriga de Castelladral conserva a les seves pedres aquella m\u00e0gia, tradici\u00f3 i cultura que us faran viatjar a trav\u00e9s de la hist\u00f2ria.<\/p>\n<p>La casa disposa de 8 habitacions, totes elles diferents, constru\u00efdes en el cos central de la masia i amb vistes extraordin\u00e0ries.<\/p>\n<p>Gaudir d\u2019un passeig enmig del bosc, assaborir un delici\u00f3s past\u00eds de l\u2019\u00e0via acabat de fer, con\u00e8ixer com es produ\u00efa el vi antigament, observar com mama un petit poltre acabat de n\u00e9ixer, esmorzar uns tom\u00e0quets ecol\u00f2gics acabats de collir de l\u2019hort, tenir una conversa agradable amb un pastor d\u2019ovelles&#8230;<\/p>\n<p>La Garriga \u00e9s un espai per viure la natura, l\u2019alimentaci\u00f3, les persones, la terra, la fam\u00edlia&#8230; un espai per recuperar sensacions que fa temps que hem perdut, immersos en el dia a dia, la vida r\u00e0pida i la falta de temps&#8230;<\/p>\n<p>La Garriga \u00e9s un indret tranquil on experimentar la vida al camp, connectar-nos amb la Natura i trobar la calma en el moment present.Edificaci\u00f3 medieval del\u00a0segle XV. Majestuosa finca dedicada a l\u2019explotaci\u00f3 vin\u00edcola a finals del segle XIX i actualment La Garriga de Castelladral conserva a les seves pedres aquella m\u00e0gia, tradici\u00f3 i cultura que us faran viatjar a trav\u00e9s de la hist\u00f2ria.<\/p>\n<p>La casa disposa de 8 habitacions, totes elles diferents, constru\u00efdes en el cos central de la masia i amb vistes extraordin\u00e0ries.<\/p>\n<p>Gaudir d\u2019un passeig enmig del bosc, assaborir un delici\u00f3s past\u00eds de l\u2019\u00e0via acabat de fer, con\u00e8ixer com es produ\u00efa el vi antigament, observar com mama un petit poltre acabat de n\u00e9ixer, esmorzar uns tom\u00e0quets ecol\u00f2gics acabats de collir de l\u2019hort, tenir una conversa agradable amb un pastor d\u2019ovelles&#8230;<\/p>\n<p>La Garriga \u00e9s un espai per viure la natura, l\u2019alimentaci\u00f3, les persones, la terra, la fam\u00edlia&#8230; un espai per recuperar sensacions que fa temps que hem perdut, immersos en el dia a dia, la vida r\u00e0pida i la falta de temps&#8230;<\/p>\n<p>La Garriga \u00e9s un indret tranquil on experimentar la vida al camp, connectar-nos amb la Natura i trobar la calma en el moment present.","protected":false},"author":21,"featured_media":8701,"template":"","class_list":["post-103","allotjament","type-allotjament","status-publish","has-post-thumbnail","hentry","municipi-navas","indicadors-quatre-estrelles","tipus-allotjament-hotel","tipus-allotjament-turisme-rural"],"acf":{"ubicacio":{"address":"Carretera de S\u00faria a Castelladral Km 5,2","lat":"41.867914","lng":"1.7623929999999746"},"adreca":"Crta. de S\u00faria a Castelladral, km 5.2, Castelladral (Nav\u00e0s)","web":"http:\/\/www.masialagarriga.com","email":"info@masialagarriga.com","tel":"93 868 22 50 \u00b7 629 39 39 69","galeria":[{"ID":8700,"id":8700,"title":"Suite de l'Hotel La Garriga de Castelladral. Novembre de 2015.","filename":"Masia-la-Garriga-de-Castelladral.jpg","filesize":437731,"url":"https:\/\/www.bagesturisme.cat\/wp-content\/uploads\/2016\/12\/Masia-la-Garriga-de-Castelladral.jpg","link":"https:\/\/www.bagesturisme.cat\/fr\/allotjament\/hotel-masia-garriga-castelladral\/suite-de-lhotel-la-garriga-de-castelladral-novembre-de-2015\/","alt":"","author":"3","description":"","caption":"Suite de l'Hotel La Garriga de Castelladral. Novembre de 2015.","name":"suite-de-lhotel-la-garriga-de-castelladral-novembre-de-2015","status":"inherit","uploaded_to":103,"date":"2021-02-05 13:39:49","modified":"2021-02-05 13:39:59","menu_order":0,"mime_type":"image\/jpeg","type":"image","subtype":"jpeg","icon":"https:\/\/www.bagesturisme.cat\/wp-includes\/images\/media\/default.png","width":1766,"height":1179,"sizes":{"thumbnail":"https:\/\/www.bagesturisme.cat\/wp-content\/uploads\/2016\/12\/Masia-la-Garriga-de-Castelladral-150x150.jpg","thumbnail-width":150,"thumbnail-height":150,"medium":"https:\/\/www.bagesturisme.cat\/wp-content\/uploads\/2016\/12\/Masia-la-Garriga-de-Castelladral-599x400.jpg","medium-width":599,"medium-height":400,"medium_large":"https:\/\/www.bagesturisme.cat\/wp-content\/uploads\/2016\/12\/Masia-la-Garriga-de-Castelladral-768x513.jpg","medium_large-width":768,"medium_large-height":513,"large":"https:\/\/www.bagesturisme.cat\/wp-content\/uploads\/2016\/12\/Masia-la-Garriga-de-Castelladral-1280x855.jpg","large-width":1170,"large-height":782,"1536x1536":"https:\/\/www.bagesturisme.cat\/wp-content\/uploads\/2016\/12\/Masia-la-Garriga-de-Castelladral-1536x1025.jpg","1536x1536-width":1536,"1536x1536-height":1025,"2048x2048":"https:\/\/www.bagesturisme.cat\/wp-content\/uploads\/2016\/12\/Masia-la-Garriga-de-Castelladral.jpg","2048x2048-width":1766,"2048x2048-height":1179,"blog-large":"https:\/\/www.bagesturisme.cat\/wp-content\/uploads\/2016\/12\/Masia-la-Garriga-de-Castelladral.jpg","blog-large-width":407,"blog-large-height":272,"blog-medium":"https:\/\/www.bagesturisme.cat\/wp-content\/uploads\/2016\/12\/Masia-la-Garriga-de-Castelladral.jpg","blog-medium-width":303,"blog-medium-height":202,"recent-posts":"https:\/\/www.bagesturisme.cat\/wp-content\/uploads\/2016\/12\/Masia-la-Garriga-de-Castelladral.jpg","recent-posts-width":661,"recent-posts-height":441,"recent-works-thumbnail":"https:\/\/www.bagesturisme.cat\/wp-content\/uploads\/2016\/12\/Masia-la-Garriga-de-Castelladral.jpg","recent-works-thumbnail-width":66,"recent-works-thumbnail-height":44,"fusion-200":"https:\/\/www.bagesturisme.cat\/wp-content\/uploads\/2016\/12\/Masia-la-Garriga-de-Castelladral.jpg","fusion-200-width":200,"fusion-200-height":134,"fusion-400":"https:\/\/www.bagesturisme.cat\/wp-content\/uploads\/2016\/12\/Masia-la-Garriga-de-Castelladral.jpg","fusion-400-width":400,"fusion-400-height":267,"fusion-600":"https:\/\/www.bagesturisme.cat\/wp-content\/uploads\/2016\/12\/Masia-la-Garriga-de-Castelladral.jpg","fusion-600-width":600,"fusion-600-height":401,"fusion-800":"https:\/\/www.bagesturisme.cat\/wp-content\/uploads\/2016\/12\/Masia-la-Garriga-de-Castelladral.jpg","fusion-800-width":800,"fusion-800-height":534,"fusion-1200":"https:\/\/www.bagesturisme.cat\/wp-content\/uploads\/2016\/12\/Masia-la-Garriga-de-Castelladral.jpg","fusion-1200-width":1200,"fusion-1200-height":801,"portfolio-full":"https:\/\/www.bagesturisme.cat\/wp-content\/uploads\/2016\/12\/Masia-la-Garriga-de-Castelladral.jpg","portfolio-full-width":599,"portfolio-full-height":400,"portfolio-one":"https:\/\/www.bagesturisme.cat\/wp-content\/uploads\/2016\/12\/Masia-la-Garriga-de-Castelladral.jpg","portfolio-one-width":407,"portfolio-one-height":272,"portfolio-two":"https:\/\/www.bagesturisme.cat\/wp-content\/uploads\/2016\/12\/Masia-la-Garriga-de-Castelladral.jpg","portfolio-two-width":442,"portfolio-two-height":295,"portfolio-three":"https:\/\/www.bagesturisme.cat\/wp-content\/uploads\/2016\/12\/Masia-la-Garriga-de-Castelladral.jpg","portfolio-three-width":300,"portfolio-three-height":200,"portfolio-five":"https:\/\/www.bagesturisme.cat\/wp-content\/uploads\/2016\/12\/Masia-la-Garriga-de-Castelladral.jpg","portfolio-five-width":177,"portfolio-five-height":118}},{"ID":8701,"id":8701,"title":"Masia la Garriga de Castelladral2","filename":"Masia-la-Garriga-de-Castelladral2.jpg","filesize":404717,"url":"https:\/\/www.bagesturisme.cat\/wp-content\/uploads\/2016\/12\/Masia-la-Garriga-de-Castelladral2.jpg","link":"https:\/\/www.bagesturisme.cat\/fr\/allotjament\/hotel-masia-garriga-castelladral\/masia-la-garriga-de-castelladral2\/","alt":"","author":"3","description":"","caption":"","name":"masia-la-garriga-de-castelladral2","status":"inherit","uploaded_to":103,"date":"2021-02-05 13:39:50","modified":"2023-10-09 07:29:25","menu_order":0,"mime_type":"image\/jpeg","type":"image","subtype":"jpeg","icon":"https:\/\/www.bagesturisme.cat\/wp-includes\/images\/media\/default.png","width":1766,"height":1179,"sizes":{"thumbnail":"https:\/\/www.bagesturisme.cat\/wp-content\/uploads\/2016\/12\/Masia-la-Garriga-de-Castelladral2-150x150.jpg","thumbnail-width":150,"thumbnail-height":150,"medium":"https:\/\/www.bagesturisme.cat\/wp-content\/uploads\/2016\/12\/Masia-la-Garriga-de-Castelladral2-599x400.jpg","medium-width":599,"medium-height":400,"medium_large":"https:\/\/www.bagesturisme.cat\/wp-content\/uploads\/2016\/12\/Masia-la-Garriga-de-Castelladral2-768x513.jpg","medium_large-width":768,"medium_large-height":513,"large":"https:\/\/www.bagesturisme.cat\/wp-content\/uploads\/2016\/12\/Masia-la-Garriga-de-Castelladral2-1280x855.jpg","large-width":1170,"large-height":782,"1536x1536":"https:\/\/www.bagesturisme.cat\/wp-content\/uploads\/2016\/12\/Masia-la-Garriga-de-Castelladral2-1536x1025.jpg","1536x1536-width":1536,"1536x1536-height":1025,"2048x2048":"https:\/\/www.bagesturisme.cat\/wp-content\/uploads\/2016\/12\/Masia-la-Garriga-de-Castelladral2.jpg","2048x2048-width":1766,"2048x2048-height":1179,"blog-large":"https:\/\/www.bagesturisme.cat\/wp-content\/uploads\/2016\/12\/Masia-la-Garriga-de-Castelladral2.jpg","blog-large-width":407,"blog-large-height":272,"blog-medium":"https:\/\/www.bagesturisme.cat\/wp-content\/uploads\/2016\/12\/Masia-la-Garriga-de-Castelladral2.jpg","blog-medium-width":303,"blog-medium-height":202,"recent-posts":"https:\/\/www.bagesturisme.cat\/wp-content\/uploads\/2016\/12\/Masia-la-Garriga-de-Castelladral2.jpg","recent-posts-width":661,"recent-posts-height":441,"recent-works-thumbnail":"https:\/\/www.bagesturisme.cat\/wp-content\/uploads\/2016\/12\/Masia-la-Garriga-de-Castelladral2.jpg","recent-works-thumbnail-width":66,"recent-works-thumbnail-height":44,"fusion-200":"https:\/\/www.bagesturisme.cat\/wp-content\/uploads\/2016\/12\/Masia-la-Garriga-de-Castelladral2.jpg","fusion-200-width":200,"fusion-200-height":134,"fusion-400":"https:\/\/www.bagesturisme.cat\/wp-content\/uploads\/2016\/12\/Masia-la-Garriga-de-Castelladral2.jpg","fusion-400-width":400,"fusion-400-height":267,"fusion-600":"https:\/\/www.bagesturisme.cat\/wp-content\/uploads\/2016\/12\/Masia-la-Garriga-de-Castelladral2.jpg","fusion-600-width":600,"fusion-600-height":401,"fusion-800":"https:\/\/www.bagesturisme.cat\/wp-content\/uploads\/2016\/12\/Masia-la-Garriga-de-Castelladral2.jpg","fusion-800-width":800,"fusion-800-height":534,"fusion-1200":"https:\/\/www.bagesturisme.cat\/wp-content\/uploads\/2016\/12\/Masia-la-Garriga-de-Castelladral2.jpg","fusion-1200-width":1200,"fusion-1200-height":801,"portfolio-full":"https:\/\/www.bagesturisme.cat\/wp-content\/uploads\/2016\/12\/Masia-la-Garriga-de-Castelladral2.jpg","portfolio-full-width":599,"portfolio-full-height":400,"portfolio-one":"https:\/\/www.bagesturisme.cat\/wp-content\/uploads\/2016\/12\/Masia-la-Garriga-de-Castelladral2.jpg","portfolio-one-width":407,"portfolio-one-height":272,"portfolio-two":"https:\/\/www.bagesturisme.cat\/wp-content\/uploads\/2016\/12\/Masia-la-Garriga-de-Castelladral2.jpg","portfolio-two-width":442,"portfolio-two-height":295,"portfolio-three":"https:\/\/www.bagesturisme.cat\/wp-content\/uploads\/2016\/12\/Masia-la-Garriga-de-Castelladral2.jpg","portfolio-three-width":300,"portfolio-three-height":200,"portfolio-five":"https:\/\/www.bagesturisme.cat\/wp-content\/uploads\/2016\/12\/Masia-la-Garriga-de-Castelladral2.jpg","portfolio-five-width":177,"portfolio-five-height":118}},{"ID":8702,"id":8702,"title":"Botes de vi del 1748 de l'hotel La Garriga de Castelladral. Novembre de 2015.","filename":"Masia-la-Garriga-de-Castelladral3.jpg","filesize":583964,"url":"https:\/\/www.bagesturisme.cat\/wp-content\/uploads\/2016\/12\/Masia-la-Garriga-de-Castelladral3.jpg","link":"https:\/\/www.bagesturisme.cat\/fr\/allotjament\/hotel-masia-garriga-castelladral\/botes-de-vi-del-1748-de-lhotel-la-garriga-de-castelladral-novembre-de-2015\/","alt":"","author":"3","description":"","caption":"Botes de vi del 1748 de l'hotel La Garriga de Castelladral. Novembre de 2015.","name":"botes-de-vi-del-1748-de-lhotel-la-garriga-de-castelladral-novembre-de-2015","status":"inherit","uploaded_to":103,"date":"2021-02-05 13:39:52","modified":"2021-02-05 13:39:52","menu_order":0,"mime_type":"image\/jpeg","type":"image","subtype":"jpeg","icon":"https:\/\/www.bagesturisme.cat\/wp-includes\/images\/media\/default.png","width":1766,"height":1179,"sizes":{"thumbnail":"https:\/\/www.bagesturisme.cat\/wp-content\/uploads\/2016\/12\/Masia-la-Garriga-de-Castelladral3-150x150.jpg","thumbnail-width":150,"thumbnail-height":150,"medium":"https:\/\/www.bagesturisme.cat\/wp-content\/uploads\/2016\/12\/Masia-la-Garriga-de-Castelladral3-599x400.jpg","medium-width":599,"medium-height":400,"medium_large":"https:\/\/www.bagesturisme.cat\/wp-content\/uploads\/2016\/12\/Masia-la-Garriga-de-Castelladral3-768x513.jpg","medium_large-width":768,"medium_large-height":513,"large":"https:\/\/www.bagesturisme.cat\/wp-content\/uploads\/2016\/12\/Masia-la-Garriga-de-Castelladral3-1280x855.jpg","large-width":1170,"large-height":782,"1536x1536":"https:\/\/www.bagesturisme.cat\/wp-content\/uploads\/2016\/12\/Masia-la-Garriga-de-Castelladral3-1536x1025.jpg","1536x1536-width":1536,"1536x1536-height":1025,"2048x2048":"https:\/\/www.bagesturisme.cat\/wp-content\/uploads\/2016\/12\/Masia-la-Garriga-de-Castelladral3.jpg","2048x2048-width":1766,"2048x2048-height":1179,"blog-large":"https:\/\/www.bagesturisme.cat\/wp-content\/uploads\/2016\/12\/Masia-la-Garriga-de-Castelladral3.jpg","blog-large-width":407,"blog-large-height":272,"blog-medium":"https:\/\/www.bagesturisme.cat\/wp-content\/uploads\/2016\/12\/Masia-la-Garriga-de-Castelladral3.jpg","blog-medium-width":303,"blog-medium-height":202,"recent-posts":"https:\/\/www.bagesturisme.cat\/wp-content\/uploads\/2016\/12\/Masia-la-Garriga-de-Castelladral3.jpg","recent-posts-width":661,"recent-posts-height":441,"recent-works-thumbnail":"https:\/\/www.bagesturisme.cat\/wp-content\/uploads\/2016\/12\/Masia-la-Garriga-de-Castelladral3.jpg","recent-works-thumbnail-width":66,"recent-works-thumbnail-height":44,"fusion-200":"https:\/\/www.bagesturisme.cat\/wp-content\/uploads\/2016\/12\/Masia-la-Garriga-de-Castelladral3.jpg","fusion-200-width":200,"fusion-200-height":134,"fusion-400":"https:\/\/www.bagesturisme.cat\/wp-content\/uploads\/2016\/12\/Masia-la-Garriga-de-Castelladral3.jpg","fusion-400-width":400,"fusion-400-height":267,"fusion-600":"https:\/\/www.bagesturisme.cat\/wp-content\/uploads\/2016\/12\/Masia-la-Garriga-de-Castelladral3.jpg","fusion-600-width":600,"fusion-600-height":401,"fusion-800":"https:\/\/www.bagesturisme.cat\/wp-content\/uploads\/2016\/12\/Masia-la-Garriga-de-Castelladral3.jpg","fusion-800-width":800,"fusion-800-height":534,"fusion-1200":"https:\/\/www.bagesturisme.cat\/wp-content\/uploads\/2016\/12\/Masia-la-Garriga-de-Castelladral3.jpg","fusion-1200-width":1200,"fusion-1200-height":801,"portfolio-full":"https:\/\/www.bagesturisme.cat\/wp-content\/uploads\/2016\/12\/Masia-la-Garriga-de-Castelladral3.jpg","portfolio-full-width":599,"portfolio-full-height":400,"portfolio-one":"https:\/\/www.bagesturisme.cat\/wp-content\/uploads\/2016\/12\/Masia-la-Garriga-de-Castelladral3.jpg","portfolio-one-width":407,"portfolio-one-height":272,"portfolio-two":"https:\/\/www.bagesturisme.cat\/wp-content\/uploads\/2016\/12\/Masia-la-Garriga-de-Castelladral3.jpg","portfolio-two-width":442,"portfolio-two-height":295,"portfolio-three":"https:\/\/www.bagesturisme.cat\/wp-content\/uploads\/2016\/12\/Masia-la-Garriga-de-Castelladral3.jpg","portfolio-three-width":300,"portfolio-three-height":200,"portfolio-five":"https:\/\/www.bagesturisme.cat\/wp-content\/uploads\/2016\/12\/Masia-la-Garriga-de-Castelladral3.jpg","portfolio-five-width":177,"portfolio-five-height":118}},{"ID":8703,"id":8703,"title":"Spa de l'Hotel La Garriga de Castelladral. Novembre de 2015.","filename":"Masia-la-Garriga-de-Castelladral4.jpg","filesize":469835,"url":"https:\/\/www.bagesturisme.cat\/wp-content\/uploads\/2016\/12\/Masia-la-Garriga-de-Castelladral4.jpg","link":"https:\/\/www.bagesturisme.cat\/fr\/allotjament\/hotel-masia-garriga-castelladral\/spa-de-lhotel-la-garriga-de-castelladral-novembre-de-2015\/","alt":"","author":"3","description":"","caption":"Spa de l'Hotel La Garriga de Castelladral. Novembre de 2015.","name":"spa-de-lhotel-la-garriga-de-castelladral-novembre-de-2015","status":"inherit","uploaded_to":103,"date":"2021-02-05 13:39:53","modified":"2021-02-05 13:39:53","menu_order":0,"mime_type":"image\/jpeg","type":"image","subtype":"jpeg","icon":"https:\/\/www.bagesturisme.cat\/wp-includes\/images\/media\/default.png","width":1766,"height":1179,"sizes":{"thumbnail":"https:\/\/www.bagesturisme.cat\/wp-content\/uploads\/2016\/12\/Masia-la-Garriga-de-Castelladral4-150x150.jpg","thumbnail-width":150,"thumbnail-height":150,"medium":"https:\/\/www.bagesturisme.cat\/wp-content\/uploads\/2016\/12\/Masia-la-Garriga-de-Castelladral4-599x400.jpg","medium-width":599,"medium-height":400,"medium_large":"https:\/\/www.bagesturisme.cat\/wp-content\/uploads\/2016\/12\/Masia-la-Garriga-de-Castelladral4-768x513.jpg","medium_large-width":768,"medium_large-height":513,"large":"https:\/\/www.bagesturisme.cat\/wp-content\/uploads\/2016\/12\/Masia-la-Garriga-de-Castelladral4-1280x855.jpg","large-width":1170,"large-height":782,"1536x1536":"https:\/\/www.bagesturisme.cat\/wp-content\/uploads\/2016\/12\/Masia-la-Garriga-de-Castelladral4-1536x1025.jpg","1536x1536-width":1536,"1536x1536-height":1025,"2048x2048":"https:\/\/www.bagesturisme.cat\/wp-content\/uploads\/2016\/12\/Masia-la-Garriga-de-Castelladral4.jpg","2048x2048-width":1766,"2048x2048-height":1179,"blog-large":"https:\/\/www.bagesturisme.cat\/wp-content\/uploads\/2016\/12\/Masia-la-Garriga-de-Castelladral4.jpg","blog-large-width":407,"blog-large-height":272,"blog-medium":"https:\/\/www.bagesturisme.cat\/wp-content\/uploads\/2016\/12\/Masia-la-Garriga-de-Castelladral4.jpg","blog-medium-width":303,"blog-medium-height":202,"recent-posts":"https:\/\/www.bagesturisme.cat\/wp-content\/uploads\/2016\/12\/Masia-la-Garriga-de-Castelladral4.jpg","recent-posts-width":661,"recent-posts-height":441,"recent-works-thumbnail":"https:\/\/www.bagesturisme.cat\/wp-content\/uploads\/2016\/12\/Masia-la-Garriga-de-Castelladral4.jpg","recent-works-thumbnail-width":66,"recent-works-thumbnail-height":44,"fusion-200":"https:\/\/www.bagesturisme.cat\/wp-content\/uploads\/2016\/12\/Masia-la-Garriga-de-Castelladral4.jpg","fusion-200-width":200,"fusion-200-height":134,"fusion-400":"https:\/\/www.bagesturisme.cat\/wp-content\/uploads\/2016\/12\/Masia-la-Garriga-de-Castelladral4.jpg","fusion-400-width":400,"fusion-400-height":267,"fusion-600":"https:\/\/www.bagesturisme.cat\/wp-content\/uploads\/2016\/12\/Masia-la-Garriga-de-Castelladral4.jpg","fusion-600-width":600,"fusion-600-height":401,"fusion-800":"https:\/\/www.bagesturisme.cat\/wp-content\/uploads\/2016\/12\/Masia-la-Garriga-de-Castelladral4.jpg","fusion-800-width":800,"fusion-800-height":534,"fusion-1200":"https:\/\/www.bagesturisme.cat\/wp-content\/uploads\/2016\/12\/Masia-la-Garriga-de-Castelladral4.jpg","fusion-1200-width":1200,"fusion-1200-height":801,"portfolio-full":"https:\/\/www.bagesturisme.cat\/wp-content\/uploads\/2016\/12\/Masia-la-Garriga-de-Castelladral4.jpg","portfolio-full-width":599,"portfolio-full-height":400,"portfolio-one":"https:\/\/www.bagesturisme.cat\/wp-content\/uploads\/2016\/12\/Masia-la-Garriga-de-Castelladral4.jpg","portfolio-one-width":407,"portfolio-one-height":272,"portfolio-two":"https:\/\/www.bagesturisme.cat\/wp-content\/uploads\/2016\/12\/Masia-la-Garriga-de-Castelladral4.jpg","portfolio-two-width":442,"portfolio-two-height":295,"portfolio-three":"https:\/\/www.bagesturisme.cat\/wp-content\/uploads\/2016\/12\/Masia-la-Garriga-de-Castelladral4.jpg","portfolio-three-width":300,"portfolio-three-height":200,"portfolio-five":"https:\/\/www.bagesturisme.cat\/wp-content\/uploads\/2016\/12\/Masia-la-Garriga-de-Castelladral4.jpg","portfolio-five-width":177,"portfolio-five-height":118}}]},"_links":{"self":[{"href":"https:\/\/www.bagesturisme.cat\/fr\/wp-json\/wp\/v2\/allotjament\/103","targetHints":{"allow":["GET"]}}],"collection":[{"href":"https:\/\/www.bagesturisme.cat\/fr\/wp-json\/wp\/v2\/allotjament"}],"about":[{"href":"https:\/\/www.bagesturisme.cat\/fr\/wp-json\/wp\/v2\/types\/allotjament"}],"author":[{"embeddable":true,"href":"https:\/\/www.bagesturisme.cat\/fr\/wp-json\/wp\/v2\/users\/21"}],"version-history":[{"count":21,"href":"https:\/\/www.bagesturisme.cat\/fr\/wp-json\/wp\/v2\/allotjament\/103\/revisions"}],"predecessor-version":[{"id":8705,"href":"https:\/\/www.bagesturisme.cat\/fr\/wp-json\/wp\/v2\/allotjament\/103\/revisions\/8705"}],"wp:featuredmedia":[{"embeddable":true,"href":"https:\/\/www.bagesturisme.cat\/fr\/wp-json\/wp\/v2\/media\/8701"}],"wp:attachment":[{"href":"https:\/\/www.bagesturisme.cat\/fr\/wp-json\/wp\/v2\/media?parent=103"}],"curies":[{"name":"wp","href":"https:\/\/api.w.org\/{rel}","templated":true}]}}