{"id":471,"date":"2017-01-24T17:37:16","date_gmt":"2017-01-24T16:37:16","guid":{"rendered":"https:\/\/bagesturisme.cat\/activitat\/la-cinglera-del-resistent-via-ferrada-al-turo-del-marques\/"},"modified":"2017-08-21T07:33:43","modified_gmt":"2017-08-21T06:33:43","slug":"la-cinglera-del-resistent-via-ferrada-al-turo-del-marques","status":"publish","type":"activitats","link":"https:\/\/www.bagesturisme.cat\/fr\/activitat\/la-cinglera-del-resistent-via-ferrada-al-turo-del-marques\/","title":{"rendered":"L\u2019escarpement du r\u00e9sistant : Voie Ferrate \u00e0 la Colline du Marqu\u00e8s"},"content":{"rendered":"Affrontez l\u2019altitude en toute s\u00e9curit\u00e9. D\u00e9couvrez l\u2019escarpement et l\u2019embl\u00e9matique colline du Marqu\u00e8s avec une activit\u00e9 faite pour les v\u00e9ritables aventuriers, mais avec trois degr\u00e9s possibles de difficult\u00e9, des d\u00e9butants aux experts.","protected":false},"author":11,"featured_media":747,"template":"","tags":[],"class_list":["post-471","activitats","type-activitats","status-publish","has-post-thumbnail","hentry","municipi-castellbell-i-el-vilar","tipus-natura","indicadors-recomanada-a-partir-de-18-anys","indicadors-activitat-gratuita","idiomes-catala","idiomes-castella","idiomes-angles","idiomes-frances"],"acf":{"entitat":"Ajuntament de Castellbell i el Vilar","adreca":"C. Joaquim Borr\u00e0s, 40, Castellvell i el Vilar","telefon":"93 834 03 50","email":"castellbell@diba.cat","web":"http:\/\/www.castellbellielvilar.cat","galeria":false,"ubicacio":{"address":"C. Joaquim Borr\u00e0s, 40, Castellvell i el Vilar","lat":"41.62921860000001","lng":"1.8606042000000116"}},"_links":{"self":[{"href":"https:\/\/www.bagesturisme.cat\/fr\/wp-json\/wp\/v2\/activitats\/471","targetHints":{"allow":["GET"]}}],"collection":[{"href":"https:\/\/www.bagesturisme.cat\/fr\/wp-json\/wp\/v2\/activitats"}],"about":[{"href":"https:\/\/www.bagesturisme.cat\/fr\/wp-json\/wp\/v2\/types\/activitats"}],"author":[{"embeddable":true,"href":"https:\/\/www.bagesturisme.cat\/fr\/wp-json\/wp\/v2\/users\/11"}],"version-history":[{"count":2,"href":"https:\/\/www.bagesturisme.cat\/fr\/wp-json\/wp\/v2\/activitats\/471\/revisions"}],"predecessor-version":[{"id":1418,"href":"https:\/\/www.bagesturisme.cat\/fr\/wp-json\/wp\/v2\/activitats\/471\/revisions\/1418"}],"wp:featuredmedia":[{"embeddable":true,"href":"https:\/\/www.bagesturisme.cat\/fr\/wp-json\/wp\/v2\/media\/747"}],"wp:attachment":[{"href":"https:\/\/www.bagesturisme.cat\/fr\/wp-json\/wp\/v2\/media?parent=471"}],"wp:term":[{"taxonomy":"post_tag","embeddable":true,"href":"https:\/\/www.bagesturisme.cat\/fr\/wp-json\/wp\/v2\/tags?post=471"}],"curies":[{"name":"wp","href":"https:\/\/api.w.org\/{rel}","templated":true}]}}