{"id":14474,"date":"2024-07-24T11:47:23","date_gmt":"2024-07-24T10:47:23","guid":{"rendered":"https:\/\/bagesturisme.cat\/?post_type=activitats&#038;p=14474"},"modified":"2024-08-07T09:02:14","modified_gmt":"2024-08-07T08:02:14","slug":"adrenalina-esport-i-natura-a-sant-fruitos-de-bages-paquet-truistic","status":"publish","type":"activitats","link":"https:\/\/www.bagesturisme.cat\/fr\/activitat\/adrenalina-esport-i-natura-a-sant-fruitos-de-bages-paquet-truistic\/","title":{"rendered":"Adr\u00e9naline, sport et nature, \u00e0 Sant Fruit\u00f3s de Bages &#8211; Forfait touristique"},"content":{"rendered":"<h1 id=\"tw-target-text\" class=\"tw-data-text tw-text-large tw-ta\" dir=\"ltr\" data-placeholder=\"Traducci\u00f3\" aria-label=\"Text tradu\u00eft\" data-ved=\"2ahUKEwixx_emu7-HAxVta0EAHRKTIfwQ3ewLegQIExAU\"><span class=\"Y2IQFc\" lang=\"fr\">Adr\u00e9naline, sport et nature, \u00e0 Sant Fruit\u00f3s de Bages <\/span><\/h1>\n<p class=\"tw-data-text tw-text-large tw-ta\" dir=\"ltr\" data-placeholder=\"Traducci\u00f3\" aria-label=\"Text tradu\u00eft\" data-ved=\"2ahUKEwixx_emu7-HAxVta0EAHRKTIfwQ3ewLegQIExAU\"><span class=\"Y2IQFc\" lang=\"fr\">1 jour \/ 2 personnes <\/span><\/p>\n<p class=\"tw-data-text tw-text-large tw-ta\" dir=\"ltr\" data-placeholder=\"Traducci\u00f3\" aria-label=\"Text tradu\u00eft\" data-ved=\"2ahUKEwixx_emu7-HAxVta0EAHRKTIfwQ3ewLegQIExAU\"><span class=\"Y2IQFc\" lang=\"fr\">246 \u20ac 2 personnes. <\/span><\/p>\n<p class=\"tw-data-text tw-text-large tw-ta\" dir=\"ltr\" data-placeholder=\"Traducci\u00f3\" aria-label=\"Text tradu\u00eft\" data-ved=\"2ahUKEwixx_emu7-HAxVta0EAHRKTIfwQ3ewLegQIExAU\"><span class=\"Y2IQFc\" lang=\"fr\">Votre itin\u00e9raire en v\u00e9lo \u00e9lectrique emprunte le chemin m\u00e9di\u00e9val du S\u00e9quia de Manresa, en direction de Sallent, traverse l&rsquo;idyllique Bosc de la Sala et revient le long des rives du Llobregat, avec un arr\u00eat obligatoire au monast\u00e8re de Sant Benet. Vous devrez r\u00e9cup\u00e9rer vos forces avec un repas au restaurant Klam puis vous pourrez visiter le centre historique de Sant Fruit\u00f3s de Bages, la Sagrera <\/span><\/p>\n<p class=\"tw-data-text tw-text-large tw-ta\" dir=\"ltr\" data-placeholder=\"Traducci\u00f3\" aria-label=\"Text tradu\u00eft\" data-ved=\"2ahUKEwixx_emu7-HAxVta0EAHRKTIfwQ3ewLegQIExAU\"><span class=\"Y2IQFc\" lang=\"fr\">Pr\u00e9parez-vous, l&rsquo;apr\u00e8s-midi est riche en \u00e9motions ! \u00c0 l&rsquo;a\u00e9rodrome de Saltamos Village, vous profiterez d&rsquo;un cours de pr\u00e9paration et de l&rsquo;exp\u00e9rience du vol en soufflerie et vous pourrez contempler le parachutistes en action. <\/span><\/p>\n<p class=\"tw-data-text tw-text-large tw-ta\" dir=\"ltr\" data-placeholder=\"Traducci\u00f3\" aria-label=\"Text tradu\u00eft\" data-ved=\"2ahUKEwixx_emu7-HAxVta0EAHRKTIfwQ3ewLegQIExAU\"><span class=\"Y2IQFc\" lang=\"fr\">Itin\u00e9raire circulaire du matin avec v\u00e9lo \u00e9lectrique Pour le Parc de la S\u00e8quia, le monast\u00e8re de Sant Benet et les rives du Llobregat, offert par Le BaCiCleta <\/span><\/p>\n<p class=\"tw-data-text tw-text-large tw-ta\" dir=\"ltr\" data-placeholder=\"Traducci\u00f3\" aria-label=\"Text tradu\u00eft\" data-ved=\"2ahUKEwixx_emu7-HAxVta0EAHRKTIfwQ3ewLegQIExAU\"><span class=\"Y2IQFc\" lang=\"fr\">D\u00e9jeuner de midi au restaurant Klam Menu du week-end. Un bon repas \u00e0 pr\u00e9parer pour une soir\u00e9e tr\u00e8s excitante. Apr\u00e8s le d\u00e9jeuner, visitez le Sagrera, l&rsquo;ancien \u00e9crin du village et noyau germinal de Sant Fruit\u00f3s de Bages, l&rsquo;ancienne ville fortifi\u00e9e, dont nous conservons une des portes d&rsquo;acc\u00e8s. <\/span><\/p>\n<p class=\"tw-data-text tw-text-large tw-ta\" dir=\"ltr\" data-placeholder=\"Traducci\u00f3\" aria-label=\"Text tradu\u00eft\" data-ved=\"2ahUKEwixx_emu7-HAxVta0EAHRKTIfwQ3ewLegQIExAU\"><span class=\"Y2IQFc\" lang=\"fr\">Apr\u00e8s-midi, soufflerie du village de Saltamos (doit \u00eatre l\u00e0 45 minutes avant) Vol de 2 minutes en soufflerie 2 vols individuels Location de mat\u00e9riel incluse Cours de pr\u00e9paration avant le vol <\/span><\/p>\n<p class=\"tw-data-text tw-text-large tw-ta\" dir=\"ltr\" data-placeholder=\"Traducci\u00f3\" aria-label=\"Text tradu\u00eft\" data-ved=\"2ahUKEwixx_emu7-HAxVta0EAHRKTIfwQ3ewLegQIExAU\"><span class=\"Y2IQFc\" lang=\"fr\">REMARQUE : Disponible le week-end, toujours sur r\u00e9servation pr\u00e9alable.<\/span><\/p>\n<p class=\"tw-data-text tw-text-large tw-ta\" dir=\"ltr\" data-placeholder=\"Traducci\u00f3\" aria-label=\"Text tradu\u00eft\" data-ved=\"2ahUKEwixx_emu7-HAxVta0EAHRKTIfwQ3ewLegQIExAU\"><a class=\"mes-info boto-comprar\" href=\"https:\/\/btiquets.com\/event\/adrenalina-esport-i-natura-a-sant-fruitos\">Acheter<\/a><\/p>","protected":false},"author":26,"featured_media":14495,"template":"","tags":[178,214,317,318,319],"class_list":["post-14474","activitats","type-activitats","status-publish","has-post-thumbnail","hentry","tag-natura","tag-214","tag-descobreix-sant-fruitos","tag-adrenalina","tag-esport","municipi-sant-fruitos-de-bages","tipus-natura","tipus-familiar","tipus-turisme-actiu","tipus-turisme-en-familia","indicadors-activitat-de-pagament","indicadors-apte-per-a-totes-les-edats"],"acf":{"galeria":false,"entitat":"Ajuntament de Sant Fruit\u00f3s de Bages","adreca":"","telefon":"","email":"sfb.turisme@santfruitos.cat","web":"https:\/\/turismesantfruitos.cat\/","link-venda":"https:\/\/btiquets.com\/event\/adrenalina-esport-i-natura-a-sant-fruitos","ubicacio":false},"_links":{"self":[{"href":"https:\/\/www.bagesturisme.cat\/fr\/wp-json\/wp\/v2\/activitats\/14474","targetHints":{"allow":["GET"]}}],"collection":[{"href":"https:\/\/www.bagesturisme.cat\/fr\/wp-json\/wp\/v2\/activitats"}],"about":[{"href":"https:\/\/www.bagesturisme.cat\/fr\/wp-json\/wp\/v2\/types\/activitats"}],"author":[{"embeddable":true,"href":"https:\/\/www.bagesturisme.cat\/fr\/wp-json\/wp\/v2\/users\/26"}],"version-history":[{"count":4,"href":"https:\/\/www.bagesturisme.cat\/fr\/wp-json\/wp\/v2\/activitats\/14474\/revisions"}],"predecessor-version":[{"id":14551,"href":"https:\/\/www.bagesturisme.cat\/fr\/wp-json\/wp\/v2\/activitats\/14474\/revisions\/14551"}],"wp:featuredmedia":[{"embeddable":true,"href":"https:\/\/www.bagesturisme.cat\/fr\/wp-json\/wp\/v2\/media\/14495"}],"wp:attachment":[{"href":"https:\/\/www.bagesturisme.cat\/fr\/wp-json\/wp\/v2\/media?parent=14474"}],"wp:term":[{"taxonomy":"post_tag","embeddable":true,"href":"https:\/\/www.bagesturisme.cat\/fr\/wp-json\/wp\/v2\/tags?post=14474"}],"curies":[{"name":"wp","href":"https:\/\/api.w.org\/{rel}","templated":true}]}}