{"id":14170,"date":"2024-05-10T11:14:47","date_gmt":"2024-05-10T10:14:47","guid":{"rendered":"https:\/\/bagesturisme.cat\/?post_type=activitats&#038;p=14170"},"modified":"2024-05-10T11:34:27","modified_gmt":"2024-05-10T10:34:27","slug":"mercat-de-la-terra","status":"publish","type":"activitats","link":"https:\/\/www.bagesturisme.cat\/fr\/activitat\/mercat-de-la-terra\/","title":{"rendered":"March\u00e9 de la Terre"},"content":{"rendered":"<pre id=\"tw-target-text\" class=\"tw-data-text tw-text-large tw-ta\" dir=\"ltr\" data-placeholder=\"Traducci\u00f3\" aria-label=\"Text tradu\u00eft\" data-ved=\"2ahUKEwjZuM3x54KGAxUvgv0HHXo5DqsQ3ewLegQIBRAU\"><span class=\"Y2IQFc\" lang=\"fr\">LE TROISI\u00c8ME SAMEDI DE CHAQUE MOIS, LES VISITEURS POURRONT ACHETER DES PRODUITS DE SAISON, LOCAUX ET \u00c9QUITABLES, DIRECTEMENT CHEZ LES PRODUCTEURS.\r\n\r\nLe samedi 18 mai, Sant Fruit\u00f3s de Bages accueillera le premier Mercat de la Terra, un projet promu par la Mairie en collaboration avec la communaut\u00e9 Slow Food de Catalogne Centrale.\r\n\r\nLe March\u00e9 de la Terre se tiendra sous le couvert des Batteuses le troisi\u00e8me samedi de chaque mois, de 10h \u00e0 14h, et proposera une large gamme d'\u00e9tals, des fruits et l\u00e9gumes aux produits artisanaux comme le miel, les fromages, la charcuterie et le pain.\r\n\r\nCe sont les agriculteurs et les producteurs de la r\u00e9gion qui vendront directement aux visiteurs, offrant ainsi la possibilit\u00e9 de cr\u00e9er une communaut\u00e9, d'\u00e9changer des recettes et de partager des exp\u00e9riences li\u00e9es \u00e0 une alimentation saine et durable.\r\n\r\nChaque mois, le march\u00e9 comprendra diff\u00e9rentes activit\u00e9s parall\u00e8les. Dans la premi\u00e8re \u00e9dition de ce samedi 18 mai, la matin\u00e9e commencera par un copieux petit-d\u00e9jeuner puis il s'agira de la culture r\u00e9cup\u00e9r\u00e9e de l'aubergine blanche, o\u00f9 le projet de r\u00e9cup\u00e9ration sera expliqu\u00e9, des ateliers seront organis\u00e9s pour que les enfants apprennent comment prendre soin de cette culture et des plants de ce l\u00e9gume seront distribu\u00e9s. La matin\u00e9e se terminera par un vermouth musical.\r\n\r\nCe march\u00e9 arrive dans la municipalit\u00e9 dans le but de promouvoir l'\u00e9conomie locale et r\u00e9gionale et de promouvoir de saines habitudes alimentaires parmi les r\u00e9sidents tout en soutenant les producteurs locaux qui vendent des produits de saison, cultiv\u00e9s avec soin et respect de l'environnement.\r\n\r\nCe n'est pas n'importe quel march\u00e9\r\n\r\nCe nouveau march\u00e9 fait partie d'un r\u00e9seau international de march\u00e9s qui fonctionnent selon les principes de Slow Food et o\u00f9 les protagonistes sont de petits producteurs et artisans alimentaires. Une alimentation bonne, propre et \u00e9quitable se trouve sur les stands du Mercat de la Terra : les produits sont locaux, frais et de saison ; ils respectent l'environnement et le travail des producteurs ; ils sont propos\u00e9s \u00e0 des prix \u00e9quitables, pour ceux qui ach\u00e8tent et pour ceux qui vendent.\r\n\r\nLe projet Earth Markets est n\u00e9 en 2004 et a d\u00e9j\u00e0 \u00e9t\u00e9 mis en \u0153uvre dans 24 pays \u00e0 travers le monde. En Catalogne, le premier \u00e0 ouvrir a eu lieu dans le parc Tres Xemeneies \u00e0 Barcelone, et celui de Sant Fruit\u00f3s de Bages sera le deuxi\u00e8me.<\/span><\/pre>","protected":false},"author":26,"featured_media":14183,"template":"","tags":[120,216,310],"class_list":["post-14170","activitats","type-activitats","status-publish","has-post-thumbnail","hentry","tag-claret","tag-gastronomia","tag-mercat","municipi-sant-fruitos-de-bages","tipus-gastronomia","tipus-turisme-actiu"],"acf":{"galeria":false,"entitat":"Ajuntament de Sant Fruit\u00f3s de Bages","adreca":"Cobert de la Maquina de Batre","telefon":"978789700","email":"sfb.promocio.econom@santfruitos.cat","web":"https:\/\/www.santfruitos.cat\/actualitat\/noticies\/el-mercat-de-la-terra-del-moviment-slow-food-arriba-a-sant-fruitos-de-bages","link-venda":"","ubicacio":false},"_links":{"self":[{"href":"https:\/\/www.bagesturisme.cat\/fr\/wp-json\/wp\/v2\/activitats\/14170","targetHints":{"allow":["GET"]}}],"collection":[{"href":"https:\/\/www.bagesturisme.cat\/fr\/wp-json\/wp\/v2\/activitats"}],"about":[{"href":"https:\/\/www.bagesturisme.cat\/fr\/wp-json\/wp\/v2\/types\/activitats"}],"author":[{"embeddable":true,"href":"https:\/\/www.bagesturisme.cat\/fr\/wp-json\/wp\/v2\/users\/26"}],"version-history":[{"count":4,"href":"https:\/\/www.bagesturisme.cat\/fr\/wp-json\/wp\/v2\/activitats\/14170\/revisions"}],"predecessor-version":[{"id":14180,"href":"https:\/\/www.bagesturisme.cat\/fr\/wp-json\/wp\/v2\/activitats\/14170\/revisions\/14180"}],"wp:featuredmedia":[{"embeddable":true,"href":"https:\/\/www.bagesturisme.cat\/fr\/wp-json\/wp\/v2\/media\/14183"}],"wp:attachment":[{"href":"https:\/\/www.bagesturisme.cat\/fr\/wp-json\/wp\/v2\/media?parent=14170"}],"wp:term":[{"taxonomy":"post_tag","embeddable":true,"href":"https:\/\/www.bagesturisme.cat\/fr\/wp-json\/wp\/v2\/tags?post=14170"}],"curies":[{"name":"wp","href":"https:\/\/api.w.org\/{rel}","templated":true}]}}