{"version":"1.0","provider_name":"Bages Turisme","provider_url":"https:\/\/www.bagesturisme.cat\/fr","title":"Ruta del rom\u00e0nic V.3 - Del pla de Bages a Castellnou - Bages Turisme","type":"rich","width":600,"height":338,"html":"<blockquote class=\"wp-embedded-content\" data-secret=\"Z609rmTdGx\"><a href=\"https:\/\/www.bagesturisme.cat\/fr\/rutes\/v-3-del-pla-de-bages-a-castellnou\/\">Ruta del rom\u00e0nic V.3 &#8211; Del pla de Bages a Castellnou<\/a><\/blockquote><iframe sandbox=\"allow-scripts\" security=\"restricted\" src=\"https:\/\/www.bagesturisme.cat\/fr\/rutes\/v-3-del-pla-de-bages-a-castellnou\/embed\/#?secret=Z609rmTdGx\" width=\"600\" height=\"338\" title=\"\u00ab\u00a0Ruta del rom\u00e0nic V.3 &#8211; Del pla de Bages a Castellnou\u00a0\u00bb &#8212; Bages Turisme\" data-secret=\"Z609rmTdGx\" frameborder=\"0\" marginwidth=\"0\" marginheight=\"0\" scrolling=\"no\" class=\"wp-embedded-content\"><\/iframe><script type=\"text\/javascript\">\n\/* <![CDATA[ *\/\n\/*! This file is auto-generated *\/\n!function(d,l){\"use strict\";l.querySelector&&d.addEventListener&&\"undefined\"!=typeof URL&&(d.wp=d.wp||{},d.wp.receiveEmbedMessage||(d.wp.receiveEmbedMessage=function(e){var t=e.data;if((t||t.secret||t.message||t.value)&&!\/[^a-zA-Z0-9]\/.test(t.secret)){for(var s,r,n,a=l.querySelectorAll('iframe[data-secret=\"'+t.secret+'\"]'),o=l.querySelectorAll('blockquote[data-secret=\"'+t.secret+'\"]'),c=new RegExp(\"^https?:$\",\"i\"),i=0;i<o.length;i++)o[i].style.display=\"none\";for(i=0;i<a.length;i++)s=a[i],e.source===s.contentWindow&&(s.removeAttribute(\"style\"),\"height\"===t.message?(1e3<(r=parseInt(t.value,10))?r=1e3:~~r<200&&(r=200),s.height=r):\"link\"===t.message&&(r=new URL(s.getAttribute(\"src\")),n=new URL(t.value),c.test(n.protocol))&&n.host===r.host&&l.activeElement===s&&(d.top.location.href=t.value))}},d.addEventListener(\"message\",d.wp.receiveEmbedMessage,!1),l.addEventListener(\"DOMContentLoaded\",function(){for(var e,t,s=l.querySelectorAll(\"iframe.wp-embedded-content\"),r=0;r<s.length;r++)(t=(e=s[r]).getAttribute(\"data-secret\"))||(t=Math.random().toString(36).substring(2,12),e.src+=\"#?secret=\"+t,e.setAttribute(\"data-secret\",t)),e.contentWindow.postMessage({message:\"ready\",secret:t},\"*\")},!1)))}(window,document);\n\/\/# sourceURL=https:\/\/www.bagesturisme.cat\/wp-includes\/js\/wp-embed.min.js\n\/* ]]> *\/\n<\/script>\n","thumbnail_url":"https:\/\/www.bagesturisme.cat\/wp-content\/uploads\/2022\/04\/horts_santiscle_agost_fortuny-0139-scaled.jpg","thumbnail_width":2560,"thumbnail_height":1705,"description":"Parcour 5 Sud &#8211; 33.6km &#8211; 378.8m Cette route a de petites chapelles tr\u00e8s int\u00e9ressantes, dont certaines sont Santa Maria de Claret et Sant Iscle et Santa Vict\u00f2ria de Bages. \u00c0 Santpedor, il convient de mentionner la vieille ville, de typologie m\u00e9di\u00e9vale, qui conserve encore les vestiges de l&rsquo;ancienne porte de l&rsquo;\u00e9glise romane de Sant [...]"}