{"id":4436,"date":"2017-09-28T18:02:56","date_gmt":"2017-09-28T17:02:56","guid":{"rendered":"https:\/\/bagesturisme.cat\/?post_type=restauracio&#038;p=4436"},"modified":"2021-02-19T10:27:48","modified_gmt":"2021-02-19T09:27:48","slug":"restaurant-rebost-torre","status":"publish","type":"restauracio","link":"https:\/\/www.bagesturisme.cat\/es\/restauracio\/restaurant-rebost-torre\/","title":{"rendered":"Restaurant el Rebost de la Torre"},"content":{"rendered":"<p>El Rebost de la Torre est\u00e0 situat dins el conjunt de l&#8217;antiqu\u00edssim mas de la Torre d&#8217;en Roca, docuementat des del segle XI, amn el canal medieval de La S\u00e8quia a tocar. Actualment, la masia compta amb una explotaci\u00f3 ramadera de vaques lleteres frisones i amb la llet fresca que obtenen cada dia elaboren els productes lactics La Torre.<\/p>\n<p>El restaurant ofereix un ambient c\u00e0lid i acollidor envoltat d&#8217;hist\u00f2ria que es deixa entreveure a trav\u00e9s dels antics murs de pedra. En els seus plats s&#8217;hi poden trobar productes acuradament seleccionats que premien la qualitat i l\u2019 artesania del producte. Ofereixen esmorzars de forquilla, men\u00fas diaris i de cap de setmana aix\u00ed com espais espais per celebracions o reunions familiars o ente amics.<\/p>\n","protected":false},"author":24,"featured_media":8891,"template":"","class_list":["post-4436","restauracio","type-restauracio","status-publish","has-post-thumbnail","hentry","municipi-sallent"],"acf":{"adreca":"C-16z de Sallent a Balsareny, km 1,5, Sallent","web":"http:\/\/www.rebostdelatorre.cat","email":"elrebostdelatorre@agrofresc.com","tel":"667 15 01 50","galeria":[{"ID":4548,"id":4548,"title":"el rebost entrada","filename":"el-rebost-entrada.jpg","filesize":1215249,"url":"https:\/\/www.bagesturisme.cat\/wp-content\/uploads\/2017\/09\/el-rebost-entrada.jpg","link":"https:\/\/www.bagesturisme.cat\/es\/restauracio\/restaurant-rebost-torre\/el-rebost-entrada\/","alt":"","author":"24","description":"","caption":"","name":"el-rebost-entrada","status":"inherit","uploaded_to":4436,"date":"2017-09-29 12:22:50","modified":"2017-09-29 12:24:40","menu_order":0,"mime_type":"image\/jpeg","type":"image","subtype":"jpeg","icon":"https:\/\/www.bagesturisme.cat\/wp-includes\/images\/media\/default.png","width":1500,"height":1125,"sizes":{"thumbnail":"https:\/\/www.bagesturisme.cat\/wp-content\/uploads\/2017\/09\/el-rebost-entrada-150x150.jpg","thumbnail-width":150,"thumbnail-height":150,"medium":"https:\/\/www.bagesturisme.cat\/wp-content\/uploads\/2017\/09\/el-rebost-entrada-533x400.jpg","medium-width":533,"medium-height":400,"medium_large":"https:\/\/www.bagesturisme.cat\/wp-content\/uploads\/2017\/09\/el-rebost-entrada-768x576.jpg","medium_large-width":768,"medium_large-height":576,"large":"https:\/\/www.bagesturisme.cat\/wp-content\/uploads\/2017\/09\/el-rebost-entrada-1280x960.jpg","large-width":1170,"large-height":878,"1536x1536":"https:\/\/www.bagesturisme.cat\/wp-content\/uploads\/2017\/09\/el-rebost-entrada.jpg","1536x1536-width":1500,"1536x1536-height":1125,"2048x2048":"https:\/\/www.bagesturisme.cat\/wp-content\/uploads\/2017\/09\/el-rebost-entrada.jpg","2048x2048-width":1500,"2048x2048-height":1125,"blog-large":"https:\/\/www.bagesturisme.cat\/wp-content\/uploads\/2017\/09\/el-rebost-entrada.jpg","blog-large-width":363,"blog-large-height":272,"blog-medium":"https:\/\/www.bagesturisme.cat\/wp-content\/uploads\/2017\/09\/el-rebost-entrada.jpg","blog-medium-width":269,"blog-medium-height":202,"recent-posts":"https:\/\/www.bagesturisme.cat\/wp-content\/uploads\/2017\/09\/el-rebost-entrada.jpg","recent-posts-width":588,"recent-posts-height":441,"recent-works-thumbnail":"https:\/\/www.bagesturisme.cat\/wp-content\/uploads\/2017\/09\/el-rebost-entrada.jpg","recent-works-thumbnail-width":66,"recent-works-thumbnail-height":50,"fusion-200":"https:\/\/www.bagesturisme.cat\/wp-content\/uploads\/2017\/09\/el-rebost-entrada.jpg","fusion-200-width":200,"fusion-200-height":150,"fusion-400":"https:\/\/www.bagesturisme.cat\/wp-content\/uploads\/2017\/09\/el-rebost-entrada.jpg","fusion-400-width":400,"fusion-400-height":300,"fusion-600":"https:\/\/www.bagesturisme.cat\/wp-content\/uploads\/2017\/09\/el-rebost-entrada.jpg","fusion-600-width":600,"fusion-600-height":450,"fusion-800":"https:\/\/www.bagesturisme.cat\/wp-content\/uploads\/2017\/09\/el-rebost-entrada.jpg","fusion-800-width":800,"fusion-800-height":600,"fusion-1200":"https:\/\/www.bagesturisme.cat\/wp-content\/uploads\/2017\/09\/el-rebost-entrada.jpg","fusion-1200-width":1200,"fusion-1200-height":900,"portfolio-full":"https:\/\/www.bagesturisme.cat\/wp-content\/uploads\/2017\/09\/el-rebost-entrada.jpg","portfolio-full-width":533,"portfolio-full-height":400,"portfolio-one":"https:\/\/www.bagesturisme.cat\/wp-content\/uploads\/2017\/09\/el-rebost-entrada.jpg","portfolio-one-width":363,"portfolio-one-height":272,"portfolio-two":"https:\/\/www.bagesturisme.cat\/wp-content\/uploads\/2017\/09\/el-rebost-entrada.jpg","portfolio-two-width":393,"portfolio-two-height":295,"portfolio-three":"https:\/\/www.bagesturisme.cat\/wp-content\/uploads\/2017\/09\/el-rebost-entrada.jpg","portfolio-three-width":285,"portfolio-three-height":214,"portfolio-five":"https:\/\/www.bagesturisme.cat\/wp-content\/uploads\/2017\/09\/el-rebost-entrada.jpg","portfolio-five-width":177,"portfolio-five-height":133}},{"ID":4549,"id":4549,"title":"El Rebost de al Torre_Mas","filename":"El-Rebost-de-al-Torre_Mas.jpg","filesize":0,"url":"https:\/\/www.bagesturisme.cat\/wp-content\/uploads\/2017\/09\/El-Rebost-de-al-Torre_Mas.jpg","link":"https:\/\/www.bagesturisme.cat\/es\/restauracio\/restaurant-rebost-torre\/el-rebost-de-al-torre_mas\/","alt":"","author":"24","description":"","caption":"","name":"el-rebost-de-al-torre_mas","status":"inherit","uploaded_to":4436,"date":"2017-09-29 12:23:17","modified":"2017-09-29 12:23:17","menu_order":0,"mime_type":"image\/jpeg","type":"image","subtype":"jpeg","icon":"https:\/\/www.bagesturisme.cat\/wp-includes\/images\/media\/default.png","width":1260,"height":1077,"sizes":{"thumbnail":"https:\/\/www.bagesturisme.cat\/wp-content\/uploads\/2017\/09\/El-Rebost-de-al-Torre_Mas-150x150.jpg","thumbnail-width":150,"thumbnail-height":150,"medium":"https:\/\/www.bagesturisme.cat\/wp-content\/uploads\/2017\/09\/El-Rebost-de-al-Torre_Mas-468x400.jpg","medium-width":468,"medium-height":400,"medium_large":"https:\/\/www.bagesturisme.cat\/wp-content\/uploads\/2017\/09\/El-Rebost-de-al-Torre_Mas-768x656.jpg","medium_large-width":768,"medium_large-height":656,"large":"https:\/\/www.bagesturisme.cat\/wp-content\/uploads\/2017\/09\/El-Rebost-de-al-Torre_Mas-1198x1024.jpg","large-width":1170,"large-height":1000,"1536x1536":"https:\/\/www.bagesturisme.cat\/wp-content\/uploads\/2017\/09\/El-Rebost-de-al-Torre_Mas.jpg","1536x1536-width":1260,"1536x1536-height":1077,"2048x2048":"https:\/\/www.bagesturisme.cat\/wp-content\/uploads\/2017\/09\/El-Rebost-de-al-Torre_Mas.jpg","2048x2048-width":1260,"2048x2048-height":1077,"blog-large":"https:\/\/www.bagesturisme.cat\/wp-content\/uploads\/2017\/09\/El-Rebost-de-al-Torre_Mas.jpg","blog-large-width":318,"blog-large-height":272,"blog-medium":"https:\/\/www.bagesturisme.cat\/wp-content\/uploads\/2017\/09\/El-Rebost-de-al-Torre_Mas.jpg","blog-medium-width":236,"blog-medium-height":202,"recent-posts":"https:\/\/www.bagesturisme.cat\/wp-content\/uploads\/2017\/09\/El-Rebost-de-al-Torre_Mas.jpg","recent-posts-width":516,"recent-posts-height":441,"recent-works-thumbnail":"https:\/\/www.bagesturisme.cat\/wp-content\/uploads\/2017\/09\/El-Rebost-de-al-Torre_Mas.jpg","recent-works-thumbnail-width":66,"recent-works-thumbnail-height":56,"fusion-200":"https:\/\/www.bagesturisme.cat\/wp-content\/uploads\/2017\/09\/El-Rebost-de-al-Torre_Mas.jpg","fusion-200-width":200,"fusion-200-height":171,"fusion-400":"https:\/\/www.bagesturisme.cat\/wp-content\/uploads\/2017\/09\/El-Rebost-de-al-Torre_Mas.jpg","fusion-400-width":400,"fusion-400-height":342,"fusion-600":"https:\/\/www.bagesturisme.cat\/wp-content\/uploads\/2017\/09\/El-Rebost-de-al-Torre_Mas.jpg","fusion-600-width":600,"fusion-600-height":513,"fusion-800":"https:\/\/www.bagesturisme.cat\/wp-content\/uploads\/2017\/09\/El-Rebost-de-al-Torre_Mas.jpg","fusion-800-width":800,"fusion-800-height":684,"fusion-1200":"https:\/\/www.bagesturisme.cat\/wp-content\/uploads\/2017\/09\/El-Rebost-de-al-Torre_Mas.jpg","fusion-1200-width":1200,"fusion-1200-height":1026,"portfolio-full":"https:\/\/www.bagesturisme.cat\/wp-content\/uploads\/2017\/09\/El-Rebost-de-al-Torre_Mas.jpg","portfolio-full-width":468,"portfolio-full-height":400,"portfolio-one":"https:\/\/www.bagesturisme.cat\/wp-content\/uploads\/2017\/09\/El-Rebost-de-al-Torre_Mas.jpg","portfolio-one-width":318,"portfolio-one-height":272,"portfolio-two":"https:\/\/www.bagesturisme.cat\/wp-content\/uploads\/2017\/09\/El-Rebost-de-al-Torre_Mas.jpg","portfolio-two-width":345,"portfolio-two-height":295,"portfolio-three":"https:\/\/www.bagesturisme.cat\/wp-content\/uploads\/2017\/09\/El-Rebost-de-al-Torre_Mas.jpg","portfolio-three-width":250,"portfolio-three-height":214,"portfolio-five":"https:\/\/www.bagesturisme.cat\/wp-content\/uploads\/2017\/09\/El-Rebost-de-al-Torre_Mas.jpg","portfolio-five-width":166,"portfolio-five-height":142}},{"ID":4550,"id":4550,"title":"El Rebost de la Torre_interior","filename":"El-Rebost-de-la-Torre_interior.jpg","filesize":0,"url":"https:\/\/www.bagesturisme.cat\/wp-content\/uploads\/2017\/09\/El-Rebost-de-la-Torre_interior.jpg","link":"https:\/\/www.bagesturisme.cat\/es\/restauracio\/restaurant-rebost-torre\/el-rebost-de-la-torre_interior\/","alt":"","author":"24","description":"","caption":"","name":"el-rebost-de-la-torre_interior","status":"inherit","uploaded_to":4436,"date":"2017-09-29 12:24:34","modified":"2017-09-29 12:24:34","menu_order":0,"mime_type":"image\/jpeg","type":"image","subtype":"jpeg","icon":"https:\/\/www.bagesturisme.cat\/wp-includes\/images\/media\/default.png","width":3448,"height":2456,"sizes":{"thumbnail":"https:\/\/www.bagesturisme.cat\/wp-content\/uploads\/2017\/09\/El-Rebost-de-la-Torre_interior-150x150.jpg","thumbnail-width":150,"thumbnail-height":150,"medium":"https:\/\/www.bagesturisme.cat\/wp-content\/uploads\/2017\/09\/El-Rebost-de-la-Torre_interior-562x400.jpg","medium-width":562,"medium-height":400,"medium_large":"https:\/\/www.bagesturisme.cat\/wp-content\/uploads\/2017\/09\/El-Rebost-de-la-Torre_interior-768x547.jpg","medium_large-width":768,"medium_large-height":547,"large":"https:\/\/www.bagesturisme.cat\/wp-content\/uploads\/2017\/09\/El-Rebost-de-la-Torre_interior-1280x912.jpg","large-width":1170,"large-height":834,"1536x1536":"https:\/\/www.bagesturisme.cat\/wp-content\/uploads\/2017\/09\/El-Rebost-de-la-Torre_interior.jpg","1536x1536-width":1536,"1536x1536-height":1094,"2048x2048":"https:\/\/www.bagesturisme.cat\/wp-content\/uploads\/2017\/09\/El-Rebost-de-la-Torre_interior.jpg","2048x2048-width":2048,"2048x2048-height":1459,"blog-large":"https:\/\/www.bagesturisme.cat\/wp-content\/uploads\/2017\/09\/El-Rebost-de-la-Torre_interior.jpg","blog-large-width":382,"blog-large-height":272,"blog-medium":"https:\/\/www.bagesturisme.cat\/wp-content\/uploads\/2017\/09\/El-Rebost-de-la-Torre_interior.jpg","blog-medium-width":284,"blog-medium-height":202,"recent-posts":"https:\/\/www.bagesturisme.cat\/wp-content\/uploads\/2017\/09\/El-Rebost-de-la-Torre_interior.jpg","recent-posts-width":619,"recent-posts-height":441,"recent-works-thumbnail":"https:\/\/www.bagesturisme.cat\/wp-content\/uploads\/2017\/09\/El-Rebost-de-la-Torre_interior.jpg","recent-works-thumbnail-width":66,"recent-works-thumbnail-height":47,"fusion-200":"https:\/\/www.bagesturisme.cat\/wp-content\/uploads\/2017\/09\/El-Rebost-de-la-Torre_interior.jpg","fusion-200-width":200,"fusion-200-height":142,"fusion-400":"https:\/\/www.bagesturisme.cat\/wp-content\/uploads\/2017\/09\/El-Rebost-de-la-Torre_interior.jpg","fusion-400-width":400,"fusion-400-height":285,"fusion-600":"https:\/\/www.bagesturisme.cat\/wp-content\/uploads\/2017\/09\/El-Rebost-de-la-Torre_interior.jpg","fusion-600-width":600,"fusion-600-height":427,"fusion-800":"https:\/\/www.bagesturisme.cat\/wp-content\/uploads\/2017\/09\/El-Rebost-de-la-Torre_interior.jpg","fusion-800-width":800,"fusion-800-height":570,"fusion-1200":"https:\/\/www.bagesturisme.cat\/wp-content\/uploads\/2017\/09\/El-Rebost-de-la-Torre_interior.jpg","fusion-1200-width":1200,"fusion-1200-height":855,"portfolio-full":"https:\/\/www.bagesturisme.cat\/wp-content\/uploads\/2017\/09\/El-Rebost-de-la-Torre_interior.jpg","portfolio-full-width":562,"portfolio-full-height":400,"portfolio-one":"https:\/\/www.bagesturisme.cat\/wp-content\/uploads\/2017\/09\/El-Rebost-de-la-Torre_interior.jpg","portfolio-one-width":382,"portfolio-one-height":272,"portfolio-two":"https:\/\/www.bagesturisme.cat\/wp-content\/uploads\/2017\/09\/El-Rebost-de-la-Torre_interior.jpg","portfolio-two-width":414,"portfolio-two-height":295,"portfolio-three":"https:\/\/www.bagesturisme.cat\/wp-content\/uploads\/2017\/09\/El-Rebost-de-la-Torre_interior.jpg","portfolio-three-width":300,"portfolio-three-height":214,"portfolio-five":"https:\/\/www.bagesturisme.cat\/wp-content\/uploads\/2017\/09\/El-Rebost-de-la-Torre_interior.jpg","portfolio-five-width":177,"portfolio-five-height":126}}],"ubicacio":{"address":"C-16z de Sallent a Balsareny, km 1,5, Sallent","lat":"41.8332627","lng":"1.8766236000000163"}},"_links":{"self":[{"href":"https:\/\/www.bagesturisme.cat\/es\/wp-json\/wp\/v2\/restauracio\/4436","targetHints":{"allow":["GET"]}}],"collection":[{"href":"https:\/\/www.bagesturisme.cat\/es\/wp-json\/wp\/v2\/restauracio"}],"about":[{"href":"https:\/\/www.bagesturisme.cat\/es\/wp-json\/wp\/v2\/types\/restauracio"}],"author":[{"embeddable":true,"href":"https:\/\/www.bagesturisme.cat\/es\/wp-json\/wp\/v2\/users\/24"}],"version-history":[{"count":7,"href":"https:\/\/www.bagesturisme.cat\/es\/wp-json\/wp\/v2\/restauracio\/4436\/revisions"}],"predecessor-version":[{"id":4597,"href":"https:\/\/www.bagesturisme.cat\/es\/wp-json\/wp\/v2\/restauracio\/4436\/revisions\/4597"}],"wp:featuredmedia":[{"embeddable":true,"href":"https:\/\/www.bagesturisme.cat\/es\/wp-json\/wp\/v2\/media\/8891"}],"wp:attachment":[{"href":"https:\/\/www.bagesturisme.cat\/es\/wp-json\/wp\/v2\/media?parent=4436"}],"curies":[{"name":"wp","href":"https:\/\/api.w.org\/{rel}","templated":true}]}}