{"id":8591,"date":"2021-01-28T09:43:17","date_gmt":"2021-01-28T08:43:17","guid":{"rendered":"https:\/\/bagesturisme.cat\/?page_id=8591"},"modified":"2025-11-14T12:57:47","modified_gmt":"2025-11-14T11:57:47","slug":"fulleteria","status":"publish","type":"page","link":"https:\/\/www.bagesturisme.cat\/es\/fulleteria\/","title":{"rendered":"Fulleteria"},"content":{"rendered":"","protected":false},"excerpt":{"rendered":"","protected":false},"author":1,"featured_media":0,"parent":0,"menu_order":76,"comment_status":"closed","ping_status":"closed","template":"page-fulleteria.php","meta":{"_acf_changed":false,"_eb_attr":"","footnotes":""},"tags":[],"class_list":["post-8591","page","type-page","status-publish","hentry"],"acf":{"galeria":false,"recomanats":false,"fulletons":[{"titol":"El Bages","imatge":{"ID":8750,"id":8750,"title":"Fulleto\u0301 turisme Bages 2020 DIG_CAT_OK","filename":"Fulleto\u0301-turisme-Bages-2020-DIG_CAT_OK.jpg","filesize":109668,"url":"https:\/\/www.bagesturisme.cat\/wp-content\/uploads\/2021\/02\/Fulleto\u0301-turisme-Bages-2020-DIG_CAT_OK.jpg","link":"https:\/\/www.bagesturisme.cat\/es\/fulleteria\/fulleto-turisme-bages-2020-dig_cat_ok-2\/","alt":"","author":"1","description":"","caption":"","name":"fulleto-turisme-bages-2020-dig_cat_ok-2","status":"inherit","uploaded_to":8591,"date":"2021-02-08 10:00:06","modified":"2021-02-08 10:00:06","menu_order":0,"mime_type":"image\/jpeg","type":"image","subtype":"jpeg","icon":"https:\/\/www.bagesturisme.cat\/wp-includes\/images\/media\/default.png","width":620,"height":620,"sizes":{"thumbnail":"https:\/\/www.bagesturisme.cat\/wp-content\/uploads\/2021\/02\/Fulleto\u0301-turisme-Bages-2020-DIG_CAT_OK-150x150.jpg","thumbnail-width":150,"thumbnail-height":150,"medium":"https:\/\/www.bagesturisme.cat\/wp-content\/uploads\/2021\/02\/Fulleto\u0301-turisme-Bages-2020-DIG_CAT_OK-400x400.jpg","medium-width":400,"medium-height":400,"medium_large":"https:\/\/www.bagesturisme.cat\/wp-content\/uploads\/2021\/02\/Fulleto\u0301-turisme-Bages-2020-DIG_CAT_OK.jpg","medium_large-width":620,"medium_large-height":620,"large":"https:\/\/www.bagesturisme.cat\/wp-content\/uploads\/2021\/02\/Fulleto\u0301-turisme-Bages-2020-DIG_CAT_OK.jpg","large-width":620,"large-height":620,"1536x1536":"https:\/\/www.bagesturisme.cat\/wp-content\/uploads\/2021\/02\/Fulleto\u0301-turisme-Bages-2020-DIG_CAT_OK.jpg","1536x1536-width":620,"1536x1536-height":620,"2048x2048":"https:\/\/www.bagesturisme.cat\/wp-content\/uploads\/2021\/02\/Fulleto\u0301-turisme-Bages-2020-DIG_CAT_OK.jpg","2048x2048-width":620,"2048x2048-height":620,"blog-large":"https:\/\/www.bagesturisme.cat\/wp-content\/uploads\/2021\/02\/Fulleto\u0301-turisme-Bages-2020-DIG_CAT_OK.jpg","blog-large-width":272,"blog-large-height":272,"blog-medium":"https:\/\/www.bagesturisme.cat\/wp-content\/uploads\/2021\/02\/Fulleto\u0301-turisme-Bages-2020-DIG_CAT_OK.jpg","blog-medium-width":202,"blog-medium-height":202,"recent-posts":"https:\/\/www.bagesturisme.cat\/wp-content\/uploads\/2021\/02\/Fulleto\u0301-turisme-Bages-2020-DIG_CAT_OK.jpg","recent-posts-width":441,"recent-posts-height":441,"recent-works-thumbnail":"https:\/\/www.bagesturisme.cat\/wp-content\/uploads\/2021\/02\/Fulleto\u0301-turisme-Bages-2020-DIG_CAT_OK.jpg","recent-works-thumbnail-width":66,"recent-works-thumbnail-height":66,"fusion-200":"https:\/\/www.bagesturisme.cat\/wp-content\/uploads\/2021\/02\/Fulleto\u0301-turisme-Bages-2020-DIG_CAT_OK.jpg","fusion-200-width":200,"fusion-200-height":200,"fusion-400":"https:\/\/www.bagesturisme.cat\/wp-content\/uploads\/2021\/02\/Fulleto\u0301-turisme-Bages-2020-DIG_CAT_OK.jpg","fusion-400-width":400,"fusion-400-height":400,"fusion-600":"https:\/\/www.bagesturisme.cat\/wp-content\/uploads\/2021\/02\/Fulleto\u0301-turisme-Bages-2020-DIG_CAT_OK.jpg","fusion-600-width":600,"fusion-600-height":600,"fusion-800":"https:\/\/www.bagesturisme.cat\/wp-content\/uploads\/2021\/02\/Fulleto\u0301-turisme-Bages-2020-DIG_CAT_OK.jpg","fusion-800-width":620,"fusion-800-height":620,"fusion-1200":"https:\/\/www.bagesturisme.cat\/wp-content\/uploads\/2021\/02\/Fulleto\u0301-turisme-Bages-2020-DIG_CAT_OK.jpg","fusion-1200-width":620,"fusion-1200-height":620,"portfolio-full":"https:\/\/www.bagesturisme.cat\/wp-content\/uploads\/2021\/02\/Fulleto\u0301-turisme-Bages-2020-DIG_CAT_OK.jpg","portfolio-full-width":400,"portfolio-full-height":400,"portfolio-one":"https:\/\/www.bagesturisme.cat\/wp-content\/uploads\/2021\/02\/Fulleto\u0301-turisme-Bages-2020-DIG_CAT_OK.jpg","portfolio-one-width":272,"portfolio-one-height":272,"portfolio-two":"https:\/\/www.bagesturisme.cat\/wp-content\/uploads\/2021\/02\/Fulleto\u0301-turisme-Bages-2020-DIG_CAT_OK.jpg","portfolio-two-width":295,"portfolio-two-height":295,"portfolio-three":"https:\/\/www.bagesturisme.cat\/wp-content\/uploads\/2021\/02\/Fulleto\u0301-turisme-Bages-2020-DIG_CAT_OK.jpg","portfolio-three-width":214,"portfolio-three-height":214,"portfolio-five":"https:\/\/www.bagesturisme.cat\/wp-content\/uploads\/2021\/02\/Fulleto\u0301-turisme-Bages-2020-DIG_CAT_OK.jpg","portfolio-five-width":142,"portfolio-five-height":142}},"tematica":"Turisme","arxius":[{"pdf":"https:\/\/www.bagesturisme.cat\/wp-content\/uploads\/2022\/08\/Fulleo-turisme-Bages-2022-DIG_CAT_OK.pdf","idioma":["ca"]},{"pdf":"https:\/\/www.bagesturisme.cat\/wp-content\/uploads\/2022\/08\/Fulleto-turisme-Bages-2022-DIG_ES_OK.pdf","idioma":["es"]},{"pdf":"https:\/\/www.bagesturisme.cat\/wp-content\/uploads\/2022\/08\/Fulleto-turisme-Bages-2022-DIG_EN_OK.pdf","idioma":["en"]},{"pdf":"https:\/\/www.bagesturisme.cat\/wp-content\/uploads\/2024\/04\/DIG-FR-CCB-fulleto-generic-2022.pdf","idioma":["fr"]}]},{"titol":"Mapa tur\u00edstic del Bages \/ Mapa tur\u00edstico del Bages \/  Bages tourist map \/ Carte touristique de bages","imatge":{"ID":12926,"id":12926,"title":"Mapa PDF accessible","filename":"Captura-mapa-web.jpg","filesize":204640,"url":"https:\/\/www.bagesturisme.cat\/wp-content\/uploads\/2023\/07\/Captura-mapa-web.jpg","link":"https:\/\/www.bagesturisme.cat\/es\/fulleteria\/captura-mapa-web\/","alt":"Mapa PDF accessible","author":"3","description":"","caption":"","name":"captura-mapa-web","status":"inherit","uploaded_to":8591,"date":"2023-07-07 11:57:18","modified":"2025-05-14 11:45:56","menu_order":0,"mime_type":"image\/jpeg","type":"image","subtype":"jpeg","icon":"https:\/\/www.bagesturisme.cat\/wp-includes\/images\/media\/default.png","width":666,"height":670,"sizes":{"thumbnail":"https:\/\/www.bagesturisme.cat\/wp-content\/uploads\/2023\/07\/Captura-mapa-web-150x150.jpg","thumbnail-width":150,"thumbnail-height":150,"medium":"https:\/\/www.bagesturisme.cat\/wp-content\/uploads\/2023\/07\/Captura-mapa-web-398x400.jpg","medium-width":398,"medium-height":400,"medium_large":"https:\/\/www.bagesturisme.cat\/wp-content\/uploads\/2023\/07\/Captura-mapa-web.jpg","medium_large-width":666,"medium_large-height":670,"large":"https:\/\/www.bagesturisme.cat\/wp-content\/uploads\/2023\/07\/Captura-mapa-web.jpg","large-width":666,"large-height":670,"1536x1536":"https:\/\/www.bagesturisme.cat\/wp-content\/uploads\/2023\/07\/Captura-mapa-web.jpg","1536x1536-width":666,"1536x1536-height":670,"2048x2048":"https:\/\/www.bagesturisme.cat\/wp-content\/uploads\/2023\/07\/Captura-mapa-web.jpg","2048x2048-width":666,"2048x2048-height":670,"blog-large":"https:\/\/www.bagesturisme.cat\/wp-content\/uploads\/2023\/07\/Captura-mapa-web.jpg","blog-large-width":270,"blog-large-height":272,"blog-medium":"https:\/\/www.bagesturisme.cat\/wp-content\/uploads\/2023\/07\/Captura-mapa-web.jpg","blog-medium-width":201,"blog-medium-height":202,"recent-posts":"https:\/\/www.bagesturisme.cat\/wp-content\/uploads\/2023\/07\/Captura-mapa-web.jpg","recent-posts-width":438,"recent-posts-height":441,"recent-works-thumbnail":"https:\/\/www.bagesturisme.cat\/wp-content\/uploads\/2023\/07\/Captura-mapa-web.jpg","recent-works-thumbnail-width":66,"recent-works-thumbnail-height":66,"fusion-200":"https:\/\/www.bagesturisme.cat\/wp-content\/uploads\/2023\/07\/Captura-mapa-web.jpg","fusion-200-width":200,"fusion-200-height":201,"fusion-400":"https:\/\/www.bagesturisme.cat\/wp-content\/uploads\/2023\/07\/Captura-mapa-web.jpg","fusion-400-width":400,"fusion-400-height":402,"fusion-600":"https:\/\/www.bagesturisme.cat\/wp-content\/uploads\/2023\/07\/Captura-mapa-web.jpg","fusion-600-width":600,"fusion-600-height":604,"fusion-800":"https:\/\/www.bagesturisme.cat\/wp-content\/uploads\/2023\/07\/Captura-mapa-web.jpg","fusion-800-width":666,"fusion-800-height":670,"fusion-1200":"https:\/\/www.bagesturisme.cat\/wp-content\/uploads\/2023\/07\/Captura-mapa-web.jpg","fusion-1200-width":666,"fusion-1200-height":670,"portfolio-full":"https:\/\/www.bagesturisme.cat\/wp-content\/uploads\/2023\/07\/Captura-mapa-web.jpg","portfolio-full-width":398,"portfolio-full-height":400,"portfolio-one":"https:\/\/www.bagesturisme.cat\/wp-content\/uploads\/2023\/07\/Captura-mapa-web.jpg","portfolio-one-width":270,"portfolio-one-height":272,"portfolio-two":"https:\/\/www.bagesturisme.cat\/wp-content\/uploads\/2023\/07\/Captura-mapa-web.jpg","portfolio-two-width":293,"portfolio-two-height":295,"portfolio-three":"https:\/\/www.bagesturisme.cat\/wp-content\/uploads\/2023\/07\/Captura-mapa-web.jpg","portfolio-three-width":213,"portfolio-three-height":214,"portfolio-five":"https:\/\/www.bagesturisme.cat\/wp-content\/uploads\/2023\/07\/Captura-mapa-web.jpg","portfolio-five-width":141,"portfolio-five-height":142}},"tematica":"Turisme","arxius":[{"pdf":"https:\/\/www.bagesturisme.cat\/wp-content\/uploads\/2023\/07\/DIG-Sobretaula_MAPA-BAGES-turistic-agost-2022-CAES.pdf","idioma":["ca","es"]},{"pdf":"https:\/\/www.bagesturisme.cat\/wp-content\/uploads\/2023\/07\/DIG-Sobretaula_MAPA-BAGES-turistic-agost-2022-ENG_FR_OK.pdf","idioma":["en","fr"]}]},{"titol":"PDF Accessible - Mapa tur\u00edstic del Bages \/ Mapa tur\u00edstico del Bages \/","imatge":{"ID":12926,"id":12926,"title":"Mapa PDF accessible","filename":"Captura-mapa-web.jpg","filesize":204640,"url":"https:\/\/www.bagesturisme.cat\/wp-content\/uploads\/2023\/07\/Captura-mapa-web.jpg","link":"https:\/\/www.bagesturisme.cat\/es\/fulleteria\/captura-mapa-web\/","alt":"Mapa PDF accessible","author":"3","description":"","caption":"","name":"captura-mapa-web","status":"inherit","uploaded_to":8591,"date":"2023-07-07 11:57:18","modified":"2025-05-14 11:45:56","menu_order":0,"mime_type":"image\/jpeg","type":"image","subtype":"jpeg","icon":"https:\/\/www.bagesturisme.cat\/wp-includes\/images\/media\/default.png","width":666,"height":670,"sizes":{"thumbnail":"https:\/\/www.bagesturisme.cat\/wp-content\/uploads\/2023\/07\/Captura-mapa-web-150x150.jpg","thumbnail-width":150,"thumbnail-height":150,"medium":"https:\/\/www.bagesturisme.cat\/wp-content\/uploads\/2023\/07\/Captura-mapa-web-398x400.jpg","medium-width":398,"medium-height":400,"medium_large":"https:\/\/www.bagesturisme.cat\/wp-content\/uploads\/2023\/07\/Captura-mapa-web.jpg","medium_large-width":666,"medium_large-height":670,"large":"https:\/\/www.bagesturisme.cat\/wp-content\/uploads\/2023\/07\/Captura-mapa-web.jpg","large-width":666,"large-height":670,"1536x1536":"https:\/\/www.bagesturisme.cat\/wp-content\/uploads\/2023\/07\/Captura-mapa-web.jpg","1536x1536-width":666,"1536x1536-height":670,"2048x2048":"https:\/\/www.bagesturisme.cat\/wp-content\/uploads\/2023\/07\/Captura-mapa-web.jpg","2048x2048-width":666,"2048x2048-height":670,"blog-large":"https:\/\/www.bagesturisme.cat\/wp-content\/uploads\/2023\/07\/Captura-mapa-web.jpg","blog-large-width":270,"blog-large-height":272,"blog-medium":"https:\/\/www.bagesturisme.cat\/wp-content\/uploads\/2023\/07\/Captura-mapa-web.jpg","blog-medium-width":201,"blog-medium-height":202,"recent-posts":"https:\/\/www.bagesturisme.cat\/wp-content\/uploads\/2023\/07\/Captura-mapa-web.jpg","recent-posts-width":438,"recent-posts-height":441,"recent-works-thumbnail":"https:\/\/www.bagesturisme.cat\/wp-content\/uploads\/2023\/07\/Captura-mapa-web.jpg","recent-works-thumbnail-width":66,"recent-works-thumbnail-height":66,"fusion-200":"https:\/\/www.bagesturisme.cat\/wp-content\/uploads\/2023\/07\/Captura-mapa-web.jpg","fusion-200-width":200,"fusion-200-height":201,"fusion-400":"https:\/\/www.bagesturisme.cat\/wp-content\/uploads\/2023\/07\/Captura-mapa-web.jpg","fusion-400-width":400,"fusion-400-height":402,"fusion-600":"https:\/\/www.bagesturisme.cat\/wp-content\/uploads\/2023\/07\/Captura-mapa-web.jpg","fusion-600-width":600,"fusion-600-height":604,"fusion-800":"https:\/\/www.bagesturisme.cat\/wp-content\/uploads\/2023\/07\/Captura-mapa-web.jpg","fusion-800-width":666,"fusion-800-height":670,"fusion-1200":"https:\/\/www.bagesturisme.cat\/wp-content\/uploads\/2023\/07\/Captura-mapa-web.jpg","fusion-1200-width":666,"fusion-1200-height":670,"portfolio-full":"https:\/\/www.bagesturisme.cat\/wp-content\/uploads\/2023\/07\/Captura-mapa-web.jpg","portfolio-full-width":398,"portfolio-full-height":400,"portfolio-one":"https:\/\/www.bagesturisme.cat\/wp-content\/uploads\/2023\/07\/Captura-mapa-web.jpg","portfolio-one-width":270,"portfolio-one-height":272,"portfolio-two":"https:\/\/www.bagesturisme.cat\/wp-content\/uploads\/2023\/07\/Captura-mapa-web.jpg","portfolio-two-width":293,"portfolio-two-height":295,"portfolio-three":"https:\/\/www.bagesturisme.cat\/wp-content\/uploads\/2023\/07\/Captura-mapa-web.jpg","portfolio-three-width":213,"portfolio-three-height":214,"portfolio-five":"https:\/\/www.bagesturisme.cat\/wp-content\/uploads\/2023\/07\/Captura-mapa-web.jpg","portfolio-five-width":141,"portfolio-five-height":142}},"tematica":"Turisme","arxius":[{"pdf":"https:\/\/www.bagesturisme.cat\/wp-content\/uploads\/2025\/05\/Sobretaula_MAPA-BAGES-turistic-agost-2022-CAES-1.pdf","idioma":["ca","es"]}]},{"titol":"Ruta del vi DO Pla de Bages \/  Ruta del vino DO Pla de Bages \/ Wine route DO Pla de Bages \/ Route du vine AOC Pla de Bages","imatge":{"ID":8749,"id":8749,"title":"BAGES_revista_21x21_CAT_bx","filename":"BAGES_revista_21x21_CAT_bx.jpg","filesize":152025,"url":"https:\/\/www.bagesturisme.cat\/wp-content\/uploads\/2021\/02\/BAGES_revista_21x21_CAT_bx.jpg","link":"https:\/\/www.bagesturisme.cat\/es\/fulleteria\/bages_revista_21x21_cat_bx-2\/","alt":"","author":"1","description":"","caption":"","name":"bages_revista_21x21_cat_bx-2","status":"inherit","uploaded_to":8591,"date":"2021-02-08 09:59:20","modified":"2021-02-08 09:59:20","menu_order":0,"mime_type":"image\/jpeg","type":"image","subtype":"jpeg","icon":"https:\/\/www.bagesturisme.cat\/wp-includes\/images\/media\/default.png","width":620,"height":620,"sizes":{"thumbnail":"https:\/\/www.bagesturisme.cat\/wp-content\/uploads\/2021\/02\/BAGES_revista_21x21_CAT_bx-150x150.jpg","thumbnail-width":150,"thumbnail-height":150,"medium":"https:\/\/www.bagesturisme.cat\/wp-content\/uploads\/2021\/02\/BAGES_revista_21x21_CAT_bx-400x400.jpg","medium-width":400,"medium-height":400,"medium_large":"https:\/\/www.bagesturisme.cat\/wp-content\/uploads\/2021\/02\/BAGES_revista_21x21_CAT_bx.jpg","medium_large-width":620,"medium_large-height":620,"large":"https:\/\/www.bagesturisme.cat\/wp-content\/uploads\/2021\/02\/BAGES_revista_21x21_CAT_bx.jpg","large-width":620,"large-height":620,"1536x1536":"https:\/\/www.bagesturisme.cat\/wp-content\/uploads\/2021\/02\/BAGES_revista_21x21_CAT_bx.jpg","1536x1536-width":620,"1536x1536-height":620,"2048x2048":"https:\/\/www.bagesturisme.cat\/wp-content\/uploads\/2021\/02\/BAGES_revista_21x21_CAT_bx.jpg","2048x2048-width":620,"2048x2048-height":620,"blog-large":"https:\/\/www.bagesturisme.cat\/wp-content\/uploads\/2021\/02\/BAGES_revista_21x21_CAT_bx.jpg","blog-large-width":272,"blog-large-height":272,"blog-medium":"https:\/\/www.bagesturisme.cat\/wp-content\/uploads\/2021\/02\/BAGES_revista_21x21_CAT_bx.jpg","blog-medium-width":202,"blog-medium-height":202,"recent-posts":"https:\/\/www.bagesturisme.cat\/wp-content\/uploads\/2021\/02\/BAGES_revista_21x21_CAT_bx.jpg","recent-posts-width":441,"recent-posts-height":441,"recent-works-thumbnail":"https:\/\/www.bagesturisme.cat\/wp-content\/uploads\/2021\/02\/BAGES_revista_21x21_CAT_bx.jpg","recent-works-thumbnail-width":66,"recent-works-thumbnail-height":66,"fusion-200":"https:\/\/www.bagesturisme.cat\/wp-content\/uploads\/2021\/02\/BAGES_revista_21x21_CAT_bx.jpg","fusion-200-width":200,"fusion-200-height":200,"fusion-400":"https:\/\/www.bagesturisme.cat\/wp-content\/uploads\/2021\/02\/BAGES_revista_21x21_CAT_bx.jpg","fusion-400-width":400,"fusion-400-height":400,"fusion-600":"https:\/\/www.bagesturisme.cat\/wp-content\/uploads\/2021\/02\/BAGES_revista_21x21_CAT_bx.jpg","fusion-600-width":600,"fusion-600-height":600,"fusion-800":"https:\/\/www.bagesturisme.cat\/wp-content\/uploads\/2021\/02\/BAGES_revista_21x21_CAT_bx.jpg","fusion-800-width":620,"fusion-800-height":620,"fusion-1200":"https:\/\/www.bagesturisme.cat\/wp-content\/uploads\/2021\/02\/BAGES_revista_21x21_CAT_bx.jpg","fusion-1200-width":620,"fusion-1200-height":620,"portfolio-full":"https:\/\/www.bagesturisme.cat\/wp-content\/uploads\/2021\/02\/BAGES_revista_21x21_CAT_bx.jpg","portfolio-full-width":400,"portfolio-full-height":400,"portfolio-one":"https:\/\/www.bagesturisme.cat\/wp-content\/uploads\/2021\/02\/BAGES_revista_21x21_CAT_bx.jpg","portfolio-one-width":272,"portfolio-one-height":272,"portfolio-two":"https:\/\/www.bagesturisme.cat\/wp-content\/uploads\/2021\/02\/BAGES_revista_21x21_CAT_bx.jpg","portfolio-two-width":295,"portfolio-two-height":295,"portfolio-three":"https:\/\/www.bagesturisme.cat\/wp-content\/uploads\/2021\/02\/BAGES_revista_21x21_CAT_bx.jpg","portfolio-three-width":214,"portfolio-three-height":214,"portfolio-five":"https:\/\/www.bagesturisme.cat\/wp-content\/uploads\/2021\/02\/BAGES_revista_21x21_CAT_bx.jpg","portfolio-five-width":142,"portfolio-five-height":142}},"tematica":"Enoturisme","arxius":[{"pdf":"https:\/\/www.bagesturisme.cat\/wp-content\/uploads\/2023\/05\/DIG-2022_Ruta-del-vi_21x21_CAT_OK.pdf","idioma":["ca"]},{"pdf":"https:\/\/www.bagesturisme.cat\/wp-content\/uploads\/2023\/05\/DIG-2022_Ruta-del-vi_21x21_ES_OK.pdf","idioma":["es"]},{"pdf":"https:\/\/www.bagesturisme.cat\/wp-content\/uploads\/2023\/05\/DIG-2022_Ruta-del-vi_21x21_EN.pdf","idioma":["en"]},{"pdf":"https:\/\/www.bagesturisme.cat\/wp-content\/uploads\/2023\/05\/DIG-2022_Ruta-del-vi_21x21_FR.pdf","idioma":["fr"]}]},{"titol":"Les fires i festes tradicionals m\u00e9s tur\u00edstiques del Bages (Nom\u00e9s digital)","imatge":{"ID":8761,"id":8761,"title":"Fires i festes tur\u00edstiques del Bages","filename":"fires-i-festes-mes-turistiques.png","filesize":955523,"url":"https:\/\/www.bagesturisme.cat\/wp-content\/uploads\/2021\/02\/fires-i-festes-mes-turistiques.png","link":"https:\/\/www.bagesturisme.cat\/es\/fulleteria\/fires-i-festes-mes-turistiques\/","alt":"","author":"3","description":"","caption":"","name":"fires-i-festes-mes-turistiques","status":"inherit","uploaded_to":8591,"date":"2021-02-10 11:08:42","modified":"2021-02-10 11:08:51","menu_order":0,"mime_type":"image\/png","type":"image","subtype":"png","icon":"https:\/\/www.bagesturisme.cat\/wp-includes\/images\/media\/default.png","width":791,"height":790,"sizes":{"thumbnail":"https:\/\/www.bagesturisme.cat\/wp-content\/uploads\/2021\/02\/fires-i-festes-mes-turistiques-150x150.png","thumbnail-width":150,"thumbnail-height":150,"medium":"https:\/\/www.bagesturisme.cat\/wp-content\/uploads\/2021\/02\/fires-i-festes-mes-turistiques-401x400.png","medium-width":401,"medium-height":400,"medium_large":"https:\/\/www.bagesturisme.cat\/wp-content\/uploads\/2021\/02\/fires-i-festes-mes-turistiques-768x767.png","medium_large-width":768,"medium_large-height":767,"large":"https:\/\/www.bagesturisme.cat\/wp-content\/uploads\/2021\/02\/fires-i-festes-mes-turistiques.png","large-width":791,"large-height":790,"1536x1536":"https:\/\/www.bagesturisme.cat\/wp-content\/uploads\/2021\/02\/fires-i-festes-mes-turistiques.png","1536x1536-width":791,"1536x1536-height":790,"2048x2048":"https:\/\/www.bagesturisme.cat\/wp-content\/uploads\/2021\/02\/fires-i-festes-mes-turistiques.png","2048x2048-width":791,"2048x2048-height":790,"blog-large":"https:\/\/www.bagesturisme.cat\/wp-content\/uploads\/2021\/02\/fires-i-festes-mes-turistiques.png","blog-large-width":272,"blog-large-height":272,"blog-medium":"https:\/\/www.bagesturisme.cat\/wp-content\/uploads\/2021\/02\/fires-i-festes-mes-turistiques.png","blog-medium-width":202,"blog-medium-height":202,"recent-posts":"https:\/\/www.bagesturisme.cat\/wp-content\/uploads\/2021\/02\/fires-i-festes-mes-turistiques.png","recent-posts-width":442,"recent-posts-height":441,"recent-works-thumbnail":"https:\/\/www.bagesturisme.cat\/wp-content\/uploads\/2021\/02\/fires-i-festes-mes-turistiques.png","recent-works-thumbnail-width":66,"recent-works-thumbnail-height":66,"fusion-200":"https:\/\/www.bagesturisme.cat\/wp-content\/uploads\/2021\/02\/fires-i-festes-mes-turistiques.png","fusion-200-width":200,"fusion-200-height":200,"fusion-400":"https:\/\/www.bagesturisme.cat\/wp-content\/uploads\/2021\/02\/fires-i-festes-mes-turistiques.png","fusion-400-width":400,"fusion-400-height":399,"fusion-600":"https:\/\/www.bagesturisme.cat\/wp-content\/uploads\/2021\/02\/fires-i-festes-mes-turistiques.png","fusion-600-width":600,"fusion-600-height":599,"fusion-800":"https:\/\/www.bagesturisme.cat\/wp-content\/uploads\/2021\/02\/fires-i-festes-mes-turistiques.png","fusion-800-width":791,"fusion-800-height":790,"fusion-1200":"https:\/\/www.bagesturisme.cat\/wp-content\/uploads\/2021\/02\/fires-i-festes-mes-turistiques.png","fusion-1200-width":791,"fusion-1200-height":790,"portfolio-full":"https:\/\/www.bagesturisme.cat\/wp-content\/uploads\/2021\/02\/fires-i-festes-mes-turistiques.png","portfolio-full-width":401,"portfolio-full-height":400,"portfolio-one":"https:\/\/www.bagesturisme.cat\/wp-content\/uploads\/2021\/02\/fires-i-festes-mes-turistiques.png","portfolio-one-width":272,"portfolio-one-height":272,"portfolio-two":"https:\/\/www.bagesturisme.cat\/wp-content\/uploads\/2021\/02\/fires-i-festes-mes-turistiques.png","portfolio-two-width":295,"portfolio-two-height":295,"portfolio-three":"https:\/\/www.bagesturisme.cat\/wp-content\/uploads\/2021\/02\/fires-i-festes-mes-turistiques.png","portfolio-three-width":214,"portfolio-three-height":214,"portfolio-five":"https:\/\/www.bagesturisme.cat\/wp-content\/uploads\/2021\/02\/fires-i-festes-mes-turistiques.png","portfolio-five-width":142,"portfolio-five-height":142}},"tematica":"Fires i festes tur\u00edstiques","arxius":[{"pdf":"https:\/\/www.bagesturisme.cat\/wp-content\/uploads\/2021\/02\/Les-fires-i-festes-mes-turistiques-del-Bages.pdf","idioma":["ca"]}]},{"titol":"El Geoparc Mundial UNESCO de la Catalunya Central.","imatge":{"ID":12296,"id":12296,"title":"Captura (163)","filename":"Captura-163-e1670403287695.png","filesize":419727,"url":"https:\/\/www.bagesturisme.cat\/wp-content\/uploads\/2022\/12\/Captura-163-e1670403287695.png","link":"https:\/\/www.bagesturisme.cat\/es\/fulleteria\/captura-163\/","alt":"","author":"3","description":"","caption":"","name":"captura-163","status":"inherit","uploaded_to":8591,"date":"2022-12-05 11:01:05","modified":"2022-12-05 11:01:05","menu_order":0,"mime_type":"image\/png","type":"image","subtype":"png","icon":"https:\/\/www.bagesturisme.cat\/wp-includes\/images\/media\/default.png","width":650,"height":662,"sizes":{"thumbnail":"https:\/\/www.bagesturisme.cat\/wp-content\/uploads\/2022\/12\/Captura-163-e1670403287695-150x150.png","thumbnail-width":150,"thumbnail-height":150,"medium":"https:\/\/www.bagesturisme.cat\/wp-content\/uploads\/2022\/12\/Captura-163-e1670403287695-393x400.png","medium-width":393,"medium-height":400,"medium_large":"https:\/\/www.bagesturisme.cat\/wp-content\/uploads\/2022\/12\/Captura-163-e1670403287695.png","medium_large-width":650,"medium_large-height":662,"large":"https:\/\/www.bagesturisme.cat\/wp-content\/uploads\/2022\/12\/Captura-163-e1670403287695.png","large-width":650,"large-height":662,"1536x1536":"https:\/\/www.bagesturisme.cat\/wp-content\/uploads\/2022\/12\/Captura-163-e1670403287695.png","1536x1536-width":650,"1536x1536-height":662,"2048x2048":"https:\/\/www.bagesturisme.cat\/wp-content\/uploads\/2022\/12\/Captura-163-e1670403287695.png","2048x2048-width":650,"2048x2048-height":662,"blog-large":"https:\/\/www.bagesturisme.cat\/wp-content\/uploads\/2022\/12\/Captura-163-e1670403287695.png","blog-large-width":267,"blog-large-height":272,"blog-medium":"https:\/\/www.bagesturisme.cat\/wp-content\/uploads\/2022\/12\/Captura-163-e1670403287695.png","blog-medium-width":198,"blog-medium-height":202,"recent-posts":"https:\/\/www.bagesturisme.cat\/wp-content\/uploads\/2022\/12\/Captura-163-e1670403287695.png","recent-posts-width":433,"recent-posts-height":441,"recent-works-thumbnail":"https:\/\/www.bagesturisme.cat\/wp-content\/uploads\/2022\/12\/Captura-163-e1670403287695.png","recent-works-thumbnail-width":66,"recent-works-thumbnail-height":66,"fusion-200":"https:\/\/www.bagesturisme.cat\/wp-content\/uploads\/2022\/12\/Captura-163-e1670403287695.png","fusion-200-width":200,"fusion-200-height":204,"fusion-400":"https:\/\/www.bagesturisme.cat\/wp-content\/uploads\/2022\/12\/Captura-163-e1670403287695.png","fusion-400-width":400,"fusion-400-height":407,"fusion-600":"https:\/\/www.bagesturisme.cat\/wp-content\/uploads\/2022\/12\/Captura-163-e1670403287695.png","fusion-600-width":600,"fusion-600-height":611,"fusion-800":"https:\/\/www.bagesturisme.cat\/wp-content\/uploads\/2022\/12\/Captura-163-e1670403287695.png","fusion-800-width":650,"fusion-800-height":662,"fusion-1200":"https:\/\/www.bagesturisme.cat\/wp-content\/uploads\/2022\/12\/Captura-163-e1670403287695.png","fusion-1200-width":650,"fusion-1200-height":662,"portfolio-full":"https:\/\/www.bagesturisme.cat\/wp-content\/uploads\/2022\/12\/Captura-163-e1670403287695.png","portfolio-full-width":393,"portfolio-full-height":400,"portfolio-one":"https:\/\/www.bagesturisme.cat\/wp-content\/uploads\/2022\/12\/Captura-163-e1670403287695.png","portfolio-one-width":267,"portfolio-one-height":272,"portfolio-two":"https:\/\/www.bagesturisme.cat\/wp-content\/uploads\/2022\/12\/Captura-163-e1670403287695.png","portfolio-two-width":290,"portfolio-two-height":295,"portfolio-three":"https:\/\/www.bagesturisme.cat\/wp-content\/uploads\/2022\/12\/Captura-163-e1670403287695.png","portfolio-three-width":210,"portfolio-three-height":214,"portfolio-five":"https:\/\/www.bagesturisme.cat\/wp-content\/uploads\/2022\/12\/Captura-163-e1670403287695.png","portfolio-five-width":139,"portfolio-five-height":142}},"tematica":"Geoparc Mundial UNESCO","arxius":[{"pdf":"https:\/\/www.bagesturisme.cat\/wp-content\/uploads\/2022\/12\/CAT_Fullet_GeoParc_22_DEF.pdf","idioma":["ca"]},{"pdf":"https:\/\/www.bagesturisme.cat\/wp-content\/uploads\/2022\/12\/ESP_Fullet_GeoParc_22_DEF.pdf","idioma":["es"]},{"pdf":"https:\/\/www.bagesturisme.cat\/wp-content\/uploads\/2022\/12\/EN_Fullet_GeoParc_22_DEF.pdf","idioma":["en"]},{"pdf":"https:\/\/www.bagesturisme.cat\/wp-content\/uploads\/2022\/12\/FR_Fullet_GeoParc_22_DEF.pdf","idioma":["fr"]}]},{"titol":"\u00daltima etapa del Cam\u00ed ignasi\u00e0: De Montserrat a la Cova de Sant Ignasi","imatge":{"ID":9944,"id":9944,"title":"Mapa Cam\u00ed Ignasi\u00e0","filename":"Mapa-Cami-Ignasia.png","filesize":114129,"url":"https:\/\/www.bagesturisme.cat\/wp-content\/uploads\/2021\/04\/Mapa-Cami-Ignasia.png","link":"https:\/\/www.bagesturisme.cat\/es\/fulleteria\/mapa-cami-ignasia\/","alt":"","author":"3","description":"","caption":"","name":"mapa-cami-ignasia","status":"inherit","uploaded_to":8591,"date":"2021-04-26 10:48:23","modified":"2021-04-26 10:48:23","menu_order":0,"mime_type":"image\/png","type":"image","subtype":"png","icon":"https:\/\/www.bagesturisme.cat\/wp-includes\/images\/media\/default.png","width":190,"height":292,"sizes":{"thumbnail":"https:\/\/www.bagesturisme.cat\/wp-content\/uploads\/2021\/04\/Mapa-Cami-Ignasia-150x150.png","thumbnail-width":150,"thumbnail-height":150,"medium":"https:\/\/www.bagesturisme.cat\/wp-content\/uploads\/2021\/04\/Mapa-Cami-Ignasia.png","medium-width":190,"medium-height":292,"medium_large":"https:\/\/www.bagesturisme.cat\/wp-content\/uploads\/2021\/04\/Mapa-Cami-Ignasia.png","medium_large-width":190,"medium_large-height":292,"large":"https:\/\/www.bagesturisme.cat\/wp-content\/uploads\/2021\/04\/Mapa-Cami-Ignasia.png","large-width":190,"large-height":292,"1536x1536":"https:\/\/www.bagesturisme.cat\/wp-content\/uploads\/2021\/04\/Mapa-Cami-Ignasia.png","1536x1536-width":190,"1536x1536-height":292,"2048x2048":"https:\/\/www.bagesturisme.cat\/wp-content\/uploads\/2021\/04\/Mapa-Cami-Ignasia.png","2048x2048-width":190,"2048x2048-height":292,"blog-large":"https:\/\/www.bagesturisme.cat\/wp-content\/uploads\/2021\/04\/Mapa-Cami-Ignasia.png","blog-large-width":177,"blog-large-height":272,"blog-medium":"https:\/\/www.bagesturisme.cat\/wp-content\/uploads\/2021\/04\/Mapa-Cami-Ignasia.png","blog-medium-width":131,"blog-medium-height":202,"recent-posts":"https:\/\/www.bagesturisme.cat\/wp-content\/uploads\/2021\/04\/Mapa-Cami-Ignasia.png","recent-posts-width":190,"recent-posts-height":292,"recent-works-thumbnail":"https:\/\/www.bagesturisme.cat\/wp-content\/uploads\/2021\/04\/Mapa-Cami-Ignasia.png","recent-works-thumbnail-width":43,"recent-works-thumbnail-height":66,"fusion-200":"https:\/\/www.bagesturisme.cat\/wp-content\/uploads\/2021\/04\/Mapa-Cami-Ignasia.png","fusion-200-width":190,"fusion-200-height":292,"fusion-400":"https:\/\/www.bagesturisme.cat\/wp-content\/uploads\/2021\/04\/Mapa-Cami-Ignasia.png","fusion-400-width":190,"fusion-400-height":292,"fusion-600":"https:\/\/www.bagesturisme.cat\/wp-content\/uploads\/2021\/04\/Mapa-Cami-Ignasia.png","fusion-600-width":190,"fusion-600-height":292,"fusion-800":"https:\/\/www.bagesturisme.cat\/wp-content\/uploads\/2021\/04\/Mapa-Cami-Ignasia.png","fusion-800-width":190,"fusion-800-height":292,"fusion-1200":"https:\/\/www.bagesturisme.cat\/wp-content\/uploads\/2021\/04\/Mapa-Cami-Ignasia.png","fusion-1200-width":190,"fusion-1200-height":292,"portfolio-full":"https:\/\/www.bagesturisme.cat\/wp-content\/uploads\/2021\/04\/Mapa-Cami-Ignasia.png","portfolio-full-width":190,"portfolio-full-height":292,"portfolio-one":"https:\/\/www.bagesturisme.cat\/wp-content\/uploads\/2021\/04\/Mapa-Cami-Ignasia.png","portfolio-one-width":177,"portfolio-one-height":272,"portfolio-two":"https:\/\/www.bagesturisme.cat\/wp-content\/uploads\/2021\/04\/Mapa-Cami-Ignasia.png","portfolio-two-width":190,"portfolio-two-height":292,"portfolio-three":"https:\/\/www.bagesturisme.cat\/wp-content\/uploads\/2021\/04\/Mapa-Cami-Ignasia.png","portfolio-three-width":139,"portfolio-three-height":214,"portfolio-five":"https:\/\/www.bagesturisme.cat\/wp-content\/uploads\/2021\/04\/Mapa-Cami-Ignasia.png","portfolio-five-width":92,"portfolio-five-height":142}},"tematica":"Cam\u00ed ignasi\u00e0","arxius":[{"pdf":"https:\/\/www.bagesturisme.cat\/wp-content\/uploads\/2017\/08\/Cami_Ignasia_Etapa27_CAT_Digital.pdf","idioma":["ca"]},{"pdf":"https:\/\/www.bagesturisme.cat\/wp-content\/uploads\/2017\/08\/Cami_Ignasia_Etapa27_CAST_Digital.pdf","idioma":["es"]}]},{"titol":"Rutes del Rom\u00e0nic del Bages","imatge":{"ID":12774,"id":12774,"title":"2","filename":"2.png","filesize":105018,"url":"https:\/\/www.bagesturisme.cat\/wp-content\/uploads\/2023\/04\/2.png","link":"https:\/\/www.bagesturisme.cat\/es\/fulleteria\/2-6\/","alt":"","author":"3","description":"","caption":"","name":"2-6","status":"inherit","uploaded_to":8591,"date":"2023-04-19 08:24:35","modified":"2023-04-19 08:24:35","menu_order":0,"mime_type":"image\/png","type":"image","subtype":"png","icon":"https:\/\/www.bagesturisme.cat\/wp-includes\/images\/media\/default.png","width":175,"height":290,"sizes":{"thumbnail":"https:\/\/www.bagesturisme.cat\/wp-content\/uploads\/2023\/04\/2-150x150.png","thumbnail-width":150,"thumbnail-height":150,"medium":"https:\/\/www.bagesturisme.cat\/wp-content\/uploads\/2023\/04\/2.png","medium-width":175,"medium-height":290,"medium_large":"https:\/\/www.bagesturisme.cat\/wp-content\/uploads\/2023\/04\/2.png","medium_large-width":175,"medium_large-height":290,"large":"https:\/\/www.bagesturisme.cat\/wp-content\/uploads\/2023\/04\/2.png","large-width":175,"large-height":290,"1536x1536":"https:\/\/www.bagesturisme.cat\/wp-content\/uploads\/2023\/04\/2.png","1536x1536-width":175,"1536x1536-height":290,"2048x2048":"https:\/\/www.bagesturisme.cat\/wp-content\/uploads\/2023\/04\/2.png","2048x2048-width":175,"2048x2048-height":290,"blog-large":"https:\/\/www.bagesturisme.cat\/wp-content\/uploads\/2023\/04\/2.png","blog-large-width":164,"blog-large-height":272,"blog-medium":"https:\/\/www.bagesturisme.cat\/wp-content\/uploads\/2023\/04\/2.png","blog-medium-width":122,"blog-medium-height":202,"recent-posts":"https:\/\/www.bagesturisme.cat\/wp-content\/uploads\/2023\/04\/2.png","recent-posts-width":175,"recent-posts-height":290,"recent-works-thumbnail":"https:\/\/www.bagesturisme.cat\/wp-content\/uploads\/2023\/04\/2.png","recent-works-thumbnail-width":40,"recent-works-thumbnail-height":66,"fusion-200":"https:\/\/www.bagesturisme.cat\/wp-content\/uploads\/2023\/04\/2.png","fusion-200-width":175,"fusion-200-height":290,"fusion-400":"https:\/\/www.bagesturisme.cat\/wp-content\/uploads\/2023\/04\/2.png","fusion-400-width":175,"fusion-400-height":290,"fusion-600":"https:\/\/www.bagesturisme.cat\/wp-content\/uploads\/2023\/04\/2.png","fusion-600-width":175,"fusion-600-height":290,"fusion-800":"https:\/\/www.bagesturisme.cat\/wp-content\/uploads\/2023\/04\/2.png","fusion-800-width":175,"fusion-800-height":290,"fusion-1200":"https:\/\/www.bagesturisme.cat\/wp-content\/uploads\/2023\/04\/2.png","fusion-1200-width":175,"fusion-1200-height":290,"portfolio-full":"https:\/\/www.bagesturisme.cat\/wp-content\/uploads\/2023\/04\/2.png","portfolio-full-width":175,"portfolio-full-height":290,"portfolio-one":"https:\/\/www.bagesturisme.cat\/wp-content\/uploads\/2023\/04\/2.png","portfolio-one-width":164,"portfolio-one-height":272,"portfolio-two":"https:\/\/www.bagesturisme.cat\/wp-content\/uploads\/2023\/04\/2.png","portfolio-two-width":175,"portfolio-two-height":290,"portfolio-three":"https:\/\/www.bagesturisme.cat\/wp-content\/uploads\/2023\/04\/2.png","portfolio-three-width":129,"portfolio-three-height":214,"portfolio-five":"https:\/\/www.bagesturisme.cat\/wp-content\/uploads\/2023\/04\/2.png","portfolio-five-width":86,"portfolio-five-height":142}},"tematica":"Rutes del rom\u00e0nic del Bages","arxius":[{"pdf":"https:\/\/www.bagesturisme.cat\/wp-content\/uploads\/2023\/01\/WEB_MAPA_rutesromanic2022.pdf","idioma":["ca"]}]},{"titol":"Itineraris a l'entorn de la S\u00e9quia","imatge":{"ID":12775,"id":12775,"title":"3","filename":"3.png","filesize":76724,"url":"https:\/\/www.bagesturisme.cat\/wp-content\/uploads\/2023\/04\/3.png","link":"https:\/\/www.bagesturisme.cat\/es\/fulleteria\/3-3\/","alt":"","author":"3","description":"","caption":"","name":"3-3","status":"inherit","uploaded_to":8591,"date":"2023-04-19 08:24:55","modified":"2023-04-19 08:24:55","menu_order":0,"mime_type":"image\/png","type":"image","subtype":"png","icon":"https:\/\/www.bagesturisme.cat\/wp-includes\/images\/media\/default.png","width":175,"height":290,"sizes":{"thumbnail":"https:\/\/www.bagesturisme.cat\/wp-content\/uploads\/2023\/04\/3-150x150.png","thumbnail-width":150,"thumbnail-height":150,"medium":"https:\/\/www.bagesturisme.cat\/wp-content\/uploads\/2023\/04\/3.png","medium-width":175,"medium-height":290,"medium_large":"https:\/\/www.bagesturisme.cat\/wp-content\/uploads\/2023\/04\/3.png","medium_large-width":175,"medium_large-height":290,"large":"https:\/\/www.bagesturisme.cat\/wp-content\/uploads\/2023\/04\/3.png","large-width":175,"large-height":290,"1536x1536":"https:\/\/www.bagesturisme.cat\/wp-content\/uploads\/2023\/04\/3.png","1536x1536-width":175,"1536x1536-height":290,"2048x2048":"https:\/\/www.bagesturisme.cat\/wp-content\/uploads\/2023\/04\/3.png","2048x2048-width":175,"2048x2048-height":290,"blog-large":"https:\/\/www.bagesturisme.cat\/wp-content\/uploads\/2023\/04\/3.png","blog-large-width":164,"blog-large-height":272,"blog-medium":"https:\/\/www.bagesturisme.cat\/wp-content\/uploads\/2023\/04\/3.png","blog-medium-width":122,"blog-medium-height":202,"recent-posts":"https:\/\/www.bagesturisme.cat\/wp-content\/uploads\/2023\/04\/3.png","recent-posts-width":175,"recent-posts-height":290,"recent-works-thumbnail":"https:\/\/www.bagesturisme.cat\/wp-content\/uploads\/2023\/04\/3.png","recent-works-thumbnail-width":40,"recent-works-thumbnail-height":66,"fusion-200":"https:\/\/www.bagesturisme.cat\/wp-content\/uploads\/2023\/04\/3.png","fusion-200-width":175,"fusion-200-height":290,"fusion-400":"https:\/\/www.bagesturisme.cat\/wp-content\/uploads\/2023\/04\/3.png","fusion-400-width":175,"fusion-400-height":290,"fusion-600":"https:\/\/www.bagesturisme.cat\/wp-content\/uploads\/2023\/04\/3.png","fusion-600-width":175,"fusion-600-height":290,"fusion-800":"https:\/\/www.bagesturisme.cat\/wp-content\/uploads\/2023\/04\/3.png","fusion-800-width":175,"fusion-800-height":290,"fusion-1200":"https:\/\/www.bagesturisme.cat\/wp-content\/uploads\/2023\/04\/3.png","fusion-1200-width":175,"fusion-1200-height":290,"portfolio-full":"https:\/\/www.bagesturisme.cat\/wp-content\/uploads\/2023\/04\/3.png","portfolio-full-width":175,"portfolio-full-height":290,"portfolio-one":"https:\/\/www.bagesturisme.cat\/wp-content\/uploads\/2023\/04\/3.png","portfolio-one-width":164,"portfolio-one-height":272,"portfolio-two":"https:\/\/www.bagesturisme.cat\/wp-content\/uploads\/2023\/04\/3.png","portfolio-two-width":175,"portfolio-two-height":290,"portfolio-three":"https:\/\/www.bagesturisme.cat\/wp-content\/uploads\/2023\/04\/3.png","portfolio-three-width":129,"portfolio-three-height":214,"portfolio-five":"https:\/\/www.bagesturisme.cat\/wp-content\/uploads\/2023\/04\/3.png","portfolio-five-width":86,"portfolio-five-height":142}},"tematica":"Itineraris S\u00e9quia en BTT","arxius":[{"pdf":"https:\/\/www.bagesturisme.cat\/wp-content\/uploads\/2022\/11\/Fulleto_Itinerari-de-la-Sequia-en-Bici_Baixa-resolucio__01.pdf","idioma":["ca"]}]},{"titol":"","imatge":{"ID":12603,"id":12603,"title":"Meeting Planner Guide","filename":"Meeting-Planner-Guide.png","filesize":1380448,"url":"https:\/\/www.bagesturisme.cat\/wp-content\/uploads\/2023\/03\/Meeting-Planner-Guide.png","link":"https:\/\/www.bagesturisme.cat\/es\/fulleteria\/meeting-planner-guide\/","alt":"","author":"3","description":"","caption":"","name":"meeting-planner-guide","status":"inherit","uploaded_to":8591,"date":"2023-03-09 10:56:22","modified":"2023-03-09 10:56:22","menu_order":0,"mime_type":"image\/png","type":"image","subtype":"png","icon":"https:\/\/www.bagesturisme.cat\/wp-includes\/images\/media\/default.png","width":1276,"height":718,"sizes":{"thumbnail":"https:\/\/www.bagesturisme.cat\/wp-content\/uploads\/2023\/03\/Meeting-Planner-Guide-150x150.png","thumbnail-width":150,"thumbnail-height":150,"medium":"https:\/\/www.bagesturisme.cat\/wp-content\/uploads\/2023\/03\/Meeting-Planner-Guide-711x400.png","medium-width":711,"medium-height":400,"medium_large":"https:\/\/www.bagesturisme.cat\/wp-content\/uploads\/2023\/03\/Meeting-Planner-Guide-768x432.png","medium_large-width":768,"medium_large-height":432,"large":"https:\/\/www.bagesturisme.cat\/wp-content\/uploads\/2023\/03\/Meeting-Planner-Guide.png","large-width":1170,"large-height":658,"1536x1536":"https:\/\/www.bagesturisme.cat\/wp-content\/uploads\/2023\/03\/Meeting-Planner-Guide.png","1536x1536-width":1276,"1536x1536-height":718,"2048x2048":"https:\/\/www.bagesturisme.cat\/wp-content\/uploads\/2023\/03\/Meeting-Planner-Guide.png","2048x2048-width":1276,"2048x2048-height":718,"blog-large":"https:\/\/www.bagesturisme.cat\/wp-content\/uploads\/2023\/03\/Meeting-Planner-Guide.png","blog-large-width":483,"blog-large-height":272,"blog-medium":"https:\/\/www.bagesturisme.cat\/wp-content\/uploads\/2023\/03\/Meeting-Planner-Guide.png","blog-medium-width":320,"blog-medium-height":180,"recent-posts":"https:\/\/www.bagesturisme.cat\/wp-content\/uploads\/2023\/03\/Meeting-Planner-Guide.png","recent-posts-width":700,"recent-posts-height":394,"recent-works-thumbnail":"https:\/\/www.bagesturisme.cat\/wp-content\/uploads\/2023\/03\/Meeting-Planner-Guide.png","recent-works-thumbnail-width":66,"recent-works-thumbnail-height":37,"fusion-200":"https:\/\/www.bagesturisme.cat\/wp-content\/uploads\/2023\/03\/Meeting-Planner-Guide.png","fusion-200-width":200,"fusion-200-height":113,"fusion-400":"https:\/\/www.bagesturisme.cat\/wp-content\/uploads\/2023\/03\/Meeting-Planner-Guide.png","fusion-400-width":400,"fusion-400-height":225,"fusion-600":"https:\/\/www.bagesturisme.cat\/wp-content\/uploads\/2023\/03\/Meeting-Planner-Guide.png","fusion-600-width":600,"fusion-600-height":338,"fusion-800":"https:\/\/www.bagesturisme.cat\/wp-content\/uploads\/2023\/03\/Meeting-Planner-Guide.png","fusion-800-width":800,"fusion-800-height":450,"fusion-1200":"https:\/\/www.bagesturisme.cat\/wp-content\/uploads\/2023\/03\/Meeting-Planner-Guide.png","fusion-1200-width":1200,"fusion-1200-height":675,"portfolio-full":"https:\/\/www.bagesturisme.cat\/wp-content\/uploads\/2023\/03\/Meeting-Planner-Guide.png","portfolio-full-width":711,"portfolio-full-height":400,"portfolio-one":"https:\/\/www.bagesturisme.cat\/wp-content\/uploads\/2023\/03\/Meeting-Planner-Guide.png","portfolio-one-width":483,"portfolio-one-height":272,"portfolio-two":"https:\/\/www.bagesturisme.cat\/wp-content\/uploads\/2023\/03\/Meeting-Planner-Guide.png","portfolio-two-width":460,"portfolio-two-height":259,"portfolio-three":"https:\/\/www.bagesturisme.cat\/wp-content\/uploads\/2023\/03\/Meeting-Planner-Guide.png","portfolio-three-width":300,"portfolio-three-height":169,"portfolio-five":"https:\/\/www.bagesturisme.cat\/wp-content\/uploads\/2023\/03\/Meeting-Planner-Guide.png","portfolio-five-width":177,"portfolio-five-height":100}},"tematica":"Meeting Planner Guide","arxius":[{"pdf":"https:\/\/www.bagesturisme.cat\/wp-content\/uploads\/2022\/03\/Bages_turisme-de-reunions_CAT_OK-1.pdf","idioma":["ca"]},{"pdf":"https:\/\/www.bagesturisme.cat\/wp-content\/uploads\/2022\/03\/Bages_turisme-de-reunions_ES_OK.pdf","idioma":["es"]},{"pdf":"https:\/\/www.bagesturisme.cat\/wp-content\/uploads\/2023\/03\/Meeting-Planner-Guide_ENG_OK.pdf","idioma":["en"]}]},{"titol":"","imatge":{"ID":12777,"id":12777,"title":"1","filename":"1.png","filesize":84969,"url":"https:\/\/www.bagesturisme.cat\/wp-content\/uploads\/2023\/04\/1.png","link":"https:\/\/www.bagesturisme.cat\/es\/fulleteria\/1-8\/","alt":"","author":"3","description":"","caption":"","name":"1-8","status":"inherit","uploaded_to":8591,"date":"2023-04-19 08:25:49","modified":"2023-04-19 08:25:49","menu_order":0,"mime_type":"image\/png","type":"image","subtype":"png","icon":"https:\/\/www.bagesturisme.cat\/wp-includes\/images\/media\/default.png","width":175,"height":290,"sizes":{"thumbnail":"https:\/\/www.bagesturisme.cat\/wp-content\/uploads\/2023\/04\/1-150x150.png","thumbnail-width":150,"thumbnail-height":150,"medium":"https:\/\/www.bagesturisme.cat\/wp-content\/uploads\/2023\/04\/1.png","medium-width":175,"medium-height":290,"medium_large":"https:\/\/www.bagesturisme.cat\/wp-content\/uploads\/2023\/04\/1.png","medium_large-width":175,"medium_large-height":290,"large":"https:\/\/www.bagesturisme.cat\/wp-content\/uploads\/2023\/04\/1.png","large-width":175,"large-height":290,"1536x1536":"https:\/\/www.bagesturisme.cat\/wp-content\/uploads\/2023\/04\/1.png","1536x1536-width":175,"1536x1536-height":290,"2048x2048":"https:\/\/www.bagesturisme.cat\/wp-content\/uploads\/2023\/04\/1.png","2048x2048-width":175,"2048x2048-height":290,"blog-large":"https:\/\/www.bagesturisme.cat\/wp-content\/uploads\/2023\/04\/1.png","blog-large-width":164,"blog-large-height":272,"blog-medium":"https:\/\/www.bagesturisme.cat\/wp-content\/uploads\/2023\/04\/1.png","blog-medium-width":122,"blog-medium-height":202,"recent-posts":"https:\/\/www.bagesturisme.cat\/wp-content\/uploads\/2023\/04\/1.png","recent-posts-width":175,"recent-posts-height":290,"recent-works-thumbnail":"https:\/\/www.bagesturisme.cat\/wp-content\/uploads\/2023\/04\/1.png","recent-works-thumbnail-width":40,"recent-works-thumbnail-height":66,"fusion-200":"https:\/\/www.bagesturisme.cat\/wp-content\/uploads\/2023\/04\/1.png","fusion-200-width":175,"fusion-200-height":290,"fusion-400":"https:\/\/www.bagesturisme.cat\/wp-content\/uploads\/2023\/04\/1.png","fusion-400-width":175,"fusion-400-height":290,"fusion-600":"https:\/\/www.bagesturisme.cat\/wp-content\/uploads\/2023\/04\/1.png","fusion-600-width":175,"fusion-600-height":290,"fusion-800":"https:\/\/www.bagesturisme.cat\/wp-content\/uploads\/2023\/04\/1.png","fusion-800-width":175,"fusion-800-height":290,"fusion-1200":"https:\/\/www.bagesturisme.cat\/wp-content\/uploads\/2023\/04\/1.png","fusion-1200-width":175,"fusion-1200-height":290,"portfolio-full":"https:\/\/www.bagesturisme.cat\/wp-content\/uploads\/2023\/04\/1.png","portfolio-full-width":175,"portfolio-full-height":290,"portfolio-one":"https:\/\/www.bagesturisme.cat\/wp-content\/uploads\/2023\/04\/1.png","portfolio-one-width":164,"portfolio-one-height":272,"portfolio-two":"https:\/\/www.bagesturisme.cat\/wp-content\/uploads\/2023\/04\/1.png","portfolio-two-width":175,"portfolio-two-height":290,"portfolio-three":"https:\/\/www.bagesturisme.cat\/wp-content\/uploads\/2023\/04\/1.png","portfolio-three-width":129,"portfolio-three-height":214,"portfolio-five":"https:\/\/www.bagesturisme.cat\/wp-content\/uploads\/2023\/04\/1.png","portfolio-five-width":86,"portfolio-five-height":142}},"tematica":"Rutes dels castells de frontera del Bages","arxius":[{"pdf":"https:\/\/www.bagesturisme.cat\/wp-content\/uploads\/2023\/04\/WEB_MAPA_CASTELLS_2022.pdf","idioma":["ca"]}]},{"titol":"","imatge":{"ID":15340,"id":15340,"title":"1080X1350 guia esmorzars","filename":"1080X1350-guia-esmorzars-e1743413319395.jpg","filesize":166587,"url":"https:\/\/www.bagesturisme.cat\/wp-content\/uploads\/2025\/03\/1080X1350-guia-esmorzars-e1743413319395.jpg","link":"https:\/\/www.bagesturisme.cat\/es\/setmana-santa-al-bages\/1080x1350-guia-esmorzars\/","alt":"","author":"3","description":"","caption":"","name":"1080x1350-guia-esmorzars","status":"inherit","uploaded_to":11072,"date":"2025-03-31 09:28:09","modified":"2025-03-31 09:28:09","menu_order":0,"mime_type":"image\/jpeg","type":"image","subtype":"jpeg","icon":"https:\/\/www.bagesturisme.cat\/wp-includes\/images\/media\/default.png","width":1080,"height":1090,"sizes":{"thumbnail":"https:\/\/www.bagesturisme.cat\/wp-content\/uploads\/2025\/03\/1080X1350-guia-esmorzars-e1743413319395-150x150.jpg","thumbnail-width":150,"thumbnail-height":150,"medium":"https:\/\/www.bagesturisme.cat\/wp-content\/uploads\/2025\/03\/1080X1350-guia-esmorzars-e1743413319395-396x400.jpg","medium-width":396,"medium-height":400,"medium_large":"https:\/\/www.bagesturisme.cat\/wp-content\/uploads\/2025\/03\/1080X1350-guia-esmorzars-e1743413319395-768x775.jpg","medium_large-width":768,"medium_large-height":775,"large":"https:\/\/www.bagesturisme.cat\/wp-content\/uploads\/2025\/03\/1080X1350-guia-esmorzars-e1743413319395-1015x1024.jpg","large-width":1015,"large-height":1024,"1536x1536":"https:\/\/www.bagesturisme.cat\/wp-content\/uploads\/2025\/03\/1080X1350-guia-esmorzars-e1743413319395.jpg","1536x1536-width":1080,"1536x1536-height":1090,"2048x2048":"https:\/\/www.bagesturisme.cat\/wp-content\/uploads\/2025\/03\/1080X1350-guia-esmorzars-e1743413319395.jpg","2048x2048-width":1080,"2048x2048-height":1090,"blog-large":"https:\/\/www.bagesturisme.cat\/wp-content\/uploads\/2025\/03\/1080X1350-guia-esmorzars-e1743413319395.jpg","blog-large-width":270,"blog-large-height":272,"blog-medium":"https:\/\/www.bagesturisme.cat\/wp-content\/uploads\/2025\/03\/1080X1350-guia-esmorzars-e1743413319395.jpg","blog-medium-width":200,"blog-medium-height":202,"recent-posts":"https:\/\/www.bagesturisme.cat\/wp-content\/uploads\/2025\/03\/1080X1350-guia-esmorzars-e1743413319395.jpg","recent-posts-width":437,"recent-posts-height":441,"recent-works-thumbnail":"https:\/\/www.bagesturisme.cat\/wp-content\/uploads\/2025\/03\/1080X1350-guia-esmorzars-e1743413319395.jpg","recent-works-thumbnail-width":66,"recent-works-thumbnail-height":66,"fusion-200":"https:\/\/www.bagesturisme.cat\/wp-content\/uploads\/2025\/03\/1080X1350-guia-esmorzars-e1743413319395.jpg","fusion-200-width":200,"fusion-200-height":202,"fusion-400":"https:\/\/www.bagesturisme.cat\/wp-content\/uploads\/2025\/03\/1080X1350-guia-esmorzars-e1743413319395.jpg","fusion-400-width":400,"fusion-400-height":404,"fusion-600":"https:\/\/www.bagesturisme.cat\/wp-content\/uploads\/2025\/03\/1080X1350-guia-esmorzars-e1743413319395.jpg","fusion-600-width":600,"fusion-600-height":606,"fusion-800":"https:\/\/www.bagesturisme.cat\/wp-content\/uploads\/2025\/03\/1080X1350-guia-esmorzars-e1743413319395.jpg","fusion-800-width":800,"fusion-800-height":807,"fusion-1200":"https:\/\/www.bagesturisme.cat\/wp-content\/uploads\/2025\/03\/1080X1350-guia-esmorzars-e1743413319395.jpg","fusion-1200-width":1080,"fusion-1200-height":1090,"portfolio-full":"https:\/\/www.bagesturisme.cat\/wp-content\/uploads\/2025\/03\/1080X1350-guia-esmorzars-e1743413319395.jpg","portfolio-full-width":396,"portfolio-full-height":400,"portfolio-one":"https:\/\/www.bagesturisme.cat\/wp-content\/uploads\/2025\/03\/1080X1350-guia-esmorzars-e1743413319395.jpg","portfolio-one-width":270,"portfolio-one-height":272,"portfolio-two":"https:\/\/www.bagesturisme.cat\/wp-content\/uploads\/2025\/03\/1080X1350-guia-esmorzars-e1743413319395.jpg","portfolio-two-width":292,"portfolio-two-height":295,"portfolio-three":"https:\/\/www.bagesturisme.cat\/wp-content\/uploads\/2025\/03\/1080X1350-guia-esmorzars-e1743413319395.jpg","portfolio-three-width":212,"portfolio-three-height":214,"portfolio-five":"https:\/\/www.bagesturisme.cat\/wp-content\/uploads\/2025\/03\/1080X1350-guia-esmorzars-e1743413319395.jpg","portfolio-five-width":141,"portfolio-five-height":142}},"tematica":"Guia dels esmorzars de forquilla al Bages","arxius":[{"pdf":"https:\/\/www.bagesturisme.cat\/wp-content\/uploads\/2025\/03\/GUIA-ESMORZARS-DE-FORQUILLA-AL-BAGES.pdf","idioma":["ca"]}]},{"titol":"","imatge":{"ID":13255,"id":13255,"title":"Cam\u00ed de la Sal","filename":"Cami-de-la-Sal-e1692949474188.jpg","filesize":16344,"url":"https:\/\/www.bagesturisme.cat\/wp-content\/uploads\/2023\/08\/Cami-de-la-Sal-e1692949474188.jpg","link":"https:\/\/www.bagesturisme.cat\/es\/fulleteria\/cami-de-la-sal\/","alt":"","author":"3","description":"","caption":"","name":"cami-de-la-sal","status":"inherit","uploaded_to":8591,"date":"2023-08-25 07:42:19","modified":"2023-08-25 07:42:19","menu_order":0,"mime_type":"image\/jpeg","type":"image","subtype":"jpeg","icon":"https:\/\/www.bagesturisme.cat\/wp-includes\/images\/media\/default.png","width":175,"height":245,"sizes":{"thumbnail":"https:\/\/www.bagesturisme.cat\/wp-content\/uploads\/2023\/08\/Cami-de-la-Sal-150x150.jpg","thumbnail-width":150,"thumbnail-height":150,"medium":"https:\/\/www.bagesturisme.cat\/wp-content\/uploads\/2023\/08\/Cami-de-la-Sal-286x400.jpg","medium-width":286,"medium-height":400,"medium_large":"https:\/\/www.bagesturisme.cat\/wp-content\/uploads\/2023\/08\/Cami-de-la-Sal-e1692949474188.jpg","medium_large-width":175,"medium_large-height":245,"large":"https:\/\/www.bagesturisme.cat\/wp-content\/uploads\/2023\/08\/Cami-de-la-Sal-e1692949474188.jpg","large-width":175,"large-height":245,"1536x1536":"https:\/\/www.bagesturisme.cat\/wp-content\/uploads\/2023\/08\/Cami-de-la-Sal-e1692949474188.jpg","1536x1536-width":175,"1536x1536-height":245,"2048x2048":"https:\/\/www.bagesturisme.cat\/wp-content\/uploads\/2023\/08\/Cami-de-la-Sal-e1692949474188.jpg","2048x2048-width":175,"2048x2048-height":245,"blog-large":"https:\/\/www.bagesturisme.cat\/wp-content\/uploads\/2023\/08\/Cami-de-la-Sal-e1692949474188.jpg","blog-large-width":175,"blog-large-height":245,"blog-medium":"https:\/\/www.bagesturisme.cat\/wp-content\/uploads\/2023\/08\/Cami-de-la-Sal-e1692949474188.jpg","blog-medium-width":144,"blog-medium-height":202,"recent-posts":"https:\/\/www.bagesturisme.cat\/wp-content\/uploads\/2023\/08\/Cami-de-la-Sal-e1692949474188.jpg","recent-posts-width":175,"recent-posts-height":245,"recent-works-thumbnail":"https:\/\/www.bagesturisme.cat\/wp-content\/uploads\/2023\/08\/Cami-de-la-Sal-e1692949474188.jpg","recent-works-thumbnail-width":47,"recent-works-thumbnail-height":66,"fusion-200":"https:\/\/www.bagesturisme.cat\/wp-content\/uploads\/2023\/08\/Cami-de-la-Sal-e1692949474188.jpg","fusion-200-width":175,"fusion-200-height":245,"fusion-400":"https:\/\/www.bagesturisme.cat\/wp-content\/uploads\/2023\/08\/Cami-de-la-Sal-e1692949474188.jpg","fusion-400-width":175,"fusion-400-height":245,"fusion-600":"https:\/\/www.bagesturisme.cat\/wp-content\/uploads\/2023\/08\/Cami-de-la-Sal-e1692949474188.jpg","fusion-600-width":175,"fusion-600-height":245,"fusion-800":"https:\/\/www.bagesturisme.cat\/wp-content\/uploads\/2023\/08\/Cami-de-la-Sal-e1692949474188.jpg","fusion-800-width":175,"fusion-800-height":245,"fusion-1200":"https:\/\/www.bagesturisme.cat\/wp-content\/uploads\/2023\/08\/Cami-de-la-Sal-e1692949474188.jpg","fusion-1200-width":175,"fusion-1200-height":245,"portfolio-full":"https:\/\/www.bagesturisme.cat\/wp-content\/uploads\/2023\/08\/Cami-de-la-Sal-e1692949474188.jpg","portfolio-full-width":175,"portfolio-full-height":245,"portfolio-one":"https:\/\/www.bagesturisme.cat\/wp-content\/uploads\/2023\/08\/Cami-de-la-Sal-e1692949474188.jpg","portfolio-one-width":175,"portfolio-one-height":245,"portfolio-two":"https:\/\/www.bagesturisme.cat\/wp-content\/uploads\/2023\/08\/Cami-de-la-Sal-e1692949474188.jpg","portfolio-two-width":175,"portfolio-two-height":245,"portfolio-three":"https:\/\/www.bagesturisme.cat\/wp-content\/uploads\/2023\/08\/Cami-de-la-Sal-e1692949474188.jpg","portfolio-three-width":153,"portfolio-three-height":214,"portfolio-five":"https:\/\/www.bagesturisme.cat\/wp-content\/uploads\/2023\/08\/Cami-de-la-Sal-e1692949474188.jpg","portfolio-five-width":101,"portfolio-five-height":142}},"tematica":"El Cam\u00ed de la Sal (Cardona-Manresa)","arxius":[{"pdf":"https:\/\/www.bagesturisme.cat\/wp-content\/uploads\/2023\/08\/02.-Fulleto_CamidelaSal_Juliol2023_baixa.pdf","idioma":["ca"]}]}]},"_links":{"self":[{"href":"https:\/\/www.bagesturisme.cat\/es\/wp-json\/wp\/v2\/pages\/8591","targetHints":{"allow":["GET"]}}],"collection":[{"href":"https:\/\/www.bagesturisme.cat\/es\/wp-json\/wp\/v2\/pages"}],"about":[{"href":"https:\/\/www.bagesturisme.cat\/es\/wp-json\/wp\/v2\/types\/page"}],"author":[{"embeddable":true,"href":"https:\/\/www.bagesturisme.cat\/es\/wp-json\/wp\/v2\/users\/1"}],"replies":[{"embeddable":true,"href":"https:\/\/www.bagesturisme.cat\/es\/wp-json\/wp\/v2\/comments?post=8591"}],"version-history":[{"count":52,"href":"https:\/\/www.bagesturisme.cat\/es\/wp-json\/wp\/v2\/pages\/8591\/revisions"}],"predecessor-version":[{"id":17422,"href":"https:\/\/www.bagesturisme.cat\/es\/wp-json\/wp\/v2\/pages\/8591\/revisions\/17422"}],"wp:attachment":[{"href":"https:\/\/www.bagesturisme.cat\/es\/wp-json\/wp\/v2\/media?parent=8591"}],"wp:term":[{"taxonomy":"post_tag","embeddable":true,"href":"https:\/\/www.bagesturisme.cat\/es\/wp-json\/wp\/v2\/tags?post=8591"}],"curies":[{"name":"wp","href":"https:\/\/api.w.org\/{rel}","templated":true}]}}