{"id":12856,"date":"2023-06-22T07:37:02","date_gmt":"2023-06-22T06:37:02","guid":{"rendered":"https:\/\/bagesturisme.cat\/primavera-copy\/"},"modified":"2025-07-08T09:08:20","modified_gmt":"2025-07-08T08:08:20","slug":"estiu","status":"publish","type":"page","link":"https:\/\/www.bagesturisme.cat\/es\/estiu\/","title":{"rendered":"Estiu"},"content":{"rendered":"<div class=\"wpb-content-wrapper\">[vc_row][vc_column][vc_column_text]\r\n[\/vc_column_text][\/vc_column][\/vc_row][vc_row][vc_column][\/vc_column][\/vc_row][vc_row full_width=\u00bbstretch_row_content_no_spaces\u00bb full_height=\u00bbyes\u00bb equal_height=\u00bbyes\u00bb parallax=\u00bbcontent-moving-fade\u00bb parallax_image=\u00bb15742&#8243; css_animation=\u00bbfadeIn\u00bb css=\u00bb.vc_custom_1751961567181{padding-top: 60px !important;padding-bottom: 60px !important;background-color: #969696 !important;}\u00bb][vc_column video_bg=\u00bbyes\u00bb video_bg_url=\u00bb\u00bb][vc_column_text css_animation=\u00bbfadeInUp\u00bb]\r\n<h1 style=\"text-align: center;\"><span style=\"color: #ffffff;\">Vine de vacances al Bages aquest estiu<\/span><\/h1>\r\n[\/vc_column_text][\/vc_column][\/vc_row][vc_row][vc_column][vc_column_text css=\u00bb\u00bb]\r\n<h2 style=\"text-align: center;\">Aquest estiu et recomanem&#8230;<\/h2>\r\n[\/vc_column_text][\/vc_column][\/vc_row][vc_row parallax=\u00bbcontent-moving\u00bb css=\u00bb.vc_custom_1687425627165{padding-right: 5px !important;padding-left: 10px !important;}\u00bb][vc_column width=\u00bb2\/3&#8243;][vc_column_text css=\u00bb\u00bb]\r\n<h3><img decoding=\"async\" class=\"lazyload alignnone wp-image-15674 size-medium\" src=\"https:\/\/bagesturisme.cat\/wp-content\/uploads\/2025\/06\/Banner-1920x768px-800x320.jpg\" data-orig-src=\"https:\/\/bagesturisme.cat\/wp-content\/uploads\/2025\/06\/Banner-1920x768px-800x320.jpg\" alt=\"\" width=\"800\" height=\"320\" srcset=\"data:image\/svg+xml,%3Csvg%20xmlns%3D%27http%3A%2F%2Fwww.w3.org%2F2000%2Fsvg%27%20width%3D%27800%27%20height%3D%27320%27%20viewBox%3D%270%200%20800%20320%27%3E%3Crect%20width%3D%27800%27%20height%3D%27320%27%20fill-opacity%3D%220%22%2F%3E%3C%2Fsvg%3E\" data-srcset=\"https:\/\/www.bagesturisme.cat\/wp-content\/uploads\/2025\/06\/Banner-1920x768px-768x307.jpg 768w, https:\/\/www.bagesturisme.cat\/wp-content\/uploads\/2025\/06\/Banner-1920x768px-800x320.jpg 800w, https:\/\/www.bagesturisme.cat\/wp-content\/uploads\/2025\/06\/Banner-1920x768px-1280x512.jpg 1280w, https:\/\/www.bagesturisme.cat\/wp-content\/uploads\/2025\/06\/Banner-1920x768px-1536x614.jpg 1536w, https:\/\/www.bagesturisme.cat\/wp-content\/uploads\/2025\/06\/Banner-1920x768px.jpg 1920w\" data-sizes=\"auto\" data-orig-sizes=\"(max-width: 800px) 100vw, 800px\" \/><\/h3>\r\n<h3>Notes de Tast<\/h3>\r\n<p><i><span style=\"font-weight: 400;\">Del 5 de juliol al 6 de setembre d&#8217;agost<\/span><\/i><\/p>\r\n<p><span data-fusion-font=\"true\" data-fusion-google-font=\"Roboto\" data-fusion-google-variant=\"300\">Els cellers de la Ruta del vi DO Pla de Bages ens porten aromes d\u2019estiu i de platets gastron\u00f2mics, notes de vi i de m\u00fasica en directe i sobretot, la felicitat de tastar-ho tot en bona companyia. <\/span><span data-fusion-font=\"true\" data-fusion-google-font=\"Roboto\" data-fusion-google-variant=\"500\">Platets, m\u00fasica i vi d\u2019aqu\u00ed.<\/span><\/p>\r\n<p>Consulta el programa!<\/p>\r\n<p style=\"text-align: center;\"><a href=\"https:\/\/www.rutadelvidobages.cat\/notes-de-tast\/\" class=\"btn btn-primary btn-md\"> M\u00e9s info<\/a>\r\n[\/vc_column_text][\/vc_column][vc_column width=\u00bb1\/3&#8243;][vc_column_text css=\u00bb\u00bb]<img decoding=\"async\" class=\"lazyload alignnone wp-image-15684 size-medium\" src=\"https:\/\/bagesturisme.cat\/wp-content\/uploads\/2025\/06\/Verema-3-scaled-1-800x360.jpg\" data-orig-src=\"https:\/\/bagesturisme.cat\/wp-content\/uploads\/2025\/06\/Verema-3-scaled-1-800x360.jpg\" alt=\"\" width=\"800\" height=\"360\" srcset=\"data:image\/svg+xml,%3Csvg%20xmlns%3D%27http%3A%2F%2Fwww.w3.org%2F2000%2Fsvg%27%20width%3D%27800%27%20height%3D%27360%27%20viewBox%3D%270%200%20800%20360%27%3E%3Crect%20width%3D%27800%27%20height%3D%27360%27%20fill-opacity%3D%220%22%2F%3E%3C%2Fsvg%3E\" data-srcset=\"https:\/\/www.bagesturisme.cat\/wp-content\/uploads\/2025\/06\/Verema-3-scaled-1-768x346.jpg 768w, https:\/\/www.bagesturisme.cat\/wp-content\/uploads\/2025\/06\/Verema-3-scaled-1-800x360.jpg 800w, https:\/\/www.bagesturisme.cat\/wp-content\/uploads\/2025\/06\/Verema-3-scaled-1-1280x576.jpg 1280w, https:\/\/www.bagesturisme.cat\/wp-content\/uploads\/2025\/06\/Verema-3-scaled-1-1536x691.jpg 1536w, https:\/\/www.bagesturisme.cat\/wp-content\/uploads\/2025\/06\/Verema-3-scaled-1.jpg 2560w\" data-sizes=\"auto\" data-orig-sizes=\"(max-width: 800px) 100vw, 800px\" \/><\/p>\r\n<h4>CONCERTS DE PROXIMITAT A ART\u00c9S<\/h4>\r\n<p><i><span style=\"font-weight: 400;\">Dimecres 2, 9 i 16 de juliol<\/span><\/i><\/p>\r\n<p class=\"p1\">Els dimecres de juliol al capvespre t&#8217;espera un pla fant\u00e0stic a la Pla\u00e7a Vella d\u2019Art\u00e9s: sopars a la fresca amb m\u00fasica i productes de la terra i postres del poble.<\/p>\r\n<p style=\"text-align: center;\"><a href=\"https:\/\/www.cultura.artes.cat\/concerts-de-proximitat\/\" class=\"btn btn-primary btn-md\"> M\u00e9s info<br \/><\/a>\r\n[\/vc_column_text][\/vc_column][\/vc_row][vc_row parallax=\u00bbcontent-moving\u00bb css=\u00bb.vc_custom_1687425627165{padding-right: 5px !important;padding-left: 10px !important;}\u00bb][vc_column width=\u00bb1\/3&#8243;][vc_column_text css=\u00bb\u00bb]\r\n<h2 class=\"null\"><img decoding=\"async\" class=\"lazyload alignnone wp-image-10264 size-medium\" src=\"https:\/\/bagesturisme.cat\/wp-content\/uploads\/2019\/07\/DSC6287_Original-618x400.jpg\" data-orig-src=\"https:\/\/bagesturisme.cat\/wp-content\/uploads\/2019\/07\/DSC6287_Original-618x400.jpg\" alt=\"\" width=\"618\" height=\"400\" srcset=\"data:image\/svg+xml,%3Csvg%20xmlns%3D%27http%3A%2F%2Fwww.w3.org%2F2000%2Fsvg%27%20width%3D%27618%27%20height%3D%27400%27%20viewBox%3D%270%200%20618%20400%27%3E%3Crect%20width%3D%27618%27%20height%3D%27400%27%20fill-opacity%3D%220%22%2F%3E%3C%2Fsvg%3E\" data-srcset=\"https:\/\/www.bagesturisme.cat\/wp-content\/uploads\/2019\/07\/DSC6287_Original-618x400.jpg 618w, https:\/\/www.bagesturisme.cat\/wp-content\/uploads\/2019\/07\/DSC6287_Original-768x497.jpg 768w, https:\/\/www.bagesturisme.cat\/wp-content\/uploads\/2019\/07\/DSC6287_Original-1280x828.jpg 1280w, https:\/\/www.bagesturisme.cat\/wp-content\/uploads\/2019\/07\/DSC6287_Original-1536x994.jpg 1536w, https:\/\/www.bagesturisme.cat\/wp-content\/uploads\/2019\/07\/DSC6287_Original-scaled.jpg 2560w\" data-sizes=\"auto\" data-orig-sizes=\"(max-width: 618px) 100vw, 618px\" \/><\/h2>\r\n<h4 class=\"null\">Vesprades d&#8217;estiu a la Seu<\/h4>\r\n<p><em>4, 10 i 18 de juliol, a les 19.30h<\/em><\/p>\r\n<p>Les \u201cVesprades d\u2019estiu\u201d s\u00f3n unes visites molt especials que comencen en un moment m\u00e0gic del dia: quan el sol comen\u00e7a a pondre\u2019s, el temple tanca les seves portes i hi regna el silenci.\u00a0Els visitants recorreran el claustre, entraran a la nau central, on la llum del capvespre transfigura l\u2019espai, i podran contemplar algunes de les obres m\u00e9s rellevant de la bas\u00edlica, sortiran a l\u2019espai monumental de l\u2019atri i, finalment, podran pujar a la primera coberta de la Seu, des d\u2019on gaudiran d\u2019unes vistes privilegiades de la ciutat just quan el sol s\u2019amaga rere el Collbaix.<\/p>\r\n<p style=\"text-align: center;\"><a href=\"https:\/\/www.entrapolis.com\/entradas\/vesprades-destiu-a-la-seu\" class=\"btn btn-primary btn-md\"> Reserva<\/a>\r\n[\/vc_column_text][\/vc_column][vc_column width=\u00bb1\/3&#8243;][vc_column_text css=\u00bb\u00bb]\r\n<h3><img decoding=\"async\" class=\"lazyload alignnone wp-image-14460 size-full\" src=\"data:image\/svg+xml,%3Csvg%20xmlns%3D%27http%3A%2F%2Fwww.w3.org%2F2000%2Fsvg%27%20width%3D%27400%27%20height%3D%27267%27%20viewBox%3D%270%200%20400%20267%27%3E%3Crect%20width%3D%27400%27%20height%3D%27267%27%20fill-opacity%3D%220%22%2F%3E%3C%2Fsvg%3E\" data-orig-src=\"https:\/\/bagesturisme.cat\/wp-content\/uploads\/2024\/07\/castell-capvespre2.jpg\" alt=\"\" width=\"400\" height=\"267\" \/><\/h3>\r\n<h3>Capvespre al castell de Cardona<\/h3>\r\n<p><i><span style=\"font-weight: 400;\">Dijous i dissabtes de juliol i agost<\/span><\/i><\/p>\r\n<p>Aquest estiu contempla la posta de sol des de la Torre de la Minyona! Una oportunitat \u00fanica per con\u00e8ixer el conjunt monumental del Castell de Cardona aprofitant la brisa del capvespre i acabar amb unes vistes panor\u00e0miques privilegiades sobre la vall del Cardener, Montserrat, la Muntanya de Sal, el Port del Comte, el Pedraforca i altres indrets.<\/p>\r\n<p style=\"text-align: center;\"><a href=\"https:\/\/tickets.euromus.cat\/carlinkIV\/index.jsp?nom_cache=MUSEU&#038;property=MUSEU&#038;codiActiv=97&#038;lang=1\" class=\"btn btn-primary btn-md\"> Reserva<\/a>\r\n[\/vc_column_text][\/vc_column][vc_column width=\u00bb1\/3&#8243;][vc_column_text css=\u00bb\u00bb]\r\n<h4><img decoding=\"async\" class=\"lazyload alignnone wp-image-13160 size-medium\" src=\"https:\/\/bagesturisme.cat\/wp-content\/uploads\/2023\/08\/BT18_025_Suria-661x400.jpg\" data-orig-src=\"https:\/\/bagesturisme.cat\/wp-content\/uploads\/2023\/08\/BT18_025_Suria-661x400.jpg\" alt=\"\" width=\"661\" height=\"400\" srcset=\"data:image\/svg+xml,%3Csvg%20xmlns%3D%27http%3A%2F%2Fwww.w3.org%2F2000%2Fsvg%27%20width%3D%27661%27%20height%3D%27400%27%20viewBox%3D%270%200%20661%20400%27%3E%3Crect%20width%3D%27661%27%20height%3D%27400%27%20fill-opacity%3D%220%22%2F%3E%3C%2Fsvg%3E\" data-srcset=\"https:\/\/www.bagesturisme.cat\/wp-content\/uploads\/2023\/08\/BT18_025_Suria-661x400.jpg 661w, https:\/\/www.bagesturisme.cat\/wp-content\/uploads\/2023\/08\/BT18_025_Suria-768x465.jpg 768w, https:\/\/www.bagesturisme.cat\/wp-content\/uploads\/2023\/08\/BT18_025_Suria-1280x775.jpg 1280w, https:\/\/www.bagesturisme.cat\/wp-content\/uploads\/2023\/08\/BT18_025_Suria.jpg 1500w\" data-sizes=\"auto\" data-orig-sizes=\"(max-width: 661px) 100vw, 661px\" \/><\/h4>\r\n<h4><strong>Visita guiada al Poble Vell de S\u00faria<\/strong><\/h4>\r\n<p><i><span style=\"font-weight: 400;\">Juliol, agost i setembre<\/span><\/i><\/p>\r\n<p>Us convidem a fer un viatge a trav\u00e9s del temps per descobrir el llegat del passat en un dels llocs m\u00e9s emblem\u00e0tics de S\u00faria: el castell medieval i el casc antic. Acompanya\u2019ns i gaudeix d\u2019una experi\u00e8ncia \u00fanica i descobreix amb nosaltres el patrimoni hist\u00f2ric i cultural del Poble Vell i el seu entorn incomparable!<\/p>\r\n<p style=\"text-align: center;\"><a href=\"https:\/\/turismesuria.fila12.cat\/\" class=\"btn btn-primary btn-md\"> Reserva<\/a>\r\n[\/vc_column_text][\/vc_column][\/vc_row][vc_row parallax=\u00bbcontent-moving\u00bb css=\u00bb.vc_custom_1687425627165{padding-right: 5px !important;padding-left: 10px !important;}\u00bb][vc_column width=\u00bb1\/3&#8243;][vc_column_text css=\u00bb\u00bb]\r\n<h3><img decoding=\"async\" class=\"lazyload alignnone wp-image-14800 size-medium\" src=\"data:image\/svg+xml,%3Csvg%20xmlns%3D%27http%3A%2F%2Fwww.w3.org%2F2000%2Fsvg%27%20width%3D%27400%27%20height%3D%27400%27%20viewBox%3D%270%200%20400%20400%27%3E%3Crect%20width%3D%27400%27%20height%3D%27400%27%20fill-opacity%3D%220%22%2F%3E%3C%2Fsvg%3E\" data-orig-src=\"https:\/\/bagesturisme.cat\/wp-content\/uploads\/2024\/10\/activitat-univers-en-exclusiva7-observatori-astronomic-castelltallat-400x400.jpg\" alt=\"\" width=\"400\" height=\"400\" \/><\/h3>\r\n<h3>El cel d&#8217;estiu<\/h3>\r\n<p><i><span style=\"font-weight: 400;\">Del 27 de juny al 20 de setembre<\/span><\/i><\/p>\r\n<p>Cada divendres i dissabte d&#8217;estiu els telescopis i les nits estrellades t&#8217;esperen a l\u2019Observatori Astron\u00f2mic de Castelltallat. Podr\u00e0s con\u00e8ixer les proporcions del sistema solar, les constel\u00b7lacions i observar els paisatges lunars, objectes com l\u2019estel doble Albireu o altres de cel profund. Grups redu\u00efts.<\/p>\r\n<p style=\"text-align: center;\"><a href=\"https:\/\/www.observatoricastelltallat.com\/\" class=\"btn btn-primary btn-md\"> Reserva<\/a>\r\n[\/vc_column_text][\/vc_column][vc_column width=\u00bb1\/3&#8243;][vc_column_text css=\u00bb\u00bb]\r\n<h3><img decoding=\"async\" class=\"lazyload alignnone wp-image-15686 size-medium\" src=\"https:\/\/bagesturisme.cat\/wp-content\/uploads\/2025\/06\/Cartell-Nit-de-la-Via-Lactia_2025_1080x1920-e1751021536127-527x400.jpg\" data-orig-src=\"https:\/\/bagesturisme.cat\/wp-content\/uploads\/2025\/06\/Cartell-Nit-de-la-Via-Lactia_2025_1080x1920-e1751021536127-527x400.jpg\" alt=\"\" width=\"527\" height=\"400\" srcset=\"data:image\/svg+xml,%3Csvg%20xmlns%3D%27http%3A%2F%2Fwww.w3.org%2F2000%2Fsvg%27%20width%3D%27527%27%20height%3D%27400%27%20viewBox%3D%270%200%20527%20400%27%3E%3Crect%20width%3D%27527%27%20height%3D%27400%27%20fill-opacity%3D%220%22%2F%3E%3C%2Fsvg%3E\" data-srcset=\"https:\/\/www.bagesturisme.cat\/wp-content\/uploads\/2025\/06\/Cartell-Nit-de-la-Via-Lactia_2025_1080x1920-e1751021536127-527x400.jpg 527w, https:\/\/www.bagesturisme.cat\/wp-content\/uploads\/2025\/06\/Cartell-Nit-de-la-Via-Lactia_2025_1080x1920-e1751021536127-768x583.jpg 768w, https:\/\/www.bagesturisme.cat\/wp-content\/uploads\/2025\/06\/Cartell-Nit-de-la-Via-Lactia_2025_1080x1920-e1751021536127.jpg 1080w\" data-sizes=\"auto\" data-orig-sizes=\"(max-width: 527px) 100vw, 527px\" \/><\/h3>\r\n<h3>La nit de la via l\u00e0ctea<\/h3>\r\n<p><i><span style=\"font-weight: 400;\">18 i 19 de juliol<\/span><\/i><\/p>\r\n<p>Aprofita el millor moment de l\u2019any per a observar la nostra gal\u00e0xia, la Via L\u00e0ctia des de l&#8217;Observatori Astron\u00f2mic de Castelltallat. Parlarem de com veure la Via L\u00e0ctia, qu\u00e8 podem apreciar en ella i accedirem a la c\u00fapula per a observar directament des dels oculars dels telescopis els objectes del cel profund situats dins la nostra Gal\u00e0xia.\u00a0Grups redu\u00efts.<\/p>\r\n<p style=\"text-align: center;\"><a href=\"https:\/\/www.observatoricastelltallat.com\/la-nit-de-la-via-lactia\/\" class=\"btn btn-primary btn-md\"> Reserva<\/a>\r\n[\/vc_column_text][\/vc_column][vc_column width=\u00bb1\/3&#8243;][vc_column_text css=\u00bb\u00bb]\r\n<h3><img decoding=\"async\" class=\"lazyload alignnone wp-image-780 size-medium\" src=\"https:\/\/bagesturisme.cat\/wp-content\/uploads\/2017\/01\/T002-observatoriCastelltallatStMateu-756x400.jpg\" data-orig-src=\"https:\/\/bagesturisme.cat\/wp-content\/uploads\/2017\/01\/T002-observatoriCastelltallatStMateu-756x400.jpg\" alt=\"\" width=\"756\" height=\"400\" srcset=\"data:image\/svg+xml,%3Csvg%20xmlns%3D%27http%3A%2F%2Fwww.w3.org%2F2000%2Fsvg%27%20width%3D%27756%27%20height%3D%27400%27%20viewBox%3D%270%200%20756%20400%27%3E%3Crect%20width%3D%27756%27%20height%3D%27400%27%20fill-opacity%3D%220%22%2F%3E%3C%2Fsvg%3E\" data-srcset=\"https:\/\/www.bagesturisme.cat\/wp-content\/uploads\/2017\/01\/T002-observatoriCastelltallatStMateu-60x32.jpg 60w, https:\/\/www.bagesturisme.cat\/wp-content\/uploads\/2017\/01\/T002-observatoriCastelltallatStMateu-756x400.jpg 756w, https:\/\/www.bagesturisme.cat\/wp-content\/uploads\/2017\/01\/T002-observatoriCastelltallatStMateu-768x406.jpg 768w, https:\/\/www.bagesturisme.cat\/wp-content\/uploads\/2017\/01\/T002-observatoriCastelltallatStMateu.jpg 1200w\" data-sizes=\"auto\" data-orig-sizes=\"(max-width: 756px) 100vw, 756px\" \/><\/h3>\r\n<h3>La nit dels Perseids<\/h3>\r\n<p><i><span style=\"font-weight: 400;\">Del 12 al 16 d&#8217;agost<\/span><\/i><\/p>\r\n<p>L\u2019agost \u00e9s mes de Perseids i on millor les podreu veure \u00e9s a l\u2019Observatori Astron\u00f2mic de Castelltallat! T&#8217;explicaran tots els detalls obre la pluja d&#8217;estels i tindr\u00e0s l&#8217;opotunitat d&#8217;observar la Lluna, Saturn i el c\u00famul globular M13. A m\u00e9s a m\u00e9s, aquest any us espera un nou camp d&#8217;observaci\u00f3. Afanya&#8217;t que les places volen!<\/p>\r\n<p style=\"text-align: center;\"><a href=\"https:\/\/www.observatoricastelltallat.com\/\" class=\"btn btn-primary btn-md\"> Reserva<\/a>\r\n[\/vc_column_text][\/vc_column][\/vc_row][vc_row parallax=\u00bbcontent-moving\u00bb css=\u00bb.vc_custom_1687425627165{padding-right: 5px !important;padding-left: 10px !important;}\u00bb][vc_column width=\u00bb1\/3&#8243;][vc_column_text css=\u00bb\u00bb]<img decoding=\"async\" class=\"lazyload alignnone wp-image-15677 size-medium\" src=\"https:\/\/bagesturisme.cat\/wp-content\/uploads\/2025\/06\/De-la-fabrica-al-taller.-Una-experiencia-modernista.-MAT-x-Mosaics-Marti-e1751016464837-402x400.jpg\" data-orig-src=\"https:\/\/bagesturisme.cat\/wp-content\/uploads\/2025\/06\/De-la-fabrica-al-taller.-Una-experiencia-modernista.-MAT-x-Mosaics-Marti-e1751016464837-402x400.jpg\" alt=\"\" width=\"402\" height=\"400\" srcset=\"data:image\/svg+xml,%3Csvg%20xmlns%3D%27http%3A%2F%2Fwww.w3.org%2F2000%2Fsvg%27%20width%3D%27402%27%20height%3D%27400%27%20viewBox%3D%270%200%20402%20400%27%3E%3Crect%20width%3D%27402%27%20height%3D%27400%27%20fill-opacity%3D%220%22%2F%3E%3C%2Fsvg%3E\" data-srcset=\"https:\/\/www.bagesturisme.cat\/wp-content\/uploads\/2025\/06\/De-la-fabrica-al-taller.-Una-experiencia-modernista.-MAT-x-Mosaics-Marti-e1751016464837-60x60.jpg 60w, https:\/\/www.bagesturisme.cat\/wp-content\/uploads\/2025\/06\/De-la-fabrica-al-taller.-Una-experiencia-modernista.-MAT-x-Mosaics-Marti-e1751016464837-150x150.jpg 150w, https:\/\/www.bagesturisme.cat\/wp-content\/uploads\/2025\/06\/De-la-fabrica-al-taller.-Una-experiencia-modernista.-MAT-x-Mosaics-Marti-e1751016464837-402x400.jpg 402w, https:\/\/www.bagesturisme.cat\/wp-content\/uploads\/2025\/06\/De-la-fabrica-al-taller.-Una-experiencia-modernista.-MAT-x-Mosaics-Marti-e1751016464837-768x763.jpg 768w, https:\/\/www.bagesturisme.cat\/wp-content\/uploads\/2025\/06\/De-la-fabrica-al-taller.-Una-experiencia-modernista.-MAT-x-Mosaics-Marti-e1751016464837-1030x1024.jpg 1030w, https:\/\/www.bagesturisme.cat\/wp-content\/uploads\/2025\/06\/De-la-fabrica-al-taller.-Una-experiencia-modernista.-MAT-x-Mosaics-Marti-e1751016464837.jpg 1485w\" data-sizes=\"auto\" data-orig-sizes=\"(max-width: 402px) 100vw, 402px\" \/><\/p>\r\n<h3 class=\"null\">De la f\u00e0brica al taller. Una experi\u00e8ncia modernista<\/h3>\r\n<p><em>9 i 30 de juliol a les 7h de la tarda<\/em><\/p>\r\n<p>Una experi\u00e8ncia modernista que uneix artesania i patrimoni. Comen\u00e7arem al taller de Mosaics Mart\u00ed de Manresa, on veur\u00e0s en directe com es creen, artesanalment, les ic\u00f2niques rajoles hidr\u00e0uliques, veritables joies del disseny modernista.<\/p>\r\n<p>Tot seguit, visitarem el Museu de l\u2019Aigua i el T\u00e8xtil de Manresa, ubicat als espectaculars Dip\u00f2sits Vells, per entendre com la ind\u00fastria t\u00e8xtil va ser clau en l\u2019impuls del modernisme i en la transformaci\u00f3 de la ciutat.<\/p>\r\n<p>&nbsp;<\/p>\r\n<p style=\"text-align: center;\"><a href=\"https:\/\/www.parcdelasequia.cat\/events\/de-la-fabrica-al-taller-una-experiencia-modernista-mat-x-mosaics-marti\/\" class=\"btn btn-primary btn-md\"> Entrades<\/a>\r\n[\/vc_column_text][\/vc_column][vc_column width=\u00bb1\/3&#8243;][vc_column_text css=\u00bb\u00bb]<img decoding=\"async\" class=\"lazyload alignnone wp-image-3101 size-medium\" src=\"https:\/\/bagesturisme.cat\/wp-content\/uploads\/2017\/08\/ORP1460-599x400.jpg\" data-orig-src=\"https:\/\/bagesturisme.cat\/wp-content\/uploads\/2017\/08\/ORP1460-599x400.jpg\" alt=\"\" width=\"599\" height=\"400\" srcset=\"data:image\/svg+xml,%3Csvg%20xmlns%3D%27http%3A%2F%2Fwww.w3.org%2F2000%2Fsvg%27%20width%3D%27599%27%20height%3D%27400%27%20viewBox%3D%270%200%20599%20400%27%3E%3Crect%20width%3D%27599%27%20height%3D%27400%27%20fill-opacity%3D%220%22%2F%3E%3C%2Fsvg%3E\" data-srcset=\"https:\/\/www.bagesturisme.cat\/wp-content\/uploads\/2017\/08\/ORP1460-60x40.jpg 60w, https:\/\/www.bagesturisme.cat\/wp-content\/uploads\/2017\/08\/ORP1460-599x400.jpg 599w, https:\/\/www.bagesturisme.cat\/wp-content\/uploads\/2017\/08\/ORP1460-768x513.jpg 768w, https:\/\/www.bagesturisme.cat\/wp-content\/uploads\/2017\/08\/ORP1460-1280x855.jpg 1280w, https:\/\/www.bagesturisme.cat\/wp-content\/uploads\/2017\/08\/ORP1460.jpg 1766w\" data-sizes=\"auto\" data-orig-sizes=\"(max-width: 599px) 100vw, 599px\" \/><\/p>\r\n<h4>Festa del tom\u00e0quet<\/h4>\r\n<p><i><span style=\"font-weight: 400;\">Del 19 al 27 de juliol<\/span><\/i><\/p>\r\n<p style=\"text-align: left;\"><span style=\"font-weight: 400;\">El tom\u00e0quet \u00e9s l\u2019aut\u00e8ntic protagonista de l\u2019horta bagenca d\u2019estiu i ho celebrarem amb degustacions, tapetes, xerrades, visites, tallers i un mercat per con\u00e8ixer els tom\u00e0quets del Bages al Passeig Pere III de Manresa. Un homenatge a la pagesia i els restaurants que aposten per la cuina de proximitat!<\/span><\/p>\r\n<p style=\"text-align: center;\"><a href=\"https:\/\/web.manresa.cat\/festadeltomaquet\/#\" class=\"btn btn-primary btn-md\"> Consulta el programa<br \/><\/a>\r\n[\/vc_column_text][\/vc_column][vc_column width=\u00bb1\/3&#8243;][vc_column_text css=\u00bb\u00bb]\r\n<h3><img decoding=\"async\" class=\"lazyload alignnone wp-image-14464 size-medium\" src=\"https:\/\/bagesturisme.cat\/wp-content\/uploads\/2024\/07\/can-cabreta-cardona-060-601x400.jpg\" data-orig-src=\"https:\/\/bagesturisme.cat\/wp-content\/uploads\/2024\/07\/can-cabreta-cardona-060-601x400.jpg\" alt=\"\" width=\"601\" height=\"400\" srcset=\"data:image\/svg+xml,%3Csvg%20xmlns%3D%27http%3A%2F%2Fwww.w3.org%2F2000%2Fsvg%27%20width%3D%27601%27%20height%3D%27400%27%20viewBox%3D%270%200%20601%20400%27%3E%3Crect%20width%3D%27601%27%20height%3D%27400%27%20fill-opacity%3D%220%22%2F%3E%3C%2Fsvg%3E\" data-srcset=\"https:\/\/www.bagesturisme.cat\/wp-content\/uploads\/2024\/07\/can-cabreta-cardona-060-601x400.jpg 601w, https:\/\/www.bagesturisme.cat\/wp-content\/uploads\/2024\/07\/can-cabreta-cardona-060-768x511.jpg 768w, https:\/\/www.bagesturisme.cat\/wp-content\/uploads\/2024\/07\/can-cabreta-cardona-060-1280x852.jpg 1280w, https:\/\/www.bagesturisme.cat\/wp-content\/uploads\/2024\/07\/can-cabreta-cardona-060-1536x1022.jpg 1536w, https:\/\/www.bagesturisme.cat\/wp-content\/uploads\/2024\/07\/can-cabreta-cardona-060.jpg 2200w\" data-sizes=\"auto\" data-orig-sizes=\"(max-width: 601px) 100vw, 601px\" \/><\/h3>\r\n<h3>Visita \u00ab<strong>Secrets i curiositats de la Cardona Medieval\u00bb<\/strong><\/h3>\r\n<p><i><span style=\"font-weight: 400;\">26 de juliol i 2 d&#8217;agost<\/span><\/i><\/p>\r\n<p>Sabeu quina relaci\u00f3 tenia l\u2019ofici de botx\u00ed amb la carnisseria de Cardona? Sabeu on estava ubicat el Call Jueu? I a qu\u00e8 es dedicava la comunitat jueva i per qu\u00e8 va desapar\u00e8ixer? Una visita de tarda per con\u00e8ixer els espais i edifics m\u00e9s representatius del centre hist\u00f2ric.<\/p>\r\n<p style=\"text-align: center;\"><a href=\"https:\/\/tickets.euromus.cat\/carlinkIII\/venda\/index.jsp?lang=1&#038;nom_cache=MUSEU&#038;property=MUSEU&#038;grupActiv=1\" class=\"btn btn-primary btn-md\"> Reserva<\/a>\r\n[\/vc_column_text][\/vc_column][\/vc_row][vc_row parallax=\u00bbcontent-moving\u00bb css=\u00bb.vc_custom_1687425627165{padding-right: 5px !important;padding-left: 10px !important;}\u00bb][vc_column width=\u00bb1\/3&#8243;][vc_column_text css=\u00bb\u00bb]<img decoding=\"async\" class=\"lazyload alignnone wp-image-12027 size-medium\" src=\"https:\/\/bagesturisme.cat\/wp-content\/uploads\/2022\/09\/DSC6405_1_Original-scaled-e1664174739972-378x400.jpg\" data-orig-src=\"https:\/\/bagesturisme.cat\/wp-content\/uploads\/2022\/09\/DSC6405_1_Original-scaled-e1664174739972-378x400.jpg\" alt=\"\" width=\"378\" height=\"400\" srcset=\"data:image\/svg+xml,%3Csvg%20xmlns%3D%27http%3A%2F%2Fwww.w3.org%2F2000%2Fsvg%27%20width%3D%27378%27%20height%3D%27400%27%20viewBox%3D%270%200%20378%20400%27%3E%3Crect%20width%3D%27378%27%20height%3D%27400%27%20fill-opacity%3D%220%22%2F%3E%3C%2Fsvg%3E\" data-srcset=\"https:\/\/www.bagesturisme.cat\/wp-content\/uploads\/2022\/09\/DSC6405_1_Original-scaled-e1664174739972-378x400.jpg 378w, https:\/\/www.bagesturisme.cat\/wp-content\/uploads\/2022\/09\/DSC6405_1_Original-scaled-e1664174739972-768x813.jpg 768w, https:\/\/www.bagesturisme.cat\/wp-content\/uploads\/2022\/09\/DSC6405_1_Original-scaled-e1664174739972-968x1024.jpg 968w, https:\/\/www.bagesturisme.cat\/wp-content\/uploads\/2022\/09\/DSC6405_1_Original-scaled-e1664174739972-1451x1536.jpg 1451w, https:\/\/www.bagesturisme.cat\/wp-content\/uploads\/2022\/09\/DSC6405_1_Original-scaled-e1664174739972.jpg 2092w\" data-sizes=\"auto\" data-orig-sizes=\"(max-width: 378px) 100vw, 378px\" \/><\/p>\r\n<h3 class=\"null\">Caminada nocturna de Montserrat a Manresa<\/h3>\r\n<p><em>19 de juliol a 2\/4 de 7 de la tarda<\/em><\/p>\r\n<p>La caminada nocturna des de Montserrat fins a Manresa \u00e9s un cl\u00e0ssic de l&#8217;estiu al Bages! Acompanyats per guies especialitzats que posaran veu al paisatge, podrem gaudir de les magn\u00edfica muntanya de Montserrat, les seves meravelloses vistes quan es pon el sol i 23,6 km de recorregut envoltats de natura. La caminada inclou avituallament i un tast de productes locals.<\/p>\r\n<p style=\"text-align: center;\"><a href=\"http:\/\/www.manresaturisme.cat\/\" class=\"btn btn-primary btn-md\"> Inscripcions<\/a>\r\n[\/vc_column_text][\/vc_column][vc_column width=\u00bb1\/3&#8243;][vc_column_text css=\u00bb\u00bb]<img decoding=\"async\" class=\"lazyload alignnone wp-image-14452 size-medium\" src=\"https:\/\/bagesturisme.cat\/wp-content\/uploads\/2024\/07\/sant-ignasi-e1751275456122-344x400.jpg\" data-orig-src=\"https:\/\/bagesturisme.cat\/wp-content\/uploads\/2024\/07\/sant-ignasi-e1751275456122-344x400.jpg\" alt=\"\" width=\"344\" height=\"400\" srcset=\"data:image\/svg+xml,%3Csvg%20xmlns%3D%27http%3A%2F%2Fwww.w3.org%2F2000%2Fsvg%27%20width%3D%27344%27%20height%3D%27400%27%20viewBox%3D%270%200%20344%20400%27%3E%3Crect%20width%3D%27344%27%20height%3D%27400%27%20fill-opacity%3D%220%22%2F%3E%3C%2Fsvg%3E\" data-srcset=\"https:\/\/www.bagesturisme.cat\/wp-content\/uploads\/2024\/07\/sant-ignasi-e1751275456122-344x400.jpg 344w, https:\/\/www.bagesturisme.cat\/wp-content\/uploads\/2024\/07\/sant-ignasi-e1751275456122.jpg 390w\" data-sizes=\"auto\" data-orig-sizes=\"(max-width: 344px) 100vw, 344px\" \/><\/p>\r\n<h4>Festes de Sant Ignasi a Manresa<\/h4>\r\n<p><i><span style=\"font-weight: 400;\">Del 26 al 31 de juliol<\/span><\/i><\/p>\r\n<p>Les Festes de Sant Ignasi tenen el seu origen el 1622, l\u2019any de la canonitzaci\u00f3 del pelegr\u00ed i centenari de la seva estada a Manresa. El centre hist\u00f2ric de Manresa es converteix en l&#8217;escenari idoni on es celebren tant activitats culturals, esportives com l\u00fadiques en record a Sant Ignasi.<\/p>\r\n<p style=\"text-align: center;\"><a href=\"https:\/\/lapuntador.cat\/apuntador\/Members\/manresaturisme\/mbc-mc\/festes-de-sant-ignasi-2025\/festes-de-sant-ignasi-2023\" class=\"btn btn-primary btn-md\"> Consulta el programa<br \/><\/a>\r\n[\/vc_column_text][\/vc_column][vc_column width=\u00bb1\/3&#8243;][vc_column_text css=\u00bb\u00bb]\r\n<h3><img decoding=\"async\" class=\"lazyload alignnone wp-image-14450 size-medium\" src=\"https:\/\/bagesturisme.cat\/wp-content\/uploads\/2024\/07\/Paisatge-ignasia-519x400.jpg\" data-orig-src=\"https:\/\/bagesturisme.cat\/wp-content\/uploads\/2024\/07\/Paisatge-ignasia-519x400.jpg\" alt=\"\" width=\"519\" height=\"400\" srcset=\"data:image\/svg+xml,%3Csvg%20xmlns%3D%27http%3A%2F%2Fwww.w3.org%2F2000%2Fsvg%27%20width%3D%27519%27%20height%3D%27400%27%20viewBox%3D%270%200%20519%20400%27%3E%3Crect%20width%3D%27519%27%20height%3D%27400%27%20fill-opacity%3D%220%22%2F%3E%3C%2Fsvg%3E\" data-srcset=\"https:\/\/www.bagesturisme.cat\/wp-content\/uploads\/2024\/07\/Paisatge-ignasia-519x400.jpg 519w, https:\/\/www.bagesturisme.cat\/wp-content\/uploads\/2024\/07\/Paisatge-ignasia-768x592.jpg 768w, https:\/\/www.bagesturisme.cat\/wp-content\/uploads\/2024\/07\/Paisatge-ignasia-1280x987.jpg 1280w, https:\/\/www.bagesturisme.cat\/wp-content\/uploads\/2024\/07\/Paisatge-ignasia-1536x1184.jpg 1536w, https:\/\/www.bagesturisme.cat\/wp-content\/uploads\/2024\/07\/Paisatge-ignasia.jpg 1920w\" data-sizes=\"auto\" data-orig-sizes=\"(max-width: 519px) 100vw, 519px\" \/><\/h3>\r\n<h3>Paisatge ignasi\u00e0 &#8211; itinerari guiat<\/h3>\r\n<p><i><span style=\"font-weight: 400;\">28 de juliol a les 9h del mat\u00ed<\/span><\/i><\/p>\r\n<p>Seguint l\u2019experi\u00e8ncia d\u2019Ignasi de Loiola, coneix la hist\u00f2ria, la geologia, la bot\u00e0nica i la geografia tot resseguint el paisatge de Manresa. Aquesta activitat guiada comen\u00e7a al Museu de Manresa per contemplar la maqueta de la ciutat, seguir\u00e0 per la pla\u00e7a de Sant Ignasi amb el petit jard\u00ed bot\u00e0nic amb plantes representatives del Cam\u00ed Ignasi\u00e0, i resseguir\u00e0 la Creu del Tort, el Pou de Llum, la Vall del Parad\u00eds, la Cova de Sant Ignasi i el Cam\u00ed dels Corrals. Activitat gratu\u00efta.<\/p>\r\n<p style=\"text-align: center;\"><a href=\"https:\/\/btiquets.com\/event\/itinerari-guiat-paisatge-ignasia\" class=\"btn btn-primary btn-md\"> Reserva<\/a>\r\n[\/vc_column_text][\/vc_column][\/vc_row][vc_row][vc_column][vc_column_text]\r\n<h2 style=\"text-align: center;\">I per a les fam\u00edlies&#8230;<\/h2>\r\n[\/vc_column_text][\/vc_column][\/vc_row][vc_row css=\u00bb.vc_custom_1687425658622{padding-right: 5px !important;padding-left: 10px !important;}\u00bb][vc_column width=\u00bb1\/4&#8243;][vc_column_text css=\u00bb\u00bb]\r\n<h4><img decoding=\"async\" class=\"lazyload alignnone wp-image-15678 size-medium\" src=\"https:\/\/bagesturisme.cat\/wp-content\/uploads\/2025\/06\/MAGIA-AL-MUSEU-1-scaled-1-600x400.jpg\" data-orig-src=\"https:\/\/bagesturisme.cat\/wp-content\/uploads\/2025\/06\/MAGIA-AL-MUSEU-1-scaled-1-600x400.jpg\" alt=\"\" width=\"600\" height=\"400\" srcset=\"data:image\/svg+xml,%3Csvg%20xmlns%3D%27http%3A%2F%2Fwww.w3.org%2F2000%2Fsvg%27%20width%3D%27600%27%20height%3D%27400%27%20viewBox%3D%270%200%20600%20400%27%3E%3Crect%20width%3D%27600%27%20height%3D%27400%27%20fill-opacity%3D%220%22%2F%3E%3C%2Fsvg%3E\" data-srcset=\"https:\/\/www.bagesturisme.cat\/wp-content\/uploads\/2025\/06\/MAGIA-AL-MUSEU-1-scaled-1-600x400.jpg 600w, https:\/\/www.bagesturisme.cat\/wp-content\/uploads\/2025\/06\/MAGIA-AL-MUSEU-1-scaled-1-768x512.jpg 768w, https:\/\/www.bagesturisme.cat\/wp-content\/uploads\/2025\/06\/MAGIA-AL-MUSEU-1-scaled-1-1280x854.jpg 1280w, https:\/\/www.bagesturisme.cat\/wp-content\/uploads\/2025\/06\/MAGIA-AL-MUSEU-1-scaled-1-1536x1024.jpg 1536w, https:\/\/www.bagesturisme.cat\/wp-content\/uploads\/2025\/06\/MAGIA-AL-MUSEU-1-scaled-1.jpg 2560w\" data-sizes=\"auto\" data-orig-sizes=\"(max-width: 600px) 100vw, 600px\" \/><\/h4>\r\n<h4>Tallers i activitats infantils<\/h4>\r\n<p><i><span style=\"font-weight: 400;\">juliol i agost<\/span><\/i><\/p>\r\n<p>El Parc de la S\u00e9quia us proposa un bon reguitzells de tallers en fam\u00edlia per divertir-se a l&#8217;estiu aprenent un munt de coses!<\/p>\r\n<ul>\r\n<li>\r\n<p class=\"mec-event-title\"><a class=\"mec-color-hover\" href=\"https:\/\/www.parcdelasequia.cat\/events\/construim-un-hotel-dinsectes\/\" target=\"_self\" rel=\"noopener\" data-event-id=\"4656\">Constru\u00efm un hotel d\u2019insectes<\/a> &#8211; 28 de juny a les 10.30<\/p>\r\n<\/li>\r\n<li>\r\n<p class=\"mec-event-title\"><a class=\"mec-color-hover\" href=\"https:\/\/www.parcdelasequia.cat\/events\/robatori-al-museu\/\" target=\"_self\" rel=\"noopener\" data-event-id=\"4771\">Robatori al museu!<\/a> &#8211; 28 de juny a les 12.30<\/p>\r\n<\/li>\r\n<li>\r\n<p class=\"mec-event-title\"><a class=\"mec-color-hover\" href=\"https:\/\/www.parcdelasequia.cat\/events\/tallers-destiu-taller-de-punts-de-llibre\/\" target=\"_self\" rel=\"noopener\" data-event-id=\"5111\">Taller de punts de llibre<\/a> &#8211; 12 de juliol a les 18h<\/p>\r\n<\/li>\r\n<li>\r\n<p class=\"mec-event-title\"><a class=\"mec-color-hover\" href=\"https:\/\/www.parcdelasequia.cat\/events\/tecnica-3-6\/\" target=\"_self\" rel=\"noopener\" data-event-id=\"3771\">T\u00e8cnica 3-6<\/a> &#8211; 13 de juliol a les 11.30h<\/p>\r\n<\/li>\r\n<li>\r\n<p class=\"mec-event-title\"><a class=\"mec-color-hover\" href=\"https:\/\/www.parcdelasequia.cat\/events\/tallers-destiu-cap-pelut-de-gespa\/\" target=\"_self\" rel=\"noopener\" data-event-id=\"5120\">Cap pelut de gespa<\/a> &#8211; 26 de juliol a les 18h<\/p>\r\n<\/li>\r\n<li>\r\n<p class=\"mec-event-title\"><a class=\"mec-color-hover\" href=\"https:\/\/www.parcdelasequia.cat\/events\/fabriquem-enganxines-de-plantes-i-animals\/\" target=\"_self\" rel=\"noopener\" data-event-id=\"5179\">El secret dels teixits. Ordit i trama<\/a> &#8211; 3 d&#8217;agost a les 11.30h<\/p>\r\n<\/li>\r\n<li>\r\n<p class=\"mec-event-title\"><a class=\"mec-color-hover\" href=\"https:\/\/www.parcdelasequia.cat\/events\/tallers-destiu-fabriquem-enganxines-de-plantes-i-animals\/\" target=\"_self\" rel=\"noopener\" data-event-id=\"5122\">Fabriquem enganxines de plantes i animals<\/a> &#8211; 9 d&#8217;agost a les 18h<\/p>\r\n<\/li>\r\n<li>\r\n<p class=\"mec-event-title\"><a class=\"mec-color-hover\" href=\"https:\/\/www.parcdelasequia.cat\/events\/magia-al-museu-taller-i-espectacle-de-magia-amb-el-magic-pol\/\" target=\"_self\" rel=\"noopener\" data-event-id=\"5115\">M\u00e0gia al museu. Taller i espectacle de m\u00e0gia amb el M\u00e0gic Pol<\/a> &#8211; 30 d&#8217;agost a les 12h<\/p>\r\n<\/li>\r\n<li>\r\n<p class=\"mec-event-title\"><a class=\"mec-color-hover\" href=\"https:\/\/www.parcdelasequia.cat\/events\/tallers-destiu-taller-dinsectes-animats\/\" target=\"_self\" rel=\"noopener\" data-event-id=\"5124\">Taller d\u2019insectes animats<\/a> &#8211; 31 d&#8217;agost a les 18h<\/p>\r\n<\/li>\r\n<\/ul>\r\n[\/vc_column_text][\/vc_column][vc_column width=\u00bb1\/4&#8243;][vc_column_text css=\u00bb\u00bb]<img decoding=\"async\" class=\"lazyload alignnone wp-image-14326 size-medium\" src=\"https:\/\/bagesturisme.cat\/wp-content\/uploads\/2024\/07\/OperacioGelat24_MSB-38-645x400.jpg\" data-orig-src=\"https:\/\/bagesturisme.cat\/wp-content\/uploads\/2024\/07\/OperacioGelat24_MSB-38-645x400.jpg\" alt=\"\" width=\"645\" height=\"400\" srcset=\"data:image\/svg+xml,%3Csvg%20xmlns%3D%27http%3A%2F%2Fwww.w3.org%2F2000%2Fsvg%27%20width%3D%27645%27%20height%3D%27400%27%20viewBox%3D%270%200%20645%20400%27%3E%3Crect%20width%3D%27645%27%20height%3D%27400%27%20fill-opacity%3D%220%22%2F%3E%3C%2Fsvg%3E\" data-srcset=\"https:\/\/www.bagesturisme.cat\/wp-content\/uploads\/2024\/07\/OperacioGelat24_MSB-38-645x400.jpg 645w, https:\/\/www.bagesturisme.cat\/wp-content\/uploads\/2024\/07\/OperacioGelat24_MSB-38-768x476.jpg 768w, https:\/\/www.bagesturisme.cat\/wp-content\/uploads\/2024\/07\/OperacioGelat24_MSB-38-1280x793.jpg 1280w, https:\/\/www.bagesturisme.cat\/wp-content\/uploads\/2024\/07\/OperacioGelat24_MSB-38-1536x952.jpg 1536w, https:\/\/www.bagesturisme.cat\/wp-content\/uploads\/2024\/07\/OperacioGelat24_MSB-38-scaled.jpg 2560w\" data-sizes=\"auto\" data-orig-sizes=\"(max-width: 645px) 100vw, 645px\" \/><\/p>\r\n<h4>Operaci\u00f3 gelat<\/h4>\r\n<p><i><span style=\"font-weight: 400;\">Dissabtes i diumenges del 5 de juliol al 31 d&#8217;agost<\/span><\/i><\/p>\r\n<p>Vols fer el millor gelat de l\u2019estiu? Et proposem una activitat familiar d\u2019all\u00f2 m\u00e9s fresca i divertida! Primer de tot, haureu de superar tot un seguit de proves i reptes a l\u2019entorn de M\u00f3n Sant Benet per poder entrar al laboratori, on podreu cuinar el vostre propi gelat a l\u2019espai de la cuina de la Fundaci\u00f3 Al\u00edcia. Activitat adre\u00e7ada a infants de 3 a 10 anys.<\/p>\r\n<p style=\"text-align: center;\"><a href=\"https:\/\/monsantbenet.com\/ca\/visites-i-activitats\/operacio-gelat\/\" class=\"btn btn-primary btn-md\"> <span style=\"font-weight: 400;\">Reserva <\/span> <\/a>\r\n[\/vc_column_text][\/vc_column][vc_column width=\u00bb1\/4&#8243;][vc_column_text css=\u00bb\u00bb]\r\n<h4><img decoding=\"async\" class=\"lazyload alignnone wp-image-14300 size-medium\" src=\"https:\/\/bagesturisme.cat\/wp-content\/uploads\/2024\/06\/geotok-e1718710367217-609x400.jpg\" data-orig-src=\"https:\/\/bagesturisme.cat\/wp-content\/uploads\/2024\/06\/geotok-e1718710367217-609x400.jpg\" alt=\"\" width=\"609\" height=\"400\" srcset=\"data:image\/svg+xml,%3Csvg%20xmlns%3D%27http%3A%2F%2Fwww.w3.org%2F2000%2Fsvg%27%20width%3D%27609%27%20height%3D%27400%27%20viewBox%3D%270%200%20609%20400%27%3E%3Crect%20width%3D%27609%27%20height%3D%27400%27%20fill-opacity%3D%220%22%2F%3E%3C%2Fsvg%3E\" data-srcset=\"https:\/\/www.bagesturisme.cat\/wp-content\/uploads\/2024\/06\/geotok-e1718710367217-609x400.jpg 609w, https:\/\/www.bagesturisme.cat\/wp-content\/uploads\/2024\/06\/geotok-e1718710367217-768x505.jpg 768w, https:\/\/www.bagesturisme.cat\/wp-content\/uploads\/2024\/06\/geotok-e1718710367217.jpg 881w\" data-sizes=\"auto\" data-orig-sizes=\"(max-width: 609px) 100vw, 609px\" \/><\/h4>\r\n<h4>GEOTOK, LA VUITENA MERAVELLA<\/h4>\r\n<p>\u201cGeoTok, la vuitena meravella\u201d \u00e9s una visita teatralitzada enfocada al p\u00fablic familiar per descobrir la formaci\u00f3 i la hist\u00f2ria de la Muntanya de Sal de Cardona d\u2019una manera l\u00fadica i innovadora. Els GeoTeam s\u00f3n un grup de ge\u00f2legs TikTokers que s\u2019han proposat participar al repte mundial #EighthWonder, per buscar la vuitena meravella del m\u00f3n, els ajudes?<\/p>\r\n<p style=\"text-align: center;\"><a href=\"https:\/\/cardonaturisme.cat\/ca\/que-fer-hi\/parc-cultural-muntanya-de-sal\/visita-teatralitzada-al-pcms-projecte-alquimia-el-secret-del-liber-salis\/\" class=\"btn btn-primary btn-md\"> Reserva<\/a>\r\n[\/vc_column_text][\/vc_column][vc_column width=\u00bb1\/4&#8243;][vc_column_text css=\u00bb\u00bb]<img decoding=\"async\" class=\"lazyload alignnone wp-image-14340 size-medium\" src=\"https:\/\/bagesturisme.cat\/wp-content\/uploads\/2017\/01\/suria-castell-533x400.jpg\" data-orig-src=\"https:\/\/bagesturisme.cat\/wp-content\/uploads\/2017\/01\/suria-castell-533x400.jpg\" alt=\"\" width=\"533\" height=\"400\" srcset=\"data:image\/svg+xml,%3Csvg%20xmlns%3D%27http%3A%2F%2Fwww.w3.org%2F2000%2Fsvg%27%20width%3D%27533%27%20height%3D%27400%27%20viewBox%3D%270%200%20533%20400%27%3E%3Crect%20width%3D%27533%27%20height%3D%27400%27%20fill-opacity%3D%220%22%2F%3E%3C%2Fsvg%3E\" data-srcset=\"https:\/\/www.bagesturisme.cat\/wp-content\/uploads\/2017\/01\/suria-castell-533x400.jpg 533w, https:\/\/www.bagesturisme.cat\/wp-content\/uploads\/2017\/01\/suria-castell-768x576.jpg 768w, https:\/\/www.bagesturisme.cat\/wp-content\/uploads\/2017\/01\/suria-castell-1280x960.jpg 1280w, https:\/\/www.bagesturisme.cat\/wp-content\/uploads\/2017\/01\/suria-castell-1536x1152.jpg 1536w, https:\/\/www.bagesturisme.cat\/wp-content\/uploads\/2017\/01\/suria-castell.jpg 1980w\" data-sizes=\"auto\" data-orig-sizes=\"(max-width: 533px) 100vw, 533px\" \/><\/p>\r\n<h4>Gimcana medieval a S\u00faria<\/h4>\r\n<p><i><span style=\"font-weight: 400;\">Diumenge 10 d&#8217;agost\u00a0<\/span><\/i><\/p>\r\n<p>Una activitat din\u00e0mica i emocionant dissenyada per a fam\u00edlies que volen explorar el castell i el seu entorn mentre posen a prova les seves habilitats, coneixements i treball en equip. Aquesta aventura ofereix una manera \u00fanica d\u2019aprendre sobre la hist\u00f2ria del castell i la vida medieval a trav\u00e9s de preguntes, proves i pistes divertides per aconseguir obrir el bagul on hi ha amagat un tresor!<\/p>\r\n<p style=\"text-align: center;\"><a href=\"https:\/\/turismesuria.fila12.cat\/Espectacle\/ShowId\/29507\/gimcana-familiar\" class=\"btn btn-primary btn-md\"> <span style=\"font-weight: 400;\">M\u00e9s info<\/span> <\/a>\r\n[\/vc_column_text][\/vc_column][\/vc_row][vc_row][vc_column][vc_column_text css=\u00bb\u00bb]\r\n<h2 style=\"text-align: center;\">Un estiu musical&#8230;<\/h2>\r\n[\/vc_column_text][\/vc_column][\/vc_row][vc_row parallax=\u00bbcontent-moving\u00bb css=\u00bb.vc_custom_1687425627165{padding-right: 5px !important;padding-left: 10px !important;}\u00bb][vc_column width=\u00bb1\/5&#8243;][vc_column_text css=\u00bb\u00bb]<img decoding=\"async\" class=\"lazyload wp-image-12973 size-full\" src=\"data:image\/svg+xml,%3Csvg%20xmlns%3D%27http%3A%2F%2Fwww.w3.org%2F2000%2Fsvg%27%20width%3D%27720%27%20height%3D%27400%27%20viewBox%3D%270%200%20720%20400%27%3E%3Crect%20width%3D%27720%27%20height%3D%27400%27%20fill-opacity%3D%220%22%2F%3E%3C%2Fsvg%3E\" data-orig-src=\"https:\/\/bagesturisme.cat\/wp-content\/uploads\/2022\/06\/festival_0.jpg\" alt=\"XXIX Festival Internacional de M\u00fasica Cl\u00e0ssica de Sant Fruit\u00f3s de Bages\" width=\"720\" height=\"400\" \/><\/p>\r\n<h4>Festival de M\u00fasica Cl\u00e0ssica<\/h4>\r\n<p><i><span style=\"font-weight: 400;\">Dijous 3, 10, 17 i 24 de juliol<\/span><\/i><\/p>\r\n<p class=\"p1\">Els jardins del monestir de Sant Benet de Bages s\u00f3n l\u2019espai idoni per acollir els concerts de m\u00fasica cl\u00e0ssica amb obres dels grans compositors els dijous de juliol. Aquest any al programa hi trobar\u00e0s la \u201cGala d\u2019\u00d2pera i sarsuela\u201d, \u201cConxita Badia: esclat de l\u2019artista, exili i retorn\u201d, \u201cUna Schubert\u00edada\u201d, \u201c<em>And the winner is\u2026<\/em> Bandes sonores de cinema\u201c interpretats per artistes de primer nivell nacionals, internacionals i emergents. Arrodoneix-ho amb un bon sopar al restaurant M\u00f3n i la visita especial al monestir.<\/p>\r\n<p style=\"text-align: center;\"><a href=\"https:\/\/monsantbenet.com\/ca\/visites-i-activitats\/festival-internacional-musica-classica-sant-fruitos\/\" class=\"btn btn-primary btn-md\"> Reserva<br \/><\/a>\r\n[\/vc_column_text][\/vc_column][vc_column width=\u00bb1\/5&#8243;][vc_column_text css=\u00bb\u00bb]<img decoding=\"async\" class=\"lazyload alignnone wp-image-15691 size-medium\" src=\"https:\/\/bagesturisme.cat\/wp-content\/uploads\/2025\/06\/Foto-Pla-de-Lluna-2023-01-533x400.jpeg\" data-orig-src=\"https:\/\/bagesturisme.cat\/wp-content\/uploads\/2025\/06\/Foto-Pla-de-Lluna-2023-01-533x400.jpeg\" alt=\"\" width=\"533\" height=\"400\" srcset=\"data:image\/svg+xml,%3Csvg%20xmlns%3D%27http%3A%2F%2Fwww.w3.org%2F2000%2Fsvg%27%20width%3D%27533%27%20height%3D%27400%27%20viewBox%3D%270%200%20533%20400%27%3E%3Crect%20width%3D%27533%27%20height%3D%27400%27%20fill-opacity%3D%220%22%2F%3E%3C%2Fsvg%3E\" data-srcset=\"https:\/\/www.bagesturisme.cat\/wp-content\/uploads\/2025\/06\/Foto-Pla-de-Lluna-2023-01-533x400.jpeg 533w, https:\/\/www.bagesturisme.cat\/wp-content\/uploads\/2025\/06\/Foto-Pla-de-Lluna-2023-01-768x576.jpeg 768w, https:\/\/www.bagesturisme.cat\/wp-content\/uploads\/2025\/06\/Foto-Pla-de-Lluna-2023-01-1280x960.jpeg 1280w, https:\/\/www.bagesturisme.cat\/wp-content\/uploads\/2025\/06\/Foto-Pla-de-Lluna-2023-01-1536x1152.jpeg 1536w, https:\/\/www.bagesturisme.cat\/wp-content\/uploads\/2025\/06\/Foto-Pla-de-Lluna-2023-01.jpeg 1600w\" data-sizes=\"auto\" data-orig-sizes=\"(max-width: 533px) 100vw, 533px\" \/><\/p>\r\n<h4>Pla de lluna al Cam\u00ed Ignasi\u00e0<\/h4>\r\n<p><i><span style=\"font-weight: 400;\">Dijous 10 de juliol<\/span><\/i><\/p>\r\n<p>Castellbell i el Vilar ja ho t\u00e9 tot a punt per a una nova edici\u00f3 del Pla de Lluna, l\u2019esdeveniment estiuenc que uneix nous talents musicals i gastronomia amb el marc incomparable de la muntanya de Montserrat il\u00b7luminada per la lluna plena. Durant la vetllada, es podr\u00e0 gaudir d\u2019un ressop\u00f3 amb productes de proximitat i vins de la DO Pla de Bages.<\/p>\r\n<p style=\"text-align: center;\"><a href=\"https:\/\/www.entrapolis.com\/entrades\/pla-de-lluna-2025\" class=\"btn btn-primary btn-md\"> Inscriu-te<br \/><\/a>\r\n[\/vc_column_text][\/vc_column][vc_column width=\u00bb1\/5&#8243;][vc_column_text css=\u00bb\u00bb]<img decoding=\"async\" class=\"lazyload alignnone wp-image-15681 size-medium\" src=\"https:\/\/bagesturisme.cat\/wp-content\/uploads\/2025\/06\/vesprades-711x400.jpg\" data-orig-src=\"https:\/\/bagesturisme.cat\/wp-content\/uploads\/2025\/06\/vesprades-711x400.jpg\" alt=\"\" width=\"711\" height=\"400\" srcset=\"data:image\/svg+xml,%3Csvg%20xmlns%3D%27http%3A%2F%2Fwww.w3.org%2F2000%2Fsvg%27%20width%3D%27711%27%20height%3D%27400%27%20viewBox%3D%270%200%20711%20400%27%3E%3Crect%20width%3D%27711%27%20height%3D%27400%27%20fill-opacity%3D%220%22%2F%3E%3C%2Fsvg%3E\" data-srcset=\"https:\/\/www.bagesturisme.cat\/wp-content\/uploads\/2025\/06\/vesprades-711x400.jpg 711w, https:\/\/www.bagesturisme.cat\/wp-content\/uploads\/2025\/06\/vesprades-768x432.jpg 768w, https:\/\/www.bagesturisme.cat\/wp-content\/uploads\/2025\/06\/vesprades-1280x720.jpg 1280w, https:\/\/www.bagesturisme.cat\/wp-content\/uploads\/2025\/06\/vesprades-1536x864.jpg 1536w, https:\/\/www.bagesturisme.cat\/wp-content\/uploads\/2025\/06\/vesprades.jpg 2240w\" data-sizes=\"auto\" data-orig-sizes=\"(max-width: 711px) 100vw, 711px\" \/><\/p>\r\n<h4>Vesprades sota l&#8217;alzina<\/h4>\r\n<p><i><span style=\"font-weight: 400;\">Dissabte 12 de juliol<\/span><\/i><\/p>\r\n<p class=\"p1\">Les Vesprades sota l\u2019Alzina tornen a Fonollosa en un entorn m\u00e0gic i \u00fanic com \u00e9s l\u2019Alzina centen\u00e0ria del Mas Querol de Fonollosa,\u00a0declarada Arbre Monumental de Catalunya. Enmig de boscos i camps, il\u00b7luminats per la llum de la lluna i sota\u00a0el brancatge de la monumental alzina, podreu escoltar el Manu Guix al piano acompanyat de la seva banda.<\/p>\r\n<p style=\"text-align: center;\"><a href=\"https:\/\/www.vesprades.cat\/\" class=\"btn btn-primary btn-md\"> Entrades<br \/><\/a>\r\n[\/vc_column_text][\/vc_column][vc_column width=\u00bb1\/5&#8243;][vc_column_text css=\u00bb\u00bb]<img decoding=\"async\" class=\"lazyload wp-image-12976 size-medium\" src=\"https:\/\/bagesturisme.cat\/wp-content\/uploads\/2022\/06\/logo_sons_del_cami_400p-356x400.jpg\" data-orig-src=\"https:\/\/bagesturisme.cat\/wp-content\/uploads\/2022\/06\/logo_sons_del_cami_400p-356x400.jpg\" alt=\"Sons del Cam\u00ed\" width=\"356\" height=\"400\" srcset=\"data:image\/svg+xml,%3Csvg%20xmlns%3D%27http%3A%2F%2Fwww.w3.org%2F2000%2Fsvg%27%20width%3D%27356%27%20height%3D%27400%27%20viewBox%3D%270%200%20356%20400%27%3E%3Crect%20width%3D%27356%27%20height%3D%27400%27%20fill-opacity%3D%220%22%2F%3E%3C%2Fsvg%3E\" data-srcset=\"https:\/\/www.bagesturisme.cat\/wp-content\/uploads\/2022\/06\/logo_sons_del_cami_400p-356x400.jpg 356w, https:\/\/www.bagesturisme.cat\/wp-content\/uploads\/2022\/06\/logo_sons_del_cami_400p.jpg 400w\" data-sizes=\"auto\" data-orig-sizes=\"(max-width: 356px) 100vw, 356px\" \/><\/p>\r\n<h3 class=\"null\">Sons del cam\u00ed<\/h3>\r\n<p><em>Del 17 al 26 de juliol<\/em><\/p>\r\n<p>Arriba la 12a edici\u00f3 de Sons del Cam\u00ed a Manresa, el cicle de concerts estiuenc de Manresa on es fusiona m\u00fasica i espais patrimonials per gaudir dels vespres de juliol.<\/p>\r\n<p style=\"text-align: center;\"><a href=\"https:\/\/www.sonsdelcami.cat\/web\/#\" class=\"btn btn-primary btn-md\"> Entrades<\/a>\r\n[\/vc_column_text][\/vc_column][vc_column width=\u00bb1\/5&#8243;][vc_column_text css=\u00bb\u00bb]<img decoding=\"async\" class=\"lazyload alignnone wp-image-15676 size-medium\" src=\"https:\/\/bagesturisme.cat\/wp-content\/uploads\/2025\/06\/concert-estiu-711x400.jpg\" data-orig-src=\"https:\/\/bagesturisme.cat\/wp-content\/uploads\/2025\/06\/concert-estiu-711x400.jpg\" alt=\"\" width=\"711\" height=\"400\" srcset=\"data:image\/svg+xml,%3Csvg%20xmlns%3D%27http%3A%2F%2Fwww.w3.org%2F2000%2Fsvg%27%20width%3D%27711%27%20height%3D%27400%27%20viewBox%3D%270%200%20711%20400%27%3E%3Crect%20width%3D%27711%27%20height%3D%27400%27%20fill-opacity%3D%220%22%2F%3E%3C%2Fsvg%3E\" data-srcset=\"https:\/\/www.bagesturisme.cat\/wp-content\/uploads\/2025\/06\/concert-estiu-711x400.jpg 711w, https:\/\/www.bagesturisme.cat\/wp-content\/uploads\/2025\/06\/concert-estiu-768x432.jpg 768w, https:\/\/www.bagesturisme.cat\/wp-content\/uploads\/2025\/06\/concert-estiu-1280x720.jpg 1280w, https:\/\/www.bagesturisme.cat\/wp-content\/uploads\/2025\/06\/concert-estiu-1536x864.jpg 1536w, https:\/\/www.bagesturisme.cat\/wp-content\/uploads\/2025\/06\/concert-estiu.jpg 1920w\" data-sizes=\"auto\" data-orig-sizes=\"(max-width: 711px) 100vw, 711px\" \/><\/p>\r\n<h4>Nits a la Duquessa &#8211; Luz Casal<\/h4>\r\n<p><i><span style=\"font-weight: 400;\">Dissabte 26 de juliol<\/span><\/i><\/p>\r\n<p class=\"p1\"><span class=\"s1\">Luz Casal, la ic\u00f2nica cantant i compositora, oferir\u00e0 un\u00a0concert exclusiu\u00a0dissenyat per a un selecte grup de\u00a0nom\u00e9s 600 persones al Vilar de la Duquessa de Cardona.\u00a0<\/span><span class=\"s1\">Una experi\u00e8ncia inoblidable en un escenari \u00fanic, envoltat de natura i el castell de Cardona de fons. Pots escollir entre <\/span>nom\u00e9s entrada o b\u00e9 entrada + sopar i allotjament!<\/p>\r\n<p style=\"text-align: center;\"><a href=\"https:\/\/nitsdeladuquessa.com\/\" class=\"btn btn-primary btn-md\"> Reserva<br \/><\/a>\r\n[\/vc_column_text][\/vc_column][\/vc_row][vc_row][vc_column][vc_column_text]\r\n<h2 style=\"text-align: center;\">M\u00e9s propostes&#8230;<\/h2>\r\n[\/vc_column_text][\/vc_column][\/vc_row][vc_row css=\u00bb.vc_custom_1687425665415{padding-right: 5px !important;padding-left: 10px !important;}\u00bb][vc_column width=\u00bb1\/5&#8243;][vc_column_text css=\u00bb\u00bb]<img decoding=\"async\" class=\"lazyload size-medium wp-image-11151\" src=\"https:\/\/bagesturisme.cat\/wp-content\/uploads\/2022\/04\/ORP4395-598x400.jpg\" data-orig-src=\"https:\/\/bagesturisme.cat\/wp-content\/uploads\/2022\/04\/ORP4395-598x400.jpg\" alt=\"\" width=\"598\" height=\"400\" srcset=\"data:image\/svg+xml,%3Csvg%20xmlns%3D%27http%3A%2F%2Fwww.w3.org%2F2000%2Fsvg%27%20width%3D%27598%27%20height%3D%27400%27%20viewBox%3D%270%200%20598%20400%27%3E%3Crect%20width%3D%27598%27%20height%3D%27400%27%20fill-opacity%3D%220%22%2F%3E%3C%2Fsvg%3E\" data-srcset=\"https:\/\/www.bagesturisme.cat\/wp-content\/uploads\/2022\/04\/ORP4395-598x400.jpg 598w, https:\/\/www.bagesturisme.cat\/wp-content\/uploads\/2022\/04\/ORP4395-768x514.jpg 768w, https:\/\/www.bagesturisme.cat\/wp-content\/uploads\/2022\/04\/ORP4395-1280x857.jpg 1280w, https:\/\/www.bagesturisme.cat\/wp-content\/uploads\/2022\/04\/ORP4395-1536x1028.jpg 1536w, https:\/\/www.bagesturisme.cat\/wp-content\/uploads\/2022\/04\/ORP4395-scaled.jpg 2560w\" data-sizes=\"auto\" data-orig-sizes=\"(max-width: 598px) 100vw, 598px\" \/><\/p>\r\n<h4>Experi\u00e8ncia medieval i modernista amb dinar<\/h4>\r\n<p><em>De dimarts a diumenge i festius<\/em><\/p>\r\n<p>Viu una experi\u00e8ncia completa al M\u00f3n Sant Benet i descobreix els racons del monestir medieval a m\u00e9s de la casa d&#8217;estiu del pintor Ramon Casas. Les visites es completaran amb un fabul\u00f3s dinar al restaurant La Fonda on podreu degustar propostes modernes i de mercat, el\u00b7laborades amb productes de temporada. No deixeu perdre l&#8217;ocasi\u00f3!<\/p>\r\n<p style=\"text-align: center;\"><a href=\"https:\/\/monsantbenet.com\/ca\/promocions\/experiencia-medieval-modernista-dinar-a-fonda\/?_gl=1*4tic4k*_up*MQ..*_ga*MTYxNTExOTA0MS4xNzE3NzQ4MTEy*_ga_X0VVK1FNVY*MTcxNzc0ODExMi4xLjEuMTcxNzc0ODE3OC4wLjAuMA..&#038;gclid=CjwKCAjw34qzBhBmEiwAOUQcF3lpKExIcmFX_q9470erPdWgzSbdG3_limlG9ndzt3gElfCHg_xKXhoCdoMQAvD_BwE\" class=\"btn btn-primary btn-md\">Reserva<\/a>\r\n[\/vc_column_text][\/vc_column][vc_column width=\u00bb1\/5&#8243;][vc_column_text css=\u00bb\u00bb]<img decoding=\"async\" class=\"lazyload alignnone wp-image-12446 size-medium\" src=\"https:\/\/bagesturisme.cat\/wp-content\/uploads\/2023\/01\/Muntanya-de-Sal-2-599x400.jpg\" data-orig-src=\"https:\/\/bagesturisme.cat\/wp-content\/uploads\/2023\/01\/Muntanya-de-Sal-2-599x400.jpg\" alt=\"\" width=\"599\" height=\"400\" srcset=\"data:image\/svg+xml,%3Csvg%20xmlns%3D%27http%3A%2F%2Fwww.w3.org%2F2000%2Fsvg%27%20width%3D%27599%27%20height%3D%27400%27%20viewBox%3D%270%200%20599%20400%27%3E%3Crect%20width%3D%27599%27%20height%3D%27400%27%20fill-opacity%3D%220%22%2F%3E%3C%2Fsvg%3E\" data-srcset=\"https:\/\/www.bagesturisme.cat\/wp-content\/uploads\/2023\/01\/Muntanya-de-Sal-2-599x400.jpg 599w, https:\/\/www.bagesturisme.cat\/wp-content\/uploads\/2023\/01\/Muntanya-de-Sal-2-768x512.jpg 768w, https:\/\/www.bagesturisme.cat\/wp-content\/uploads\/2023\/01\/Muntanya-de-Sal-2-1280x854.jpg 1280w, https:\/\/www.bagesturisme.cat\/wp-content\/uploads\/2023\/01\/Muntanya-de-Sal-2-1536x1025.jpg 1536w, https:\/\/www.bagesturisme.cat\/wp-content\/uploads\/2023\/01\/Muntanya-de-Sal-2.jpg 2362w\" data-sizes=\"auto\" data-orig-sizes=\"(max-width: 599px) 100vw, 599px\" \/><\/p>\r\n<h4>17\u00baC a la muntanya de sal<\/h4>\r\n<p>Si aquest estiu vols estar a 17\u00baC, et recomanem la\u00a0 visita a la Muntanya de Sal de Cardona, un dels punts geotur\u00edstics m\u00e9s emblem\u00e0tics del Geoparc Mundial UNESCO de la Catalunya Central. De la m\u00e0 d&#8217;un guia, podr\u00e0s rec\u00f3rrer a 86m de profunditat l\u2019interior de les galeries de la Muntanya de Sal. Un indret \u00fanic al m\u00f3n!<\/p>\r\n<p style=\"text-align: center;\"><a href=\"https:\/\/cardonaturisme.cat\/ca\/que-fer-hi\/parc-cultural-muntanya-de-sal\/visita-guiada-a-la-muntanya-de-sal\/\" class=\"btn btn-primary btn-md\">Reserva<\/a>\r\n[\/vc_column_text][\/vc_column][vc_column width=\u00bb1\/5&#8243;][vc_column_text css=\u00bb\u00bb]<img decoding=\"async\" class=\"lazyload alignnone wp-image-14436 size-medium\" src=\"https:\/\/bagesturisme.cat\/wp-content\/uploads\/2024\/07\/tines_solanes_BTT_maig_fortuny-003-601x400.jpg\" data-orig-src=\"https:\/\/bagesturisme.cat\/wp-content\/uploads\/2024\/07\/tines_solanes_BTT_maig_fortuny-003-601x400.jpg\" alt=\"Tines de solanes pedra seca\" width=\"601\" height=\"400\" srcset=\"data:image\/svg+xml,%3Csvg%20xmlns%3D%27http%3A%2F%2Fwww.w3.org%2F2000%2Fsvg%27%20width%3D%27601%27%20height%3D%27400%27%20viewBox%3D%270%200%20601%20400%27%3E%3Crect%20width%3D%27601%27%20height%3D%27400%27%20fill-opacity%3D%220%22%2F%3E%3C%2Fsvg%3E\" data-srcset=\"https:\/\/www.bagesturisme.cat\/wp-content\/uploads\/2024\/07\/tines_solanes_BTT_maig_fortuny-003-601x400.jpg 601w, https:\/\/www.bagesturisme.cat\/wp-content\/uploads\/2024\/07\/tines_solanes_BTT_maig_fortuny-003-768x511.jpg 768w, https:\/\/www.bagesturisme.cat\/wp-content\/uploads\/2024\/07\/tines_solanes_BTT_maig_fortuny-003-1280x852.jpg 1280w, https:\/\/www.bagesturisme.cat\/wp-content\/uploads\/2024\/07\/tines_solanes_BTT_maig_fortuny-003-1536x1022.jpg 1536w, https:\/\/www.bagesturisme.cat\/wp-content\/uploads\/2024\/07\/tines_solanes_BTT_maig_fortuny-003.jpg 2200w\" data-sizes=\"auto\" data-orig-sizes=\"(max-width: 601px) 100vw, 601px\" \/><\/p>\r\n<h4>Itineraris de pedra seca<\/h4>\r\n<p>Et convidem a explorar el fabul\u00f3s paisatge del Bages descobrint els secrets de la cultura de vi del territori! 5 itineraris de dist\u00e0ncia i dificultat variada entre barraques, tines i altres construccions de pedra seca, declarades Patrimoni inmaterial de la humanitat per la Unesco. Descobreix-los!<\/p>\r\n<p style=\"text-align: center;\"><a href=\"https:\/\/ca.wikiloc.com\/wikiloc\/user.do?id=2120720\" class=\"btn btn-primary btn-md\">Wikiloc<\/a>\r\n[\/vc_column_text][\/vc_column][vc_column width=\u00bb1\/5&#8243;][vc_column_text]<img decoding=\"async\" class=\"lazyload alignnone wp-image-12887 size-full\" src=\"data:image\/svg+xml,%3Csvg%20xmlns%3D%27http%3A%2F%2Fwww.w3.org%2F2000%2Fsvg%27%20width%3D%271300%27%20height%3D%27865%27%20viewBox%3D%270%200%201300%20865%27%3E%3Crect%20width%3D%271300%27%20height%3D%27865%27%20fill-opacity%3D%220%22%2F%3E%3C%2Fsvg%3E\" data-orig-src=\"https:\/\/bagesturisme.cat\/wp-content\/uploads\/2023\/06\/gaia_octubre_fortuny-010.jpg\" alt=\"\" width=\"1300\" height=\"865\" \/><\/p>\r\n<h3>Petits grans tresors del Bages<\/h3>\r\n<p>Aprofita les vacances d\u2019estiu per explorar el Bages! Hi trobar\u00e0s un munt de patrimoni rom\u00e0nic, industrial, castells i vestigis medievals, construccions de pedra seca entre boscos, vinyes i camps de cereal. No et perdis els petits pobles rurals i aprofita per fer caminades o sortir amb la bicicleta a les hores de menys calor. Viu el plaer de descobrir al teu ritme la nostra comarca aquest estiu!<\/p>\r\n<p style=\"text-align: center;\"><a href=\"https:\/\/bagesturisme.cat\/tresors\/\" class=\"btn btn-primary btn-md\"> M\u00e9s info<\/a>\r\n[\/vc_column_text][\/vc_column][vc_column width=\u00bb1\/5&#8243;][vc_column_text css=\u00bb\u00bb]\r\n<h2 class=\"null\"><img decoding=\"async\" class=\"lazyload alignnone wp-image-14456 size-medium\" src=\"https:\/\/bagesturisme.cat\/wp-content\/uploads\/2024\/07\/ignasiana-btt-601x400.jpg\" data-orig-src=\"https:\/\/bagesturisme.cat\/wp-content\/uploads\/2024\/07\/ignasiana-btt-601x400.jpg\" alt=\"\" width=\"601\" height=\"400\" srcset=\"data:image\/svg+xml,%3Csvg%20xmlns%3D%27http%3A%2F%2Fwww.w3.org%2F2000%2Fsvg%27%20width%3D%27601%27%20height%3D%27400%27%20viewBox%3D%270%200%20601%20400%27%3E%3Crect%20width%3D%27601%27%20height%3D%27400%27%20fill-opacity%3D%220%22%2F%3E%3C%2Fsvg%3E\" data-srcset=\"https:\/\/www.bagesturisme.cat\/wp-content\/uploads\/2024\/07\/ignasiana-btt-601x400.jpg 601w, https:\/\/www.bagesturisme.cat\/wp-content\/uploads\/2024\/07\/ignasiana-btt-768x512.jpg 768w, https:\/\/www.bagesturisme.cat\/wp-content\/uploads\/2024\/07\/ignasiana-btt.jpg 1024w\" data-sizes=\"auto\" data-orig-sizes=\"(max-width: 601px) 100vw, 601px\" \/><\/h2>\r\n<h4 class=\"null\">Ignasiana BTT<\/h4>\r\n<p><em>Dissabte 20 de setembre<\/em><\/p>\r\n<p>INSCRIPCIONS DEL 2 DE JUNY AL 15 DE SETEMBRE.<\/p>\r\n<p>Segueix les passes de Sant Ignasi de Loyola amb BTT, Gravel o Ebike autoguiat en GPS i recorre les tres \u00faltimes etapes del Cam\u00ed Ignasi\u00e0 de Verd\u00fa a la Cova de Manresa passant per Cervera, Igualada i la falda de Montserrat. Si els 115km se\u2019t fan llargs, tamb\u00e9 tens disponible altres modalitats m\u00e9s curtes.<\/p>\r\n<p style=\"text-align: center;\"><a href=\"http:\/\/www.manresa2022.cat\/web\/menu\/15446-ignasiana-btt-%C2%B7-gravel-%C2%B7-ebike\" class=\"btn btn-primary btn-md\"> Inscripcions<\/a>\r\n[\/vc_column_text][\/vc_column][\/vc_row][vc_row full_width=\u00bbstretch_row_content\u00bb css=\u00bb.vc_custom_1616763033326{padding-top: 30px !important;padding-right: 40px !important;padding-bottom: 30px !important;padding-left: 40px !important;background-color: #ffffff !important;}\u00bb][vc_column][vc_text_separator title=\u00bbPLANIFICA LA TEVA ESTADA\u00bb][\/vc_column][vc_column width=\u00bb1\/4&#8243;][vc_btn title=\u00bbSegueix-nos!\u00bb style=\u00bbflat\u00bb color=\u00bbpink\u00bb size=\u00bblg\u00bb align=\u00bbcenter\u00bb i_icon_fontawesome=\u00bbfas fa-utensils\u00bb css_animation=\u00bbbottom-to-top\u00bb add_icon=\u00bbtrue\u00bb link=\u00bburl:http%3A%2F%2Finstagram.com%2Fbagesturisme|target:_blank\u00bb][\/vc_column][vc_column width=\u00bb1\/4&#8243;][vc_btn title=\u00bbRESTAURANTS\u00bb style=\u00bbflat\u00bb color=\u00bbviolet\u00bb size=\u00bblg\u00bb align=\u00bbcenter\u00bb i_icon_fontawesome=\u00bbfas fa-utensils\u00bb css_animation=\u00bbbottom-to-top\u00bb add_icon=\u00bbtrue\u00bb link=\u00bburl:http%3A%2F%2Fbagesturisme.cat%2Frestauracio|target:_blank\u00bb][\/vc_column][vc_column width=\u00bb1\/4&#8243;][vc_btn title=\u00bbALLOTJAMENTS\u00bb style=\u00bbflat\u00bb color=\u00bbviolet\u00bb size=\u00bblg\u00bb align=\u00bbcenter\u00bb i_icon_fontawesome=\u00bbfas fa-hotel\u00bb css_animation=\u00bbbottom-to-top\u00bb add_icon=\u00bbtrue\u00bb link=\u00bburl:http%3A%2F%2Fbagesturisme.cat%2Fallotjament\u00bb][\/vc_column][vc_column width=\u00bb1\/4&#8243;][vc_btn title=\u00bbSubscriu-te al butllet\u00ed\u00bb style=\u00bbflat\u00bb color=\u00bbpink\u00bb size=\u00bblg\u00bb align=\u00bbcenter\u00bb i_icon_fontawesome=\u00bbfas fa-hotel\u00bb css_animation=\u00bbbottom-to-top\u00bb add_icon=\u00bbtrue\u00bb link=\u00bburl:https%3A%2F%2Fmailchi.mp%2Fa59c34dec874%2Fnewsletter-bages-turisme\u00bb][\/vc_column][\/vc_row][vc_row][vc_column][vc_column_text css=\u00bb\u00bb]\r\n<h2>\u00a0<\/h2>\r\n<h2 style=\"text-align: center;\">Gaudeix de l&#8217;estiu al Bages<\/h2>\r\n[\/vc_column_text][\/vc_column][\/vc_row][vc_row][vc_column][vc_basic_grid post_type=\u00bballotjament\u00bb max_items=\u00bb-1&#8243; style=\u00bbpagination\u00bb items_per_page=\u00bb4&#8243; element_width=\u00bb3&#8243; gap=\u00bb10&#8243; orderby=\u00bbrand\u00bb arrows_design=\u00bbvc_arrow-icon-arrow_06_left\u00bb arrows_color=\u00bbgrey\u00bb loop=\u00bbyes\u00bb item=\u00bbmediaGrid_SlideInTitle\u00bb grid_id=\u00bbvc_gid:1751962165113-0d38120f-29c8-1&#8243; taxonomies=\u00bb91, 86&#8243; exclude=\u00bb100, 96, 21, 60, 123, 73, 101, 96, 17, 51, 97, 3703, 117, 87, 74, 26&#8243; paging_animation_in=\u00bbslideInRight\u00bb][vc_column_text]\r\n<p style=\"text-align: center;\"><a href=\"https:\/\/bagesturisme.cat\/allotjament\/\" class=\"btn btn-primary btn-lg\">Queda&#8217;t a dormir al Bages!<\/a>\r\n[\/vc_column_text][\/vc_column][\/vc_row][vc_row full_width=\u00bbstretch_row_content\u00bb css=\u00bb.vc_custom_1616763033326{padding-top: 30px !important;padding-right: 40px !important;padding-bottom: 30px !important;padding-left: 40px !important;background-color: #ffffff !important;}\u00bb][vc_column][vc_column_text]\r\n<h1 style=\"text-align: center;\">Tots els camins et porten al Bages<\/h1>\r\n[\/vc_column_text][vc_row_inner][vc_column_inner][vc_single_image image=\u00bb9557&#8243; img_size=\u00bbfull\u00bb alignment=\u00bbcenter\u00bb][\/vc_column_inner][\/vc_row_inner][\/vc_column][\/vc_row][vc_row content_placement=\u00bbmiddle\u00bb][vc_column width=\u00bb1\/2&#8243;][vc_video link=\u00bbhttps:\/\/youtu.be\/iIo7USnbveg\u00bb][\/vc_column][vc_column width=\u00bb1\/2&#8243;][vc_column_text]\r\n<h2 style=\"text-align: center;\"><strong>El Bages, viu el plaer de descobrir-lo!<\/strong><\/h2>\r\n<p><i><span style=\"font-weight: 400;\">A tocar de les principals ciutats de Catalunya, hi ha guardat un gran secret. Amb la cara nord de Montserrat com a protagonista, el Bages \u00e9s un joia rural amagada; un indret allunyat de les aglomeracions i desconegut per molts, que sorpr\u00e8n per la seva autenticitat i car\u00e0cter.\u00a0<\/span><\/i><\/p>\r\n<p><i><span style=\"font-weight: 400;\">Visitar aquest territori \u00e9s tamb\u00e9 trepitjar el terra d\u2019un mar interior que va existir fa m\u00e9s de 40 milions d\u2019anys i que va desapar\u00e8ixer amb l\u2019aixecament dels Pirineus. Aquest antic mar declarat Geoparc Mundial UNESCO de la Catalunya Central ens ha deixat en her\u00e8ncia un ric patrimoni natural i geol\u00f2gic \u00fanic, que ha forjat paisatges de bosc i vinya incre\u00efbles, pobles on el temps s\u2019hi atura, cultura, tradicions i una oferta enogastron\u00f2mica per seduir els sentits.\u00a0<\/span><\/i><\/p>\r\n<h5 style=\"text-align: center;\"><strong>Aquesta primavera desconnecta al Bages<\/strong><strong>!<\/strong><\/h5>\r\n[\/vc_column_text][\/vc_column][\/vc_row][vc_row][vc_column][vc_gmaps link=\u00bb#E-8_JTNDaWZyYW1lJTIwc3JjJTNEJTIyaHR0cHMlM0ElMkYlMkZ3d3cuZ29vZ2xlLmNvbSUyRm1hcHMlMkZkJTJGdSUyRjAlMkZlbWJlZCUzRm1pZCUzRDE2dE55QjBlVkZYX2dUS2RzY0t4SEVLU0tNNGd3STFoZSUyMiUyMHdpZHRoJTNEJTIyNjQwJTIyJTIwaGVpZ2h0JTNEJTIyNDgwJTIyJTNFJTNDJTJGaWZyYW1lJTNF\u00bb title=\u00bbEl Bages\u00bb][\/vc_column][\/vc_row][vc_row][vc_column][vc_column_text][\/vc_column_text][\/vc_column][\/vc_row][vc_row][vc_column][vc_column_text][\/vc_column_text][\/vc_column][\/vc_row][vc_row][vc_column][vc_column_text][\/vc_column_text][\/vc_column][\/vc_row][vc_row][vc_column][vc_column_text][\/vc_column_text][\/vc_column][\/vc_row][vc_row][vc_column][vc_column_text][\/vc_column_text][\/vc_column][\/vc_row][vc_row][vc_column][vc_column_text][\/vc_column_text][\/vc_column][\/vc_row][vc_row][vc_column][vc_column_text][\/vc_column_text][\/vc_column][\/vc_row][vc_row][vc_column][vc_column_text][\/vc_column_text][\/vc_column][\/vc_row][vc_row][vc_column][vc_column_text][\/vc_column_text][\/vc_column][\/vc_row][vc_row][vc_column][vc_column_text]\r\n[\/vc_column_text][\/vc_column][\/vc_row]<\/div>","protected":false},"excerpt":{"rendered":"<p>[vc_row][vc_column][vc_column_text] [\/vc_column_text][\/vc_column][\/vc_row][vc_row][vc_column][\/vc_column][\/vc_row][vc_row full_width=\u00bbstretch_row_content_no_spaces\u00bb full_height=\u00bbyes\u00bb equal_height=\u00bbyes\u00bb parallax=\u00bbcontent-moving-fade\u00bb parallax_image=\u00bb15742&#8243; css_animation=\u00bbfadeIn\u00bb css=\u00bb.vc_custom_1751961567181{padding-top: 60px !important;padding-bottom: 60px !important;background-color: #969696 !important;}\u00bb][vc_column video_bg=\u00bbyes\u00bb video_bg_url=\u00bb\u00bb][vc_column_text css_animation=\u00bbfadeInUp\u00bb][\/vc_column_text][\/vc_column][\/vc_row][vc_row][vc_column][vc_column_text][\/vc_column_text][\/vc_column][\/vc_row][vc_row][vc_column][vc_column_text][\/vc_column_text][\/vc_column][\/vc_row][vc_row][vc_column][vc_column_text][\/vc_column_text][\/vc_column][\/vc_row][vc_row][vc_column][vc_column_text][\/vc_column_text][\/vc_column][\/vc_row][vc_row][vc_column][vc_column_text][\/vc_column_text][\/vc_column][\/vc_row][vc_row][vc_column][vc_column_text][\/vc_column_text][\/vc_column][\/vc_row][vc_row][vc_column][vc_column_text][\/vc_column_text][\/vc_column][\/vc_row][vc_row][vc_column][vc_column_text] [\/vc_column_text][\/vc_column][\/vc_row]<\/p>\n","protected":false},"author":3,"featured_media":0,"parent":0,"menu_order":71,"comment_status":"closed","ping_status":"closed","template":"landing.php","meta":{"_acf_changed":false,"_eb_attr":"","footnotes":""},"tags":[],"class_list":["post-12856","page","type-page","status-publish","hentry"],"acf":{"galeria":false,"recomanats":false},"_links":{"self":[{"href":"https:\/\/www.bagesturisme.cat\/es\/wp-json\/wp\/v2\/pages\/12856","targetHints":{"allow":["GET"]}}],"collection":[{"href":"https:\/\/www.bagesturisme.cat\/es\/wp-json\/wp\/v2\/pages"}],"about":[{"href":"https:\/\/www.bagesturisme.cat\/es\/wp-json\/wp\/v2\/types\/page"}],"author":[{"embeddable":true,"href":"https:\/\/www.bagesturisme.cat\/es\/wp-json\/wp\/v2\/users\/3"}],"replies":[{"embeddable":true,"href":"https:\/\/www.bagesturisme.cat\/es\/wp-json\/wp\/v2\/comments?post=12856"}],"version-history":[{"count":103,"href":"https:\/\/www.bagesturisme.cat\/es\/wp-json\/wp\/v2\/pages\/12856\/revisions"}],"predecessor-version":[{"id":15754,"href":"https:\/\/www.bagesturisme.cat\/es\/wp-json\/wp\/v2\/pages\/12856\/revisions\/15754"}],"wp:attachment":[{"href":"https:\/\/www.bagesturisme.cat\/es\/wp-json\/wp\/v2\/media?parent=12856"}],"wp:term":[{"taxonomy":"post_tag","embeddable":true,"href":"https:\/\/www.bagesturisme.cat\/es\/wp-json\/wp\/v2\/tags?post=12856"}],"curies":[{"name":"wp","href":"https:\/\/api.w.org\/{rel}","templated":true}]}}