{"id":12753,"date":"2023-04-13T11:43:02","date_gmt":"2023-04-13T10:43:02","guid":{"rendered":"https:\/\/bagesturisme.cat\/setmana-santa-copy-2\/"},"modified":"2025-04-28T10:48:20","modified_gmt":"2025-04-28T09:48:20","slug":"primavera2024","status":"publish","type":"page","link":"https:\/\/www.bagesturisme.cat\/es\/primavera2024\/","title":{"rendered":"Primavera2024"},"content":{"rendered":"<div class=\"wpb-content-wrapper\"><\/p>\r\n<h1 style=\"text-align: center;\"><span style=\"color: #ffffff;\">Desconnecta al Bages aquesta primavera<\/span><\/h1>\r\n[\/vc_column_text][\/vc_column][\/vc_row][vc_row][vc_column][vc_column_text]\r\n<h2 style=\"text-align: center;\">Aquesta primavera et recomanem&#8230;<\/h2>\r\n[\/vc_column_text][\/vc_column][\/vc_row][vc_row][vc_column width=\u00bb1\/3&#8243;][vc_column_text css=\u00bb\u00bb]\r\n<h3><img decoding=\"async\" class=\"lazyload alignnone wp-image-14138 size-medium\" src=\"https:\/\/bagesturisme.cat\/wp-content\/uploads\/2024\/05\/anellament-ocells-bosc-i-vinya-2024-scaled-e1715680558493-600x400.jpg\" data-orig-src=\"https:\/\/bagesturisme.cat\/wp-content\/uploads\/2024\/05\/anellament-ocells-bosc-i-vinya-2024-scaled-e1715680558493-600x400.jpg\" alt=\"\" width=\"600\" height=\"400\" srcset=\"data:image\/svg+xml,%3Csvg%20xmlns%3D%27http%3A%2F%2Fwww.w3.org%2F2000%2Fsvg%27%20width%3D%27600%27%20height%3D%27400%27%20viewBox%3D%270%200%20600%20400%27%3E%3Crect%20width%3D%27600%27%20height%3D%27400%27%20fill-opacity%3D%220%22%2F%3E%3C%2Fsvg%3E\" data-srcset=\"https:\/\/www.bagesturisme.cat\/wp-content\/uploads\/2024\/05\/anellament-ocells-bosc-i-vinya-2024-scaled-e1715680558493-600x400.jpg 600w, https:\/\/www.bagesturisme.cat\/wp-content\/uploads\/2024\/05\/anellament-ocells-bosc-i-vinya-2024-scaled-e1715680558493-768x512.jpg 768w, https:\/\/www.bagesturisme.cat\/wp-content\/uploads\/2024\/05\/anellament-ocells-bosc-i-vinya-2024-scaled-e1715680558493-1280x853.jpg 1280w, https:\/\/www.bagesturisme.cat\/wp-content\/uploads\/2024\/05\/anellament-ocells-bosc-i-vinya-2024-scaled-e1715680558493-1536x1024.jpg 1536w, https:\/\/www.bagesturisme.cat\/wp-content\/uploads\/2024\/05\/anellament-ocells-bosc-i-vinya-2024-scaled-e1715680558493.jpg 1920w\" data-sizes=\"auto\" data-orig-sizes=\"(max-width: 600px) 100vw, 600px\" \/><\/h3>\r\n<h3>Cicle d&#8217;activitats Bosc i Vinya<\/h3>\r\n<p><em>Diumenges de maig i juny<\/em><\/p>\r\n<p>La Ruta del vi de la DO Pla de Bages continua amb el Cicle d\u2019activitats gratu\u00eftes de bosc i vinya; tot un conjunt de propostes relacionades amb el paisatge i la natura d\u2019aquest territori per aprofundir en el coneixement de la cultura de la vinya i el vi des d\u2019una vessant naturalista i sostenible.<\/p>\r\n<ul>\r\n<li>Anellament cient\u00edfic d&#8217;ocells<\/li>\r\n<li>Construcci\u00f3 d&#8217;un hotel d&#8217;insectes<\/li>\r\n<li>Reconeixement de plantes arom\u00e0tiques<\/li>\r\n<li>Construcci\u00f3 de caixes niu per ratpenats<\/li>\r\n<li>Descoberta de la pedra seca<\/li>\r\n<\/ul>\r\n<p style=\"text-align: center;\"><a href=\"https:\/\/www.rutadelvidobages.cat\/bosc-i-vinya\/\" class=\"btn btn-primary btn-md\"> INSCRIU-TE GRATIS <\/a>\r\n[\/vc_column_text][\/vc_column][vc_column width=\u00bb1\/3&#8243;][vc_column_text css=\u00bb\u00bb]\r\n<h3><img decoding=\"async\" class=\"lazyload alignnone size-medium wp-image-14116\" src=\"https:\/\/bagesturisme.cat\/wp-content\/uploads\/2024\/04\/Banner-ENG-Week-24-600x400.jpg\" data-orig-src=\"https:\/\/bagesturisme.cat\/wp-content\/uploads\/2024\/04\/Banner-ENG-Week-24-600x400.jpg\" alt=\"\" width=\"600\" height=\"400\" srcset=\"data:image\/svg+xml,%3Csvg%20xmlns%3D%27http%3A%2F%2Fwww.w3.org%2F2000%2Fsvg%27%20width%3D%27600%27%20height%3D%27400%27%20viewBox%3D%270%200%20600%20400%27%3E%3Crect%20width%3D%27600%27%20height%3D%27400%27%20fill-opacity%3D%220%22%2F%3E%3C%2Fsvg%3E\" data-srcset=\"https:\/\/www.bagesturisme.cat\/wp-content\/uploads\/2024\/04\/Banner-ENG-Week-24-600x400.jpg 600w, https:\/\/www.bagesturisme.cat\/wp-content\/uploads\/2024\/04\/Banner-ENG-Week-24-768x512.jpg 768w, https:\/\/www.bagesturisme.cat\/wp-content\/uploads\/2024\/04\/Banner-ENG-Week-24-1280x853.jpg 1280w, https:\/\/www.bagesturisme.cat\/wp-content\/uploads\/2024\/04\/Banner-ENG-Week-24-1536x1024.jpg 1536w, https:\/\/www.bagesturisme.cat\/wp-content\/uploads\/2024\/04\/Banner-ENG-Week-24-scaled.jpg 2560w\" data-sizes=\"auto\" data-orig-sizes=\"(max-width: 600px) 100vw, 600px\" \/><\/h3>\r\n<h3>Viu la setmana dels Geoparcs europeus<\/h3>\r\n<p><em>Del 18 de maig al 2 de juny<\/em><\/p>\r\n<p><span style=\"font-weight: 400;\">El Geoparc de la Catalunya central celebra la setmana del Geoparcs Europeus que pret\u00e9n posar en valor l&#8217;incre\u00efble patrimoni geol\u00f2gic dels diversos territoris d&#8217;Europa que alberguen un Geoparc.\u00a0 <\/span><span style=\"font-weight: 400;\">T&#8217;hi esperen <strong>una vintena de propostes<\/strong> l&#8217;udiques entre excursions, sortejos i moltes altres experi\u00e8ncies per tastar, trapitjar i viure l&#8217;antic mar interior que fa m\u00e9s de 36 milions d&#8217;anys banyava la Catalunya Central! <\/span><i><\/i><\/p>\r\n<p style=\"text-align: center;\"><a href=\"https:\/\/www.geoparc.cat\/el-geoparc-unesco-de-la-catalunya-central-celebra-la-setmana-dels-geoparcs-europeus-amb-una-vintena-de-propostes\/#\" class=\"btn btn-primary btn-md\"> Programa<\/a>\r\n[\/vc_column_text][\/vc_column][vc_column width=\u00bb1\/3&#8243;][vc_column_text css=\u00bb\u00bb]\r\n<h3><img decoding=\"async\" class=\"lazyload alignnone size-medium wp-image-9810\" src=\"https:\/\/bagesturisme.cat\/wp-content\/uploads\/2021\/04\/BT18_097_Museu_tecnica_Manresa-600x400.jpg\" data-orig-src=\"https:\/\/bagesturisme.cat\/wp-content\/uploads\/2021\/04\/BT18_097_Museu_tecnica_Manresa-600x400.jpg\" alt=\"\" width=\"600\" height=\"400\" srcset=\"data:image\/svg+xml,%3Csvg%20xmlns%3D%27http%3A%2F%2Fwww.w3.org%2F2000%2Fsvg%27%20width%3D%27600%27%20height%3D%27400%27%20viewBox%3D%270%200%20600%20400%27%3E%3Crect%20width%3D%27600%27%20height%3D%27400%27%20fill-opacity%3D%220%22%2F%3E%3C%2Fsvg%3E\" data-srcset=\"https:\/\/www.bagesturisme.cat\/wp-content\/uploads\/2021\/04\/BT18_097_Museu_tecnica_Manresa-600x400.jpg 600w, https:\/\/www.bagesturisme.cat\/wp-content\/uploads\/2021\/04\/BT18_097_Museu_tecnica_Manresa-768x512.jpg 768w, https:\/\/www.bagesturisme.cat\/wp-content\/uploads\/2021\/04\/BT18_097_Museu_tecnica_Manresa-1280x853.jpg 1280w, https:\/\/www.bagesturisme.cat\/wp-content\/uploads\/2021\/04\/BT18_097_Museu_tecnica_Manresa.jpg 1500w\" data-sizes=\"auto\" data-orig-sizes=\"(max-width: 600px) 100vw, 600px\" \/><\/h3>\r\n<h3>Portes obertes als museus<\/h3>\r\n<p><em>Dissabte 18 de maig a partir de les 10h<\/em><\/p>\r\n<p><span style=\"font-weight: 400;\">Amb motiu del Dia internacional dels museus, els museus del Bages obren les seves portes gratu\u00eftament! Aprofita i gaudeix de les seves obres: t&#8217;agrada el barroc o ets m\u00e9s de ci\u00e8ncia? Apropa&#8217;t i experimenta les originals propostes que han preparat per a tots els p\u00fablics:<\/span><\/p>\r\n<ul>\r\n<li><a href=\"https:\/\/seudemanresa.cat\/dia-internacional-dels-museus-2024\/\">Bas\u00edlica de la Seu<\/a> (Manresa)<\/li>\r\n<li><a href=\"https:\/\/museudelbarroc.cat\/dia-internacional-dels-museus\/\">Museu del Barroc de Catalunya<\/a> (Manresa)<\/li>\r\n<li><a href=\"https:\/\/www.santfruitos.cat\/actualitat\/noticies\/sant-fruitos-se-suma-al-dia-internacional-dels-museus-amb-una-jornada-de-portes-obertes-i-un-tast-de-vins-i-formatges\">Museu de la mem\u00f2ria de la vinya i el vi<\/a> (Sant Fruit\u00f3s de Bages)<\/li>\r\n<li><a href=\"https:\/\/www.parcdelasequia.cat\/agenda\/portes-obertes-al-museu-de-laigua-i-el-textil-2\/\">Museu de l&#8217;Aigua i el T\u00e8xtil<\/a> (Manresa)<\/li>\r\n<li><a href=\"https:\/\/www.parcdelasequia.cat\/agenda\/historia-de-la-casa-de-la-culla-dim\/\">Casa de la Culla<\/a> (Manresa)<\/li>\r\n<li><a href=\"https:\/\/geomuseu.upc.edu\/index.php\/es\/inici-espanol\/\">Museu de geologia Valent\u00ed Masachs<\/a> (Manresa)<\/li>\r\n<\/ul>\r\n[\/vc_column_text][\/vc_column][\/vc_row][vc_row][vc_column width=\u00bb1\/3&#8243;][vc_column_text]\r\n<h3><img decoding=\"async\" class=\"lazyload alignnone size-medium wp-image-14107\" src=\"https:\/\/bagesturisme.cat\/wp-content\/uploads\/2024\/04\/ballada-centra-placa-600x400.jpg\" data-orig-src=\"https:\/\/bagesturisme.cat\/wp-content\/uploads\/2024\/04\/ballada-centra-placa-600x400.jpg\" alt=\"\" width=\"600\" height=\"400\" srcset=\"data:image\/svg+xml,%3Csvg%20xmlns%3D%27http%3A%2F%2Fwww.w3.org%2F2000%2Fsvg%27%20width%3D%27600%27%20height%3D%27400%27%20viewBox%3D%270%200%20600%20400%27%3E%3Crect%20width%3D%27600%27%20height%3D%27400%27%20fill-opacity%3D%220%22%2F%3E%3C%2Fsvg%3E\" data-srcset=\"https:\/\/www.bagesturisme.cat\/wp-content\/uploads\/2024\/04\/ballada-centra-placa-600x400.jpg 600w, https:\/\/www.bagesturisme.cat\/wp-content\/uploads\/2024\/04\/ballada-centra-placa-768x512.jpg 768w, https:\/\/www.bagesturisme.cat\/wp-content\/uploads\/2024\/04\/ballada-centra-placa.jpg 1024w\" data-sizes=\"auto\" data-orig-sizes=\"(max-width: 600px) 100vw, 600px\" \/><\/h3>\r\n<h3>Les Gitanes de Sant Vicen\u00e7 de Castellet<\/h3>\r\n<p><em>Dissabte 18 i diumenge 19 de maig<\/em><\/p>\r\n<p><span style=\"font-weight: 400;\">Amb m\u00e9s de 115 anys d\u2019hist\u00f2ria, les colles dansaires de Sant Vicen\u00e7 de Castellet amb un total de m\u00e9s de 300 balladors i balladores s\u2019apleguen a la Pla\u00e7a de l\u2019Ajuntament per ballar i gaudir de les peces musicals interpretades per la cobla envoltat dels colors del vestuari i la brillantor de la pla\u00e7a engalanada per a l\u2019ocasi\u00f3.<\/span><\/p>\r\n<p style=\"text-align: center;\"><a href=\"https:\/\/www.lesgitanes.cat\/\" class=\"btn btn-primary btn-md\"> M\u00e9s info <\/a>\r\n[\/vc_column_text][\/vc_column][vc_column width=\u00bb1\/3&#8243;][vc_column_text]<img decoding=\"async\" class=\"lazyload alignnone wp-image-12677 size-medium\" src=\"data:image\/svg+xml,%3Csvg%20xmlns%3D%27http%3A%2F%2Fwww.w3.org%2F2000%2Fsvg%27%20width%3D%27400%27%20height%3D%27400%27%20viewBox%3D%270%200%20400%20400%27%3E%3Crect%20width%3D%27400%27%20height%3D%27400%27%20fill-opacity%3D%220%22%2F%3E%3C%2Fsvg%3E\" data-orig-src=\"https:\/\/bagesturisme.cat\/wp-content\/uploads\/2023\/03\/geotok-def-002-1024x1024-1-400x400.jpeg\" alt=\"\" width=\"400\" height=\"400\" \/><\/p>\r\n<h3>GEOTOK, LA VUITENA MERAVELLA<\/h3>\r\n<p><em>Caps de setman i festius a les 10.45h, 11.45h i 12.45h<\/em><\/p>\r\n<p>\u201cGeoTok, la vuitena meravella\u201d \u00e9s una visita teatralitzada enfocada al p\u00fablic familiar per descobrir la formaci\u00f3 i la hist\u00f2ria de la Muntanya de Sal de Cardona d\u2019una manera l\u00fadica i innovadora. Els GeoTeam s\u00f3n un grup de ge\u00f2legs TikTokers que s\u2019han proposat participar al repte mundial #EighthWonder, per buscar la vuitena meravella del m\u00f3n, els ajudes?<\/p>\r\n<p style=\"text-align: center;\"><a href=\"https:\/\/cardonaturisme.cat\/ca\/que-fer-hi\/parc-cultural-muntanya-de-sal\/visita-teatralitzada-al-pcms-projecte-alquimia-el-secret-del-liber-salis\/\" class=\"btn btn-primary btn-md\"> Reserva<\/a>\r\n[\/vc_column_text][\/vc_column][vc_column width=\u00bb1\/3&#8243;][vc_column_text]\r\n<h3><img decoding=\"async\" class=\"lazyload alignnone size-medium wp-image-14114\" src=\"https:\/\/bagesturisme.cat\/wp-content\/uploads\/2024\/04\/PROMO-scaled-1-600x400.jpg\" data-orig-src=\"https:\/\/bagesturisme.cat\/wp-content\/uploads\/2024\/04\/PROMO-scaled-1-600x400.jpg\" alt=\"\" width=\"600\" height=\"400\" srcset=\"data:image\/svg+xml,%3Csvg%20xmlns%3D%27http%3A%2F%2Fwww.w3.org%2F2000%2Fsvg%27%20width%3D%27600%27%20height%3D%27400%27%20viewBox%3D%270%200%20600%20400%27%3E%3Crect%20width%3D%27600%27%20height%3D%27400%27%20fill-opacity%3D%220%22%2F%3E%3C%2Fsvg%3E\" data-srcset=\"https:\/\/www.bagesturisme.cat\/wp-content\/uploads\/2024\/04\/PROMO-scaled-1-600x400.jpg 600w, https:\/\/www.bagesturisme.cat\/wp-content\/uploads\/2024\/04\/PROMO-scaled-1-768x512.jpg 768w, https:\/\/www.bagesturisme.cat\/wp-content\/uploads\/2024\/04\/PROMO-scaled-1-1280x854.jpg 1280w, https:\/\/www.bagesturisme.cat\/wp-content\/uploads\/2024\/04\/PROMO-scaled-1-1536x1024.jpg 1536w, https:\/\/www.bagesturisme.cat\/wp-content\/uploads\/2024\/04\/PROMO-scaled-1.jpg 2560w\" data-sizes=\"auto\" data-orig-sizes=\"(max-width: 600px) 100vw, 600px\" \/><\/h3>\r\n<h3>Concert d&#8217;Udol\u00e7 a la Torre Modernista Abadal<\/h3>\r\n<p><em>Diumenge 19 de maig\u00a0 (a les 12h i 18h)<\/em><\/p>\r\n<p>Endinsa&#8217;t en un viatge sensorial de la m\u00e0 del duet Udol\u00e7 amb una proposta musical ben original a la fabulosa Torre Modernista Abadal d&#8217;Aviny\u00f3. Alba Careta i Henrio emprenen un viatge on\u00edric per diverses\u00a0 can\u00e7ons de bressol, principalment de les comarques gironines i recollides en l\u2019arxiu del C\u00e0ntut. No t\u2019ho perdis!<\/p>\r\n<p style=\"text-align: center;\"><a href=\"https:\/\/www.torreabadal.com\/experiencies\/concert-especial-udolc-alba-careta-i-henrio\/\" class=\"btn btn-primary btn-md\"> Reserva<\/a>\r\n[\/vc_column_text][\/vc_column][\/vc_row][vc_row full_width=\u00bbstretch_row_content\u00bb css=\u00bb.vc_custom_1616763033326{padding-top: 30px !important;padding-right: 40px !important;padding-bottom: 30px !important;padding-left: 40px !important;background-color: #ffffff !important;}\u00bb][vc_column][vc_single_image image=\u00bb14199&#8243; img_size=\u00bblarge\u00bb alignment=\u00bbcenter\u00bb onclick=\u00bbcustom_link\u00bb css=\u00bb\u00bb link=\u00bbhttp:\/\/www.firaviba.cat\/programa\/\u00bb][\/vc_column][\/vc_row][vc_row][vc_column width=\u00bb1\/4&#8243;][vc_column_text css=\u00bb\u00bb]\r\n<h3><img decoding=\"async\" class=\"lazyload alignnone size-medium wp-image-12632\" src=\"https:\/\/bagesturisme.cat\/wp-content\/uploads\/2023\/03\/avinyo_pedraseca_maig_fortuny-001-601x400.jpg\" data-orig-src=\"https:\/\/bagesturisme.cat\/wp-content\/uploads\/2023\/03\/avinyo_pedraseca_maig_fortuny-001-601x400.jpg\" alt=\"Barraca de pedra seca amb lliris\" width=\"601\" height=\"400\" srcset=\"data:image\/svg+xml,%3Csvg%20xmlns%3D%27http%3A%2F%2Fwww.w3.org%2F2000%2Fsvg%27%20width%3D%27601%27%20height%3D%27400%27%20viewBox%3D%270%200%20601%20400%27%3E%3Crect%20width%3D%27601%27%20height%3D%27400%27%20fill-opacity%3D%220%22%2F%3E%3C%2Fsvg%3E\" data-srcset=\"https:\/\/www.bagesturisme.cat\/wp-content\/uploads\/2023\/03\/avinyo_pedraseca_maig_fortuny-001-601x400.jpg 601w, https:\/\/www.bagesturisme.cat\/wp-content\/uploads\/2023\/03\/avinyo_pedraseca_maig_fortuny-001-768x511.jpg 768w, https:\/\/www.bagesturisme.cat\/wp-content\/uploads\/2023\/03\/avinyo_pedraseca_maig_fortuny-001-1280x852.jpg 1280w, https:\/\/www.bagesturisme.cat\/wp-content\/uploads\/2023\/03\/avinyo_pedraseca_maig_fortuny-001-1536x1022.jpg 1536w, https:\/\/www.bagesturisme.cat\/wp-content\/uploads\/2023\/03\/avinyo_pedraseca_maig_fortuny-001.jpg 2200w\" data-sizes=\"auto\" data-orig-sizes=\"(max-width: 601px) 100vw, 601px\" \/><\/h3>\r\n<h3>Visites al patrimoni vitivin\u00edcola<\/h3>\r\n<p><em>25, 26 de maig i 1, 2 de juny al mat\u00ed<\/em><\/p>\r\n<p>Coneix el llegat llegat de la hist\u00f2ria vin\u00edcola del Bages a trav\u00e9s d&#8217;una a\u00e0mplia varietat de visites i d&#8217;itineraris guiats per entendre i posar en valor el seu present, i fomentar la cultura del vi i el turisme de proximitat.\u00a0<\/p>\r\n<p style=\"text-align: center;\"><a href=\"\" class=\"btn btn-primary btn-md\"> Reserva <\/a>\r\n[\/vc_column_text][\/vc_column][vc_column width=\u00bb1\/4&#8243;][vc_column_text css=\u00bb\u00bb]\r\n<h3><img decoding=\"async\" class=\"lazyload alignnone size-medium wp-image-14196\" src=\"https:\/\/bagesturisme.cat\/wp-content\/uploads\/2024\/05\/firaviba_nitdepicapolls-127-600x400.jpg\" data-orig-src=\"https:\/\/bagesturisme.cat\/wp-content\/uploads\/2024\/05\/firaviba_nitdepicapolls-127-600x400.jpg\" alt=\"\" width=\"600\" height=\"400\" srcset=\"data:image\/svg+xml,%3Csvg%20xmlns%3D%27http%3A%2F%2Fwww.w3.org%2F2000%2Fsvg%27%20width%3D%27600%27%20height%3D%27400%27%20viewBox%3D%270%200%20600%20400%27%3E%3Crect%20width%3D%27600%27%20height%3D%27400%27%20fill-opacity%3D%220%22%2F%3E%3C%2Fsvg%3E\" data-srcset=\"https:\/\/www.bagesturisme.cat\/wp-content\/uploads\/2024\/05\/firaviba_nitdepicapolls-127-600x400.jpg 600w, https:\/\/www.bagesturisme.cat\/wp-content\/uploads\/2024\/05\/firaviba_nitdepicapolls-127-768x512.jpg 768w, https:\/\/www.bagesturisme.cat\/wp-content\/uploads\/2024\/05\/firaviba_nitdepicapolls-127-1280x853.jpg 1280w, https:\/\/www.bagesturisme.cat\/wp-content\/uploads\/2024\/05\/firaviba_nitdepicapolls-127-1536x1024.jpg 1536w, https:\/\/www.bagesturisme.cat\/wp-content\/uploads\/2024\/05\/firaviba_nitdepicapolls-127-scaled.jpg 2560w\" data-sizes=\"auto\" data-orig-sizes=\"(max-width: 600px) 100vw, 600px\" \/><\/h3>\r\n<h3>Nit de picapolls<\/h3>\r\n<p><em>Divendres 31 de maig a les 20.00h<\/em><\/p>\r\n<p>Vine a gaudir de la gran Nit de Picapolls! Una nit m\u00e0gica per tastar els vins elaborats amb picapoll, la varietat aut\u00f2ctona de la DO Pla de Bages, i gaudir d\u2019un sopar amb del\u00edcies gastron\u00f2miques d\u2019alguns dels restaurants de la comarca.<\/p>\r\n<p style=\"text-align: center;\"><a href=\"https:\/\/www.instagram.com\/firafiladores\/\" class=\"btn btn-primary btn-md\"> RESERVA<\/a>\r\n[\/vc_column_text][\/vc_column][vc_column width=\u00bb1\/4&#8243;][vc_column_text css=\u00bb\u00bb]\r\n<h3><img decoding=\"async\" class=\"lazyload alignnone size-medium wp-image-11102\" src=\"https:\/\/bagesturisme.cat\/wp-content\/uploads\/2022\/03\/Celler-Collbaix-20-599x400.jpg\" data-orig-src=\"https:\/\/bagesturisme.cat\/wp-content\/uploads\/2022\/03\/Celler-Collbaix-20-599x400.jpg\" alt=\"\" width=\"599\" height=\"400\" srcset=\"data:image\/svg+xml,%3Csvg%20xmlns%3D%27http%3A%2F%2Fwww.w3.org%2F2000%2Fsvg%27%20width%3D%27599%27%20height%3D%27400%27%20viewBox%3D%270%200%20599%20400%27%3E%3Crect%20width%3D%27599%27%20height%3D%27400%27%20fill-opacity%3D%220%22%2F%3E%3C%2Fsvg%3E\" data-srcset=\"https:\/\/www.bagesturisme.cat\/wp-content\/uploads\/2022\/03\/Celler-Collbaix-20-599x400.jpg 599w, https:\/\/www.bagesturisme.cat\/wp-content\/uploads\/2022\/03\/Celler-Collbaix-20-768x513.jpg 768w, https:\/\/www.bagesturisme.cat\/wp-content\/uploads\/2022\/03\/Celler-Collbaix-20-1280x854.jpg 1280w, https:\/\/www.bagesturisme.cat\/wp-content\/uploads\/2022\/03\/Celler-Collbaix-20-1536x1025.jpg 1536w, https:\/\/www.bagesturisme.cat\/wp-content\/uploads\/2022\/03\/Celler-Collbaix-20.jpg 2024w\" data-sizes=\"auto\" data-orig-sizes=\"(max-width: 599px) 100vw, 599px\" \/><\/h3>\r\n<h3>Visites als cellers<\/h3>\r\n<p><em>25, 26 de maig i 1,2 de juny al mat\u00ed<\/em><\/p>\r\n<p>La fira ViBa obre les portes dels cellers de la Ruta del vi de la DO Pla de Bages, i ofereix als visitants una oportunitat \u00fanica per gaudir d\u2019una visita guiada pels racons m\u00e9s singulars i tastar els seus deliciosos vins per nom\u00e9s 10\u20ac (infants gratu\u00eft).<\/p>\r\n<p style=\"text-align: center;\"><a href=\"\" class=\"btn btn-primary btn-md\"> Reserva <\/a>\r\n[\/vc_column_text][\/vc_column][vc_column width=\u00bb1\/4&#8243;][vc_column_text css=\u00bb\u00bb]\r\n<h3><img decoding=\"async\" class=\"lazyload alignnone size-medium wp-image-14197\" src=\"https:\/\/bagesturisme.cat\/wp-content\/uploads\/2024\/05\/firaviba_nitdepicapolls-047-600x400.jpg\" data-orig-src=\"https:\/\/bagesturisme.cat\/wp-content\/uploads\/2024\/05\/firaviba_nitdepicapolls-047-600x400.jpg\" alt=\"\" width=\"600\" height=\"400\" srcset=\"data:image\/svg+xml,%3Csvg%20xmlns%3D%27http%3A%2F%2Fwww.w3.org%2F2000%2Fsvg%27%20width%3D%27600%27%20height%3D%27400%27%20viewBox%3D%270%200%20600%20400%27%3E%3Crect%20width%3D%27600%27%20height%3D%27400%27%20fill-opacity%3D%220%22%2F%3E%3C%2Fsvg%3E\" data-srcset=\"https:\/\/www.bagesturisme.cat\/wp-content\/uploads\/2024\/05\/firaviba_nitdepicapolls-047-600x400.jpg 600w, https:\/\/www.bagesturisme.cat\/wp-content\/uploads\/2024\/05\/firaviba_nitdepicapolls-047-768x512.jpg 768w, https:\/\/www.bagesturisme.cat\/wp-content\/uploads\/2024\/05\/firaviba_nitdepicapolls-047-1280x853.jpg 1280w, https:\/\/www.bagesturisme.cat\/wp-content\/uploads\/2024\/05\/firaviba_nitdepicapolls-047-1536x1024.jpg 1536w, https:\/\/www.bagesturisme.cat\/wp-content\/uploads\/2024\/05\/firaviba_nitdepicapolls-047-scaled.jpg 2560w\" data-sizes=\"auto\" data-orig-sizes=\"(max-width: 600px) 100vw, 600px\" \/><\/h3>\r\n<h3>Fira al centre de Manresa<\/h3>\r\n<p><em>1 i 2 de juny a partir de les 18.00h<\/em><\/p>\r\n<p>Els cellers de la DO Pla de Bages es reuniran de nou al Pati del Casino per ensenyar-te i donar-te a tastar els seus deliciosos vins acompanyats d&#8217;una variada oferta gastron\u00f2mica amb food trucks i Mengem Bages, productors d\u2019oli del Bages, <strong>espectacles en directe<\/strong> i l\u2019<strong>espai infantil Most<\/strong>.\u00a0<\/p>\r\n<p style=\"text-align: center;\"><a href=\"\" class=\"btn btn-primary btn-md\"> M\u00e9s info<\/a>\r\n[\/vc_column_text][\/vc_column][\/vc_row][vc_row][vc_column width=\u00bb1\/3&#8243;][vc_column_text css=\u00bb\u00bb]\r\n<p><img decoding=\"async\" class=\"lazyload size-medium wp-image-14201\" src=\"https:\/\/bagesturisme.cat\/wp-content\/uploads\/2024\/05\/CFF0145-602x400.jpg\" data-orig-src=\"https:\/\/bagesturisme.cat\/wp-content\/uploads\/2024\/05\/CFF0145-602x400.jpg\" alt=\"\" width=\"602\" height=\"400\" srcset=\"data:image\/svg+xml,%3Csvg%20xmlns%3D%27http%3A%2F%2Fwww.w3.org%2F2000%2Fsvg%27%20width%3D%27602%27%20height%3D%27400%27%20viewBox%3D%270%200%20602%20400%27%3E%3Crect%20width%3D%27602%27%20height%3D%27400%27%20fill-opacity%3D%220%22%2F%3E%3C%2Fsvg%3E\" data-srcset=\"https:\/\/www.bagesturisme.cat\/wp-content\/uploads\/2024\/05\/CFF0145-602x400.jpg 602w, https:\/\/www.bagesturisme.cat\/wp-content\/uploads\/2024\/05\/CFF0145-768x510.jpg 768w, https:\/\/www.bagesturisme.cat\/wp-content\/uploads\/2024\/05\/CFF0145-1280x850.jpg 1280w, https:\/\/www.bagesturisme.cat\/wp-content\/uploads\/2024\/05\/CFF0145-1536x1020.jpg 1536w, https:\/\/www.bagesturisme.cat\/wp-content\/uploads\/2024\/05\/CFF0145.jpg 1890w\" data-sizes=\"auto\" data-orig-sizes=\"(max-width: 602px) 100vw, 602px\" \/><\/p>\r\n<h3>Festa de la Sal<\/h3>\r\n<p><em>Dissabte 1 i diumenge 2 de juny, Cardona<\/em><\/p>\r\n<p><span style=\"font-weight: 400;\">Viu a Cardona la festa m\u00e9s salada de l\u2019any: la pedra incorrupta i pura, garantia de vida i s\u00edmbol d\u2019abund\u00e0ncia ben arrelada a la hist\u00f2ria del municipi. <\/span><span style=\"font-weight: 400;\">Una festa on la cultura al carrer, el comer\u00e7 i l&#8217;artesania, la gastronomia i el patrimoni esdevenen els protagonistes.<\/span><\/p>\r\n<p style=\"text-align: center;\"><a href=\"https:\/\/www.festadelasal.com\/\" class=\"btn btn-primary btn-md\"> M\u00e9s info<\/a>\r\n[\/vc_column_text][\/vc_column][vc_column width=\u00bb1\/3&#8243;][vc_column_text css=\u00bb\u00bb]\r\n<h3><img decoding=\"async\" class=\"lazyload alignnone size-medium wp-image-14200\" src=\"https:\/\/bagesturisme.cat\/wp-content\/uploads\/2024\/05\/Logotip-BAP-2024-miniatura-563x400.jpg\" data-orig-src=\"https:\/\/bagesturisme.cat\/wp-content\/uploads\/2024\/05\/Logotip-BAP-2024-miniatura-563x400.jpg\" alt=\"\" width=\"563\" height=\"400\" srcset=\"data:image\/svg+xml,%3Csvg%20xmlns%3D%27http%3A%2F%2Fwww.w3.org%2F2000%2Fsvg%27%20width%3D%27563%27%20height%3D%27400%27%20viewBox%3D%270%200%20563%20400%27%3E%3Crect%20width%3D%27563%27%20height%3D%27400%27%20fill-opacity%3D%220%22%2F%3E%3C%2Fsvg%3E\" data-srcset=\"https:\/\/www.bagesturisme.cat\/wp-content\/uploads\/2024\/05\/Logotip-BAP-2024-miniatura-563x400.jpg 563w, https:\/\/www.bagesturisme.cat\/wp-content\/uploads\/2024\/05\/Logotip-BAP-2024-miniatura-768x546.jpg 768w, https:\/\/www.bagesturisme.cat\/wp-content\/uploads\/2024\/05\/Logotip-BAP-2024-miniatura.jpg 792w\" data-sizes=\"auto\" data-orig-sizes=\"(max-width: 563px) 100vw, 563px\" \/><\/h3>\r\n<h3>Benvinguts a Pag\u00e8s<\/h3>\r\n<p><em>Dissabte 1 i diumenge 2 de juny<\/em><\/p>\r\n<p><span style=\"font-weight: 400;\">Les explotacions del Bages obren les seves portes perqu\u00e8 pugueu sentir-vos pag\u00e8s o pagesa per un dia! Consulta les visites i activitats disponibles i reserva la que m\u00e9s t\u2019agradi!<\/span><\/p>\r\n<p>Aprofita el viatge per omplir el rebost amb productes locals o tasta&#8217;ls als restaurants de les 4 temporades gastron\u00f2miques del Bages.<\/p>\r\n<p style=\"text-align: center;\"><a href=\"https:\/\/benvingutsapages.cat\/edicio-2024\/?region%5B%5D=7\" class=\"btn btn-primary btn-md\"> Reserva <\/a>\r\n[\/vc_column_text][\/vc_column][vc_column width=\u00bb1\/3&#8243;][vc_column_text css=\u00bb\u00bb]\r\n<h3><img decoding=\"async\" class=\"lazyload alignnone size-medium wp-image-14202\" src=\"https:\/\/bagesturisme.cat\/wp-content\/uploads\/2024\/05\/7295733_orig-600x400.jpg\" data-orig-src=\"https:\/\/bagesturisme.cat\/wp-content\/uploads\/2024\/05\/7295733_orig-600x400.jpg\" alt=\"\" width=\"600\" height=\"400\" srcset=\"data:image\/svg+xml,%3Csvg%20xmlns%3D%27http%3A%2F%2Fwww.w3.org%2F2000%2Fsvg%27%20width%3D%27600%27%20height%3D%27400%27%20viewBox%3D%270%200%20600%20400%27%3E%3Crect%20width%3D%27600%27%20height%3D%27400%27%20fill-opacity%3D%220%22%2F%3E%3C%2Fsvg%3E\" data-srcset=\"https:\/\/www.bagesturisme.cat\/wp-content\/uploads\/2024\/05\/7295733_orig-600x400.jpg 600w, https:\/\/www.bagesturisme.cat\/wp-content\/uploads\/2024\/05\/7295733_orig-768x512.jpg 768w, https:\/\/www.bagesturisme.cat\/wp-content\/uploads\/2024\/05\/7295733_orig.jpg 1100w\" data-sizes=\"auto\" data-orig-sizes=\"(max-width: 600px) 100vw, 600px\" \/><\/h3>\r\n<h3>Fira del Vapor<\/h3>\r\n<p><em>Dissabte 1 i diumenge 2 de juny, Sant Vicen\u00e7 de Castellet<\/em><\/p>\r\n<p><span style=\"font-weight: 400;\">Un cap de setmana per endinsar-se a la vida quotidiana de Sant Vicen\u00e7 de Castellet entre 1868 i 1923, quan el ferrocarril i el batec de les f\u00e0briques t\u00e8xtils anaven amb vapor i poc a poc es passava d&#8217;una societat agr\u00e0ria a una industrial. Un aut\u00e8ntic viatge en el temps!<\/span><\/p>\r\n<p style=\"text-align: center;\"><a href=\"\" class=\"btn btn-primary btn-md\"> M\u00e9s info<\/a>\r\n[\/vc_column_text][\/vc_column][\/vc_row][vc_row full_width=\u00bbstretch_row_content\u00bb css=\u00bb.vc_custom_1616763033326{padding-top: 30px !important;padding-right: 40px !important;padding-bottom: 30px !important;padding-left: 40px !important;background-color: #ffffff !important;}\u00bb][vc_column][vc_text_separator title=\u00bbPLANIFICA LA TEVA ESTADA\u00bb][\/vc_column][vc_column width=\u00bb1\/4&#8243;][vc_btn title=\u00bbSegueix-nos!\u00bb style=\u00bbflat\u00bb color=\u00bbpink\u00bb size=\u00bblg\u00bb align=\u00bbcenter\u00bb i_icon_fontawesome=\u00bbfas fa-utensils\u00bb css_animation=\u00bbbottom-to-top\u00bb add_icon=\u00bbtrue\u00bb link=\u00bburl:http%3A%2F%2Finstagram.com%2Fbagesturisme|target:_blank\u00bb][\/vc_column][vc_column width=\u00bb1\/4&#8243;][vc_btn title=\u00bbRESTAURANTS\u00bb style=\u00bbflat\u00bb color=\u00bbviolet\u00bb size=\u00bblg\u00bb align=\u00bbcenter\u00bb i_icon_fontawesome=\u00bbfas fa-utensils\u00bb css_animation=\u00bbbottom-to-top\u00bb add_icon=\u00bbtrue\u00bb link=\u00bburl:http%3A%2F%2Fbagesturisme.cat%2Frestauracio|target:_blank\u00bb][\/vc_column][vc_column width=\u00bb1\/4&#8243;][vc_btn title=\u00bbALLOTJAMENTS\u00bb style=\u00bbflat\u00bb color=\u00bbviolet\u00bb size=\u00bblg\u00bb align=\u00bbcenter\u00bb i_icon_fontawesome=\u00bbfas fa-hotel\u00bb css_animation=\u00bbbottom-to-top\u00bb add_icon=\u00bbtrue\u00bb link=\u00bburl:http%3A%2F%2Fbagesturisme.cat%2Fallotjament\u00bb][\/vc_column][vc_column width=\u00bb1\/4&#8243;][vc_btn title=\u00bbSubscriu-te al butllet\u00ed\u00bb style=\u00bbflat\u00bb color=\u00bbpink\u00bb size=\u00bblg\u00bb align=\u00bbcenter\u00bb i_icon_fontawesome=\u00bbfas fa-hotel\u00bb css_animation=\u00bbbottom-to-top\u00bb add_icon=\u00bbtrue\u00bb link=\u00bburl:https%3A%2F%2Fmailchi.mp%2Fa59c34dec874%2Fnewsletter-bages-turisme\u00bb][\/vc_column][\/vc_row][vc_row][vc_column][vc_column_text]\r\n<h2>\u00a0<\/h2>\r\n<h2 style=\"text-align: center;\">Els allotjaments del Bages t&#8217;obren les portes<\/h2>\r\n[\/vc_column_text][\/vc_column][\/vc_row][vc_row][vc_column][vc_basic_grid post_type=\u00bballotjament\u00bb max_items=\u00bb-1&#8243; style=\u00bbpagination\u00bb items_per_page=\u00bb4&#8243; element_width=\u00bb3&#8243; gap=\u00bb10&#8243; orderby=\u00bbrand\u00bb arrows_design=\u00bbvc_arrow-icon-arrow_06_left\u00bb arrows_color=\u00bbgrey\u00bb loop=\u00bbyes\u00bb item=\u00bbmediaGrid_SlideInTitle\u00bb grid_id=\u00bbvc_gid:1715677464207-72a031da29aa5d2fd91697bb714db96f-4&#8243; taxonomies=\u00bb91&#8243; exclude=\u00bb100, 96, 21, 60, 89, 123, 73, 101, 96, 17, 51, 97, 3703, 117, 87, 74, 26&#8243; paging_animation_in=\u00bbslideInRight\u00bb][vc_column_text]\r\n<p style=\"text-align: center;\"><a href=\"https:\/\/bagesturisme.cat\/allotjament\/\" class=\"btn btn-primary btn-lg\">Queda&#8217;t a dormir al Bages!<\/a>\r\n[\/vc_column_text][\/vc_column][\/vc_row][vc_row full_width=\u00bbstretch_row_content\u00bb css=\u00bb.vc_custom_1616763033326{padding-top: 30px !important;padding-right: 40px !important;padding-bottom: 30px !important;padding-left: 40px !important;background-color: #ffffff !important;}\u00bb][vc_column][vc_column_text]\r\n<h1 style=\"text-align: center;\">Tots els camins et porten al Bages<\/h1>\r\n[\/vc_column_text][vc_row_inner][vc_column_inner][vc_single_image image=\u00bb9557&#8243; img_size=\u00bbfull\u00bb alignment=\u00bbcenter\u00bb][\/vc_column_inner][\/vc_row_inner][\/vc_column][\/vc_row][vc_row content_placement=\u00bbmiddle\u00bb][vc_column width=\u00bb1\/2&#8243;][vc_video link=\u00bbhttps:\/\/youtu.be\/iIo7USnbveg\u00bb][\/vc_column][vc_column width=\u00bb1\/2&#8243;][vc_column_text]\r\n<h2 style=\"text-align: center;\"><strong>El Bages, viu el plaer de descobrir-lo!<\/strong><\/h2>\r\n<p><i><span style=\"font-weight: 400;\">A tocar de les principals ciutats de Catalunya, hi ha guardat un gran secret. Amb la cara nord de Montserrat com a protagonista, el Bages \u00e9s un joia rural amagada; un indret allunyat de les aglomeracions i desconegut per molts, que sorpr\u00e8n per la seva autenticitat i car\u00e0cter.\u00a0<\/span><\/i><\/p>\r\n<p><i><span style=\"font-weight: 400;\">Visitar aquest territori \u00e9s tamb\u00e9 trepitjar el terra d\u2019un mar interior que va existir fa m\u00e9s de 40 milions d\u2019anys i que va desapar\u00e8ixer amb l\u2019aixecament dels Pirineus. Aquest antic mar declarat Geoparc Mundial UNESCO de la Catalunya Central ens ha deixat en her\u00e8ncia un ric patrimoni natural i geol\u00f2gic \u00fanic, que ha forjat paisatges de bosc i vinya incre\u00efbles, pobles on el temps s\u2019hi atura, cultura, tradicions i una oferta enogastron\u00f2mica per seduir els sentits.\u00a0<\/span><\/i><\/p>\r\n<h5 style=\"text-align: center;\"><strong>Aquesta primavera desconnecta al Bages<\/strong><strong>!<\/strong><\/h5>\r\n[\/vc_column_text][\/vc_column][\/vc_row][vc_row][vc_column][vc_gmaps link=\u00bb#E-8_JTNDaWZyYW1lJTIwc3JjJTNEJTIyaHR0cHMlM0ElMkYlMkZ3d3cuZ29vZ2xlLmNvbSUyRm1hcHMlMkZkJTJGdSUyRjAlMkZlbWJlZCUzRm1pZCUzRDE2dE55QjBlVkZYX2dUS2RzY0t4SEVLU0tNNGd3STFoZSUyMiUyMHdpZHRoJTNEJTIyNjQwJTIyJTIwaGVpZ2h0JTNEJTIyNDgwJTIyJTNFJTNDJTJGaWZyYW1lJTNF\u00bb title=\u00bbEl Bages\u00bb][\/vc_column][\/vc_row][vc_row][vc_column][vc_column_text][\/vc_column_text][\/vc_column][\/vc_row]<!-- \/wp:fl-builder\/layout --><\/p>\r\n<h1 style=\"text-align: center;\"><span style=\"color: #ffffff;\">Desconnecta al Bages aquesta primavera<\/span><\/h1>\r\n[\/vc_column_text][\/vc_column][\/vc_row][vc_row][vc_column][vc_column_text]\r\n<h2 style=\"text-align: center;\">Aquesta primavera et recomanem&#8230;<\/h2>\r\n[\/vc_column_text][\/vc_column][\/vc_row][vc_row][vc_column width=\u00bb1\/3&#8243;][vc_column_text css=\u00bb\u00bb]\r\n<h3><img decoding=\"async\" class=\"lazyload alignnone wp-image-14138 size-medium\" src=\"https:\/\/bagesturisme.cat\/wp-content\/uploads\/2024\/05\/anellament-ocells-bosc-i-vinya-2024-scaled-e1715680558493-600x400.jpg\" data-orig-src=\"https:\/\/bagesturisme.cat\/wp-content\/uploads\/2024\/05\/anellament-ocells-bosc-i-vinya-2024-scaled-e1715680558493-600x400.jpg\" alt=\"\" width=\"600\" height=\"400\" srcset=\"data:image\/svg+xml,%3Csvg%20xmlns%3D%27http%3A%2F%2Fwww.w3.org%2F2000%2Fsvg%27%20width%3D%27600%27%20height%3D%27400%27%20viewBox%3D%270%200%20600%20400%27%3E%3Crect%20width%3D%27600%27%20height%3D%27400%27%20fill-opacity%3D%220%22%2F%3E%3C%2Fsvg%3E\" data-srcset=\"https:\/\/www.bagesturisme.cat\/wp-content\/uploads\/2024\/05\/anellament-ocells-bosc-i-vinya-2024-scaled-e1715680558493-600x400.jpg 600w, https:\/\/www.bagesturisme.cat\/wp-content\/uploads\/2024\/05\/anellament-ocells-bosc-i-vinya-2024-scaled-e1715680558493-768x512.jpg 768w, https:\/\/www.bagesturisme.cat\/wp-content\/uploads\/2024\/05\/anellament-ocells-bosc-i-vinya-2024-scaled-e1715680558493-1280x853.jpg 1280w, https:\/\/www.bagesturisme.cat\/wp-content\/uploads\/2024\/05\/anellament-ocells-bosc-i-vinya-2024-scaled-e1715680558493-1536x1024.jpg 1536w, https:\/\/www.bagesturisme.cat\/wp-content\/uploads\/2024\/05\/anellament-ocells-bosc-i-vinya-2024-scaled-e1715680558493.jpg 1920w\" data-sizes=\"auto\" data-orig-sizes=\"(max-width: 600px) 100vw, 600px\" \/><\/h3>\r\n<h3>Cicle d&#8217;activitats Bosc i Vinya<\/h3>\r\n<p><em>Diumenges de maig i juny<\/em><\/p>\r\n<p>La Ruta del vi de la DO Pla de Bages continua amb el Cicle d\u2019activitats gratu\u00eftes de bosc i vinya; tot un conjunt de propostes relacionades amb el paisatge i la natura d\u2019aquest territori per aprofundir en el coneixement de la cultura de la vinya i el vi des d\u2019una vessant naturalista i sostenible.<\/p>\r\n<ul>\r\n<li>Anellament cient\u00edfic d&#8217;ocells<\/li>\r\n<li>Construcci\u00f3 d&#8217;un hotel d&#8217;insectes<\/li>\r\n<li>Reconeixement de plantes arom\u00e0tiques<\/li>\r\n<li>Construcci\u00f3 de caixes niu per ratpenats<\/li>\r\n<li>Descoberta de la pedra seca<\/li>\r\n<\/ul>\r\n<p style=\"text-align: center;\"><a href=\"https:\/\/www.rutadelvidobages.cat\/bosc-i-vinya\/\" class=\"btn btn-primary btn-md\"> INSCRIU-TE GRATIS <\/a>\r\n[\/vc_column_text][\/vc_column][vc_column width=\u00bb1\/3&#8243;][vc_column_text css=\u00bb\u00bb]\r\n<h3><img decoding=\"async\" class=\"lazyload alignnone size-medium wp-image-14116\" src=\"https:\/\/bagesturisme.cat\/wp-content\/uploads\/2024\/04\/Banner-ENG-Week-24-600x400.jpg\" data-orig-src=\"https:\/\/bagesturisme.cat\/wp-content\/uploads\/2024\/04\/Banner-ENG-Week-24-600x400.jpg\" alt=\"\" width=\"600\" height=\"400\" srcset=\"data:image\/svg+xml,%3Csvg%20xmlns%3D%27http%3A%2F%2Fwww.w3.org%2F2000%2Fsvg%27%20width%3D%27600%27%20height%3D%27400%27%20viewBox%3D%270%200%20600%20400%27%3E%3Crect%20width%3D%27600%27%20height%3D%27400%27%20fill-opacity%3D%220%22%2F%3E%3C%2Fsvg%3E\" data-srcset=\"https:\/\/www.bagesturisme.cat\/wp-content\/uploads\/2024\/04\/Banner-ENG-Week-24-600x400.jpg 600w, https:\/\/www.bagesturisme.cat\/wp-content\/uploads\/2024\/04\/Banner-ENG-Week-24-768x512.jpg 768w, https:\/\/www.bagesturisme.cat\/wp-content\/uploads\/2024\/04\/Banner-ENG-Week-24-1280x853.jpg 1280w, https:\/\/www.bagesturisme.cat\/wp-content\/uploads\/2024\/04\/Banner-ENG-Week-24-1536x1024.jpg 1536w, https:\/\/www.bagesturisme.cat\/wp-content\/uploads\/2024\/04\/Banner-ENG-Week-24-scaled.jpg 2560w\" data-sizes=\"auto\" data-orig-sizes=\"(max-width: 600px) 100vw, 600px\" \/><\/h3>\r\n<h3>Viu la setmana dels Geoparcs europeus<\/h3>\r\n<p><em>Del 18 de maig al 2 de juny<\/em><\/p>\r\n<p><span style=\"font-weight: 400;\">El Geoparc de la Catalunya central celebra la setmana del Geoparcs Europeus que pret\u00e9n posar en valor l&#8217;incre\u00efble patrimoni geol\u00f2gic dels diversos territoris d&#8217;Europa que alberguen un Geoparc.\u00a0 <\/span><span style=\"font-weight: 400;\">T&#8217;hi esperen <strong>una vintena de propostes<\/strong> l&#8217;udiques entre excursions, sortejos i moltes altres experi\u00e8ncies per tastar, trapitjar i viure l&#8217;antic mar interior que fa m\u00e9s de 36 milions d&#8217;anys banyava la Catalunya Central! <\/span><i><\/i><\/p>\r\n<p style=\"text-align: center;\"><a href=\"https:\/\/www.geoparc.cat\/el-geoparc-unesco-de-la-catalunya-central-celebra-la-setmana-dels-geoparcs-europeus-amb-una-vintena-de-propostes\/#\" class=\"btn btn-primary btn-md\"> Programa<\/a>\r\n[\/vc_column_text][\/vc_column][vc_column width=\u00bb1\/3&#8243;][vc_column_text css=\u00bb\u00bb]\r\n<h3><img decoding=\"async\" class=\"lazyload alignnone size-medium wp-image-9810\" src=\"https:\/\/bagesturisme.cat\/wp-content\/uploads\/2021\/04\/BT18_097_Museu_tecnica_Manresa-600x400.jpg\" data-orig-src=\"https:\/\/bagesturisme.cat\/wp-content\/uploads\/2021\/04\/BT18_097_Museu_tecnica_Manresa-600x400.jpg\" alt=\"\" width=\"600\" height=\"400\" srcset=\"data:image\/svg+xml,%3Csvg%20xmlns%3D%27http%3A%2F%2Fwww.w3.org%2F2000%2Fsvg%27%20width%3D%27600%27%20height%3D%27400%27%20viewBox%3D%270%200%20600%20400%27%3E%3Crect%20width%3D%27600%27%20height%3D%27400%27%20fill-opacity%3D%220%22%2F%3E%3C%2Fsvg%3E\" data-srcset=\"https:\/\/www.bagesturisme.cat\/wp-content\/uploads\/2021\/04\/BT18_097_Museu_tecnica_Manresa-600x400.jpg 600w, https:\/\/www.bagesturisme.cat\/wp-content\/uploads\/2021\/04\/BT18_097_Museu_tecnica_Manresa-768x512.jpg 768w, https:\/\/www.bagesturisme.cat\/wp-content\/uploads\/2021\/04\/BT18_097_Museu_tecnica_Manresa-1280x853.jpg 1280w, https:\/\/www.bagesturisme.cat\/wp-content\/uploads\/2021\/04\/BT18_097_Museu_tecnica_Manresa.jpg 1500w\" data-sizes=\"auto\" data-orig-sizes=\"(max-width: 600px) 100vw, 600px\" \/><\/h3>\r\n<h3>Portes obertes als museus<\/h3>\r\n<p><em>Dissabte 18 de maig a partir de les 10h<\/em><\/p>\r\n<p><span style=\"font-weight: 400;\">Amb motiu del Dia internacional dels museus, els museus del Bages obren les seves portes gratu\u00eftament! Aprofita i gaudeix de les seves obres: t&#8217;agrada el barroc o ets m\u00e9s de ci\u00e8ncia? Apropa&#8217;t i experimenta les originals propostes que han preparat per a tots els p\u00fablics:<\/span><\/p>\r\n<ul>\r\n<li><a href=\"https:\/\/seudemanresa.cat\/dia-internacional-dels-museus-2024\/\">Bas\u00edlica de la Seu<\/a> (Manresa)<\/li>\r\n<li><a href=\"https:\/\/museudelbarroc.cat\/dia-internacional-dels-museus\/\">Museu del Barroc de Catalunya<\/a> (Manresa)<\/li>\r\n<li><a href=\"https:\/\/www.santfruitos.cat\/actualitat\/noticies\/sant-fruitos-se-suma-al-dia-internacional-dels-museus-amb-una-jornada-de-portes-obertes-i-un-tast-de-vins-i-formatges\">Museu de la mem\u00f2ria de la vinya i el vi<\/a> (Sant Fruit\u00f3s de Bages)<\/li>\r\n<li><a href=\"https:\/\/www.parcdelasequia.cat\/agenda\/portes-obertes-al-museu-de-laigua-i-el-textil-2\/\">Museu de l&#8217;Aigua i el T\u00e8xtil<\/a> (Manresa)<\/li>\r\n<li><a href=\"https:\/\/www.parcdelasequia.cat\/agenda\/historia-de-la-casa-de-la-culla-dim\/\">Casa de la Culla<\/a> (Manresa)<\/li>\r\n<li><a href=\"https:\/\/geomuseu.upc.edu\/index.php\/es\/inici-espanol\/\">Museu de geologia Valent\u00ed Masachs<\/a> (Manresa)<\/li>\r\n<\/ul>\r\n[\/vc_column_text][\/vc_column][\/vc_row][vc_row][vc_column width=\u00bb1\/3&#8243;][vc_column_text]\r\n<h3><img decoding=\"async\" class=\"lazyload alignnone size-medium wp-image-14107\" src=\"https:\/\/bagesturisme.cat\/wp-content\/uploads\/2024\/04\/ballada-centra-placa-600x400.jpg\" data-orig-src=\"https:\/\/bagesturisme.cat\/wp-content\/uploads\/2024\/04\/ballada-centra-placa-600x400.jpg\" alt=\"\" width=\"600\" height=\"400\" srcset=\"data:image\/svg+xml,%3Csvg%20xmlns%3D%27http%3A%2F%2Fwww.w3.org%2F2000%2Fsvg%27%20width%3D%27600%27%20height%3D%27400%27%20viewBox%3D%270%200%20600%20400%27%3E%3Crect%20width%3D%27600%27%20height%3D%27400%27%20fill-opacity%3D%220%22%2F%3E%3C%2Fsvg%3E\" data-srcset=\"https:\/\/www.bagesturisme.cat\/wp-content\/uploads\/2024\/04\/ballada-centra-placa-600x400.jpg 600w, https:\/\/www.bagesturisme.cat\/wp-content\/uploads\/2024\/04\/ballada-centra-placa-768x512.jpg 768w, https:\/\/www.bagesturisme.cat\/wp-content\/uploads\/2024\/04\/ballada-centra-placa.jpg 1024w\" data-sizes=\"auto\" data-orig-sizes=\"(max-width: 600px) 100vw, 600px\" \/><\/h3>\r\n<h3>Les Gitanes de Sant Vicen\u00e7 de Castellet<\/h3>\r\n<p><em>Dissabte 18 i diumenge 19 de maig<\/em><\/p>\r\n<p><span style=\"font-weight: 400;\">Amb m\u00e9s de 115 anys d\u2019hist\u00f2ria, les colles dansaires de Sant Vicen\u00e7 de Castellet amb un total de m\u00e9s de 300 balladors i balladores s\u2019apleguen a la Pla\u00e7a de l\u2019Ajuntament per ballar i gaudir de les peces musicals interpretades per la cobla envoltat dels colors del vestuari i la brillantor de la pla\u00e7a engalanada per a l\u2019ocasi\u00f3.<\/span><\/p>\r\n<p style=\"text-align: center;\"><a href=\"https:\/\/www.lesgitanes.cat\/\" class=\"btn btn-primary btn-md\"> M\u00e9s info <\/a>\r\n[\/vc_column_text][\/vc_column][vc_column width=\u00bb1\/3&#8243;][vc_column_text]<img decoding=\"async\" class=\"lazyload alignnone wp-image-12677 size-medium\" src=\"data:image\/svg+xml,%3Csvg%20xmlns%3D%27http%3A%2F%2Fwww.w3.org%2F2000%2Fsvg%27%20width%3D%27400%27%20height%3D%27400%27%20viewBox%3D%270%200%20400%20400%27%3E%3Crect%20width%3D%27400%27%20height%3D%27400%27%20fill-opacity%3D%220%22%2F%3E%3C%2Fsvg%3E\" data-orig-src=\"https:\/\/bagesturisme.cat\/wp-content\/uploads\/2023\/03\/geotok-def-002-1024x1024-1-400x400.jpeg\" alt=\"\" width=\"400\" height=\"400\" \/><\/p>\r\n<h3>GEOTOK, LA VUITENA MERAVELLA<\/h3>\r\n<p><em>Caps de setman i festius a les 10.45h, 11.45h i 12.45h<\/em><\/p>\r\n<p>\u201cGeoTok, la vuitena meravella\u201d \u00e9s una visita teatralitzada enfocada al p\u00fablic familiar per descobrir la formaci\u00f3 i la hist\u00f2ria de la Muntanya de Sal de Cardona d\u2019una manera l\u00fadica i innovadora. Els GeoTeam s\u00f3n un grup de ge\u00f2legs TikTokers que s\u2019han proposat participar al repte mundial #EighthWonder, per buscar la vuitena meravella del m\u00f3n, els ajudes?<\/p>\r\n<p style=\"text-align: center;\"><a href=\"https:\/\/cardonaturisme.cat\/ca\/que-fer-hi\/parc-cultural-muntanya-de-sal\/visita-teatralitzada-al-pcms-projecte-alquimia-el-secret-del-liber-salis\/\" class=\"btn btn-primary btn-md\"> Reserva<\/a>\r\n[\/vc_column_text][\/vc_column][vc_column width=\u00bb1\/3&#8243;][vc_column_text]\r\n<h3><img decoding=\"async\" class=\"lazyload alignnone size-medium wp-image-14114\" src=\"https:\/\/bagesturisme.cat\/wp-content\/uploads\/2024\/04\/PROMO-scaled-1-600x400.jpg\" data-orig-src=\"https:\/\/bagesturisme.cat\/wp-content\/uploads\/2024\/04\/PROMO-scaled-1-600x400.jpg\" alt=\"\" width=\"600\" height=\"400\" srcset=\"data:image\/svg+xml,%3Csvg%20xmlns%3D%27http%3A%2F%2Fwww.w3.org%2F2000%2Fsvg%27%20width%3D%27600%27%20height%3D%27400%27%20viewBox%3D%270%200%20600%20400%27%3E%3Crect%20width%3D%27600%27%20height%3D%27400%27%20fill-opacity%3D%220%22%2F%3E%3C%2Fsvg%3E\" data-srcset=\"https:\/\/www.bagesturisme.cat\/wp-content\/uploads\/2024\/04\/PROMO-scaled-1-600x400.jpg 600w, https:\/\/www.bagesturisme.cat\/wp-content\/uploads\/2024\/04\/PROMO-scaled-1-768x512.jpg 768w, https:\/\/www.bagesturisme.cat\/wp-content\/uploads\/2024\/04\/PROMO-scaled-1-1280x854.jpg 1280w, https:\/\/www.bagesturisme.cat\/wp-content\/uploads\/2024\/04\/PROMO-scaled-1-1536x1024.jpg 1536w, https:\/\/www.bagesturisme.cat\/wp-content\/uploads\/2024\/04\/PROMO-scaled-1.jpg 2560w\" data-sizes=\"auto\" data-orig-sizes=\"(max-width: 600px) 100vw, 600px\" \/><\/h3>\r\n<h3>Concert d&#8217;Udol\u00e7 a la Torre Modernista Abadal<\/h3>\r\n<p><em>Diumenge 19 de maig\u00a0 (a les 12h i 18h)<\/em><\/p>\r\n<p>Endinsa&#8217;t en un viatge sensorial de la m\u00e0 del duet Udol\u00e7 amb una proposta musical ben original a la fabulosa Torre Modernista Abadal d&#8217;Aviny\u00f3. Alba Careta i Henrio emprenen un viatge on\u00edric per diverses\u00a0 can\u00e7ons de bressol, principalment de les comarques gironines i recollides en l\u2019arxiu del C\u00e0ntut. No t\u2019ho perdis!<\/p>\r\n<p style=\"text-align: center;\"><a href=\"https:\/\/www.torreabadal.com\/experiencies\/concert-especial-udolc-alba-careta-i-henrio\/\" class=\"btn btn-primary btn-md\"> Reserva<\/a>\r\n[\/vc_column_text][\/vc_column][\/vc_row][vc_row full_width=\u00bbstretch_row_content\u00bb css=\u00bb.vc_custom_1616763033326{padding-top: 30px !important;padding-right: 40px !important;padding-bottom: 30px !important;padding-left: 40px !important;background-color: #ffffff !important;}\u00bb][vc_column][vc_single_image image=\u00bb14199&#8243; img_size=\u00bblarge\u00bb alignment=\u00bbcenter\u00bb onclick=\u00bbcustom_link\u00bb css=\u00bb\u00bb link=\u00bbhttp:\/\/www.firaviba.cat\/programa\/\u00bb][\/vc_column][\/vc_row][vc_row][vc_column width=\u00bb1\/4&#8243;][vc_column_text css=\u00bb\u00bb]\r\n<h3><img decoding=\"async\" class=\"lazyload alignnone size-medium wp-image-12632\" src=\"https:\/\/bagesturisme.cat\/wp-content\/uploads\/2023\/03\/avinyo_pedraseca_maig_fortuny-001-601x400.jpg\" data-orig-src=\"https:\/\/bagesturisme.cat\/wp-content\/uploads\/2023\/03\/avinyo_pedraseca_maig_fortuny-001-601x400.jpg\" alt=\"Barraca de pedra seca amb lliris\" width=\"601\" height=\"400\" srcset=\"data:image\/svg+xml,%3Csvg%20xmlns%3D%27http%3A%2F%2Fwww.w3.org%2F2000%2Fsvg%27%20width%3D%27601%27%20height%3D%27400%27%20viewBox%3D%270%200%20601%20400%27%3E%3Crect%20width%3D%27601%27%20height%3D%27400%27%20fill-opacity%3D%220%22%2F%3E%3C%2Fsvg%3E\" data-srcset=\"https:\/\/www.bagesturisme.cat\/wp-content\/uploads\/2023\/03\/avinyo_pedraseca_maig_fortuny-001-601x400.jpg 601w, https:\/\/www.bagesturisme.cat\/wp-content\/uploads\/2023\/03\/avinyo_pedraseca_maig_fortuny-001-768x511.jpg 768w, https:\/\/www.bagesturisme.cat\/wp-content\/uploads\/2023\/03\/avinyo_pedraseca_maig_fortuny-001-1280x852.jpg 1280w, https:\/\/www.bagesturisme.cat\/wp-content\/uploads\/2023\/03\/avinyo_pedraseca_maig_fortuny-001-1536x1022.jpg 1536w, https:\/\/www.bagesturisme.cat\/wp-content\/uploads\/2023\/03\/avinyo_pedraseca_maig_fortuny-001.jpg 2200w\" data-sizes=\"auto\" data-orig-sizes=\"(max-width: 601px) 100vw, 601px\" \/><\/h3>\r\n<h3>Visites al patrimoni vitivin\u00edcola<\/h3>\r\n<p><em>25, 26 de maig i 1, 2 de juny al mat\u00ed<\/em><\/p>\r\n<p>Coneix el llegat llegat de la hist\u00f2ria vin\u00edcola del Bages a trav\u00e9s d&#8217;una a\u00e0mplia varietat de visites i d&#8217;itineraris guiats per entendre i posar en valor el seu present, i fomentar la cultura del vi i el turisme de proximitat.\u00a0<\/p>\r\n<p style=\"text-align: center;\"><a href=\"\" class=\"btn btn-primary btn-md\"> Reserva <\/a>\r\n[\/vc_column_text][\/vc_column][vc_column width=\u00bb1\/4&#8243;][vc_column_text css=\u00bb\u00bb]\r\n<h3><img decoding=\"async\" class=\"lazyload alignnone size-medium wp-image-14196\" src=\"https:\/\/bagesturisme.cat\/wp-content\/uploads\/2024\/05\/firaviba_nitdepicapolls-127-600x400.jpg\" data-orig-src=\"https:\/\/bagesturisme.cat\/wp-content\/uploads\/2024\/05\/firaviba_nitdepicapolls-127-600x400.jpg\" alt=\"\" width=\"600\" height=\"400\" srcset=\"data:image\/svg+xml,%3Csvg%20xmlns%3D%27http%3A%2F%2Fwww.w3.org%2F2000%2Fsvg%27%20width%3D%27600%27%20height%3D%27400%27%20viewBox%3D%270%200%20600%20400%27%3E%3Crect%20width%3D%27600%27%20height%3D%27400%27%20fill-opacity%3D%220%22%2F%3E%3C%2Fsvg%3E\" data-srcset=\"https:\/\/www.bagesturisme.cat\/wp-content\/uploads\/2024\/05\/firaviba_nitdepicapolls-127-600x400.jpg 600w, https:\/\/www.bagesturisme.cat\/wp-content\/uploads\/2024\/05\/firaviba_nitdepicapolls-127-768x512.jpg 768w, https:\/\/www.bagesturisme.cat\/wp-content\/uploads\/2024\/05\/firaviba_nitdepicapolls-127-1280x853.jpg 1280w, https:\/\/www.bagesturisme.cat\/wp-content\/uploads\/2024\/05\/firaviba_nitdepicapolls-127-1536x1024.jpg 1536w, https:\/\/www.bagesturisme.cat\/wp-content\/uploads\/2024\/05\/firaviba_nitdepicapolls-127-scaled.jpg 2560w\" data-sizes=\"auto\" data-orig-sizes=\"(max-width: 600px) 100vw, 600px\" \/><\/h3>\r\n<h3>Nit de picapolls<\/h3>\r\n<p><em>Divendres 31 de maig a les 20.00h<\/em><\/p>\r\n<p>Vine a gaudir de la gran Nit de Picapolls! Una nit m\u00e0gica per tastar els vins elaborats amb picapoll, la varietat aut\u00f2ctona de la DO Pla de Bages, i gaudir d\u2019un sopar amb del\u00edcies gastron\u00f2miques d\u2019alguns dels restaurants de la comarca.<\/p>\r\n<p style=\"text-align: center;\"><a href=\"https:\/\/www.instagram.com\/firafiladores\/\" class=\"btn btn-primary btn-md\"> RESERVA<\/a>\r\n[\/vc_column_text][\/vc_column][vc_column width=\u00bb1\/4&#8243;][vc_column_text css=\u00bb\u00bb]\r\n<h3><img decoding=\"async\" class=\"lazyload alignnone size-medium wp-image-11102\" src=\"https:\/\/bagesturisme.cat\/wp-content\/uploads\/2022\/03\/Celler-Collbaix-20-599x400.jpg\" data-orig-src=\"https:\/\/bagesturisme.cat\/wp-content\/uploads\/2022\/03\/Celler-Collbaix-20-599x400.jpg\" alt=\"\" width=\"599\" height=\"400\" srcset=\"data:image\/svg+xml,%3Csvg%20xmlns%3D%27http%3A%2F%2Fwww.w3.org%2F2000%2Fsvg%27%20width%3D%27599%27%20height%3D%27400%27%20viewBox%3D%270%200%20599%20400%27%3E%3Crect%20width%3D%27599%27%20height%3D%27400%27%20fill-opacity%3D%220%22%2F%3E%3C%2Fsvg%3E\" data-srcset=\"https:\/\/www.bagesturisme.cat\/wp-content\/uploads\/2022\/03\/Celler-Collbaix-20-599x400.jpg 599w, https:\/\/www.bagesturisme.cat\/wp-content\/uploads\/2022\/03\/Celler-Collbaix-20-768x513.jpg 768w, https:\/\/www.bagesturisme.cat\/wp-content\/uploads\/2022\/03\/Celler-Collbaix-20-1280x854.jpg 1280w, https:\/\/www.bagesturisme.cat\/wp-content\/uploads\/2022\/03\/Celler-Collbaix-20-1536x1025.jpg 1536w, https:\/\/www.bagesturisme.cat\/wp-content\/uploads\/2022\/03\/Celler-Collbaix-20.jpg 2024w\" data-sizes=\"auto\" data-orig-sizes=\"(max-width: 599px) 100vw, 599px\" \/><\/h3>\r\n<h3>Visites als cellers<\/h3>\r\n<p><em>25, 26 de maig i 1,2 de juny al mat\u00ed<\/em><\/p>\r\n<p>La fira ViBa obre les portes dels cellers de la Ruta del vi de la DO Pla de Bages, i ofereix als visitants una oportunitat \u00fanica per gaudir d\u2019una visita guiada pels racons m\u00e9s singulars i tastar els seus deliciosos vins per nom\u00e9s 10\u20ac (infants gratu\u00eft).<\/p>\r\n<p style=\"text-align: center;\"><a href=\"\" class=\"btn btn-primary btn-md\"> Reserva <\/a>\r\n[\/vc_column_text][\/vc_column][vc_column width=\u00bb1\/4&#8243;][vc_column_text css=\u00bb\u00bb]\r\n<h3><img decoding=\"async\" class=\"lazyload alignnone size-medium wp-image-14197\" src=\"https:\/\/bagesturisme.cat\/wp-content\/uploads\/2024\/05\/firaviba_nitdepicapolls-047-600x400.jpg\" data-orig-src=\"https:\/\/bagesturisme.cat\/wp-content\/uploads\/2024\/05\/firaviba_nitdepicapolls-047-600x400.jpg\" alt=\"\" width=\"600\" height=\"400\" srcset=\"data:image\/svg+xml,%3Csvg%20xmlns%3D%27http%3A%2F%2Fwww.w3.org%2F2000%2Fsvg%27%20width%3D%27600%27%20height%3D%27400%27%20viewBox%3D%270%200%20600%20400%27%3E%3Crect%20width%3D%27600%27%20height%3D%27400%27%20fill-opacity%3D%220%22%2F%3E%3C%2Fsvg%3E\" data-srcset=\"https:\/\/www.bagesturisme.cat\/wp-content\/uploads\/2024\/05\/firaviba_nitdepicapolls-047-600x400.jpg 600w, https:\/\/www.bagesturisme.cat\/wp-content\/uploads\/2024\/05\/firaviba_nitdepicapolls-047-768x512.jpg 768w, https:\/\/www.bagesturisme.cat\/wp-content\/uploads\/2024\/05\/firaviba_nitdepicapolls-047-1280x853.jpg 1280w, https:\/\/www.bagesturisme.cat\/wp-content\/uploads\/2024\/05\/firaviba_nitdepicapolls-047-1536x1024.jpg 1536w, https:\/\/www.bagesturisme.cat\/wp-content\/uploads\/2024\/05\/firaviba_nitdepicapolls-047-scaled.jpg 2560w\" data-sizes=\"auto\" data-orig-sizes=\"(max-width: 600px) 100vw, 600px\" \/><\/h3>\r\n<h3>Fira al centre de Manresa<\/h3>\r\n<p><em>1 i 2 de juny a partir de les 18.00h<\/em><\/p>\r\n<p>Els cellers de la DO Pla de Bages es reuniran de nou al Pati del Casino per ensenyar-te i donar-te a tastar els seus deliciosos vins acompanyats d&#8217;una variada oferta gastron\u00f2mica amb food trucks i Mengem Bages, productors d\u2019oli del Bages, <strong>espectacles en directe<\/strong> i l\u2019<strong>espai infantil Most<\/strong>.\u00a0<\/p>\r\n<p style=\"text-align: center;\"><a href=\"\" class=\"btn btn-primary btn-md\"> M\u00e9s info<\/a>\r\n[\/vc_column_text][\/vc_column][\/vc_row][vc_row][vc_column width=\u00bb1\/3&#8243;][vc_column_text css=\u00bb\u00bb]\r\n<p><img decoding=\"async\" class=\"lazyload size-medium wp-image-14201\" src=\"https:\/\/bagesturisme.cat\/wp-content\/uploads\/2024\/05\/CFF0145-602x400.jpg\" data-orig-src=\"https:\/\/bagesturisme.cat\/wp-content\/uploads\/2024\/05\/CFF0145-602x400.jpg\" alt=\"\" width=\"602\" height=\"400\" srcset=\"data:image\/svg+xml,%3Csvg%20xmlns%3D%27http%3A%2F%2Fwww.w3.org%2F2000%2Fsvg%27%20width%3D%27602%27%20height%3D%27400%27%20viewBox%3D%270%200%20602%20400%27%3E%3Crect%20width%3D%27602%27%20height%3D%27400%27%20fill-opacity%3D%220%22%2F%3E%3C%2Fsvg%3E\" data-srcset=\"https:\/\/www.bagesturisme.cat\/wp-content\/uploads\/2024\/05\/CFF0145-602x400.jpg 602w, https:\/\/www.bagesturisme.cat\/wp-content\/uploads\/2024\/05\/CFF0145-768x510.jpg 768w, https:\/\/www.bagesturisme.cat\/wp-content\/uploads\/2024\/05\/CFF0145-1280x850.jpg 1280w, https:\/\/www.bagesturisme.cat\/wp-content\/uploads\/2024\/05\/CFF0145-1536x1020.jpg 1536w, https:\/\/www.bagesturisme.cat\/wp-content\/uploads\/2024\/05\/CFF0145.jpg 1890w\" data-sizes=\"auto\" data-orig-sizes=\"(max-width: 602px) 100vw, 602px\" \/><\/p>\r\n<h3>Festa de la Sal<\/h3>\r\n<p><em>Dissabte 1 i diumenge 2 de juny, Cardona<\/em><\/p>\r\n<p><span style=\"font-weight: 400;\">Viu a Cardona la festa m\u00e9s salada de l\u2019any: la pedra incorrupta i pura, garantia de vida i s\u00edmbol d\u2019abund\u00e0ncia ben arrelada a la hist\u00f2ria del municipi. <\/span><span style=\"font-weight: 400;\">Una festa on la cultura al carrer, el comer\u00e7 i l&#8217;artesania, la gastronomia i el patrimoni esdevenen els protagonistes.<\/span><\/p>\r\n<p style=\"text-align: center;\"><a href=\"https:\/\/www.festadelasal.com\/\" class=\"btn btn-primary btn-md\"> M\u00e9s info<\/a>\r\n[\/vc_column_text][\/vc_column][vc_column width=\u00bb1\/3&#8243;][vc_column_text css=\u00bb\u00bb]\r\n<h3><img decoding=\"async\" class=\"lazyload alignnone size-medium wp-image-14200\" src=\"https:\/\/bagesturisme.cat\/wp-content\/uploads\/2024\/05\/Logotip-BAP-2024-miniatura-563x400.jpg\" data-orig-src=\"https:\/\/bagesturisme.cat\/wp-content\/uploads\/2024\/05\/Logotip-BAP-2024-miniatura-563x400.jpg\" alt=\"\" width=\"563\" height=\"400\" srcset=\"data:image\/svg+xml,%3Csvg%20xmlns%3D%27http%3A%2F%2Fwww.w3.org%2F2000%2Fsvg%27%20width%3D%27563%27%20height%3D%27400%27%20viewBox%3D%270%200%20563%20400%27%3E%3Crect%20width%3D%27563%27%20height%3D%27400%27%20fill-opacity%3D%220%22%2F%3E%3C%2Fsvg%3E\" data-srcset=\"https:\/\/www.bagesturisme.cat\/wp-content\/uploads\/2024\/05\/Logotip-BAP-2024-miniatura-563x400.jpg 563w, https:\/\/www.bagesturisme.cat\/wp-content\/uploads\/2024\/05\/Logotip-BAP-2024-miniatura-768x546.jpg 768w, https:\/\/www.bagesturisme.cat\/wp-content\/uploads\/2024\/05\/Logotip-BAP-2024-miniatura.jpg 792w\" data-sizes=\"auto\" data-orig-sizes=\"(max-width: 563px) 100vw, 563px\" \/><\/h3>\r\n<h3>Benvinguts a Pag\u00e8s<\/h3>\r\n<p><em>Dissabte 1 i diumenge 2 de juny<\/em><\/p>\r\n<p><span style=\"font-weight: 400;\">Les explotacions del Bages obren les seves portes perqu\u00e8 pugueu sentir-vos pag\u00e8s o pagesa per un dia! Consulta les visites i activitats disponibles i reserva la que m\u00e9s t\u2019agradi!<\/span><\/p>\r\n<p>Aprofita el viatge per omplir el rebost amb productes locals o tasta&#8217;ls als restaurants de les 4 temporades gastron\u00f2miques del Bages.<\/p>\r\n<p style=\"text-align: center;\"><a href=\"https:\/\/benvingutsapages.cat\/edicio-2024\/?region%5B%5D=7\" class=\"btn btn-primary btn-md\"> Reserva <\/a>\r\n[\/vc_column_text][\/vc_column][vc_column width=\u00bb1\/3&#8243;][vc_column_text css=\u00bb\u00bb]\r\n<h3><img decoding=\"async\" class=\"lazyload alignnone size-medium wp-image-14202\" src=\"https:\/\/bagesturisme.cat\/wp-content\/uploads\/2024\/05\/7295733_orig-600x400.jpg\" data-orig-src=\"https:\/\/bagesturisme.cat\/wp-content\/uploads\/2024\/05\/7295733_orig-600x400.jpg\" alt=\"\" width=\"600\" height=\"400\" srcset=\"data:image\/svg+xml,%3Csvg%20xmlns%3D%27http%3A%2F%2Fwww.w3.org%2F2000%2Fsvg%27%20width%3D%27600%27%20height%3D%27400%27%20viewBox%3D%270%200%20600%20400%27%3E%3Crect%20width%3D%27600%27%20height%3D%27400%27%20fill-opacity%3D%220%22%2F%3E%3C%2Fsvg%3E\" data-srcset=\"https:\/\/www.bagesturisme.cat\/wp-content\/uploads\/2024\/05\/7295733_orig-600x400.jpg 600w, https:\/\/www.bagesturisme.cat\/wp-content\/uploads\/2024\/05\/7295733_orig-768x512.jpg 768w, https:\/\/www.bagesturisme.cat\/wp-content\/uploads\/2024\/05\/7295733_orig.jpg 1100w\" data-sizes=\"auto\" data-orig-sizes=\"(max-width: 600px) 100vw, 600px\" \/><\/h3>\r\n<h3>Fira del Vapor<\/h3>\r\n<p><em>Dissabte 1 i diumenge 2 de juny, Sant Vicen\u00e7 de Castellet<\/em><\/p>\r\n<p><span style=\"font-weight: 400;\">Un cap de setmana per endinsar-se a la vida quotidiana de Sant Vicen\u00e7 de Castellet entre 1868 i 1923, quan el ferrocarril i el batec de les f\u00e0briques t\u00e8xtils anaven amb vapor i poc a poc es passava d&#8217;una societat agr\u00e0ria a una industrial. Un aut\u00e8ntic viatge en el temps!<\/span><\/p>\r\n<p style=\"text-align: center;\"><a href=\"\" class=\"btn btn-primary btn-md\"> M\u00e9s info<\/a>\r\n[\/vc_column_text][\/vc_column][\/vc_row][vc_row full_width=\u00bbstretch_row_content\u00bb css=\u00bb.vc_custom_1616763033326{padding-top: 30px !important;padding-right: 40px !important;padding-bottom: 30px !important;padding-left: 40px !important;background-color: #ffffff !important;}\u00bb][vc_column][vc_text_separator title=\u00bbPLANIFICA LA TEVA ESTADA\u00bb][\/vc_column][vc_column width=\u00bb1\/4&#8243;][vc_btn title=\u00bbSegueix-nos!\u00bb style=\u00bbflat\u00bb color=\u00bbpink\u00bb size=\u00bblg\u00bb align=\u00bbcenter\u00bb i_icon_fontawesome=\u00bbfas fa-utensils\u00bb css_animation=\u00bbbottom-to-top\u00bb add_icon=\u00bbtrue\u00bb link=\u00bburl:http%3A%2F%2Finstagram.com%2Fbagesturisme|target:_blank\u00bb][\/vc_column][vc_column width=\u00bb1\/4&#8243;][vc_btn title=\u00bbRESTAURANTS\u00bb style=\u00bbflat\u00bb color=\u00bbviolet\u00bb size=\u00bblg\u00bb align=\u00bbcenter\u00bb i_icon_fontawesome=\u00bbfas fa-utensils\u00bb css_animation=\u00bbbottom-to-top\u00bb add_icon=\u00bbtrue\u00bb link=\u00bburl:http%3A%2F%2Fbagesturisme.cat%2Frestauracio|target:_blank\u00bb][\/vc_column][vc_column width=\u00bb1\/4&#8243;][vc_btn title=\u00bbALLOTJAMENTS\u00bb style=\u00bbflat\u00bb color=\u00bbviolet\u00bb size=\u00bblg\u00bb align=\u00bbcenter\u00bb i_icon_fontawesome=\u00bbfas fa-hotel\u00bb css_animation=\u00bbbottom-to-top\u00bb add_icon=\u00bbtrue\u00bb link=\u00bburl:http%3A%2F%2Fbagesturisme.cat%2Fallotjament\u00bb][\/vc_column][vc_column width=\u00bb1\/4&#8243;][vc_btn title=\u00bbSubscriu-te al butllet\u00ed\u00bb style=\u00bbflat\u00bb color=\u00bbpink\u00bb size=\u00bblg\u00bb align=\u00bbcenter\u00bb i_icon_fontawesome=\u00bbfas fa-hotel\u00bb css_animation=\u00bbbottom-to-top\u00bb add_icon=\u00bbtrue\u00bb link=\u00bburl:https%3A%2F%2Fmailchi.mp%2Fa59c34dec874%2Fnewsletter-bages-turisme\u00bb][\/vc_column][\/vc_row][vc_row][vc_column][vc_column_text]\r\n<h2>\u00a0<\/h2>\r\n<h2 style=\"text-align: center;\">Els allotjaments del Bages t&#8217;obren les portes<\/h2>\r\n[\/vc_column_text][\/vc_column][\/vc_row][vc_row][vc_column][vc_basic_grid post_type=\u00bballotjament\u00bb max_items=\u00bb-1&#8243; style=\u00bbpagination\u00bb items_per_page=\u00bb4&#8243; element_width=\u00bb3&#8243; gap=\u00bb10&#8243; orderby=\u00bbrand\u00bb arrows_design=\u00bbvc_arrow-icon-arrow_06_left\u00bb arrows_color=\u00bbgrey\u00bb loop=\u00bbyes\u00bb item=\u00bbmediaGrid_SlideInTitle\u00bb grid_id=\u00bbvc_gid:1715677464207-72a031da29aa5d2fd91697bb714db96f-4&#8243; taxonomies=\u00bb91&#8243; exclude=\u00bb100, 96, 21, 60, 89, 123, 73, 101, 96, 17, 51, 97, 3703, 117, 87, 74, 26&#8243; paging_animation_in=\u00bbslideInRight\u00bb][vc_column_text]\r\n<p style=\"text-align: center;\"><a href=\"https:\/\/bagesturisme.cat\/allotjament\/\" class=\"btn btn-primary btn-lg\">Queda&#8217;t a dormir al Bages!<\/a>\r\n[\/vc_column_text][\/vc_column][\/vc_row][vc_row full_width=\u00bbstretch_row_content\u00bb css=\u00bb.vc_custom_1616763033326{padding-top: 30px !important;padding-right: 40px !important;padding-bottom: 30px !important;padding-left: 40px !important;background-color: #ffffff !important;}\u00bb][vc_column][vc_column_text]\r\n<h1 style=\"text-align: center;\">Tots els camins et porten al Bages<\/h1>\r\n[\/vc_column_text][vc_row_inner][vc_column_inner][vc_single_image image=\u00bb9557&#8243; img_size=\u00bbfull\u00bb alignment=\u00bbcenter\u00bb][\/vc_column_inner][\/vc_row_inner][\/vc_column][\/vc_row][vc_row content_placement=\u00bbmiddle\u00bb][vc_column width=\u00bb1\/2&#8243;][vc_video link=\u00bbhttps:\/\/youtu.be\/iIo7USnbveg\u00bb][\/vc_column][vc_column width=\u00bb1\/2&#8243;][vc_column_text]\r\n<h2 style=\"text-align: center;\"><strong>El Bages, viu el plaer de descobrir-lo!<\/strong><\/h2>\r\n<p><i><span style=\"font-weight: 400;\">A tocar de les principals ciutats de Catalunya, hi ha guardat un gran secret. Amb la cara nord de Montserrat com a protagonista, el Bages \u00e9s un joia rural amagada; un indret allunyat de les aglomeracions i desconegut per molts, que sorpr\u00e8n per la seva autenticitat i car\u00e0cter.\u00a0<\/span><\/i><\/p>\r\n<p><i><span style=\"font-weight: 400;\">Visitar aquest territori \u00e9s tamb\u00e9 trepitjar el terra d\u2019un mar interior que va existir fa m\u00e9s de 40 milions d\u2019anys i que va desapar\u00e8ixer amb l\u2019aixecament dels Pirineus. Aquest antic mar declarat Geoparc Mundial UNESCO de la Catalunya Central ens ha deixat en her\u00e8ncia un ric patrimoni natural i geol\u00f2gic \u00fanic, que ha forjat paisatges de bosc i vinya incre\u00efbles, pobles on el temps s\u2019hi atura, cultura, tradicions i una oferta enogastron\u00f2mica per seduir els sentits.\u00a0<\/span><\/i><\/p>\r\n<h5 style=\"text-align: center;\"><strong>Aquesta primavera desconnecta al Bages<\/strong><strong>!<\/strong><\/h5>\r\n[\/vc_column_text][\/vc_column][\/vc_row][vc_row][vc_column][vc_gmaps link=\u00bb#E-8_JTNDaWZyYW1lJTIwc3JjJTNEJTIyaHR0cHMlM0ElMkYlMkZ3d3cuZ29vZ2xlLmNvbSUyRm1hcHMlMkZkJTJGdSUyRjAlMkZlbWJlZCUzRm1pZCUzRDE2dE55QjBlVkZYX2dUS2RzY0t4SEVLU0tNNGd3STFoZSUyMiUyMHdpZHRoJTNEJTIyNjQwJTIyJTIwaGVpZ2h0JTNEJTIyNDgwJTIyJTNFJTNDJTJGaWZyYW1lJTNF\u00bb title=\u00bbEl Bages\u00bb][\/vc_column][\/vc_row][vc_row][vc_column][vc_column_text][\/vc_column_text][\/vc_column][\/vc_row][vc_row full_width=\u00bbstretch_row_content_no_spaces\u00bb full_height=\u00bbyes\u00bb equal_height=\u00bbyes\u00bb parallax=\u00bbcontent-moving-fade\u00bb parallax_image=\u00bb12762&#8243; css_animation=\u00bbfadeIn\u00bb css=\u00bb.vc_custom_1681383687620{padding-top: 60px !important;padding-bottom: 60px !important;background-color: #969696 !important;}\u00bb][vc_column video_bg=\u00bbyes\u00bb video_bg_url=\u00bb\u00bb][vc_column_text css_animation=\u00bbfadeInUp\u00bb]<!-- wp:fl-builder\/layout --><\/p>\r\n<h1 style=\"text-align: center;\"><span style=\"color: #ffffff;\">Desconnecta al Bages aquesta primavera<\/span><\/h1>\r\n[\/vc_column_text][\/vc_column][\/vc_row][vc_row][vc_column][vc_column_text]\r\n<h2 style=\"text-align: center;\">Aquesta primavera et recomanem&#8230;<\/h2>\r\n[\/vc_column_text][\/vc_column][\/vc_row][vc_row][vc_column width=\u00bb1\/3&#8243;][vc_column_text css=\u00bb\u00bb]\r\n<h3><img decoding=\"async\" class=\"lazyload alignnone wp-image-14138 size-medium\" src=\"https:\/\/bagesturisme.cat\/wp-content\/uploads\/2024\/05\/anellament-ocells-bosc-i-vinya-2024-scaled-e1715680558493-600x400.jpg\" data-orig-src=\"https:\/\/bagesturisme.cat\/wp-content\/uploads\/2024\/05\/anellament-ocells-bosc-i-vinya-2024-scaled-e1715680558493-600x400.jpg\" alt=\"\" width=\"600\" height=\"400\" srcset=\"data:image\/svg+xml,%3Csvg%20xmlns%3D%27http%3A%2F%2Fwww.w3.org%2F2000%2Fsvg%27%20width%3D%27600%27%20height%3D%27400%27%20viewBox%3D%270%200%20600%20400%27%3E%3Crect%20width%3D%27600%27%20height%3D%27400%27%20fill-opacity%3D%220%22%2F%3E%3C%2Fsvg%3E\" data-srcset=\"https:\/\/www.bagesturisme.cat\/wp-content\/uploads\/2024\/05\/anellament-ocells-bosc-i-vinya-2024-scaled-e1715680558493-600x400.jpg 600w, https:\/\/www.bagesturisme.cat\/wp-content\/uploads\/2024\/05\/anellament-ocells-bosc-i-vinya-2024-scaled-e1715680558493-768x512.jpg 768w, https:\/\/www.bagesturisme.cat\/wp-content\/uploads\/2024\/05\/anellament-ocells-bosc-i-vinya-2024-scaled-e1715680558493-1280x853.jpg 1280w, https:\/\/www.bagesturisme.cat\/wp-content\/uploads\/2024\/05\/anellament-ocells-bosc-i-vinya-2024-scaled-e1715680558493-1536x1024.jpg 1536w, https:\/\/www.bagesturisme.cat\/wp-content\/uploads\/2024\/05\/anellament-ocells-bosc-i-vinya-2024-scaled-e1715680558493.jpg 1920w\" data-sizes=\"auto\" data-orig-sizes=\"(max-width: 600px) 100vw, 600px\" \/><\/h3>\r\n<h3>Cicle d&#8217;activitats Bosc i Vinya<\/h3>\r\n<p><em>Diumenges de maig i juny<\/em><\/p>\r\n<p>La Ruta del vi de la DO Pla de Bages continua amb el Cicle d\u2019activitats gratu\u00eftes de bosc i vinya; tot un conjunt de propostes relacionades amb el paisatge i la natura d\u2019aquest territori per aprofundir en el coneixement de la cultura de la vinya i el vi des d\u2019una vessant naturalista i sostenible.<\/p>\r\n<ul>\r\n<li>Anellament cient\u00edfic d&#8217;ocells<\/li>\r\n<li>Construcci\u00f3 d&#8217;un hotel d&#8217;insectes<\/li>\r\n<li>Reconeixement de plantes arom\u00e0tiques<\/li>\r\n<li>Construcci\u00f3 de caixes niu per ratpenats<\/li>\r\n<li>Descoberta de la pedra seca<\/li>\r\n<\/ul>\r\n<p style=\"text-align: center;\"><a href=\"https:\/\/www.rutadelvidobages.cat\/bosc-i-vinya\/\" class=\"btn btn-primary btn-md\"> INSCRIU-TE GRATIS <\/a>\r\n[\/vc_column_text][\/vc_column][vc_column width=\u00bb1\/3&#8243;][vc_column_text css=\u00bb\u00bb]\r\n<h3><img decoding=\"async\" class=\"lazyload alignnone size-medium wp-image-14116\" src=\"https:\/\/bagesturisme.cat\/wp-content\/uploads\/2024\/04\/Banner-ENG-Week-24-600x400.jpg\" data-orig-src=\"https:\/\/bagesturisme.cat\/wp-content\/uploads\/2024\/04\/Banner-ENG-Week-24-600x400.jpg\" alt=\"\" width=\"600\" height=\"400\" srcset=\"data:image\/svg+xml,%3Csvg%20xmlns%3D%27http%3A%2F%2Fwww.w3.org%2F2000%2Fsvg%27%20width%3D%27600%27%20height%3D%27400%27%20viewBox%3D%270%200%20600%20400%27%3E%3Crect%20width%3D%27600%27%20height%3D%27400%27%20fill-opacity%3D%220%22%2F%3E%3C%2Fsvg%3E\" data-srcset=\"https:\/\/www.bagesturisme.cat\/wp-content\/uploads\/2024\/04\/Banner-ENG-Week-24-600x400.jpg 600w, https:\/\/www.bagesturisme.cat\/wp-content\/uploads\/2024\/04\/Banner-ENG-Week-24-768x512.jpg 768w, https:\/\/www.bagesturisme.cat\/wp-content\/uploads\/2024\/04\/Banner-ENG-Week-24-1280x853.jpg 1280w, https:\/\/www.bagesturisme.cat\/wp-content\/uploads\/2024\/04\/Banner-ENG-Week-24-1536x1024.jpg 1536w, https:\/\/www.bagesturisme.cat\/wp-content\/uploads\/2024\/04\/Banner-ENG-Week-24-scaled.jpg 2560w\" data-sizes=\"auto\" data-orig-sizes=\"(max-width: 600px) 100vw, 600px\" \/><\/h3>\r\n<h3>Viu la setmana dels Geoparcs europeus<\/h3>\r\n<p><em>Del 18 de maig al 2 de juny<\/em><\/p>\r\n<p><span style=\"font-weight: 400;\">El Geoparc de la Catalunya central celebra la setmana del Geoparcs Europeus que pret\u00e9n posar en valor l&#8217;incre\u00efble patrimoni geol\u00f2gic dels diversos territoris d&#8217;Europa que alberguen un Geoparc.\u00a0 <\/span><span style=\"font-weight: 400;\">T&#8217;hi esperen <strong>una vintena de propostes<\/strong> l&#8217;udiques entre excursions, sortejos i moltes altres experi\u00e8ncies per tastar, trapitjar i viure l&#8217;antic mar interior que fa m\u00e9s de 36 milions d&#8217;anys banyava la Catalunya Central! <\/span><i><\/i><\/p>\r\n<p style=\"text-align: center;\"><a href=\"https:\/\/www.geoparc.cat\/el-geoparc-unesco-de-la-catalunya-central-celebra-la-setmana-dels-geoparcs-europeus-amb-una-vintena-de-propostes\/#\" class=\"btn btn-primary btn-md\"> Programa<\/a>\r\n[\/vc_column_text][\/vc_column][vc_column width=\u00bb1\/3&#8243;][vc_column_text css=\u00bb\u00bb]\r\n<h3><img decoding=\"async\" class=\"lazyload alignnone size-medium wp-image-9810\" src=\"https:\/\/bagesturisme.cat\/wp-content\/uploads\/2021\/04\/BT18_097_Museu_tecnica_Manresa-600x400.jpg\" data-orig-src=\"https:\/\/bagesturisme.cat\/wp-content\/uploads\/2021\/04\/BT18_097_Museu_tecnica_Manresa-600x400.jpg\" alt=\"\" width=\"600\" height=\"400\" srcset=\"data:image\/svg+xml,%3Csvg%20xmlns%3D%27http%3A%2F%2Fwww.w3.org%2F2000%2Fsvg%27%20width%3D%27600%27%20height%3D%27400%27%20viewBox%3D%270%200%20600%20400%27%3E%3Crect%20width%3D%27600%27%20height%3D%27400%27%20fill-opacity%3D%220%22%2F%3E%3C%2Fsvg%3E\" data-srcset=\"https:\/\/www.bagesturisme.cat\/wp-content\/uploads\/2021\/04\/BT18_097_Museu_tecnica_Manresa-600x400.jpg 600w, https:\/\/www.bagesturisme.cat\/wp-content\/uploads\/2021\/04\/BT18_097_Museu_tecnica_Manresa-768x512.jpg 768w, https:\/\/www.bagesturisme.cat\/wp-content\/uploads\/2021\/04\/BT18_097_Museu_tecnica_Manresa-1280x853.jpg 1280w, https:\/\/www.bagesturisme.cat\/wp-content\/uploads\/2021\/04\/BT18_097_Museu_tecnica_Manresa.jpg 1500w\" data-sizes=\"auto\" data-orig-sizes=\"(max-width: 600px) 100vw, 600px\" \/><\/h3>\r\n<h3>Portes obertes als museus<\/h3>\r\n<p><em>Dissabte 18 de maig a partir de les 10h<\/em><\/p>\r\n<p><span style=\"font-weight: 400;\">Amb motiu del Dia internacional dels museus, els museus del Bages obren les seves portes gratu\u00eftament! Aprofita i gaudeix de les seves obres: t&#8217;agrada el barroc o ets m\u00e9s de ci\u00e8ncia? Apropa&#8217;t i experimenta les originals propostes que han preparat per a tots els p\u00fablics:<\/span><\/p>\r\n<ul>\r\n<li><a href=\"https:\/\/seudemanresa.cat\/dia-internacional-dels-museus-2024\/\">Bas\u00edlica de la Seu<\/a> (Manresa)<\/li>\r\n<li><a href=\"https:\/\/museudelbarroc.cat\/dia-internacional-dels-museus\/\">Museu del Barroc de Catalunya<\/a> (Manresa)<\/li>\r\n<li><a href=\"https:\/\/www.santfruitos.cat\/actualitat\/noticies\/sant-fruitos-se-suma-al-dia-internacional-dels-museus-amb-una-jornada-de-portes-obertes-i-un-tast-de-vins-i-formatges\">Museu de la mem\u00f2ria de la vinya i el vi<\/a> (Sant Fruit\u00f3s de Bages)<\/li>\r\n<li><a href=\"https:\/\/www.parcdelasequia.cat\/agenda\/portes-obertes-al-museu-de-laigua-i-el-textil-2\/\">Museu de l&#8217;Aigua i el T\u00e8xtil<\/a> (Manresa)<\/li>\r\n<li><a href=\"https:\/\/www.parcdelasequia.cat\/agenda\/historia-de-la-casa-de-la-culla-dim\/\">Casa de la Culla<\/a> (Manresa)<\/li>\r\n<li><a href=\"https:\/\/geomuseu.upc.edu\/index.php\/es\/inici-espanol\/\">Museu de geologia Valent\u00ed Masachs<\/a> (Manresa)<\/li>\r\n<\/ul>\r\n[\/vc_column_text][\/vc_column][\/vc_row][vc_row][vc_column width=\u00bb1\/3&#8243;][vc_column_text]\r\n<h3><img decoding=\"async\" class=\"lazyload alignnone size-medium wp-image-14107\" src=\"https:\/\/bagesturisme.cat\/wp-content\/uploads\/2024\/04\/ballada-centra-placa-600x400.jpg\" data-orig-src=\"https:\/\/bagesturisme.cat\/wp-content\/uploads\/2024\/04\/ballada-centra-placa-600x400.jpg\" alt=\"\" width=\"600\" height=\"400\" srcset=\"data:image\/svg+xml,%3Csvg%20xmlns%3D%27http%3A%2F%2Fwww.w3.org%2F2000%2Fsvg%27%20width%3D%27600%27%20height%3D%27400%27%20viewBox%3D%270%200%20600%20400%27%3E%3Crect%20width%3D%27600%27%20height%3D%27400%27%20fill-opacity%3D%220%22%2F%3E%3C%2Fsvg%3E\" data-srcset=\"https:\/\/www.bagesturisme.cat\/wp-content\/uploads\/2024\/04\/ballada-centra-placa-600x400.jpg 600w, https:\/\/www.bagesturisme.cat\/wp-content\/uploads\/2024\/04\/ballada-centra-placa-768x512.jpg 768w, https:\/\/www.bagesturisme.cat\/wp-content\/uploads\/2024\/04\/ballada-centra-placa.jpg 1024w\" data-sizes=\"auto\" data-orig-sizes=\"(max-width: 600px) 100vw, 600px\" \/><\/h3>\r\n<h3>Les Gitanes de Sant Vicen\u00e7 de Castellet<\/h3>\r\n<p><em>Dissabte 18 i diumenge 19 de maig<\/em><\/p>\r\n<p><span style=\"font-weight: 400;\">Amb m\u00e9s de 115 anys d\u2019hist\u00f2ria, les colles dansaires de Sant Vicen\u00e7 de Castellet amb un total de m\u00e9s de 300 balladors i balladores s\u2019apleguen a la Pla\u00e7a de l\u2019Ajuntament per ballar i gaudir de les peces musicals interpretades per la cobla envoltat dels colors del vestuari i la brillantor de la pla\u00e7a engalanada per a l\u2019ocasi\u00f3.<\/span><\/p>\r\n<p style=\"text-align: center;\"><a href=\"https:\/\/www.lesgitanes.cat\/\" class=\"btn btn-primary btn-md\"> M\u00e9s info <\/a>\r\n[\/vc_column_text][\/vc_column][vc_column width=\u00bb1\/3&#8243;][vc_column_text]<img decoding=\"async\" class=\"lazyload alignnone wp-image-12677 size-medium\" src=\"data:image\/svg+xml,%3Csvg%20xmlns%3D%27http%3A%2F%2Fwww.w3.org%2F2000%2Fsvg%27%20width%3D%27400%27%20height%3D%27400%27%20viewBox%3D%270%200%20400%20400%27%3E%3Crect%20width%3D%27400%27%20height%3D%27400%27%20fill-opacity%3D%220%22%2F%3E%3C%2Fsvg%3E\" data-orig-src=\"https:\/\/bagesturisme.cat\/wp-content\/uploads\/2023\/03\/geotok-def-002-1024x1024-1-400x400.jpeg\" alt=\"\" width=\"400\" height=\"400\" \/><\/p>\r\n<h3>GEOTOK, LA VUITENA MERAVELLA<\/h3>\r\n<p><em>Caps de setman i festius a les 10.45h, 11.45h i 12.45h<\/em><\/p>\r\n<p>\u201cGeoTok, la vuitena meravella\u201d \u00e9s una visita teatralitzada enfocada al p\u00fablic familiar per descobrir la formaci\u00f3 i la hist\u00f2ria de la Muntanya de Sal de Cardona d\u2019una manera l\u00fadica i innovadora. Els GeoTeam s\u00f3n un grup de ge\u00f2legs TikTokers que s\u2019han proposat participar al repte mundial #EighthWonder, per buscar la vuitena meravella del m\u00f3n, els ajudes?<\/p>\r\n<p style=\"text-align: center;\"><a href=\"https:\/\/cardonaturisme.cat\/ca\/que-fer-hi\/parc-cultural-muntanya-de-sal\/visita-teatralitzada-al-pcms-projecte-alquimia-el-secret-del-liber-salis\/\" class=\"btn btn-primary btn-md\"> Reserva<\/a>\r\n[\/vc_column_text][\/vc_column][vc_column width=\u00bb1\/3&#8243;][vc_column_text]\r\n<h3><img decoding=\"async\" class=\"lazyload alignnone size-medium wp-image-14114\" src=\"https:\/\/bagesturisme.cat\/wp-content\/uploads\/2024\/04\/PROMO-scaled-1-600x400.jpg\" data-orig-src=\"https:\/\/bagesturisme.cat\/wp-content\/uploads\/2024\/04\/PROMO-scaled-1-600x400.jpg\" alt=\"\" width=\"600\" height=\"400\" srcset=\"data:image\/svg+xml,%3Csvg%20xmlns%3D%27http%3A%2F%2Fwww.w3.org%2F2000%2Fsvg%27%20width%3D%27600%27%20height%3D%27400%27%20viewBox%3D%270%200%20600%20400%27%3E%3Crect%20width%3D%27600%27%20height%3D%27400%27%20fill-opacity%3D%220%22%2F%3E%3C%2Fsvg%3E\" data-srcset=\"https:\/\/www.bagesturisme.cat\/wp-content\/uploads\/2024\/04\/PROMO-scaled-1-600x400.jpg 600w, https:\/\/www.bagesturisme.cat\/wp-content\/uploads\/2024\/04\/PROMO-scaled-1-768x512.jpg 768w, https:\/\/www.bagesturisme.cat\/wp-content\/uploads\/2024\/04\/PROMO-scaled-1-1280x854.jpg 1280w, https:\/\/www.bagesturisme.cat\/wp-content\/uploads\/2024\/04\/PROMO-scaled-1-1536x1024.jpg 1536w, https:\/\/www.bagesturisme.cat\/wp-content\/uploads\/2024\/04\/PROMO-scaled-1.jpg 2560w\" data-sizes=\"auto\" data-orig-sizes=\"(max-width: 600px) 100vw, 600px\" \/><\/h3>\r\n<h3>Concert d&#8217;Udol\u00e7 a la Torre Modernista Abadal<\/h3>\r\n<p><em>Diumenge 19 de maig\u00a0 (a les 12h i 18h)<\/em><\/p>\r\n<p>Endinsa&#8217;t en un viatge sensorial de la m\u00e0 del duet Udol\u00e7 amb una proposta musical ben original a la fabulosa Torre Modernista Abadal d&#8217;Aviny\u00f3. Alba Careta i Henrio emprenen un viatge on\u00edric per diverses\u00a0 can\u00e7ons de bressol, principalment de les comarques gironines i recollides en l\u2019arxiu del C\u00e0ntut. No t\u2019ho perdis!<\/p>\r\n<p style=\"text-align: center;\"><a href=\"https:\/\/www.torreabadal.com\/experiencies\/concert-especial-udolc-alba-careta-i-henrio\/\" class=\"btn btn-primary btn-md\"> Reserva<\/a>\r\n[\/vc_column_text][\/vc_column][\/vc_row][vc_row full_width=\u00bbstretch_row_content\u00bb css=\u00bb.vc_custom_1616763033326{padding-top: 30px !important;padding-right: 40px !important;padding-bottom: 30px !important;padding-left: 40px !important;background-color: #ffffff !important;}\u00bb][vc_column][vc_single_image image=\u00bb14199&#8243; img_size=\u00bblarge\u00bb alignment=\u00bbcenter\u00bb onclick=\u00bbcustom_link\u00bb css=\u00bb\u00bb link=\u00bbhttp:\/\/www.firaviba.cat\/programa\/\u00bb][\/vc_column][\/vc_row][vc_row][vc_column width=\u00bb1\/4&#8243;][vc_column_text css=\u00bb\u00bb]\r\n<h3><img decoding=\"async\" class=\"lazyload alignnone size-medium wp-image-12632\" src=\"https:\/\/bagesturisme.cat\/wp-content\/uploads\/2023\/03\/avinyo_pedraseca_maig_fortuny-001-601x400.jpg\" data-orig-src=\"https:\/\/bagesturisme.cat\/wp-content\/uploads\/2023\/03\/avinyo_pedraseca_maig_fortuny-001-601x400.jpg\" alt=\"Barraca de pedra seca amb lliris\" width=\"601\" height=\"400\" srcset=\"data:image\/svg+xml,%3Csvg%20xmlns%3D%27http%3A%2F%2Fwww.w3.org%2F2000%2Fsvg%27%20width%3D%27601%27%20height%3D%27400%27%20viewBox%3D%270%200%20601%20400%27%3E%3Crect%20width%3D%27601%27%20height%3D%27400%27%20fill-opacity%3D%220%22%2F%3E%3C%2Fsvg%3E\" data-srcset=\"https:\/\/www.bagesturisme.cat\/wp-content\/uploads\/2023\/03\/avinyo_pedraseca_maig_fortuny-001-601x400.jpg 601w, https:\/\/www.bagesturisme.cat\/wp-content\/uploads\/2023\/03\/avinyo_pedraseca_maig_fortuny-001-768x511.jpg 768w, https:\/\/www.bagesturisme.cat\/wp-content\/uploads\/2023\/03\/avinyo_pedraseca_maig_fortuny-001-1280x852.jpg 1280w, https:\/\/www.bagesturisme.cat\/wp-content\/uploads\/2023\/03\/avinyo_pedraseca_maig_fortuny-001-1536x1022.jpg 1536w, https:\/\/www.bagesturisme.cat\/wp-content\/uploads\/2023\/03\/avinyo_pedraseca_maig_fortuny-001.jpg 2200w\" data-sizes=\"auto\" data-orig-sizes=\"(max-width: 601px) 100vw, 601px\" \/><\/h3>\r\n<h3>Visites al patrimoni vitivin\u00edcola<\/h3>\r\n<p><em>25, 26 de maig i 1, 2 de juny al mat\u00ed<\/em><\/p>\r\n<p>Coneix el llegat llegat de la hist\u00f2ria vin\u00edcola del Bages a trav\u00e9s d&#8217;una a\u00e0mplia varietat de visites i d&#8217;itineraris guiats per entendre i posar en valor el seu present, i fomentar la cultura del vi i el turisme de proximitat.\u00a0<\/p>\r\n<p style=\"text-align: center;\"><a href=\"\" class=\"btn btn-primary btn-md\"> Reserva <\/a>\r\n[\/vc_column_text][\/vc_column][vc_column width=\u00bb1\/4&#8243;][vc_column_text css=\u00bb\u00bb]\r\n<h3><img decoding=\"async\" class=\"lazyload alignnone size-medium wp-image-14196\" src=\"https:\/\/bagesturisme.cat\/wp-content\/uploads\/2024\/05\/firaviba_nitdepicapolls-127-600x400.jpg\" data-orig-src=\"https:\/\/bagesturisme.cat\/wp-content\/uploads\/2024\/05\/firaviba_nitdepicapolls-127-600x400.jpg\" alt=\"\" width=\"600\" height=\"400\" srcset=\"data:image\/svg+xml,%3Csvg%20xmlns%3D%27http%3A%2F%2Fwww.w3.org%2F2000%2Fsvg%27%20width%3D%27600%27%20height%3D%27400%27%20viewBox%3D%270%200%20600%20400%27%3E%3Crect%20width%3D%27600%27%20height%3D%27400%27%20fill-opacity%3D%220%22%2F%3E%3C%2Fsvg%3E\" data-srcset=\"https:\/\/www.bagesturisme.cat\/wp-content\/uploads\/2024\/05\/firaviba_nitdepicapolls-127-600x400.jpg 600w, https:\/\/www.bagesturisme.cat\/wp-content\/uploads\/2024\/05\/firaviba_nitdepicapolls-127-768x512.jpg 768w, https:\/\/www.bagesturisme.cat\/wp-content\/uploads\/2024\/05\/firaviba_nitdepicapolls-127-1280x853.jpg 1280w, https:\/\/www.bagesturisme.cat\/wp-content\/uploads\/2024\/05\/firaviba_nitdepicapolls-127-1536x1024.jpg 1536w, https:\/\/www.bagesturisme.cat\/wp-content\/uploads\/2024\/05\/firaviba_nitdepicapolls-127-scaled.jpg 2560w\" data-sizes=\"auto\" data-orig-sizes=\"(max-width: 600px) 100vw, 600px\" \/><\/h3>\r\n<h3>Nit de picapolls<\/h3>\r\n<p><em>Divendres 31 de maig a les 20.00h<\/em><\/p>\r\n<p>Vine a gaudir de la gran Nit de Picapolls! Una nit m\u00e0gica per tastar els vins elaborats amb picapoll, la varietat aut\u00f2ctona de la DO Pla de Bages, i gaudir d\u2019un sopar amb del\u00edcies gastron\u00f2miques d\u2019alguns dels restaurants de la comarca.<\/p>\r\n<p style=\"text-align: center;\"><a href=\"https:\/\/www.instagram.com\/firafiladores\/\" class=\"btn btn-primary btn-md\"> RESERVA<\/a>\r\n[\/vc_column_text][\/vc_column][vc_column width=\u00bb1\/4&#8243;][vc_column_text css=\u00bb\u00bb]\r\n<h3><img decoding=\"async\" class=\"lazyload alignnone size-medium wp-image-11102\" src=\"https:\/\/bagesturisme.cat\/wp-content\/uploads\/2022\/03\/Celler-Collbaix-20-599x400.jpg\" data-orig-src=\"https:\/\/bagesturisme.cat\/wp-content\/uploads\/2022\/03\/Celler-Collbaix-20-599x400.jpg\" alt=\"\" width=\"599\" height=\"400\" srcset=\"data:image\/svg+xml,%3Csvg%20xmlns%3D%27http%3A%2F%2Fwww.w3.org%2F2000%2Fsvg%27%20width%3D%27599%27%20height%3D%27400%27%20viewBox%3D%270%200%20599%20400%27%3E%3Crect%20width%3D%27599%27%20height%3D%27400%27%20fill-opacity%3D%220%22%2F%3E%3C%2Fsvg%3E\" data-srcset=\"https:\/\/www.bagesturisme.cat\/wp-content\/uploads\/2022\/03\/Celler-Collbaix-20-599x400.jpg 599w, https:\/\/www.bagesturisme.cat\/wp-content\/uploads\/2022\/03\/Celler-Collbaix-20-768x513.jpg 768w, https:\/\/www.bagesturisme.cat\/wp-content\/uploads\/2022\/03\/Celler-Collbaix-20-1280x854.jpg 1280w, https:\/\/www.bagesturisme.cat\/wp-content\/uploads\/2022\/03\/Celler-Collbaix-20-1536x1025.jpg 1536w, https:\/\/www.bagesturisme.cat\/wp-content\/uploads\/2022\/03\/Celler-Collbaix-20.jpg 2024w\" data-sizes=\"auto\" data-orig-sizes=\"(max-width: 599px) 100vw, 599px\" \/><\/h3>\r\n<h3>Visites als cellers<\/h3>\r\n<p><em>25, 26 de maig i 1,2 de juny al mat\u00ed<\/em><\/p>\r\n<p>La fira ViBa obre les portes dels cellers de la Ruta del vi de la DO Pla de Bages, i ofereix als visitants una oportunitat \u00fanica per gaudir d\u2019una visita guiada pels racons m\u00e9s singulars i tastar els seus deliciosos vins per nom\u00e9s 10\u20ac (infants gratu\u00eft).<\/p>\r\n<p style=\"text-align: center;\"><a href=\"\" class=\"btn btn-primary btn-md\"> Reserva <\/a>\r\n[\/vc_column_text][\/vc_column][vc_column width=\u00bb1\/4&#8243;][vc_column_text css=\u00bb\u00bb]\r\n<h3><img decoding=\"async\" class=\"lazyload alignnone size-medium wp-image-14197\" src=\"https:\/\/bagesturisme.cat\/wp-content\/uploads\/2024\/05\/firaviba_nitdepicapolls-047-600x400.jpg\" data-orig-src=\"https:\/\/bagesturisme.cat\/wp-content\/uploads\/2024\/05\/firaviba_nitdepicapolls-047-600x400.jpg\" alt=\"\" width=\"600\" height=\"400\" srcset=\"data:image\/svg+xml,%3Csvg%20xmlns%3D%27http%3A%2F%2Fwww.w3.org%2F2000%2Fsvg%27%20width%3D%27600%27%20height%3D%27400%27%20viewBox%3D%270%200%20600%20400%27%3E%3Crect%20width%3D%27600%27%20height%3D%27400%27%20fill-opacity%3D%220%22%2F%3E%3C%2Fsvg%3E\" data-srcset=\"https:\/\/www.bagesturisme.cat\/wp-content\/uploads\/2024\/05\/firaviba_nitdepicapolls-047-600x400.jpg 600w, https:\/\/www.bagesturisme.cat\/wp-content\/uploads\/2024\/05\/firaviba_nitdepicapolls-047-768x512.jpg 768w, https:\/\/www.bagesturisme.cat\/wp-content\/uploads\/2024\/05\/firaviba_nitdepicapolls-047-1280x853.jpg 1280w, https:\/\/www.bagesturisme.cat\/wp-content\/uploads\/2024\/05\/firaviba_nitdepicapolls-047-1536x1024.jpg 1536w, https:\/\/www.bagesturisme.cat\/wp-content\/uploads\/2024\/05\/firaviba_nitdepicapolls-047-scaled.jpg 2560w\" data-sizes=\"auto\" data-orig-sizes=\"(max-width: 600px) 100vw, 600px\" \/><\/h3>\r\n<h3>Fira al centre de Manresa<\/h3>\r\n<p><em>1 i 2 de juny a partir de les 18.00h<\/em><\/p>\r\n<p>Els cellers de la DO Pla de Bages es reuniran de nou al Pati del Casino per ensenyar-te i donar-te a tastar els seus deliciosos vins acompanyats d&#8217;una variada oferta gastron\u00f2mica amb food trucks i Mengem Bages, productors d\u2019oli del Bages, <strong>espectacles en directe<\/strong> i l\u2019<strong>espai infantil Most<\/strong>.\u00a0<\/p>\r\n<p style=\"text-align: center;\"><a href=\"\" class=\"btn btn-primary btn-md\"> M\u00e9s info<\/a>\r\n[\/vc_column_text][\/vc_column][\/vc_row][vc_row][vc_column width=\u00bb1\/3&#8243;][vc_column_text css=\u00bb\u00bb]\r\n<p><img decoding=\"async\" class=\"lazyload size-medium wp-image-14201\" src=\"https:\/\/bagesturisme.cat\/wp-content\/uploads\/2024\/05\/CFF0145-602x400.jpg\" data-orig-src=\"https:\/\/bagesturisme.cat\/wp-content\/uploads\/2024\/05\/CFF0145-602x400.jpg\" alt=\"\" width=\"602\" height=\"400\" srcset=\"data:image\/svg+xml,%3Csvg%20xmlns%3D%27http%3A%2F%2Fwww.w3.org%2F2000%2Fsvg%27%20width%3D%27602%27%20height%3D%27400%27%20viewBox%3D%270%200%20602%20400%27%3E%3Crect%20width%3D%27602%27%20height%3D%27400%27%20fill-opacity%3D%220%22%2F%3E%3C%2Fsvg%3E\" data-srcset=\"https:\/\/www.bagesturisme.cat\/wp-content\/uploads\/2024\/05\/CFF0145-602x400.jpg 602w, https:\/\/www.bagesturisme.cat\/wp-content\/uploads\/2024\/05\/CFF0145-768x510.jpg 768w, https:\/\/www.bagesturisme.cat\/wp-content\/uploads\/2024\/05\/CFF0145-1280x850.jpg 1280w, https:\/\/www.bagesturisme.cat\/wp-content\/uploads\/2024\/05\/CFF0145-1536x1020.jpg 1536w, https:\/\/www.bagesturisme.cat\/wp-content\/uploads\/2024\/05\/CFF0145.jpg 1890w\" data-sizes=\"auto\" data-orig-sizes=\"(max-width: 602px) 100vw, 602px\" \/><\/p>\r\n<h3>Festa de la Sal<\/h3>\r\n<p><em>Dissabte 1 i diumenge 2 de juny, Cardona<\/em><\/p>\r\n<p><span style=\"font-weight: 400;\">Viu a Cardona la festa m\u00e9s salada de l\u2019any: la pedra incorrupta i pura, garantia de vida i s\u00edmbol d\u2019abund\u00e0ncia ben arrelada a la hist\u00f2ria del municipi. <\/span><span style=\"font-weight: 400;\">Una festa on la cultura al carrer, el comer\u00e7 i l&#8217;artesania, la gastronomia i el patrimoni esdevenen els protagonistes.<\/span><\/p>\r\n<p style=\"text-align: center;\"><a href=\"https:\/\/www.festadelasal.com\/\" class=\"btn btn-primary btn-md\"> M\u00e9s info<\/a>\r\n[\/vc_column_text][\/vc_column][vc_column width=\u00bb1\/3&#8243;][vc_column_text css=\u00bb\u00bb]\r\n<h3><img decoding=\"async\" class=\"lazyload alignnone size-medium wp-image-14200\" src=\"https:\/\/bagesturisme.cat\/wp-content\/uploads\/2024\/05\/Logotip-BAP-2024-miniatura-563x400.jpg\" data-orig-src=\"https:\/\/bagesturisme.cat\/wp-content\/uploads\/2024\/05\/Logotip-BAP-2024-miniatura-563x400.jpg\" alt=\"\" width=\"563\" height=\"400\" srcset=\"data:image\/svg+xml,%3Csvg%20xmlns%3D%27http%3A%2F%2Fwww.w3.org%2F2000%2Fsvg%27%20width%3D%27563%27%20height%3D%27400%27%20viewBox%3D%270%200%20563%20400%27%3E%3Crect%20width%3D%27563%27%20height%3D%27400%27%20fill-opacity%3D%220%22%2F%3E%3C%2Fsvg%3E\" data-srcset=\"https:\/\/www.bagesturisme.cat\/wp-content\/uploads\/2024\/05\/Logotip-BAP-2024-miniatura-563x400.jpg 563w, https:\/\/www.bagesturisme.cat\/wp-content\/uploads\/2024\/05\/Logotip-BAP-2024-miniatura-768x546.jpg 768w, https:\/\/www.bagesturisme.cat\/wp-content\/uploads\/2024\/05\/Logotip-BAP-2024-miniatura.jpg 792w\" data-sizes=\"auto\" data-orig-sizes=\"(max-width: 563px) 100vw, 563px\" \/><\/h3>\r\n<h3>Benvinguts a Pag\u00e8s<\/h3>\r\n<p><em>Dissabte 1 i diumenge 2 de juny<\/em><\/p>\r\n<p><span style=\"font-weight: 400;\">Les explotacions del Bages obren les seves portes perqu\u00e8 pugueu sentir-vos pag\u00e8s o pagesa per un dia! Consulta les visites i activitats disponibles i reserva la que m\u00e9s t\u2019agradi!<\/span><\/p>\r\n<p>Aprofita el viatge per omplir el rebost amb productes locals o tasta&#8217;ls als restaurants de les 4 temporades gastron\u00f2miques del Bages.<\/p>\r\n<p style=\"text-align: center;\"><a href=\"https:\/\/benvingutsapages.cat\/edicio-2024\/?region%5B%5D=7\" class=\"btn btn-primary btn-md\"> Reserva <\/a>\r\n[\/vc_column_text][\/vc_column][vc_column width=\u00bb1\/3&#8243;][vc_column_text css=\u00bb\u00bb]\r\n<h3><img decoding=\"async\" class=\"lazyload alignnone size-medium wp-image-14202\" src=\"https:\/\/bagesturisme.cat\/wp-content\/uploads\/2024\/05\/7295733_orig-600x400.jpg\" data-orig-src=\"https:\/\/bagesturisme.cat\/wp-content\/uploads\/2024\/05\/7295733_orig-600x400.jpg\" alt=\"\" width=\"600\" height=\"400\" srcset=\"data:image\/svg+xml,%3Csvg%20xmlns%3D%27http%3A%2F%2Fwww.w3.org%2F2000%2Fsvg%27%20width%3D%27600%27%20height%3D%27400%27%20viewBox%3D%270%200%20600%20400%27%3E%3Crect%20width%3D%27600%27%20height%3D%27400%27%20fill-opacity%3D%220%22%2F%3E%3C%2Fsvg%3E\" data-srcset=\"https:\/\/www.bagesturisme.cat\/wp-content\/uploads\/2024\/05\/7295733_orig-600x400.jpg 600w, https:\/\/www.bagesturisme.cat\/wp-content\/uploads\/2024\/05\/7295733_orig-768x512.jpg 768w, https:\/\/www.bagesturisme.cat\/wp-content\/uploads\/2024\/05\/7295733_orig.jpg 1100w\" data-sizes=\"auto\" data-orig-sizes=\"(max-width: 600px) 100vw, 600px\" \/><\/h3>\r\n<h3>Fira del Vapor<\/h3>\r\n<p><em>Dissabte 1 i diumenge 2 de juny, Sant Vicen\u00e7 de Castellet<\/em><\/p>\r\n<p><span style=\"font-weight: 400;\">Un cap de setmana per endinsar-se a la vida quotidiana de Sant Vicen\u00e7 de Castellet entre 1868 i 1923, quan el ferrocarril i el batec de les f\u00e0briques t\u00e8xtils anaven amb vapor i poc a poc es passava d&#8217;una societat agr\u00e0ria a una industrial. Un aut\u00e8ntic viatge en el temps!<\/span><\/p>\r\n<p style=\"text-align: center;\"><a href=\"\" class=\"btn btn-primary btn-md\"> M\u00e9s info<\/a>\r\n[\/vc_column_text][\/vc_column][\/vc_row][vc_row full_width=\u00bbstretch_row_content\u00bb css=\u00bb.vc_custom_1616763033326{padding-top: 30px !important;padding-right: 40px !important;padding-bottom: 30px !important;padding-left: 40px !important;background-color: #ffffff !important;}\u00bb][vc_column][vc_text_separator title=\u00bbPLANIFICA LA TEVA ESTADA\u00bb][\/vc_column][vc_column width=\u00bb1\/4&#8243;][vc_btn title=\u00bbSegueix-nos!\u00bb style=\u00bbflat\u00bb color=\u00bbpink\u00bb size=\u00bblg\u00bb align=\u00bbcenter\u00bb i_icon_fontawesome=\u00bbfas fa-utensils\u00bb css_animation=\u00bbbottom-to-top\u00bb add_icon=\u00bbtrue\u00bb link=\u00bburl:http%3A%2F%2Finstagram.com%2Fbagesturisme|target:_blank\u00bb][\/vc_column][vc_column width=\u00bb1\/4&#8243;][vc_btn title=\u00bbRESTAURANTS\u00bb style=\u00bbflat\u00bb color=\u00bbviolet\u00bb size=\u00bblg\u00bb align=\u00bbcenter\u00bb i_icon_fontawesome=\u00bbfas fa-utensils\u00bb css_animation=\u00bbbottom-to-top\u00bb add_icon=\u00bbtrue\u00bb link=\u00bburl:http%3A%2F%2Fbagesturisme.cat%2Frestauracio|target:_blank\u00bb][\/vc_column][vc_column width=\u00bb1\/4&#8243;][vc_btn title=\u00bbALLOTJAMENTS\u00bb style=\u00bbflat\u00bb color=\u00bbviolet\u00bb size=\u00bblg\u00bb align=\u00bbcenter\u00bb i_icon_fontawesome=\u00bbfas fa-hotel\u00bb css_animation=\u00bbbottom-to-top\u00bb add_icon=\u00bbtrue\u00bb link=\u00bburl:http%3A%2F%2Fbagesturisme.cat%2Fallotjament\u00bb][\/vc_column][vc_column width=\u00bb1\/4&#8243;][vc_btn title=\u00bbSubscriu-te al butllet\u00ed\u00bb style=\u00bbflat\u00bb color=\u00bbpink\u00bb size=\u00bblg\u00bb align=\u00bbcenter\u00bb i_icon_fontawesome=\u00bbfas fa-hotel\u00bb css_animation=\u00bbbottom-to-top\u00bb add_icon=\u00bbtrue\u00bb link=\u00bburl:https%3A%2F%2Fmailchi.mp%2Fa59c34dec874%2Fnewsletter-bages-turisme\u00bb][\/vc_column][\/vc_row][vc_row][vc_column][vc_column_text]\r\n<h2>\u00a0<\/h2>\r\n<h2 style=\"text-align: center;\">Els allotjaments del Bages t&#8217;obren les portes<\/h2>\r\n[\/vc_column_text][\/vc_column][\/vc_row][vc_row][vc_column][vc_basic_grid post_type=\u00bballotjament\u00bb max_items=\u00bb-1&#8243; style=\u00bbpagination\u00bb items_per_page=\u00bb4&#8243; element_width=\u00bb3&#8243; gap=\u00bb10&#8243; orderby=\u00bbrand\u00bb arrows_design=\u00bbvc_arrow-icon-arrow_06_left\u00bb arrows_color=\u00bbgrey\u00bb loop=\u00bbyes\u00bb item=\u00bbmediaGrid_SlideInTitle\u00bb grid_id=\u00bbvc_gid:1715677464207-72a031da29aa5d2fd91697bb714db96f-4&#8243; taxonomies=\u00bb91&#8243; exclude=\u00bb100, 96, 21, 60, 89, 123, 73, 101, 96, 17, 51, 97, 3703, 117, 87, 74, 26&#8243; paging_animation_in=\u00bbslideInRight\u00bb][vc_column_text]\r\n<p style=\"text-align: center;\"><a href=\"https:\/\/bagesturisme.cat\/allotjament\/\" class=\"btn btn-primary btn-lg\">Queda&#8217;t a dormir al Bages!<\/a>\r\n[\/vc_column_text][\/vc_column][\/vc_row][vc_row full_width=\u00bbstretch_row_content\u00bb css=\u00bb.vc_custom_1616763033326{padding-top: 30px !important;padding-right: 40px !important;padding-bottom: 30px !important;padding-left: 40px !important;background-color: #ffffff !important;}\u00bb][vc_column][vc_column_text]\r\n<h1 style=\"text-align: center;\">Tots els camins et porten al Bages<\/h1>\r\n[\/vc_column_text][vc_row_inner][vc_column_inner][vc_single_image image=\u00bb9557&#8243; img_size=\u00bbfull\u00bb alignment=\u00bbcenter\u00bb][\/vc_column_inner][\/vc_row_inner][\/vc_column][\/vc_row][vc_row content_placement=\u00bbmiddle\u00bb][vc_column width=\u00bb1\/2&#8243;][vc_video link=\u00bbhttps:\/\/youtu.be\/iIo7USnbveg\u00bb][\/vc_column][vc_column width=\u00bb1\/2&#8243;][vc_column_text]\r\n<h2 style=\"text-align: center;\"><strong>El Bages, viu el plaer de descobrir-lo!<\/strong><\/h2>\r\n<p><i><span style=\"font-weight: 400;\">A tocar de les principals ciutats de Catalunya, hi ha guardat un gran secret. Amb la cara nord de Montserrat com a protagonista, el Bages \u00e9s un joia rural amagada; un indret allunyat de les aglomeracions i desconegut per molts, que sorpr\u00e8n per la seva autenticitat i car\u00e0cter.\u00a0<\/span><\/i><\/p>\r\n<p><i><span style=\"font-weight: 400;\">Visitar aquest territori \u00e9s tamb\u00e9 trepitjar el terra d\u2019un mar interior que va existir fa m\u00e9s de 40 milions d\u2019anys i que va desapar\u00e8ixer amb l\u2019aixecament dels Pirineus. Aquest antic mar declarat Geoparc Mundial UNESCO de la Catalunya Central ens ha deixat en her\u00e8ncia un ric patrimoni natural i geol\u00f2gic \u00fanic, que ha forjat paisatges de bosc i vinya incre\u00efbles, pobles on el temps s\u2019hi atura, cultura, tradicions i una oferta enogastron\u00f2mica per seduir els sentits.\u00a0<\/span><\/i><\/p>\r\n<h5 style=\"text-align: center;\"><strong>Aquesta primavera desconnecta al Bages<\/strong><strong>!<\/strong><\/h5>\r\n[\/vc_column_text][\/vc_column][\/vc_row][vc_row][vc_column][vc_gmaps link=\u00bb#E-8_JTNDaWZyYW1lJTIwc3JjJTNEJTIyaHR0cHMlM0ElMkYlMkZ3d3cuZ29vZ2xlLmNvbSUyRm1hcHMlMkZkJTJGdSUyRjAlMkZlbWJlZCUzRm1pZCUzRDE2dE55QjBlVkZYX2dUS2RzY0t4SEVLU0tNNGd3STFoZSUyMiUyMHdpZHRoJTNEJTIyNjQwJTIyJTIwaGVpZ2h0JTNEJTIyNDgwJTIyJTNFJTNDJTJGaWZyYW1lJTNF\u00bb title=\u00bbEl Bages\u00bb][\/vc_column][\/vc_row][vc_row][vc_column][vc_column_text][\/vc_column_text][\/vc_column][\/vc_row]<!-- \/wp:post-content --><!-- \/wp:fl-builder\/layout -->[vc_row full_width=\u00bbstretch_row_content_no_spaces\u00bb full_height=\u00bbyes\u00bb equal_height=\u00bbyes\u00bb parallax=\u00bbcontent-moving-fade\u00bb parallax_image=\u00bb12762&#8243; css_animation=\u00bbfadeIn\u00bb css=\u00bb.vc_custom_1681383687620{padding-top: 60px !important;padding-bottom: 60px !important;background-color: #969696 !important;}\u00bb][vc_column video_bg=\u00bbyes\u00bb video_bg_url=\u00bb\u00bb][vc_column_text css_animation=\u00bbfadeInUp\u00bb]<!-- wp:fl-builder\/layout --><\/p>\r\n<h1 style=\"text-align: center;\"><span style=\"color: #ffffff;\">Desconnecta al Bages aquesta primavera<\/span><\/h1>\r\n[\/vc_column_text][\/vc_column][\/vc_row][vc_row][vc_column][vc_column_text]\r\n<h2 style=\"text-align: center;\">Aquesta primavera et recomanem&#8230;<\/h2>\r\n[\/vc_column_text][\/vc_column][\/vc_row][vc_row][vc_column width=\u00bb1\/3&#8243;][vc_column_text css=\u00bb\u00bb]\r\n<h3><img decoding=\"async\" class=\"lazyload alignnone wp-image-14138 size-medium\" src=\"https:\/\/bagesturisme.cat\/wp-content\/uploads\/2024\/05\/anellament-ocells-bosc-i-vinya-2024-scaled-e1715680558493-600x400.jpg\" data-orig-src=\"https:\/\/bagesturisme.cat\/wp-content\/uploads\/2024\/05\/anellament-ocells-bosc-i-vinya-2024-scaled-e1715680558493-600x400.jpg\" alt=\"\" width=\"600\" height=\"400\" srcset=\"data:image\/svg+xml,%3Csvg%20xmlns%3D%27http%3A%2F%2Fwww.w3.org%2F2000%2Fsvg%27%20width%3D%27600%27%20height%3D%27400%27%20viewBox%3D%270%200%20600%20400%27%3E%3Crect%20width%3D%27600%27%20height%3D%27400%27%20fill-opacity%3D%220%22%2F%3E%3C%2Fsvg%3E\" data-srcset=\"https:\/\/www.bagesturisme.cat\/wp-content\/uploads\/2024\/05\/anellament-ocells-bosc-i-vinya-2024-scaled-e1715680558493-600x400.jpg 600w, https:\/\/www.bagesturisme.cat\/wp-content\/uploads\/2024\/05\/anellament-ocells-bosc-i-vinya-2024-scaled-e1715680558493-768x512.jpg 768w, https:\/\/www.bagesturisme.cat\/wp-content\/uploads\/2024\/05\/anellament-ocells-bosc-i-vinya-2024-scaled-e1715680558493-1280x853.jpg 1280w, https:\/\/www.bagesturisme.cat\/wp-content\/uploads\/2024\/05\/anellament-ocells-bosc-i-vinya-2024-scaled-e1715680558493-1536x1024.jpg 1536w, https:\/\/www.bagesturisme.cat\/wp-content\/uploads\/2024\/05\/anellament-ocells-bosc-i-vinya-2024-scaled-e1715680558493.jpg 1920w\" data-sizes=\"auto\" data-orig-sizes=\"(max-width: 600px) 100vw, 600px\" \/><\/h3>\r\n<h3>Cicle d&#8217;activitats Bosc i Vinya<\/h3>\r\n<p><em>Diumenges de maig i juny<\/em><\/p>\r\n<p>La Ruta del vi de la DO Pla de Bages continua amb el Cicle d\u2019activitats gratu\u00eftes de bosc i vinya; tot un conjunt de propostes relacionades amb el paisatge i la natura d\u2019aquest territori per aprofundir en el coneixement de la cultura de la vinya i el vi des d\u2019una vessant naturalista i sostenible.<\/p>\r\n<ul>\r\n<li>Anellament cient\u00edfic d&#8217;ocells<\/li>\r\n<li>Construcci\u00f3 d&#8217;un hotel d&#8217;insectes<\/li>\r\n<li>Reconeixement de plantes arom\u00e0tiques<\/li>\r\n<li>Construcci\u00f3 de caixes niu per ratpenats<\/li>\r\n<li>Descoberta de la pedra seca<\/li>\r\n<\/ul>\r\n<p style=\"text-align: center;\"><a href=\"https:\/\/www.rutadelvidobages.cat\/bosc-i-vinya\/\" class=\"btn btn-primary btn-md\"> INSCRIU-TE GRATIS <\/a>\r\n[\/vc_column_text][\/vc_column][vc_column width=\u00bb1\/3&#8243;][vc_column_text css=\u00bb\u00bb]\r\n<h3><img decoding=\"async\" class=\"lazyload alignnone size-medium wp-image-14116\" src=\"https:\/\/bagesturisme.cat\/wp-content\/uploads\/2024\/04\/Banner-ENG-Week-24-600x400.jpg\" data-orig-src=\"https:\/\/bagesturisme.cat\/wp-content\/uploads\/2024\/04\/Banner-ENG-Week-24-600x400.jpg\" alt=\"\" width=\"600\" height=\"400\" srcset=\"data:image\/svg+xml,%3Csvg%20xmlns%3D%27http%3A%2F%2Fwww.w3.org%2F2000%2Fsvg%27%20width%3D%27600%27%20height%3D%27400%27%20viewBox%3D%270%200%20600%20400%27%3E%3Crect%20width%3D%27600%27%20height%3D%27400%27%20fill-opacity%3D%220%22%2F%3E%3C%2Fsvg%3E\" data-srcset=\"https:\/\/www.bagesturisme.cat\/wp-content\/uploads\/2024\/04\/Banner-ENG-Week-24-600x400.jpg 600w, https:\/\/www.bagesturisme.cat\/wp-content\/uploads\/2024\/04\/Banner-ENG-Week-24-768x512.jpg 768w, https:\/\/www.bagesturisme.cat\/wp-content\/uploads\/2024\/04\/Banner-ENG-Week-24-1280x853.jpg 1280w, https:\/\/www.bagesturisme.cat\/wp-content\/uploads\/2024\/04\/Banner-ENG-Week-24-1536x1024.jpg 1536w, https:\/\/www.bagesturisme.cat\/wp-content\/uploads\/2024\/04\/Banner-ENG-Week-24-scaled.jpg 2560w\" data-sizes=\"auto\" data-orig-sizes=\"(max-width: 600px) 100vw, 600px\" \/><\/h3>\r\n<h3>Viu la setmana dels Geoparcs europeus<\/h3>\r\n<p><em>Del 18 de maig al 2 de juny<\/em><\/p>\r\n<p><span style=\"font-weight: 400;\">El Geoparc de la Catalunya central celebra la setmana del Geoparcs Europeus que pret\u00e9n posar en valor l&#8217;incre\u00efble patrimoni geol\u00f2gic dels diversos territoris d&#8217;Europa que alberguen un Geoparc.\u00a0 <\/span><span style=\"font-weight: 400;\">T&#8217;hi esperen <strong>una vintena de propostes<\/strong> l&#8217;udiques entre excursions, sortejos i moltes altres experi\u00e8ncies per tastar, trapitjar i viure l&#8217;antic mar interior que fa m\u00e9s de 36 milions d&#8217;anys banyava la Catalunya Central! <\/span><i><\/i><\/p>\r\n<p style=\"text-align: center;\"><a href=\"https:\/\/www.geoparc.cat\/el-geoparc-unesco-de-la-catalunya-central-celebra-la-setmana-dels-geoparcs-europeus-amb-una-vintena-de-propostes\/#\" class=\"btn btn-primary btn-md\"> Programa<\/a>\r\n[\/vc_column_text][\/vc_column][vc_column width=\u00bb1\/3&#8243;][vc_column_text css=\u00bb\u00bb]\r\n<h3><img decoding=\"async\" class=\"lazyload alignnone size-medium wp-image-9810\" src=\"https:\/\/bagesturisme.cat\/wp-content\/uploads\/2021\/04\/BT18_097_Museu_tecnica_Manresa-600x400.jpg\" data-orig-src=\"https:\/\/bagesturisme.cat\/wp-content\/uploads\/2021\/04\/BT18_097_Museu_tecnica_Manresa-600x400.jpg\" alt=\"\" width=\"600\" height=\"400\" srcset=\"data:image\/svg+xml,%3Csvg%20xmlns%3D%27http%3A%2F%2Fwww.w3.org%2F2000%2Fsvg%27%20width%3D%27600%27%20height%3D%27400%27%20viewBox%3D%270%200%20600%20400%27%3E%3Crect%20width%3D%27600%27%20height%3D%27400%27%20fill-opacity%3D%220%22%2F%3E%3C%2Fsvg%3E\" data-srcset=\"https:\/\/www.bagesturisme.cat\/wp-content\/uploads\/2021\/04\/BT18_097_Museu_tecnica_Manresa-600x400.jpg 600w, https:\/\/www.bagesturisme.cat\/wp-content\/uploads\/2021\/04\/BT18_097_Museu_tecnica_Manresa-768x512.jpg 768w, https:\/\/www.bagesturisme.cat\/wp-content\/uploads\/2021\/04\/BT18_097_Museu_tecnica_Manresa-1280x853.jpg 1280w, https:\/\/www.bagesturisme.cat\/wp-content\/uploads\/2021\/04\/BT18_097_Museu_tecnica_Manresa.jpg 1500w\" data-sizes=\"auto\" data-orig-sizes=\"(max-width: 600px) 100vw, 600px\" \/><\/h3>\r\n<h3>Portes obertes als museus<\/h3>\r\n<p><em>Dissabte 18 de maig a partir de les 10h<\/em><\/p>\r\n<p><span style=\"font-weight: 400;\">Amb motiu del Dia internacional dels museus, els museus del Bages obren les seves portes gratu\u00eftament! Aprofita i gaudeix de les seves obres: t&#8217;agrada el barroc o ets m\u00e9s de ci\u00e8ncia? Apropa&#8217;t i experimenta les originals propostes que han preparat per a tots els p\u00fablics:<\/span><\/p>\r\n<ul>\r\n<li><a href=\"https:\/\/seudemanresa.cat\/dia-internacional-dels-museus-2024\/\">Bas\u00edlica de la Seu<\/a> (Manresa)<\/li>\r\n<li><a href=\"https:\/\/museudelbarroc.cat\/dia-internacional-dels-museus\/\">Museu del Barroc de Catalunya<\/a> (Manresa)<\/li>\r\n<li><a href=\"https:\/\/www.santfruitos.cat\/actualitat\/noticies\/sant-fruitos-se-suma-al-dia-internacional-dels-museus-amb-una-jornada-de-portes-obertes-i-un-tast-de-vins-i-formatges\">Museu de la mem\u00f2ria de la vinya i el vi<\/a> (Sant Fruit\u00f3s de Bages)<\/li>\r\n<li><a href=\"https:\/\/www.parcdelasequia.cat\/agenda\/portes-obertes-al-museu-de-laigua-i-el-textil-2\/\">Museu de l&#8217;Aigua i el T\u00e8xtil<\/a> (Manresa)<\/li>\r\n<li><a href=\"https:\/\/www.parcdelasequia.cat\/agenda\/historia-de-la-casa-de-la-culla-dim\/\">Casa de la Culla<\/a> (Manresa)<\/li>\r\n<li><a href=\"https:\/\/geomuseu.upc.edu\/index.php\/es\/inici-espanol\/\">Museu de geologia Valent\u00ed Masachs<\/a> (Manresa)<\/li>\r\n<\/ul>\r\n[\/vc_column_text][\/vc_column][\/vc_row][vc_row][vc_column width=\u00bb1\/3&#8243;][vc_column_text]\r\n<h3><img decoding=\"async\" class=\"lazyload alignnone size-medium wp-image-14107\" src=\"https:\/\/bagesturisme.cat\/wp-content\/uploads\/2024\/04\/ballada-centra-placa-600x400.jpg\" data-orig-src=\"https:\/\/bagesturisme.cat\/wp-content\/uploads\/2024\/04\/ballada-centra-placa-600x400.jpg\" alt=\"\" width=\"600\" height=\"400\" srcset=\"data:image\/svg+xml,%3Csvg%20xmlns%3D%27http%3A%2F%2Fwww.w3.org%2F2000%2Fsvg%27%20width%3D%27600%27%20height%3D%27400%27%20viewBox%3D%270%200%20600%20400%27%3E%3Crect%20width%3D%27600%27%20height%3D%27400%27%20fill-opacity%3D%220%22%2F%3E%3C%2Fsvg%3E\" data-srcset=\"https:\/\/www.bagesturisme.cat\/wp-content\/uploads\/2024\/04\/ballada-centra-placa-600x400.jpg 600w, https:\/\/www.bagesturisme.cat\/wp-content\/uploads\/2024\/04\/ballada-centra-placa-768x512.jpg 768w, https:\/\/www.bagesturisme.cat\/wp-content\/uploads\/2024\/04\/ballada-centra-placa.jpg 1024w\" data-sizes=\"auto\" data-orig-sizes=\"(max-width: 600px) 100vw, 600px\" \/><\/h3>\r\n<h3>Les Gitanes de Sant Vicen\u00e7 de Castellet<\/h3>\r\n<p><em>Dissabte 18 i diumenge 19 de maig<\/em><\/p>\r\n<p><span style=\"font-weight: 400;\">Amb m\u00e9s de 115 anys d\u2019hist\u00f2ria, les colles dansaires de Sant Vicen\u00e7 de Castellet amb un total de m\u00e9s de 300 balladors i balladores s\u2019apleguen a la Pla\u00e7a de l\u2019Ajuntament per ballar i gaudir de les peces musicals interpretades per la cobla envoltat dels colors del vestuari i la brillantor de la pla\u00e7a engalanada per a l\u2019ocasi\u00f3.<\/span><\/p>\r\n<p style=\"text-align: center;\"><a href=\"https:\/\/www.lesgitanes.cat\/\" class=\"btn btn-primary btn-md\"> M\u00e9s info <\/a>\r\n[\/vc_column_text][\/vc_column][vc_column width=\u00bb1\/3&#8243;][vc_column_text]<img decoding=\"async\" class=\"lazyload alignnone wp-image-12677 size-medium\" src=\"data:image\/svg+xml,%3Csvg%20xmlns%3D%27http%3A%2F%2Fwww.w3.org%2F2000%2Fsvg%27%20width%3D%27400%27%20height%3D%27400%27%20viewBox%3D%270%200%20400%20400%27%3E%3Crect%20width%3D%27400%27%20height%3D%27400%27%20fill-opacity%3D%220%22%2F%3E%3C%2Fsvg%3E\" data-orig-src=\"https:\/\/bagesturisme.cat\/wp-content\/uploads\/2023\/03\/geotok-def-002-1024x1024-1-400x400.jpeg\" alt=\"\" width=\"400\" height=\"400\" \/><\/p>\r\n<h3>GEOTOK, LA VUITENA MERAVELLA<\/h3>\r\n<p><em>Caps de setman i festius a les 10.45h, 11.45h i 12.45h<\/em><\/p>\r\n<p>\u201cGeoTok, la vuitena meravella\u201d \u00e9s una visita teatralitzada enfocada al p\u00fablic familiar per descobrir la formaci\u00f3 i la hist\u00f2ria de la Muntanya de Sal de Cardona d\u2019una manera l\u00fadica i innovadora. Els GeoTeam s\u00f3n un grup de ge\u00f2legs TikTokers que s\u2019han proposat participar al repte mundial #EighthWonder, per buscar la vuitena meravella del m\u00f3n, els ajudes?<\/p>\r\n<p style=\"text-align: center;\"><a href=\"https:\/\/cardonaturisme.cat\/ca\/que-fer-hi\/parc-cultural-muntanya-de-sal\/visita-teatralitzada-al-pcms-projecte-alquimia-el-secret-del-liber-salis\/\" class=\"btn btn-primary btn-md\"> Reserva<\/a>\r\n[\/vc_column_text][\/vc_column][vc_column width=\u00bb1\/3&#8243;][vc_column_text]\r\n<h3><img decoding=\"async\" class=\"lazyload alignnone size-medium wp-image-14114\" src=\"https:\/\/bagesturisme.cat\/wp-content\/uploads\/2024\/04\/PROMO-scaled-1-600x400.jpg\" data-orig-src=\"https:\/\/bagesturisme.cat\/wp-content\/uploads\/2024\/04\/PROMO-scaled-1-600x400.jpg\" alt=\"\" width=\"600\" height=\"400\" srcset=\"data:image\/svg+xml,%3Csvg%20xmlns%3D%27http%3A%2F%2Fwww.w3.org%2F2000%2Fsvg%27%20width%3D%27600%27%20height%3D%27400%27%20viewBox%3D%270%200%20600%20400%27%3E%3Crect%20width%3D%27600%27%20height%3D%27400%27%20fill-opacity%3D%220%22%2F%3E%3C%2Fsvg%3E\" data-srcset=\"https:\/\/www.bagesturisme.cat\/wp-content\/uploads\/2024\/04\/PROMO-scaled-1-600x400.jpg 600w, https:\/\/www.bagesturisme.cat\/wp-content\/uploads\/2024\/04\/PROMO-scaled-1-768x512.jpg 768w, https:\/\/www.bagesturisme.cat\/wp-content\/uploads\/2024\/04\/PROMO-scaled-1-1280x854.jpg 1280w, https:\/\/www.bagesturisme.cat\/wp-content\/uploads\/2024\/04\/PROMO-scaled-1-1536x1024.jpg 1536w, https:\/\/www.bagesturisme.cat\/wp-content\/uploads\/2024\/04\/PROMO-scaled-1.jpg 2560w\" data-sizes=\"auto\" data-orig-sizes=\"(max-width: 600px) 100vw, 600px\" \/><\/h3>\r\n<h3>Concert d&#8217;Udol\u00e7 a la Torre Modernista Abadal<\/h3>\r\n<p><em>Diumenge 19 de maig\u00a0 (a les 12h i 18h)<\/em><\/p>\r\n<p>Endinsa&#8217;t en un viatge sensorial de la m\u00e0 del duet Udol\u00e7 amb una proposta musical ben original a la fabulosa Torre Modernista Abadal d&#8217;Aviny\u00f3. Alba Careta i Henrio emprenen un viatge on\u00edric per diverses\u00a0 can\u00e7ons de bressol, principalment de les comarques gironines i recollides en l\u2019arxiu del C\u00e0ntut. No t\u2019ho perdis!<\/p>\r\n<p style=\"text-align: center;\"><a href=\"https:\/\/www.torreabadal.com\/experiencies\/concert-especial-udolc-alba-careta-i-henrio\/\" class=\"btn btn-primary btn-md\"> Reserva<\/a>\r\n[\/vc_column_text][\/vc_column][\/vc_row][vc_row full_width=\u00bbstretch_row_content\u00bb css=\u00bb.vc_custom_1616763033326{padding-top: 30px !important;padding-right: 40px !important;padding-bottom: 30px !important;padding-left: 40px !important;background-color: #ffffff !important;}\u00bb][vc_column][vc_single_image image=\u00bb14199&#8243; img_size=\u00bblarge\u00bb alignment=\u00bbcenter\u00bb onclick=\u00bbcustom_link\u00bb css=\u00bb\u00bb link=\u00bbhttp:\/\/www.firaviba.cat\/programa\/\u00bb][\/vc_column][\/vc_row][vc_row][vc_column width=\u00bb1\/4&#8243;][vc_column_text css=\u00bb\u00bb]\r\n<h3><img decoding=\"async\" class=\"lazyload alignnone size-medium wp-image-12632\" src=\"https:\/\/bagesturisme.cat\/wp-content\/uploads\/2023\/03\/avinyo_pedraseca_maig_fortuny-001-601x400.jpg\" data-orig-src=\"https:\/\/bagesturisme.cat\/wp-content\/uploads\/2023\/03\/avinyo_pedraseca_maig_fortuny-001-601x400.jpg\" alt=\"Barraca de pedra seca amb lliris\" width=\"601\" height=\"400\" srcset=\"data:image\/svg+xml,%3Csvg%20xmlns%3D%27http%3A%2F%2Fwww.w3.org%2F2000%2Fsvg%27%20width%3D%27601%27%20height%3D%27400%27%20viewBox%3D%270%200%20601%20400%27%3E%3Crect%20width%3D%27601%27%20height%3D%27400%27%20fill-opacity%3D%220%22%2F%3E%3C%2Fsvg%3E\" data-srcset=\"https:\/\/www.bagesturisme.cat\/wp-content\/uploads\/2023\/03\/avinyo_pedraseca_maig_fortuny-001-601x400.jpg 601w, https:\/\/www.bagesturisme.cat\/wp-content\/uploads\/2023\/03\/avinyo_pedraseca_maig_fortuny-001-768x511.jpg 768w, https:\/\/www.bagesturisme.cat\/wp-content\/uploads\/2023\/03\/avinyo_pedraseca_maig_fortuny-001-1280x852.jpg 1280w, https:\/\/www.bagesturisme.cat\/wp-content\/uploads\/2023\/03\/avinyo_pedraseca_maig_fortuny-001-1536x1022.jpg 1536w, https:\/\/www.bagesturisme.cat\/wp-content\/uploads\/2023\/03\/avinyo_pedraseca_maig_fortuny-001.jpg 2200w\" data-sizes=\"auto\" data-orig-sizes=\"(max-width: 601px) 100vw, 601px\" \/><\/h3>\r\n<h3>Visites al patrimoni vitivin\u00edcola<\/h3>\r\n<p><em>25, 26 de maig i 1, 2 de juny al mat\u00ed<\/em><\/p>\r\n<p>Coneix el llegat llegat de la hist\u00f2ria vin\u00edcola del Bages a trav\u00e9s d&#8217;una a\u00e0mplia varietat de visites i d&#8217;itineraris guiats per entendre i posar en valor el seu present, i fomentar la cultura del vi i el turisme de proximitat.\u00a0<\/p>\r\n<p style=\"text-align: center;\"><a href=\"\" class=\"btn btn-primary btn-md\"> Reserva <\/a>\r\n[\/vc_column_text][\/vc_column][vc_column width=\u00bb1\/4&#8243;][vc_column_text css=\u00bb\u00bb]\r\n<h3><img decoding=\"async\" class=\"lazyload alignnone size-medium wp-image-14196\" src=\"https:\/\/bagesturisme.cat\/wp-content\/uploads\/2024\/05\/firaviba_nitdepicapolls-127-600x400.jpg\" data-orig-src=\"https:\/\/bagesturisme.cat\/wp-content\/uploads\/2024\/05\/firaviba_nitdepicapolls-127-600x400.jpg\" alt=\"\" width=\"600\" height=\"400\" srcset=\"data:image\/svg+xml,%3Csvg%20xmlns%3D%27http%3A%2F%2Fwww.w3.org%2F2000%2Fsvg%27%20width%3D%27600%27%20height%3D%27400%27%20viewBox%3D%270%200%20600%20400%27%3E%3Crect%20width%3D%27600%27%20height%3D%27400%27%20fill-opacity%3D%220%22%2F%3E%3C%2Fsvg%3E\" data-srcset=\"https:\/\/www.bagesturisme.cat\/wp-content\/uploads\/2024\/05\/firaviba_nitdepicapolls-127-600x400.jpg 600w, https:\/\/www.bagesturisme.cat\/wp-content\/uploads\/2024\/05\/firaviba_nitdepicapolls-127-768x512.jpg 768w, https:\/\/www.bagesturisme.cat\/wp-content\/uploads\/2024\/05\/firaviba_nitdepicapolls-127-1280x853.jpg 1280w, https:\/\/www.bagesturisme.cat\/wp-content\/uploads\/2024\/05\/firaviba_nitdepicapolls-127-1536x1024.jpg 1536w, https:\/\/www.bagesturisme.cat\/wp-content\/uploads\/2024\/05\/firaviba_nitdepicapolls-127-scaled.jpg 2560w\" data-sizes=\"auto\" data-orig-sizes=\"(max-width: 600px) 100vw, 600px\" \/><\/h3>\r\n<h3>Nit de picapolls<\/h3>\r\n<p><em>Divendres 31 de maig a les 20.00h<\/em><\/p>\r\n<p>Vine a gaudir de la gran Nit de Picapolls! Una nit m\u00e0gica per tastar els vins elaborats amb picapoll, la varietat aut\u00f2ctona de la DO Pla de Bages, i gaudir d\u2019un sopar amb del\u00edcies gastron\u00f2miques d\u2019alguns dels restaurants de la comarca.<\/p>\r\n<p style=\"text-align: center;\"><a href=\"https:\/\/www.instagram.com\/firafiladores\/\" class=\"btn btn-primary btn-md\"> RESERVA<\/a>\r\n[\/vc_column_text][\/vc_column][vc_column width=\u00bb1\/4&#8243;][vc_column_text css=\u00bb\u00bb]\r\n<h3><img decoding=\"async\" class=\"lazyload alignnone size-medium wp-image-11102\" src=\"https:\/\/bagesturisme.cat\/wp-content\/uploads\/2022\/03\/Celler-Collbaix-20-599x400.jpg\" data-orig-src=\"https:\/\/bagesturisme.cat\/wp-content\/uploads\/2022\/03\/Celler-Collbaix-20-599x400.jpg\" alt=\"\" width=\"599\" height=\"400\" srcset=\"data:image\/svg+xml,%3Csvg%20xmlns%3D%27http%3A%2F%2Fwww.w3.org%2F2000%2Fsvg%27%20width%3D%27599%27%20height%3D%27400%27%20viewBox%3D%270%200%20599%20400%27%3E%3Crect%20width%3D%27599%27%20height%3D%27400%27%20fill-opacity%3D%220%22%2F%3E%3C%2Fsvg%3E\" data-srcset=\"https:\/\/www.bagesturisme.cat\/wp-content\/uploads\/2022\/03\/Celler-Collbaix-20-599x400.jpg 599w, https:\/\/www.bagesturisme.cat\/wp-content\/uploads\/2022\/03\/Celler-Collbaix-20-768x513.jpg 768w, https:\/\/www.bagesturisme.cat\/wp-content\/uploads\/2022\/03\/Celler-Collbaix-20-1280x854.jpg 1280w, https:\/\/www.bagesturisme.cat\/wp-content\/uploads\/2022\/03\/Celler-Collbaix-20-1536x1025.jpg 1536w, https:\/\/www.bagesturisme.cat\/wp-content\/uploads\/2022\/03\/Celler-Collbaix-20.jpg 2024w\" data-sizes=\"auto\" data-orig-sizes=\"(max-width: 599px) 100vw, 599px\" \/><\/h3>\r\n<h3>Visites als cellers<\/h3>\r\n<p><em>25, 26 de maig i 1,2 de juny al mat\u00ed<\/em><\/p>\r\n<p>La fira ViBa obre les portes dels cellers de la Ruta del vi de la DO Pla de Bages, i ofereix als visitants una oportunitat \u00fanica per gaudir d\u2019una visita guiada pels racons m\u00e9s singulars i tastar els seus deliciosos vins per nom\u00e9s 10\u20ac (infants gratu\u00eft).<\/p>\r\n<p style=\"text-align: center;\"><a href=\"\" class=\"btn btn-primary btn-md\"> Reserva <\/a>\r\n[\/vc_column_text][\/vc_column][vc_column width=\u00bb1\/4&#8243;][vc_column_text css=\u00bb\u00bb]\r\n<h3><img decoding=\"async\" class=\"lazyload alignnone size-medium wp-image-14197\" src=\"https:\/\/bagesturisme.cat\/wp-content\/uploads\/2024\/05\/firaviba_nitdepicapolls-047-600x400.jpg\" data-orig-src=\"https:\/\/bagesturisme.cat\/wp-content\/uploads\/2024\/05\/firaviba_nitdepicapolls-047-600x400.jpg\" alt=\"\" width=\"600\" height=\"400\" srcset=\"data:image\/svg+xml,%3Csvg%20xmlns%3D%27http%3A%2F%2Fwww.w3.org%2F2000%2Fsvg%27%20width%3D%27600%27%20height%3D%27400%27%20viewBox%3D%270%200%20600%20400%27%3E%3Crect%20width%3D%27600%27%20height%3D%27400%27%20fill-opacity%3D%220%22%2F%3E%3C%2Fsvg%3E\" data-srcset=\"https:\/\/www.bagesturisme.cat\/wp-content\/uploads\/2024\/05\/firaviba_nitdepicapolls-047-600x400.jpg 600w, https:\/\/www.bagesturisme.cat\/wp-content\/uploads\/2024\/05\/firaviba_nitdepicapolls-047-768x512.jpg 768w, https:\/\/www.bagesturisme.cat\/wp-content\/uploads\/2024\/05\/firaviba_nitdepicapolls-047-1280x853.jpg 1280w, https:\/\/www.bagesturisme.cat\/wp-content\/uploads\/2024\/05\/firaviba_nitdepicapolls-047-1536x1024.jpg 1536w, https:\/\/www.bagesturisme.cat\/wp-content\/uploads\/2024\/05\/firaviba_nitdepicapolls-047-scaled.jpg 2560w\" data-sizes=\"auto\" data-orig-sizes=\"(max-width: 600px) 100vw, 600px\" \/><\/h3>\r\n<h3>Fira al centre de Manresa<\/h3>\r\n<p><em>1 i 2 de juny a partir de les 18.00h<\/em><\/p>\r\n<p>Els cellers de la DO Pla de Bages es reuniran de nou al Pati del Casino per ensenyar-te i donar-te a tastar els seus deliciosos vins acompanyats d&#8217;una variada oferta gastron\u00f2mica amb food trucks i Mengem Bages, productors d\u2019oli del Bages, <strong>espectacles en directe<\/strong> i l\u2019<strong>espai infantil Most<\/strong>.\u00a0<\/p>\r\n<p style=\"text-align: center;\"><a href=\"\" class=\"btn btn-primary btn-md\"> M\u00e9s info<\/a>\r\n[\/vc_column_text][\/vc_column][\/vc_row][vc_row][vc_column width=\u00bb1\/3&#8243;][vc_column_text css=\u00bb\u00bb]\r\n<p><img decoding=\"async\" class=\"lazyload size-medium wp-image-14201\" src=\"https:\/\/bagesturisme.cat\/wp-content\/uploads\/2024\/05\/CFF0145-602x400.jpg\" data-orig-src=\"https:\/\/bagesturisme.cat\/wp-content\/uploads\/2024\/05\/CFF0145-602x400.jpg\" alt=\"\" width=\"602\" height=\"400\" srcset=\"data:image\/svg+xml,%3Csvg%20xmlns%3D%27http%3A%2F%2Fwww.w3.org%2F2000%2Fsvg%27%20width%3D%27602%27%20height%3D%27400%27%20viewBox%3D%270%200%20602%20400%27%3E%3Crect%20width%3D%27602%27%20height%3D%27400%27%20fill-opacity%3D%220%22%2F%3E%3C%2Fsvg%3E\" data-srcset=\"https:\/\/www.bagesturisme.cat\/wp-content\/uploads\/2024\/05\/CFF0145-602x400.jpg 602w, https:\/\/www.bagesturisme.cat\/wp-content\/uploads\/2024\/05\/CFF0145-768x510.jpg 768w, https:\/\/www.bagesturisme.cat\/wp-content\/uploads\/2024\/05\/CFF0145-1280x850.jpg 1280w, https:\/\/www.bagesturisme.cat\/wp-content\/uploads\/2024\/05\/CFF0145-1536x1020.jpg 1536w, https:\/\/www.bagesturisme.cat\/wp-content\/uploads\/2024\/05\/CFF0145.jpg 1890w\" data-sizes=\"auto\" data-orig-sizes=\"(max-width: 602px) 100vw, 602px\" \/><\/p>\r\n<h3>Festa de la Sal<\/h3>\r\n<p><em>Dissabte 1 i diumenge 2 de juny, Cardona<\/em><\/p>\r\n<p><span style=\"font-weight: 400;\">Viu a Cardona la festa m\u00e9s salada de l\u2019any: la pedra incorrupta i pura, garantia de vida i s\u00edmbol d\u2019abund\u00e0ncia ben arrelada a la hist\u00f2ria del municipi. <\/span><span style=\"font-weight: 400;\">Una festa on la cultura al carrer, el comer\u00e7 i l&#8217;artesania, la gastronomia i el patrimoni esdevenen els protagonistes.<\/span><\/p>\r\n<p style=\"text-align: center;\"><a href=\"https:\/\/www.festadelasal.com\/\" class=\"btn btn-primary btn-md\"> M\u00e9s info<\/a>\r\n[\/vc_column_text][\/vc_column][vc_column width=\u00bb1\/3&#8243;][vc_column_text css=\u00bb\u00bb]\r\n<h3><img decoding=\"async\" class=\"lazyload alignnone size-medium wp-image-14200\" src=\"https:\/\/bagesturisme.cat\/wp-content\/uploads\/2024\/05\/Logotip-BAP-2024-miniatura-563x400.jpg\" data-orig-src=\"https:\/\/bagesturisme.cat\/wp-content\/uploads\/2024\/05\/Logotip-BAP-2024-miniatura-563x400.jpg\" alt=\"\" width=\"563\" height=\"400\" srcset=\"data:image\/svg+xml,%3Csvg%20xmlns%3D%27http%3A%2F%2Fwww.w3.org%2F2000%2Fsvg%27%20width%3D%27563%27%20height%3D%27400%27%20viewBox%3D%270%200%20563%20400%27%3E%3Crect%20width%3D%27563%27%20height%3D%27400%27%20fill-opacity%3D%220%22%2F%3E%3C%2Fsvg%3E\" data-srcset=\"https:\/\/www.bagesturisme.cat\/wp-content\/uploads\/2024\/05\/Logotip-BAP-2024-miniatura-563x400.jpg 563w, https:\/\/www.bagesturisme.cat\/wp-content\/uploads\/2024\/05\/Logotip-BAP-2024-miniatura-768x546.jpg 768w, https:\/\/www.bagesturisme.cat\/wp-content\/uploads\/2024\/05\/Logotip-BAP-2024-miniatura.jpg 792w\" data-sizes=\"auto\" data-orig-sizes=\"(max-width: 563px) 100vw, 563px\" \/><\/h3>\r\n<h3>Benvinguts a Pag\u00e8s<\/h3>\r\n<p><em>Dissabte 1 i diumenge 2 de juny<\/em><\/p>\r\n<p><span style=\"font-weight: 400;\">Les explotacions del Bages obren les seves portes perqu\u00e8 pugueu sentir-vos pag\u00e8s o pagesa per un dia! Consulta les visites i activitats disponibles i reserva la que m\u00e9s t\u2019agradi!<\/span><\/p>\r\n<p>Aprofita el viatge per omplir el rebost amb productes locals o tasta&#8217;ls als restaurants de les 4 temporades gastron\u00f2miques del Bages.<\/p>\r\n<p style=\"text-align: center;\"><a href=\"https:\/\/benvingutsapages.cat\/edicio-2024\/?region%5B%5D=7\" class=\"btn btn-primary btn-md\"> Reserva <\/a>\r\n[\/vc_column_text][\/vc_column][vc_column width=\u00bb1\/3&#8243;][vc_column_text css=\u00bb\u00bb]\r\n<h3><img decoding=\"async\" class=\"lazyload alignnone size-medium wp-image-14202\" src=\"https:\/\/bagesturisme.cat\/wp-content\/uploads\/2024\/05\/7295733_orig-600x400.jpg\" data-orig-src=\"https:\/\/bagesturisme.cat\/wp-content\/uploads\/2024\/05\/7295733_orig-600x400.jpg\" alt=\"\" width=\"600\" height=\"400\" srcset=\"data:image\/svg+xml,%3Csvg%20xmlns%3D%27http%3A%2F%2Fwww.w3.org%2F2000%2Fsvg%27%20width%3D%27600%27%20height%3D%27400%27%20viewBox%3D%270%200%20600%20400%27%3E%3Crect%20width%3D%27600%27%20height%3D%27400%27%20fill-opacity%3D%220%22%2F%3E%3C%2Fsvg%3E\" data-srcset=\"https:\/\/www.bagesturisme.cat\/wp-content\/uploads\/2024\/05\/7295733_orig-600x400.jpg 600w, https:\/\/www.bagesturisme.cat\/wp-content\/uploads\/2024\/05\/7295733_orig-768x512.jpg 768w, https:\/\/www.bagesturisme.cat\/wp-content\/uploads\/2024\/05\/7295733_orig.jpg 1100w\" data-sizes=\"auto\" data-orig-sizes=\"(max-width: 600px) 100vw, 600px\" \/><\/h3>\r\n<h3>Fira del Vapor<\/h3>\r\n<p><em>Dissabte 1 i diumenge 2 de juny, Sant Vicen\u00e7 de Castellet<\/em><\/p>\r\n<p><span style=\"font-weight: 400;\">Un cap de setmana per endinsar-se a la vida quotidiana de Sant Vicen\u00e7 de Castellet entre 1868 i 1923, quan el ferrocarril i el batec de les f\u00e0briques t\u00e8xtils anaven amb vapor i poc a poc es passava d&#8217;una societat agr\u00e0ria a una industrial. Un aut\u00e8ntic viatge en el temps!<\/span><\/p>\r\n<p style=\"text-align: center;\"><a href=\"\" class=\"btn btn-primary btn-md\"> M\u00e9s info<\/a>\r\n[\/vc_column_text][\/vc_column][\/vc_row][vc_row full_width=\u00bbstretch_row_content\u00bb css=\u00bb.vc_custom_1616763033326{padding-top: 30px !important;padding-right: 40px !important;padding-bottom: 30px !important;padding-left: 40px !important;background-color: #ffffff !important;}\u00bb][vc_column][vc_text_separator title=\u00bbPLANIFICA LA TEVA ESTADA\u00bb][\/vc_column][vc_column width=\u00bb1\/4&#8243;][vc_btn title=\u00bbSegueix-nos!\u00bb style=\u00bbflat\u00bb color=\u00bbpink\u00bb size=\u00bblg\u00bb align=\u00bbcenter\u00bb i_icon_fontawesome=\u00bbfas fa-utensils\u00bb css_animation=\u00bbbottom-to-top\u00bb add_icon=\u00bbtrue\u00bb link=\u00bburl:http%3A%2F%2Finstagram.com%2Fbagesturisme|target:_blank\u00bb][\/vc_column][vc_column width=\u00bb1\/4&#8243;][vc_btn title=\u00bbRESTAURANTS\u00bb style=\u00bbflat\u00bb color=\u00bbviolet\u00bb size=\u00bblg\u00bb align=\u00bbcenter\u00bb i_icon_fontawesome=\u00bbfas fa-utensils\u00bb css_animation=\u00bbbottom-to-top\u00bb add_icon=\u00bbtrue\u00bb link=\u00bburl:http%3A%2F%2Fbagesturisme.cat%2Frestauracio|target:_blank\u00bb][\/vc_column][vc_column width=\u00bb1\/4&#8243;][vc_btn title=\u00bbALLOTJAMENTS\u00bb style=\u00bbflat\u00bb color=\u00bbviolet\u00bb size=\u00bblg\u00bb align=\u00bbcenter\u00bb i_icon_fontawesome=\u00bbfas fa-hotel\u00bb css_animation=\u00bbbottom-to-top\u00bb add_icon=\u00bbtrue\u00bb link=\u00bburl:http%3A%2F%2Fbagesturisme.cat%2Fallotjament\u00bb][\/vc_column][vc_column width=\u00bb1\/4&#8243;][vc_btn title=\u00bbSubscriu-te al butllet\u00ed\u00bb style=\u00bbflat\u00bb color=\u00bbpink\u00bb size=\u00bblg\u00bb align=\u00bbcenter\u00bb i_icon_fontawesome=\u00bbfas fa-hotel\u00bb css_animation=\u00bbbottom-to-top\u00bb add_icon=\u00bbtrue\u00bb link=\u00bburl:https%3A%2F%2Fmailchi.mp%2Fa59c34dec874%2Fnewsletter-bages-turisme\u00bb][\/vc_column][\/vc_row][vc_row][vc_column][vc_column_text]\r\n<h2>\u00a0<\/h2>\r\n<h2 style=\"text-align: center;\">Els allotjaments del Bages t&#8217;obren les portes<\/h2>\r\n[\/vc_column_text][\/vc_column][\/vc_row][vc_row][vc_column][vc_basic_grid post_type=\u00bballotjament\u00bb max_items=\u00bb-1&#8243; style=\u00bbpagination\u00bb items_per_page=\u00bb4&#8243; element_width=\u00bb3&#8243; gap=\u00bb10&#8243; orderby=\u00bbrand\u00bb arrows_design=\u00bbvc_arrow-icon-arrow_06_left\u00bb arrows_color=\u00bbgrey\u00bb loop=\u00bbyes\u00bb item=\u00bbmediaGrid_SlideInTitle\u00bb grid_id=\u00bbvc_gid:1715677464207-72a031da29aa5d2fd91697bb714db96f-4&#8243; taxonomies=\u00bb91&#8243; exclude=\u00bb100, 96, 21, 60, 89, 123, 73, 101, 96, 17, 51, 97, 3703, 117, 87, 74, 26&#8243; paging_animation_in=\u00bbslideInRight\u00bb][vc_column_text]\r\n<p style=\"text-align: center;\"><a href=\"https:\/\/bagesturisme.cat\/allotjament\/\" class=\"btn btn-primary btn-lg\">Queda&#8217;t a dormir al Bages!<\/a>\r\n[\/vc_column_text][\/vc_column][\/vc_row][vc_row full_width=\u00bbstretch_row_content\u00bb css=\u00bb.vc_custom_1616763033326{padding-top: 30px !important;padding-right: 40px !important;padding-bottom: 30px !important;padding-left: 40px !important;background-color: #ffffff !important;}\u00bb][vc_column][vc_column_text]\r\n<h1 style=\"text-align: center;\">Tots els camins et porten al Bages<\/h1>\r\n[\/vc_column_text][vc_row_inner][vc_column_inner][vc_single_image image=\u00bb9557&#8243; img_size=\u00bbfull\u00bb alignment=\u00bbcenter\u00bb][\/vc_column_inner][\/vc_row_inner][\/vc_column][\/vc_row][vc_row content_placement=\u00bbmiddle\u00bb][vc_column width=\u00bb1\/2&#8243;][vc_video link=\u00bbhttps:\/\/youtu.be\/iIo7USnbveg\u00bb][\/vc_column][vc_column width=\u00bb1\/2&#8243;][vc_column_text]\r\n<h2 style=\"text-align: center;\"><strong>El Bages, viu el plaer de descobrir-lo!<\/strong><\/h2>\r\n<p><i><span style=\"font-weight: 400;\">A tocar de les principals ciutats de Catalunya, hi ha guardat un gran secret. Amb la cara nord de Montserrat com a protagonista, el Bages \u00e9s un joia rural amagada; un indret allunyat de les aglomeracions i desconegut per molts, que sorpr\u00e8n per la seva autenticitat i car\u00e0cter.\u00a0<\/span><\/i><\/p>\r\n<p><i><span style=\"font-weight: 400;\">Visitar aquest territori \u00e9s tamb\u00e9 trepitjar el terra d\u2019un mar interior que va existir fa m\u00e9s de 40 milions d\u2019anys i que va desapar\u00e8ixer amb l\u2019aixecament dels Pirineus. Aquest antic mar declarat Geoparc Mundial UNESCO de la Catalunya Central ens ha deixat en her\u00e8ncia un ric patrimoni natural i geol\u00f2gic \u00fanic, que ha forjat paisatges de bosc i vinya incre\u00efbles, pobles on el temps s\u2019hi atura, cultura, tradicions i una oferta enogastron\u00f2mica per seduir els sentits.\u00a0<\/span><\/i><\/p>\r\n<h5 style=\"text-align: center;\"><strong>Aquesta primavera desconnecta al Bages<\/strong><strong>!<\/strong><\/h5>\r\n[\/vc_column_text][\/vc_column][\/vc_row][vc_row][vc_column][vc_gmaps link=\u00bb#E-8_JTNDaWZyYW1lJTIwc3JjJTNEJTIyaHR0cHMlM0ElMkYlMkZ3d3cuZ29vZ2xlLmNvbSUyRm1hcHMlMkZkJTJGdSUyRjAlMkZlbWJlZCUzRm1pZCUzRDE2dE55QjBlVkZYX2dUS2RzY0t4SEVLU0tNNGd3STFoZSUyMiUyMHdpZHRoJTNEJTIyNjQwJTIyJTIwaGVpZ2h0JTNEJTIyNDgwJTIyJTNFJTNDJTJGaWZyYW1lJTNF\u00bb title=\u00bbEl Bages\u00bb][\/vc_column][\/vc_row][vc_row][vc_column][vc_column_text][\/vc_column_text][\/vc_column][\/vc_row]<!-- \/wp:post-content --><!-- \/wp:fl-builder\/layout --><!-- wp:post-content -->[vc_row full_width=\u00bbstretch_row_content_no_spaces\u00bb full_height=\u00bbyes\u00bb equal_height=\u00bbyes\u00bb parallax=\u00bbcontent-moving-fade\u00bb parallax_image=\u00bb12762&#8243; css_animation=\u00bbfadeIn\u00bb css=\u00bb.vc_custom_1681383687620{padding-top: 60px !important;padding-bottom: 60px !important;background-color: #969696 !important;}\u00bb][vc_column video_bg=\u00bbyes\u00bb video_bg_url=\u00bb\u00bb][vc_column_text css_animation=\u00bbfadeInUp\u00bb]<!-- wp:fl-builder\/layout --><\/p>\r\n<h1 style=\"text-align: center;\"><span style=\"color: #ffffff;\">Desconnecta al Bages aquesta primavera<\/span><\/h1>\r\n[\/vc_column_text][\/vc_column][\/vc_row][vc_row][vc_column][vc_column_text]\r\n<h2 style=\"text-align: center;\">Aquesta primavera et recomanem&#8230;<\/h2>\r\n[\/vc_column_text][\/vc_column][\/vc_row][vc_row][vc_column width=\u00bb1\/3&#8243;][vc_column_text css=\u00bb\u00bb]\r\n<h3><img decoding=\"async\" class=\"lazyload alignnone wp-image-14138 size-medium\" src=\"https:\/\/bagesturisme.cat\/wp-content\/uploads\/2024\/05\/anellament-ocells-bosc-i-vinya-2024-scaled-e1715680558493-600x400.jpg\" data-orig-src=\"https:\/\/bagesturisme.cat\/wp-content\/uploads\/2024\/05\/anellament-ocells-bosc-i-vinya-2024-scaled-e1715680558493-600x400.jpg\" alt=\"\" width=\"600\" height=\"400\" srcset=\"data:image\/svg+xml,%3Csvg%20xmlns%3D%27http%3A%2F%2Fwww.w3.org%2F2000%2Fsvg%27%20width%3D%27600%27%20height%3D%27400%27%20viewBox%3D%270%200%20600%20400%27%3E%3Crect%20width%3D%27600%27%20height%3D%27400%27%20fill-opacity%3D%220%22%2F%3E%3C%2Fsvg%3E\" data-srcset=\"https:\/\/www.bagesturisme.cat\/wp-content\/uploads\/2024\/05\/anellament-ocells-bosc-i-vinya-2024-scaled-e1715680558493-600x400.jpg 600w, https:\/\/www.bagesturisme.cat\/wp-content\/uploads\/2024\/05\/anellament-ocells-bosc-i-vinya-2024-scaled-e1715680558493-768x512.jpg 768w, https:\/\/www.bagesturisme.cat\/wp-content\/uploads\/2024\/05\/anellament-ocells-bosc-i-vinya-2024-scaled-e1715680558493-1280x853.jpg 1280w, https:\/\/www.bagesturisme.cat\/wp-content\/uploads\/2024\/05\/anellament-ocells-bosc-i-vinya-2024-scaled-e1715680558493-1536x1024.jpg 1536w, https:\/\/www.bagesturisme.cat\/wp-content\/uploads\/2024\/05\/anellament-ocells-bosc-i-vinya-2024-scaled-e1715680558493.jpg 1920w\" data-sizes=\"auto\" data-orig-sizes=\"(max-width: 600px) 100vw, 600px\" \/><\/h3>\r\n<h3>Cicle d&#8217;activitats Bosc i Vinya<\/h3>\r\n<p><em>Diumenges de maig i juny<\/em><\/p>\r\n<p>La Ruta del vi de la DO Pla de Bages continua amb el Cicle d\u2019activitats gratu\u00eftes de bosc i vinya; tot un conjunt de propostes relacionades amb el paisatge i la natura d\u2019aquest territori per aprofundir en el coneixement de la cultura de la vinya i el vi des d\u2019una vessant naturalista i sostenible.<\/p>\r\n<ul>\r\n<li>Anellament cient\u00edfic d&#8217;ocells<\/li>\r\n<li>Construcci\u00f3 d&#8217;un hotel d&#8217;insectes<\/li>\r\n<li>Reconeixement de plantes arom\u00e0tiques<\/li>\r\n<li>Construcci\u00f3 de caixes niu per ratpenats<\/li>\r\n<li>Descoberta de la pedra seca<\/li>\r\n<\/ul>\r\n<p style=\"text-align: center;\"><a href=\"https:\/\/www.rutadelvidobages.cat\/bosc-i-vinya\/\" class=\"btn btn-primary btn-md\"> INSCRIU-TE GRATIS <\/a>\r\n[\/vc_column_text][\/vc_column][vc_column width=\u00bb1\/3&#8243;][vc_column_text css=\u00bb\u00bb]\r\n<h3><img decoding=\"async\" class=\"lazyload alignnone size-medium wp-image-14116\" src=\"https:\/\/bagesturisme.cat\/wp-content\/uploads\/2024\/04\/Banner-ENG-Week-24-600x400.jpg\" data-orig-src=\"https:\/\/bagesturisme.cat\/wp-content\/uploads\/2024\/04\/Banner-ENG-Week-24-600x400.jpg\" alt=\"\" width=\"600\" height=\"400\" srcset=\"data:image\/svg+xml,%3Csvg%20xmlns%3D%27http%3A%2F%2Fwww.w3.org%2F2000%2Fsvg%27%20width%3D%27600%27%20height%3D%27400%27%20viewBox%3D%270%200%20600%20400%27%3E%3Crect%20width%3D%27600%27%20height%3D%27400%27%20fill-opacity%3D%220%22%2F%3E%3C%2Fsvg%3E\" data-srcset=\"https:\/\/www.bagesturisme.cat\/wp-content\/uploads\/2024\/04\/Banner-ENG-Week-24-600x400.jpg 600w, https:\/\/www.bagesturisme.cat\/wp-content\/uploads\/2024\/04\/Banner-ENG-Week-24-768x512.jpg 768w, https:\/\/www.bagesturisme.cat\/wp-content\/uploads\/2024\/04\/Banner-ENG-Week-24-1280x853.jpg 1280w, https:\/\/www.bagesturisme.cat\/wp-content\/uploads\/2024\/04\/Banner-ENG-Week-24-1536x1024.jpg 1536w, https:\/\/www.bagesturisme.cat\/wp-content\/uploads\/2024\/04\/Banner-ENG-Week-24-scaled.jpg 2560w\" data-sizes=\"auto\" data-orig-sizes=\"(max-width: 600px) 100vw, 600px\" \/><\/h3>\r\n<h3>Viu la setmana dels Geoparcs europeus<\/h3>\r\n<p><em>Del 18 de maig al 2 de juny<\/em><\/p>\r\n<p><span style=\"font-weight: 400;\">El Geoparc de la Catalunya central celebra la setmana del Geoparcs Europeus que pret\u00e9n posar en valor l&#8217;incre\u00efble patrimoni geol\u00f2gic dels diversos territoris d&#8217;Europa que alberguen un Geoparc.\u00a0 <\/span><span style=\"font-weight: 400;\">T&#8217;hi esperen <strong>una vintena de propostes<\/strong> l&#8217;udiques entre excursions, sortejos i moltes altres experi\u00e8ncies per tastar, trapitjar i viure l&#8217;antic mar interior que fa m\u00e9s de 36 milions d&#8217;anys banyava la Catalunya Central! <\/span><i><\/i><\/p>\r\n<p style=\"text-align: center;\"><a href=\"https:\/\/www.geoparc.cat\/el-geoparc-unesco-de-la-catalunya-central-celebra-la-setmana-dels-geoparcs-europeus-amb-una-vintena-de-propostes\/#\" class=\"btn btn-primary btn-md\"> Programa<\/a>\r\n[\/vc_column_text][\/vc_column][vc_column width=\u00bb1\/3&#8243;][vc_column_text css=\u00bb\u00bb]\r\n<h3><img decoding=\"async\" class=\"lazyload alignnone size-medium wp-image-9810\" src=\"https:\/\/bagesturisme.cat\/wp-content\/uploads\/2021\/04\/BT18_097_Museu_tecnica_Manresa-600x400.jpg\" data-orig-src=\"https:\/\/bagesturisme.cat\/wp-content\/uploads\/2021\/04\/BT18_097_Museu_tecnica_Manresa-600x400.jpg\" alt=\"\" width=\"600\" height=\"400\" srcset=\"data:image\/svg+xml,%3Csvg%20xmlns%3D%27http%3A%2F%2Fwww.w3.org%2F2000%2Fsvg%27%20width%3D%27600%27%20height%3D%27400%27%20viewBox%3D%270%200%20600%20400%27%3E%3Crect%20width%3D%27600%27%20height%3D%27400%27%20fill-opacity%3D%220%22%2F%3E%3C%2Fsvg%3E\" data-srcset=\"https:\/\/www.bagesturisme.cat\/wp-content\/uploads\/2021\/04\/BT18_097_Museu_tecnica_Manresa-600x400.jpg 600w, https:\/\/www.bagesturisme.cat\/wp-content\/uploads\/2021\/04\/BT18_097_Museu_tecnica_Manresa-768x512.jpg 768w, https:\/\/www.bagesturisme.cat\/wp-content\/uploads\/2021\/04\/BT18_097_Museu_tecnica_Manresa-1280x853.jpg 1280w, https:\/\/www.bagesturisme.cat\/wp-content\/uploads\/2021\/04\/BT18_097_Museu_tecnica_Manresa.jpg 1500w\" data-sizes=\"auto\" data-orig-sizes=\"(max-width: 600px) 100vw, 600px\" \/><\/h3>\r\n<h3>Portes obertes als museus<\/h3>\r\n<p><em>Dissabte 18 de maig a partir de les 10h<\/em><\/p>\r\n<p><span style=\"font-weight: 400;\">Amb motiu del Dia internacional dels museus, els museus del Bages obren les seves portes gratu\u00eftament! Aprofita i gaudeix de les seves obres: t&#8217;agrada el barroc o ets m\u00e9s de ci\u00e8ncia? Apropa&#8217;t i experimenta les originals propostes que han preparat per a tots els p\u00fablics:<\/span><\/p>\r\n<ul>\r\n<li><a href=\"https:\/\/seudemanresa.cat\/dia-internacional-dels-museus-2024\/\">Bas\u00edlica de la Seu<\/a> (Manresa)<\/li>\r\n<li><a href=\"https:\/\/museudelbarroc.cat\/dia-internacional-dels-museus\/\">Museu del Barroc de Catalunya<\/a> (Manresa)<\/li>\r\n<li><a href=\"https:\/\/www.santfruitos.cat\/actualitat\/noticies\/sant-fruitos-se-suma-al-dia-internacional-dels-museus-amb-una-jornada-de-portes-obertes-i-un-tast-de-vins-i-formatges\">Museu de la mem\u00f2ria de la vinya i el vi<\/a> (Sant Fruit\u00f3s de Bages)<\/li>\r\n<li><a href=\"https:\/\/www.parcdelasequia.cat\/agenda\/portes-obertes-al-museu-de-laigua-i-el-textil-2\/\">Museu de l&#8217;Aigua i el T\u00e8xtil<\/a> (Manresa)<\/li>\r\n<li><a href=\"https:\/\/www.parcdelasequia.cat\/agenda\/historia-de-la-casa-de-la-culla-dim\/\">Casa de la Culla<\/a> (Manresa)<\/li>\r\n<li><a href=\"https:\/\/geomuseu.upc.edu\/index.php\/es\/inici-espanol\/\">Museu de geologia Valent\u00ed Masachs<\/a> (Manresa)<\/li>\r\n<\/ul>\r\n[\/vc_column_text][\/vc_column][\/vc_row][vc_row][vc_column width=\u00bb1\/3&#8243;][vc_column_text]\r\n<h3><img decoding=\"async\" class=\"lazyload alignnone size-medium wp-image-14107\" src=\"https:\/\/bagesturisme.cat\/wp-content\/uploads\/2024\/04\/ballada-centra-placa-600x400.jpg\" data-orig-src=\"https:\/\/bagesturisme.cat\/wp-content\/uploads\/2024\/04\/ballada-centra-placa-600x400.jpg\" alt=\"\" width=\"600\" height=\"400\" srcset=\"data:image\/svg+xml,%3Csvg%20xmlns%3D%27http%3A%2F%2Fwww.w3.org%2F2000%2Fsvg%27%20width%3D%27600%27%20height%3D%27400%27%20viewBox%3D%270%200%20600%20400%27%3E%3Crect%20width%3D%27600%27%20height%3D%27400%27%20fill-opacity%3D%220%22%2F%3E%3C%2Fsvg%3E\" data-srcset=\"https:\/\/www.bagesturisme.cat\/wp-content\/uploads\/2024\/04\/ballada-centra-placa-600x400.jpg 600w, https:\/\/www.bagesturisme.cat\/wp-content\/uploads\/2024\/04\/ballada-centra-placa-768x512.jpg 768w, https:\/\/www.bagesturisme.cat\/wp-content\/uploads\/2024\/04\/ballada-centra-placa.jpg 1024w\" data-sizes=\"auto\" data-orig-sizes=\"(max-width: 600px) 100vw, 600px\" \/><\/h3>\r\n<h3>Les Gitanes de Sant Vicen\u00e7 de Castellet<\/h3>\r\n<p><em>Dissabte 18 i diumenge 19 de maig<\/em><\/p>\r\n<p><span style=\"font-weight: 400;\">Amb m\u00e9s de 115 anys d\u2019hist\u00f2ria, les colles dansaires de Sant Vicen\u00e7 de Castellet amb un total de m\u00e9s de 300 balladors i balladores s\u2019apleguen a la Pla\u00e7a de l\u2019Ajuntament per ballar i gaudir de les peces musicals interpretades per la cobla envoltat dels colors del vestuari i la brillantor de la pla\u00e7a engalanada per a l\u2019ocasi\u00f3.<\/span><\/p>\r\n<p style=\"text-align: center;\"><a href=\"https:\/\/www.lesgitanes.cat\/\" class=\"btn btn-primary btn-md\"> M\u00e9s info <\/a>\r\n[\/vc_column_text][\/vc_column][vc_column width=\u00bb1\/3&#8243;][vc_column_text]<img decoding=\"async\" class=\"lazyload alignnone wp-image-12677 size-medium\" src=\"data:image\/svg+xml,%3Csvg%20xmlns%3D%27http%3A%2F%2Fwww.w3.org%2F2000%2Fsvg%27%20width%3D%27400%27%20height%3D%27400%27%20viewBox%3D%270%200%20400%20400%27%3E%3Crect%20width%3D%27400%27%20height%3D%27400%27%20fill-opacity%3D%220%22%2F%3E%3C%2Fsvg%3E\" data-orig-src=\"https:\/\/bagesturisme.cat\/wp-content\/uploads\/2023\/03\/geotok-def-002-1024x1024-1-400x400.jpeg\" alt=\"\" width=\"400\" height=\"400\" \/><\/p>\r\n<h3>GEOTOK, LA VUITENA MERAVELLA<\/h3>\r\n<p><em>Caps de setman i festius a les 10.45h, 11.45h i 12.45h<\/em><\/p>\r\n<p>\u201cGeoTok, la vuitena meravella\u201d \u00e9s una visita teatralitzada enfocada al p\u00fablic familiar per descobrir la formaci\u00f3 i la hist\u00f2ria de la Muntanya de Sal de Cardona d\u2019una manera l\u00fadica i innovadora. Els GeoTeam s\u00f3n un grup de ge\u00f2legs TikTokers que s\u2019han proposat participar al repte mundial #EighthWonder, per buscar la vuitena meravella del m\u00f3n, els ajudes?<\/p>\r\n<p style=\"text-align: center;\"><a href=\"https:\/\/cardonaturisme.cat\/ca\/que-fer-hi\/parc-cultural-muntanya-de-sal\/visita-teatralitzada-al-pcms-projecte-alquimia-el-secret-del-liber-salis\/\" class=\"btn btn-primary btn-md\"> Reserva<\/a>\r\n[\/vc_column_text][\/vc_column][vc_column width=\u00bb1\/3&#8243;][vc_column_text]\r\n<h3><img decoding=\"async\" class=\"lazyload alignnone size-medium wp-image-14114\" src=\"https:\/\/bagesturisme.cat\/wp-content\/uploads\/2024\/04\/PROMO-scaled-1-600x400.jpg\" data-orig-src=\"https:\/\/bagesturisme.cat\/wp-content\/uploads\/2024\/04\/PROMO-scaled-1-600x400.jpg\" alt=\"\" width=\"600\" height=\"400\" srcset=\"data:image\/svg+xml,%3Csvg%20xmlns%3D%27http%3A%2F%2Fwww.w3.org%2F2000%2Fsvg%27%20width%3D%27600%27%20height%3D%27400%27%20viewBox%3D%270%200%20600%20400%27%3E%3Crect%20width%3D%27600%27%20height%3D%27400%27%20fill-opacity%3D%220%22%2F%3E%3C%2Fsvg%3E\" data-srcset=\"https:\/\/www.bagesturisme.cat\/wp-content\/uploads\/2024\/04\/PROMO-scaled-1-600x400.jpg 600w, https:\/\/www.bagesturisme.cat\/wp-content\/uploads\/2024\/04\/PROMO-scaled-1-768x512.jpg 768w, https:\/\/www.bagesturisme.cat\/wp-content\/uploads\/2024\/04\/PROMO-scaled-1-1280x854.jpg 1280w, https:\/\/www.bagesturisme.cat\/wp-content\/uploads\/2024\/04\/PROMO-scaled-1-1536x1024.jpg 1536w, https:\/\/www.bagesturisme.cat\/wp-content\/uploads\/2024\/04\/PROMO-scaled-1.jpg 2560w\" data-sizes=\"auto\" data-orig-sizes=\"(max-width: 600px) 100vw, 600px\" \/><\/h3>\r\n<h3>Concert d&#8217;Udol\u00e7 a la Torre Modernista Abadal<\/h3>\r\n<p><em>Diumenge 19 de maig\u00a0 (a les 12h i 18h)<\/em><\/p>\r\n<p>Endinsa&#8217;t en un viatge sensorial de la m\u00e0 del duet Udol\u00e7 amb una proposta musical ben original a la fabulosa Torre Modernista Abadal d&#8217;Aviny\u00f3. Alba Careta i Henrio emprenen un viatge on\u00edric per diverses\u00a0 can\u00e7ons de bressol, principalment de les comarques gironines i recollides en l\u2019arxiu del C\u00e0ntut. No t\u2019ho perdis!<\/p>\r\n<p style=\"text-align: center;\"><a href=\"https:\/\/www.torreabadal.com\/experiencies\/concert-especial-udolc-alba-careta-i-henrio\/\" class=\"btn btn-primary btn-md\"> Reserva<\/a>\r\n[\/vc_column_text][\/vc_column][\/vc_row][vc_row full_width=\u00bbstretch_row_content\u00bb css=\u00bb.vc_custom_1616763033326{padding-top: 30px !important;padding-right: 40px !important;padding-bottom: 30px !important;padding-left: 40px !important;background-color: #ffffff !important;}\u00bb][vc_column][vc_single_image image=\u00bb14199&#8243; img_size=\u00bblarge\u00bb alignment=\u00bbcenter\u00bb onclick=\u00bbcustom_link\u00bb css=\u00bb\u00bb link=\u00bbhttp:\/\/www.firaviba.cat\/programa\/\u00bb][\/vc_column][\/vc_row][vc_row][vc_column width=\u00bb1\/4&#8243;][vc_column_text css=\u00bb\u00bb]\r\n<h3><img decoding=\"async\" class=\"lazyload alignnone size-medium wp-image-12632\" src=\"https:\/\/bagesturisme.cat\/wp-content\/uploads\/2023\/03\/avinyo_pedraseca_maig_fortuny-001-601x400.jpg\" data-orig-src=\"https:\/\/bagesturisme.cat\/wp-content\/uploads\/2023\/03\/avinyo_pedraseca_maig_fortuny-001-601x400.jpg\" alt=\"Barraca de pedra seca amb lliris\" width=\"601\" height=\"400\" srcset=\"data:image\/svg+xml,%3Csvg%20xmlns%3D%27http%3A%2F%2Fwww.w3.org%2F2000%2Fsvg%27%20width%3D%27601%27%20height%3D%27400%27%20viewBox%3D%270%200%20601%20400%27%3E%3Crect%20width%3D%27601%27%20height%3D%27400%27%20fill-opacity%3D%220%22%2F%3E%3C%2Fsvg%3E\" data-srcset=\"https:\/\/www.bagesturisme.cat\/wp-content\/uploads\/2023\/03\/avinyo_pedraseca_maig_fortuny-001-601x400.jpg 601w, https:\/\/www.bagesturisme.cat\/wp-content\/uploads\/2023\/03\/avinyo_pedraseca_maig_fortuny-001-768x511.jpg 768w, https:\/\/www.bagesturisme.cat\/wp-content\/uploads\/2023\/03\/avinyo_pedraseca_maig_fortuny-001-1280x852.jpg 1280w, https:\/\/www.bagesturisme.cat\/wp-content\/uploads\/2023\/03\/avinyo_pedraseca_maig_fortuny-001-1536x1022.jpg 1536w, https:\/\/www.bagesturisme.cat\/wp-content\/uploads\/2023\/03\/avinyo_pedraseca_maig_fortuny-001.jpg 2200w\" data-sizes=\"auto\" data-orig-sizes=\"(max-width: 601px) 100vw, 601px\" \/><\/h3>\r\n<h3>Visites al patrimoni vitivin\u00edcola<\/h3>\r\n<p><em>25, 26 de maig i 1, 2 de juny al mat\u00ed<\/em><\/p>\r\n<p>Coneix el llegat llegat de la hist\u00f2ria vin\u00edcola del Bages a trav\u00e9s d&#8217;una a\u00e0mplia varietat de visites i d&#8217;itineraris guiats per entendre i posar en valor el seu present, i fomentar la cultura del vi i el turisme de proximitat.\u00a0<\/p>\r\n<p style=\"text-align: center;\"><a href=\"\" class=\"btn btn-primary btn-md\"> Reserva <\/a>\r\n[\/vc_column_text][\/vc_column][vc_column width=\u00bb1\/4&#8243;][vc_column_text css=\u00bb\u00bb]\r\n<h3><img decoding=\"async\" class=\"lazyload alignnone size-medium wp-image-14196\" src=\"https:\/\/bagesturisme.cat\/wp-content\/uploads\/2024\/05\/firaviba_nitdepicapolls-127-600x400.jpg\" data-orig-src=\"https:\/\/bagesturisme.cat\/wp-content\/uploads\/2024\/05\/firaviba_nitdepicapolls-127-600x400.jpg\" alt=\"\" width=\"600\" height=\"400\" srcset=\"data:image\/svg+xml,%3Csvg%20xmlns%3D%27http%3A%2F%2Fwww.w3.org%2F2000%2Fsvg%27%20width%3D%27600%27%20height%3D%27400%27%20viewBox%3D%270%200%20600%20400%27%3E%3Crect%20width%3D%27600%27%20height%3D%27400%27%20fill-opacity%3D%220%22%2F%3E%3C%2Fsvg%3E\" data-srcset=\"https:\/\/www.bagesturisme.cat\/wp-content\/uploads\/2024\/05\/firaviba_nitdepicapolls-127-600x400.jpg 600w, https:\/\/www.bagesturisme.cat\/wp-content\/uploads\/2024\/05\/firaviba_nitdepicapolls-127-768x512.jpg 768w, https:\/\/www.bagesturisme.cat\/wp-content\/uploads\/2024\/05\/firaviba_nitdepicapolls-127-1280x853.jpg 1280w, https:\/\/www.bagesturisme.cat\/wp-content\/uploads\/2024\/05\/firaviba_nitdepicapolls-127-1536x1024.jpg 1536w, https:\/\/www.bagesturisme.cat\/wp-content\/uploads\/2024\/05\/firaviba_nitdepicapolls-127-scaled.jpg 2560w\" data-sizes=\"auto\" data-orig-sizes=\"(max-width: 600px) 100vw, 600px\" \/><\/h3>\r\n<h3>Nit de picapolls<\/h3>\r\n<p><em>Divendres 31 de maig a les 20.00h<\/em><\/p>\r\n<p>Vine a gaudir de la gran Nit de Picapolls! Una nit m\u00e0gica per tastar els vins elaborats amb picapoll, la varietat aut\u00f2ctona de la DO Pla de Bages, i gaudir d\u2019un sopar amb del\u00edcies gastron\u00f2miques d\u2019alguns dels restaurants de la comarca.<\/p>\r\n<p style=\"text-align: center;\"><a href=\"https:\/\/www.instagram.com\/firafiladores\/\" class=\"btn btn-primary btn-md\"> RESERVA<\/a>\r\n[\/vc_column_text][\/vc_column][vc_column width=\u00bb1\/4&#8243;][vc_column_text css=\u00bb\u00bb]\r\n<h3><img decoding=\"async\" class=\"lazyload alignnone size-medium wp-image-11102\" src=\"https:\/\/bagesturisme.cat\/wp-content\/uploads\/2022\/03\/Celler-Collbaix-20-599x400.jpg\" data-orig-src=\"https:\/\/bagesturisme.cat\/wp-content\/uploads\/2022\/03\/Celler-Collbaix-20-599x400.jpg\" alt=\"\" width=\"599\" height=\"400\" srcset=\"data:image\/svg+xml,%3Csvg%20xmlns%3D%27http%3A%2F%2Fwww.w3.org%2F2000%2Fsvg%27%20width%3D%27599%27%20height%3D%27400%27%20viewBox%3D%270%200%20599%20400%27%3E%3Crect%20width%3D%27599%27%20height%3D%27400%27%20fill-opacity%3D%220%22%2F%3E%3C%2Fsvg%3E\" data-srcset=\"https:\/\/www.bagesturisme.cat\/wp-content\/uploads\/2022\/03\/Celler-Collbaix-20-599x400.jpg 599w, https:\/\/www.bagesturisme.cat\/wp-content\/uploads\/2022\/03\/Celler-Collbaix-20-768x513.jpg 768w, https:\/\/www.bagesturisme.cat\/wp-content\/uploads\/2022\/03\/Celler-Collbaix-20-1280x854.jpg 1280w, https:\/\/www.bagesturisme.cat\/wp-content\/uploads\/2022\/03\/Celler-Collbaix-20-1536x1025.jpg 1536w, https:\/\/www.bagesturisme.cat\/wp-content\/uploads\/2022\/03\/Celler-Collbaix-20.jpg 2024w\" data-sizes=\"auto\" data-orig-sizes=\"(max-width: 599px) 100vw, 599px\" \/><\/h3>\r\n<h3>Visites als cellers<\/h3>\r\n<p><em>25, 26 de maig i 1,2 de juny al mat\u00ed<\/em><\/p>\r\n<p>La fira ViBa obre les portes dels cellers de la Ruta del vi de la DO Pla de Bages, i ofereix als visitants una oportunitat \u00fanica per gaudir d\u2019una visita guiada pels racons m\u00e9s singulars i tastar els seus deliciosos vins per nom\u00e9s 10\u20ac (infants gratu\u00eft).<\/p>\r\n<p style=\"text-align: center;\"><a href=\"\" class=\"btn btn-primary btn-md\"> Reserva <\/a>\r\n[\/vc_column_text][\/vc_column][vc_column width=\u00bb1\/4&#8243;][vc_column_text css=\u00bb\u00bb]\r\n<h3><img decoding=\"async\" class=\"lazyload alignnone size-medium wp-image-14197\" src=\"https:\/\/bagesturisme.cat\/wp-content\/uploads\/2024\/05\/firaviba_nitdepicapolls-047-600x400.jpg\" data-orig-src=\"https:\/\/bagesturisme.cat\/wp-content\/uploads\/2024\/05\/firaviba_nitdepicapolls-047-600x400.jpg\" alt=\"\" width=\"600\" height=\"400\" srcset=\"data:image\/svg+xml,%3Csvg%20xmlns%3D%27http%3A%2F%2Fwww.w3.org%2F2000%2Fsvg%27%20width%3D%27600%27%20height%3D%27400%27%20viewBox%3D%270%200%20600%20400%27%3E%3Crect%20width%3D%27600%27%20height%3D%27400%27%20fill-opacity%3D%220%22%2F%3E%3C%2Fsvg%3E\" data-srcset=\"https:\/\/www.bagesturisme.cat\/wp-content\/uploads\/2024\/05\/firaviba_nitdepicapolls-047-600x400.jpg 600w, https:\/\/www.bagesturisme.cat\/wp-content\/uploads\/2024\/05\/firaviba_nitdepicapolls-047-768x512.jpg 768w, https:\/\/www.bagesturisme.cat\/wp-content\/uploads\/2024\/05\/firaviba_nitdepicapolls-047-1280x853.jpg 1280w, https:\/\/www.bagesturisme.cat\/wp-content\/uploads\/2024\/05\/firaviba_nitdepicapolls-047-1536x1024.jpg 1536w, https:\/\/www.bagesturisme.cat\/wp-content\/uploads\/2024\/05\/firaviba_nitdepicapolls-047-scaled.jpg 2560w\" data-sizes=\"auto\" data-orig-sizes=\"(max-width: 600px) 100vw, 600px\" \/><\/h3>\r\n<h3>Fira al centre de Manresa<\/h3>\r\n<p><em>1 i 2 de juny a partir de les 18.00h<\/em><\/p>\r\n<p>Els cellers de la DO Pla de Bages es reuniran de nou al Pati del Casino per ensenyar-te i donar-te a tastar els seus deliciosos vins acompanyats d&#8217;una variada oferta gastron\u00f2mica amb food trucks i Mengem Bages, productors d\u2019oli del Bages, <strong>espectacles en directe<\/strong> i l\u2019<strong>espai infantil Most<\/strong>.\u00a0<\/p>\r\n<p style=\"text-align: center;\"><a href=\"\" class=\"btn btn-primary btn-md\"> M\u00e9s info<\/a>\r\n[\/vc_column_text][\/vc_column][\/vc_row][vc_row][vc_column width=\u00bb1\/3&#8243;][vc_column_text css=\u00bb\u00bb]\r\n<p><img decoding=\"async\" class=\"lazyload size-medium wp-image-14201\" src=\"https:\/\/bagesturisme.cat\/wp-content\/uploads\/2024\/05\/CFF0145-602x400.jpg\" data-orig-src=\"https:\/\/bagesturisme.cat\/wp-content\/uploads\/2024\/05\/CFF0145-602x400.jpg\" alt=\"\" width=\"602\" height=\"400\" srcset=\"data:image\/svg+xml,%3Csvg%20xmlns%3D%27http%3A%2F%2Fwww.w3.org%2F2000%2Fsvg%27%20width%3D%27602%27%20height%3D%27400%27%20viewBox%3D%270%200%20602%20400%27%3E%3Crect%20width%3D%27602%27%20height%3D%27400%27%20fill-opacity%3D%220%22%2F%3E%3C%2Fsvg%3E\" data-srcset=\"https:\/\/www.bagesturisme.cat\/wp-content\/uploads\/2024\/05\/CFF0145-602x400.jpg 602w, https:\/\/www.bagesturisme.cat\/wp-content\/uploads\/2024\/05\/CFF0145-768x510.jpg 768w, https:\/\/www.bagesturisme.cat\/wp-content\/uploads\/2024\/05\/CFF0145-1280x850.jpg 1280w, https:\/\/www.bagesturisme.cat\/wp-content\/uploads\/2024\/05\/CFF0145-1536x1020.jpg 1536w, https:\/\/www.bagesturisme.cat\/wp-content\/uploads\/2024\/05\/CFF0145.jpg 1890w\" data-sizes=\"auto\" data-orig-sizes=\"(max-width: 602px) 100vw, 602px\" \/><\/p>\r\n<h3>Festa de la Sal<\/h3>\r\n<p><em>Dissabte 1 i diumenge 2 de juny, Cardona<\/em><\/p>\r\n<p><span style=\"font-weight: 400;\">Viu a Cardona la festa m\u00e9s salada de l\u2019any: la pedra incorrupta i pura, garantia de vida i s\u00edmbol d\u2019abund\u00e0ncia ben arrelada a la hist\u00f2ria del municipi. <\/span><span style=\"font-weight: 400;\">Una festa on la cultura al carrer, el comer\u00e7 i l&#8217;artesania, la gastronomia i el patrimoni esdevenen els protagonistes.<\/span><\/p>\r\n<p style=\"text-align: center;\"><a href=\"https:\/\/www.festadelasal.com\/\" class=\"btn btn-primary btn-md\"> M\u00e9s info<\/a>\r\n[\/vc_column_text][\/vc_column][vc_column width=\u00bb1\/3&#8243;][vc_column_text css=\u00bb\u00bb]\r\n<h3><img decoding=\"async\" class=\"lazyload alignnone size-medium wp-image-14200\" src=\"https:\/\/bagesturisme.cat\/wp-content\/uploads\/2024\/05\/Logotip-BAP-2024-miniatura-563x400.jpg\" data-orig-src=\"https:\/\/bagesturisme.cat\/wp-content\/uploads\/2024\/05\/Logotip-BAP-2024-miniatura-563x400.jpg\" alt=\"\" width=\"563\" height=\"400\" srcset=\"data:image\/svg+xml,%3Csvg%20xmlns%3D%27http%3A%2F%2Fwww.w3.org%2F2000%2Fsvg%27%20width%3D%27563%27%20height%3D%27400%27%20viewBox%3D%270%200%20563%20400%27%3E%3Crect%20width%3D%27563%27%20height%3D%27400%27%20fill-opacity%3D%220%22%2F%3E%3C%2Fsvg%3E\" data-srcset=\"https:\/\/www.bagesturisme.cat\/wp-content\/uploads\/2024\/05\/Logotip-BAP-2024-miniatura-563x400.jpg 563w, https:\/\/www.bagesturisme.cat\/wp-content\/uploads\/2024\/05\/Logotip-BAP-2024-miniatura-768x546.jpg 768w, https:\/\/www.bagesturisme.cat\/wp-content\/uploads\/2024\/05\/Logotip-BAP-2024-miniatura.jpg 792w\" data-sizes=\"auto\" data-orig-sizes=\"(max-width: 563px) 100vw, 563px\" \/><\/h3>\r\n<h3>Benvinguts a Pag\u00e8s<\/h3>\r\n<p><em>Dissabte 1 i diumenge 2 de juny<\/em><\/p>\r\n<p><span style=\"font-weight: 400;\">Les explotacions del Bages obren les seves portes perqu\u00e8 pugueu sentir-vos pag\u00e8s o pagesa per un dia! Consulta les visites i activitats disponibles i reserva la que m\u00e9s t\u2019agradi!<\/span><\/p>\r\n<p>Aprofita el viatge per omplir el rebost amb productes locals o tasta&#8217;ls als restaurants de les 4 temporades gastron\u00f2miques del Bages.<\/p>\r\n<p style=\"text-align: center;\"><a href=\"https:\/\/benvingutsapages.cat\/edicio-2024\/?region%5B%5D=7\" class=\"btn btn-primary btn-md\"> Reserva <\/a>\r\n[\/vc_column_text][\/vc_column][vc_column width=\u00bb1\/3&#8243;][vc_column_text css=\u00bb\u00bb]\r\n<h3><img decoding=\"async\" class=\"lazyload alignnone size-medium wp-image-14202\" src=\"https:\/\/bagesturisme.cat\/wp-content\/uploads\/2024\/05\/7295733_orig-600x400.jpg\" data-orig-src=\"https:\/\/bagesturisme.cat\/wp-content\/uploads\/2024\/05\/7295733_orig-600x400.jpg\" alt=\"\" width=\"600\" height=\"400\" srcset=\"data:image\/svg+xml,%3Csvg%20xmlns%3D%27http%3A%2F%2Fwww.w3.org%2F2000%2Fsvg%27%20width%3D%27600%27%20height%3D%27400%27%20viewBox%3D%270%200%20600%20400%27%3E%3Crect%20width%3D%27600%27%20height%3D%27400%27%20fill-opacity%3D%220%22%2F%3E%3C%2Fsvg%3E\" data-srcset=\"https:\/\/www.bagesturisme.cat\/wp-content\/uploads\/2024\/05\/7295733_orig-600x400.jpg 600w, https:\/\/www.bagesturisme.cat\/wp-content\/uploads\/2024\/05\/7295733_orig-768x512.jpg 768w, https:\/\/www.bagesturisme.cat\/wp-content\/uploads\/2024\/05\/7295733_orig.jpg 1100w\" data-sizes=\"auto\" data-orig-sizes=\"(max-width: 600px) 100vw, 600px\" \/><\/h3>\r\n<h3>Fira del Vapor<\/h3>\r\n<p><em>Dissabte 1 i diumenge 2 de juny, Sant Vicen\u00e7 de Castellet<\/em><\/p>\r\n<p><span style=\"font-weight: 400;\">Un cap de setmana per endinsar-se a la vida quotidiana de Sant Vicen\u00e7 de Castellet entre 1868 i 1923, quan el ferrocarril i el batec de les f\u00e0briques t\u00e8xtils anaven amb vapor i poc a poc es passava d&#8217;una societat agr\u00e0ria a una industrial. Un aut\u00e8ntic viatge en el temps!<\/span><\/p>\r\n<p style=\"text-align: center;\"><a href=\"\" class=\"btn btn-primary btn-md\"> M\u00e9s info<\/a>\r\n[\/vc_column_text][\/vc_column][\/vc_row][vc_row full_width=\u00bbstretch_row_content\u00bb css=\u00bb.vc_custom_1616763033326{padding-top: 30px !important;padding-right: 40px !important;padding-bottom: 30px !important;padding-left: 40px !important;background-color: #ffffff !important;}\u00bb][vc_column][vc_text_separator title=\u00bbPLANIFICA LA TEVA ESTADA\u00bb][\/vc_column][vc_column width=\u00bb1\/4&#8243;][vc_btn title=\u00bbSegueix-nos!\u00bb style=\u00bbflat\u00bb color=\u00bbpink\u00bb size=\u00bblg\u00bb align=\u00bbcenter\u00bb i_icon_fontawesome=\u00bbfas fa-utensils\u00bb css_animation=\u00bbbottom-to-top\u00bb add_icon=\u00bbtrue\u00bb link=\u00bburl:http%3A%2F%2Finstagram.com%2Fbagesturisme|target:_blank\u00bb][\/vc_column][vc_column width=\u00bb1\/4&#8243;][vc_btn title=\u00bbRESTAURANTS\u00bb style=\u00bbflat\u00bb color=\u00bbviolet\u00bb size=\u00bblg\u00bb align=\u00bbcenter\u00bb i_icon_fontawesome=\u00bbfas fa-utensils\u00bb css_animation=\u00bbbottom-to-top\u00bb add_icon=\u00bbtrue\u00bb link=\u00bburl:http%3A%2F%2Fbagesturisme.cat%2Frestauracio|target:_blank\u00bb][\/vc_column][vc_column width=\u00bb1\/4&#8243;][vc_btn title=\u00bbALLOTJAMENTS\u00bb style=\u00bbflat\u00bb color=\u00bbviolet\u00bb size=\u00bblg\u00bb align=\u00bbcenter\u00bb i_icon_fontawesome=\u00bbfas fa-hotel\u00bb css_animation=\u00bbbottom-to-top\u00bb add_icon=\u00bbtrue\u00bb link=\u00bburl:http%3A%2F%2Fbagesturisme.cat%2Fallotjament\u00bb][\/vc_column][vc_column width=\u00bb1\/4&#8243;][vc_btn title=\u00bbSubscriu-te al butllet\u00ed\u00bb style=\u00bbflat\u00bb color=\u00bbpink\u00bb size=\u00bblg\u00bb align=\u00bbcenter\u00bb i_icon_fontawesome=\u00bbfas fa-hotel\u00bb css_animation=\u00bbbottom-to-top\u00bb add_icon=\u00bbtrue\u00bb link=\u00bburl:https%3A%2F%2Fmailchi.mp%2Fa59c34dec874%2Fnewsletter-bages-turisme\u00bb][\/vc_column][\/vc_row][vc_row][vc_column][vc_column_text]\r\n<h2>\u00a0<\/h2>\r\n<h2 style=\"text-align: center;\">Els allotjaments del Bages t&#8217;obren les portes<\/h2>\r\n[\/vc_column_text][\/vc_column][\/vc_row][vc_row][vc_column][vc_basic_grid post_type=\u00bballotjament\u00bb max_items=\u00bb-1&#8243; style=\u00bbpagination\u00bb items_per_page=\u00bb4&#8243; element_width=\u00bb3&#8243; gap=\u00bb10&#8243; orderby=\u00bbrand\u00bb arrows_design=\u00bbvc_arrow-icon-arrow_06_left\u00bb arrows_color=\u00bbgrey\u00bb loop=\u00bbyes\u00bb item=\u00bbmediaGrid_SlideInTitle\u00bb grid_id=\u00bbvc_gid:1715677464207-72a031da29aa5d2fd91697bb714db96f-4&#8243; taxonomies=\u00bb91&#8243; exclude=\u00bb100, 96, 21, 60, 89, 123, 73, 101, 96, 17, 51, 97, 3703, 117, 87, 74, 26&#8243; paging_animation_in=\u00bbslideInRight\u00bb][vc_column_text]\r\n<p style=\"text-align: center;\"><a href=\"https:\/\/bagesturisme.cat\/allotjament\/\" class=\"btn btn-primary btn-lg\">Queda&#8217;t a dormir al Bages!<\/a>\r\n[\/vc_column_text][\/vc_column][\/vc_row][vc_row full_width=\u00bbstretch_row_content\u00bb css=\u00bb.vc_custom_1616763033326{padding-top: 30px !important;padding-right: 40px !important;padding-bottom: 30px !important;padding-left: 40px !important;background-color: #ffffff !important;}\u00bb][vc_column][vc_column_text]\r\n<h1 style=\"text-align: center;\">Tots els camins et porten al Bages<\/h1>\r\n[\/vc_column_text][vc_row_inner][vc_column_inner][vc_single_image image=\u00bb9557&#8243; img_size=\u00bbfull\u00bb alignment=\u00bbcenter\u00bb][\/vc_column_inner][\/vc_row_inner][\/vc_column][\/vc_row][vc_row content_placement=\u00bbmiddle\u00bb][vc_column width=\u00bb1\/2&#8243;][vc_video link=\u00bbhttps:\/\/youtu.be\/iIo7USnbveg\u00bb][\/vc_column][vc_column width=\u00bb1\/2&#8243;][vc_column_text]\r\n<h2 style=\"text-align: center;\"><strong>El Bages, viu el plaer de descobrir-lo!<\/strong><\/h2>\r\n<p><i><span style=\"font-weight: 400;\">A tocar de les principals ciutats de Catalunya, hi ha guardat un gran secret. Amb la cara nord de Montserrat com a protagonista, el Bages \u00e9s un joia rural amagada; un indret allunyat de les aglomeracions i desconegut per molts, que sorpr\u00e8n per la seva autenticitat i car\u00e0cter.\u00a0<\/span><\/i><\/p>\r\n<p><i><span style=\"font-weight: 400;\">Visitar aquest territori \u00e9s tamb\u00e9 trepitjar el terra d\u2019un mar interior que va existir fa m\u00e9s de 40 milions d\u2019anys i que va desapar\u00e8ixer amb l\u2019aixecament dels Pirineus. Aquest antic mar declarat Geoparc Mundial UNESCO de la Catalunya Central ens ha deixat en her\u00e8ncia un ric patrimoni natural i geol\u00f2gic \u00fanic, que ha forjat paisatges de bosc i vinya incre\u00efbles, pobles on el temps s\u2019hi atura, cultura, tradicions i una oferta enogastron\u00f2mica per seduir els sentits.\u00a0<\/span><\/i><\/p>\r\n<h5 style=\"text-align: center;\"><strong>Aquesta primavera desconnecta al Bages<\/strong><strong>!<\/strong><\/h5>\r\n[\/vc_column_text][\/vc_column][\/vc_row][vc_row][vc_column][vc_gmaps link=\u00bb#E-8_JTNDaWZyYW1lJTIwc3JjJTNEJTIyaHR0cHMlM0ElMkYlMkZ3d3cuZ29vZ2xlLmNvbSUyRm1hcHMlMkZkJTJGdSUyRjAlMkZlbWJlZCUzRm1pZCUzRDE2dE55QjBlVkZYX2dUS2RzY0t4SEVLU0tNNGd3STFoZSUyMiUyMHdpZHRoJTNEJTIyNjQwJTIyJTIwaGVpZ2h0JTNEJTIyNDgwJTIyJTNFJTNDJTJGaWZyYW1lJTNF\u00bb title=\u00bbEl Bages\u00bb][\/vc_column][\/vc_row][vc_row][vc_column][vc_column_text][\/vc_column_text][\/vc_column][\/vc_row]<!-- \/wp:post-content --><\/div>","protected":false},"excerpt":{"rendered":"<p>Desconnecta al Bages aquesta primavera [\/vc_column_text][\/vc_column][\/vc_row][vc_row][vc_column][vc_column_text] Aquesta primavera et recomanem&#8230; [\/vc_column_text][\/vc_column][\/vc_row][vc_row][vc_column width=\u00bb1\/3&#8243;][vc_column_text css=\u00bb\u00bb] Cicle d&#8217;activitats Bosc i Vinya Diumenges de maig i juny La Ruta del vi de la DO Pla de Bages continua amb el Cicle d\u2019activitats gratu\u00eftes de bosc i vinya; tot un conjunt de propostes relacionades amb el paisatge i la natura  [&#8230;]<\/p>\n","protected":false},"author":3,"featured_media":0,"parent":0,"menu_order":74,"comment_status":"closed","ping_status":"closed","template":"landing.php","meta":{"_acf_changed":false,"_eb_attr":"","footnotes":""},"tags":[],"class_list":["post-12753","page","type-page","status-publish","hentry"],"acf":{"galeria":false,"recomanats":false},"_links":{"self":[{"href":"https:\/\/www.bagesturisme.cat\/es\/wp-json\/wp\/v2\/pages\/12753","targetHints":{"allow":["GET"]}}],"collection":[{"href":"https:\/\/www.bagesturisme.cat\/es\/wp-json\/wp\/v2\/pages"}],"about":[{"href":"https:\/\/www.bagesturisme.cat\/es\/wp-json\/wp\/v2\/types\/page"}],"author":[{"embeddable":true,"href":"https:\/\/www.bagesturisme.cat\/es\/wp-json\/wp\/v2\/users\/3"}],"replies":[{"embeddable":true,"href":"https:\/\/www.bagesturisme.cat\/es\/wp-json\/wp\/v2\/comments?post=12753"}],"version-history":[{"count":41,"href":"https:\/\/www.bagesturisme.cat\/es\/wp-json\/wp\/v2\/pages\/12753\/revisions"}],"predecessor-version":[{"id":15405,"href":"https:\/\/www.bagesturisme.cat\/es\/wp-json\/wp\/v2\/pages\/12753\/revisions\/15405"}],"wp:attachment":[{"href":"https:\/\/www.bagesturisme.cat\/es\/wp-json\/wp\/v2\/media?parent=12753"}],"wp:term":[{"taxonomy":"post_tag","embeddable":true,"href":"https:\/\/www.bagesturisme.cat\/es\/wp-json\/wp\/v2\/tags?post=12753"}],"curies":[{"name":"wp","href":"https:\/\/api.w.org\/{rel}","templated":true}]}}