{"id":7984,"date":"2020-06-03T10:08:49","date_gmt":"2020-06-03T09:08:49","guid":{"rendered":"https:\/\/bagesturisme.cat\/?post_type=allotjament&#038;p=7984"},"modified":"2024-01-05T09:59:20","modified_gmt":"2024-01-05T08:59:20","slug":"cal-cabreta-2","status":"publish","type":"allotjament","link":"https:\/\/www.bagesturisme.cat\/es\/allotjament\/cal-cabreta-2\/","title":{"rendered":"Cal Cabreta"},"content":{"rendered":"Cal Cabreta es una mas\u00eda de piedra del siglo XVIII actualmente rehabilitada para hacer turismo rural que est\u00e1 situada a solo 3 km de Cardona y se encuentra totalmente aislada, rodeada de bosques donde se puede reconectar con la naturaleza, recibiendo la paz y la tranquilidad que nos ofrece.<\/p>\n<p>La casa rural tiene una <strong>capacidad de hasta 20 personas<\/strong>:<\/p>\n<ul>\n<li>6 habitaciones (todas con televisi\u00f3n):\u00a0 5 camas de matrimonio y 10 camas individuales<\/li>\n<li>6 ba\u00f1os<\/li>\n<li>2 cocinas totalmente equipadas:\u00a04 neveras,\u00a02 lavaplatos,\u00a0microondas y horno<\/li>\n<li>2 lavadoras<\/li>\n<li>2 chimeneas y calefacci\u00f3n<\/li>\n<li>Televisi\u00f3n, equipo de m\u00fasica, DVD,\u00a0 juegos de mesa, ping-pong, futbol\u00edn y <strong>wifi en toda la casa<\/strong><\/li>\n<\/ul>\n<p>Exterior:<\/p>\n<p>Porche con <strong>barbacoa<\/strong> con mesas para poder comer. <strong>Caseta de juegos<\/strong> por los m\u00e1s peque\u00f1os y campo con cesta de baloncesto y porter\u00eda. De junio a septiembre podr\u00e9is disfrutar de la <strong>piscina exterior<\/strong>, que est\u00e1 totalmente vallada por seguridad de los ni\u00f1os.","protected":false},"author":10,"featured_media":13808,"template":"","class_list":["post-7984","allotjament","type-allotjament","status-publish","has-post-thumbnail","hentry","municipi-cardona","indicadors-familiar","tipus-allotjament-turisme-rural"],"acf":{"email":"calcabreta@yahoo.es","adreca":"Barri Segalers,18","web":"http:\/\/www.calcabreta.com","tel":"615 15 10 10","galeria":[{"ID":13808,"id":13808,"title":"Cal Cabreta cardona-005","filename":"can-cabreta-cardona-005.jpg","filesize":3954093,"url":"https:\/\/www.bagesturisme.cat\/wp-content\/uploads\/2020\/06\/can-cabreta-cardona-005.jpg","link":"https:\/\/www.bagesturisme.cat\/es\/allotjament\/cal-cabreta-2\/can-cabreta-cardona-005-2\/","alt":"","author":"3","description":"","caption":"","name":"can-cabreta-cardona-005-2","status":"inherit","uploaded_to":7984,"date":"2024-01-05 08:44:43","modified":"2024-01-05 08:45:22","menu_order":0,"mime_type":"image\/jpeg","type":"image","subtype":"jpeg","icon":"https:\/\/www.bagesturisme.cat\/wp-includes\/images\/media\/default.png","width":2200,"height":1466,"sizes":{"thumbnail":"https:\/\/www.bagesturisme.cat\/wp-content\/uploads\/2020\/06\/can-cabreta-cardona-005-150x150.jpg","thumbnail-width":150,"thumbnail-height":150,"medium":"https:\/\/www.bagesturisme.cat\/wp-content\/uploads\/2020\/06\/can-cabreta-cardona-005-600x400.jpg","medium-width":600,"medium-height":400,"medium_large":"https:\/\/www.bagesturisme.cat\/wp-content\/uploads\/2020\/06\/can-cabreta-cardona-005-768x512.jpg","medium_large-width":768,"medium_large-height":512,"large":"https:\/\/www.bagesturisme.cat\/wp-content\/uploads\/2020\/06\/can-cabreta-cardona-005-1280x853.jpg","large-width":1170,"large-height":780,"1536x1536":"https:\/\/www.bagesturisme.cat\/wp-content\/uploads\/2020\/06\/can-cabreta-cardona-005-1536x1024.jpg","1536x1536-width":1536,"1536x1536-height":1024,"2048x2048":"https:\/\/www.bagesturisme.cat\/wp-content\/uploads\/2020\/06\/can-cabreta-cardona-005-2048x1365.jpg","2048x2048-width":2048,"2048x2048-height":1365,"blog-large":"https:\/\/www.bagesturisme.cat\/wp-content\/uploads\/2020\/06\/can-cabreta-cardona-005.jpg","blog-large-width":408,"blog-large-height":272,"blog-medium":"https:\/\/www.bagesturisme.cat\/wp-content\/uploads\/2020\/06\/can-cabreta-cardona-005.jpg","blog-medium-width":303,"blog-medium-height":202,"recent-posts":"https:\/\/www.bagesturisme.cat\/wp-content\/uploads\/2020\/06\/can-cabreta-cardona-005.jpg","recent-posts-width":662,"recent-posts-height":441,"recent-works-thumbnail":"https:\/\/www.bagesturisme.cat\/wp-content\/uploads\/2020\/06\/can-cabreta-cardona-005.jpg","recent-works-thumbnail-width":66,"recent-works-thumbnail-height":44,"fusion-200":"https:\/\/www.bagesturisme.cat\/wp-content\/uploads\/2020\/06\/can-cabreta-cardona-005.jpg","fusion-200-width":200,"fusion-200-height":133,"fusion-400":"https:\/\/www.bagesturisme.cat\/wp-content\/uploads\/2020\/06\/can-cabreta-cardona-005.jpg","fusion-400-width":400,"fusion-400-height":267,"fusion-600":"https:\/\/www.bagesturisme.cat\/wp-content\/uploads\/2020\/06\/can-cabreta-cardona-005.jpg","fusion-600-width":600,"fusion-600-height":400,"fusion-800":"https:\/\/www.bagesturisme.cat\/wp-content\/uploads\/2020\/06\/can-cabreta-cardona-005.jpg","fusion-800-width":800,"fusion-800-height":533,"fusion-1200":"https:\/\/www.bagesturisme.cat\/wp-content\/uploads\/2020\/06\/can-cabreta-cardona-005.jpg","fusion-1200-width":1200,"fusion-1200-height":800,"portfolio-full":"https:\/\/www.bagesturisme.cat\/wp-content\/uploads\/2020\/06\/can-cabreta-cardona-005.jpg","portfolio-full-width":600,"portfolio-full-height":400,"portfolio-one":"https:\/\/www.bagesturisme.cat\/wp-content\/uploads\/2020\/06\/can-cabreta-cardona-005.jpg","portfolio-one-width":408,"portfolio-one-height":272,"portfolio-two":"https:\/\/www.bagesturisme.cat\/wp-content\/uploads\/2020\/06\/can-cabreta-cardona-005.jpg","portfolio-two-width":443,"portfolio-two-height":295,"portfolio-three":"https:\/\/www.bagesturisme.cat\/wp-content\/uploads\/2020\/06\/can-cabreta-cardona-005.jpg","portfolio-three-width":300,"portfolio-three-height":200,"portfolio-five":"https:\/\/www.bagesturisme.cat\/wp-content\/uploads\/2020\/06\/can-cabreta-cardona-005.jpg","portfolio-five-width":177,"portfolio-five-height":118}},{"ID":13809,"id":13809,"title":"Cal cabreta cardona-011","filename":"can-cabreta-cardona-011.jpg","filesize":2700073,"url":"https:\/\/www.bagesturisme.cat\/wp-content\/uploads\/2020\/06\/can-cabreta-cardona-011.jpg","link":"https:\/\/www.bagesturisme.cat\/es\/allotjament\/cal-cabreta-2\/can-cabreta-cardona-011\/","alt":"","author":"3","description":"","caption":"","name":"can-cabreta-cardona-011","status":"inherit","uploaded_to":7984,"date":"2024-01-05 08:45:26","modified":"2024-01-05 08:45:35","menu_order":0,"mime_type":"image\/jpeg","type":"image","subtype":"jpeg","icon":"https:\/\/www.bagesturisme.cat\/wp-includes\/images\/media\/default.png","width":2200,"height":1464,"sizes":{"thumbnail":"https:\/\/www.bagesturisme.cat\/wp-content\/uploads\/2020\/06\/can-cabreta-cardona-011-150x150.jpg","thumbnail-width":150,"thumbnail-height":150,"medium":"https:\/\/www.bagesturisme.cat\/wp-content\/uploads\/2020\/06\/can-cabreta-cardona-011-601x400.jpg","medium-width":601,"medium-height":400,"medium_large":"https:\/\/www.bagesturisme.cat\/wp-content\/uploads\/2020\/06\/can-cabreta-cardona-011-768x511.jpg","medium_large-width":768,"medium_large-height":511,"large":"https:\/\/www.bagesturisme.cat\/wp-content\/uploads\/2020\/06\/can-cabreta-cardona-011-1280x852.jpg","large-width":1170,"large-height":779,"1536x1536":"https:\/\/www.bagesturisme.cat\/wp-content\/uploads\/2020\/06\/can-cabreta-cardona-011-1536x1022.jpg","1536x1536-width":1536,"1536x1536-height":1022,"2048x2048":"https:\/\/www.bagesturisme.cat\/wp-content\/uploads\/2020\/06\/can-cabreta-cardona-011-2048x1363.jpg","2048x2048-width":2048,"2048x2048-height":1363,"blog-large":"https:\/\/www.bagesturisme.cat\/wp-content\/uploads\/2020\/06\/can-cabreta-cardona-011.jpg","blog-large-width":409,"blog-large-height":272,"blog-medium":"https:\/\/www.bagesturisme.cat\/wp-content\/uploads\/2020\/06\/can-cabreta-cardona-011.jpg","blog-medium-width":304,"blog-medium-height":202,"recent-posts":"https:\/\/www.bagesturisme.cat\/wp-content\/uploads\/2020\/06\/can-cabreta-cardona-011.jpg","recent-posts-width":663,"recent-posts-height":441,"recent-works-thumbnail":"https:\/\/www.bagesturisme.cat\/wp-content\/uploads\/2020\/06\/can-cabreta-cardona-011.jpg","recent-works-thumbnail-width":66,"recent-works-thumbnail-height":44,"fusion-200":"https:\/\/www.bagesturisme.cat\/wp-content\/uploads\/2020\/06\/can-cabreta-cardona-011.jpg","fusion-200-width":200,"fusion-200-height":133,"fusion-400":"https:\/\/www.bagesturisme.cat\/wp-content\/uploads\/2020\/06\/can-cabreta-cardona-011.jpg","fusion-400-width":400,"fusion-400-height":266,"fusion-600":"https:\/\/www.bagesturisme.cat\/wp-content\/uploads\/2020\/06\/can-cabreta-cardona-011.jpg","fusion-600-width":600,"fusion-600-height":399,"fusion-800":"https:\/\/www.bagesturisme.cat\/wp-content\/uploads\/2020\/06\/can-cabreta-cardona-011.jpg","fusion-800-width":800,"fusion-800-height":532,"fusion-1200":"https:\/\/www.bagesturisme.cat\/wp-content\/uploads\/2020\/06\/can-cabreta-cardona-011.jpg","fusion-1200-width":1200,"fusion-1200-height":799,"portfolio-full":"https:\/\/www.bagesturisme.cat\/wp-content\/uploads\/2020\/06\/can-cabreta-cardona-011.jpg","portfolio-full-width":601,"portfolio-full-height":400,"portfolio-one":"https:\/\/www.bagesturisme.cat\/wp-content\/uploads\/2020\/06\/can-cabreta-cardona-011.jpg","portfolio-one-width":409,"portfolio-one-height":272,"portfolio-two":"https:\/\/www.bagesturisme.cat\/wp-content\/uploads\/2020\/06\/can-cabreta-cardona-011.jpg","portfolio-two-width":443,"portfolio-two-height":295,"portfolio-three":"https:\/\/www.bagesturisme.cat\/wp-content\/uploads\/2020\/06\/can-cabreta-cardona-011.jpg","portfolio-three-width":300,"portfolio-three-height":200,"portfolio-five":"https:\/\/www.bagesturisme.cat\/wp-content\/uploads\/2020\/06\/can-cabreta-cardona-011.jpg","portfolio-five-width":177,"portfolio-five-height":118}},{"ID":13810,"id":13810,"title":"can cabreta cardona-038","filename":"can-cabreta-cardona-038.jpg","filesize":1510778,"url":"https:\/\/www.bagesturisme.cat\/wp-content\/uploads\/2020\/06\/can-cabreta-cardona-038.jpg","link":"https:\/\/www.bagesturisme.cat\/es\/allotjament\/cal-cabreta-2\/can-cabreta-cardona-038\/","alt":"","author":"3","description":"","caption":"","name":"can-cabreta-cardona-038","status":"inherit","uploaded_to":7984,"date":"2024-01-05 08:45:43","modified":"2024-01-05 08:45:43","menu_order":0,"mime_type":"image\/jpeg","type":"image","subtype":"jpeg","icon":"https:\/\/www.bagesturisme.cat\/wp-includes\/images\/media\/default.png","width":2200,"height":1464,"sizes":{"thumbnail":"https:\/\/www.bagesturisme.cat\/wp-content\/uploads\/2020\/06\/can-cabreta-cardona-038-150x150.jpg","thumbnail-width":150,"thumbnail-height":150,"medium":"https:\/\/www.bagesturisme.cat\/wp-content\/uploads\/2020\/06\/can-cabreta-cardona-038-601x400.jpg","medium-width":601,"medium-height":400,"medium_large":"https:\/\/www.bagesturisme.cat\/wp-content\/uploads\/2020\/06\/can-cabreta-cardona-038-768x511.jpg","medium_large-width":768,"medium_large-height":511,"large":"https:\/\/www.bagesturisme.cat\/wp-content\/uploads\/2020\/06\/can-cabreta-cardona-038-1280x852.jpg","large-width":1170,"large-height":779,"1536x1536":"https:\/\/www.bagesturisme.cat\/wp-content\/uploads\/2020\/06\/can-cabreta-cardona-038-1536x1022.jpg","1536x1536-width":1536,"1536x1536-height":1022,"2048x2048":"https:\/\/www.bagesturisme.cat\/wp-content\/uploads\/2020\/06\/can-cabreta-cardona-038-2048x1363.jpg","2048x2048-width":2048,"2048x2048-height":1363,"blog-large":"https:\/\/www.bagesturisme.cat\/wp-content\/uploads\/2020\/06\/can-cabreta-cardona-038.jpg","blog-large-width":409,"blog-large-height":272,"blog-medium":"https:\/\/www.bagesturisme.cat\/wp-content\/uploads\/2020\/06\/can-cabreta-cardona-038.jpg","blog-medium-width":304,"blog-medium-height":202,"recent-posts":"https:\/\/www.bagesturisme.cat\/wp-content\/uploads\/2020\/06\/can-cabreta-cardona-038.jpg","recent-posts-width":663,"recent-posts-height":441,"recent-works-thumbnail":"https:\/\/www.bagesturisme.cat\/wp-content\/uploads\/2020\/06\/can-cabreta-cardona-038.jpg","recent-works-thumbnail-width":66,"recent-works-thumbnail-height":44,"fusion-200":"https:\/\/www.bagesturisme.cat\/wp-content\/uploads\/2020\/06\/can-cabreta-cardona-038.jpg","fusion-200-width":200,"fusion-200-height":133,"fusion-400":"https:\/\/www.bagesturisme.cat\/wp-content\/uploads\/2020\/06\/can-cabreta-cardona-038.jpg","fusion-400-width":400,"fusion-400-height":266,"fusion-600":"https:\/\/www.bagesturisme.cat\/wp-content\/uploads\/2020\/06\/can-cabreta-cardona-038.jpg","fusion-600-width":600,"fusion-600-height":399,"fusion-800":"https:\/\/www.bagesturisme.cat\/wp-content\/uploads\/2020\/06\/can-cabreta-cardona-038.jpg","fusion-800-width":800,"fusion-800-height":532,"fusion-1200":"https:\/\/www.bagesturisme.cat\/wp-content\/uploads\/2020\/06\/can-cabreta-cardona-038.jpg","fusion-1200-width":1200,"fusion-1200-height":799,"portfolio-full":"https:\/\/www.bagesturisme.cat\/wp-content\/uploads\/2020\/06\/can-cabreta-cardona-038.jpg","portfolio-full-width":601,"portfolio-full-height":400,"portfolio-one":"https:\/\/www.bagesturisme.cat\/wp-content\/uploads\/2020\/06\/can-cabreta-cardona-038.jpg","portfolio-one-width":409,"portfolio-one-height":272,"portfolio-two":"https:\/\/www.bagesturisme.cat\/wp-content\/uploads\/2020\/06\/can-cabreta-cardona-038.jpg","portfolio-two-width":443,"portfolio-two-height":295,"portfolio-three":"https:\/\/www.bagesturisme.cat\/wp-content\/uploads\/2020\/06\/can-cabreta-cardona-038.jpg","portfolio-three-width":300,"portfolio-three-height":200,"portfolio-five":"https:\/\/www.bagesturisme.cat\/wp-content\/uploads\/2020\/06\/can-cabreta-cardona-038.jpg","portfolio-five-width":177,"portfolio-five-height":118}},{"ID":13811,"id":13811,"title":"can cabreta cardona-030","filename":"can-cabreta-cardona-030.jpg","filesize":2590772,"url":"https:\/\/www.bagesturisme.cat\/wp-content\/uploads\/2020\/06\/can-cabreta-cardona-030.jpg","link":"https:\/\/www.bagesturisme.cat\/es\/allotjament\/cal-cabreta-2\/can-cabreta-cardona-030\/","alt":"","author":"3","description":"","caption":"","name":"can-cabreta-cardona-030","status":"inherit","uploaded_to":7984,"date":"2024-01-05 08:45:48","modified":"2024-01-05 08:45:48","menu_order":0,"mime_type":"image\/jpeg","type":"image","subtype":"jpeg","icon":"https:\/\/www.bagesturisme.cat\/wp-includes\/images\/media\/default.png","width":2200,"height":1464,"sizes":{"thumbnail":"https:\/\/www.bagesturisme.cat\/wp-content\/uploads\/2020\/06\/can-cabreta-cardona-030-150x150.jpg","thumbnail-width":150,"thumbnail-height":150,"medium":"https:\/\/www.bagesturisme.cat\/wp-content\/uploads\/2020\/06\/can-cabreta-cardona-030-601x400.jpg","medium-width":601,"medium-height":400,"medium_large":"https:\/\/www.bagesturisme.cat\/wp-content\/uploads\/2020\/06\/can-cabreta-cardona-030-768x511.jpg","medium_large-width":768,"medium_large-height":511,"large":"https:\/\/www.bagesturisme.cat\/wp-content\/uploads\/2020\/06\/can-cabreta-cardona-030-1280x852.jpg","large-width":1170,"large-height":779,"1536x1536":"https:\/\/www.bagesturisme.cat\/wp-content\/uploads\/2020\/06\/can-cabreta-cardona-030-1536x1022.jpg","1536x1536-width":1536,"1536x1536-height":1022,"2048x2048":"https:\/\/www.bagesturisme.cat\/wp-content\/uploads\/2020\/06\/can-cabreta-cardona-030-2048x1363.jpg","2048x2048-width":2048,"2048x2048-height":1363,"blog-large":"https:\/\/www.bagesturisme.cat\/wp-content\/uploads\/2020\/06\/can-cabreta-cardona-030.jpg","blog-large-width":409,"blog-large-height":272,"blog-medium":"https:\/\/www.bagesturisme.cat\/wp-content\/uploads\/2020\/06\/can-cabreta-cardona-030.jpg","blog-medium-width":304,"blog-medium-height":202,"recent-posts":"https:\/\/www.bagesturisme.cat\/wp-content\/uploads\/2020\/06\/can-cabreta-cardona-030.jpg","recent-posts-width":663,"recent-posts-height":441,"recent-works-thumbnail":"https:\/\/www.bagesturisme.cat\/wp-content\/uploads\/2020\/06\/can-cabreta-cardona-030.jpg","recent-works-thumbnail-width":66,"recent-works-thumbnail-height":44,"fusion-200":"https:\/\/www.bagesturisme.cat\/wp-content\/uploads\/2020\/06\/can-cabreta-cardona-030.jpg","fusion-200-width":200,"fusion-200-height":133,"fusion-400":"https:\/\/www.bagesturisme.cat\/wp-content\/uploads\/2020\/06\/can-cabreta-cardona-030.jpg","fusion-400-width":400,"fusion-400-height":266,"fusion-600":"https:\/\/www.bagesturisme.cat\/wp-content\/uploads\/2020\/06\/can-cabreta-cardona-030.jpg","fusion-600-width":600,"fusion-600-height":399,"fusion-800":"https:\/\/www.bagesturisme.cat\/wp-content\/uploads\/2020\/06\/can-cabreta-cardona-030.jpg","fusion-800-width":800,"fusion-800-height":532,"fusion-1200":"https:\/\/www.bagesturisme.cat\/wp-content\/uploads\/2020\/06\/can-cabreta-cardona-030.jpg","fusion-1200-width":1200,"fusion-1200-height":799,"portfolio-full":"https:\/\/www.bagesturisme.cat\/wp-content\/uploads\/2020\/06\/can-cabreta-cardona-030.jpg","portfolio-full-width":601,"portfolio-full-height":400,"portfolio-one":"https:\/\/www.bagesturisme.cat\/wp-content\/uploads\/2020\/06\/can-cabreta-cardona-030.jpg","portfolio-one-width":409,"portfolio-one-height":272,"portfolio-two":"https:\/\/www.bagesturisme.cat\/wp-content\/uploads\/2020\/06\/can-cabreta-cardona-030.jpg","portfolio-two-width":443,"portfolio-two-height":295,"portfolio-three":"https:\/\/www.bagesturisme.cat\/wp-content\/uploads\/2020\/06\/can-cabreta-cardona-030.jpg","portfolio-three-width":300,"portfolio-three-height":200,"portfolio-five":"https:\/\/www.bagesturisme.cat\/wp-content\/uploads\/2020\/06\/can-cabreta-cardona-030.jpg","portfolio-five-width":177,"portfolio-five-height":118}},{"ID":13812,"id":13812,"title":"can cabreta cardona-035","filename":"can-cabreta-cardona-035.jpg","filesize":2036771,"url":"https:\/\/www.bagesturisme.cat\/wp-content\/uploads\/2020\/06\/can-cabreta-cardona-035.jpg","link":"https:\/\/www.bagesturisme.cat\/es\/allotjament\/cal-cabreta-2\/can-cabreta-cardona-035-2\/","alt":"","author":"3","description":"","caption":"","name":"can-cabreta-cardona-035-2","status":"inherit","uploaded_to":7984,"date":"2024-01-05 08:45:52","modified":"2024-01-05 08:45:52","menu_order":0,"mime_type":"image\/jpeg","type":"image","subtype":"jpeg","icon":"https:\/\/www.bagesturisme.cat\/wp-includes\/images\/media\/default.png","width":2200,"height":1464,"sizes":{"thumbnail":"https:\/\/www.bagesturisme.cat\/wp-content\/uploads\/2020\/06\/can-cabreta-cardona-035-150x150.jpg","thumbnail-width":150,"thumbnail-height":150,"medium":"https:\/\/www.bagesturisme.cat\/wp-content\/uploads\/2020\/06\/can-cabreta-cardona-035-601x400.jpg","medium-width":601,"medium-height":400,"medium_large":"https:\/\/www.bagesturisme.cat\/wp-content\/uploads\/2020\/06\/can-cabreta-cardona-035-768x511.jpg","medium_large-width":768,"medium_large-height":511,"large":"https:\/\/www.bagesturisme.cat\/wp-content\/uploads\/2020\/06\/can-cabreta-cardona-035-1280x852.jpg","large-width":1170,"large-height":779,"1536x1536":"https:\/\/www.bagesturisme.cat\/wp-content\/uploads\/2020\/06\/can-cabreta-cardona-035-1536x1022.jpg","1536x1536-width":1536,"1536x1536-height":1022,"2048x2048":"https:\/\/www.bagesturisme.cat\/wp-content\/uploads\/2020\/06\/can-cabreta-cardona-035-2048x1363.jpg","2048x2048-width":2048,"2048x2048-height":1363,"blog-large":"https:\/\/www.bagesturisme.cat\/wp-content\/uploads\/2020\/06\/can-cabreta-cardona-035.jpg","blog-large-width":409,"blog-large-height":272,"blog-medium":"https:\/\/www.bagesturisme.cat\/wp-content\/uploads\/2020\/06\/can-cabreta-cardona-035.jpg","blog-medium-width":304,"blog-medium-height":202,"recent-posts":"https:\/\/www.bagesturisme.cat\/wp-content\/uploads\/2020\/06\/can-cabreta-cardona-035.jpg","recent-posts-width":663,"recent-posts-height":441,"recent-works-thumbnail":"https:\/\/www.bagesturisme.cat\/wp-content\/uploads\/2020\/06\/can-cabreta-cardona-035.jpg","recent-works-thumbnail-width":66,"recent-works-thumbnail-height":44,"fusion-200":"https:\/\/www.bagesturisme.cat\/wp-content\/uploads\/2020\/06\/can-cabreta-cardona-035.jpg","fusion-200-width":200,"fusion-200-height":133,"fusion-400":"https:\/\/www.bagesturisme.cat\/wp-content\/uploads\/2020\/06\/can-cabreta-cardona-035.jpg","fusion-400-width":400,"fusion-400-height":266,"fusion-600":"https:\/\/www.bagesturisme.cat\/wp-content\/uploads\/2020\/06\/can-cabreta-cardona-035.jpg","fusion-600-width":600,"fusion-600-height":399,"fusion-800":"https:\/\/www.bagesturisme.cat\/wp-content\/uploads\/2020\/06\/can-cabreta-cardona-035.jpg","fusion-800-width":800,"fusion-800-height":532,"fusion-1200":"https:\/\/www.bagesturisme.cat\/wp-content\/uploads\/2020\/06\/can-cabreta-cardona-035.jpg","fusion-1200-width":1200,"fusion-1200-height":799,"portfolio-full":"https:\/\/www.bagesturisme.cat\/wp-content\/uploads\/2020\/06\/can-cabreta-cardona-035.jpg","portfolio-full-width":601,"portfolio-full-height":400,"portfolio-one":"https:\/\/www.bagesturisme.cat\/wp-content\/uploads\/2020\/06\/can-cabreta-cardona-035.jpg","portfolio-one-width":409,"portfolio-one-height":272,"portfolio-two":"https:\/\/www.bagesturisme.cat\/wp-content\/uploads\/2020\/06\/can-cabreta-cardona-035.jpg","portfolio-two-width":443,"portfolio-two-height":295,"portfolio-three":"https:\/\/www.bagesturisme.cat\/wp-content\/uploads\/2020\/06\/can-cabreta-cardona-035.jpg","portfolio-three-width":300,"portfolio-three-height":200,"portfolio-five":"https:\/\/www.bagesturisme.cat\/wp-content\/uploads\/2020\/06\/can-cabreta-cardona-035.jpg","portfolio-five-width":177,"portfolio-five-height":118}},{"ID":13045,"id":13045,"title":"can cabreta cardona terrassa","filename":"can-cabreta-cardona-018-2.jpg","filesize":2925949,"url":"https:\/\/www.bagesturisme.cat\/wp-content\/uploads\/2020\/02\/can-cabreta-cardona-018-2.jpg","link":"https:\/\/www.bagesturisme.cat\/es\/can-cabreta-cardona-018-3\/","alt":"","author":"3","description":"","caption":"","name":"can-cabreta-cardona-018-3","status":"inherit","uploaded_to":0,"date":"2023-08-03 08:21:10","modified":"2023-08-03 08:21:44","menu_order":0,"mime_type":"image\/jpeg","type":"image","subtype":"jpeg","icon":"https:\/\/www.bagesturisme.cat\/wp-includes\/images\/media\/default.png","width":2200,"height":1464,"sizes":{"thumbnail":"https:\/\/www.bagesturisme.cat\/wp-content\/uploads\/2020\/02\/can-cabreta-cardona-018-2-150x150.jpg","thumbnail-width":150,"thumbnail-height":150,"medium":"https:\/\/www.bagesturisme.cat\/wp-content\/uploads\/2020\/02\/can-cabreta-cardona-018-2-601x400.jpg","medium-width":601,"medium-height":400,"medium_large":"https:\/\/www.bagesturisme.cat\/wp-content\/uploads\/2020\/02\/can-cabreta-cardona-018-2-768x511.jpg","medium_large-width":768,"medium_large-height":511,"large":"https:\/\/www.bagesturisme.cat\/wp-content\/uploads\/2020\/02\/can-cabreta-cardona-018-2-1280x852.jpg","large-width":1170,"large-height":779,"1536x1536":"https:\/\/www.bagesturisme.cat\/wp-content\/uploads\/2020\/02\/can-cabreta-cardona-018-2-1536x1022.jpg","1536x1536-width":1536,"1536x1536-height":1022,"2048x2048":"https:\/\/www.bagesturisme.cat\/wp-content\/uploads\/2020\/02\/can-cabreta-cardona-018-2-2048x1363.jpg","2048x2048-width":2048,"2048x2048-height":1363,"blog-large":"https:\/\/www.bagesturisme.cat\/wp-content\/uploads\/2020\/02\/can-cabreta-cardona-018-2.jpg","blog-large-width":409,"blog-large-height":272,"blog-medium":"https:\/\/www.bagesturisme.cat\/wp-content\/uploads\/2020\/02\/can-cabreta-cardona-018-2.jpg","blog-medium-width":304,"blog-medium-height":202,"recent-posts":"https:\/\/www.bagesturisme.cat\/wp-content\/uploads\/2020\/02\/can-cabreta-cardona-018-2.jpg","recent-posts-width":663,"recent-posts-height":441,"recent-works-thumbnail":"https:\/\/www.bagesturisme.cat\/wp-content\/uploads\/2020\/02\/can-cabreta-cardona-018-2.jpg","recent-works-thumbnail-width":66,"recent-works-thumbnail-height":44,"fusion-200":"https:\/\/www.bagesturisme.cat\/wp-content\/uploads\/2020\/02\/can-cabreta-cardona-018-2.jpg","fusion-200-width":200,"fusion-200-height":133,"fusion-400":"https:\/\/www.bagesturisme.cat\/wp-content\/uploads\/2020\/02\/can-cabreta-cardona-018-2.jpg","fusion-400-width":400,"fusion-400-height":266,"fusion-600":"https:\/\/www.bagesturisme.cat\/wp-content\/uploads\/2020\/02\/can-cabreta-cardona-018-2.jpg","fusion-600-width":600,"fusion-600-height":399,"fusion-800":"https:\/\/www.bagesturisme.cat\/wp-content\/uploads\/2020\/02\/can-cabreta-cardona-018-2.jpg","fusion-800-width":800,"fusion-800-height":532,"fusion-1200":"https:\/\/www.bagesturisme.cat\/wp-content\/uploads\/2020\/02\/can-cabreta-cardona-018-2.jpg","fusion-1200-width":1200,"fusion-1200-height":799,"portfolio-full":"https:\/\/www.bagesturisme.cat\/wp-content\/uploads\/2020\/02\/can-cabreta-cardona-018-2.jpg","portfolio-full-width":601,"portfolio-full-height":400,"portfolio-one":"https:\/\/www.bagesturisme.cat\/wp-content\/uploads\/2020\/02\/can-cabreta-cardona-018-2.jpg","portfolio-one-width":409,"portfolio-one-height":272,"portfolio-two":"https:\/\/www.bagesturisme.cat\/wp-content\/uploads\/2020\/02\/can-cabreta-cardona-018-2.jpg","portfolio-two-width":443,"portfolio-two-height":295,"portfolio-three":"https:\/\/www.bagesturisme.cat\/wp-content\/uploads\/2020\/02\/can-cabreta-cardona-018-2.jpg","portfolio-three-width":300,"portfolio-three-height":200,"portfolio-five":"https:\/\/www.bagesturisme.cat\/wp-content\/uploads\/2020\/02\/can-cabreta-cardona-018-2.jpg","portfolio-five-width":177,"portfolio-five-height":118}},{"ID":13043,"id":13043,"title":"can cabreta cardona zona piscina","filename":"can-cabreta-cardona-057.jpg","filesize":3379060,"url":"https:\/\/www.bagesturisme.cat\/wp-content\/uploads\/2020\/02\/can-cabreta-cardona-057.jpg","link":"https:\/\/www.bagesturisme.cat\/es\/can-cabreta-cardona-057\/","alt":"","author":"3","description":"","caption":"","name":"can-cabreta-cardona-057","status":"inherit","uploaded_to":0,"date":"2023-08-03 08:09:53","modified":"2023-08-03 08:10:20","menu_order":0,"mime_type":"image\/jpeg","type":"image","subtype":"jpeg","icon":"https:\/\/www.bagesturisme.cat\/wp-includes\/images\/media\/default.png","width":2200,"height":1464,"sizes":{"thumbnail":"https:\/\/www.bagesturisme.cat\/wp-content\/uploads\/2020\/02\/can-cabreta-cardona-057-150x150.jpg","thumbnail-width":150,"thumbnail-height":150,"medium":"https:\/\/www.bagesturisme.cat\/wp-content\/uploads\/2020\/02\/can-cabreta-cardona-057-601x400.jpg","medium-width":601,"medium-height":400,"medium_large":"https:\/\/www.bagesturisme.cat\/wp-content\/uploads\/2020\/02\/can-cabreta-cardona-057-768x511.jpg","medium_large-width":768,"medium_large-height":511,"large":"https:\/\/www.bagesturisme.cat\/wp-content\/uploads\/2020\/02\/can-cabreta-cardona-057-1280x852.jpg","large-width":1170,"large-height":779,"1536x1536":"https:\/\/www.bagesturisme.cat\/wp-content\/uploads\/2020\/02\/can-cabreta-cardona-057-1536x1022.jpg","1536x1536-width":1536,"1536x1536-height":1022,"2048x2048":"https:\/\/www.bagesturisme.cat\/wp-content\/uploads\/2020\/02\/can-cabreta-cardona-057-2048x1363.jpg","2048x2048-width":2048,"2048x2048-height":1363,"blog-large":"https:\/\/www.bagesturisme.cat\/wp-content\/uploads\/2020\/02\/can-cabreta-cardona-057.jpg","blog-large-width":409,"blog-large-height":272,"blog-medium":"https:\/\/www.bagesturisme.cat\/wp-content\/uploads\/2020\/02\/can-cabreta-cardona-057.jpg","blog-medium-width":304,"blog-medium-height":202,"recent-posts":"https:\/\/www.bagesturisme.cat\/wp-content\/uploads\/2020\/02\/can-cabreta-cardona-057.jpg","recent-posts-width":663,"recent-posts-height":441,"recent-works-thumbnail":"https:\/\/www.bagesturisme.cat\/wp-content\/uploads\/2020\/02\/can-cabreta-cardona-057.jpg","recent-works-thumbnail-width":66,"recent-works-thumbnail-height":44,"fusion-200":"https:\/\/www.bagesturisme.cat\/wp-content\/uploads\/2020\/02\/can-cabreta-cardona-057.jpg","fusion-200-width":200,"fusion-200-height":133,"fusion-400":"https:\/\/www.bagesturisme.cat\/wp-content\/uploads\/2020\/02\/can-cabreta-cardona-057.jpg","fusion-400-width":400,"fusion-400-height":266,"fusion-600":"https:\/\/www.bagesturisme.cat\/wp-content\/uploads\/2020\/02\/can-cabreta-cardona-057.jpg","fusion-600-width":600,"fusion-600-height":399,"fusion-800":"https:\/\/www.bagesturisme.cat\/wp-content\/uploads\/2020\/02\/can-cabreta-cardona-057.jpg","fusion-800-width":800,"fusion-800-height":532,"fusion-1200":"https:\/\/www.bagesturisme.cat\/wp-content\/uploads\/2020\/02\/can-cabreta-cardona-057.jpg","fusion-1200-width":1200,"fusion-1200-height":799,"portfolio-full":"https:\/\/www.bagesturisme.cat\/wp-content\/uploads\/2020\/02\/can-cabreta-cardona-057.jpg","portfolio-full-width":601,"portfolio-full-height":400,"portfolio-one":"https:\/\/www.bagesturisme.cat\/wp-content\/uploads\/2020\/02\/can-cabreta-cardona-057.jpg","portfolio-one-width":409,"portfolio-one-height":272,"portfolio-two":"https:\/\/www.bagesturisme.cat\/wp-content\/uploads\/2020\/02\/can-cabreta-cardona-057.jpg","portfolio-two-width":443,"portfolio-two-height":295,"portfolio-three":"https:\/\/www.bagesturisme.cat\/wp-content\/uploads\/2020\/02\/can-cabreta-cardona-057.jpg","portfolio-three-width":300,"portfolio-three-height":200,"portfolio-five":"https:\/\/www.bagesturisme.cat\/wp-content\/uploads\/2020\/02\/can-cabreta-cardona-057.jpg","portfolio-five-width":177,"portfolio-five-height":118}},{"ID":13042,"id":13042,"title":"can cabreta cardona futbol\u00edn","filename":"can-cabreta-cardona-051.jpg","filesize":1329265,"url":"https:\/\/www.bagesturisme.cat\/wp-content\/uploads\/2020\/02\/can-cabreta-cardona-051.jpg","link":"https:\/\/www.bagesturisme.cat\/es\/can-cabreta-cardona-051\/","alt":"","author":"3","description":"","caption":"","name":"can-cabreta-cardona-051","status":"inherit","uploaded_to":0,"date":"2023-08-03 08:09:45","modified":"2023-08-03 08:10:25","menu_order":0,"mime_type":"image\/jpeg","type":"image","subtype":"jpeg","icon":"https:\/\/www.bagesturisme.cat\/wp-includes\/images\/media\/default.png","width":2200,"height":1464,"sizes":{"thumbnail":"https:\/\/www.bagesturisme.cat\/wp-content\/uploads\/2020\/02\/can-cabreta-cardona-051-150x150.jpg","thumbnail-width":150,"thumbnail-height":150,"medium":"https:\/\/www.bagesturisme.cat\/wp-content\/uploads\/2020\/02\/can-cabreta-cardona-051-601x400.jpg","medium-width":601,"medium-height":400,"medium_large":"https:\/\/www.bagesturisme.cat\/wp-content\/uploads\/2020\/02\/can-cabreta-cardona-051-768x511.jpg","medium_large-width":768,"medium_large-height":511,"large":"https:\/\/www.bagesturisme.cat\/wp-content\/uploads\/2020\/02\/can-cabreta-cardona-051-1280x852.jpg","large-width":1170,"large-height":779,"1536x1536":"https:\/\/www.bagesturisme.cat\/wp-content\/uploads\/2020\/02\/can-cabreta-cardona-051-1536x1022.jpg","1536x1536-width":1536,"1536x1536-height":1022,"2048x2048":"https:\/\/www.bagesturisme.cat\/wp-content\/uploads\/2020\/02\/can-cabreta-cardona-051-2048x1363.jpg","2048x2048-width":2048,"2048x2048-height":1363,"blog-large":"https:\/\/www.bagesturisme.cat\/wp-content\/uploads\/2020\/02\/can-cabreta-cardona-051.jpg","blog-large-width":409,"blog-large-height":272,"blog-medium":"https:\/\/www.bagesturisme.cat\/wp-content\/uploads\/2020\/02\/can-cabreta-cardona-051.jpg","blog-medium-width":304,"blog-medium-height":202,"recent-posts":"https:\/\/www.bagesturisme.cat\/wp-content\/uploads\/2020\/02\/can-cabreta-cardona-051.jpg","recent-posts-width":663,"recent-posts-height":441,"recent-works-thumbnail":"https:\/\/www.bagesturisme.cat\/wp-content\/uploads\/2020\/02\/can-cabreta-cardona-051.jpg","recent-works-thumbnail-width":66,"recent-works-thumbnail-height":44,"fusion-200":"https:\/\/www.bagesturisme.cat\/wp-content\/uploads\/2020\/02\/can-cabreta-cardona-051.jpg","fusion-200-width":200,"fusion-200-height":133,"fusion-400":"https:\/\/www.bagesturisme.cat\/wp-content\/uploads\/2020\/02\/can-cabreta-cardona-051.jpg","fusion-400-width":400,"fusion-400-height":266,"fusion-600":"https:\/\/www.bagesturisme.cat\/wp-content\/uploads\/2020\/02\/can-cabreta-cardona-051.jpg","fusion-600-width":600,"fusion-600-height":399,"fusion-800":"https:\/\/www.bagesturisme.cat\/wp-content\/uploads\/2020\/02\/can-cabreta-cardona-051.jpg","fusion-800-width":800,"fusion-800-height":532,"fusion-1200":"https:\/\/www.bagesturisme.cat\/wp-content\/uploads\/2020\/02\/can-cabreta-cardona-051.jpg","fusion-1200-width":1200,"fusion-1200-height":799,"portfolio-full":"https:\/\/www.bagesturisme.cat\/wp-content\/uploads\/2020\/02\/can-cabreta-cardona-051.jpg","portfolio-full-width":601,"portfolio-full-height":400,"portfolio-one":"https:\/\/www.bagesturisme.cat\/wp-content\/uploads\/2020\/02\/can-cabreta-cardona-051.jpg","portfolio-one-width":409,"portfolio-one-height":272,"portfolio-two":"https:\/\/www.bagesturisme.cat\/wp-content\/uploads\/2020\/02\/can-cabreta-cardona-051.jpg","portfolio-two-width":443,"portfolio-two-height":295,"portfolio-three":"https:\/\/www.bagesturisme.cat\/wp-content\/uploads\/2020\/02\/can-cabreta-cardona-051.jpg","portfolio-three-width":300,"portfolio-three-height":200,"portfolio-five":"https:\/\/www.bagesturisme.cat\/wp-content\/uploads\/2020\/02\/can-cabreta-cardona-051.jpg","portfolio-five-width":177,"portfolio-five-height":118}},{"ID":13041,"id":13041,"title":"can cabreta cardona ping-pong","filename":"can-cabreta-cardona-049.jpg","filesize":2276528,"url":"https:\/\/www.bagesturisme.cat\/wp-content\/uploads\/2020\/02\/can-cabreta-cardona-049.jpg","link":"https:\/\/www.bagesturisme.cat\/es\/can-cabreta-cardona-049\/","alt":"","author":"3","description":"","caption":"","name":"can-cabreta-cardona-049","status":"inherit","uploaded_to":0,"date":"2023-08-03 08:09:42","modified":"2023-08-03 08:10:34","menu_order":0,"mime_type":"image\/jpeg","type":"image","subtype":"jpeg","icon":"https:\/\/www.bagesturisme.cat\/wp-includes\/images\/media\/default.png","width":2200,"height":1464,"sizes":{"thumbnail":"https:\/\/www.bagesturisme.cat\/wp-content\/uploads\/2020\/02\/can-cabreta-cardona-049-150x150.jpg","thumbnail-width":150,"thumbnail-height":150,"medium":"https:\/\/www.bagesturisme.cat\/wp-content\/uploads\/2020\/02\/can-cabreta-cardona-049-601x400.jpg","medium-width":601,"medium-height":400,"medium_large":"https:\/\/www.bagesturisme.cat\/wp-content\/uploads\/2020\/02\/can-cabreta-cardona-049-768x511.jpg","medium_large-width":768,"medium_large-height":511,"large":"https:\/\/www.bagesturisme.cat\/wp-content\/uploads\/2020\/02\/can-cabreta-cardona-049-1280x852.jpg","large-width":1170,"large-height":779,"1536x1536":"https:\/\/www.bagesturisme.cat\/wp-content\/uploads\/2020\/02\/can-cabreta-cardona-049-1536x1022.jpg","1536x1536-width":1536,"1536x1536-height":1022,"2048x2048":"https:\/\/www.bagesturisme.cat\/wp-content\/uploads\/2020\/02\/can-cabreta-cardona-049-2048x1363.jpg","2048x2048-width":2048,"2048x2048-height":1363,"blog-large":"https:\/\/www.bagesturisme.cat\/wp-content\/uploads\/2020\/02\/can-cabreta-cardona-049.jpg","blog-large-width":409,"blog-large-height":272,"blog-medium":"https:\/\/www.bagesturisme.cat\/wp-content\/uploads\/2020\/02\/can-cabreta-cardona-049.jpg","blog-medium-width":304,"blog-medium-height":202,"recent-posts":"https:\/\/www.bagesturisme.cat\/wp-content\/uploads\/2020\/02\/can-cabreta-cardona-049.jpg","recent-posts-width":663,"recent-posts-height":441,"recent-works-thumbnail":"https:\/\/www.bagesturisme.cat\/wp-content\/uploads\/2020\/02\/can-cabreta-cardona-049.jpg","recent-works-thumbnail-width":66,"recent-works-thumbnail-height":44,"fusion-200":"https:\/\/www.bagesturisme.cat\/wp-content\/uploads\/2020\/02\/can-cabreta-cardona-049.jpg","fusion-200-width":200,"fusion-200-height":133,"fusion-400":"https:\/\/www.bagesturisme.cat\/wp-content\/uploads\/2020\/02\/can-cabreta-cardona-049.jpg","fusion-400-width":400,"fusion-400-height":266,"fusion-600":"https:\/\/www.bagesturisme.cat\/wp-content\/uploads\/2020\/02\/can-cabreta-cardona-049.jpg","fusion-600-width":600,"fusion-600-height":399,"fusion-800":"https:\/\/www.bagesturisme.cat\/wp-content\/uploads\/2020\/02\/can-cabreta-cardona-049.jpg","fusion-800-width":800,"fusion-800-height":532,"fusion-1200":"https:\/\/www.bagesturisme.cat\/wp-content\/uploads\/2020\/02\/can-cabreta-cardona-049.jpg","fusion-1200-width":1200,"fusion-1200-height":799,"portfolio-full":"https:\/\/www.bagesturisme.cat\/wp-content\/uploads\/2020\/02\/can-cabreta-cardona-049.jpg","portfolio-full-width":601,"portfolio-full-height":400,"portfolio-one":"https:\/\/www.bagesturisme.cat\/wp-content\/uploads\/2020\/02\/can-cabreta-cardona-049.jpg","portfolio-one-width":409,"portfolio-one-height":272,"portfolio-two":"https:\/\/www.bagesturisme.cat\/wp-content\/uploads\/2020\/02\/can-cabreta-cardona-049.jpg","portfolio-two-width":443,"portfolio-two-height":295,"portfolio-three":"https:\/\/www.bagesturisme.cat\/wp-content\/uploads\/2020\/02\/can-cabreta-cardona-049.jpg","portfolio-three-width":300,"portfolio-three-height":200,"portfolio-five":"https:\/\/www.bagesturisme.cat\/wp-content\/uploads\/2020\/02\/can-cabreta-cardona-049.jpg","portfolio-five-width":177,"portfolio-five-height":118}},{"ID":13040,"id":13040,"title":"can cabreta cardona lavabo","filename":"can-cabreta-cardona-046.jpg","filesize":1984307,"url":"https:\/\/www.bagesturisme.cat\/wp-content\/uploads\/2020\/02\/can-cabreta-cardona-046.jpg","link":"https:\/\/www.bagesturisme.cat\/es\/can-cabreta-cardona-046\/","alt":"","author":"3","description":"","caption":"","name":"can-cabreta-cardona-046","status":"inherit","uploaded_to":0,"date":"2023-08-03 08:09:36","modified":"2023-08-03 08:10:53","menu_order":0,"mime_type":"image\/jpeg","type":"image","subtype":"jpeg","icon":"https:\/\/www.bagesturisme.cat\/wp-includes\/images\/media\/default.png","width":1464,"height":2200,"sizes":{"thumbnail":"https:\/\/www.bagesturisme.cat\/wp-content\/uploads\/2020\/02\/can-cabreta-cardona-046-150x150.jpg","thumbnail-width":150,"thumbnail-height":150,"medium":"https:\/\/www.bagesturisme.cat\/wp-content\/uploads\/2020\/02\/can-cabreta-cardona-046-266x400.jpg","medium-width":266,"medium-height":400,"medium_large":"https:\/\/www.bagesturisme.cat\/wp-content\/uploads\/2020\/02\/can-cabreta-cardona-046-768x1154.jpg","medium_large-width":768,"medium_large-height":1154,"large":"https:\/\/www.bagesturisme.cat\/wp-content\/uploads\/2020\/02\/can-cabreta-cardona-046-681x1024.jpg","large-width":681,"large-height":1024,"1536x1536":"https:\/\/www.bagesturisme.cat\/wp-content\/uploads\/2020\/02\/can-cabreta-cardona-046-1022x1536.jpg","1536x1536-width":1022,"1536x1536-height":1536,"2048x2048":"https:\/\/www.bagesturisme.cat\/wp-content\/uploads\/2020\/02\/can-cabreta-cardona-046-1363x2048.jpg","2048x2048-width":1363,"2048x2048-height":2048,"blog-large":"https:\/\/www.bagesturisme.cat\/wp-content\/uploads\/2020\/02\/can-cabreta-cardona-046.jpg","blog-large-width":181,"blog-large-height":272,"blog-medium":"https:\/\/www.bagesturisme.cat\/wp-content\/uploads\/2020\/02\/can-cabreta-cardona-046.jpg","blog-medium-width":134,"blog-medium-height":202,"recent-posts":"https:\/\/www.bagesturisme.cat\/wp-content\/uploads\/2020\/02\/can-cabreta-cardona-046.jpg","recent-posts-width":293,"recent-posts-height":441,"recent-works-thumbnail":"https:\/\/www.bagesturisme.cat\/wp-content\/uploads\/2020\/02\/can-cabreta-cardona-046.jpg","recent-works-thumbnail-width":44,"recent-works-thumbnail-height":66,"fusion-200":"https:\/\/www.bagesturisme.cat\/wp-content\/uploads\/2020\/02\/can-cabreta-cardona-046.jpg","fusion-200-width":200,"fusion-200-height":301,"fusion-400":"https:\/\/www.bagesturisme.cat\/wp-content\/uploads\/2020\/02\/can-cabreta-cardona-046.jpg","fusion-400-width":400,"fusion-400-height":601,"fusion-600":"https:\/\/www.bagesturisme.cat\/wp-content\/uploads\/2020\/02\/can-cabreta-cardona-046.jpg","fusion-600-width":600,"fusion-600-height":902,"fusion-800":"https:\/\/www.bagesturisme.cat\/wp-content\/uploads\/2020\/02\/can-cabreta-cardona-046.jpg","fusion-800-width":800,"fusion-800-height":1202,"fusion-1200":"https:\/\/www.bagesturisme.cat\/wp-content\/uploads\/2020\/02\/can-cabreta-cardona-046.jpg","fusion-1200-width":1200,"fusion-1200-height":1803,"portfolio-full":"https:\/\/www.bagesturisme.cat\/wp-content\/uploads\/2020\/02\/can-cabreta-cardona-046.jpg","portfolio-full-width":266,"portfolio-full-height":400,"portfolio-one":"https:\/\/www.bagesturisme.cat\/wp-content\/uploads\/2020\/02\/can-cabreta-cardona-046.jpg","portfolio-one-width":181,"portfolio-one-height":272,"portfolio-two":"https:\/\/www.bagesturisme.cat\/wp-content\/uploads\/2020\/02\/can-cabreta-cardona-046.jpg","portfolio-two-width":196,"portfolio-two-height":295,"portfolio-three":"https:\/\/www.bagesturisme.cat\/wp-content\/uploads\/2020\/02\/can-cabreta-cardona-046.jpg","portfolio-three-width":142,"portfolio-three-height":214,"portfolio-five":"https:\/\/www.bagesturisme.cat\/wp-content\/uploads\/2020\/02\/can-cabreta-cardona-046.jpg","portfolio-five-width":94,"portfolio-five-height":142}},{"ID":13039,"id":13039,"title":"can cabreta cardona jocs de taula","filename":"can-cabreta-cardona-045.jpg","filesize":1430266,"url":"https:\/\/www.bagesturisme.cat\/wp-content\/uploads\/2020\/02\/can-cabreta-cardona-045.jpg","link":"https:\/\/www.bagesturisme.cat\/es\/can-cabreta-cardona-045\/","alt":"","author":"3","description":"","caption":"","name":"can-cabreta-cardona-045","status":"inherit","uploaded_to":0,"date":"2023-08-03 08:09:25","modified":"2023-08-03 08:11:12","menu_order":0,"mime_type":"image\/jpeg","type":"image","subtype":"jpeg","icon":"https:\/\/www.bagesturisme.cat\/wp-includes\/images\/media\/default.png","width":1464,"height":2200,"sizes":{"thumbnail":"https:\/\/www.bagesturisme.cat\/wp-content\/uploads\/2020\/02\/can-cabreta-cardona-045-150x150.jpg","thumbnail-width":150,"thumbnail-height":150,"medium":"https:\/\/www.bagesturisme.cat\/wp-content\/uploads\/2020\/02\/can-cabreta-cardona-045-266x400.jpg","medium-width":266,"medium-height":400,"medium_large":"https:\/\/www.bagesturisme.cat\/wp-content\/uploads\/2020\/02\/can-cabreta-cardona-045-768x1154.jpg","medium_large-width":768,"medium_large-height":1154,"large":"https:\/\/www.bagesturisme.cat\/wp-content\/uploads\/2020\/02\/can-cabreta-cardona-045-681x1024.jpg","large-width":681,"large-height":1024,"1536x1536":"https:\/\/www.bagesturisme.cat\/wp-content\/uploads\/2020\/02\/can-cabreta-cardona-045-1022x1536.jpg","1536x1536-width":1022,"1536x1536-height":1536,"2048x2048":"https:\/\/www.bagesturisme.cat\/wp-content\/uploads\/2020\/02\/can-cabreta-cardona-045-1363x2048.jpg","2048x2048-width":1363,"2048x2048-height":2048,"blog-large":"https:\/\/www.bagesturisme.cat\/wp-content\/uploads\/2020\/02\/can-cabreta-cardona-045.jpg","blog-large-width":181,"blog-large-height":272,"blog-medium":"https:\/\/www.bagesturisme.cat\/wp-content\/uploads\/2020\/02\/can-cabreta-cardona-045.jpg","blog-medium-width":134,"blog-medium-height":202,"recent-posts":"https:\/\/www.bagesturisme.cat\/wp-content\/uploads\/2020\/02\/can-cabreta-cardona-045.jpg","recent-posts-width":293,"recent-posts-height":441,"recent-works-thumbnail":"https:\/\/www.bagesturisme.cat\/wp-content\/uploads\/2020\/02\/can-cabreta-cardona-045.jpg","recent-works-thumbnail-width":44,"recent-works-thumbnail-height":66,"fusion-200":"https:\/\/www.bagesturisme.cat\/wp-content\/uploads\/2020\/02\/can-cabreta-cardona-045.jpg","fusion-200-width":200,"fusion-200-height":301,"fusion-400":"https:\/\/www.bagesturisme.cat\/wp-content\/uploads\/2020\/02\/can-cabreta-cardona-045.jpg","fusion-400-width":400,"fusion-400-height":601,"fusion-600":"https:\/\/www.bagesturisme.cat\/wp-content\/uploads\/2020\/02\/can-cabreta-cardona-045.jpg","fusion-600-width":600,"fusion-600-height":902,"fusion-800":"https:\/\/www.bagesturisme.cat\/wp-content\/uploads\/2020\/02\/can-cabreta-cardona-045.jpg","fusion-800-width":800,"fusion-800-height":1202,"fusion-1200":"https:\/\/www.bagesturisme.cat\/wp-content\/uploads\/2020\/02\/can-cabreta-cardona-045.jpg","fusion-1200-width":1200,"fusion-1200-height":1803,"portfolio-full":"https:\/\/www.bagesturisme.cat\/wp-content\/uploads\/2020\/02\/can-cabreta-cardona-045.jpg","portfolio-full-width":266,"portfolio-full-height":400,"portfolio-one":"https:\/\/www.bagesturisme.cat\/wp-content\/uploads\/2020\/02\/can-cabreta-cardona-045.jpg","portfolio-one-width":181,"portfolio-one-height":272,"portfolio-two":"https:\/\/www.bagesturisme.cat\/wp-content\/uploads\/2020\/02\/can-cabreta-cardona-045.jpg","portfolio-two-width":196,"portfolio-two-height":295,"portfolio-three":"https:\/\/www.bagesturisme.cat\/wp-content\/uploads\/2020\/02\/can-cabreta-cardona-045.jpg","portfolio-three-width":142,"portfolio-three-height":214,"portfolio-five":"https:\/\/www.bagesturisme.cat\/wp-content\/uploads\/2020\/02\/can-cabreta-cardona-045.jpg","portfolio-five-width":94,"portfolio-five-height":142}},{"ID":13038,"id":13038,"title":"can cabreta cardona habitaci\u00f3 matrimoni","filename":"can-cabreta-cardona-042.jpg","filesize":2586677,"url":"https:\/\/www.bagesturisme.cat\/wp-content\/uploads\/2020\/02\/can-cabreta-cardona-042.jpg","link":"https:\/\/www.bagesturisme.cat\/es\/can-cabreta-cardona-042\/","alt":"","author":"3","description":"","caption":"","name":"can-cabreta-cardona-042","status":"inherit","uploaded_to":0,"date":"2023-08-03 08:09:10","modified":"2023-08-03 08:12:41","menu_order":0,"mime_type":"image\/jpeg","type":"image","subtype":"jpeg","icon":"https:\/\/www.bagesturisme.cat\/wp-includes\/images\/media\/default.png","width":2200,"height":1464,"sizes":{"thumbnail":"https:\/\/www.bagesturisme.cat\/wp-content\/uploads\/2020\/02\/can-cabreta-cardona-042-150x150.jpg","thumbnail-width":150,"thumbnail-height":150,"medium":"https:\/\/www.bagesturisme.cat\/wp-content\/uploads\/2020\/02\/can-cabreta-cardona-042-601x400.jpg","medium-width":601,"medium-height":400,"medium_large":"https:\/\/www.bagesturisme.cat\/wp-content\/uploads\/2020\/02\/can-cabreta-cardona-042-768x511.jpg","medium_large-width":768,"medium_large-height":511,"large":"https:\/\/www.bagesturisme.cat\/wp-content\/uploads\/2020\/02\/can-cabreta-cardona-042-1280x852.jpg","large-width":1170,"large-height":779,"1536x1536":"https:\/\/www.bagesturisme.cat\/wp-content\/uploads\/2020\/02\/can-cabreta-cardona-042-1536x1022.jpg","1536x1536-width":1536,"1536x1536-height":1022,"2048x2048":"https:\/\/www.bagesturisme.cat\/wp-content\/uploads\/2020\/02\/can-cabreta-cardona-042-2048x1363.jpg","2048x2048-width":2048,"2048x2048-height":1363,"blog-large":"https:\/\/www.bagesturisme.cat\/wp-content\/uploads\/2020\/02\/can-cabreta-cardona-042.jpg","blog-large-width":409,"blog-large-height":272,"blog-medium":"https:\/\/www.bagesturisme.cat\/wp-content\/uploads\/2020\/02\/can-cabreta-cardona-042.jpg","blog-medium-width":304,"blog-medium-height":202,"recent-posts":"https:\/\/www.bagesturisme.cat\/wp-content\/uploads\/2020\/02\/can-cabreta-cardona-042.jpg","recent-posts-width":663,"recent-posts-height":441,"recent-works-thumbnail":"https:\/\/www.bagesturisme.cat\/wp-content\/uploads\/2020\/02\/can-cabreta-cardona-042.jpg","recent-works-thumbnail-width":66,"recent-works-thumbnail-height":44,"fusion-200":"https:\/\/www.bagesturisme.cat\/wp-content\/uploads\/2020\/02\/can-cabreta-cardona-042.jpg","fusion-200-width":200,"fusion-200-height":133,"fusion-400":"https:\/\/www.bagesturisme.cat\/wp-content\/uploads\/2020\/02\/can-cabreta-cardona-042.jpg","fusion-400-width":400,"fusion-400-height":266,"fusion-600":"https:\/\/www.bagesturisme.cat\/wp-content\/uploads\/2020\/02\/can-cabreta-cardona-042.jpg","fusion-600-width":600,"fusion-600-height":399,"fusion-800":"https:\/\/www.bagesturisme.cat\/wp-content\/uploads\/2020\/02\/can-cabreta-cardona-042.jpg","fusion-800-width":800,"fusion-800-height":532,"fusion-1200":"https:\/\/www.bagesturisme.cat\/wp-content\/uploads\/2020\/02\/can-cabreta-cardona-042.jpg","fusion-1200-width":1200,"fusion-1200-height":799,"portfolio-full":"https:\/\/www.bagesturisme.cat\/wp-content\/uploads\/2020\/02\/can-cabreta-cardona-042.jpg","portfolio-full-width":601,"portfolio-full-height":400,"portfolio-one":"https:\/\/www.bagesturisme.cat\/wp-content\/uploads\/2020\/02\/can-cabreta-cardona-042.jpg","portfolio-one-width":409,"portfolio-one-height":272,"portfolio-two":"https:\/\/www.bagesturisme.cat\/wp-content\/uploads\/2020\/02\/can-cabreta-cardona-042.jpg","portfolio-two-width":443,"portfolio-two-height":295,"portfolio-three":"https:\/\/www.bagesturisme.cat\/wp-content\/uploads\/2020\/02\/can-cabreta-cardona-042.jpg","portfolio-three-width":300,"portfolio-three-height":200,"portfolio-five":"https:\/\/www.bagesturisme.cat\/wp-content\/uploads\/2020\/02\/can-cabreta-cardona-042.jpg","portfolio-five-width":177,"portfolio-five-height":118}},{"ID":13037,"id":13037,"title":"can cabreta cardona cuina","filename":"can-cabreta-cardona-039.jpg","filesize":2149342,"url":"https:\/\/www.bagesturisme.cat\/wp-content\/uploads\/2020\/02\/can-cabreta-cardona-039.jpg","link":"https:\/\/www.bagesturisme.cat\/es\/can-cabreta-cardona-039\/","alt":"","author":"3","description":"","caption":"","name":"can-cabreta-cardona-039","status":"inherit","uploaded_to":0,"date":"2023-08-03 08:09:02","modified":"2023-08-03 08:11:36","menu_order":0,"mime_type":"image\/jpeg","type":"image","subtype":"jpeg","icon":"https:\/\/www.bagesturisme.cat\/wp-includes\/images\/media\/default.png","width":2200,"height":1464,"sizes":{"thumbnail":"https:\/\/www.bagesturisme.cat\/wp-content\/uploads\/2020\/02\/can-cabreta-cardona-039-150x150.jpg","thumbnail-width":150,"thumbnail-height":150,"medium":"https:\/\/www.bagesturisme.cat\/wp-content\/uploads\/2020\/02\/can-cabreta-cardona-039-601x400.jpg","medium-width":601,"medium-height":400,"medium_large":"https:\/\/www.bagesturisme.cat\/wp-content\/uploads\/2020\/02\/can-cabreta-cardona-039-768x511.jpg","medium_large-width":768,"medium_large-height":511,"large":"https:\/\/www.bagesturisme.cat\/wp-content\/uploads\/2020\/02\/can-cabreta-cardona-039-1280x852.jpg","large-width":1170,"large-height":779,"1536x1536":"https:\/\/www.bagesturisme.cat\/wp-content\/uploads\/2020\/02\/can-cabreta-cardona-039-1536x1022.jpg","1536x1536-width":1536,"1536x1536-height":1022,"2048x2048":"https:\/\/www.bagesturisme.cat\/wp-content\/uploads\/2020\/02\/can-cabreta-cardona-039-2048x1363.jpg","2048x2048-width":2048,"2048x2048-height":1363,"blog-large":"https:\/\/www.bagesturisme.cat\/wp-content\/uploads\/2020\/02\/can-cabreta-cardona-039.jpg","blog-large-width":409,"blog-large-height":272,"blog-medium":"https:\/\/www.bagesturisme.cat\/wp-content\/uploads\/2020\/02\/can-cabreta-cardona-039.jpg","blog-medium-width":304,"blog-medium-height":202,"recent-posts":"https:\/\/www.bagesturisme.cat\/wp-content\/uploads\/2020\/02\/can-cabreta-cardona-039.jpg","recent-posts-width":663,"recent-posts-height":441,"recent-works-thumbnail":"https:\/\/www.bagesturisme.cat\/wp-content\/uploads\/2020\/02\/can-cabreta-cardona-039.jpg","recent-works-thumbnail-width":66,"recent-works-thumbnail-height":44,"fusion-200":"https:\/\/www.bagesturisme.cat\/wp-content\/uploads\/2020\/02\/can-cabreta-cardona-039.jpg","fusion-200-width":200,"fusion-200-height":133,"fusion-400":"https:\/\/www.bagesturisme.cat\/wp-content\/uploads\/2020\/02\/can-cabreta-cardona-039.jpg","fusion-400-width":400,"fusion-400-height":266,"fusion-600":"https:\/\/www.bagesturisme.cat\/wp-content\/uploads\/2020\/02\/can-cabreta-cardona-039.jpg","fusion-600-width":600,"fusion-600-height":399,"fusion-800":"https:\/\/www.bagesturisme.cat\/wp-content\/uploads\/2020\/02\/can-cabreta-cardona-039.jpg","fusion-800-width":800,"fusion-800-height":532,"fusion-1200":"https:\/\/www.bagesturisme.cat\/wp-content\/uploads\/2020\/02\/can-cabreta-cardona-039.jpg","fusion-1200-width":1200,"fusion-1200-height":799,"portfolio-full":"https:\/\/www.bagesturisme.cat\/wp-content\/uploads\/2020\/02\/can-cabreta-cardona-039.jpg","portfolio-full-width":601,"portfolio-full-height":400,"portfolio-one":"https:\/\/www.bagesturisme.cat\/wp-content\/uploads\/2020\/02\/can-cabreta-cardona-039.jpg","portfolio-one-width":409,"portfolio-one-height":272,"portfolio-two":"https:\/\/www.bagesturisme.cat\/wp-content\/uploads\/2020\/02\/can-cabreta-cardona-039.jpg","portfolio-two-width":443,"portfolio-two-height":295,"portfolio-three":"https:\/\/www.bagesturisme.cat\/wp-content\/uploads\/2020\/02\/can-cabreta-cardona-039.jpg","portfolio-three-width":300,"portfolio-three-height":200,"portfolio-five":"https:\/\/www.bagesturisme.cat\/wp-content\/uploads\/2020\/02\/can-cabreta-cardona-039.jpg","portfolio-five-width":177,"portfolio-five-height":118}},{"ID":13035,"id":13035,"title":"can cabreta cardona menjador","filename":"can-cabreta-cardona-032.jpg","filesize":2744120,"url":"https:\/\/www.bagesturisme.cat\/wp-content\/uploads\/2020\/02\/can-cabreta-cardona-032.jpg","link":"https:\/\/www.bagesturisme.cat\/es\/can-cabreta-cardona-032\/","alt":"","author":"3","description":"","caption":"","name":"can-cabreta-cardona-032","status":"inherit","uploaded_to":0,"date":"2023-08-03 08:08:32","modified":"2023-08-03 08:13:15","menu_order":0,"mime_type":"image\/jpeg","type":"image","subtype":"jpeg","icon":"https:\/\/www.bagesturisme.cat\/wp-includes\/images\/media\/default.png","width":2200,"height":1464,"sizes":{"thumbnail":"https:\/\/www.bagesturisme.cat\/wp-content\/uploads\/2020\/02\/can-cabreta-cardona-032-150x150.jpg","thumbnail-width":150,"thumbnail-height":150,"medium":"https:\/\/www.bagesturisme.cat\/wp-content\/uploads\/2020\/02\/can-cabreta-cardona-032-601x400.jpg","medium-width":601,"medium-height":400,"medium_large":"https:\/\/www.bagesturisme.cat\/wp-content\/uploads\/2020\/02\/can-cabreta-cardona-032-768x511.jpg","medium_large-width":768,"medium_large-height":511,"large":"https:\/\/www.bagesturisme.cat\/wp-content\/uploads\/2020\/02\/can-cabreta-cardona-032-1280x852.jpg","large-width":1170,"large-height":779,"1536x1536":"https:\/\/www.bagesturisme.cat\/wp-content\/uploads\/2020\/02\/can-cabreta-cardona-032-1536x1022.jpg","1536x1536-width":1536,"1536x1536-height":1022,"2048x2048":"https:\/\/www.bagesturisme.cat\/wp-content\/uploads\/2020\/02\/can-cabreta-cardona-032-2048x1363.jpg","2048x2048-width":2048,"2048x2048-height":1363,"blog-large":"https:\/\/www.bagesturisme.cat\/wp-content\/uploads\/2020\/02\/can-cabreta-cardona-032.jpg","blog-large-width":409,"blog-large-height":272,"blog-medium":"https:\/\/www.bagesturisme.cat\/wp-content\/uploads\/2020\/02\/can-cabreta-cardona-032.jpg","blog-medium-width":304,"blog-medium-height":202,"recent-posts":"https:\/\/www.bagesturisme.cat\/wp-content\/uploads\/2020\/02\/can-cabreta-cardona-032.jpg","recent-posts-width":663,"recent-posts-height":441,"recent-works-thumbnail":"https:\/\/www.bagesturisme.cat\/wp-content\/uploads\/2020\/02\/can-cabreta-cardona-032.jpg","recent-works-thumbnail-width":66,"recent-works-thumbnail-height":44,"fusion-200":"https:\/\/www.bagesturisme.cat\/wp-content\/uploads\/2020\/02\/can-cabreta-cardona-032.jpg","fusion-200-width":200,"fusion-200-height":133,"fusion-400":"https:\/\/www.bagesturisme.cat\/wp-content\/uploads\/2020\/02\/can-cabreta-cardona-032.jpg","fusion-400-width":400,"fusion-400-height":266,"fusion-600":"https:\/\/www.bagesturisme.cat\/wp-content\/uploads\/2020\/02\/can-cabreta-cardona-032.jpg","fusion-600-width":600,"fusion-600-height":399,"fusion-800":"https:\/\/www.bagesturisme.cat\/wp-content\/uploads\/2020\/02\/can-cabreta-cardona-032.jpg","fusion-800-width":800,"fusion-800-height":532,"fusion-1200":"https:\/\/www.bagesturisme.cat\/wp-content\/uploads\/2020\/02\/can-cabreta-cardona-032.jpg","fusion-1200-width":1200,"fusion-1200-height":799,"portfolio-full":"https:\/\/www.bagesturisme.cat\/wp-content\/uploads\/2020\/02\/can-cabreta-cardona-032.jpg","portfolio-full-width":601,"portfolio-full-height":400,"portfolio-one":"https:\/\/www.bagesturisme.cat\/wp-content\/uploads\/2020\/02\/can-cabreta-cardona-032.jpg","portfolio-one-width":409,"portfolio-one-height":272,"portfolio-two":"https:\/\/www.bagesturisme.cat\/wp-content\/uploads\/2020\/02\/can-cabreta-cardona-032.jpg","portfolio-two-width":443,"portfolio-two-height":295,"portfolio-three":"https:\/\/www.bagesturisme.cat\/wp-content\/uploads\/2020\/02\/can-cabreta-cardona-032.jpg","portfolio-three-width":300,"portfolio-three-height":200,"portfolio-five":"https:\/\/www.bagesturisme.cat\/wp-content\/uploads\/2020\/02\/can-cabreta-cardona-032.jpg","portfolio-five-width":177,"portfolio-five-height":118}},{"ID":13032,"id":13032,"title":"can cabreta cardona terrassa exterior","filename":"can-cabreta-cardona-017.jpg","filesize":1935525,"url":"https:\/\/www.bagesturisme.cat\/wp-content\/uploads\/2020\/02\/can-cabreta-cardona-017.jpg","link":"https:\/\/www.bagesturisme.cat\/es\/can-cabreta-cardona-017\/","alt":"","author":"3","description":"","caption":"","name":"can-cabreta-cardona-017","status":"inherit","uploaded_to":0,"date":"2023-08-03 08:07:38","modified":"2023-08-03 08:19:07","menu_order":0,"mime_type":"image\/jpeg","type":"image","subtype":"jpeg","icon":"https:\/\/www.bagesturisme.cat\/wp-includes\/images\/media\/default.png","width":1464,"height":2200,"sizes":{"thumbnail":"https:\/\/www.bagesturisme.cat\/wp-content\/uploads\/2020\/02\/can-cabreta-cardona-017-150x150.jpg","thumbnail-width":150,"thumbnail-height":150,"medium":"https:\/\/www.bagesturisme.cat\/wp-content\/uploads\/2020\/02\/can-cabreta-cardona-017-266x400.jpg","medium-width":266,"medium-height":400,"medium_large":"https:\/\/www.bagesturisme.cat\/wp-content\/uploads\/2020\/02\/can-cabreta-cardona-017-768x1154.jpg","medium_large-width":768,"medium_large-height":1154,"large":"https:\/\/www.bagesturisme.cat\/wp-content\/uploads\/2020\/02\/can-cabreta-cardona-017-681x1024.jpg","large-width":681,"large-height":1024,"1536x1536":"https:\/\/www.bagesturisme.cat\/wp-content\/uploads\/2020\/02\/can-cabreta-cardona-017-1022x1536.jpg","1536x1536-width":1022,"1536x1536-height":1536,"2048x2048":"https:\/\/www.bagesturisme.cat\/wp-content\/uploads\/2020\/02\/can-cabreta-cardona-017-1363x2048.jpg","2048x2048-width":1363,"2048x2048-height":2048,"blog-large":"https:\/\/www.bagesturisme.cat\/wp-content\/uploads\/2020\/02\/can-cabreta-cardona-017.jpg","blog-large-width":181,"blog-large-height":272,"blog-medium":"https:\/\/www.bagesturisme.cat\/wp-content\/uploads\/2020\/02\/can-cabreta-cardona-017.jpg","blog-medium-width":134,"blog-medium-height":202,"recent-posts":"https:\/\/www.bagesturisme.cat\/wp-content\/uploads\/2020\/02\/can-cabreta-cardona-017.jpg","recent-posts-width":293,"recent-posts-height":441,"recent-works-thumbnail":"https:\/\/www.bagesturisme.cat\/wp-content\/uploads\/2020\/02\/can-cabreta-cardona-017.jpg","recent-works-thumbnail-width":44,"recent-works-thumbnail-height":66,"fusion-200":"https:\/\/www.bagesturisme.cat\/wp-content\/uploads\/2020\/02\/can-cabreta-cardona-017.jpg","fusion-200-width":200,"fusion-200-height":301,"fusion-400":"https:\/\/www.bagesturisme.cat\/wp-content\/uploads\/2020\/02\/can-cabreta-cardona-017.jpg","fusion-400-width":400,"fusion-400-height":601,"fusion-600":"https:\/\/www.bagesturisme.cat\/wp-content\/uploads\/2020\/02\/can-cabreta-cardona-017.jpg","fusion-600-width":600,"fusion-600-height":902,"fusion-800":"https:\/\/www.bagesturisme.cat\/wp-content\/uploads\/2020\/02\/can-cabreta-cardona-017.jpg","fusion-800-width":800,"fusion-800-height":1202,"fusion-1200":"https:\/\/www.bagesturisme.cat\/wp-content\/uploads\/2020\/02\/can-cabreta-cardona-017.jpg","fusion-1200-width":1200,"fusion-1200-height":1803,"portfolio-full":"https:\/\/www.bagesturisme.cat\/wp-content\/uploads\/2020\/02\/can-cabreta-cardona-017.jpg","portfolio-full-width":266,"portfolio-full-height":400,"portfolio-one":"https:\/\/www.bagesturisme.cat\/wp-content\/uploads\/2020\/02\/can-cabreta-cardona-017.jpg","portfolio-one-width":181,"portfolio-one-height":272,"portfolio-two":"https:\/\/www.bagesturisme.cat\/wp-content\/uploads\/2020\/02\/can-cabreta-cardona-017.jpg","portfolio-two-width":196,"portfolio-two-height":295,"portfolio-three":"https:\/\/www.bagesturisme.cat\/wp-content\/uploads\/2020\/02\/can-cabreta-cardona-017.jpg","portfolio-three-width":142,"portfolio-three-height":214,"portfolio-five":"https:\/\/www.bagesturisme.cat\/wp-content\/uploads\/2020\/02\/can-cabreta-cardona-017.jpg","portfolio-five-width":94,"portfolio-five-height":142}},{"ID":13030,"id":13030,"title":"can cabreta cardona piscina","filename":"can-cabreta-cardona-008.jpg","filesize":3834134,"url":"https:\/\/www.bagesturisme.cat\/wp-content\/uploads\/2020\/02\/can-cabreta-cardona-008.jpg","link":"https:\/\/www.bagesturisme.cat\/es\/can-cabreta-cardona-008\/","alt":"","author":"3","description":"","caption":"","name":"can-cabreta-cardona-008","status":"inherit","uploaded_to":0,"date":"2023-08-03 08:07:11","modified":"2024-01-05 08:59:14","menu_order":0,"mime_type":"image\/jpeg","type":"image","subtype":"jpeg","icon":"https:\/\/www.bagesturisme.cat\/wp-includes\/images\/media\/default.png","width":2200,"height":1466,"sizes":{"thumbnail":"https:\/\/www.bagesturisme.cat\/wp-content\/uploads\/2020\/02\/can-cabreta-cardona-008-150x150.jpg","thumbnail-width":150,"thumbnail-height":150,"medium":"https:\/\/www.bagesturisme.cat\/wp-content\/uploads\/2020\/02\/can-cabreta-cardona-008-600x400.jpg","medium-width":600,"medium-height":400,"medium_large":"https:\/\/www.bagesturisme.cat\/wp-content\/uploads\/2020\/02\/can-cabreta-cardona-008-768x512.jpg","medium_large-width":768,"medium_large-height":512,"large":"https:\/\/www.bagesturisme.cat\/wp-content\/uploads\/2020\/02\/can-cabreta-cardona-008-1280x853.jpg","large-width":1170,"large-height":780,"1536x1536":"https:\/\/www.bagesturisme.cat\/wp-content\/uploads\/2020\/02\/can-cabreta-cardona-008-1536x1024.jpg","1536x1536-width":1536,"1536x1536-height":1024,"2048x2048":"https:\/\/www.bagesturisme.cat\/wp-content\/uploads\/2020\/02\/can-cabreta-cardona-008-2048x1365.jpg","2048x2048-width":2048,"2048x2048-height":1365,"blog-large":"https:\/\/www.bagesturisme.cat\/wp-content\/uploads\/2020\/02\/can-cabreta-cardona-008.jpg","blog-large-width":408,"blog-large-height":272,"blog-medium":"https:\/\/www.bagesturisme.cat\/wp-content\/uploads\/2020\/02\/can-cabreta-cardona-008.jpg","blog-medium-width":303,"blog-medium-height":202,"recent-posts":"https:\/\/www.bagesturisme.cat\/wp-content\/uploads\/2020\/02\/can-cabreta-cardona-008.jpg","recent-posts-width":662,"recent-posts-height":441,"recent-works-thumbnail":"https:\/\/www.bagesturisme.cat\/wp-content\/uploads\/2020\/02\/can-cabreta-cardona-008.jpg","recent-works-thumbnail-width":66,"recent-works-thumbnail-height":44,"fusion-200":"https:\/\/www.bagesturisme.cat\/wp-content\/uploads\/2020\/02\/can-cabreta-cardona-008.jpg","fusion-200-width":200,"fusion-200-height":133,"fusion-400":"https:\/\/www.bagesturisme.cat\/wp-content\/uploads\/2020\/02\/can-cabreta-cardona-008.jpg","fusion-400-width":400,"fusion-400-height":267,"fusion-600":"https:\/\/www.bagesturisme.cat\/wp-content\/uploads\/2020\/02\/can-cabreta-cardona-008.jpg","fusion-600-width":600,"fusion-600-height":400,"fusion-800":"https:\/\/www.bagesturisme.cat\/wp-content\/uploads\/2020\/02\/can-cabreta-cardona-008.jpg","fusion-800-width":800,"fusion-800-height":533,"fusion-1200":"https:\/\/www.bagesturisme.cat\/wp-content\/uploads\/2020\/02\/can-cabreta-cardona-008.jpg","fusion-1200-width":1200,"fusion-1200-height":800,"portfolio-full":"https:\/\/www.bagesturisme.cat\/wp-content\/uploads\/2020\/02\/can-cabreta-cardona-008.jpg","portfolio-full-width":600,"portfolio-full-height":400,"portfolio-one":"https:\/\/www.bagesturisme.cat\/wp-content\/uploads\/2020\/02\/can-cabreta-cardona-008.jpg","portfolio-one-width":408,"portfolio-one-height":272,"portfolio-two":"https:\/\/www.bagesturisme.cat\/wp-content\/uploads\/2020\/02\/can-cabreta-cardona-008.jpg","portfolio-two-width":443,"portfolio-two-height":295,"portfolio-three":"https:\/\/www.bagesturisme.cat\/wp-content\/uploads\/2020\/02\/can-cabreta-cardona-008.jpg","portfolio-three-width":300,"portfolio-three-height":200,"portfolio-five":"https:\/\/www.bagesturisme.cat\/wp-content\/uploads\/2020\/02\/can-cabreta-cardona-008.jpg","portfolio-five-width":177,"portfolio-five-height":118}}],"ubicacio":false},"_links":{"self":[{"href":"https:\/\/www.bagesturisme.cat\/es\/wp-json\/wp\/v2\/allotjament\/7984","targetHints":{"allow":["GET"]}}],"collection":[{"href":"https:\/\/www.bagesturisme.cat\/es\/wp-json\/wp\/v2\/allotjament"}],"about":[{"href":"https:\/\/www.bagesturisme.cat\/es\/wp-json\/wp\/v2\/types\/allotjament"}],"author":[{"embeddable":true,"href":"https:\/\/www.bagesturisme.cat\/es\/wp-json\/wp\/v2\/users\/10"}],"version-history":[{"count":10,"href":"https:\/\/www.bagesturisme.cat\/es\/wp-json\/wp\/v2\/allotjament\/7984\/revisions"}],"predecessor-version":[{"id":13820,"href":"https:\/\/www.bagesturisme.cat\/es\/wp-json\/wp\/v2\/allotjament\/7984\/revisions\/13820"}],"wp:featuredmedia":[{"embeddable":true,"href":"https:\/\/www.bagesturisme.cat\/es\/wp-json\/wp\/v2\/media\/13808"}],"wp:attachment":[{"href":"https:\/\/www.bagesturisme.cat\/es\/wp-json\/wp\/v2\/media?parent=7984"}],"curies":[{"name":"wp","href":"https:\/\/api.w.org\/{rel}","templated":true}]}}