{"id":78,"date":"2016-12-15T13:09:59","date_gmt":"2016-12-15T12:09:59","guid":{"rendered":"https:\/\/bagesturisme.cat\/allotjament\/masia-el-prat\/"},"modified":"2021-02-24T09:32:52","modified_gmt":"2021-02-24T08:32:52","slug":"masia-el-prat","status":"publish","type":"allotjament","link":"https:\/\/www.bagesturisme.cat\/es\/allotjament\/masia-el-prat\/","title":{"rendered":"Masia El Prat"},"content":{"rendered":"Situada en un enotrn imponent, al Parc Natural de Sant Lloren\u00e7 del Munt, aquesta Masia del s.XVI es troba a l&#8217;encantador poblet de Rocafort a 15 min. de Manresa. El celler i la tina de la masia han estat rehabilitats pre oferir totes les comoditats al visitant. El jard\u00ed interior, la piscina climatitzada i les zones de descans conformen un conjunt ple de pau i tranquil.litat.<br \/>\n<span class=\"Normal\">Un dels cellers i la casa pairal s&#8217;han convertit en <strong>dues comfortables estances independents: EL CELLER i LES VOLTES.<\/strong><\/span><\/p>\n<p><strong>EL CELLER<\/strong> (m\u00e0xim 12 persones)<br \/>\nDe la rehabilitaci\u00f3 de <strong>\u00abel celler\u00bb i \u00abla tina\u00bb<\/strong> en resulten 3 plantes de 52m2 cadascuna. A la planta baixa, la sala d&#8217;estar-menjador incorpora una cuina totalment equipada (vitro, forn, microones, nevera, rentavaixelles, rentadora), TV-DVD, sof\u00e0 convertible en llit, bany complet i una ampl\u00edssima terrassa amb barbacoa.<br \/>\nA la primera planta disposem de 2 habitacions dobles amb comfortables llits, totes amb bany, calefacci\u00f3 i aire condicionat i la possibilitat de llit supletori.A la segona planta trobem 2 habitacions dobles amb bany, una de les quals t\u00e9 una petita cuina equipada, taula de menjador i terrassa privada amb barbacoa amb acc\u00e9s directe al pati central. (Aquesta segona planta es lloga per separat per a 2-4 persones i \u00e9s ideal per a una parella amb fills).<br \/>\n<strong><br \/>\nLES VOLTES<\/strong> (m\u00e0xim 30 persones)<br \/>\nOcupa la planta baixa i el primer i segon pis pis de la casa pairal i s&#8217;ha rehabilitat respectant al m\u00e0xim el seu estat original, en especial els sostres de volta catalana.A l&#8217;entrada trobem una gran sala d&#8217;estar-menjador (50m2) que ens d\u00f3na acc\u00e9s a una magn\u00edfica sala d&#8217;estar amb llar de foc , a una ampl\u00edsima\u00a0 habitaci\u00f3 de 25m2\u00a0 qu\u00e0druple tamb\u00e9 amb llar de foc que t\u00e9 anexe un bany complet adaptat per discapacitats, a una segona i \u00e0mplia habitaci\u00f3 qu\u00e0druple amb bany , a un petit passad\u00eds que d\u00f3na acc\u00e9s a un lavabo i a l&#8217;\u00e0mplia cuina totalment equipada (vitro, forn, microones, nevera, rentavaixelles, rentadora, assecadora, estris de cuina) i a la terrassa privada de 100m2 amb unes vistes incomparables\u00a0de la vall.<br \/>\nAl primer pis hi ha una habitaci\u00f3 doble amb bany, una magnifica habitaci\u00f3 triple amb dutxa d&#8217;hidromassatge , una habitaci\u00f3 qu\u00e1druple amb banyera d&#8217;hidromassatge i una ampl\u00edsima sala d&#8217;estar de 75m2.Al segon pis hi ha la \u00e0mplia sala de jocs amb ping-pong i futbolin i\u00a0una habitaci\u00f3 qu\u00e0druple amb bany i una habitaci\u00f3 triple amb bany.<\/p>\n<p>Per grups nombrosos , es pot llogar la <strong>MASIA COMPLETA<\/strong>. <strong>Resulta ideal per les celebracions amb fam\u00edlia o els amics: aniversaris, casaments, revetlles\u2026<\/strong><\/p>\n<p>Ara tamb\u00e9 podeu utilitzar la <strong>CASA DE PEDRA<\/strong> que es troba just a l&#8217;entrada del poble si encara sou m\u00e9s colla.<\/p>","protected":false},"author":22,"featured_media":8998,"template":"","class_list":["post-78","allotjament","type-allotjament","status-publish","has-post-thumbnail","hentry","municipi-pont-de-vilomara-i-rocafort","tipus-allotjament-turisme-rural"],"acf":{"ubicacio":{"address":"Cam\u00ed del Prat, 47, El Pont de Vilomara i Rocafort","lat":"41.7177142","lng":"1.9338675000000194"},"adreca":"Cam\u00ed del Prat, 47, El Pont de Vilomara i Rocafort","web":"http:\/\/www.masiaelprat.com","email":"infomasiaelprat@gmail.com","tel":"673 21 91 66 \u00b7 647 91 59 80","galeria":[{"ID":8996,"id":8996,"title":"Masia el Prat2","filename":"Masia-el-Prat2.jpg","filesize":699158,"url":"https:\/\/www.bagesturisme.cat\/wp-content\/uploads\/2016\/12\/Masia-el-Prat2.jpg","link":"https:\/\/www.bagesturisme.cat\/es\/allotjament\/masia-el-prat\/masia-el-prat2\/","alt":"","author":"3","description":"","caption":"","name":"masia-el-prat2","status":"inherit","uploaded_to":78,"date":"2021-02-24 08:32:21","modified":"2021-02-24 08:32:42","menu_order":0,"mime_type":"image\/jpeg","type":"image","subtype":"jpeg","icon":"https:\/\/www.bagesturisme.cat\/wp-includes\/images\/media\/default.png","width":2048,"height":1092,"sizes":{"thumbnail":"https:\/\/www.bagesturisme.cat\/wp-content\/uploads\/2016\/12\/Masia-el-Prat2-150x150.jpg","thumbnail-width":150,"thumbnail-height":150,"medium":"https:\/\/www.bagesturisme.cat\/wp-content\/uploads\/2016\/12\/Masia-el-Prat2-750x400.jpg","medium-width":750,"medium-height":400,"medium_large":"https:\/\/www.bagesturisme.cat\/wp-content\/uploads\/2016\/12\/Masia-el-Prat2-768x410.jpg","medium_large-width":768,"medium_large-height":410,"large":"https:\/\/www.bagesturisme.cat\/wp-content\/uploads\/2016\/12\/Masia-el-Prat2-1280x683.jpg","large-width":1170,"large-height":624,"1536x1536":"https:\/\/www.bagesturisme.cat\/wp-content\/uploads\/2016\/12\/Masia-el-Prat2-1536x819.jpg","1536x1536-width":1536,"1536x1536-height":819,"2048x2048":"https:\/\/www.bagesturisme.cat\/wp-content\/uploads\/2016\/12\/Masia-el-Prat2.jpg","2048x2048-width":2048,"2048x2048-height":1092,"blog-large":"https:\/\/www.bagesturisme.cat\/wp-content\/uploads\/2016\/12\/Masia-el-Prat2.jpg","blog-large-width":510,"blog-large-height":272,"blog-medium":"https:\/\/www.bagesturisme.cat\/wp-content\/uploads\/2016\/12\/Masia-el-Prat2.jpg","blog-medium-width":320,"blog-medium-height":171,"recent-posts":"https:\/\/www.bagesturisme.cat\/wp-content\/uploads\/2016\/12\/Masia-el-Prat2.jpg","recent-posts-width":700,"recent-posts-height":373,"recent-works-thumbnail":"https:\/\/www.bagesturisme.cat\/wp-content\/uploads\/2016\/12\/Masia-el-Prat2.jpg","recent-works-thumbnail-width":66,"recent-works-thumbnail-height":35,"fusion-200":"https:\/\/www.bagesturisme.cat\/wp-content\/uploads\/2016\/12\/Masia-el-Prat2.jpg","fusion-200-width":200,"fusion-200-height":107,"fusion-400":"https:\/\/www.bagesturisme.cat\/wp-content\/uploads\/2016\/12\/Masia-el-Prat2.jpg","fusion-400-width":400,"fusion-400-height":213,"fusion-600":"https:\/\/www.bagesturisme.cat\/wp-content\/uploads\/2016\/12\/Masia-el-Prat2.jpg","fusion-600-width":600,"fusion-600-height":320,"fusion-800":"https:\/\/www.bagesturisme.cat\/wp-content\/uploads\/2016\/12\/Masia-el-Prat2.jpg","fusion-800-width":800,"fusion-800-height":427,"fusion-1200":"https:\/\/www.bagesturisme.cat\/wp-content\/uploads\/2016\/12\/Masia-el-Prat2.jpg","fusion-1200-width":1200,"fusion-1200-height":640,"portfolio-full":"https:\/\/www.bagesturisme.cat\/wp-content\/uploads\/2016\/12\/Masia-el-Prat2.jpg","portfolio-full-width":750,"portfolio-full-height":400,"portfolio-one":"https:\/\/www.bagesturisme.cat\/wp-content\/uploads\/2016\/12\/Masia-el-Prat2.jpg","portfolio-one-width":510,"portfolio-one-height":272,"portfolio-two":"https:\/\/www.bagesturisme.cat\/wp-content\/uploads\/2016\/12\/Masia-el-Prat2.jpg","portfolio-two-width":460,"portfolio-two-height":245,"portfolio-three":"https:\/\/www.bagesturisme.cat\/wp-content\/uploads\/2016\/12\/Masia-el-Prat2.jpg","portfolio-three-width":300,"portfolio-three-height":160,"portfolio-five":"https:\/\/www.bagesturisme.cat\/wp-content\/uploads\/2016\/12\/Masia-el-Prat2.jpg","portfolio-five-width":177,"portfolio-five-height":94}},{"ID":8997,"id":8997,"title":"Masia el Prat3","filename":"Masia-el-Prat3.jpg","filesize":676947,"url":"https:\/\/www.bagesturisme.cat\/wp-content\/uploads\/2016\/12\/Masia-el-Prat3.jpg","link":"https:\/\/www.bagesturisme.cat\/es\/allotjament\/masia-el-prat\/masia-el-prat3\/","alt":"","author":"3","description":"","caption":"","name":"masia-el-prat3","status":"inherit","uploaded_to":78,"date":"2021-02-24 08:32:22","modified":"2021-02-24 08:32:22","menu_order":0,"mime_type":"image\/jpeg","type":"image","subtype":"jpeg","icon":"https:\/\/www.bagesturisme.cat\/wp-includes\/images\/media\/default.png","width":2048,"height":1092,"sizes":{"thumbnail":"https:\/\/www.bagesturisme.cat\/wp-content\/uploads\/2016\/12\/Masia-el-Prat3-150x150.jpg","thumbnail-width":150,"thumbnail-height":150,"medium":"https:\/\/www.bagesturisme.cat\/wp-content\/uploads\/2016\/12\/Masia-el-Prat3-750x400.jpg","medium-width":750,"medium-height":400,"medium_large":"https:\/\/www.bagesturisme.cat\/wp-content\/uploads\/2016\/12\/Masia-el-Prat3-768x410.jpg","medium_large-width":768,"medium_large-height":410,"large":"https:\/\/www.bagesturisme.cat\/wp-content\/uploads\/2016\/12\/Masia-el-Prat3-1280x683.jpg","large-width":1170,"large-height":624,"1536x1536":"https:\/\/www.bagesturisme.cat\/wp-content\/uploads\/2016\/12\/Masia-el-Prat3-1536x819.jpg","1536x1536-width":1536,"1536x1536-height":819,"2048x2048":"https:\/\/www.bagesturisme.cat\/wp-content\/uploads\/2016\/12\/Masia-el-Prat3.jpg","2048x2048-width":2048,"2048x2048-height":1092,"blog-large":"https:\/\/www.bagesturisme.cat\/wp-content\/uploads\/2016\/12\/Masia-el-Prat3.jpg","blog-large-width":510,"blog-large-height":272,"blog-medium":"https:\/\/www.bagesturisme.cat\/wp-content\/uploads\/2016\/12\/Masia-el-Prat3.jpg","blog-medium-width":320,"blog-medium-height":171,"recent-posts":"https:\/\/www.bagesturisme.cat\/wp-content\/uploads\/2016\/12\/Masia-el-Prat3.jpg","recent-posts-width":700,"recent-posts-height":373,"recent-works-thumbnail":"https:\/\/www.bagesturisme.cat\/wp-content\/uploads\/2016\/12\/Masia-el-Prat3.jpg","recent-works-thumbnail-width":66,"recent-works-thumbnail-height":35,"fusion-200":"https:\/\/www.bagesturisme.cat\/wp-content\/uploads\/2016\/12\/Masia-el-Prat3.jpg","fusion-200-width":200,"fusion-200-height":107,"fusion-400":"https:\/\/www.bagesturisme.cat\/wp-content\/uploads\/2016\/12\/Masia-el-Prat3.jpg","fusion-400-width":400,"fusion-400-height":213,"fusion-600":"https:\/\/www.bagesturisme.cat\/wp-content\/uploads\/2016\/12\/Masia-el-Prat3.jpg","fusion-600-width":600,"fusion-600-height":320,"fusion-800":"https:\/\/www.bagesturisme.cat\/wp-content\/uploads\/2016\/12\/Masia-el-Prat3.jpg","fusion-800-width":800,"fusion-800-height":427,"fusion-1200":"https:\/\/www.bagesturisme.cat\/wp-content\/uploads\/2016\/12\/Masia-el-Prat3.jpg","fusion-1200-width":1200,"fusion-1200-height":640,"portfolio-full":"https:\/\/www.bagesturisme.cat\/wp-content\/uploads\/2016\/12\/Masia-el-Prat3.jpg","portfolio-full-width":750,"portfolio-full-height":400,"portfolio-one":"https:\/\/www.bagesturisme.cat\/wp-content\/uploads\/2016\/12\/Masia-el-Prat3.jpg","portfolio-one-width":510,"portfolio-one-height":272,"portfolio-two":"https:\/\/www.bagesturisme.cat\/wp-content\/uploads\/2016\/12\/Masia-el-Prat3.jpg","portfolio-two-width":460,"portfolio-two-height":245,"portfolio-three":"https:\/\/www.bagesturisme.cat\/wp-content\/uploads\/2016\/12\/Masia-el-Prat3.jpg","portfolio-three-width":300,"portfolio-three-height":160,"portfolio-five":"https:\/\/www.bagesturisme.cat\/wp-content\/uploads\/2016\/12\/Masia-el-Prat3.jpg","portfolio-five-width":177,"portfolio-five-height":94}},{"ID":8998,"id":8998,"title":"Masia el Prat","filename":"Masia-el-Prat.jpg","filesize":1190356,"url":"https:\/\/www.bagesturisme.cat\/wp-content\/uploads\/2016\/12\/Masia-el-Prat.jpg","link":"https:\/\/www.bagesturisme.cat\/es\/allotjament\/masia-el-prat\/masia-el-prat-2\/","alt":"","author":"3","description":"","caption":"","name":"masia-el-prat-2","status":"inherit","uploaded_to":78,"date":"2021-02-24 08:32:39","modified":"2021-02-24 08:32:39","menu_order":0,"mime_type":"image\/jpeg","type":"image","subtype":"jpeg","icon":"https:\/\/www.bagesturisme.cat\/wp-includes\/images\/media\/default.png","width":2500,"height":1333,"sizes":{"thumbnail":"https:\/\/www.bagesturisme.cat\/wp-content\/uploads\/2016\/12\/Masia-el-Prat-150x150.jpg","thumbnail-width":150,"thumbnail-height":150,"medium":"https:\/\/www.bagesturisme.cat\/wp-content\/uploads\/2016\/12\/Masia-el-Prat-750x400.jpg","medium-width":750,"medium-height":400,"medium_large":"https:\/\/www.bagesturisme.cat\/wp-content\/uploads\/2016\/12\/Masia-el-Prat-768x409.jpg","medium_large-width":768,"medium_large-height":409,"large":"https:\/\/www.bagesturisme.cat\/wp-content\/uploads\/2016\/12\/Masia-el-Prat-1280x682.jpg","large-width":1170,"large-height":623,"1536x1536":"https:\/\/www.bagesturisme.cat\/wp-content\/uploads\/2016\/12\/Masia-el-Prat-1536x819.jpg","1536x1536-width":1536,"1536x1536-height":819,"2048x2048":"https:\/\/www.bagesturisme.cat\/wp-content\/uploads\/2016\/12\/Masia-el-Prat-2048x1092.jpg","2048x2048-width":2048,"2048x2048-height":1092,"blog-large":"https:\/\/www.bagesturisme.cat\/wp-content\/uploads\/2016\/12\/Masia-el-Prat.jpg","blog-large-width":510,"blog-large-height":272,"blog-medium":"https:\/\/www.bagesturisme.cat\/wp-content\/uploads\/2016\/12\/Masia-el-Prat.jpg","blog-medium-width":320,"blog-medium-height":171,"recent-posts":"https:\/\/www.bagesturisme.cat\/wp-content\/uploads\/2016\/12\/Masia-el-Prat.jpg","recent-posts-width":700,"recent-posts-height":373,"recent-works-thumbnail":"https:\/\/www.bagesturisme.cat\/wp-content\/uploads\/2016\/12\/Masia-el-Prat.jpg","recent-works-thumbnail-width":66,"recent-works-thumbnail-height":35,"fusion-200":"https:\/\/www.bagesturisme.cat\/wp-content\/uploads\/2016\/12\/Masia-el-Prat.jpg","fusion-200-width":200,"fusion-200-height":107,"fusion-400":"https:\/\/www.bagesturisme.cat\/wp-content\/uploads\/2016\/12\/Masia-el-Prat.jpg","fusion-400-width":400,"fusion-400-height":213,"fusion-600":"https:\/\/www.bagesturisme.cat\/wp-content\/uploads\/2016\/12\/Masia-el-Prat.jpg","fusion-600-width":600,"fusion-600-height":320,"fusion-800":"https:\/\/www.bagesturisme.cat\/wp-content\/uploads\/2016\/12\/Masia-el-Prat.jpg","fusion-800-width":800,"fusion-800-height":427,"fusion-1200":"https:\/\/www.bagesturisme.cat\/wp-content\/uploads\/2016\/12\/Masia-el-Prat.jpg","fusion-1200-width":1200,"fusion-1200-height":640,"portfolio-full":"https:\/\/www.bagesturisme.cat\/wp-content\/uploads\/2016\/12\/Masia-el-Prat.jpg","portfolio-full-width":750,"portfolio-full-height":400,"portfolio-one":"https:\/\/www.bagesturisme.cat\/wp-content\/uploads\/2016\/12\/Masia-el-Prat.jpg","portfolio-one-width":510,"portfolio-one-height":272,"portfolio-two":"https:\/\/www.bagesturisme.cat\/wp-content\/uploads\/2016\/12\/Masia-el-Prat.jpg","portfolio-two-width":460,"portfolio-two-height":245,"portfolio-three":"https:\/\/www.bagesturisme.cat\/wp-content\/uploads\/2016\/12\/Masia-el-Prat.jpg","portfolio-three-width":300,"portfolio-three-height":160,"portfolio-five":"https:\/\/www.bagesturisme.cat\/wp-content\/uploads\/2016\/12\/Masia-el-Prat.jpg","portfolio-five-width":177,"portfolio-five-height":94}}]},"_links":{"self":[{"href":"https:\/\/www.bagesturisme.cat\/es\/wp-json\/wp\/v2\/allotjament\/78","targetHints":{"allow":["GET"]}}],"collection":[{"href":"https:\/\/www.bagesturisme.cat\/es\/wp-json\/wp\/v2\/allotjament"}],"about":[{"href":"https:\/\/www.bagesturisme.cat\/es\/wp-json\/wp\/v2\/types\/allotjament"}],"author":[{"embeddable":true,"href":"https:\/\/www.bagesturisme.cat\/es\/wp-json\/wp\/v2\/users\/22"}],"version-history":[{"count":7,"href":"https:\/\/www.bagesturisme.cat\/es\/wp-json\/wp\/v2\/allotjament\/78\/revisions"}],"predecessor-version":[{"id":9000,"href":"https:\/\/www.bagesturisme.cat\/es\/wp-json\/wp\/v2\/allotjament\/78\/revisions\/9000"}],"wp:featuredmedia":[{"embeddable":true,"href":"https:\/\/www.bagesturisme.cat\/es\/wp-json\/wp\/v2\/media\/8998"}],"wp:attachment":[{"href":"https:\/\/www.bagesturisme.cat\/es\/wp-json\/wp\/v2\/media?parent=78"}],"curies":[{"name":"wp","href":"https:\/\/api.w.org\/{rel}","templated":true}]}}