{"id":5620,"date":"2018-07-11T12:58:59","date_gmt":"2018-07-11T11:58:59","guid":{"rendered":"https:\/\/bagesturisme.cat\/?post_type=allotjament&#038;p=5620"},"modified":"2021-02-24T08:45:31","modified_gmt":"2021-02-24T07:45:31","slug":"cal-fuse-allotjament-rural","status":"publish","type":"allotjament","link":"https:\/\/www.bagesturisme.cat\/es\/allotjament\/cal-fuse-allotjament-rural\/","title":{"rendered":"Cal Fuse &#8211; Habitatge d&#8217;\u00fas tur\u00edstic"},"content":{"rendered":"Cal Fuse \u00e9s una antiga masia que data els seus or\u00edgens des del 1850.<br \/>\nSituada a 2 km de Fonollosa, al pla de Bages.<br \/>\nLa casa es lloga sencera, disposa de 7 hect\u00e0rees de bosc per passejar per la mateixa finca. Encara conserva espais i eines tradicionals de les masies t\u00edpiques catalanes com les tines, la premsa de vi, les piques d&#8217;oli, etc.<br \/>\nDisposa d&#8217;un espai adaptat per a animals de companyia.<br \/>\nL&#8217;entorn permet fer rutes de senderisme, a cavall, bicicleta de muntanya &#8211; BTT, activitats de multiaventura, circuit de motocros a 3 km.<br \/>\nPermet gaudir d&#8217;impressionants vistes a Montserrat, Cogull\u00f3 de can Torra, Serra de Castelltallat ( la casa \u00e9s a 2 km de l&#8217;Observatori Astron\u00f2mic de Castelltallat ).<\/p>\n<p>Capacitat per a 9-12 persones i disposa dels seg\u00fcents espais:<br \/>\n&#8211; 6 habitacions<br \/>\n&#8211; 3 banys<br \/>\n&#8211; 3 cuines ( vitrocer\u00e0mica, econ\u00f2mica i gas )<br \/>\n&#8211; calefacci\u00f3 i aire condicionat<br \/>\n&#8211; sala d&#8217;estar amb llar de foc<br \/>\n&#8211; barbacoa interior amb forn de llenya<br \/>\n&#8211; rentadora i assecadora<br \/>\n&#8211; bressols i trones<br \/>\n&#8211; jocs de taula<br \/>\n&#8211; espai infantil amb cabanya i sorral<br \/>\n&#8211; terrasses i porxos amplis<br \/>\n&#8211; Wifi gratu\u00eft<br \/>\n&#8211; piscina exterior<br \/>\n&#8211; aparcament dins del recinte<\/p>\n<p>N\u00fam. de registre: HUTCC-030407<\/p>\nCal Fuse \u00e9s una antiga masia que data els seus or\u00edgens des del 1850.<br \/>\nSituada a 2 km de Fonollosa, al pla de Bages.<br \/>\nLa casa es lloga sencera, disposa de 7 hect\u00e0rees de bosc per passejar per la mateixa finca. Encara conserva espais i eines tradicionals de les masies t\u00edpiques catalanes com les tines, la premsa de vi, les piques d&#8217;oli, etc.<br \/>\nDisposa d&#8217;un espai adaptat per a animals de companyia.<br \/>\nL&#8217;entorn permet fer rutes de senderisme, a cavall, bicicleta de muntanya &#8211; BTT, activitats de multiaventura, circuit de motocros a 3 km.<br \/>\nPermet gaudir d&#8217;impressionants vistes a Montserrat, Cogull\u00f3 de can Torra, Serra de Castelltallat ( la casa \u00e9s a 2 km de l&#8217;Observatori Astron\u00f2mic de Castelltallat ).<\/p>\n<p>Capacitat per a 9-12 persones i disposa dels seg\u00fcents espais:<br \/>\n&#8211; 6 habitacions<br \/>\n&#8211; 3 banys<br \/>\n&#8211; 3 cuines ( vitrocer\u00e0mica, econ\u00f2mica i gas )<br \/>\n&#8211; calefacci\u00f3 i aire condicionat<br \/>\n&#8211; sala d&#8217;estar amb llar de foc<br \/>\n&#8211; barbacoa interior amb forn de llenya<br \/>\n&#8211; rentadora i assecadora<br \/>\n&#8211; bressols i trones<br \/>\n&#8211; jocs de taula<br \/>\n&#8211; espai infantil amb cabanya i sorral<br \/>\n&#8211; terrasses i porxos amplis<br \/>\n&#8211; Wifi gratu\u00eft<br \/>\n&#8211; piscina exterior<br \/>\n&#8211; aparcament dins del recinte<\/p>\n<p>N\u00fam. de registre: HUTCC-030407<\/p>","protected":false},"author":15,"featured_media":8669,"template":"","class_list":["post-5620","allotjament","type-allotjament","status-publish","has-post-thumbnail","hentry","municipi-fonollosa","indicadors-pit","indicadors-familiar","tipus-allotjament-turisme-rural"],"acf":{"adreca":"Cal Fuse s\/n  08259 - Fonollosa","web":"https:\/\/www.calfuserural.com","email":"infocalfuse@gmail.com","tel":"699780877","galeria":[{"ID":5624,"id":5624,"title":"Barbacoa interior cal Fuse","filename":"Barbacoainterior.jpg","filesize":0,"url":"https:\/\/www.bagesturisme.cat\/wp-content\/uploads\/2018\/07\/Barbacoainterior.jpg","link":"https:\/\/www.bagesturisme.cat\/es\/allotjament\/cal-fuse-allotjament-rural\/barbacoainterior\/","alt":"","author":"15","description":"","caption":"","name":"barbacoainterior","status":"inherit","uploaded_to":5620,"date":"2018-07-11 11:48:12","modified":"2019-05-21 10:45:58","menu_order":0,"mime_type":"image\/jpeg","type":"image","subtype":"jpeg","icon":"https:\/\/www.bagesturisme.cat\/wp-includes\/images\/media\/default.png","width":5590,"height":3727,"sizes":{"thumbnail":"https:\/\/www.bagesturisme.cat\/wp-content\/uploads\/2018\/07\/Barbacoainterior-150x150.jpg","thumbnail-width":150,"thumbnail-height":150,"medium":"https:\/\/www.bagesturisme.cat\/wp-content\/uploads\/2018\/07\/Barbacoainterior-600x400.jpg","medium-width":600,"medium-height":400,"medium_large":"https:\/\/www.bagesturisme.cat\/wp-content\/uploads\/2018\/07\/Barbacoainterior-768x512.jpg","medium_large-width":768,"medium_large-height":512,"large":"https:\/\/www.bagesturisme.cat\/wp-content\/uploads\/2018\/07\/Barbacoainterior-1280x853.jpg","large-width":1170,"large-height":780,"1536x1536":"https:\/\/www.bagesturisme.cat\/wp-content\/uploads\/2018\/07\/Barbacoainterior.jpg","1536x1536-width":1536,"1536x1536-height":1024,"2048x2048":"https:\/\/www.bagesturisme.cat\/wp-content\/uploads\/2018\/07\/Barbacoainterior.jpg","2048x2048-width":2048,"2048x2048-height":1365,"blog-large":"https:\/\/www.bagesturisme.cat\/wp-content\/uploads\/2018\/07\/Barbacoainterior.jpg","blog-large-width":408,"blog-large-height":272,"blog-medium":"https:\/\/www.bagesturisme.cat\/wp-content\/uploads\/2018\/07\/Barbacoainterior.jpg","blog-medium-width":303,"blog-medium-height":202,"recent-posts":"https:\/\/www.bagesturisme.cat\/wp-content\/uploads\/2018\/07\/Barbacoainterior.jpg","recent-posts-width":661,"recent-posts-height":441,"recent-works-thumbnail":"https:\/\/www.bagesturisme.cat\/wp-content\/uploads\/2018\/07\/Barbacoainterior.jpg","recent-works-thumbnail-width":66,"recent-works-thumbnail-height":44,"fusion-200":"https:\/\/www.bagesturisme.cat\/wp-content\/uploads\/2018\/07\/Barbacoainterior.jpg","fusion-200-width":200,"fusion-200-height":133,"fusion-400":"https:\/\/www.bagesturisme.cat\/wp-content\/uploads\/2018\/07\/Barbacoainterior.jpg","fusion-400-width":400,"fusion-400-height":267,"fusion-600":"https:\/\/www.bagesturisme.cat\/wp-content\/uploads\/2018\/07\/Barbacoainterior.jpg","fusion-600-width":600,"fusion-600-height":400,"fusion-800":"https:\/\/www.bagesturisme.cat\/wp-content\/uploads\/2018\/07\/Barbacoainterior.jpg","fusion-800-width":800,"fusion-800-height":533,"fusion-1200":"https:\/\/www.bagesturisme.cat\/wp-content\/uploads\/2018\/07\/Barbacoainterior.jpg","fusion-1200-width":1200,"fusion-1200-height":800,"portfolio-full":"https:\/\/www.bagesturisme.cat\/wp-content\/uploads\/2018\/07\/Barbacoainterior.jpg","portfolio-full-width":600,"portfolio-full-height":400,"portfolio-one":"https:\/\/www.bagesturisme.cat\/wp-content\/uploads\/2018\/07\/Barbacoainterior.jpg","portfolio-one-width":408,"portfolio-one-height":272,"portfolio-two":"https:\/\/www.bagesturisme.cat\/wp-content\/uploads\/2018\/07\/Barbacoainterior.jpg","portfolio-two-width":442,"portfolio-two-height":295,"portfolio-three":"https:\/\/www.bagesturisme.cat\/wp-content\/uploads\/2018\/07\/Barbacoainterior.jpg","portfolio-three-width":300,"portfolio-three-height":200,"portfolio-five":"https:\/\/www.bagesturisme.cat\/wp-content\/uploads\/2018\/07\/Barbacoainterior.jpg","portfolio-five-width":177,"portfolio-five-height":118}},{"ID":5625,"id":5625,"title":"Cuina cal Fuse","filename":"cuina.jpg","filesize":0,"url":"https:\/\/www.bagesturisme.cat\/wp-content\/uploads\/2018\/07\/cuina.jpg","link":"https:\/\/www.bagesturisme.cat\/es\/allotjament\/cal-fuse-allotjament-rural\/cuina-3\/","alt":"","author":"15","description":"","caption":"","name":"cuina-3","status":"inherit","uploaded_to":5620,"date":"2018-07-11 11:48:53","modified":"2019-05-21 10:46:10","menu_order":0,"mime_type":"image\/jpeg","type":"image","subtype":"jpeg","icon":"https:\/\/www.bagesturisme.cat\/wp-includes\/images\/media\/default.png","width":6000,"height":4000,"sizes":{"thumbnail":"https:\/\/www.bagesturisme.cat\/wp-content\/uploads\/2018\/07\/cuina-150x150.jpg","thumbnail-width":150,"thumbnail-height":150,"medium":"https:\/\/www.bagesturisme.cat\/wp-content\/uploads\/2018\/07\/cuina-600x400.jpg","medium-width":600,"medium-height":400,"medium_large":"https:\/\/www.bagesturisme.cat\/wp-content\/uploads\/2018\/07\/cuina-768x512.jpg","medium_large-width":768,"medium_large-height":512,"large":"https:\/\/www.bagesturisme.cat\/wp-content\/uploads\/2018\/07\/cuina-1280x853.jpg","large-width":1170,"large-height":780,"1536x1536":"https:\/\/www.bagesturisme.cat\/wp-content\/uploads\/2018\/07\/cuina.jpg","1536x1536-width":1536,"1536x1536-height":1024,"2048x2048":"https:\/\/www.bagesturisme.cat\/wp-content\/uploads\/2018\/07\/cuina.jpg","2048x2048-width":2048,"2048x2048-height":1365,"blog-large":"https:\/\/www.bagesturisme.cat\/wp-content\/uploads\/2018\/07\/cuina.jpg","blog-large-width":408,"blog-large-height":272,"blog-medium":"https:\/\/www.bagesturisme.cat\/wp-content\/uploads\/2018\/07\/cuina.jpg","blog-medium-width":303,"blog-medium-height":202,"recent-posts":"https:\/\/www.bagesturisme.cat\/wp-content\/uploads\/2018\/07\/cuina.jpg","recent-posts-width":662,"recent-posts-height":441,"recent-works-thumbnail":"https:\/\/www.bagesturisme.cat\/wp-content\/uploads\/2018\/07\/cuina.jpg","recent-works-thumbnail-width":66,"recent-works-thumbnail-height":44,"fusion-200":"https:\/\/www.bagesturisme.cat\/wp-content\/uploads\/2018\/07\/cuina.jpg","fusion-200-width":200,"fusion-200-height":133,"fusion-400":"https:\/\/www.bagesturisme.cat\/wp-content\/uploads\/2018\/07\/cuina.jpg","fusion-400-width":400,"fusion-400-height":267,"fusion-600":"https:\/\/www.bagesturisme.cat\/wp-content\/uploads\/2018\/07\/cuina.jpg","fusion-600-width":600,"fusion-600-height":400,"fusion-800":"https:\/\/www.bagesturisme.cat\/wp-content\/uploads\/2018\/07\/cuina.jpg","fusion-800-width":800,"fusion-800-height":533,"fusion-1200":"https:\/\/www.bagesturisme.cat\/wp-content\/uploads\/2018\/07\/cuina.jpg","fusion-1200-width":1200,"fusion-1200-height":800,"portfolio-full":"https:\/\/www.bagesturisme.cat\/wp-content\/uploads\/2018\/07\/cuina.jpg","portfolio-full-width":600,"portfolio-full-height":400,"portfolio-one":"https:\/\/www.bagesturisme.cat\/wp-content\/uploads\/2018\/07\/cuina.jpg","portfolio-one-width":408,"portfolio-one-height":272,"portfolio-two":"https:\/\/www.bagesturisme.cat\/wp-content\/uploads\/2018\/07\/cuina.jpg","portfolio-two-width":443,"portfolio-two-height":295,"portfolio-three":"https:\/\/www.bagesturisme.cat\/wp-content\/uploads\/2018\/07\/cuina.jpg","portfolio-three-width":300,"portfolio-three-height":200,"portfolio-five":"https:\/\/www.bagesturisme.cat\/wp-content\/uploads\/2018\/07\/cuina.jpg","portfolio-five-width":177,"portfolio-five-height":118}},{"ID":5626,"id":5626,"title":"Exteriors cal Fuse","filename":"exteriors3.jpg","filesize":0,"url":"https:\/\/www.bagesturisme.cat\/wp-content\/uploads\/2018\/07\/exteriors3.jpg","link":"https:\/\/www.bagesturisme.cat\/es\/allotjament\/cal-fuse-allotjament-rural\/exteriors3\/","alt":"","author":"15","description":"","caption":"","name":"exteriors3","status":"inherit","uploaded_to":5620,"date":"2018-07-11 11:49:41","modified":"2019-05-21 10:46:15","menu_order":0,"mime_type":"image\/jpeg","type":"image","subtype":"jpeg","icon":"https:\/\/www.bagesturisme.cat\/wp-includes\/images\/media\/default.png","width":6000,"height":3376,"sizes":{"thumbnail":"https:\/\/www.bagesturisme.cat\/wp-content\/uploads\/2018\/07\/exteriors3-150x150.jpg","thumbnail-width":150,"thumbnail-height":150,"medium":"https:\/\/www.bagesturisme.cat\/wp-content\/uploads\/2018\/07\/exteriors3-711x400.jpg","medium-width":711,"medium-height":400,"medium_large":"https:\/\/www.bagesturisme.cat\/wp-content\/uploads\/2018\/07\/exteriors3-768x432.jpg","medium_large-width":768,"medium_large-height":432,"large":"https:\/\/www.bagesturisme.cat\/wp-content\/uploads\/2018\/07\/exteriors3-1280x720.jpg","large-width":1170,"large-height":658,"1536x1536":"https:\/\/www.bagesturisme.cat\/wp-content\/uploads\/2018\/07\/exteriors3.jpg","1536x1536-width":1536,"1536x1536-height":864,"2048x2048":"https:\/\/www.bagesturisme.cat\/wp-content\/uploads\/2018\/07\/exteriors3.jpg","2048x2048-width":2048,"2048x2048-height":1152,"blog-large":"https:\/\/www.bagesturisme.cat\/wp-content\/uploads\/2018\/07\/exteriors3.jpg","blog-large-width":483,"blog-large-height":272,"blog-medium":"https:\/\/www.bagesturisme.cat\/wp-content\/uploads\/2018\/07\/exteriors3.jpg","blog-medium-width":320,"blog-medium-height":180,"recent-posts":"https:\/\/www.bagesturisme.cat\/wp-content\/uploads\/2018\/07\/exteriors3.jpg","recent-posts-width":700,"recent-posts-height":394,"recent-works-thumbnail":"https:\/\/www.bagesturisme.cat\/wp-content\/uploads\/2018\/07\/exteriors3.jpg","recent-works-thumbnail-width":66,"recent-works-thumbnail-height":37,"fusion-200":"https:\/\/www.bagesturisme.cat\/wp-content\/uploads\/2018\/07\/exteriors3.jpg","fusion-200-width":200,"fusion-200-height":113,"fusion-400":"https:\/\/www.bagesturisme.cat\/wp-content\/uploads\/2018\/07\/exteriors3.jpg","fusion-400-width":400,"fusion-400-height":225,"fusion-600":"https:\/\/www.bagesturisme.cat\/wp-content\/uploads\/2018\/07\/exteriors3.jpg","fusion-600-width":600,"fusion-600-height":338,"fusion-800":"https:\/\/www.bagesturisme.cat\/wp-content\/uploads\/2018\/07\/exteriors3.jpg","fusion-800-width":800,"fusion-800-height":450,"fusion-1200":"https:\/\/www.bagesturisme.cat\/wp-content\/uploads\/2018\/07\/exteriors3.jpg","fusion-1200-width":1200,"fusion-1200-height":675,"portfolio-full":"https:\/\/www.bagesturisme.cat\/wp-content\/uploads\/2018\/07\/exteriors3.jpg","portfolio-full-width":711,"portfolio-full-height":400,"portfolio-one":"https:\/\/www.bagesturisme.cat\/wp-content\/uploads\/2018\/07\/exteriors3.jpg","portfolio-one-width":483,"portfolio-one-height":272,"portfolio-two":"https:\/\/www.bagesturisme.cat\/wp-content\/uploads\/2018\/07\/exteriors3.jpg","portfolio-two-width":460,"portfolio-two-height":259,"portfolio-three":"https:\/\/www.bagesturisme.cat\/wp-content\/uploads\/2018\/07\/exteriors3.jpg","portfolio-three-width":300,"portfolio-three-height":169,"portfolio-five":"https:\/\/www.bagesturisme.cat\/wp-content\/uploads\/2018\/07\/exteriors3.jpg","portfolio-five-width":177,"portfolio-five-height":100}},{"ID":5627,"id":5627,"title":"Exteriors 2 cal Fuse","filename":"exteriors5.jpg","filesize":0,"url":"https:\/\/www.bagesturisme.cat\/wp-content\/uploads\/2018\/07\/exteriors5.jpg","link":"https:\/\/www.bagesturisme.cat\/es\/allotjament\/cal-fuse-allotjament-rural\/exteriors5\/","alt":"","author":"15","description":"","caption":"","name":"exteriors5","status":"inherit","uploaded_to":5620,"date":"2018-07-11 11:50:13","modified":"2019-05-21 10:46:20","menu_order":0,"mime_type":"image\/jpeg","type":"image","subtype":"jpeg","icon":"https:\/\/www.bagesturisme.cat\/wp-includes\/images\/media\/default.png","width":3264,"height":2448,"sizes":{"thumbnail":"https:\/\/www.bagesturisme.cat\/wp-content\/uploads\/2018\/07\/exteriors5-150x150.jpg","thumbnail-width":150,"thumbnail-height":150,"medium":"https:\/\/www.bagesturisme.cat\/wp-content\/uploads\/2018\/07\/exteriors5-533x400.jpg","medium-width":533,"medium-height":400,"medium_large":"https:\/\/www.bagesturisme.cat\/wp-content\/uploads\/2018\/07\/exteriors5-768x576.jpg","medium_large-width":768,"medium_large-height":576,"large":"https:\/\/www.bagesturisme.cat\/wp-content\/uploads\/2018\/07\/exteriors5-1280x960.jpg","large-width":1170,"large-height":878,"1536x1536":"https:\/\/www.bagesturisme.cat\/wp-content\/uploads\/2018\/07\/exteriors5.jpg","1536x1536-width":1536,"1536x1536-height":1152,"2048x2048":"https:\/\/www.bagesturisme.cat\/wp-content\/uploads\/2018\/07\/exteriors5.jpg","2048x2048-width":2048,"2048x2048-height":1536,"blog-large":"https:\/\/www.bagesturisme.cat\/wp-content\/uploads\/2018\/07\/exteriors5.jpg","blog-large-width":363,"blog-large-height":272,"blog-medium":"https:\/\/www.bagesturisme.cat\/wp-content\/uploads\/2018\/07\/exteriors5.jpg","blog-medium-width":269,"blog-medium-height":202,"recent-posts":"https:\/\/www.bagesturisme.cat\/wp-content\/uploads\/2018\/07\/exteriors5.jpg","recent-posts-width":588,"recent-posts-height":441,"recent-works-thumbnail":"https:\/\/www.bagesturisme.cat\/wp-content\/uploads\/2018\/07\/exteriors5.jpg","recent-works-thumbnail-width":66,"recent-works-thumbnail-height":50,"fusion-200":"https:\/\/www.bagesturisme.cat\/wp-content\/uploads\/2018\/07\/exteriors5.jpg","fusion-200-width":200,"fusion-200-height":150,"fusion-400":"https:\/\/www.bagesturisme.cat\/wp-content\/uploads\/2018\/07\/exteriors5.jpg","fusion-400-width":400,"fusion-400-height":300,"fusion-600":"https:\/\/www.bagesturisme.cat\/wp-content\/uploads\/2018\/07\/exteriors5.jpg","fusion-600-width":600,"fusion-600-height":450,"fusion-800":"https:\/\/www.bagesturisme.cat\/wp-content\/uploads\/2018\/07\/exteriors5.jpg","fusion-800-width":800,"fusion-800-height":600,"fusion-1200":"https:\/\/www.bagesturisme.cat\/wp-content\/uploads\/2018\/07\/exteriors5.jpg","fusion-1200-width":1200,"fusion-1200-height":900,"portfolio-full":"https:\/\/www.bagesturisme.cat\/wp-content\/uploads\/2018\/07\/exteriors5.jpg","portfolio-full-width":533,"portfolio-full-height":400,"portfolio-one":"https:\/\/www.bagesturisme.cat\/wp-content\/uploads\/2018\/07\/exteriors5.jpg","portfolio-one-width":363,"portfolio-one-height":272,"portfolio-two":"https:\/\/www.bagesturisme.cat\/wp-content\/uploads\/2018\/07\/exteriors5.jpg","portfolio-two-width":393,"portfolio-two-height":295,"portfolio-three":"https:\/\/www.bagesturisme.cat\/wp-content\/uploads\/2018\/07\/exteriors5.jpg","portfolio-three-width":285,"portfolio-three-height":214,"portfolio-five":"https:\/\/www.bagesturisme.cat\/wp-content\/uploads\/2018\/07\/exteriors5.jpg","portfolio-five-width":177,"portfolio-five-height":133}},{"ID":5629,"id":5629,"title":"Cal Fuse amb vista de dron","filename":"foto-casa-dron.png","filesize":0,"url":"https:\/\/www.bagesturisme.cat\/wp-content\/uploads\/2018\/07\/foto-casa-dron.png","link":"https:\/\/www.bagesturisme.cat\/es\/allotjament\/cal-fuse-allotjament-rural\/foto-casa-dron\/","alt":"","author":"15","description":"","caption":"","name":"foto-casa-dron","status":"inherit","uploaded_to":5620,"date":"2018-07-11 11:51:52","modified":"2019-05-21 10:46:26","menu_order":0,"mime_type":"image\/png","type":"image","subtype":"png","icon":"https:\/\/www.bagesturisme.cat\/wp-includes\/images\/media\/default.png","width":1920,"height":1080,"sizes":{"thumbnail":"https:\/\/www.bagesturisme.cat\/wp-content\/uploads\/2018\/07\/foto-casa-dron-150x150.png","thumbnail-width":150,"thumbnail-height":150,"medium":"https:\/\/www.bagesturisme.cat\/wp-content\/uploads\/2018\/07\/foto-casa-dron-711x400.png","medium-width":711,"medium-height":400,"medium_large":"https:\/\/www.bagesturisme.cat\/wp-content\/uploads\/2018\/07\/foto-casa-dron-768x432.png","medium_large-width":768,"medium_large-height":432,"large":"https:\/\/www.bagesturisme.cat\/wp-content\/uploads\/2018\/07\/foto-casa-dron-1280x720.png","large-width":1170,"large-height":658,"1536x1536":"https:\/\/www.bagesturisme.cat\/wp-content\/uploads\/2018\/07\/foto-casa-dron.png","1536x1536-width":1536,"1536x1536-height":864,"2048x2048":"https:\/\/www.bagesturisme.cat\/wp-content\/uploads\/2018\/07\/foto-casa-dron.png","2048x2048-width":1920,"2048x2048-height":1080,"blog-large":"https:\/\/www.bagesturisme.cat\/wp-content\/uploads\/2018\/07\/foto-casa-dron.png","blog-large-width":484,"blog-large-height":272,"blog-medium":"https:\/\/www.bagesturisme.cat\/wp-content\/uploads\/2018\/07\/foto-casa-dron.png","blog-medium-width":320,"blog-medium-height":180,"recent-posts":"https:\/\/www.bagesturisme.cat\/wp-content\/uploads\/2018\/07\/foto-casa-dron.png","recent-posts-width":700,"recent-posts-height":394,"recent-works-thumbnail":"https:\/\/www.bagesturisme.cat\/wp-content\/uploads\/2018\/07\/foto-casa-dron.png","recent-works-thumbnail-width":66,"recent-works-thumbnail-height":37,"fusion-200":"https:\/\/www.bagesturisme.cat\/wp-content\/uploads\/2018\/07\/foto-casa-dron.png","fusion-200-width":200,"fusion-200-height":113,"fusion-400":"https:\/\/www.bagesturisme.cat\/wp-content\/uploads\/2018\/07\/foto-casa-dron.png","fusion-400-width":400,"fusion-400-height":225,"fusion-600":"https:\/\/www.bagesturisme.cat\/wp-content\/uploads\/2018\/07\/foto-casa-dron.png","fusion-600-width":600,"fusion-600-height":338,"fusion-800":"https:\/\/www.bagesturisme.cat\/wp-content\/uploads\/2018\/07\/foto-casa-dron.png","fusion-800-width":800,"fusion-800-height":450,"fusion-1200":"https:\/\/www.bagesturisme.cat\/wp-content\/uploads\/2018\/07\/foto-casa-dron.png","fusion-1200-width":1200,"fusion-1200-height":675,"portfolio-full":"https:\/\/www.bagesturisme.cat\/wp-content\/uploads\/2018\/07\/foto-casa-dron.png","portfolio-full-width":711,"portfolio-full-height":400,"portfolio-one":"https:\/\/www.bagesturisme.cat\/wp-content\/uploads\/2018\/07\/foto-casa-dron.png","portfolio-one-width":484,"portfolio-one-height":272,"portfolio-two":"https:\/\/www.bagesturisme.cat\/wp-content\/uploads\/2018\/07\/foto-casa-dron.png","portfolio-two-width":460,"portfolio-two-height":259,"portfolio-three":"https:\/\/www.bagesturisme.cat\/wp-content\/uploads\/2018\/07\/foto-casa-dron.png","portfolio-three-width":300,"portfolio-three-height":169,"portfolio-five":"https:\/\/www.bagesturisme.cat\/wp-content\/uploads\/2018\/07\/foto-casa-dron.png","portfolio-five-width":177,"portfolio-five-height":100}},{"ID":5630,"id":5630,"title":"Tina de cal Fuse","filename":"Latina.jpg","filesize":0,"url":"https:\/\/www.bagesturisme.cat\/wp-content\/uploads\/2018\/07\/Latina.jpg","link":"https:\/\/www.bagesturisme.cat\/es\/allotjament\/cal-fuse-allotjament-rural\/latina\/","alt":"","author":"15","description":"","caption":"","name":"latina","status":"inherit","uploaded_to":5620,"date":"2018-07-11 11:52:42","modified":"2019-05-21 10:46:30","menu_order":0,"mime_type":"image\/jpeg","type":"image","subtype":"jpeg","icon":"https:\/\/www.bagesturisme.cat\/wp-includes\/images\/media\/default.png","width":6000,"height":4000,"sizes":{"thumbnail":"https:\/\/www.bagesturisme.cat\/wp-content\/uploads\/2018\/07\/Latina-150x150.jpg","thumbnail-width":150,"thumbnail-height":150,"medium":"https:\/\/www.bagesturisme.cat\/wp-content\/uploads\/2018\/07\/Latina-600x400.jpg","medium-width":600,"medium-height":400,"medium_large":"https:\/\/www.bagesturisme.cat\/wp-content\/uploads\/2018\/07\/Latina-768x512.jpg","medium_large-width":768,"medium_large-height":512,"large":"https:\/\/www.bagesturisme.cat\/wp-content\/uploads\/2018\/07\/Latina-1280x853.jpg","large-width":1170,"large-height":780,"1536x1536":"https:\/\/www.bagesturisme.cat\/wp-content\/uploads\/2018\/07\/Latina.jpg","1536x1536-width":1536,"1536x1536-height":1024,"2048x2048":"https:\/\/www.bagesturisme.cat\/wp-content\/uploads\/2018\/07\/Latina.jpg","2048x2048-width":2048,"2048x2048-height":1365,"blog-large":"https:\/\/www.bagesturisme.cat\/wp-content\/uploads\/2018\/07\/Latina.jpg","blog-large-width":408,"blog-large-height":272,"blog-medium":"https:\/\/www.bagesturisme.cat\/wp-content\/uploads\/2018\/07\/Latina.jpg","blog-medium-width":303,"blog-medium-height":202,"recent-posts":"https:\/\/www.bagesturisme.cat\/wp-content\/uploads\/2018\/07\/Latina.jpg","recent-posts-width":662,"recent-posts-height":441,"recent-works-thumbnail":"https:\/\/www.bagesturisme.cat\/wp-content\/uploads\/2018\/07\/Latina.jpg","recent-works-thumbnail-width":66,"recent-works-thumbnail-height":44,"fusion-200":"https:\/\/www.bagesturisme.cat\/wp-content\/uploads\/2018\/07\/Latina.jpg","fusion-200-width":200,"fusion-200-height":133,"fusion-400":"https:\/\/www.bagesturisme.cat\/wp-content\/uploads\/2018\/07\/Latina.jpg","fusion-400-width":400,"fusion-400-height":267,"fusion-600":"https:\/\/www.bagesturisme.cat\/wp-content\/uploads\/2018\/07\/Latina.jpg","fusion-600-width":600,"fusion-600-height":400,"fusion-800":"https:\/\/www.bagesturisme.cat\/wp-content\/uploads\/2018\/07\/Latina.jpg","fusion-800-width":800,"fusion-800-height":533,"fusion-1200":"https:\/\/www.bagesturisme.cat\/wp-content\/uploads\/2018\/07\/Latina.jpg","fusion-1200-width":1200,"fusion-1200-height":800,"portfolio-full":"https:\/\/www.bagesturisme.cat\/wp-content\/uploads\/2018\/07\/Latina.jpg","portfolio-full-width":600,"portfolio-full-height":400,"portfolio-one":"https:\/\/www.bagesturisme.cat\/wp-content\/uploads\/2018\/07\/Latina.jpg","portfolio-one-width":408,"portfolio-one-height":272,"portfolio-two":"https:\/\/www.bagesturisme.cat\/wp-content\/uploads\/2018\/07\/Latina.jpg","portfolio-two-width":443,"portfolio-two-height":295,"portfolio-three":"https:\/\/www.bagesturisme.cat\/wp-content\/uploads\/2018\/07\/Latina.jpg","portfolio-three-width":300,"portfolio-three-height":200,"portfolio-five":"https:\/\/www.bagesturisme.cat\/wp-content\/uploads\/2018\/07\/Latina.jpg","portfolio-five-width":177,"portfolio-five-height":118}},{"ID":5631,"id":5631,"title":"Menjador cal Fuse","filename":"Menjador2.jpg","filesize":0,"url":"https:\/\/www.bagesturisme.cat\/wp-content\/uploads\/2018\/07\/Menjador2.jpg","link":"https:\/\/www.bagesturisme.cat\/es\/allotjament\/cal-fuse-allotjament-rural\/menjador2-2\/","alt":"","author":"15","description":"","caption":"","name":"menjador2-2","status":"inherit","uploaded_to":5620,"date":"2018-07-11 11:53:22","modified":"2019-05-21 10:46:38","menu_order":0,"mime_type":"image\/jpeg","type":"image","subtype":"jpeg","icon":"https:\/\/www.bagesturisme.cat\/wp-includes\/images\/media\/default.png","width":6000,"height":4000,"sizes":{"thumbnail":"https:\/\/www.bagesturisme.cat\/wp-content\/uploads\/2018\/07\/Menjador2-150x150.jpg","thumbnail-width":150,"thumbnail-height":150,"medium":"https:\/\/www.bagesturisme.cat\/wp-content\/uploads\/2018\/07\/Menjador2-600x400.jpg","medium-width":600,"medium-height":400,"medium_large":"https:\/\/www.bagesturisme.cat\/wp-content\/uploads\/2018\/07\/Menjador2-768x512.jpg","medium_large-width":768,"medium_large-height":512,"large":"https:\/\/www.bagesturisme.cat\/wp-content\/uploads\/2018\/07\/Menjador2-1280x853.jpg","large-width":1170,"large-height":780,"1536x1536":"https:\/\/www.bagesturisme.cat\/wp-content\/uploads\/2018\/07\/Menjador2.jpg","1536x1536-width":1536,"1536x1536-height":1024,"2048x2048":"https:\/\/www.bagesturisme.cat\/wp-content\/uploads\/2018\/07\/Menjador2.jpg","2048x2048-width":2048,"2048x2048-height":1365,"blog-large":"https:\/\/www.bagesturisme.cat\/wp-content\/uploads\/2018\/07\/Menjador2.jpg","blog-large-width":408,"blog-large-height":272,"blog-medium":"https:\/\/www.bagesturisme.cat\/wp-content\/uploads\/2018\/07\/Menjador2.jpg","blog-medium-width":303,"blog-medium-height":202,"recent-posts":"https:\/\/www.bagesturisme.cat\/wp-content\/uploads\/2018\/07\/Menjador2.jpg","recent-posts-width":662,"recent-posts-height":441,"recent-works-thumbnail":"https:\/\/www.bagesturisme.cat\/wp-content\/uploads\/2018\/07\/Menjador2.jpg","recent-works-thumbnail-width":66,"recent-works-thumbnail-height":44,"fusion-200":"https:\/\/www.bagesturisme.cat\/wp-content\/uploads\/2018\/07\/Menjador2.jpg","fusion-200-width":200,"fusion-200-height":133,"fusion-400":"https:\/\/www.bagesturisme.cat\/wp-content\/uploads\/2018\/07\/Menjador2.jpg","fusion-400-width":400,"fusion-400-height":267,"fusion-600":"https:\/\/www.bagesturisme.cat\/wp-content\/uploads\/2018\/07\/Menjador2.jpg","fusion-600-width":600,"fusion-600-height":400,"fusion-800":"https:\/\/www.bagesturisme.cat\/wp-content\/uploads\/2018\/07\/Menjador2.jpg","fusion-800-width":800,"fusion-800-height":533,"fusion-1200":"https:\/\/www.bagesturisme.cat\/wp-content\/uploads\/2018\/07\/Menjador2.jpg","fusion-1200-width":1200,"fusion-1200-height":800,"portfolio-full":"https:\/\/www.bagesturisme.cat\/wp-content\/uploads\/2018\/07\/Menjador2.jpg","portfolio-full-width":600,"portfolio-full-height":400,"portfolio-one":"https:\/\/www.bagesturisme.cat\/wp-content\/uploads\/2018\/07\/Menjador2.jpg","portfolio-one-width":408,"portfolio-one-height":272,"portfolio-two":"https:\/\/www.bagesturisme.cat\/wp-content\/uploads\/2018\/07\/Menjador2.jpg","portfolio-two-width":443,"portfolio-two-height":295,"portfolio-three":"https:\/\/www.bagesturisme.cat\/wp-content\/uploads\/2018\/07\/Menjador2.jpg","portfolio-three-width":300,"portfolio-three-height":200,"portfolio-five":"https:\/\/www.bagesturisme.cat\/wp-content\/uploads\/2018\/07\/Menjador2.jpg","portfolio-five-width":177,"portfolio-five-height":118}},{"ID":5632,"id":5632,"title":"Piscina cal Fuse","filename":"Piscina.jpg","filesize":0,"url":"https:\/\/www.bagesturisme.cat\/wp-content\/uploads\/2018\/07\/Piscina.jpg","link":"https:\/\/www.bagesturisme.cat\/es\/allotjament\/cal-fuse-allotjament-rural\/piscina-3\/","alt":"","author":"15","description":"","caption":"","name":"piscina-3","status":"inherit","uploaded_to":5620,"date":"2018-07-11 11:53:44","modified":"2019-05-21 10:46:43","menu_order":0,"mime_type":"image\/jpeg","type":"image","subtype":"jpeg","icon":"https:\/\/www.bagesturisme.cat\/wp-includes\/images\/media\/default.png","width":1616,"height":1080,"sizes":{"thumbnail":"https:\/\/www.bagesturisme.cat\/wp-content\/uploads\/2018\/07\/Piscina-150x150.jpg","thumbnail-width":150,"thumbnail-height":150,"medium":"https:\/\/www.bagesturisme.cat\/wp-content\/uploads\/2018\/07\/Piscina-599x400.jpg","medium-width":599,"medium-height":400,"medium_large":"https:\/\/www.bagesturisme.cat\/wp-content\/uploads\/2018\/07\/Piscina-768x513.jpg","medium_large-width":768,"medium_large-height":513,"large":"https:\/\/www.bagesturisme.cat\/wp-content\/uploads\/2018\/07\/Piscina-1280x855.jpg","large-width":1170,"large-height":782,"1536x1536":"https:\/\/www.bagesturisme.cat\/wp-content\/uploads\/2018\/07\/Piscina.jpg","1536x1536-width":1536,"1536x1536-height":1027,"2048x2048":"https:\/\/www.bagesturisme.cat\/wp-content\/uploads\/2018\/07\/Piscina.jpg","2048x2048-width":1616,"2048x2048-height":1080,"blog-large":"https:\/\/www.bagesturisme.cat\/wp-content\/uploads\/2018\/07\/Piscina.jpg","blog-large-width":407,"blog-large-height":272,"blog-medium":"https:\/\/www.bagesturisme.cat\/wp-content\/uploads\/2018\/07\/Piscina.jpg","blog-medium-width":302,"blog-medium-height":202,"recent-posts":"https:\/\/www.bagesturisme.cat\/wp-content\/uploads\/2018\/07\/Piscina.jpg","recent-posts-width":660,"recent-posts-height":441,"recent-works-thumbnail":"https:\/\/www.bagesturisme.cat\/wp-content\/uploads\/2018\/07\/Piscina.jpg","recent-works-thumbnail-width":66,"recent-works-thumbnail-height":44,"fusion-200":"https:\/\/www.bagesturisme.cat\/wp-content\/uploads\/2018\/07\/Piscina.jpg","fusion-200-width":200,"fusion-200-height":134,"fusion-400":"https:\/\/www.bagesturisme.cat\/wp-content\/uploads\/2018\/07\/Piscina.jpg","fusion-400-width":400,"fusion-400-height":267,"fusion-600":"https:\/\/www.bagesturisme.cat\/wp-content\/uploads\/2018\/07\/Piscina.jpg","fusion-600-width":600,"fusion-600-height":401,"fusion-800":"https:\/\/www.bagesturisme.cat\/wp-content\/uploads\/2018\/07\/Piscina.jpg","fusion-800-width":800,"fusion-800-height":535,"fusion-1200":"https:\/\/www.bagesturisme.cat\/wp-content\/uploads\/2018\/07\/Piscina.jpg","fusion-1200-width":1200,"fusion-1200-height":802,"portfolio-full":"https:\/\/www.bagesturisme.cat\/wp-content\/uploads\/2018\/07\/Piscina.jpg","portfolio-full-width":599,"portfolio-full-height":400,"portfolio-one":"https:\/\/www.bagesturisme.cat\/wp-content\/uploads\/2018\/07\/Piscina.jpg","portfolio-one-width":407,"portfolio-one-height":272,"portfolio-two":"https:\/\/www.bagesturisme.cat\/wp-content\/uploads\/2018\/07\/Piscina.jpg","portfolio-two-width":441,"portfolio-two-height":295,"portfolio-three":"https:\/\/www.bagesturisme.cat\/wp-content\/uploads\/2018\/07\/Piscina.jpg","portfolio-three-width":300,"portfolio-three-height":200,"portfolio-five":"https:\/\/www.bagesturisme.cat\/wp-content\/uploads\/2018\/07\/Piscina.jpg","portfolio-five-width":177,"portfolio-five-height":118}},{"ID":5633,"id":5633,"title":"Rac\u00f3 del vi cal Fuse","filename":"Racodelvi.jpg","filesize":0,"url":"https:\/\/www.bagesturisme.cat\/wp-content\/uploads\/2018\/07\/Racodelvi.jpg","link":"https:\/\/www.bagesturisme.cat\/es\/allotjament\/cal-fuse-allotjament-rural\/racodelvi\/","alt":"","author":"15","description":"","caption":"","name":"racodelvi","status":"inherit","uploaded_to":5620,"date":"2018-07-11 11:54:00","modified":"2019-05-21 10:46:48","menu_order":0,"mime_type":"image\/jpeg","type":"image","subtype":"jpeg","icon":"https:\/\/www.bagesturisme.cat\/wp-includes\/images\/media\/default.png","width":1334,"height":889,"sizes":{"thumbnail":"https:\/\/www.bagesturisme.cat\/wp-content\/uploads\/2018\/07\/Racodelvi-150x150.jpg","thumbnail-width":150,"thumbnail-height":150,"medium":"https:\/\/www.bagesturisme.cat\/wp-content\/uploads\/2018\/07\/Racodelvi-600x400.jpg","medium-width":600,"medium-height":400,"medium_large":"https:\/\/www.bagesturisme.cat\/wp-content\/uploads\/2018\/07\/Racodelvi-768x512.jpg","medium_large-width":768,"medium_large-height":512,"large":"https:\/\/www.bagesturisme.cat\/wp-content\/uploads\/2018\/07\/Racodelvi-1280x853.jpg","large-width":1170,"large-height":780,"1536x1536":"https:\/\/www.bagesturisme.cat\/wp-content\/uploads\/2018\/07\/Racodelvi.jpg","1536x1536-width":1334,"1536x1536-height":889,"2048x2048":"https:\/\/www.bagesturisme.cat\/wp-content\/uploads\/2018\/07\/Racodelvi.jpg","2048x2048-width":1334,"2048x2048-height":889,"blog-large":"https:\/\/www.bagesturisme.cat\/wp-content\/uploads\/2018\/07\/Racodelvi.jpg","blog-large-width":408,"blog-large-height":272,"blog-medium":"https:\/\/www.bagesturisme.cat\/wp-content\/uploads\/2018\/07\/Racodelvi.jpg","blog-medium-width":303,"blog-medium-height":202,"recent-posts":"https:\/\/www.bagesturisme.cat\/wp-content\/uploads\/2018\/07\/Racodelvi.jpg","recent-posts-width":662,"recent-posts-height":441,"recent-works-thumbnail":"https:\/\/www.bagesturisme.cat\/wp-content\/uploads\/2018\/07\/Racodelvi.jpg","recent-works-thumbnail-width":66,"recent-works-thumbnail-height":44,"fusion-200":"https:\/\/www.bagesturisme.cat\/wp-content\/uploads\/2018\/07\/Racodelvi.jpg","fusion-200-width":200,"fusion-200-height":133,"fusion-400":"https:\/\/www.bagesturisme.cat\/wp-content\/uploads\/2018\/07\/Racodelvi.jpg","fusion-400-width":400,"fusion-400-height":267,"fusion-600":"https:\/\/www.bagesturisme.cat\/wp-content\/uploads\/2018\/07\/Racodelvi.jpg","fusion-600-width":600,"fusion-600-height":400,"fusion-800":"https:\/\/www.bagesturisme.cat\/wp-content\/uploads\/2018\/07\/Racodelvi.jpg","fusion-800-width":800,"fusion-800-height":533,"fusion-1200":"https:\/\/www.bagesturisme.cat\/wp-content\/uploads\/2018\/07\/Racodelvi.jpg","fusion-1200-width":1200,"fusion-1200-height":800,"portfolio-full":"https:\/\/www.bagesturisme.cat\/wp-content\/uploads\/2018\/07\/Racodelvi.jpg","portfolio-full-width":600,"portfolio-full-height":400,"portfolio-one":"https:\/\/www.bagesturisme.cat\/wp-content\/uploads\/2018\/07\/Racodelvi.jpg","portfolio-one-width":408,"portfolio-one-height":272,"portfolio-two":"https:\/\/www.bagesturisme.cat\/wp-content\/uploads\/2018\/07\/Racodelvi.jpg","portfolio-two-width":443,"portfolio-two-height":295,"portfolio-three":"https:\/\/www.bagesturisme.cat\/wp-content\/uploads\/2018\/07\/Racodelvi.jpg","portfolio-three-width":300,"portfolio-three-height":200,"portfolio-five":"https:\/\/www.bagesturisme.cat\/wp-content\/uploads\/2018\/07\/Racodelvi.jpg","portfolio-five-width":177,"portfolio-five-height":118}},{"ID":5634,"id":5634,"title":"Habitaci\u00f3 cal Fuse","filename":"SweetRoom.jpg","filesize":0,"url":"https:\/\/www.bagesturisme.cat\/wp-content\/uploads\/2018\/07\/SweetRoom.jpg","link":"https:\/\/www.bagesturisme.cat\/es\/allotjament\/cal-fuse-allotjament-rural\/sweetroom\/","alt":"","author":"15","description":"","caption":"","name":"sweetroom","status":"inherit","uploaded_to":5620,"date":"2018-07-11 11:54:47","modified":"2019-05-21 10:46:53","menu_order":0,"mime_type":"image\/jpeg","type":"image","subtype":"jpeg","icon":"https:\/\/www.bagesturisme.cat\/wp-includes\/images\/media\/default.png","width":6000,"height":4000,"sizes":{"thumbnail":"https:\/\/www.bagesturisme.cat\/wp-content\/uploads\/2018\/07\/SweetRoom-150x150.jpg","thumbnail-width":150,"thumbnail-height":150,"medium":"https:\/\/www.bagesturisme.cat\/wp-content\/uploads\/2018\/07\/SweetRoom-600x400.jpg","medium-width":600,"medium-height":400,"medium_large":"https:\/\/www.bagesturisme.cat\/wp-content\/uploads\/2018\/07\/SweetRoom-768x512.jpg","medium_large-width":768,"medium_large-height":512,"large":"https:\/\/www.bagesturisme.cat\/wp-content\/uploads\/2018\/07\/SweetRoom-1280x853.jpg","large-width":1170,"large-height":780,"1536x1536":"https:\/\/www.bagesturisme.cat\/wp-content\/uploads\/2018\/07\/SweetRoom.jpg","1536x1536-width":1536,"1536x1536-height":1024,"2048x2048":"https:\/\/www.bagesturisme.cat\/wp-content\/uploads\/2018\/07\/SweetRoom.jpg","2048x2048-width":2048,"2048x2048-height":1365,"blog-large":"https:\/\/www.bagesturisme.cat\/wp-content\/uploads\/2018\/07\/SweetRoom.jpg","blog-large-width":408,"blog-large-height":272,"blog-medium":"https:\/\/www.bagesturisme.cat\/wp-content\/uploads\/2018\/07\/SweetRoom.jpg","blog-medium-width":303,"blog-medium-height":202,"recent-posts":"https:\/\/www.bagesturisme.cat\/wp-content\/uploads\/2018\/07\/SweetRoom.jpg","recent-posts-width":662,"recent-posts-height":441,"recent-works-thumbnail":"https:\/\/www.bagesturisme.cat\/wp-content\/uploads\/2018\/07\/SweetRoom.jpg","recent-works-thumbnail-width":66,"recent-works-thumbnail-height":44,"fusion-200":"https:\/\/www.bagesturisme.cat\/wp-content\/uploads\/2018\/07\/SweetRoom.jpg","fusion-200-width":200,"fusion-200-height":133,"fusion-400":"https:\/\/www.bagesturisme.cat\/wp-content\/uploads\/2018\/07\/SweetRoom.jpg","fusion-400-width":400,"fusion-400-height":267,"fusion-600":"https:\/\/www.bagesturisme.cat\/wp-content\/uploads\/2018\/07\/SweetRoom.jpg","fusion-600-width":600,"fusion-600-height":400,"fusion-800":"https:\/\/www.bagesturisme.cat\/wp-content\/uploads\/2018\/07\/SweetRoom.jpg","fusion-800-width":800,"fusion-800-height":533,"fusion-1200":"https:\/\/www.bagesturisme.cat\/wp-content\/uploads\/2018\/07\/SweetRoom.jpg","fusion-1200-width":1200,"fusion-1200-height":800,"portfolio-full":"https:\/\/www.bagesturisme.cat\/wp-content\/uploads\/2018\/07\/SweetRoom.jpg","portfolio-full-width":600,"portfolio-full-height":400,"portfolio-one":"https:\/\/www.bagesturisme.cat\/wp-content\/uploads\/2018\/07\/SweetRoom.jpg","portfolio-one-width":408,"portfolio-one-height":272,"portfolio-two":"https:\/\/www.bagesturisme.cat\/wp-content\/uploads\/2018\/07\/SweetRoom.jpg","portfolio-two-width":443,"portfolio-two-height":295,"portfolio-three":"https:\/\/www.bagesturisme.cat\/wp-content\/uploads\/2018\/07\/SweetRoom.jpg","portfolio-three-width":300,"portfolio-three-height":200,"portfolio-five":"https:\/\/www.bagesturisme.cat\/wp-content\/uploads\/2018\/07\/SweetRoom.jpg","portfolio-five-width":177,"portfolio-five-height":118}}],"ubicacio":{"address":"Unnamed Road, 08263 Fonollosa, Barcelona, Espa\u00f1a","lat":"41.776921669137465","lng":"1.6592750340579414"}},"_links":{"self":[{"href":"https:\/\/www.bagesturisme.cat\/es\/wp-json\/wp\/v2\/allotjament\/5620","targetHints":{"allow":["GET"]}}],"collection":[{"href":"https:\/\/www.bagesturisme.cat\/es\/wp-json\/wp\/v2\/allotjament"}],"about":[{"href":"https:\/\/www.bagesturisme.cat\/es\/wp-json\/wp\/v2\/types\/allotjament"}],"author":[{"embeddable":true,"href":"https:\/\/www.bagesturisme.cat\/es\/wp-json\/wp\/v2\/users\/15"}],"version-history":[{"count":21,"href":"https:\/\/www.bagesturisme.cat\/es\/wp-json\/wp\/v2\/allotjament\/5620\/revisions"}],"predecessor-version":[{"id":6743,"href":"https:\/\/www.bagesturisme.cat\/es\/wp-json\/wp\/v2\/allotjament\/5620\/revisions\/6743"}],"wp:featuredmedia":[{"embeddable":true,"href":"https:\/\/www.bagesturisme.cat\/es\/wp-json\/wp\/v2\/media\/8669"}],"wp:attachment":[{"href":"https:\/\/www.bagesturisme.cat\/es\/wp-json\/wp\/v2\/media?parent=5620"}],"curies":[{"name":"wp","href":"https:\/\/api.w.org\/{rel}","templated":true}]}}