{"id":4431,"date":"2017-09-28T17:33:27","date_gmt":"2017-09-28T16:33:27","guid":{"rendered":"https:\/\/bagesturisme.cat\/?post_type=allotjament&#038;p=4431"},"modified":"2021-02-05T14:21:59","modified_gmt":"2021-02-05T13:21:59","slug":"sallares-rural","status":"publish","type":"allotjament","link":"https:\/\/www.bagesturisme.cat\/es\/allotjament\/sallares-rural\/","title":{"rendered":"Sallar\u00e8s Rural"},"content":{"rendered":"Cal Sellar\u00e9s \u00e9s una masia documentada des del segle XIV, situada al terme municipal de Sallent i molt a propo de l&#8217;esgl\u00e9sia rom\u00e0nica de Sant Pere de Serra\u00efma. Est\u00e0 envoltat d&#8217;un paisatge on es convinen els camps de conreu amb boscos de pins i alzines, jardins i racons per gaudir de la natura. A m\u00e9s, situat en un altpl\u00e0, gaudeix d&#8217;unes vistes panor\u00e0miques extraordin\u00e0ries des de les muntanyes de Montserrat passant pel Pont del compte, fins al Cad\u00ed i bona part del Pre-Pirineu. .<\/p>\n<p>Disposen de 3 apartaments rurals totalment independents amb totes les comoditats necessaries: 2 \/ 3 habitacions dobles (roba de llit) Cuina amb vitrocer\u00e0mica totalment equipada (parament de cuina, torradora, cafetera&#8230;) Menjador amb llar de foc (inclou llenya) Bany amb dutxa Calefacci\u00f3 independent, TV&#8230; Els hostes dels apartaments rurals tamb\u00e9 poden disposar de barbacoa, zona ajardinada, piscina i mobiliari de jard\u00ed de les instal\u00b7lacions i zones comunit\u00e0ries.<\/p>\n<p>Tot plegat el converteix en un lloc de rep\u00f2s i tranquil\u00b7litat des d&#8217;on descobrir, tan amb peu com en vicicleta, racons sorprenents.Cal Sellar\u00e9s \u00e9s una masia documentada des del segle XIV, situada al terme municipal de Sallent i molt a propo de l&#8217;esgl\u00e9sia rom\u00e0nica de Sant Pere de Serra\u00efma. Est\u00e0 envoltat d&#8217;un paisatge on es convinen els camps de conreu amb boscos de pins i alzines, jardins i racons per gaudir de la natura. A m\u00e9s, situat en un altpl\u00e0, gaudeix d&#8217;unes vistes panor\u00e0miques extraordin\u00e0ries des de les muntanyes de Montserrat passant pel Pont del compte, fins al Cad\u00ed i bona part del Pre-Pirineu. .<\/p>\n<p>Disposen de 3 apartaments rurals totalment independents amb totes les comoditats necessaries: 2 \/ 3 habitacions dobles (roba de llit) Cuina amb vitrocer\u00e0mica totalment equipada (parament de cuina, torradora, cafetera&#8230;) Menjador amb llar de foc (inclou llenya) Bany amb dutxa Calefacci\u00f3 independent, TV&#8230; Els hostes dels apartaments rurals tamb\u00e9 poden disposar de barbacoa, zona ajardinada, piscina i mobiliari de jard\u00ed de les instal\u00b7lacions i zones comunit\u00e0ries.<\/p>\n<p>Tot plegat el converteix en un lloc de rep\u00f2s i tranquil\u00b7litat des d&#8217;on descobrir, tan amb peu com en vicicleta, racons sorprenents.","protected":false},"author":24,"featured_media":8688,"template":"","class_list":["post-4431","allotjament","type-allotjament","status-publish","has-post-thumbnail","hentry","municipi-sallent","tipus-allotjament-turisme-rural"],"acf":{"adreca":"Sortida 64, Sallent nord 270 m Rotonda, sortida direcci\u00f3 C-1411a\/Sallent 500 m Continua recte cap a Carrer de Balsareny 500 m Rotonda, segona sortida, direcci\u00f3 Centre a c\/Verge del Pilar 400 m Rotonda, segona sortida, direcci\u00f3 Av de Pau Casals 150 m Gira a la dreta, Carrer Om 150 m Gira a l\u2019esquerra, Carrer de Sta Lluc\u00eda 450 m Gira a l\u2019esquerra, Carrer Forques (cam\u00ed rural) sense deixar-lo a 3km Ja heu arribat. COORDENADES GPS 41\u00ba 50\u2032 28.5\u2033 N, 1\u00ba  55\u2032 13.7\u2033 E","web":"http:\/\/www.sellaresrural.com","email":"masia@sellaresrural.com","tel":"629 539 262\/629 384 096","galeria":[{"ID":4432,"id":4432,"title":"Sallar\u00e8s Rural. Entrada","filename":"max-123212-2637294.jpg","filesize":69686,"url":"https:\/\/www.bagesturisme.cat\/wp-content\/uploads\/2017\/09\/max-123212-2637294.jpg","link":"https:\/\/www.bagesturisme.cat\/es\/allotjament\/sallares-rural\/max-123212-2637294\/","alt":"","author":"24","description":"","caption":"","name":"max-123212-2637294","status":"inherit","uploaded_to":4431,"date":"2017-09-28 16:31:52","modified":"2017-09-28 16:33:07","menu_order":0,"mime_type":"image\/jpeg","type":"image","subtype":"jpeg","icon":"https:\/\/www.bagesturisme.cat\/wp-includes\/images\/media\/default.png","width":635,"height":423,"sizes":{"thumbnail":"https:\/\/www.bagesturisme.cat\/wp-content\/uploads\/2017\/09\/max-123212-2637294-150x150.jpg","thumbnail-width":150,"thumbnail-height":150,"medium":"https:\/\/www.bagesturisme.cat\/wp-content\/uploads\/2017\/09\/max-123212-2637294-600x400.jpg","medium-width":600,"medium-height":400,"medium_large":"https:\/\/www.bagesturisme.cat\/wp-content\/uploads\/2017\/09\/max-123212-2637294.jpg","medium_large-width":635,"medium_large-height":423,"large":"https:\/\/www.bagesturisme.cat\/wp-content\/uploads\/2017\/09\/max-123212-2637294.jpg","large-width":635,"large-height":423,"1536x1536":"https:\/\/www.bagesturisme.cat\/wp-content\/uploads\/2017\/09\/max-123212-2637294.jpg","1536x1536-width":635,"1536x1536-height":423,"2048x2048":"https:\/\/www.bagesturisme.cat\/wp-content\/uploads\/2017\/09\/max-123212-2637294.jpg","2048x2048-width":635,"2048x2048-height":423,"blog-large":"https:\/\/www.bagesturisme.cat\/wp-content\/uploads\/2017\/09\/max-123212-2637294.jpg","blog-large-width":408,"blog-large-height":272,"blog-medium":"https:\/\/www.bagesturisme.cat\/wp-content\/uploads\/2017\/09\/max-123212-2637294.jpg","blog-medium-width":303,"blog-medium-height":202,"recent-posts":"https:\/\/www.bagesturisme.cat\/wp-content\/uploads\/2017\/09\/max-123212-2637294.jpg","recent-posts-width":635,"recent-posts-height":423,"recent-works-thumbnail":"https:\/\/www.bagesturisme.cat\/wp-content\/uploads\/2017\/09\/max-123212-2637294.jpg","recent-works-thumbnail-width":66,"recent-works-thumbnail-height":44,"fusion-200":"https:\/\/www.bagesturisme.cat\/wp-content\/uploads\/2017\/09\/max-123212-2637294.jpg","fusion-200-width":200,"fusion-200-height":133,"fusion-400":"https:\/\/www.bagesturisme.cat\/wp-content\/uploads\/2017\/09\/max-123212-2637294.jpg","fusion-400-width":400,"fusion-400-height":266,"fusion-600":"https:\/\/www.bagesturisme.cat\/wp-content\/uploads\/2017\/09\/max-123212-2637294.jpg","fusion-600-width":600,"fusion-600-height":400,"fusion-800":"https:\/\/www.bagesturisme.cat\/wp-content\/uploads\/2017\/09\/max-123212-2637294.jpg","fusion-800-width":635,"fusion-800-height":423,"fusion-1200":"https:\/\/www.bagesturisme.cat\/wp-content\/uploads\/2017\/09\/max-123212-2637294.jpg","fusion-1200-width":635,"fusion-1200-height":423,"portfolio-full":"https:\/\/www.bagesturisme.cat\/wp-content\/uploads\/2017\/09\/max-123212-2637294.jpg","portfolio-full-width":600,"portfolio-full-height":400,"portfolio-one":"https:\/\/www.bagesturisme.cat\/wp-content\/uploads\/2017\/09\/max-123212-2637294.jpg","portfolio-one-width":408,"portfolio-one-height":272,"portfolio-two":"https:\/\/www.bagesturisme.cat\/wp-content\/uploads\/2017\/09\/max-123212-2637294.jpg","portfolio-two-width":443,"portfolio-two-height":295,"portfolio-three":"https:\/\/www.bagesturisme.cat\/wp-content\/uploads\/2017\/09\/max-123212-2637294.jpg","portfolio-three-width":300,"portfolio-three-height":200,"portfolio-five":"https:\/\/www.bagesturisme.cat\/wp-content\/uploads\/2017\/09\/max-123212-2637294.jpg","portfolio-five-width":177,"portfolio-five-height":118}},{"ID":4433,"id":4433,"title":"Sallar\u00e8s Rural. Fa\u00e7ana de la casa gran","filename":"max-011532-306679.jpg","filesize":118038,"url":"https:\/\/www.bagesturisme.cat\/wp-content\/uploads\/2017\/09\/max-011532-306679.jpg","link":"https:\/\/www.bagesturisme.cat\/es\/allotjament\/sallares-rural\/max-011532-306679\/","alt":"","author":"24","description":"","caption":"","name":"max-011532-306679","status":"inherit","uploaded_to":4431,"date":"2017-09-28 16:32:06","modified":"2017-09-28 16:32:50","menu_order":0,"mime_type":"image\/jpeg","type":"image","subtype":"jpeg","icon":"https:\/\/www.bagesturisme.cat\/wp-includes\/images\/media\/default.png","width":1000,"height":720,"sizes":{"thumbnail":"https:\/\/www.bagesturisme.cat\/wp-content\/uploads\/2017\/09\/max-011532-306679-150x150.jpg","thumbnail-width":150,"thumbnail-height":150,"medium":"https:\/\/www.bagesturisme.cat\/wp-content\/uploads\/2017\/09\/max-011532-306679-556x400.jpg","medium-width":556,"medium-height":400,"medium_large":"https:\/\/www.bagesturisme.cat\/wp-content\/uploads\/2017\/09\/max-011532-306679-768x553.jpg","medium_large-width":768,"medium_large-height":553,"large":"https:\/\/www.bagesturisme.cat\/wp-content\/uploads\/2017\/09\/max-011532-306679.jpg","large-width":1000,"large-height":720,"1536x1536":"https:\/\/www.bagesturisme.cat\/wp-content\/uploads\/2017\/09\/max-011532-306679.jpg","1536x1536-width":1000,"1536x1536-height":720,"2048x2048":"https:\/\/www.bagesturisme.cat\/wp-content\/uploads\/2017\/09\/max-011532-306679.jpg","2048x2048-width":1000,"2048x2048-height":720,"blog-large":"https:\/\/www.bagesturisme.cat\/wp-content\/uploads\/2017\/09\/max-011532-306679.jpg","blog-large-width":378,"blog-large-height":272,"blog-medium":"https:\/\/www.bagesturisme.cat\/wp-content\/uploads\/2017\/09\/max-011532-306679.jpg","blog-medium-width":281,"blog-medium-height":202,"recent-posts":"https:\/\/www.bagesturisme.cat\/wp-content\/uploads\/2017\/09\/max-011532-306679.jpg","recent-posts-width":613,"recent-posts-height":441,"recent-works-thumbnail":"https:\/\/www.bagesturisme.cat\/wp-content\/uploads\/2017\/09\/max-011532-306679.jpg","recent-works-thumbnail-width":66,"recent-works-thumbnail-height":48,"fusion-200":"https:\/\/www.bagesturisme.cat\/wp-content\/uploads\/2017\/09\/max-011532-306679.jpg","fusion-200-width":200,"fusion-200-height":144,"fusion-400":"https:\/\/www.bagesturisme.cat\/wp-content\/uploads\/2017\/09\/max-011532-306679.jpg","fusion-400-width":400,"fusion-400-height":288,"fusion-600":"https:\/\/www.bagesturisme.cat\/wp-content\/uploads\/2017\/09\/max-011532-306679.jpg","fusion-600-width":600,"fusion-600-height":432,"fusion-800":"https:\/\/www.bagesturisme.cat\/wp-content\/uploads\/2017\/09\/max-011532-306679.jpg","fusion-800-width":800,"fusion-800-height":576,"fusion-1200":"https:\/\/www.bagesturisme.cat\/wp-content\/uploads\/2017\/09\/max-011532-306679.jpg","fusion-1200-width":1000,"fusion-1200-height":720,"portfolio-full":"https:\/\/www.bagesturisme.cat\/wp-content\/uploads\/2017\/09\/max-011532-306679.jpg","portfolio-full-width":556,"portfolio-full-height":400,"portfolio-one":"https:\/\/www.bagesturisme.cat\/wp-content\/uploads\/2017\/09\/max-011532-306679.jpg","portfolio-one-width":378,"portfolio-one-height":272,"portfolio-two":"https:\/\/www.bagesturisme.cat\/wp-content\/uploads\/2017\/09\/max-011532-306679.jpg","portfolio-two-width":410,"portfolio-two-height":295,"portfolio-three":"https:\/\/www.bagesturisme.cat\/wp-content\/uploads\/2017\/09\/max-011532-306679.jpg","portfolio-three-width":297,"portfolio-three-height":214,"portfolio-five":"https:\/\/www.bagesturisme.cat\/wp-content\/uploads\/2017\/09\/max-011532-306679.jpg","portfolio-five-width":177,"portfolio-five-height":127}},{"ID":4434,"id":4434,"title":"Sallar\u00e8s Rural. habitaci\u00f3","filename":"max-011532-5854963.jpg","filesize":103158,"url":"https:\/\/www.bagesturisme.cat\/wp-content\/uploads\/2017\/09\/max-011532-5854963.jpg","link":"https:\/\/www.bagesturisme.cat\/es\/allotjament\/sallares-rural\/max-011532-5854963\/","alt":"","author":"24","description":"","caption":"","name":"max-011532-5854963","status":"inherit","uploaded_to":4431,"date":"2017-09-28 16:32:17","modified":"2017-09-28 16:33:04","menu_order":0,"mime_type":"image\/jpeg","type":"image","subtype":"jpeg","icon":"https:\/\/www.bagesturisme.cat\/wp-includes\/images\/media\/default.png","width":1000,"height":720,"sizes":{"thumbnail":"https:\/\/www.bagesturisme.cat\/wp-content\/uploads\/2017\/09\/max-011532-5854963-150x150.jpg","thumbnail-width":150,"thumbnail-height":150,"medium":"https:\/\/www.bagesturisme.cat\/wp-content\/uploads\/2017\/09\/max-011532-5854963-556x400.jpg","medium-width":556,"medium-height":400,"medium_large":"https:\/\/www.bagesturisme.cat\/wp-content\/uploads\/2017\/09\/max-011532-5854963-768x553.jpg","medium_large-width":768,"medium_large-height":553,"large":"https:\/\/www.bagesturisme.cat\/wp-content\/uploads\/2017\/09\/max-011532-5854963.jpg","large-width":1000,"large-height":720,"1536x1536":"https:\/\/www.bagesturisme.cat\/wp-content\/uploads\/2017\/09\/max-011532-5854963.jpg","1536x1536-width":1000,"1536x1536-height":720,"2048x2048":"https:\/\/www.bagesturisme.cat\/wp-content\/uploads\/2017\/09\/max-011532-5854963.jpg","2048x2048-width":1000,"2048x2048-height":720,"blog-large":"https:\/\/www.bagesturisme.cat\/wp-content\/uploads\/2017\/09\/max-011532-5854963.jpg","blog-large-width":378,"blog-large-height":272,"blog-medium":"https:\/\/www.bagesturisme.cat\/wp-content\/uploads\/2017\/09\/max-011532-5854963.jpg","blog-medium-width":281,"blog-medium-height":202,"recent-posts":"https:\/\/www.bagesturisme.cat\/wp-content\/uploads\/2017\/09\/max-011532-5854963.jpg","recent-posts-width":613,"recent-posts-height":441,"recent-works-thumbnail":"https:\/\/www.bagesturisme.cat\/wp-content\/uploads\/2017\/09\/max-011532-5854963.jpg","recent-works-thumbnail-width":66,"recent-works-thumbnail-height":48,"fusion-200":"https:\/\/www.bagesturisme.cat\/wp-content\/uploads\/2017\/09\/max-011532-5854963.jpg","fusion-200-width":200,"fusion-200-height":144,"fusion-400":"https:\/\/www.bagesturisme.cat\/wp-content\/uploads\/2017\/09\/max-011532-5854963.jpg","fusion-400-width":400,"fusion-400-height":288,"fusion-600":"https:\/\/www.bagesturisme.cat\/wp-content\/uploads\/2017\/09\/max-011532-5854963.jpg","fusion-600-width":600,"fusion-600-height":432,"fusion-800":"https:\/\/www.bagesturisme.cat\/wp-content\/uploads\/2017\/09\/max-011532-5854963.jpg","fusion-800-width":800,"fusion-800-height":576,"fusion-1200":"https:\/\/www.bagesturisme.cat\/wp-content\/uploads\/2017\/09\/max-011532-5854963.jpg","fusion-1200-width":1000,"fusion-1200-height":720,"portfolio-full":"https:\/\/www.bagesturisme.cat\/wp-content\/uploads\/2017\/09\/max-011532-5854963.jpg","portfolio-full-width":556,"portfolio-full-height":400,"portfolio-one":"https:\/\/www.bagesturisme.cat\/wp-content\/uploads\/2017\/09\/max-011532-5854963.jpg","portfolio-one-width":378,"portfolio-one-height":272,"portfolio-two":"https:\/\/www.bagesturisme.cat\/wp-content\/uploads\/2017\/09\/max-011532-5854963.jpg","portfolio-two-width":410,"portfolio-two-height":295,"portfolio-three":"https:\/\/www.bagesturisme.cat\/wp-content\/uploads\/2017\/09\/max-011532-5854963.jpg","portfolio-three-width":297,"portfolio-three-height":214,"portfolio-five":"https:\/\/www.bagesturisme.cat\/wp-content\/uploads\/2017\/09\/max-011532-5854963.jpg","portfolio-five-width":177,"portfolio-five-height":127}}],"ubicacio":{"address":"sallar\u00e8s rural sallent","lat":"41.84122259999999","lng":"1.9204056999999466"}},"_links":{"self":[{"href":"https:\/\/www.bagesturisme.cat\/es\/wp-json\/wp\/v2\/allotjament\/4431","targetHints":{"allow":["GET"]}}],"collection":[{"href":"https:\/\/www.bagesturisme.cat\/es\/wp-json\/wp\/v2\/allotjament"}],"about":[{"href":"https:\/\/www.bagesturisme.cat\/es\/wp-json\/wp\/v2\/types\/allotjament"}],"author":[{"embeddable":true,"href":"https:\/\/www.bagesturisme.cat\/es\/wp-json\/wp\/v2\/users\/24"}],"version-history":[{"count":6,"href":"https:\/\/www.bagesturisme.cat\/es\/wp-json\/wp\/v2\/allotjament\/4431\/revisions"}],"predecessor-version":[{"id":8689,"href":"https:\/\/www.bagesturisme.cat\/es\/wp-json\/wp\/v2\/allotjament\/4431\/revisions\/8689"}],"wp:featuredmedia":[{"embeddable":true,"href":"https:\/\/www.bagesturisme.cat\/es\/wp-json\/wp\/v2\/media\/8688"}],"wp:attachment":[{"href":"https:\/\/www.bagesturisme.cat\/es\/wp-json\/wp\/v2\/media?parent=4431"}],"curies":[{"name":"wp","href":"https:\/\/api.w.org\/{rel}","templated":true}]}}