{"id":42,"date":"2016-12-15T13:09:58","date_gmt":"2016-12-15T12:09:58","guid":{"rendered":"https:\/\/bagesturisme.cat\/allotjament\/hotel-hostal-del-camp\/"},"modified":"2022-09-28T11:00:44","modified_gmt":"2022-09-28T10:00:44","slug":"hotel-mas-sala","status":"publish","type":"allotjament","link":"https:\/\/www.bagesturisme.cat\/es\/allotjament\/hotel-mas-sala\/","title":{"rendered":"Hotel \u2013 Mas de la Sala ****"},"content":{"rendered":"Mas de la Sala, antiguo Hostal del Camp, tiene su origen en la finca Familiar del siglo XII. Est\u00e1 situado en pleno Pla de Bages, en una zona de gran tranquilidad, donde se ofrece un servicio hotelero de cuatro estrellas y restaurante de cocina tradicional de proximidad. Trato cercano y casero. Presidiendo los jardines y haciendo homenaje a las ra\u00edces de campesinado, hay plantados 3 cipreses, una barraca de vi\u00f1a, un pozo de hielo, cepas y olivos. Instalaciones adecuadas para atender cualquier tipo de celebraci\u00f3n y evento. Dispone de piscina exterior, gimnasio, alquiler de bicicletas el\u00e9ctricas (por encargo) &#8230; En los alrededores del hotel hay una gran variedad de actividades de recreo; karting, vuelos en globo y paramotor, rutas de bicicleta de monta\u00f1a y de carretera, senderismo, h\u00edpica, saltos con paraca\u00eddas y t\u00fanel de viento, pitch and putt &#8230;<br \/>\nHotel Bikefriendly y Petfriendly. Preparado tambi\u00e9n para coches el\u00e9ctricos.<br \/>\nSabes el significado de los 3 cipreses plantados en una casa de campo de la zona? &#8230; Bienvenido!<br \/>","protected":false},"author":24,"featured_media":10066,"template":"","class_list":["post-42","allotjament","type-allotjament","status-publish","has-post-thumbnail","hentry","municipi-sallent","indicadors-geoparc-de-la-catalunya-central","indicadors-biosphere","indicadors-pit","indicadors-familiar","indicadors-pagament-amb-targeta","indicadors-mobilitat-reduida","indicadors-quatre-estrelles","tipus-allotjament-hotel"],"acf":{"adreca":"Ctra. C-16, Km 59, Sallent","web":"http:\/\/www.masdelasala.com","email":"info@masdelasala.com","tel":"93 837 08 77","galeria":[{"ID":8727,"id":8727,"title":"Mas de la sala gimn\u00e0s","filename":"Mas-de-la-sala-gimnas.jpg","filesize":90248,"url":"https:\/\/www.bagesturisme.cat\/wp-content\/uploads\/2016\/12\/Mas-de-la-sala-gimnas.jpg","link":"https:\/\/www.bagesturisme.cat\/es\/allotjament\/hotel-mas-sala\/mas-de-la-sala-gimnas\/","alt":"","author":"3","description":"","caption":"","name":"mas-de-la-sala-gimnas","status":"inherit","uploaded_to":42,"date":"2021-02-05 14:09:38","modified":"2021-02-05 14:09:41","menu_order":0,"mime_type":"image\/jpeg","type":"image","subtype":"jpeg","icon":"https:\/\/www.bagesturisme.cat\/wp-includes\/images\/media\/default.png","width":1024,"height":544,"sizes":{"thumbnail":"https:\/\/www.bagesturisme.cat\/wp-content\/uploads\/2016\/12\/Mas-de-la-sala-gimnas-150x150.jpg","thumbnail-width":150,"thumbnail-height":150,"medium":"https:\/\/www.bagesturisme.cat\/wp-content\/uploads\/2016\/12\/Mas-de-la-sala-gimnas-753x400.jpg","medium-width":753,"medium-height":400,"medium_large":"https:\/\/www.bagesturisme.cat\/wp-content\/uploads\/2016\/12\/Mas-de-la-sala-gimnas-768x408.jpg","medium_large-width":768,"medium_large-height":408,"large":"https:\/\/www.bagesturisme.cat\/wp-content\/uploads\/2016\/12\/Mas-de-la-sala-gimnas.jpg","large-width":1024,"large-height":544,"1536x1536":"https:\/\/www.bagesturisme.cat\/wp-content\/uploads\/2016\/12\/Mas-de-la-sala-gimnas.jpg","1536x1536-width":1024,"1536x1536-height":544,"2048x2048":"https:\/\/www.bagesturisme.cat\/wp-content\/uploads\/2016\/12\/Mas-de-la-sala-gimnas.jpg","2048x2048-width":1024,"2048x2048-height":544,"blog-large":"https:\/\/www.bagesturisme.cat\/wp-content\/uploads\/2016\/12\/Mas-de-la-sala-gimnas.jpg","blog-large-width":512,"blog-large-height":272,"blog-medium":"https:\/\/www.bagesturisme.cat\/wp-content\/uploads\/2016\/12\/Mas-de-la-sala-gimnas.jpg","blog-medium-width":320,"blog-medium-height":170,"recent-posts":"https:\/\/www.bagesturisme.cat\/wp-content\/uploads\/2016\/12\/Mas-de-la-sala-gimnas.jpg","recent-posts-width":700,"recent-posts-height":372,"recent-works-thumbnail":"https:\/\/www.bagesturisme.cat\/wp-content\/uploads\/2016\/12\/Mas-de-la-sala-gimnas.jpg","recent-works-thumbnail-width":66,"recent-works-thumbnail-height":35,"fusion-200":"https:\/\/www.bagesturisme.cat\/wp-content\/uploads\/2016\/12\/Mas-de-la-sala-gimnas.jpg","fusion-200-width":200,"fusion-200-height":106,"fusion-400":"https:\/\/www.bagesturisme.cat\/wp-content\/uploads\/2016\/12\/Mas-de-la-sala-gimnas.jpg","fusion-400-width":400,"fusion-400-height":213,"fusion-600":"https:\/\/www.bagesturisme.cat\/wp-content\/uploads\/2016\/12\/Mas-de-la-sala-gimnas.jpg","fusion-600-width":600,"fusion-600-height":319,"fusion-800":"https:\/\/www.bagesturisme.cat\/wp-content\/uploads\/2016\/12\/Mas-de-la-sala-gimnas.jpg","fusion-800-width":800,"fusion-800-height":425,"fusion-1200":"https:\/\/www.bagesturisme.cat\/wp-content\/uploads\/2016\/12\/Mas-de-la-sala-gimnas.jpg","fusion-1200-width":1024,"fusion-1200-height":544,"portfolio-full":"https:\/\/www.bagesturisme.cat\/wp-content\/uploads\/2016\/12\/Mas-de-la-sala-gimnas.jpg","portfolio-full-width":753,"portfolio-full-height":400,"portfolio-one":"https:\/\/www.bagesturisme.cat\/wp-content\/uploads\/2016\/12\/Mas-de-la-sala-gimnas.jpg","portfolio-one-width":512,"portfolio-one-height":272,"portfolio-two":"https:\/\/www.bagesturisme.cat\/wp-content\/uploads\/2016\/12\/Mas-de-la-sala-gimnas.jpg","portfolio-two-width":460,"portfolio-two-height":244,"portfolio-three":"https:\/\/www.bagesturisme.cat\/wp-content\/uploads\/2016\/12\/Mas-de-la-sala-gimnas.jpg","portfolio-three-width":300,"portfolio-three-height":159,"portfolio-five":"https:\/\/www.bagesturisme.cat\/wp-content\/uploads\/2016\/12\/Mas-de-la-sala-gimnas.jpg","portfolio-five-width":177,"portfolio-five-height":94}},{"ID":8728,"id":8728,"title":"Mas de la Sala","filename":"Mas-de-la-Sala.jpg","filesize":103938,"url":"https:\/\/www.bagesturisme.cat\/wp-content\/uploads\/2016\/12\/Mas-de-la-Sala.jpg","link":"https:\/\/www.bagesturisme.cat\/es\/allotjament\/hotel-mas-sala\/mas-de-la-sala\/","alt":"","author":"3","description":"","caption":"","name":"mas-de-la-sala","status":"inherit","uploaded_to":42,"date":"2021-02-05 14:09:39","modified":"2021-03-29 09:14:03","menu_order":0,"mime_type":"image\/jpeg","type":"image","subtype":"jpeg","icon":"https:\/\/www.bagesturisme.cat\/wp-includes\/images\/media\/default.png","width":1024,"height":500,"sizes":{"thumbnail":"https:\/\/www.bagesturisme.cat\/wp-content\/uploads\/2016\/12\/Mas-de-la-Sala-150x150.jpg","thumbnail-width":150,"thumbnail-height":150,"medium":"https:\/\/www.bagesturisme.cat\/wp-content\/uploads\/2016\/12\/Mas-de-la-Sala-800x391.jpg","medium-width":800,"medium-height":391,"medium_large":"https:\/\/www.bagesturisme.cat\/wp-content\/uploads\/2016\/12\/Mas-de-la-Sala-768x375.jpg","medium_large-width":768,"medium_large-height":375,"large":"https:\/\/www.bagesturisme.cat\/wp-content\/uploads\/2016\/12\/Mas-de-la-Sala.jpg","large-width":1024,"large-height":500,"1536x1536":"https:\/\/www.bagesturisme.cat\/wp-content\/uploads\/2016\/12\/Mas-de-la-Sala.jpg","1536x1536-width":1024,"1536x1536-height":500,"2048x2048":"https:\/\/www.bagesturisme.cat\/wp-content\/uploads\/2016\/12\/Mas-de-la-Sala.jpg","2048x2048-width":1024,"2048x2048-height":500,"blog-large":"https:\/\/www.bagesturisme.cat\/wp-content\/uploads\/2016\/12\/Mas-de-la-Sala.jpg","blog-large-width":557,"blog-large-height":272,"blog-medium":"https:\/\/www.bagesturisme.cat\/wp-content\/uploads\/2016\/12\/Mas-de-la-Sala.jpg","blog-medium-width":320,"blog-medium-height":156,"recent-posts":"https:\/\/www.bagesturisme.cat\/wp-content\/uploads\/2016\/12\/Mas-de-la-Sala.jpg","recent-posts-width":700,"recent-posts-height":342,"recent-works-thumbnail":"https:\/\/www.bagesturisme.cat\/wp-content\/uploads\/2016\/12\/Mas-de-la-Sala.jpg","recent-works-thumbnail-width":66,"recent-works-thumbnail-height":32,"fusion-200":"https:\/\/www.bagesturisme.cat\/wp-content\/uploads\/2016\/12\/Mas-de-la-Sala.jpg","fusion-200-width":200,"fusion-200-height":98,"fusion-400":"https:\/\/www.bagesturisme.cat\/wp-content\/uploads\/2016\/12\/Mas-de-la-Sala.jpg","fusion-400-width":400,"fusion-400-height":195,"fusion-600":"https:\/\/www.bagesturisme.cat\/wp-content\/uploads\/2016\/12\/Mas-de-la-Sala.jpg","fusion-600-width":600,"fusion-600-height":293,"fusion-800":"https:\/\/www.bagesturisme.cat\/wp-content\/uploads\/2016\/12\/Mas-de-la-Sala.jpg","fusion-800-width":800,"fusion-800-height":391,"fusion-1200":"https:\/\/www.bagesturisme.cat\/wp-content\/uploads\/2016\/12\/Mas-de-la-Sala.jpg","fusion-1200-width":1024,"fusion-1200-height":500,"portfolio-full":"https:\/\/www.bagesturisme.cat\/wp-content\/uploads\/2016\/12\/Mas-de-la-Sala.jpg","portfolio-full-width":819,"portfolio-full-height":400,"portfolio-one":"https:\/\/www.bagesturisme.cat\/wp-content\/uploads\/2016\/12\/Mas-de-la-Sala.jpg","portfolio-one-width":540,"portfolio-one-height":264,"portfolio-two":"https:\/\/www.bagesturisme.cat\/wp-content\/uploads\/2016\/12\/Mas-de-la-Sala.jpg","portfolio-two-width":460,"portfolio-two-height":225,"portfolio-three":"https:\/\/www.bagesturisme.cat\/wp-content\/uploads\/2016\/12\/Mas-de-la-Sala.jpg","portfolio-three-width":300,"portfolio-three-height":146,"portfolio-five":"https:\/\/www.bagesturisme.cat\/wp-content\/uploads\/2016\/12\/Mas-de-la-Sala.jpg","portfolio-five-width":177,"portfolio-five-height":86}},{"ID":8729,"id":8729,"title":"Mas de la Sala2","filename":"Mas-de-la-Sala2.jpg","filesize":43751,"url":"https:\/\/www.bagesturisme.cat\/wp-content\/uploads\/2016\/12\/Mas-de-la-Sala2.jpg","link":"https:\/\/www.bagesturisme.cat\/es\/allotjament\/hotel-mas-sala\/mas-de-la-sala2\/","alt":"","author":"3","description":"","caption":"","name":"mas-de-la-sala2","status":"inherit","uploaded_to":42,"date":"2021-02-05 14:09:39","modified":"2021-02-05 14:09:39","menu_order":0,"mime_type":"image\/jpeg","type":"image","subtype":"jpeg","icon":"https:\/\/www.bagesturisme.cat\/wp-includes\/images\/media\/default.png","width":1024,"height":500,"sizes":{"thumbnail":"https:\/\/www.bagesturisme.cat\/wp-content\/uploads\/2016\/12\/Mas-de-la-Sala2-150x150.jpg","thumbnail-width":150,"thumbnail-height":150,"medium":"https:\/\/www.bagesturisme.cat\/wp-content\/uploads\/2016\/12\/Mas-de-la-Sala2-800x391.jpg","medium-width":800,"medium-height":391,"medium_large":"https:\/\/www.bagesturisme.cat\/wp-content\/uploads\/2016\/12\/Mas-de-la-Sala2-768x375.jpg","medium_large-width":768,"medium_large-height":375,"large":"https:\/\/www.bagesturisme.cat\/wp-content\/uploads\/2016\/12\/Mas-de-la-Sala2.jpg","large-width":1024,"large-height":500,"1536x1536":"https:\/\/www.bagesturisme.cat\/wp-content\/uploads\/2016\/12\/Mas-de-la-Sala2.jpg","1536x1536-width":1024,"1536x1536-height":500,"2048x2048":"https:\/\/www.bagesturisme.cat\/wp-content\/uploads\/2016\/12\/Mas-de-la-Sala2.jpg","2048x2048-width":1024,"2048x2048-height":500,"blog-large":"https:\/\/www.bagesturisme.cat\/wp-content\/uploads\/2016\/12\/Mas-de-la-Sala2.jpg","blog-large-width":557,"blog-large-height":272,"blog-medium":"https:\/\/www.bagesturisme.cat\/wp-content\/uploads\/2016\/12\/Mas-de-la-Sala2.jpg","blog-medium-width":320,"blog-medium-height":156,"recent-posts":"https:\/\/www.bagesturisme.cat\/wp-content\/uploads\/2016\/12\/Mas-de-la-Sala2.jpg","recent-posts-width":700,"recent-posts-height":342,"recent-works-thumbnail":"https:\/\/www.bagesturisme.cat\/wp-content\/uploads\/2016\/12\/Mas-de-la-Sala2.jpg","recent-works-thumbnail-width":66,"recent-works-thumbnail-height":32,"fusion-200":"https:\/\/www.bagesturisme.cat\/wp-content\/uploads\/2016\/12\/Mas-de-la-Sala2.jpg","fusion-200-width":200,"fusion-200-height":98,"fusion-400":"https:\/\/www.bagesturisme.cat\/wp-content\/uploads\/2016\/12\/Mas-de-la-Sala2.jpg","fusion-400-width":400,"fusion-400-height":195,"fusion-600":"https:\/\/www.bagesturisme.cat\/wp-content\/uploads\/2016\/12\/Mas-de-la-Sala2.jpg","fusion-600-width":600,"fusion-600-height":293,"fusion-800":"https:\/\/www.bagesturisme.cat\/wp-content\/uploads\/2016\/12\/Mas-de-la-Sala2.jpg","fusion-800-width":800,"fusion-800-height":391,"fusion-1200":"https:\/\/www.bagesturisme.cat\/wp-content\/uploads\/2016\/12\/Mas-de-la-Sala2.jpg","fusion-1200-width":1024,"fusion-1200-height":500,"portfolio-full":"https:\/\/www.bagesturisme.cat\/wp-content\/uploads\/2016\/12\/Mas-de-la-Sala2.jpg","portfolio-full-width":819,"portfolio-full-height":400,"portfolio-one":"https:\/\/www.bagesturisme.cat\/wp-content\/uploads\/2016\/12\/Mas-de-la-Sala2.jpg","portfolio-one-width":540,"portfolio-one-height":264,"portfolio-two":"https:\/\/www.bagesturisme.cat\/wp-content\/uploads\/2016\/12\/Mas-de-la-Sala2.jpg","portfolio-two-width":460,"portfolio-two-height":225,"portfolio-three":"https:\/\/www.bagesturisme.cat\/wp-content\/uploads\/2016\/12\/Mas-de-la-Sala2.jpg","portfolio-three-width":300,"portfolio-three-height":146,"portfolio-five":"https:\/\/www.bagesturisme.cat\/wp-content\/uploads\/2016\/12\/Mas-de-la-Sala2.jpg","portfolio-five-width":177,"portfolio-five-height":86}},{"ID":10071,"id":10071,"title":"DCIM100MEDIADJI_0013.JPG","filename":"complejo-mas-de-la-sala-scaled.jpg","filesize":712880,"url":"https:\/\/www.bagesturisme.cat\/wp-content\/uploads\/2016\/12\/complejo-mas-de-la-sala-scaled.jpg","link":"https:\/\/www.bagesturisme.cat\/es\/allotjament\/hotel-mas-sala\/dcim100mediadji_0013-jpg\/","alt":"","author":"3","description":"","caption":"DCIM100MEDIADJI_0013.JPG","name":"dcim100mediadji_0013-jpg","status":"inherit","uploaded_to":42,"date":"2021-06-07 09:57:34","modified":"2021-06-07 09:58:50","menu_order":0,"mime_type":"image\/jpeg","type":"image","subtype":"jpeg","icon":"https:\/\/www.bagesturisme.cat\/wp-includes\/images\/media\/default.png","width":2560,"height":1707,"sizes":{"thumbnail":"https:\/\/www.bagesturisme.cat\/wp-content\/uploads\/2016\/12\/complejo-mas-de-la-sala-150x150.jpg","thumbnail-width":150,"thumbnail-height":150,"medium":"https:\/\/www.bagesturisme.cat\/wp-content\/uploads\/2016\/12\/complejo-mas-de-la-sala-600x400.jpg","medium-width":600,"medium-height":400,"medium_large":"https:\/\/www.bagesturisme.cat\/wp-content\/uploads\/2016\/12\/complejo-mas-de-la-sala-768x512.jpg","medium_large-width":768,"medium_large-height":512,"large":"https:\/\/www.bagesturisme.cat\/wp-content\/uploads\/2016\/12\/complejo-mas-de-la-sala-1280x853.jpg","large-width":1170,"large-height":780,"1536x1536":"https:\/\/www.bagesturisme.cat\/wp-content\/uploads\/2016\/12\/complejo-mas-de-la-sala-1536x1024.jpg","1536x1536-width":1536,"1536x1536-height":1024,"2048x2048":"https:\/\/www.bagesturisme.cat\/wp-content\/uploads\/2016\/12\/complejo-mas-de-la-sala-2048x1365.jpg","2048x2048-width":2048,"2048x2048-height":1365,"blog-large":"https:\/\/www.bagesturisme.cat\/wp-content\/uploads\/2016\/12\/complejo-mas-de-la-sala-scaled.jpg","blog-large-width":408,"blog-large-height":272,"blog-medium":"https:\/\/www.bagesturisme.cat\/wp-content\/uploads\/2016\/12\/complejo-mas-de-la-sala-scaled.jpg","blog-medium-width":303,"blog-medium-height":202,"recent-posts":"https:\/\/www.bagesturisme.cat\/wp-content\/uploads\/2016\/12\/complejo-mas-de-la-sala-scaled.jpg","recent-posts-width":661,"recent-posts-height":441,"recent-works-thumbnail":"https:\/\/www.bagesturisme.cat\/wp-content\/uploads\/2016\/12\/complejo-mas-de-la-sala-scaled.jpg","recent-works-thumbnail-width":66,"recent-works-thumbnail-height":44,"fusion-200":"https:\/\/www.bagesturisme.cat\/wp-content\/uploads\/2016\/12\/complejo-mas-de-la-sala-scaled.jpg","fusion-200-width":200,"fusion-200-height":133,"fusion-400":"https:\/\/www.bagesturisme.cat\/wp-content\/uploads\/2016\/12\/complejo-mas-de-la-sala-scaled.jpg","fusion-400-width":400,"fusion-400-height":267,"fusion-600":"https:\/\/www.bagesturisme.cat\/wp-content\/uploads\/2016\/12\/complejo-mas-de-la-sala-scaled.jpg","fusion-600-width":600,"fusion-600-height":400,"fusion-800":"https:\/\/www.bagesturisme.cat\/wp-content\/uploads\/2016\/12\/complejo-mas-de-la-sala-scaled.jpg","fusion-800-width":800,"fusion-800-height":533,"fusion-1200":"https:\/\/www.bagesturisme.cat\/wp-content\/uploads\/2016\/12\/complejo-mas-de-la-sala-scaled.jpg","fusion-1200-width":1200,"fusion-1200-height":800,"portfolio-full":"https:\/\/www.bagesturisme.cat\/wp-content\/uploads\/2016\/12\/complejo-mas-de-la-sala-scaled.jpg","portfolio-full-width":600,"portfolio-full-height":400,"portfolio-one":"https:\/\/www.bagesturisme.cat\/wp-content\/uploads\/2016\/12\/complejo-mas-de-la-sala-scaled.jpg","portfolio-one-width":408,"portfolio-one-height":272,"portfolio-two":"https:\/\/www.bagesturisme.cat\/wp-content\/uploads\/2016\/12\/complejo-mas-de-la-sala-scaled.jpg","portfolio-two-width":442,"portfolio-two-height":295,"portfolio-three":"https:\/\/www.bagesturisme.cat\/wp-content\/uploads\/2016\/12\/complejo-mas-de-la-sala-scaled.jpg","portfolio-three-width":300,"portfolio-three-height":200,"portfolio-five":"https:\/\/www.bagesturisme.cat\/wp-content\/uploads\/2016\/12\/complejo-mas-de-la-sala-scaled.jpg","portfolio-five-width":177,"portfolio-five-height":118}},{"ID":10072,"id":10072,"title":"entrada jard\u00edn mas de la sala 2","filename":"entrada-jardin-mas-de-la-sala-2-scaled.jpg","filesize":995774,"url":"https:\/\/www.bagesturisme.cat\/wp-content\/uploads\/2016\/12\/entrada-jardin-mas-de-la-sala-2-scaled.jpg","link":"https:\/\/www.bagesturisme.cat\/es\/allotjament\/hotel-mas-sala\/entrada-jardin-mas-de-la-sala-2\/","alt":"","author":"3","description":"","caption":"","name":"entrada-jardin-mas-de-la-sala-2","status":"inherit","uploaded_to":42,"date":"2021-06-07 09:57:41","modified":"2021-06-07 09:57:41","menu_order":0,"mime_type":"image\/jpeg","type":"image","subtype":"jpeg","icon":"https:\/\/www.bagesturisme.cat\/wp-includes\/images\/media\/default.png","width":2560,"height":1707,"sizes":{"thumbnail":"https:\/\/www.bagesturisme.cat\/wp-content\/uploads\/2016\/12\/entrada-jardin-mas-de-la-sala-2-150x150.jpg","thumbnail-width":150,"thumbnail-height":150,"medium":"https:\/\/www.bagesturisme.cat\/wp-content\/uploads\/2016\/12\/entrada-jardin-mas-de-la-sala-2-600x400.jpg","medium-width":600,"medium-height":400,"medium_large":"https:\/\/www.bagesturisme.cat\/wp-content\/uploads\/2016\/12\/entrada-jardin-mas-de-la-sala-2-768x512.jpg","medium_large-width":768,"medium_large-height":512,"large":"https:\/\/www.bagesturisme.cat\/wp-content\/uploads\/2016\/12\/entrada-jardin-mas-de-la-sala-2-1280x853.jpg","large-width":1170,"large-height":780,"1536x1536":"https:\/\/www.bagesturisme.cat\/wp-content\/uploads\/2016\/12\/entrada-jardin-mas-de-la-sala-2-1536x1024.jpg","1536x1536-width":1536,"1536x1536-height":1024,"2048x2048":"https:\/\/www.bagesturisme.cat\/wp-content\/uploads\/2016\/12\/entrada-jardin-mas-de-la-sala-2-2048x1366.jpg","2048x2048-width":2048,"2048x2048-height":1366,"blog-large":"https:\/\/www.bagesturisme.cat\/wp-content\/uploads\/2016\/12\/entrada-jardin-mas-de-la-sala-2-scaled.jpg","blog-large-width":408,"blog-large-height":272,"blog-medium":"https:\/\/www.bagesturisme.cat\/wp-content\/uploads\/2016\/12\/entrada-jardin-mas-de-la-sala-2-scaled.jpg","blog-medium-width":303,"blog-medium-height":202,"recent-posts":"https:\/\/www.bagesturisme.cat\/wp-content\/uploads\/2016\/12\/entrada-jardin-mas-de-la-sala-2-scaled.jpg","recent-posts-width":661,"recent-posts-height":441,"recent-works-thumbnail":"https:\/\/www.bagesturisme.cat\/wp-content\/uploads\/2016\/12\/entrada-jardin-mas-de-la-sala-2-scaled.jpg","recent-works-thumbnail-width":66,"recent-works-thumbnail-height":44,"fusion-200":"https:\/\/www.bagesturisme.cat\/wp-content\/uploads\/2016\/12\/entrada-jardin-mas-de-la-sala-2-scaled.jpg","fusion-200-width":200,"fusion-200-height":133,"fusion-400":"https:\/\/www.bagesturisme.cat\/wp-content\/uploads\/2016\/12\/entrada-jardin-mas-de-la-sala-2-scaled.jpg","fusion-400-width":400,"fusion-400-height":267,"fusion-600":"https:\/\/www.bagesturisme.cat\/wp-content\/uploads\/2016\/12\/entrada-jardin-mas-de-la-sala-2-scaled.jpg","fusion-600-width":600,"fusion-600-height":400,"fusion-800":"https:\/\/www.bagesturisme.cat\/wp-content\/uploads\/2016\/12\/entrada-jardin-mas-de-la-sala-2-scaled.jpg","fusion-800-width":800,"fusion-800-height":533,"fusion-1200":"https:\/\/www.bagesturisme.cat\/wp-content\/uploads\/2016\/12\/entrada-jardin-mas-de-la-sala-2-scaled.jpg","fusion-1200-width":1200,"fusion-1200-height":800,"portfolio-full":"https:\/\/www.bagesturisme.cat\/wp-content\/uploads\/2016\/12\/entrada-jardin-mas-de-la-sala-2-scaled.jpg","portfolio-full-width":600,"portfolio-full-height":400,"portfolio-one":"https:\/\/www.bagesturisme.cat\/wp-content\/uploads\/2016\/12\/entrada-jardin-mas-de-la-sala-2-scaled.jpg","portfolio-one-width":408,"portfolio-one-height":272,"portfolio-two":"https:\/\/www.bagesturisme.cat\/wp-content\/uploads\/2016\/12\/entrada-jardin-mas-de-la-sala-2-scaled.jpg","portfolio-two-width":442,"portfolio-two-height":295,"portfolio-three":"https:\/\/www.bagesturisme.cat\/wp-content\/uploads\/2016\/12\/entrada-jardin-mas-de-la-sala-2-scaled.jpg","portfolio-three-width":300,"portfolio-three-height":200,"portfolio-five":"https:\/\/www.bagesturisme.cat\/wp-content\/uploads\/2016\/12\/entrada-jardin-mas-de-la-sala-2-scaled.jpg","portfolio-five-width":177,"portfolio-five-height":118}},{"ID":10073,"id":10073,"title":"gimnasio mas de la sala","filename":"gimnasio-mas-de-la-sala.jpg","filesize":90248,"url":"https:\/\/www.bagesturisme.cat\/wp-content\/uploads\/2016\/12\/gimnasio-mas-de-la-sala.jpg","link":"https:\/\/www.bagesturisme.cat\/es\/allotjament\/hotel-mas-sala\/gimnasio-mas-de-la-sala\/","alt":"","author":"3","description":"","caption":"","name":"gimnasio-mas-de-la-sala","status":"inherit","uploaded_to":42,"date":"2021-06-07 09:57:47","modified":"2021-06-07 09:57:47","menu_order":0,"mime_type":"image\/jpeg","type":"image","subtype":"jpeg","icon":"https:\/\/www.bagesturisme.cat\/wp-includes\/images\/media\/default.png","width":1024,"height":544,"sizes":{"thumbnail":"https:\/\/www.bagesturisme.cat\/wp-content\/uploads\/2016\/12\/gimnasio-mas-de-la-sala-150x150.jpg","thumbnail-width":150,"thumbnail-height":150,"medium":"https:\/\/www.bagesturisme.cat\/wp-content\/uploads\/2016\/12\/gimnasio-mas-de-la-sala-753x400.jpg","medium-width":753,"medium-height":400,"medium_large":"https:\/\/www.bagesturisme.cat\/wp-content\/uploads\/2016\/12\/gimnasio-mas-de-la-sala-768x408.jpg","medium_large-width":768,"medium_large-height":408,"large":"https:\/\/www.bagesturisme.cat\/wp-content\/uploads\/2016\/12\/gimnasio-mas-de-la-sala.jpg","large-width":1024,"large-height":544,"1536x1536":"https:\/\/www.bagesturisme.cat\/wp-content\/uploads\/2016\/12\/gimnasio-mas-de-la-sala.jpg","1536x1536-width":1024,"1536x1536-height":544,"2048x2048":"https:\/\/www.bagesturisme.cat\/wp-content\/uploads\/2016\/12\/gimnasio-mas-de-la-sala.jpg","2048x2048-width":1024,"2048x2048-height":544,"blog-large":"https:\/\/www.bagesturisme.cat\/wp-content\/uploads\/2016\/12\/gimnasio-mas-de-la-sala.jpg","blog-large-width":512,"blog-large-height":272,"blog-medium":"https:\/\/www.bagesturisme.cat\/wp-content\/uploads\/2016\/12\/gimnasio-mas-de-la-sala.jpg","blog-medium-width":320,"blog-medium-height":170,"recent-posts":"https:\/\/www.bagesturisme.cat\/wp-content\/uploads\/2016\/12\/gimnasio-mas-de-la-sala.jpg","recent-posts-width":700,"recent-posts-height":372,"recent-works-thumbnail":"https:\/\/www.bagesturisme.cat\/wp-content\/uploads\/2016\/12\/gimnasio-mas-de-la-sala.jpg","recent-works-thumbnail-width":66,"recent-works-thumbnail-height":35,"fusion-200":"https:\/\/www.bagesturisme.cat\/wp-content\/uploads\/2016\/12\/gimnasio-mas-de-la-sala.jpg","fusion-200-width":200,"fusion-200-height":106,"fusion-400":"https:\/\/www.bagesturisme.cat\/wp-content\/uploads\/2016\/12\/gimnasio-mas-de-la-sala.jpg","fusion-400-width":400,"fusion-400-height":213,"fusion-600":"https:\/\/www.bagesturisme.cat\/wp-content\/uploads\/2016\/12\/gimnasio-mas-de-la-sala.jpg","fusion-600-width":600,"fusion-600-height":319,"fusion-800":"https:\/\/www.bagesturisme.cat\/wp-content\/uploads\/2016\/12\/gimnasio-mas-de-la-sala.jpg","fusion-800-width":800,"fusion-800-height":425,"fusion-1200":"https:\/\/www.bagesturisme.cat\/wp-content\/uploads\/2016\/12\/gimnasio-mas-de-la-sala.jpg","fusion-1200-width":1024,"fusion-1200-height":544,"portfolio-full":"https:\/\/www.bagesturisme.cat\/wp-content\/uploads\/2016\/12\/gimnasio-mas-de-la-sala.jpg","portfolio-full-width":753,"portfolio-full-height":400,"portfolio-one":"https:\/\/www.bagesturisme.cat\/wp-content\/uploads\/2016\/12\/gimnasio-mas-de-la-sala.jpg","portfolio-one-width":512,"portfolio-one-height":272,"portfolio-two":"https:\/\/www.bagesturisme.cat\/wp-content\/uploads\/2016\/12\/gimnasio-mas-de-la-sala.jpg","portfolio-two-width":460,"portfolio-two-height":244,"portfolio-three":"https:\/\/www.bagesturisme.cat\/wp-content\/uploads\/2016\/12\/gimnasio-mas-de-la-sala.jpg","portfolio-three-width":300,"portfolio-three-height":159,"portfolio-five":"https:\/\/www.bagesturisme.cat\/wp-content\/uploads\/2016\/12\/gimnasio-mas-de-la-sala.jpg","portfolio-five-width":177,"portfolio-five-height":94}},{"ID":10074,"id":10074,"title":"guarda bicicletas mas de la sala 1","filename":"guarda-bicicletas-mas-de-la-sala-1.jpg","filesize":5130182,"url":"https:\/\/www.bagesturisme.cat\/wp-content\/uploads\/2016\/12\/guarda-bicicletas-mas-de-la-sala-1.jpg","link":"https:\/\/www.bagesturisme.cat\/es\/allotjament\/hotel-mas-sala\/guarda-bicicletas-mas-de-la-sala-1\/","alt":"","author":"3","description":"","caption":"","name":"guarda-bicicletas-mas-de-la-sala-1","status":"inherit","uploaded_to":42,"date":"2021-06-07 09:57:48","modified":"2021-06-07 09:57:48","menu_order":0,"mime_type":"image\/jpeg","type":"image","subtype":"jpeg","icon":"https:\/\/www.bagesturisme.cat\/wp-includes\/images\/media\/default.png","width":2520,"height":1680,"sizes":{"thumbnail":"https:\/\/www.bagesturisme.cat\/wp-content\/uploads\/2016\/12\/guarda-bicicletas-mas-de-la-sala-1-150x150.jpg","thumbnail-width":150,"thumbnail-height":150,"medium":"https:\/\/www.bagesturisme.cat\/wp-content\/uploads\/2016\/12\/guarda-bicicletas-mas-de-la-sala-1-600x400.jpg","medium-width":600,"medium-height":400,"medium_large":"https:\/\/www.bagesturisme.cat\/wp-content\/uploads\/2016\/12\/guarda-bicicletas-mas-de-la-sala-1-768x512.jpg","medium_large-width":768,"medium_large-height":512,"large":"https:\/\/www.bagesturisme.cat\/wp-content\/uploads\/2016\/12\/guarda-bicicletas-mas-de-la-sala-1-1280x853.jpg","large-width":1170,"large-height":780,"1536x1536":"https:\/\/www.bagesturisme.cat\/wp-content\/uploads\/2016\/12\/guarda-bicicletas-mas-de-la-sala-1-1536x1024.jpg","1536x1536-width":1536,"1536x1536-height":1024,"2048x2048":"https:\/\/www.bagesturisme.cat\/wp-content\/uploads\/2016\/12\/guarda-bicicletas-mas-de-la-sala-1-2048x1365.jpg","2048x2048-width":2048,"2048x2048-height":1365,"blog-large":"https:\/\/www.bagesturisme.cat\/wp-content\/uploads\/2016\/12\/guarda-bicicletas-mas-de-la-sala-1.jpg","blog-large-width":408,"blog-large-height":272,"blog-medium":"https:\/\/www.bagesturisme.cat\/wp-content\/uploads\/2016\/12\/guarda-bicicletas-mas-de-la-sala-1.jpg","blog-medium-width":303,"blog-medium-height":202,"recent-posts":"https:\/\/www.bagesturisme.cat\/wp-content\/uploads\/2016\/12\/guarda-bicicletas-mas-de-la-sala-1.jpg","recent-posts-width":662,"recent-posts-height":441,"recent-works-thumbnail":"https:\/\/www.bagesturisme.cat\/wp-content\/uploads\/2016\/12\/guarda-bicicletas-mas-de-la-sala-1.jpg","recent-works-thumbnail-width":66,"recent-works-thumbnail-height":44,"fusion-200":"https:\/\/www.bagesturisme.cat\/wp-content\/uploads\/2016\/12\/guarda-bicicletas-mas-de-la-sala-1.jpg","fusion-200-width":200,"fusion-200-height":133,"fusion-400":"https:\/\/www.bagesturisme.cat\/wp-content\/uploads\/2016\/12\/guarda-bicicletas-mas-de-la-sala-1.jpg","fusion-400-width":400,"fusion-400-height":267,"fusion-600":"https:\/\/www.bagesturisme.cat\/wp-content\/uploads\/2016\/12\/guarda-bicicletas-mas-de-la-sala-1.jpg","fusion-600-width":600,"fusion-600-height":400,"fusion-800":"https:\/\/www.bagesturisme.cat\/wp-content\/uploads\/2016\/12\/guarda-bicicletas-mas-de-la-sala-1.jpg","fusion-800-width":800,"fusion-800-height":533,"fusion-1200":"https:\/\/www.bagesturisme.cat\/wp-content\/uploads\/2016\/12\/guarda-bicicletas-mas-de-la-sala-1.jpg","fusion-1200-width":1200,"fusion-1200-height":800,"portfolio-full":"https:\/\/www.bagesturisme.cat\/wp-content\/uploads\/2016\/12\/guarda-bicicletas-mas-de-la-sala-1.jpg","portfolio-full-width":600,"portfolio-full-height":400,"portfolio-one":"https:\/\/www.bagesturisme.cat\/wp-content\/uploads\/2016\/12\/guarda-bicicletas-mas-de-la-sala-1.jpg","portfolio-one-width":408,"portfolio-one-height":272,"portfolio-two":"https:\/\/www.bagesturisme.cat\/wp-content\/uploads\/2016\/12\/guarda-bicicletas-mas-de-la-sala-1.jpg","portfolio-two-width":443,"portfolio-two-height":295,"portfolio-three":"https:\/\/www.bagesturisme.cat\/wp-content\/uploads\/2016\/12\/guarda-bicicletas-mas-de-la-sala-1.jpg","portfolio-three-width":300,"portfolio-three-height":200,"portfolio-five":"https:\/\/www.bagesturisme.cat\/wp-content\/uploads\/2016\/12\/guarda-bicicletas-mas-de-la-sala-1.jpg","portfolio-five-width":177,"portfolio-five-height":118}},{"ID":10075,"id":10075,"title":"habitaci\u00f3n cu\u00e1druple (doble) hotel mas de la sala","filename":"habitacion-cuadruple-doble-hotel-mas-de-la-sala-scaled.jpg","filesize":289865,"url":"https:\/\/www.bagesturisme.cat\/wp-content\/uploads\/2016\/12\/habitacion-cuadruple-doble-hotel-mas-de-la-sala-scaled.jpg","link":"https:\/\/www.bagesturisme.cat\/es\/allotjament\/hotel-mas-sala\/habitacion-cuadruple-doble-hotel-mas-de-la-sala\/","alt":"","author":"3","description":"","caption":"","name":"habitacion-cuadruple-doble-hotel-mas-de-la-sala","status":"inherit","uploaded_to":42,"date":"2021-06-07 09:57:51","modified":"2021-06-07 09:57:51","menu_order":0,"mime_type":"image\/jpeg","type":"image","subtype":"jpeg","icon":"https:\/\/www.bagesturisme.cat\/wp-includes\/images\/media\/default.png","width":2560,"height":1152,"sizes":{"thumbnail":"https:\/\/www.bagesturisme.cat\/wp-content\/uploads\/2016\/12\/habitacion-cuadruple-doble-hotel-mas-de-la-sala-150x150.jpg","thumbnail-width":150,"thumbnail-height":150,"medium":"https:\/\/www.bagesturisme.cat\/wp-content\/uploads\/2016\/12\/habitacion-cuadruple-doble-hotel-mas-de-la-sala-800x360.jpg","medium-width":800,"medium-height":360,"medium_large":"https:\/\/www.bagesturisme.cat\/wp-content\/uploads\/2016\/12\/habitacion-cuadruple-doble-hotel-mas-de-la-sala-768x346.jpg","medium_large-width":768,"medium_large-height":346,"large":"https:\/\/www.bagesturisme.cat\/wp-content\/uploads\/2016\/12\/habitacion-cuadruple-doble-hotel-mas-de-la-sala-1280x576.jpg","large-width":1170,"large-height":527,"1536x1536":"https:\/\/www.bagesturisme.cat\/wp-content\/uploads\/2016\/12\/habitacion-cuadruple-doble-hotel-mas-de-la-sala-1536x691.jpg","1536x1536-width":1536,"1536x1536-height":691,"2048x2048":"https:\/\/www.bagesturisme.cat\/wp-content\/uploads\/2016\/12\/habitacion-cuadruple-doble-hotel-mas-de-la-sala-2048x922.jpg","2048x2048-width":2048,"2048x2048-height":922,"blog-large":"https:\/\/www.bagesturisme.cat\/wp-content\/uploads\/2016\/12\/habitacion-cuadruple-doble-hotel-mas-de-la-sala-scaled.jpg","blog-large-width":604,"blog-large-height":272,"blog-medium":"https:\/\/www.bagesturisme.cat\/wp-content\/uploads\/2016\/12\/habitacion-cuadruple-doble-hotel-mas-de-la-sala-scaled.jpg","blog-medium-width":320,"blog-medium-height":144,"recent-posts":"https:\/\/www.bagesturisme.cat\/wp-content\/uploads\/2016\/12\/habitacion-cuadruple-doble-hotel-mas-de-la-sala-scaled.jpg","recent-posts-width":700,"recent-posts-height":315,"recent-works-thumbnail":"https:\/\/www.bagesturisme.cat\/wp-content\/uploads\/2016\/12\/habitacion-cuadruple-doble-hotel-mas-de-la-sala-scaled.jpg","recent-works-thumbnail-width":66,"recent-works-thumbnail-height":30,"fusion-200":"https:\/\/www.bagesturisme.cat\/wp-content\/uploads\/2016\/12\/habitacion-cuadruple-doble-hotel-mas-de-la-sala-scaled.jpg","fusion-200-width":200,"fusion-200-height":90,"fusion-400":"https:\/\/www.bagesturisme.cat\/wp-content\/uploads\/2016\/12\/habitacion-cuadruple-doble-hotel-mas-de-la-sala-scaled.jpg","fusion-400-width":400,"fusion-400-height":180,"fusion-600":"https:\/\/www.bagesturisme.cat\/wp-content\/uploads\/2016\/12\/habitacion-cuadruple-doble-hotel-mas-de-la-sala-scaled.jpg","fusion-600-width":600,"fusion-600-height":270,"fusion-800":"https:\/\/www.bagesturisme.cat\/wp-content\/uploads\/2016\/12\/habitacion-cuadruple-doble-hotel-mas-de-la-sala-scaled.jpg","fusion-800-width":800,"fusion-800-height":360,"fusion-1200":"https:\/\/www.bagesturisme.cat\/wp-content\/uploads\/2016\/12\/habitacion-cuadruple-doble-hotel-mas-de-la-sala-scaled.jpg","fusion-1200-width":1200,"fusion-1200-height":540,"portfolio-full":"https:\/\/www.bagesturisme.cat\/wp-content\/uploads\/2016\/12\/habitacion-cuadruple-doble-hotel-mas-de-la-sala-scaled.jpg","portfolio-full-width":889,"portfolio-full-height":400,"portfolio-one":"https:\/\/www.bagesturisme.cat\/wp-content\/uploads\/2016\/12\/habitacion-cuadruple-doble-hotel-mas-de-la-sala-scaled.jpg","portfolio-one-width":540,"portfolio-one-height":243,"portfolio-two":"https:\/\/www.bagesturisme.cat\/wp-content\/uploads\/2016\/12\/habitacion-cuadruple-doble-hotel-mas-de-la-sala-scaled.jpg","portfolio-two-width":460,"portfolio-two-height":207,"portfolio-three":"https:\/\/www.bagesturisme.cat\/wp-content\/uploads\/2016\/12\/habitacion-cuadruple-doble-hotel-mas-de-la-sala-scaled.jpg","portfolio-three-width":300,"portfolio-three-height":135,"portfolio-five":"https:\/\/www.bagesturisme.cat\/wp-content\/uploads\/2016\/12\/habitacion-cuadruple-doble-hotel-mas-de-la-sala-scaled.jpg","portfolio-five-width":177,"portfolio-five-height":80}},{"ID":10076,"id":10076,"title":"habitaci\u00f3n doble hotel mas de la sala 4","filename":"habitacion-doble-hotel-mas-de-la-sala-4.jpg","filesize":1789014,"url":"https:\/\/www.bagesturisme.cat\/wp-content\/uploads\/2016\/12\/habitacion-doble-hotel-mas-de-la-sala-4.jpg","link":"https:\/\/www.bagesturisme.cat\/es\/allotjament\/hotel-mas-sala\/habitacion-doble-hotel-mas-de-la-sala-4\/","alt":"","author":"3","description":"","caption":"","name":"habitacion-doble-hotel-mas-de-la-sala-4","status":"inherit","uploaded_to":42,"date":"2021-06-07 09:57:54","modified":"2021-06-07 09:57:54","menu_order":0,"mime_type":"image\/jpeg","type":"image","subtype":"jpeg","icon":"https:\/\/www.bagesturisme.cat\/wp-includes\/images\/media\/default.png","width":1920,"height":1280,"sizes":{"thumbnail":"https:\/\/www.bagesturisme.cat\/wp-content\/uploads\/2016\/12\/habitacion-doble-hotel-mas-de-la-sala-4-150x150.jpg","thumbnail-width":150,"thumbnail-height":150,"medium":"https:\/\/www.bagesturisme.cat\/wp-content\/uploads\/2016\/12\/habitacion-doble-hotel-mas-de-la-sala-4-600x400.jpg","medium-width":600,"medium-height":400,"medium_large":"https:\/\/www.bagesturisme.cat\/wp-content\/uploads\/2016\/12\/habitacion-doble-hotel-mas-de-la-sala-4-768x512.jpg","medium_large-width":768,"medium_large-height":512,"large":"https:\/\/www.bagesturisme.cat\/wp-content\/uploads\/2016\/12\/habitacion-doble-hotel-mas-de-la-sala-4-1280x853.jpg","large-width":1170,"large-height":780,"1536x1536":"https:\/\/www.bagesturisme.cat\/wp-content\/uploads\/2016\/12\/habitacion-doble-hotel-mas-de-la-sala-4-1536x1024.jpg","1536x1536-width":1536,"1536x1536-height":1024,"2048x2048":"https:\/\/www.bagesturisme.cat\/wp-content\/uploads\/2016\/12\/habitacion-doble-hotel-mas-de-la-sala-4.jpg","2048x2048-width":1920,"2048x2048-height":1280,"blog-large":"https:\/\/www.bagesturisme.cat\/wp-content\/uploads\/2016\/12\/habitacion-doble-hotel-mas-de-la-sala-4.jpg","blog-large-width":408,"blog-large-height":272,"blog-medium":"https:\/\/www.bagesturisme.cat\/wp-content\/uploads\/2016\/12\/habitacion-doble-hotel-mas-de-la-sala-4.jpg","blog-medium-width":303,"blog-medium-height":202,"recent-posts":"https:\/\/www.bagesturisme.cat\/wp-content\/uploads\/2016\/12\/habitacion-doble-hotel-mas-de-la-sala-4.jpg","recent-posts-width":662,"recent-posts-height":441,"recent-works-thumbnail":"https:\/\/www.bagesturisme.cat\/wp-content\/uploads\/2016\/12\/habitacion-doble-hotel-mas-de-la-sala-4.jpg","recent-works-thumbnail-width":66,"recent-works-thumbnail-height":44,"fusion-200":"https:\/\/www.bagesturisme.cat\/wp-content\/uploads\/2016\/12\/habitacion-doble-hotel-mas-de-la-sala-4.jpg","fusion-200-width":200,"fusion-200-height":133,"fusion-400":"https:\/\/www.bagesturisme.cat\/wp-content\/uploads\/2016\/12\/habitacion-doble-hotel-mas-de-la-sala-4.jpg","fusion-400-width":400,"fusion-400-height":267,"fusion-600":"https:\/\/www.bagesturisme.cat\/wp-content\/uploads\/2016\/12\/habitacion-doble-hotel-mas-de-la-sala-4.jpg","fusion-600-width":600,"fusion-600-height":400,"fusion-800":"https:\/\/www.bagesturisme.cat\/wp-content\/uploads\/2016\/12\/habitacion-doble-hotel-mas-de-la-sala-4.jpg","fusion-800-width":800,"fusion-800-height":533,"fusion-1200":"https:\/\/www.bagesturisme.cat\/wp-content\/uploads\/2016\/12\/habitacion-doble-hotel-mas-de-la-sala-4.jpg","fusion-1200-width":1200,"fusion-1200-height":800,"portfolio-full":"https:\/\/www.bagesturisme.cat\/wp-content\/uploads\/2016\/12\/habitacion-doble-hotel-mas-de-la-sala-4.jpg","portfolio-full-width":600,"portfolio-full-height":400,"portfolio-one":"https:\/\/www.bagesturisme.cat\/wp-content\/uploads\/2016\/12\/habitacion-doble-hotel-mas-de-la-sala-4.jpg","portfolio-one-width":408,"portfolio-one-height":272,"portfolio-two":"https:\/\/www.bagesturisme.cat\/wp-content\/uploads\/2016\/12\/habitacion-doble-hotel-mas-de-la-sala-4.jpg","portfolio-two-width":443,"portfolio-two-height":295,"portfolio-three":"https:\/\/www.bagesturisme.cat\/wp-content\/uploads\/2016\/12\/habitacion-doble-hotel-mas-de-la-sala-4.jpg","portfolio-three-width":300,"portfolio-three-height":200,"portfolio-five":"https:\/\/www.bagesturisme.cat\/wp-content\/uploads\/2016\/12\/habitacion-doble-hotel-mas-de-la-sala-4.jpg","portfolio-five-width":177,"portfolio-five-height":118}},{"ID":10077,"id":10077,"title":"habitaci\u00f3n triple (doble) hotel mas de la sala 3","filename":"habitacion-triple-doble-hotel-mas-de-la-sala-3-scaled.jpg","filesize":465022,"url":"https:\/\/www.bagesturisme.cat\/wp-content\/uploads\/2016\/12\/habitacion-triple-doble-hotel-mas-de-la-sala-3-scaled.jpg","link":"https:\/\/www.bagesturisme.cat\/es\/allotjament\/hotel-mas-sala\/habitacion-triple-doble-hotel-mas-de-la-sala-3\/","alt":"","author":"3","description":"","caption":"","name":"habitacion-triple-doble-hotel-mas-de-la-sala-3","status":"inherit","uploaded_to":42,"date":"2021-06-07 09:57:56","modified":"2021-06-07 09:57:56","menu_order":0,"mime_type":"image\/jpeg","type":"image","subtype":"jpeg","icon":"https:\/\/www.bagesturisme.cat\/wp-includes\/images\/media\/default.png","width":2560,"height":1920,"sizes":{"thumbnail":"https:\/\/www.bagesturisme.cat\/wp-content\/uploads\/2016\/12\/habitacion-triple-doble-hotel-mas-de-la-sala-3-150x150.jpg","thumbnail-width":150,"thumbnail-height":150,"medium":"https:\/\/www.bagesturisme.cat\/wp-content\/uploads\/2016\/12\/habitacion-triple-doble-hotel-mas-de-la-sala-3-533x400.jpg","medium-width":533,"medium-height":400,"medium_large":"https:\/\/www.bagesturisme.cat\/wp-content\/uploads\/2016\/12\/habitacion-triple-doble-hotel-mas-de-la-sala-3-768x576.jpg","medium_large-width":768,"medium_large-height":576,"large":"https:\/\/www.bagesturisme.cat\/wp-content\/uploads\/2016\/12\/habitacion-triple-doble-hotel-mas-de-la-sala-3-1280x960.jpg","large-width":1170,"large-height":878,"1536x1536":"https:\/\/www.bagesturisme.cat\/wp-content\/uploads\/2016\/12\/habitacion-triple-doble-hotel-mas-de-la-sala-3-1536x1152.jpg","1536x1536-width":1536,"1536x1536-height":1152,"2048x2048":"https:\/\/www.bagesturisme.cat\/wp-content\/uploads\/2016\/12\/habitacion-triple-doble-hotel-mas-de-la-sala-3-2048x1536.jpg","2048x2048-width":2048,"2048x2048-height":1536,"blog-large":"https:\/\/www.bagesturisme.cat\/wp-content\/uploads\/2016\/12\/habitacion-triple-doble-hotel-mas-de-la-sala-3-scaled.jpg","blog-large-width":363,"blog-large-height":272,"blog-medium":"https:\/\/www.bagesturisme.cat\/wp-content\/uploads\/2016\/12\/habitacion-triple-doble-hotel-mas-de-la-sala-3-scaled.jpg","blog-medium-width":269,"blog-medium-height":202,"recent-posts":"https:\/\/www.bagesturisme.cat\/wp-content\/uploads\/2016\/12\/habitacion-triple-doble-hotel-mas-de-la-sala-3-scaled.jpg","recent-posts-width":588,"recent-posts-height":441,"recent-works-thumbnail":"https:\/\/www.bagesturisme.cat\/wp-content\/uploads\/2016\/12\/habitacion-triple-doble-hotel-mas-de-la-sala-3-scaled.jpg","recent-works-thumbnail-width":66,"recent-works-thumbnail-height":50,"fusion-200":"https:\/\/www.bagesturisme.cat\/wp-content\/uploads\/2016\/12\/habitacion-triple-doble-hotel-mas-de-la-sala-3-scaled.jpg","fusion-200-width":200,"fusion-200-height":150,"fusion-400":"https:\/\/www.bagesturisme.cat\/wp-content\/uploads\/2016\/12\/habitacion-triple-doble-hotel-mas-de-la-sala-3-scaled.jpg","fusion-400-width":400,"fusion-400-height":300,"fusion-600":"https:\/\/www.bagesturisme.cat\/wp-content\/uploads\/2016\/12\/habitacion-triple-doble-hotel-mas-de-la-sala-3-scaled.jpg","fusion-600-width":600,"fusion-600-height":450,"fusion-800":"https:\/\/www.bagesturisme.cat\/wp-content\/uploads\/2016\/12\/habitacion-triple-doble-hotel-mas-de-la-sala-3-scaled.jpg","fusion-800-width":800,"fusion-800-height":600,"fusion-1200":"https:\/\/www.bagesturisme.cat\/wp-content\/uploads\/2016\/12\/habitacion-triple-doble-hotel-mas-de-la-sala-3-scaled.jpg","fusion-1200-width":1200,"fusion-1200-height":900,"portfolio-full":"https:\/\/www.bagesturisme.cat\/wp-content\/uploads\/2016\/12\/habitacion-triple-doble-hotel-mas-de-la-sala-3-scaled.jpg","portfolio-full-width":533,"portfolio-full-height":400,"portfolio-one":"https:\/\/www.bagesturisme.cat\/wp-content\/uploads\/2016\/12\/habitacion-triple-doble-hotel-mas-de-la-sala-3-scaled.jpg","portfolio-one-width":363,"portfolio-one-height":272,"portfolio-two":"https:\/\/www.bagesturisme.cat\/wp-content\/uploads\/2016\/12\/habitacion-triple-doble-hotel-mas-de-la-sala-3-scaled.jpg","portfolio-two-width":393,"portfolio-two-height":295,"portfolio-three":"https:\/\/www.bagesturisme.cat\/wp-content\/uploads\/2016\/12\/habitacion-triple-doble-hotel-mas-de-la-sala-3-scaled.jpg","portfolio-three-width":285,"portfolio-three-height":214,"portfolio-five":"https:\/\/www.bagesturisme.cat\/wp-content\/uploads\/2016\/12\/habitacion-triple-doble-hotel-mas-de-la-sala-3-scaled.jpg","portfolio-five-width":177,"portfolio-five-height":133}},{"ID":10078,"id":10078,"title":"jard\u00edn hotel mas de la sala 1","filename":"jardin-hotel-mas-de-la-sala-1-scaled.jpg","filesize":961592,"url":"https:\/\/www.bagesturisme.cat\/wp-content\/uploads\/2016\/12\/jardin-hotel-mas-de-la-sala-1-scaled.jpg","link":"https:\/\/www.bagesturisme.cat\/es\/allotjament\/hotel-mas-sala\/jardin-hotel-mas-de-la-sala-1\/","alt":"","author":"3","description":"","caption":"","name":"jardin-hotel-mas-de-la-sala-1","status":"inherit","uploaded_to":42,"date":"2021-06-07 09:58:02","modified":"2021-06-07 09:58:02","menu_order":0,"mime_type":"image\/jpeg","type":"image","subtype":"jpeg","icon":"https:\/\/www.bagesturisme.cat\/wp-includes\/images\/media\/default.png","width":2560,"height":1707,"sizes":{"thumbnail":"https:\/\/www.bagesturisme.cat\/wp-content\/uploads\/2016\/12\/jardin-hotel-mas-de-la-sala-1-150x150.jpg","thumbnail-width":150,"thumbnail-height":150,"medium":"https:\/\/www.bagesturisme.cat\/wp-content\/uploads\/2016\/12\/jardin-hotel-mas-de-la-sala-1-600x400.jpg","medium-width":600,"medium-height":400,"medium_large":"https:\/\/www.bagesturisme.cat\/wp-content\/uploads\/2016\/12\/jardin-hotel-mas-de-la-sala-1-768x512.jpg","medium_large-width":768,"medium_large-height":512,"large":"https:\/\/www.bagesturisme.cat\/wp-content\/uploads\/2016\/12\/jardin-hotel-mas-de-la-sala-1-1280x853.jpg","large-width":1170,"large-height":780,"1536x1536":"https:\/\/www.bagesturisme.cat\/wp-content\/uploads\/2016\/12\/jardin-hotel-mas-de-la-sala-1-1536x1024.jpg","1536x1536-width":1536,"1536x1536-height":1024,"2048x2048":"https:\/\/www.bagesturisme.cat\/wp-content\/uploads\/2016\/12\/jardin-hotel-mas-de-la-sala-1-2048x1366.jpg","2048x2048-width":2048,"2048x2048-height":1366,"blog-large":"https:\/\/www.bagesturisme.cat\/wp-content\/uploads\/2016\/12\/jardin-hotel-mas-de-la-sala-1-scaled.jpg","blog-large-width":408,"blog-large-height":272,"blog-medium":"https:\/\/www.bagesturisme.cat\/wp-content\/uploads\/2016\/12\/jardin-hotel-mas-de-la-sala-1-scaled.jpg","blog-medium-width":303,"blog-medium-height":202,"recent-posts":"https:\/\/www.bagesturisme.cat\/wp-content\/uploads\/2016\/12\/jardin-hotel-mas-de-la-sala-1-scaled.jpg","recent-posts-width":661,"recent-posts-height":441,"recent-works-thumbnail":"https:\/\/www.bagesturisme.cat\/wp-content\/uploads\/2016\/12\/jardin-hotel-mas-de-la-sala-1-scaled.jpg","recent-works-thumbnail-width":66,"recent-works-thumbnail-height":44,"fusion-200":"https:\/\/www.bagesturisme.cat\/wp-content\/uploads\/2016\/12\/jardin-hotel-mas-de-la-sala-1-scaled.jpg","fusion-200-width":200,"fusion-200-height":133,"fusion-400":"https:\/\/www.bagesturisme.cat\/wp-content\/uploads\/2016\/12\/jardin-hotel-mas-de-la-sala-1-scaled.jpg","fusion-400-width":400,"fusion-400-height":267,"fusion-600":"https:\/\/www.bagesturisme.cat\/wp-content\/uploads\/2016\/12\/jardin-hotel-mas-de-la-sala-1-scaled.jpg","fusion-600-width":600,"fusion-600-height":400,"fusion-800":"https:\/\/www.bagesturisme.cat\/wp-content\/uploads\/2016\/12\/jardin-hotel-mas-de-la-sala-1-scaled.jpg","fusion-800-width":800,"fusion-800-height":533,"fusion-1200":"https:\/\/www.bagesturisme.cat\/wp-content\/uploads\/2016\/12\/jardin-hotel-mas-de-la-sala-1-scaled.jpg","fusion-1200-width":1200,"fusion-1200-height":800,"portfolio-full":"https:\/\/www.bagesturisme.cat\/wp-content\/uploads\/2016\/12\/jardin-hotel-mas-de-la-sala-1-scaled.jpg","portfolio-full-width":600,"portfolio-full-height":400,"portfolio-one":"https:\/\/www.bagesturisme.cat\/wp-content\/uploads\/2016\/12\/jardin-hotel-mas-de-la-sala-1-scaled.jpg","portfolio-one-width":408,"portfolio-one-height":272,"portfolio-two":"https:\/\/www.bagesturisme.cat\/wp-content\/uploads\/2016\/12\/jardin-hotel-mas-de-la-sala-1-scaled.jpg","portfolio-two-width":442,"portfolio-two-height":295,"portfolio-three":"https:\/\/www.bagesturisme.cat\/wp-content\/uploads\/2016\/12\/jardin-hotel-mas-de-la-sala-1-scaled.jpg","portfolio-three-width":300,"portfolio-three-height":200,"portfolio-five":"https:\/\/www.bagesturisme.cat\/wp-content\/uploads\/2016\/12\/jardin-hotel-mas-de-la-sala-1-scaled.jpg","portfolio-five-width":177,"portfolio-five-height":118}},{"ID":10079,"id":10079,"title":"panor\u00e1mica habitaci\u00f3n doble dom\u00f3tica hotel mas de la sala","filename":"panoramica-habitacion-doble-domotica-hotel-mas-de-la-sala-scaled.jpg","filesize":290812,"url":"https:\/\/www.bagesturisme.cat\/wp-content\/uploads\/2016\/12\/panoramica-habitacion-doble-domotica-hotel-mas-de-la-sala-scaled.jpg","link":"https:\/\/www.bagesturisme.cat\/es\/allotjament\/hotel-mas-sala\/panoramica-habitacion-doble-domotica-hotel-mas-de-la-sala\/","alt":"","author":"3","description":"","caption":"","name":"panoramica-habitacion-doble-domotica-hotel-mas-de-la-sala","status":"inherit","uploaded_to":42,"date":"2021-06-07 09:58:08","modified":"2021-06-07 09:58:08","menu_order":0,"mime_type":"image\/jpeg","type":"image","subtype":"jpeg","icon":"https:\/\/www.bagesturisme.cat\/wp-includes\/images\/media\/default.png","width":2560,"height":1153,"sizes":{"thumbnail":"https:\/\/www.bagesturisme.cat\/wp-content\/uploads\/2016\/12\/panoramica-habitacion-doble-domotica-hotel-mas-de-la-sala-150x150.jpg","thumbnail-width":150,"thumbnail-height":150,"medium":"https:\/\/www.bagesturisme.cat\/wp-content\/uploads\/2016\/12\/panoramica-habitacion-doble-domotica-hotel-mas-de-la-sala-800x360.jpg","medium-width":800,"medium-height":360,"medium_large":"https:\/\/www.bagesturisme.cat\/wp-content\/uploads\/2016\/12\/panoramica-habitacion-doble-domotica-hotel-mas-de-la-sala-768x346.jpg","medium_large-width":768,"medium_large-height":346,"large":"https:\/\/www.bagesturisme.cat\/wp-content\/uploads\/2016\/12\/panoramica-habitacion-doble-domotica-hotel-mas-de-la-sala-1280x577.jpg","large-width":1170,"large-height":527,"1536x1536":"https:\/\/www.bagesturisme.cat\/wp-content\/uploads\/2016\/12\/panoramica-habitacion-doble-domotica-hotel-mas-de-la-sala-1536x692.jpg","1536x1536-width":1536,"1536x1536-height":692,"2048x2048":"https:\/\/www.bagesturisme.cat\/wp-content\/uploads\/2016\/12\/panoramica-habitacion-doble-domotica-hotel-mas-de-la-sala-2048x923.jpg","2048x2048-width":2048,"2048x2048-height":923,"blog-large":"https:\/\/www.bagesturisme.cat\/wp-content\/uploads\/2016\/12\/panoramica-habitacion-doble-domotica-hotel-mas-de-la-sala-scaled.jpg","blog-large-width":604,"blog-large-height":272,"blog-medium":"https:\/\/www.bagesturisme.cat\/wp-content\/uploads\/2016\/12\/panoramica-habitacion-doble-domotica-hotel-mas-de-la-sala-scaled.jpg","blog-medium-width":320,"blog-medium-height":144,"recent-posts":"https:\/\/www.bagesturisme.cat\/wp-content\/uploads\/2016\/12\/panoramica-habitacion-doble-domotica-hotel-mas-de-la-sala-scaled.jpg","recent-posts-width":700,"recent-posts-height":315,"recent-works-thumbnail":"https:\/\/www.bagesturisme.cat\/wp-content\/uploads\/2016\/12\/panoramica-habitacion-doble-domotica-hotel-mas-de-la-sala-scaled.jpg","recent-works-thumbnail-width":66,"recent-works-thumbnail-height":30,"fusion-200":"https:\/\/www.bagesturisme.cat\/wp-content\/uploads\/2016\/12\/panoramica-habitacion-doble-domotica-hotel-mas-de-la-sala-scaled.jpg","fusion-200-width":200,"fusion-200-height":90,"fusion-400":"https:\/\/www.bagesturisme.cat\/wp-content\/uploads\/2016\/12\/panoramica-habitacion-doble-domotica-hotel-mas-de-la-sala-scaled.jpg","fusion-400-width":400,"fusion-400-height":180,"fusion-600":"https:\/\/www.bagesturisme.cat\/wp-content\/uploads\/2016\/12\/panoramica-habitacion-doble-domotica-hotel-mas-de-la-sala-scaled.jpg","fusion-600-width":600,"fusion-600-height":270,"fusion-800":"https:\/\/www.bagesturisme.cat\/wp-content\/uploads\/2016\/12\/panoramica-habitacion-doble-domotica-hotel-mas-de-la-sala-scaled.jpg","fusion-800-width":800,"fusion-800-height":360,"fusion-1200":"https:\/\/www.bagesturisme.cat\/wp-content\/uploads\/2016\/12\/panoramica-habitacion-doble-domotica-hotel-mas-de-la-sala-scaled.jpg","fusion-1200-width":1200,"fusion-1200-height":540,"portfolio-full":"https:\/\/www.bagesturisme.cat\/wp-content\/uploads\/2016\/12\/panoramica-habitacion-doble-domotica-hotel-mas-de-la-sala-scaled.jpg","portfolio-full-width":888,"portfolio-full-height":400,"portfolio-one":"https:\/\/www.bagesturisme.cat\/wp-content\/uploads\/2016\/12\/panoramica-habitacion-doble-domotica-hotel-mas-de-la-sala-scaled.jpg","portfolio-one-width":540,"portfolio-one-height":243,"portfolio-two":"https:\/\/www.bagesturisme.cat\/wp-content\/uploads\/2016\/12\/panoramica-habitacion-doble-domotica-hotel-mas-de-la-sala-scaled.jpg","portfolio-two-width":460,"portfolio-two-height":207,"portfolio-three":"https:\/\/www.bagesturisme.cat\/wp-content\/uploads\/2016\/12\/panoramica-habitacion-doble-domotica-hotel-mas-de-la-sala-scaled.jpg","portfolio-three-width":300,"portfolio-three-height":135,"portfolio-five":"https:\/\/www.bagesturisme.cat\/wp-content\/uploads\/2016\/12\/panoramica-habitacion-doble-domotica-hotel-mas-de-la-sala-scaled.jpg","portfolio-five-width":177,"portfolio-five-height":80}},{"ID":10080,"id":10080,"title":"piscina mas de la sala 1","filename":"piscina-mas-de-la-sala-1.jpg","filesize":4761379,"url":"https:\/\/www.bagesturisme.cat\/wp-content\/uploads\/2016\/12\/piscina-mas-de-la-sala-1.jpg","link":"https:\/\/www.bagesturisme.cat\/es\/allotjament\/hotel-mas-sala\/piscina-mas-de-la-sala-1\/","alt":"","author":"3","description":"","caption":"","name":"piscina-mas-de-la-sala-1","status":"inherit","uploaded_to":42,"date":"2021-06-07 09:58:13","modified":"2021-06-07 09:58:13","menu_order":0,"mime_type":"image\/jpeg","type":"image","subtype":"jpeg","icon":"https:\/\/www.bagesturisme.cat\/wp-includes\/images\/media\/default.png","width":2520,"height":1680,"sizes":{"thumbnail":"https:\/\/www.bagesturisme.cat\/wp-content\/uploads\/2016\/12\/piscina-mas-de-la-sala-1-150x150.jpg","thumbnail-width":150,"thumbnail-height":150,"medium":"https:\/\/www.bagesturisme.cat\/wp-content\/uploads\/2016\/12\/piscina-mas-de-la-sala-1-600x400.jpg","medium-width":600,"medium-height":400,"medium_large":"https:\/\/www.bagesturisme.cat\/wp-content\/uploads\/2016\/12\/piscina-mas-de-la-sala-1-768x512.jpg","medium_large-width":768,"medium_large-height":512,"large":"https:\/\/www.bagesturisme.cat\/wp-content\/uploads\/2016\/12\/piscina-mas-de-la-sala-1-1280x853.jpg","large-width":1170,"large-height":780,"1536x1536":"https:\/\/www.bagesturisme.cat\/wp-content\/uploads\/2016\/12\/piscina-mas-de-la-sala-1-1536x1024.jpg","1536x1536-width":1536,"1536x1536-height":1024,"2048x2048":"https:\/\/www.bagesturisme.cat\/wp-content\/uploads\/2016\/12\/piscina-mas-de-la-sala-1-2048x1365.jpg","2048x2048-width":2048,"2048x2048-height":1365,"blog-large":"https:\/\/www.bagesturisme.cat\/wp-content\/uploads\/2016\/12\/piscina-mas-de-la-sala-1.jpg","blog-large-width":408,"blog-large-height":272,"blog-medium":"https:\/\/www.bagesturisme.cat\/wp-content\/uploads\/2016\/12\/piscina-mas-de-la-sala-1.jpg","blog-medium-width":303,"blog-medium-height":202,"recent-posts":"https:\/\/www.bagesturisme.cat\/wp-content\/uploads\/2016\/12\/piscina-mas-de-la-sala-1.jpg","recent-posts-width":662,"recent-posts-height":441,"recent-works-thumbnail":"https:\/\/www.bagesturisme.cat\/wp-content\/uploads\/2016\/12\/piscina-mas-de-la-sala-1.jpg","recent-works-thumbnail-width":66,"recent-works-thumbnail-height":44,"fusion-200":"https:\/\/www.bagesturisme.cat\/wp-content\/uploads\/2016\/12\/piscina-mas-de-la-sala-1.jpg","fusion-200-width":200,"fusion-200-height":133,"fusion-400":"https:\/\/www.bagesturisme.cat\/wp-content\/uploads\/2016\/12\/piscina-mas-de-la-sala-1.jpg","fusion-400-width":400,"fusion-400-height":267,"fusion-600":"https:\/\/www.bagesturisme.cat\/wp-content\/uploads\/2016\/12\/piscina-mas-de-la-sala-1.jpg","fusion-600-width":600,"fusion-600-height":400,"fusion-800":"https:\/\/www.bagesturisme.cat\/wp-content\/uploads\/2016\/12\/piscina-mas-de-la-sala-1.jpg","fusion-800-width":800,"fusion-800-height":533,"fusion-1200":"https:\/\/www.bagesturisme.cat\/wp-content\/uploads\/2016\/12\/piscina-mas-de-la-sala-1.jpg","fusion-1200-width":1200,"fusion-1200-height":800,"portfolio-full":"https:\/\/www.bagesturisme.cat\/wp-content\/uploads\/2016\/12\/piscina-mas-de-la-sala-1.jpg","portfolio-full-width":600,"portfolio-full-height":400,"portfolio-one":"https:\/\/www.bagesturisme.cat\/wp-content\/uploads\/2016\/12\/piscina-mas-de-la-sala-1.jpg","portfolio-one-width":408,"portfolio-one-height":272,"portfolio-two":"https:\/\/www.bagesturisme.cat\/wp-content\/uploads\/2016\/12\/piscina-mas-de-la-sala-1.jpg","portfolio-two-width":443,"portfolio-two-height":295,"portfolio-three":"https:\/\/www.bagesturisme.cat\/wp-content\/uploads\/2016\/12\/piscina-mas-de-la-sala-1.jpg","portfolio-three-width":300,"portfolio-three-height":200,"portfolio-five":"https:\/\/www.bagesturisme.cat\/wp-content\/uploads\/2016\/12\/piscina-mas-de-la-sala-1.jpg","portfolio-five-width":177,"portfolio-five-height":118}},{"ID":10081,"id":10081,"title":"recepci\u00f3n mas de la sala","filename":"recepcion-mas-de-la-sala-scaled.jpg","filesize":421631,"url":"https:\/\/www.bagesturisme.cat\/wp-content\/uploads\/2016\/12\/recepcion-mas-de-la-sala-scaled.jpg","link":"https:\/\/www.bagesturisme.cat\/es\/allotjament\/hotel-mas-sala\/recepcion-mas-de-la-sala\/","alt":"","author":"3","description":"","caption":"","name":"recepcion-mas-de-la-sala","status":"inherit","uploaded_to":42,"date":"2021-06-07 09:58:16","modified":"2021-06-07 09:58:16","menu_order":0,"mime_type":"image\/jpeg","type":"image","subtype":"jpeg","icon":"https:\/\/www.bagesturisme.cat\/wp-includes\/images\/media\/default.png","width":2560,"height":1244,"sizes":{"thumbnail":"https:\/\/www.bagesturisme.cat\/wp-content\/uploads\/2016\/12\/recepcion-mas-de-la-sala-150x150.jpg","thumbnail-width":150,"thumbnail-height":150,"medium":"https:\/\/www.bagesturisme.cat\/wp-content\/uploads\/2016\/12\/recepcion-mas-de-la-sala-800x389.jpg","medium-width":800,"medium-height":389,"medium_large":"https:\/\/www.bagesturisme.cat\/wp-content\/uploads\/2016\/12\/recepcion-mas-de-la-sala-768x373.jpg","medium_large-width":768,"medium_large-height":373,"large":"https:\/\/www.bagesturisme.cat\/wp-content\/uploads\/2016\/12\/recepcion-mas-de-la-sala-1280x622.jpg","large-width":1170,"large-height":569,"1536x1536":"https:\/\/www.bagesturisme.cat\/wp-content\/uploads\/2016\/12\/recepcion-mas-de-la-sala-1536x747.jpg","1536x1536-width":1536,"1536x1536-height":747,"2048x2048":"https:\/\/www.bagesturisme.cat\/wp-content\/uploads\/2016\/12\/recepcion-mas-de-la-sala-2048x996.jpg","2048x2048-width":2048,"2048x2048-height":996,"blog-large":"https:\/\/www.bagesturisme.cat\/wp-content\/uploads\/2016\/12\/recepcion-mas-de-la-sala-scaled.jpg","blog-large-width":560,"blog-large-height":272,"blog-medium":"https:\/\/www.bagesturisme.cat\/wp-content\/uploads\/2016\/12\/recepcion-mas-de-la-sala-scaled.jpg","blog-medium-width":320,"blog-medium-height":156,"recent-posts":"https:\/\/www.bagesturisme.cat\/wp-content\/uploads\/2016\/12\/recepcion-mas-de-la-sala-scaled.jpg","recent-posts-width":700,"recent-posts-height":340,"recent-works-thumbnail":"https:\/\/www.bagesturisme.cat\/wp-content\/uploads\/2016\/12\/recepcion-mas-de-la-sala-scaled.jpg","recent-works-thumbnail-width":66,"recent-works-thumbnail-height":32,"fusion-200":"https:\/\/www.bagesturisme.cat\/wp-content\/uploads\/2016\/12\/recepcion-mas-de-la-sala-scaled.jpg","fusion-200-width":200,"fusion-200-height":97,"fusion-400":"https:\/\/www.bagesturisme.cat\/wp-content\/uploads\/2016\/12\/recepcion-mas-de-la-sala-scaled.jpg","fusion-400-width":400,"fusion-400-height":194,"fusion-600":"https:\/\/www.bagesturisme.cat\/wp-content\/uploads\/2016\/12\/recepcion-mas-de-la-sala-scaled.jpg","fusion-600-width":600,"fusion-600-height":292,"fusion-800":"https:\/\/www.bagesturisme.cat\/wp-content\/uploads\/2016\/12\/recepcion-mas-de-la-sala-scaled.jpg","fusion-800-width":800,"fusion-800-height":389,"fusion-1200":"https:\/\/www.bagesturisme.cat\/wp-content\/uploads\/2016\/12\/recepcion-mas-de-la-sala-scaled.jpg","fusion-1200-width":1200,"fusion-1200-height":583,"portfolio-full":"https:\/\/www.bagesturisme.cat\/wp-content\/uploads\/2016\/12\/recepcion-mas-de-la-sala-scaled.jpg","portfolio-full-width":823,"portfolio-full-height":400,"portfolio-one":"https:\/\/www.bagesturisme.cat\/wp-content\/uploads\/2016\/12\/recepcion-mas-de-la-sala-scaled.jpg","portfolio-one-width":540,"portfolio-one-height":262,"portfolio-two":"https:\/\/www.bagesturisme.cat\/wp-content\/uploads\/2016\/12\/recepcion-mas-de-la-sala-scaled.jpg","portfolio-two-width":460,"portfolio-two-height":224,"portfolio-three":"https:\/\/www.bagesturisme.cat\/wp-content\/uploads\/2016\/12\/recepcion-mas-de-la-sala-scaled.jpg","portfolio-three-width":300,"portfolio-three-height":146,"portfolio-five":"https:\/\/www.bagesturisme.cat\/wp-content\/uploads\/2016\/12\/recepcion-mas-de-la-sala-scaled.jpg","portfolio-five-width":177,"portfolio-five-height":86}},{"ID":10082,"id":10082,"title":"recibidor hotel mas de la sala 6","filename":"recibidor-hotel-mas-de-la-sala-6-scaled.jpg","filesize":549528,"url":"https:\/\/www.bagesturisme.cat\/wp-content\/uploads\/2016\/12\/recibidor-hotel-mas-de-la-sala-6-scaled.jpg","link":"https:\/\/www.bagesturisme.cat\/es\/allotjament\/hotel-mas-sala\/recibidor-hotel-mas-de-la-sala-6\/","alt":"","author":"3","description":"","caption":"","name":"recibidor-hotel-mas-de-la-sala-6","status":"inherit","uploaded_to":42,"date":"2021-06-07 09:58:20","modified":"2021-06-07 09:58:20","menu_order":0,"mime_type":"image\/jpeg","type":"image","subtype":"jpeg","icon":"https:\/\/www.bagesturisme.cat\/wp-includes\/images\/media\/default.png","width":2560,"height":1920,"sizes":{"thumbnail":"https:\/\/www.bagesturisme.cat\/wp-content\/uploads\/2016\/12\/recibidor-hotel-mas-de-la-sala-6-150x150.jpg","thumbnail-width":150,"thumbnail-height":150,"medium":"https:\/\/www.bagesturisme.cat\/wp-content\/uploads\/2016\/12\/recibidor-hotel-mas-de-la-sala-6-533x400.jpg","medium-width":533,"medium-height":400,"medium_large":"https:\/\/www.bagesturisme.cat\/wp-content\/uploads\/2016\/12\/recibidor-hotel-mas-de-la-sala-6-768x576.jpg","medium_large-width":768,"medium_large-height":576,"large":"https:\/\/www.bagesturisme.cat\/wp-content\/uploads\/2016\/12\/recibidor-hotel-mas-de-la-sala-6-1280x960.jpg","large-width":1170,"large-height":878,"1536x1536":"https:\/\/www.bagesturisme.cat\/wp-content\/uploads\/2016\/12\/recibidor-hotel-mas-de-la-sala-6-1536x1152.jpg","1536x1536-width":1536,"1536x1536-height":1152,"2048x2048":"https:\/\/www.bagesturisme.cat\/wp-content\/uploads\/2016\/12\/recibidor-hotel-mas-de-la-sala-6-2048x1536.jpg","2048x2048-width":2048,"2048x2048-height":1536,"blog-large":"https:\/\/www.bagesturisme.cat\/wp-content\/uploads\/2016\/12\/recibidor-hotel-mas-de-la-sala-6-scaled.jpg","blog-large-width":363,"blog-large-height":272,"blog-medium":"https:\/\/www.bagesturisme.cat\/wp-content\/uploads\/2016\/12\/recibidor-hotel-mas-de-la-sala-6-scaled.jpg","blog-medium-width":269,"blog-medium-height":202,"recent-posts":"https:\/\/www.bagesturisme.cat\/wp-content\/uploads\/2016\/12\/recibidor-hotel-mas-de-la-sala-6-scaled.jpg","recent-posts-width":588,"recent-posts-height":441,"recent-works-thumbnail":"https:\/\/www.bagesturisme.cat\/wp-content\/uploads\/2016\/12\/recibidor-hotel-mas-de-la-sala-6-scaled.jpg","recent-works-thumbnail-width":66,"recent-works-thumbnail-height":50,"fusion-200":"https:\/\/www.bagesturisme.cat\/wp-content\/uploads\/2016\/12\/recibidor-hotel-mas-de-la-sala-6-scaled.jpg","fusion-200-width":200,"fusion-200-height":150,"fusion-400":"https:\/\/www.bagesturisme.cat\/wp-content\/uploads\/2016\/12\/recibidor-hotel-mas-de-la-sala-6-scaled.jpg","fusion-400-width":400,"fusion-400-height":300,"fusion-600":"https:\/\/www.bagesturisme.cat\/wp-content\/uploads\/2016\/12\/recibidor-hotel-mas-de-la-sala-6-scaled.jpg","fusion-600-width":600,"fusion-600-height":450,"fusion-800":"https:\/\/www.bagesturisme.cat\/wp-content\/uploads\/2016\/12\/recibidor-hotel-mas-de-la-sala-6-scaled.jpg","fusion-800-width":800,"fusion-800-height":600,"fusion-1200":"https:\/\/www.bagesturisme.cat\/wp-content\/uploads\/2016\/12\/recibidor-hotel-mas-de-la-sala-6-scaled.jpg","fusion-1200-width":1200,"fusion-1200-height":900,"portfolio-full":"https:\/\/www.bagesturisme.cat\/wp-content\/uploads\/2016\/12\/recibidor-hotel-mas-de-la-sala-6-scaled.jpg","portfolio-full-width":533,"portfolio-full-height":400,"portfolio-one":"https:\/\/www.bagesturisme.cat\/wp-content\/uploads\/2016\/12\/recibidor-hotel-mas-de-la-sala-6-scaled.jpg","portfolio-one-width":363,"portfolio-one-height":272,"portfolio-two":"https:\/\/www.bagesturisme.cat\/wp-content\/uploads\/2016\/12\/recibidor-hotel-mas-de-la-sala-6-scaled.jpg","portfolio-two-width":393,"portfolio-two-height":295,"portfolio-three":"https:\/\/www.bagesturisme.cat\/wp-content\/uploads\/2016\/12\/recibidor-hotel-mas-de-la-sala-6-scaled.jpg","portfolio-three-width":285,"portfolio-three-height":214,"portfolio-five":"https:\/\/www.bagesturisme.cat\/wp-content\/uploads\/2016\/12\/recibidor-hotel-mas-de-la-sala-6-scaled.jpg","portfolio-five-width":177,"portfolio-five-height":133}},{"ID":10083,"id":10083,"title":"recibidor hotel mas de la sala 7","filename":"recibidor-hotel-mas-de-la-sala-7-scaled.jpg","filesize":742762,"url":"https:\/\/www.bagesturisme.cat\/wp-content\/uploads\/2016\/12\/recibidor-hotel-mas-de-la-sala-7-scaled.jpg","link":"https:\/\/www.bagesturisme.cat\/es\/allotjament\/hotel-mas-sala\/recibidor-hotel-mas-de-la-sala-7\/","alt":"","author":"3","description":"","caption":"","name":"recibidor-hotel-mas-de-la-sala-7","status":"inherit","uploaded_to":42,"date":"2021-06-07 09:58:25","modified":"2021-06-07 09:58:25","menu_order":0,"mime_type":"image\/jpeg","type":"image","subtype":"jpeg","icon":"https:\/\/www.bagesturisme.cat\/wp-includes\/images\/media\/default.png","width":2560,"height":1920,"sizes":{"thumbnail":"https:\/\/www.bagesturisme.cat\/wp-content\/uploads\/2016\/12\/recibidor-hotel-mas-de-la-sala-7-150x150.jpg","thumbnail-width":150,"thumbnail-height":150,"medium":"https:\/\/www.bagesturisme.cat\/wp-content\/uploads\/2016\/12\/recibidor-hotel-mas-de-la-sala-7-533x400.jpg","medium-width":533,"medium-height":400,"medium_large":"https:\/\/www.bagesturisme.cat\/wp-content\/uploads\/2016\/12\/recibidor-hotel-mas-de-la-sala-7-768x576.jpg","medium_large-width":768,"medium_large-height":576,"large":"https:\/\/www.bagesturisme.cat\/wp-content\/uploads\/2016\/12\/recibidor-hotel-mas-de-la-sala-7-1280x960.jpg","large-width":1170,"large-height":878,"1536x1536":"https:\/\/www.bagesturisme.cat\/wp-content\/uploads\/2016\/12\/recibidor-hotel-mas-de-la-sala-7-1536x1152.jpg","1536x1536-width":1536,"1536x1536-height":1152,"2048x2048":"https:\/\/www.bagesturisme.cat\/wp-content\/uploads\/2016\/12\/recibidor-hotel-mas-de-la-sala-7-2048x1536.jpg","2048x2048-width":2048,"2048x2048-height":1536,"blog-large":"https:\/\/www.bagesturisme.cat\/wp-content\/uploads\/2016\/12\/recibidor-hotel-mas-de-la-sala-7-scaled.jpg","blog-large-width":363,"blog-large-height":272,"blog-medium":"https:\/\/www.bagesturisme.cat\/wp-content\/uploads\/2016\/12\/recibidor-hotel-mas-de-la-sala-7-scaled.jpg","blog-medium-width":269,"blog-medium-height":202,"recent-posts":"https:\/\/www.bagesturisme.cat\/wp-content\/uploads\/2016\/12\/recibidor-hotel-mas-de-la-sala-7-scaled.jpg","recent-posts-width":588,"recent-posts-height":441,"recent-works-thumbnail":"https:\/\/www.bagesturisme.cat\/wp-content\/uploads\/2016\/12\/recibidor-hotel-mas-de-la-sala-7-scaled.jpg","recent-works-thumbnail-width":66,"recent-works-thumbnail-height":50,"fusion-200":"https:\/\/www.bagesturisme.cat\/wp-content\/uploads\/2016\/12\/recibidor-hotel-mas-de-la-sala-7-scaled.jpg","fusion-200-width":200,"fusion-200-height":150,"fusion-400":"https:\/\/www.bagesturisme.cat\/wp-content\/uploads\/2016\/12\/recibidor-hotel-mas-de-la-sala-7-scaled.jpg","fusion-400-width":400,"fusion-400-height":300,"fusion-600":"https:\/\/www.bagesturisme.cat\/wp-content\/uploads\/2016\/12\/recibidor-hotel-mas-de-la-sala-7-scaled.jpg","fusion-600-width":600,"fusion-600-height":450,"fusion-800":"https:\/\/www.bagesturisme.cat\/wp-content\/uploads\/2016\/12\/recibidor-hotel-mas-de-la-sala-7-scaled.jpg","fusion-800-width":800,"fusion-800-height":600,"fusion-1200":"https:\/\/www.bagesturisme.cat\/wp-content\/uploads\/2016\/12\/recibidor-hotel-mas-de-la-sala-7-scaled.jpg","fusion-1200-width":1200,"fusion-1200-height":900,"portfolio-full":"https:\/\/www.bagesturisme.cat\/wp-content\/uploads\/2016\/12\/recibidor-hotel-mas-de-la-sala-7-scaled.jpg","portfolio-full-width":533,"portfolio-full-height":400,"portfolio-one":"https:\/\/www.bagesturisme.cat\/wp-content\/uploads\/2016\/12\/recibidor-hotel-mas-de-la-sala-7-scaled.jpg","portfolio-one-width":363,"portfolio-one-height":272,"portfolio-two":"https:\/\/www.bagesturisme.cat\/wp-content\/uploads\/2016\/12\/recibidor-hotel-mas-de-la-sala-7-scaled.jpg","portfolio-two-width":393,"portfolio-two-height":295,"portfolio-three":"https:\/\/www.bagesturisme.cat\/wp-content\/uploads\/2016\/12\/recibidor-hotel-mas-de-la-sala-7-scaled.jpg","portfolio-three-width":285,"portfolio-three-height":214,"portfolio-five":"https:\/\/www.bagesturisme.cat\/wp-content\/uploads\/2016\/12\/recibidor-hotel-mas-de-la-sala-7-scaled.jpg","portfolio-five-width":177,"portfolio-five-height":133}},{"ID":10084,"id":10084,"title":"suite dom\u00f2tica hotel mas de la sala 6","filename":"suite-domotica-hotel-mas-de-la-sala-6-scaled.jpg","filesize":355276,"url":"https:\/\/www.bagesturisme.cat\/wp-content\/uploads\/2016\/12\/suite-domotica-hotel-mas-de-la-sala-6-scaled.jpg","link":"https:\/\/www.bagesturisme.cat\/es\/allotjament\/hotel-mas-sala\/suite-domotica-hotel-mas-de-la-sala-6\/","alt":"","author":"3","description":"","caption":"","name":"suite-domotica-hotel-mas-de-la-sala-6","status":"inherit","uploaded_to":42,"date":"2021-06-07 09:58:30","modified":"2021-06-07 09:58:30","menu_order":0,"mime_type":"image\/jpeg","type":"image","subtype":"jpeg","icon":"https:\/\/www.bagesturisme.cat\/wp-includes\/images\/media\/default.png","width":2560,"height":1707,"sizes":{"thumbnail":"https:\/\/www.bagesturisme.cat\/wp-content\/uploads\/2016\/12\/suite-domotica-hotel-mas-de-la-sala-6-150x150.jpg","thumbnail-width":150,"thumbnail-height":150,"medium":"https:\/\/www.bagesturisme.cat\/wp-content\/uploads\/2016\/12\/suite-domotica-hotel-mas-de-la-sala-6-600x400.jpg","medium-width":600,"medium-height":400,"medium_large":"https:\/\/www.bagesturisme.cat\/wp-content\/uploads\/2016\/12\/suite-domotica-hotel-mas-de-la-sala-6-768x512.jpg","medium_large-width":768,"medium_large-height":512,"large":"https:\/\/www.bagesturisme.cat\/wp-content\/uploads\/2016\/12\/suite-domotica-hotel-mas-de-la-sala-6-1280x853.jpg","large-width":1170,"large-height":780,"1536x1536":"https:\/\/www.bagesturisme.cat\/wp-content\/uploads\/2016\/12\/suite-domotica-hotel-mas-de-la-sala-6-1536x1024.jpg","1536x1536-width":1536,"1536x1536-height":1024,"2048x2048":"https:\/\/www.bagesturisme.cat\/wp-content\/uploads\/2016\/12\/suite-domotica-hotel-mas-de-la-sala-6-2048x1366.jpg","2048x2048-width":2048,"2048x2048-height":1366,"blog-large":"https:\/\/www.bagesturisme.cat\/wp-content\/uploads\/2016\/12\/suite-domotica-hotel-mas-de-la-sala-6-scaled.jpg","blog-large-width":408,"blog-large-height":272,"blog-medium":"https:\/\/www.bagesturisme.cat\/wp-content\/uploads\/2016\/12\/suite-domotica-hotel-mas-de-la-sala-6-scaled.jpg","blog-medium-width":303,"blog-medium-height":202,"recent-posts":"https:\/\/www.bagesturisme.cat\/wp-content\/uploads\/2016\/12\/suite-domotica-hotel-mas-de-la-sala-6-scaled.jpg","recent-posts-width":661,"recent-posts-height":441,"recent-works-thumbnail":"https:\/\/www.bagesturisme.cat\/wp-content\/uploads\/2016\/12\/suite-domotica-hotel-mas-de-la-sala-6-scaled.jpg","recent-works-thumbnail-width":66,"recent-works-thumbnail-height":44,"fusion-200":"https:\/\/www.bagesturisme.cat\/wp-content\/uploads\/2016\/12\/suite-domotica-hotel-mas-de-la-sala-6-scaled.jpg","fusion-200-width":200,"fusion-200-height":133,"fusion-400":"https:\/\/www.bagesturisme.cat\/wp-content\/uploads\/2016\/12\/suite-domotica-hotel-mas-de-la-sala-6-scaled.jpg","fusion-400-width":400,"fusion-400-height":267,"fusion-600":"https:\/\/www.bagesturisme.cat\/wp-content\/uploads\/2016\/12\/suite-domotica-hotel-mas-de-la-sala-6-scaled.jpg","fusion-600-width":600,"fusion-600-height":400,"fusion-800":"https:\/\/www.bagesturisme.cat\/wp-content\/uploads\/2016\/12\/suite-domotica-hotel-mas-de-la-sala-6-scaled.jpg","fusion-800-width":800,"fusion-800-height":533,"fusion-1200":"https:\/\/www.bagesturisme.cat\/wp-content\/uploads\/2016\/12\/suite-domotica-hotel-mas-de-la-sala-6-scaled.jpg","fusion-1200-width":1200,"fusion-1200-height":800,"portfolio-full":"https:\/\/www.bagesturisme.cat\/wp-content\/uploads\/2016\/12\/suite-domotica-hotel-mas-de-la-sala-6-scaled.jpg","portfolio-full-width":600,"portfolio-full-height":400,"portfolio-one":"https:\/\/www.bagesturisme.cat\/wp-content\/uploads\/2016\/12\/suite-domotica-hotel-mas-de-la-sala-6-scaled.jpg","portfolio-one-width":408,"portfolio-one-height":272,"portfolio-two":"https:\/\/www.bagesturisme.cat\/wp-content\/uploads\/2016\/12\/suite-domotica-hotel-mas-de-la-sala-6-scaled.jpg","portfolio-two-width":442,"portfolio-two-height":295,"portfolio-three":"https:\/\/www.bagesturisme.cat\/wp-content\/uploads\/2016\/12\/suite-domotica-hotel-mas-de-la-sala-6-scaled.jpg","portfolio-three-width":300,"portfolio-three-height":200,"portfolio-five":"https:\/\/www.bagesturisme.cat\/wp-content\/uploads\/2016\/12\/suite-domotica-hotel-mas-de-la-sala-6-scaled.jpg","portfolio-five-width":177,"portfolio-five-height":118}},{"ID":10085,"id":10085,"title":"suite familiar hotel mas de la sala 1","filename":"suite-familiar-hotel-mas-de-la-sala-1-scaled.jpg","filesize":282007,"url":"https:\/\/www.bagesturisme.cat\/wp-content\/uploads\/2016\/12\/suite-familiar-hotel-mas-de-la-sala-1-scaled.jpg","link":"https:\/\/www.bagesturisme.cat\/es\/allotjament\/hotel-mas-sala\/suite-familiar-hotel-mas-de-la-sala-1\/","alt":"","author":"3","description":"","caption":"","name":"suite-familiar-hotel-mas-de-la-sala-1","status":"inherit","uploaded_to":42,"date":"2021-06-07 09:58:37","modified":"2021-06-07 09:58:37","menu_order":0,"mime_type":"image\/jpeg","type":"image","subtype":"jpeg","icon":"https:\/\/www.bagesturisme.cat\/wp-includes\/images\/media\/default.png","width":2560,"height":1152,"sizes":{"thumbnail":"https:\/\/www.bagesturisme.cat\/wp-content\/uploads\/2016\/12\/suite-familiar-hotel-mas-de-la-sala-1-150x150.jpg","thumbnail-width":150,"thumbnail-height":150,"medium":"https:\/\/www.bagesturisme.cat\/wp-content\/uploads\/2016\/12\/suite-familiar-hotel-mas-de-la-sala-1-800x360.jpg","medium-width":800,"medium-height":360,"medium_large":"https:\/\/www.bagesturisme.cat\/wp-content\/uploads\/2016\/12\/suite-familiar-hotel-mas-de-la-sala-1-768x346.jpg","medium_large-width":768,"medium_large-height":346,"large":"https:\/\/www.bagesturisme.cat\/wp-content\/uploads\/2016\/12\/suite-familiar-hotel-mas-de-la-sala-1-1280x576.jpg","large-width":1170,"large-height":527,"1536x1536":"https:\/\/www.bagesturisme.cat\/wp-content\/uploads\/2016\/12\/suite-familiar-hotel-mas-de-la-sala-1-1536x691.jpg","1536x1536-width":1536,"1536x1536-height":691,"2048x2048":"https:\/\/www.bagesturisme.cat\/wp-content\/uploads\/2016\/12\/suite-familiar-hotel-mas-de-la-sala-1-2048x922.jpg","2048x2048-width":2048,"2048x2048-height":922,"blog-large":"https:\/\/www.bagesturisme.cat\/wp-content\/uploads\/2016\/12\/suite-familiar-hotel-mas-de-la-sala-1-scaled.jpg","blog-large-width":604,"blog-large-height":272,"blog-medium":"https:\/\/www.bagesturisme.cat\/wp-content\/uploads\/2016\/12\/suite-familiar-hotel-mas-de-la-sala-1-scaled.jpg","blog-medium-width":320,"blog-medium-height":144,"recent-posts":"https:\/\/www.bagesturisme.cat\/wp-content\/uploads\/2016\/12\/suite-familiar-hotel-mas-de-la-sala-1-scaled.jpg","recent-posts-width":700,"recent-posts-height":315,"recent-works-thumbnail":"https:\/\/www.bagesturisme.cat\/wp-content\/uploads\/2016\/12\/suite-familiar-hotel-mas-de-la-sala-1-scaled.jpg","recent-works-thumbnail-width":66,"recent-works-thumbnail-height":30,"fusion-200":"https:\/\/www.bagesturisme.cat\/wp-content\/uploads\/2016\/12\/suite-familiar-hotel-mas-de-la-sala-1-scaled.jpg","fusion-200-width":200,"fusion-200-height":90,"fusion-400":"https:\/\/www.bagesturisme.cat\/wp-content\/uploads\/2016\/12\/suite-familiar-hotel-mas-de-la-sala-1-scaled.jpg","fusion-400-width":400,"fusion-400-height":180,"fusion-600":"https:\/\/www.bagesturisme.cat\/wp-content\/uploads\/2016\/12\/suite-familiar-hotel-mas-de-la-sala-1-scaled.jpg","fusion-600-width":600,"fusion-600-height":270,"fusion-800":"https:\/\/www.bagesturisme.cat\/wp-content\/uploads\/2016\/12\/suite-familiar-hotel-mas-de-la-sala-1-scaled.jpg","fusion-800-width":800,"fusion-800-height":360,"fusion-1200":"https:\/\/www.bagesturisme.cat\/wp-content\/uploads\/2016\/12\/suite-familiar-hotel-mas-de-la-sala-1-scaled.jpg","fusion-1200-width":1200,"fusion-1200-height":540,"portfolio-full":"https:\/\/www.bagesturisme.cat\/wp-content\/uploads\/2016\/12\/suite-familiar-hotel-mas-de-la-sala-1-scaled.jpg","portfolio-full-width":889,"portfolio-full-height":400,"portfolio-one":"https:\/\/www.bagesturisme.cat\/wp-content\/uploads\/2016\/12\/suite-familiar-hotel-mas-de-la-sala-1-scaled.jpg","portfolio-one-width":540,"portfolio-one-height":243,"portfolio-two":"https:\/\/www.bagesturisme.cat\/wp-content\/uploads\/2016\/12\/suite-familiar-hotel-mas-de-la-sala-1-scaled.jpg","portfolio-two-width":460,"portfolio-two-height":207,"portfolio-three":"https:\/\/www.bagesturisme.cat\/wp-content\/uploads\/2016\/12\/suite-familiar-hotel-mas-de-la-sala-1-scaled.jpg","portfolio-three-width":300,"portfolio-three-height":135,"portfolio-five":"https:\/\/www.bagesturisme.cat\/wp-content\/uploads\/2016\/12\/suite-familiar-hotel-mas-de-la-sala-1-scaled.jpg","portfolio-five-width":177,"portfolio-five-height":80}},{"ID":10086,"id":10086,"title":"suite hidromasaje mas de la sala","filename":"suite-hidromasaje-mas-de-la-sala.jpg","filesize":2787151,"url":"https:\/\/www.bagesturisme.cat\/wp-content\/uploads\/2016\/12\/suite-hidromasaje-mas-de-la-sala.jpg","link":"https:\/\/www.bagesturisme.cat\/es\/allotjament\/hotel-mas-sala\/suite-hidromasaje-mas-de-la-sala\/","alt":"","author":"3","description":"","caption":"","name":"suite-hidromasaje-mas-de-la-sala","status":"inherit","uploaded_to":42,"date":"2021-06-07 09:58:41","modified":"2021-06-07 09:58:41","menu_order":0,"mime_type":"image\/jpeg","type":"image","subtype":"jpeg","icon":"https:\/\/www.bagesturisme.cat\/wp-includes\/images\/media\/default.png","width":2520,"height":1680,"sizes":{"thumbnail":"https:\/\/www.bagesturisme.cat\/wp-content\/uploads\/2016\/12\/suite-hidromasaje-mas-de-la-sala-150x150.jpg","thumbnail-width":150,"thumbnail-height":150,"medium":"https:\/\/www.bagesturisme.cat\/wp-content\/uploads\/2016\/12\/suite-hidromasaje-mas-de-la-sala-600x400.jpg","medium-width":600,"medium-height":400,"medium_large":"https:\/\/www.bagesturisme.cat\/wp-content\/uploads\/2016\/12\/suite-hidromasaje-mas-de-la-sala-768x512.jpg","medium_large-width":768,"medium_large-height":512,"large":"https:\/\/www.bagesturisme.cat\/wp-content\/uploads\/2016\/12\/suite-hidromasaje-mas-de-la-sala-1280x853.jpg","large-width":1170,"large-height":780,"1536x1536":"https:\/\/www.bagesturisme.cat\/wp-content\/uploads\/2016\/12\/suite-hidromasaje-mas-de-la-sala-1536x1024.jpg","1536x1536-width":1536,"1536x1536-height":1024,"2048x2048":"https:\/\/www.bagesturisme.cat\/wp-content\/uploads\/2016\/12\/suite-hidromasaje-mas-de-la-sala-2048x1365.jpg","2048x2048-width":2048,"2048x2048-height":1365,"blog-large":"https:\/\/www.bagesturisme.cat\/wp-content\/uploads\/2016\/12\/suite-hidromasaje-mas-de-la-sala.jpg","blog-large-width":408,"blog-large-height":272,"blog-medium":"https:\/\/www.bagesturisme.cat\/wp-content\/uploads\/2016\/12\/suite-hidromasaje-mas-de-la-sala.jpg","blog-medium-width":303,"blog-medium-height":202,"recent-posts":"https:\/\/www.bagesturisme.cat\/wp-content\/uploads\/2016\/12\/suite-hidromasaje-mas-de-la-sala.jpg","recent-posts-width":662,"recent-posts-height":441,"recent-works-thumbnail":"https:\/\/www.bagesturisme.cat\/wp-content\/uploads\/2016\/12\/suite-hidromasaje-mas-de-la-sala.jpg","recent-works-thumbnail-width":66,"recent-works-thumbnail-height":44,"fusion-200":"https:\/\/www.bagesturisme.cat\/wp-content\/uploads\/2016\/12\/suite-hidromasaje-mas-de-la-sala.jpg","fusion-200-width":200,"fusion-200-height":133,"fusion-400":"https:\/\/www.bagesturisme.cat\/wp-content\/uploads\/2016\/12\/suite-hidromasaje-mas-de-la-sala.jpg","fusion-400-width":400,"fusion-400-height":267,"fusion-600":"https:\/\/www.bagesturisme.cat\/wp-content\/uploads\/2016\/12\/suite-hidromasaje-mas-de-la-sala.jpg","fusion-600-width":600,"fusion-600-height":400,"fusion-800":"https:\/\/www.bagesturisme.cat\/wp-content\/uploads\/2016\/12\/suite-hidromasaje-mas-de-la-sala.jpg","fusion-800-width":800,"fusion-800-height":533,"fusion-1200":"https:\/\/www.bagesturisme.cat\/wp-content\/uploads\/2016\/12\/suite-hidromasaje-mas-de-la-sala.jpg","fusion-1200-width":1200,"fusion-1200-height":800,"portfolio-full":"https:\/\/www.bagesturisme.cat\/wp-content\/uploads\/2016\/12\/suite-hidromasaje-mas-de-la-sala.jpg","portfolio-full-width":600,"portfolio-full-height":400,"portfolio-one":"https:\/\/www.bagesturisme.cat\/wp-content\/uploads\/2016\/12\/suite-hidromasaje-mas-de-la-sala.jpg","portfolio-one-width":408,"portfolio-one-height":272,"portfolio-two":"https:\/\/www.bagesturisme.cat\/wp-content\/uploads\/2016\/12\/suite-hidromasaje-mas-de-la-sala.jpg","portfolio-two-width":443,"portfolio-two-height":295,"portfolio-three":"https:\/\/www.bagesturisme.cat\/wp-content\/uploads\/2016\/12\/suite-hidromasaje-mas-de-la-sala.jpg","portfolio-three-width":300,"portfolio-three-height":200,"portfolio-five":"https:\/\/www.bagesturisme.cat\/wp-content\/uploads\/2016\/12\/suite-hidromasaje-mas-de-la-sala.jpg","portfolio-five-width":177,"portfolio-five-height":118}}],"ubicacio":{"address":"mas de la sala","lat":"41.789386","lng":"1.897807000000057"}},"_links":{"self":[{"href":"https:\/\/www.bagesturisme.cat\/es\/wp-json\/wp\/v2\/allotjament\/42","targetHints":{"allow":["GET"]}}],"collection":[{"href":"https:\/\/www.bagesturisme.cat\/es\/wp-json\/wp\/v2\/allotjament"}],"about":[{"href":"https:\/\/www.bagesturisme.cat\/es\/wp-json\/wp\/v2\/types\/allotjament"}],"author":[{"embeddable":true,"href":"https:\/\/www.bagesturisme.cat\/es\/wp-json\/wp\/v2\/users\/24"}],"version-history":[{"count":33,"href":"https:\/\/www.bagesturisme.cat\/es\/wp-json\/wp\/v2\/allotjament\/42\/revisions"}],"predecessor-version":[{"id":10088,"href":"https:\/\/www.bagesturisme.cat\/es\/wp-json\/wp\/v2\/allotjament\/42\/revisions\/10088"}],"wp:featuredmedia":[{"embeddable":true,"href":"https:\/\/www.bagesturisme.cat\/es\/wp-json\/wp\/v2\/media\/10066"}],"wp:attachment":[{"href":"https:\/\/www.bagesturisme.cat\/es\/wp-json\/wp\/v2\/media?parent=42"}],"curies":[{"name":"wp","href":"https:\/\/api.w.org\/{rel}","templated":true}]}}