{"id":3132,"date":"2017-08-22T11:18:00","date_gmt":"2017-08-22T10:18:00","guid":{"rendered":"https:\/\/bagesturisme.cat\/?post_type=allotjament&#038;p=3132"},"modified":"2025-05-19T11:02:49","modified_gmt":"2025-05-19T10:02:49","slug":"cal-jaume","status":"publish","type":"allotjament","link":"https:\/\/www.bagesturisme.cat\/es\/allotjament\/cal-jaume\/","title":{"rendered":"Cal Jaume"},"content":{"rendered":"Cal Jaume es una mas\u00eda situada en un entorno tranquilo junto a la poblaci\u00f3n de Fals, Fonollosa.<br \/>\nLa casa se alquila entera, tiene 5 amplias habitaciones y una <strong>capacidad para 11-14 personas<\/strong>. Dispone de una gran cocina con chimenea y salida a dos terrazas, amplio comedor, 3 ba\u00f1os completos y sala de estar con sof\u00e1s y vistas a la piscina.<\/p>\n<p>Est\u00e1 equipada con todos los utensilios necesarios para la estancia: utensilios de cocina, ropa de cama, toallas, lavadora, lavavajillas, microondas, nevera, congelador, horno, vitrocer\u00e1mica, TV, DVD, consola de juegos, zona infantil, futbol\u00edn, calefacci\u00f3n radiante y aire acondicionado en la cocina y comedor. La casa est\u00e1 rodeada por <strong>m\u00e1s de 3000 m2 de terreno con zonas de c\u00e9sped <\/strong>alrededor de la<strong> piscina<\/strong>. Tanto la piscina como la finca se encuentran cerradas para evitar accidentes y tener una mayor tranquilidad si se va con ni\u00f1os.<\/p>\n<p>En el exterior hay tambi\u00e9n una <strong>barbacoa<\/strong> con una gran mesa. La casa dispone tambi\u00e9n de un <strong>amplio parking<\/strong> en la planta baja de la casa.<\/p>\n<p>Cal Jaume est\u00e1 a menos de 5 minutos andando del pueblo de Fals, donde encontrar\u00e1 una tienda de alimentaci\u00f3n, una pista deportiva, la iglesia y un parque infantil.<\/p>\n<p>N\u00ba de registro: PCC-000954","protected":false},"author":15,"featured_media":13446,"template":"","class_list":["post-3132","allotjament","type-allotjament","status-publish","has-post-thumbnail","hentry","municipi-fonollosa","indicadors-pit","indicadors-familiar","tipus-allotjament-turisme-rural"],"acf":{"adreca":"Crta. Rajadell a Fonollosa, s\/n - 08259 - Fals (Fonollosa)","web":"http:\/\/www.caljaume.cat","email":"info@calsort.cat","tel":"699 56 78 28 \u00b7 610 65 19 04","galeria":[{"ID":13446,"id":13446,"title":"cal jaume exterior","filename":"cal-jaume-078.jpg","filesize":2926060,"url":"https:\/\/www.bagesturisme.cat\/wp-content\/uploads\/2017\/08\/cal-jaume-078.jpg","link":"https:\/\/www.bagesturisme.cat\/es\/allotjament\/cal-jaume\/cal-jaume-078\/","alt":"","author":"3","description":"","caption":"","name":"cal-jaume-078","status":"inherit","uploaded_to":3132,"date":"2023-10-17 10:23:40","modified":"2023-10-17 10:23:53","menu_order":0,"mime_type":"image\/jpeg","type":"image","subtype":"jpeg","icon":"https:\/\/www.bagesturisme.cat\/wp-includes\/images\/media\/default.png","width":2200,"height":1466,"sizes":{"thumbnail":"https:\/\/www.bagesturisme.cat\/wp-content\/uploads\/2017\/08\/cal-jaume-078-150x150.jpg","thumbnail-width":150,"thumbnail-height":150,"medium":"https:\/\/www.bagesturisme.cat\/wp-content\/uploads\/2017\/08\/cal-jaume-078-600x400.jpg","medium-width":600,"medium-height":400,"medium_large":"https:\/\/www.bagesturisme.cat\/wp-content\/uploads\/2017\/08\/cal-jaume-078-768x512.jpg","medium_large-width":768,"medium_large-height":512,"large":"https:\/\/www.bagesturisme.cat\/wp-content\/uploads\/2017\/08\/cal-jaume-078-1280x853.jpg","large-width":1170,"large-height":780,"1536x1536":"https:\/\/www.bagesturisme.cat\/wp-content\/uploads\/2017\/08\/cal-jaume-078-1536x1024.jpg","1536x1536-width":1536,"1536x1536-height":1024,"2048x2048":"https:\/\/www.bagesturisme.cat\/wp-content\/uploads\/2017\/08\/cal-jaume-078-2048x1365.jpg","2048x2048-width":2048,"2048x2048-height":1365,"blog-large":"https:\/\/www.bagesturisme.cat\/wp-content\/uploads\/2017\/08\/cal-jaume-078.jpg","blog-large-width":408,"blog-large-height":272,"blog-medium":"https:\/\/www.bagesturisme.cat\/wp-content\/uploads\/2017\/08\/cal-jaume-078.jpg","blog-medium-width":303,"blog-medium-height":202,"recent-posts":"https:\/\/www.bagesturisme.cat\/wp-content\/uploads\/2017\/08\/cal-jaume-078.jpg","recent-posts-width":662,"recent-posts-height":441,"recent-works-thumbnail":"https:\/\/www.bagesturisme.cat\/wp-content\/uploads\/2017\/08\/cal-jaume-078.jpg","recent-works-thumbnail-width":66,"recent-works-thumbnail-height":44,"fusion-200":"https:\/\/www.bagesturisme.cat\/wp-content\/uploads\/2017\/08\/cal-jaume-078.jpg","fusion-200-width":200,"fusion-200-height":133,"fusion-400":"https:\/\/www.bagesturisme.cat\/wp-content\/uploads\/2017\/08\/cal-jaume-078.jpg","fusion-400-width":400,"fusion-400-height":267,"fusion-600":"https:\/\/www.bagesturisme.cat\/wp-content\/uploads\/2017\/08\/cal-jaume-078.jpg","fusion-600-width":600,"fusion-600-height":400,"fusion-800":"https:\/\/www.bagesturisme.cat\/wp-content\/uploads\/2017\/08\/cal-jaume-078.jpg","fusion-800-width":800,"fusion-800-height":533,"fusion-1200":"https:\/\/www.bagesturisme.cat\/wp-content\/uploads\/2017\/08\/cal-jaume-078.jpg","fusion-1200-width":1200,"fusion-1200-height":800,"portfolio-full":"https:\/\/www.bagesturisme.cat\/wp-content\/uploads\/2017\/08\/cal-jaume-078.jpg","portfolio-full-width":600,"portfolio-full-height":400,"portfolio-one":"https:\/\/www.bagesturisme.cat\/wp-content\/uploads\/2017\/08\/cal-jaume-078.jpg","portfolio-one-width":408,"portfolio-one-height":272,"portfolio-two":"https:\/\/www.bagesturisme.cat\/wp-content\/uploads\/2017\/08\/cal-jaume-078.jpg","portfolio-two-width":443,"portfolio-two-height":295,"portfolio-three":"https:\/\/www.bagesturisme.cat\/wp-content\/uploads\/2017\/08\/cal-jaume-078.jpg","portfolio-three-width":300,"portfolio-three-height":200,"portfolio-five":"https:\/\/www.bagesturisme.cat\/wp-content\/uploads\/2017\/08\/cal-jaume-078.jpg","portfolio-five-width":177,"portfolio-five-height":118}},{"ID":13447,"id":13447,"title":"cal jaume exterior","filename":"cal-jaume-083.jpg","filesize":3672357,"url":"https:\/\/www.bagesturisme.cat\/wp-content\/uploads\/2017\/08\/cal-jaume-083.jpg","link":"https:\/\/www.bagesturisme.cat\/es\/allotjament\/cal-jaume\/cal-jaume-083\/","alt":"","author":"3","description":"","caption":"","name":"cal-jaume-083","status":"inherit","uploaded_to":3132,"date":"2023-10-17 10:24:56","modified":"2023-10-17 10:25:26","menu_order":0,"mime_type":"image\/jpeg","type":"image","subtype":"jpeg","icon":"https:\/\/www.bagesturisme.cat\/wp-includes\/images\/media\/default.png","width":2200,"height":1466,"sizes":{"thumbnail":"https:\/\/www.bagesturisme.cat\/wp-content\/uploads\/2017\/08\/cal-jaume-083-150x150.jpg","thumbnail-width":150,"thumbnail-height":150,"medium":"https:\/\/www.bagesturisme.cat\/wp-content\/uploads\/2017\/08\/cal-jaume-083-600x400.jpg","medium-width":600,"medium-height":400,"medium_large":"https:\/\/www.bagesturisme.cat\/wp-content\/uploads\/2017\/08\/cal-jaume-083-768x512.jpg","medium_large-width":768,"medium_large-height":512,"large":"https:\/\/www.bagesturisme.cat\/wp-content\/uploads\/2017\/08\/cal-jaume-083-1280x853.jpg","large-width":1170,"large-height":780,"1536x1536":"https:\/\/www.bagesturisme.cat\/wp-content\/uploads\/2017\/08\/cal-jaume-083-1536x1024.jpg","1536x1536-width":1536,"1536x1536-height":1024,"2048x2048":"https:\/\/www.bagesturisme.cat\/wp-content\/uploads\/2017\/08\/cal-jaume-083-2048x1365.jpg","2048x2048-width":2048,"2048x2048-height":1365,"blog-large":"https:\/\/www.bagesturisme.cat\/wp-content\/uploads\/2017\/08\/cal-jaume-083.jpg","blog-large-width":408,"blog-large-height":272,"blog-medium":"https:\/\/www.bagesturisme.cat\/wp-content\/uploads\/2017\/08\/cal-jaume-083.jpg","blog-medium-width":303,"blog-medium-height":202,"recent-posts":"https:\/\/www.bagesturisme.cat\/wp-content\/uploads\/2017\/08\/cal-jaume-083.jpg","recent-posts-width":662,"recent-posts-height":441,"recent-works-thumbnail":"https:\/\/www.bagesturisme.cat\/wp-content\/uploads\/2017\/08\/cal-jaume-083.jpg","recent-works-thumbnail-width":66,"recent-works-thumbnail-height":44,"fusion-200":"https:\/\/www.bagesturisme.cat\/wp-content\/uploads\/2017\/08\/cal-jaume-083.jpg","fusion-200-width":200,"fusion-200-height":133,"fusion-400":"https:\/\/www.bagesturisme.cat\/wp-content\/uploads\/2017\/08\/cal-jaume-083.jpg","fusion-400-width":400,"fusion-400-height":267,"fusion-600":"https:\/\/www.bagesturisme.cat\/wp-content\/uploads\/2017\/08\/cal-jaume-083.jpg","fusion-600-width":600,"fusion-600-height":400,"fusion-800":"https:\/\/www.bagesturisme.cat\/wp-content\/uploads\/2017\/08\/cal-jaume-083.jpg","fusion-800-width":800,"fusion-800-height":533,"fusion-1200":"https:\/\/www.bagesturisme.cat\/wp-content\/uploads\/2017\/08\/cal-jaume-083.jpg","fusion-1200-width":1200,"fusion-1200-height":800,"portfolio-full":"https:\/\/www.bagesturisme.cat\/wp-content\/uploads\/2017\/08\/cal-jaume-083.jpg","portfolio-full-width":600,"portfolio-full-height":400,"portfolio-one":"https:\/\/www.bagesturisme.cat\/wp-content\/uploads\/2017\/08\/cal-jaume-083.jpg","portfolio-one-width":408,"portfolio-one-height":272,"portfolio-two":"https:\/\/www.bagesturisme.cat\/wp-content\/uploads\/2017\/08\/cal-jaume-083.jpg","portfolio-two-width":443,"portfolio-two-height":295,"portfolio-three":"https:\/\/www.bagesturisme.cat\/wp-content\/uploads\/2017\/08\/cal-jaume-083.jpg","portfolio-three-width":300,"portfolio-three-height":200,"portfolio-five":"https:\/\/www.bagesturisme.cat\/wp-content\/uploads\/2017\/08\/cal-jaume-083.jpg","portfolio-five-width":177,"portfolio-five-height":118}},{"ID":13451,"id":13451,"title":"cal jaume habitaci\u00f3","filename":"cal-jaume-030.jpg","filesize":1708536,"url":"https:\/\/www.bagesturisme.cat\/wp-content\/uploads\/2017\/08\/cal-jaume-030.jpg","link":"https:\/\/www.bagesturisme.cat\/es\/allotjament\/cal-jaume\/cal-jaume-030\/","alt":"","author":"3","description":"","caption":"","name":"cal-jaume-030","status":"inherit","uploaded_to":3132,"date":"2023-10-17 10:26:53","modified":"2023-10-17 10:30:16","menu_order":0,"mime_type":"image\/jpeg","type":"image","subtype":"jpeg","icon":"https:\/\/www.bagesturisme.cat\/wp-includes\/images\/media\/default.png","width":2200,"height":1464,"sizes":{"thumbnail":"https:\/\/www.bagesturisme.cat\/wp-content\/uploads\/2017\/08\/cal-jaume-030-150x150.jpg","thumbnail-width":150,"thumbnail-height":150,"medium":"https:\/\/www.bagesturisme.cat\/wp-content\/uploads\/2017\/08\/cal-jaume-030-601x400.jpg","medium-width":601,"medium-height":400,"medium_large":"https:\/\/www.bagesturisme.cat\/wp-content\/uploads\/2017\/08\/cal-jaume-030-768x511.jpg","medium_large-width":768,"medium_large-height":511,"large":"https:\/\/www.bagesturisme.cat\/wp-content\/uploads\/2017\/08\/cal-jaume-030-1280x852.jpg","large-width":1170,"large-height":779,"1536x1536":"https:\/\/www.bagesturisme.cat\/wp-content\/uploads\/2017\/08\/cal-jaume-030-1536x1022.jpg","1536x1536-width":1536,"1536x1536-height":1022,"2048x2048":"https:\/\/www.bagesturisme.cat\/wp-content\/uploads\/2017\/08\/cal-jaume-030-2048x1363.jpg","2048x2048-width":2048,"2048x2048-height":1363,"blog-large":"https:\/\/www.bagesturisme.cat\/wp-content\/uploads\/2017\/08\/cal-jaume-030.jpg","blog-large-width":409,"blog-large-height":272,"blog-medium":"https:\/\/www.bagesturisme.cat\/wp-content\/uploads\/2017\/08\/cal-jaume-030.jpg","blog-medium-width":304,"blog-medium-height":202,"recent-posts":"https:\/\/www.bagesturisme.cat\/wp-content\/uploads\/2017\/08\/cal-jaume-030.jpg","recent-posts-width":663,"recent-posts-height":441,"recent-works-thumbnail":"https:\/\/www.bagesturisme.cat\/wp-content\/uploads\/2017\/08\/cal-jaume-030.jpg","recent-works-thumbnail-width":66,"recent-works-thumbnail-height":44,"fusion-200":"https:\/\/www.bagesturisme.cat\/wp-content\/uploads\/2017\/08\/cal-jaume-030.jpg","fusion-200-width":200,"fusion-200-height":133,"fusion-400":"https:\/\/www.bagesturisme.cat\/wp-content\/uploads\/2017\/08\/cal-jaume-030.jpg","fusion-400-width":400,"fusion-400-height":266,"fusion-600":"https:\/\/www.bagesturisme.cat\/wp-content\/uploads\/2017\/08\/cal-jaume-030.jpg","fusion-600-width":600,"fusion-600-height":399,"fusion-800":"https:\/\/www.bagesturisme.cat\/wp-content\/uploads\/2017\/08\/cal-jaume-030.jpg","fusion-800-width":800,"fusion-800-height":532,"fusion-1200":"https:\/\/www.bagesturisme.cat\/wp-content\/uploads\/2017\/08\/cal-jaume-030.jpg","fusion-1200-width":1200,"fusion-1200-height":799,"portfolio-full":"https:\/\/www.bagesturisme.cat\/wp-content\/uploads\/2017\/08\/cal-jaume-030.jpg","portfolio-full-width":601,"portfolio-full-height":400,"portfolio-one":"https:\/\/www.bagesturisme.cat\/wp-content\/uploads\/2017\/08\/cal-jaume-030.jpg","portfolio-one-width":409,"portfolio-one-height":272,"portfolio-two":"https:\/\/www.bagesturisme.cat\/wp-content\/uploads\/2017\/08\/cal-jaume-030.jpg","portfolio-two-width":443,"portfolio-two-height":295,"portfolio-three":"https:\/\/www.bagesturisme.cat\/wp-content\/uploads\/2017\/08\/cal-jaume-030.jpg","portfolio-three-width":300,"portfolio-three-height":200,"portfolio-five":"https:\/\/www.bagesturisme.cat\/wp-content\/uploads\/2017\/08\/cal-jaume-030.jpg","portfolio-five-width":177,"portfolio-five-height":118}},{"ID":13459,"id":13459,"title":"cal jaume habitaci\u00f3 beig","filename":"cal-jaume-061.jpg","filesize":1725848,"url":"https:\/\/www.bagesturisme.cat\/wp-content\/uploads\/2017\/08\/cal-jaume-061.jpg","link":"https:\/\/www.bagesturisme.cat\/es\/allotjament\/cal-jaume\/cal-jaume-061\/","alt":"","author":"3","description":"","caption":"","name":"cal-jaume-061","status":"inherit","uploaded_to":3132,"date":"2023-10-17 10:28:56","modified":"2023-10-17 10:31:10","menu_order":0,"mime_type":"image\/jpeg","type":"image","subtype":"jpeg","icon":"https:\/\/www.bagesturisme.cat\/wp-includes\/images\/media\/default.png","width":2200,"height":1464,"sizes":{"thumbnail":"https:\/\/www.bagesturisme.cat\/wp-content\/uploads\/2017\/08\/cal-jaume-061-150x150.jpg","thumbnail-width":150,"thumbnail-height":150,"medium":"https:\/\/www.bagesturisme.cat\/wp-content\/uploads\/2017\/08\/cal-jaume-061-601x400.jpg","medium-width":601,"medium-height":400,"medium_large":"https:\/\/www.bagesturisme.cat\/wp-content\/uploads\/2017\/08\/cal-jaume-061-768x511.jpg","medium_large-width":768,"medium_large-height":511,"large":"https:\/\/www.bagesturisme.cat\/wp-content\/uploads\/2017\/08\/cal-jaume-061-1280x852.jpg","large-width":1170,"large-height":779,"1536x1536":"https:\/\/www.bagesturisme.cat\/wp-content\/uploads\/2017\/08\/cal-jaume-061-1536x1022.jpg","1536x1536-width":1536,"1536x1536-height":1022,"2048x2048":"https:\/\/www.bagesturisme.cat\/wp-content\/uploads\/2017\/08\/cal-jaume-061-2048x1363.jpg","2048x2048-width":2048,"2048x2048-height":1363,"blog-large":"https:\/\/www.bagesturisme.cat\/wp-content\/uploads\/2017\/08\/cal-jaume-061.jpg","blog-large-width":409,"blog-large-height":272,"blog-medium":"https:\/\/www.bagesturisme.cat\/wp-content\/uploads\/2017\/08\/cal-jaume-061.jpg","blog-medium-width":304,"blog-medium-height":202,"recent-posts":"https:\/\/www.bagesturisme.cat\/wp-content\/uploads\/2017\/08\/cal-jaume-061.jpg","recent-posts-width":663,"recent-posts-height":441,"recent-works-thumbnail":"https:\/\/www.bagesturisme.cat\/wp-content\/uploads\/2017\/08\/cal-jaume-061.jpg","recent-works-thumbnail-width":66,"recent-works-thumbnail-height":44,"fusion-200":"https:\/\/www.bagesturisme.cat\/wp-content\/uploads\/2017\/08\/cal-jaume-061.jpg","fusion-200-width":200,"fusion-200-height":133,"fusion-400":"https:\/\/www.bagesturisme.cat\/wp-content\/uploads\/2017\/08\/cal-jaume-061.jpg","fusion-400-width":400,"fusion-400-height":266,"fusion-600":"https:\/\/www.bagesturisme.cat\/wp-content\/uploads\/2017\/08\/cal-jaume-061.jpg","fusion-600-width":600,"fusion-600-height":399,"fusion-800":"https:\/\/www.bagesturisme.cat\/wp-content\/uploads\/2017\/08\/cal-jaume-061.jpg","fusion-800-width":800,"fusion-800-height":532,"fusion-1200":"https:\/\/www.bagesturisme.cat\/wp-content\/uploads\/2017\/08\/cal-jaume-061.jpg","fusion-1200-width":1200,"fusion-1200-height":799,"portfolio-full":"https:\/\/www.bagesturisme.cat\/wp-content\/uploads\/2017\/08\/cal-jaume-061.jpg","portfolio-full-width":601,"portfolio-full-height":400,"portfolio-one":"https:\/\/www.bagesturisme.cat\/wp-content\/uploads\/2017\/08\/cal-jaume-061.jpg","portfolio-one-width":409,"portfolio-one-height":272,"portfolio-two":"https:\/\/www.bagesturisme.cat\/wp-content\/uploads\/2017\/08\/cal-jaume-061.jpg","portfolio-two-width":443,"portfolio-two-height":295,"portfolio-three":"https:\/\/www.bagesturisme.cat\/wp-content\/uploads\/2017\/08\/cal-jaume-061.jpg","portfolio-three-width":300,"portfolio-three-height":200,"portfolio-five":"https:\/\/www.bagesturisme.cat\/wp-content\/uploads\/2017\/08\/cal-jaume-061.jpg","portfolio-five-width":177,"portfolio-five-height":118}},{"ID":13463,"id":13463,"title":"cal jaume habitaci\u00f3 orenetes","filename":"cal-jaume-071.jpg","filesize":1939007,"url":"https:\/\/www.bagesturisme.cat\/wp-content\/uploads\/2017\/08\/cal-jaume-071.jpg","link":"https:\/\/www.bagesturisme.cat\/es\/allotjament\/cal-jaume\/cal-jaume-071\/","alt":"","author":"3","description":"","caption":"","name":"cal-jaume-071","status":"inherit","uploaded_to":3132,"date":"2023-10-17 10:29:34","modified":"2023-10-17 10:31:40","menu_order":0,"mime_type":"image\/jpeg","type":"image","subtype":"jpeg","icon":"https:\/\/www.bagesturisme.cat\/wp-includes\/images\/media\/default.png","width":2200,"height":1464,"sizes":{"thumbnail":"https:\/\/www.bagesturisme.cat\/wp-content\/uploads\/2017\/08\/cal-jaume-071-150x150.jpg","thumbnail-width":150,"thumbnail-height":150,"medium":"https:\/\/www.bagesturisme.cat\/wp-content\/uploads\/2017\/08\/cal-jaume-071-601x400.jpg","medium-width":601,"medium-height":400,"medium_large":"https:\/\/www.bagesturisme.cat\/wp-content\/uploads\/2017\/08\/cal-jaume-071-768x511.jpg","medium_large-width":768,"medium_large-height":511,"large":"https:\/\/www.bagesturisme.cat\/wp-content\/uploads\/2017\/08\/cal-jaume-071-1280x852.jpg","large-width":1170,"large-height":779,"1536x1536":"https:\/\/www.bagesturisme.cat\/wp-content\/uploads\/2017\/08\/cal-jaume-071-1536x1022.jpg","1536x1536-width":1536,"1536x1536-height":1022,"2048x2048":"https:\/\/www.bagesturisme.cat\/wp-content\/uploads\/2017\/08\/cal-jaume-071-2048x1363.jpg","2048x2048-width":2048,"2048x2048-height":1363,"blog-large":"https:\/\/www.bagesturisme.cat\/wp-content\/uploads\/2017\/08\/cal-jaume-071.jpg","blog-large-width":409,"blog-large-height":272,"blog-medium":"https:\/\/www.bagesturisme.cat\/wp-content\/uploads\/2017\/08\/cal-jaume-071.jpg","blog-medium-width":304,"blog-medium-height":202,"recent-posts":"https:\/\/www.bagesturisme.cat\/wp-content\/uploads\/2017\/08\/cal-jaume-071.jpg","recent-posts-width":663,"recent-posts-height":441,"recent-works-thumbnail":"https:\/\/www.bagesturisme.cat\/wp-content\/uploads\/2017\/08\/cal-jaume-071.jpg","recent-works-thumbnail-width":66,"recent-works-thumbnail-height":44,"fusion-200":"https:\/\/www.bagesturisme.cat\/wp-content\/uploads\/2017\/08\/cal-jaume-071.jpg","fusion-200-width":200,"fusion-200-height":133,"fusion-400":"https:\/\/www.bagesturisme.cat\/wp-content\/uploads\/2017\/08\/cal-jaume-071.jpg","fusion-400-width":400,"fusion-400-height":266,"fusion-600":"https:\/\/www.bagesturisme.cat\/wp-content\/uploads\/2017\/08\/cal-jaume-071.jpg","fusion-600-width":600,"fusion-600-height":399,"fusion-800":"https:\/\/www.bagesturisme.cat\/wp-content\/uploads\/2017\/08\/cal-jaume-071.jpg","fusion-800-width":800,"fusion-800-height":532,"fusion-1200":"https:\/\/www.bagesturisme.cat\/wp-content\/uploads\/2017\/08\/cal-jaume-071.jpg","fusion-1200-width":1200,"fusion-1200-height":799,"portfolio-full":"https:\/\/www.bagesturisme.cat\/wp-content\/uploads\/2017\/08\/cal-jaume-071.jpg","portfolio-full-width":601,"portfolio-full-height":400,"portfolio-one":"https:\/\/www.bagesturisme.cat\/wp-content\/uploads\/2017\/08\/cal-jaume-071.jpg","portfolio-one-width":409,"portfolio-one-height":272,"portfolio-two":"https:\/\/www.bagesturisme.cat\/wp-content\/uploads\/2017\/08\/cal-jaume-071.jpg","portfolio-two-width":443,"portfolio-two-height":295,"portfolio-three":"https:\/\/www.bagesturisme.cat\/wp-content\/uploads\/2017\/08\/cal-jaume-071.jpg","portfolio-three-width":300,"portfolio-three-height":200,"portfolio-five":"https:\/\/www.bagesturisme.cat\/wp-content\/uploads\/2017\/08\/cal-jaume-071.jpg","portfolio-five-width":177,"portfolio-five-height":118}},{"ID":13462,"id":13462,"title":"cal jaume bany","filename":"cal-jaume-065.jpg","filesize":1912367,"url":"https:\/\/www.bagesturisme.cat\/wp-content\/uploads\/2017\/08\/cal-jaume-065.jpg","link":"https:\/\/www.bagesturisme.cat\/es\/allotjament\/cal-jaume\/cal-jaume-065\/","alt":"","author":"3","description":"","caption":"","name":"cal-jaume-065","status":"inherit","uploaded_to":3132,"date":"2023-10-17 10:29:30","modified":"2023-10-17 10:31:25","menu_order":0,"mime_type":"image\/jpeg","type":"image","subtype":"jpeg","icon":"https:\/\/www.bagesturisme.cat\/wp-includes\/images\/media\/default.png","width":1464,"height":2200,"sizes":{"thumbnail":"https:\/\/www.bagesturisme.cat\/wp-content\/uploads\/2017\/08\/cal-jaume-065-150x150.jpg","thumbnail-width":150,"thumbnail-height":150,"medium":"https:\/\/www.bagesturisme.cat\/wp-content\/uploads\/2017\/08\/cal-jaume-065-266x400.jpg","medium-width":266,"medium-height":400,"medium_large":"https:\/\/www.bagesturisme.cat\/wp-content\/uploads\/2017\/08\/cal-jaume-065-768x1154.jpg","medium_large-width":768,"medium_large-height":1154,"large":"https:\/\/www.bagesturisme.cat\/wp-content\/uploads\/2017\/08\/cal-jaume-065-681x1024.jpg","large-width":681,"large-height":1024,"1536x1536":"https:\/\/www.bagesturisme.cat\/wp-content\/uploads\/2017\/08\/cal-jaume-065-1022x1536.jpg","1536x1536-width":1022,"1536x1536-height":1536,"2048x2048":"https:\/\/www.bagesturisme.cat\/wp-content\/uploads\/2017\/08\/cal-jaume-065-1363x2048.jpg","2048x2048-width":1363,"2048x2048-height":2048,"blog-large":"https:\/\/www.bagesturisme.cat\/wp-content\/uploads\/2017\/08\/cal-jaume-065.jpg","blog-large-width":181,"blog-large-height":272,"blog-medium":"https:\/\/www.bagesturisme.cat\/wp-content\/uploads\/2017\/08\/cal-jaume-065.jpg","blog-medium-width":134,"blog-medium-height":202,"recent-posts":"https:\/\/www.bagesturisme.cat\/wp-content\/uploads\/2017\/08\/cal-jaume-065.jpg","recent-posts-width":293,"recent-posts-height":441,"recent-works-thumbnail":"https:\/\/www.bagesturisme.cat\/wp-content\/uploads\/2017\/08\/cal-jaume-065.jpg","recent-works-thumbnail-width":44,"recent-works-thumbnail-height":66,"fusion-200":"https:\/\/www.bagesturisme.cat\/wp-content\/uploads\/2017\/08\/cal-jaume-065.jpg","fusion-200-width":200,"fusion-200-height":301,"fusion-400":"https:\/\/www.bagesturisme.cat\/wp-content\/uploads\/2017\/08\/cal-jaume-065.jpg","fusion-400-width":400,"fusion-400-height":601,"fusion-600":"https:\/\/www.bagesturisme.cat\/wp-content\/uploads\/2017\/08\/cal-jaume-065.jpg","fusion-600-width":600,"fusion-600-height":902,"fusion-800":"https:\/\/www.bagesturisme.cat\/wp-content\/uploads\/2017\/08\/cal-jaume-065.jpg","fusion-800-width":800,"fusion-800-height":1202,"fusion-1200":"https:\/\/www.bagesturisme.cat\/wp-content\/uploads\/2017\/08\/cal-jaume-065.jpg","fusion-1200-width":1200,"fusion-1200-height":1803,"portfolio-full":"https:\/\/www.bagesturisme.cat\/wp-content\/uploads\/2017\/08\/cal-jaume-065.jpg","portfolio-full-width":266,"portfolio-full-height":400,"portfolio-one":"https:\/\/www.bagesturisme.cat\/wp-content\/uploads\/2017\/08\/cal-jaume-065.jpg","portfolio-one-width":181,"portfolio-one-height":272,"portfolio-two":"https:\/\/www.bagesturisme.cat\/wp-content\/uploads\/2017\/08\/cal-jaume-065.jpg","portfolio-two-width":196,"portfolio-two-height":295,"portfolio-three":"https:\/\/www.bagesturisme.cat\/wp-content\/uploads\/2017\/08\/cal-jaume-065.jpg","portfolio-three-width":142,"portfolio-three-height":214,"portfolio-five":"https:\/\/www.bagesturisme.cat\/wp-content\/uploads\/2017\/08\/cal-jaume-065.jpg","portfolio-five-width":94,"portfolio-five-height":142}},{"ID":13458,"id":13458,"title":"cal jaume menjador","filename":"cal-jaume-046.jpg","filesize":1906692,"url":"https:\/\/www.bagesturisme.cat\/wp-content\/uploads\/2017\/08\/cal-jaume-046.jpg","link":"https:\/\/www.bagesturisme.cat\/es\/allotjament\/cal-jaume\/cal-jaume-046\/","alt":"","author":"3","description":"","caption":"","name":"cal-jaume-046","status":"inherit","uploaded_to":3132,"date":"2023-10-17 10:28:26","modified":"2023-10-17 10:31:04","menu_order":0,"mime_type":"image\/jpeg","type":"image","subtype":"jpeg","icon":"https:\/\/www.bagesturisme.cat\/wp-includes\/images\/media\/default.png","width":2200,"height":1464,"sizes":{"thumbnail":"https:\/\/www.bagesturisme.cat\/wp-content\/uploads\/2017\/08\/cal-jaume-046-150x150.jpg","thumbnail-width":150,"thumbnail-height":150,"medium":"https:\/\/www.bagesturisme.cat\/wp-content\/uploads\/2017\/08\/cal-jaume-046-601x400.jpg","medium-width":601,"medium-height":400,"medium_large":"https:\/\/www.bagesturisme.cat\/wp-content\/uploads\/2017\/08\/cal-jaume-046-768x511.jpg","medium_large-width":768,"medium_large-height":511,"large":"https:\/\/www.bagesturisme.cat\/wp-content\/uploads\/2017\/08\/cal-jaume-046-1280x852.jpg","large-width":1170,"large-height":779,"1536x1536":"https:\/\/www.bagesturisme.cat\/wp-content\/uploads\/2017\/08\/cal-jaume-046-1536x1022.jpg","1536x1536-width":1536,"1536x1536-height":1022,"2048x2048":"https:\/\/www.bagesturisme.cat\/wp-content\/uploads\/2017\/08\/cal-jaume-046-2048x1363.jpg","2048x2048-width":2048,"2048x2048-height":1363,"blog-large":"https:\/\/www.bagesturisme.cat\/wp-content\/uploads\/2017\/08\/cal-jaume-046.jpg","blog-large-width":409,"blog-large-height":272,"blog-medium":"https:\/\/www.bagesturisme.cat\/wp-content\/uploads\/2017\/08\/cal-jaume-046.jpg","blog-medium-width":304,"blog-medium-height":202,"recent-posts":"https:\/\/www.bagesturisme.cat\/wp-content\/uploads\/2017\/08\/cal-jaume-046.jpg","recent-posts-width":663,"recent-posts-height":441,"recent-works-thumbnail":"https:\/\/www.bagesturisme.cat\/wp-content\/uploads\/2017\/08\/cal-jaume-046.jpg","recent-works-thumbnail-width":66,"recent-works-thumbnail-height":44,"fusion-200":"https:\/\/www.bagesturisme.cat\/wp-content\/uploads\/2017\/08\/cal-jaume-046.jpg","fusion-200-width":200,"fusion-200-height":133,"fusion-400":"https:\/\/www.bagesturisme.cat\/wp-content\/uploads\/2017\/08\/cal-jaume-046.jpg","fusion-400-width":400,"fusion-400-height":266,"fusion-600":"https:\/\/www.bagesturisme.cat\/wp-content\/uploads\/2017\/08\/cal-jaume-046.jpg","fusion-600-width":600,"fusion-600-height":399,"fusion-800":"https:\/\/www.bagesturisme.cat\/wp-content\/uploads\/2017\/08\/cal-jaume-046.jpg","fusion-800-width":800,"fusion-800-height":532,"fusion-1200":"https:\/\/www.bagesturisme.cat\/wp-content\/uploads\/2017\/08\/cal-jaume-046.jpg","fusion-1200-width":1200,"fusion-1200-height":799,"portfolio-full":"https:\/\/www.bagesturisme.cat\/wp-content\/uploads\/2017\/08\/cal-jaume-046.jpg","portfolio-full-width":601,"portfolio-full-height":400,"portfolio-one":"https:\/\/www.bagesturisme.cat\/wp-content\/uploads\/2017\/08\/cal-jaume-046.jpg","portfolio-one-width":409,"portfolio-one-height":272,"portfolio-two":"https:\/\/www.bagesturisme.cat\/wp-content\/uploads\/2017\/08\/cal-jaume-046.jpg","portfolio-two-width":443,"portfolio-two-height":295,"portfolio-three":"https:\/\/www.bagesturisme.cat\/wp-content\/uploads\/2017\/08\/cal-jaume-046.jpg","portfolio-three-width":300,"portfolio-three-height":200,"portfolio-five":"https:\/\/www.bagesturisme.cat\/wp-content\/uploads\/2017\/08\/cal-jaume-046.jpg","portfolio-five-width":177,"portfolio-five-height":118}},{"ID":13449,"id":13449,"title":"cal jaume sala jocs","filename":"cal-jaume-017.jpg","filesize":2552742,"url":"https:\/\/www.bagesturisme.cat\/wp-content\/uploads\/2017\/08\/cal-jaume-017.jpg","link":"https:\/\/www.bagesturisme.cat\/es\/allotjament\/cal-jaume\/cal-jaume-017\/","alt":"","author":"3","description":"","caption":"","name":"cal-jaume-017","status":"inherit","uploaded_to":3132,"date":"2023-10-17 10:26:07","modified":"2023-10-17 10:30:03","menu_order":0,"mime_type":"image\/jpeg","type":"image","subtype":"jpeg","icon":"https:\/\/www.bagesturisme.cat\/wp-includes\/images\/media\/default.png","width":2200,"height":1464,"sizes":{"thumbnail":"https:\/\/www.bagesturisme.cat\/wp-content\/uploads\/2017\/08\/cal-jaume-017-150x150.jpg","thumbnail-width":150,"thumbnail-height":150,"medium":"https:\/\/www.bagesturisme.cat\/wp-content\/uploads\/2017\/08\/cal-jaume-017-601x400.jpg","medium-width":601,"medium-height":400,"medium_large":"https:\/\/www.bagesturisme.cat\/wp-content\/uploads\/2017\/08\/cal-jaume-017-768x511.jpg","medium_large-width":768,"medium_large-height":511,"large":"https:\/\/www.bagesturisme.cat\/wp-content\/uploads\/2017\/08\/cal-jaume-017-1280x852.jpg","large-width":1170,"large-height":779,"1536x1536":"https:\/\/www.bagesturisme.cat\/wp-content\/uploads\/2017\/08\/cal-jaume-017-1536x1022.jpg","1536x1536-width":1536,"1536x1536-height":1022,"2048x2048":"https:\/\/www.bagesturisme.cat\/wp-content\/uploads\/2017\/08\/cal-jaume-017-2048x1363.jpg","2048x2048-width":2048,"2048x2048-height":1363,"blog-large":"https:\/\/www.bagesturisme.cat\/wp-content\/uploads\/2017\/08\/cal-jaume-017.jpg","blog-large-width":409,"blog-large-height":272,"blog-medium":"https:\/\/www.bagesturisme.cat\/wp-content\/uploads\/2017\/08\/cal-jaume-017.jpg","blog-medium-width":304,"blog-medium-height":202,"recent-posts":"https:\/\/www.bagesturisme.cat\/wp-content\/uploads\/2017\/08\/cal-jaume-017.jpg","recent-posts-width":663,"recent-posts-height":441,"recent-works-thumbnail":"https:\/\/www.bagesturisme.cat\/wp-content\/uploads\/2017\/08\/cal-jaume-017.jpg","recent-works-thumbnail-width":66,"recent-works-thumbnail-height":44,"fusion-200":"https:\/\/www.bagesturisme.cat\/wp-content\/uploads\/2017\/08\/cal-jaume-017.jpg","fusion-200-width":200,"fusion-200-height":133,"fusion-400":"https:\/\/www.bagesturisme.cat\/wp-content\/uploads\/2017\/08\/cal-jaume-017.jpg","fusion-400-width":400,"fusion-400-height":266,"fusion-600":"https:\/\/www.bagesturisme.cat\/wp-content\/uploads\/2017\/08\/cal-jaume-017.jpg","fusion-600-width":600,"fusion-600-height":399,"fusion-800":"https:\/\/www.bagesturisme.cat\/wp-content\/uploads\/2017\/08\/cal-jaume-017.jpg","fusion-800-width":800,"fusion-800-height":532,"fusion-1200":"https:\/\/www.bagesturisme.cat\/wp-content\/uploads\/2017\/08\/cal-jaume-017.jpg","fusion-1200-width":1200,"fusion-1200-height":799,"portfolio-full":"https:\/\/www.bagesturisme.cat\/wp-content\/uploads\/2017\/08\/cal-jaume-017.jpg","portfolio-full-width":601,"portfolio-full-height":400,"portfolio-one":"https:\/\/www.bagesturisme.cat\/wp-content\/uploads\/2017\/08\/cal-jaume-017.jpg","portfolio-one-width":409,"portfolio-one-height":272,"portfolio-two":"https:\/\/www.bagesturisme.cat\/wp-content\/uploads\/2017\/08\/cal-jaume-017.jpg","portfolio-two-width":443,"portfolio-two-height":295,"portfolio-three":"https:\/\/www.bagesturisme.cat\/wp-content\/uploads\/2017\/08\/cal-jaume-017.jpg","portfolio-three-width":300,"portfolio-three-height":200,"portfolio-five":"https:\/\/www.bagesturisme.cat\/wp-content\/uploads\/2017\/08\/cal-jaume-017.jpg","portfolio-five-width":177,"portfolio-five-height":118}},{"ID":13456,"id":13456,"title":"cal jaume terrassa","filename":"cal-jaume-041.jpg","filesize":2642189,"url":"https:\/\/www.bagesturisme.cat\/wp-content\/uploads\/2017\/08\/cal-jaume-041.jpg","link":"https:\/\/www.bagesturisme.cat\/es\/allotjament\/cal-jaume\/cal-jaume-041\/","alt":"","author":"3","description":"","caption":"","name":"cal-jaume-041","status":"inherit","uploaded_to":3132,"date":"2023-10-17 10:27:58","modified":"2023-10-17 10:30:45","menu_order":0,"mime_type":"image\/jpeg","type":"image","subtype":"jpeg","icon":"https:\/\/www.bagesturisme.cat\/wp-includes\/images\/media\/default.png","width":1464,"height":2200,"sizes":{"thumbnail":"https:\/\/www.bagesturisme.cat\/wp-content\/uploads\/2017\/08\/cal-jaume-041-150x150.jpg","thumbnail-width":150,"thumbnail-height":150,"medium":"https:\/\/www.bagesturisme.cat\/wp-content\/uploads\/2017\/08\/cal-jaume-041-266x400.jpg","medium-width":266,"medium-height":400,"medium_large":"https:\/\/www.bagesturisme.cat\/wp-content\/uploads\/2017\/08\/cal-jaume-041-768x1154.jpg","medium_large-width":768,"medium_large-height":1154,"large":"https:\/\/www.bagesturisme.cat\/wp-content\/uploads\/2017\/08\/cal-jaume-041-681x1024.jpg","large-width":681,"large-height":1024,"1536x1536":"https:\/\/www.bagesturisme.cat\/wp-content\/uploads\/2017\/08\/cal-jaume-041-1022x1536.jpg","1536x1536-width":1022,"1536x1536-height":1536,"2048x2048":"https:\/\/www.bagesturisme.cat\/wp-content\/uploads\/2017\/08\/cal-jaume-041-1363x2048.jpg","2048x2048-width":1363,"2048x2048-height":2048,"blog-large":"https:\/\/www.bagesturisme.cat\/wp-content\/uploads\/2017\/08\/cal-jaume-041.jpg","blog-large-width":181,"blog-large-height":272,"blog-medium":"https:\/\/www.bagesturisme.cat\/wp-content\/uploads\/2017\/08\/cal-jaume-041.jpg","blog-medium-width":134,"blog-medium-height":202,"recent-posts":"https:\/\/www.bagesturisme.cat\/wp-content\/uploads\/2017\/08\/cal-jaume-041.jpg","recent-posts-width":293,"recent-posts-height":441,"recent-works-thumbnail":"https:\/\/www.bagesturisme.cat\/wp-content\/uploads\/2017\/08\/cal-jaume-041.jpg","recent-works-thumbnail-width":44,"recent-works-thumbnail-height":66,"fusion-200":"https:\/\/www.bagesturisme.cat\/wp-content\/uploads\/2017\/08\/cal-jaume-041.jpg","fusion-200-width":200,"fusion-200-height":301,"fusion-400":"https:\/\/www.bagesturisme.cat\/wp-content\/uploads\/2017\/08\/cal-jaume-041.jpg","fusion-400-width":400,"fusion-400-height":601,"fusion-600":"https:\/\/www.bagesturisme.cat\/wp-content\/uploads\/2017\/08\/cal-jaume-041.jpg","fusion-600-width":600,"fusion-600-height":902,"fusion-800":"https:\/\/www.bagesturisme.cat\/wp-content\/uploads\/2017\/08\/cal-jaume-041.jpg","fusion-800-width":800,"fusion-800-height":1202,"fusion-1200":"https:\/\/www.bagesturisme.cat\/wp-content\/uploads\/2017\/08\/cal-jaume-041.jpg","fusion-1200-width":1200,"fusion-1200-height":1803,"portfolio-full":"https:\/\/www.bagesturisme.cat\/wp-content\/uploads\/2017\/08\/cal-jaume-041.jpg","portfolio-full-width":266,"portfolio-full-height":400,"portfolio-one":"https:\/\/www.bagesturisme.cat\/wp-content\/uploads\/2017\/08\/cal-jaume-041.jpg","portfolio-one-width":181,"portfolio-one-height":272,"portfolio-two":"https:\/\/www.bagesturisme.cat\/wp-content\/uploads\/2017\/08\/cal-jaume-041.jpg","portfolio-two-width":196,"portfolio-two-height":295,"portfolio-three":"https:\/\/www.bagesturisme.cat\/wp-content\/uploads\/2017\/08\/cal-jaume-041.jpg","portfolio-three-width":142,"portfolio-three-height":214,"portfolio-five":"https:\/\/www.bagesturisme.cat\/wp-content\/uploads\/2017\/08\/cal-jaume-041.jpg","portfolio-five-width":94,"portfolio-five-height":142}},{"ID":13450,"id":13450,"title":"cal jaume piscina i terrassa","filename":"cal-jaume-022.jpg","filesize":3923874,"url":"https:\/\/www.bagesturisme.cat\/wp-content\/uploads\/2017\/08\/cal-jaume-022.jpg","link":"https:\/\/www.bagesturisme.cat\/es\/allotjament\/cal-jaume\/cal-jaume-022\/","alt":"","author":"3","description":"","caption":"","name":"cal-jaume-022","status":"inherit","uploaded_to":3132,"date":"2023-10-17 10:26:25","modified":"2023-10-17 10:30:09","menu_order":0,"mime_type":"image\/jpeg","type":"image","subtype":"jpeg","icon":"https:\/\/www.bagesturisme.cat\/wp-includes\/images\/media\/default.png","width":1464,"height":2200,"sizes":{"thumbnail":"https:\/\/www.bagesturisme.cat\/wp-content\/uploads\/2017\/08\/cal-jaume-022-150x150.jpg","thumbnail-width":150,"thumbnail-height":150,"medium":"https:\/\/www.bagesturisme.cat\/wp-content\/uploads\/2017\/08\/cal-jaume-022-266x400.jpg","medium-width":266,"medium-height":400,"medium_large":"https:\/\/www.bagesturisme.cat\/wp-content\/uploads\/2017\/08\/cal-jaume-022-768x1154.jpg","medium_large-width":768,"medium_large-height":1154,"large":"https:\/\/www.bagesturisme.cat\/wp-content\/uploads\/2017\/08\/cal-jaume-022-681x1024.jpg","large-width":681,"large-height":1024,"1536x1536":"https:\/\/www.bagesturisme.cat\/wp-content\/uploads\/2017\/08\/cal-jaume-022-1022x1536.jpg","1536x1536-width":1022,"1536x1536-height":1536,"2048x2048":"https:\/\/www.bagesturisme.cat\/wp-content\/uploads\/2017\/08\/cal-jaume-022-1363x2048.jpg","2048x2048-width":1363,"2048x2048-height":2048,"blog-large":"https:\/\/www.bagesturisme.cat\/wp-content\/uploads\/2017\/08\/cal-jaume-022.jpg","blog-large-width":181,"blog-large-height":272,"blog-medium":"https:\/\/www.bagesturisme.cat\/wp-content\/uploads\/2017\/08\/cal-jaume-022.jpg","blog-medium-width":134,"blog-medium-height":202,"recent-posts":"https:\/\/www.bagesturisme.cat\/wp-content\/uploads\/2017\/08\/cal-jaume-022.jpg","recent-posts-width":293,"recent-posts-height":441,"recent-works-thumbnail":"https:\/\/www.bagesturisme.cat\/wp-content\/uploads\/2017\/08\/cal-jaume-022.jpg","recent-works-thumbnail-width":44,"recent-works-thumbnail-height":66,"fusion-200":"https:\/\/www.bagesturisme.cat\/wp-content\/uploads\/2017\/08\/cal-jaume-022.jpg","fusion-200-width":200,"fusion-200-height":301,"fusion-400":"https:\/\/www.bagesturisme.cat\/wp-content\/uploads\/2017\/08\/cal-jaume-022.jpg","fusion-400-width":400,"fusion-400-height":601,"fusion-600":"https:\/\/www.bagesturisme.cat\/wp-content\/uploads\/2017\/08\/cal-jaume-022.jpg","fusion-600-width":600,"fusion-600-height":902,"fusion-800":"https:\/\/www.bagesturisme.cat\/wp-content\/uploads\/2017\/08\/cal-jaume-022.jpg","fusion-800-width":800,"fusion-800-height":1202,"fusion-1200":"https:\/\/www.bagesturisme.cat\/wp-content\/uploads\/2017\/08\/cal-jaume-022.jpg","fusion-1200-width":1200,"fusion-1200-height":1803,"portfolio-full":"https:\/\/www.bagesturisme.cat\/wp-content\/uploads\/2017\/08\/cal-jaume-022.jpg","portfolio-full-width":266,"portfolio-full-height":400,"portfolio-one":"https:\/\/www.bagesturisme.cat\/wp-content\/uploads\/2017\/08\/cal-jaume-022.jpg","portfolio-one-width":181,"portfolio-one-height":272,"portfolio-two":"https:\/\/www.bagesturisme.cat\/wp-content\/uploads\/2017\/08\/cal-jaume-022.jpg","portfolio-two-width":196,"portfolio-two-height":295,"portfolio-three":"https:\/\/www.bagesturisme.cat\/wp-content\/uploads\/2017\/08\/cal-jaume-022.jpg","portfolio-three-width":142,"portfolio-three-height":214,"portfolio-five":"https:\/\/www.bagesturisme.cat\/wp-content\/uploads\/2017\/08\/cal-jaume-022.jpg","portfolio-five-width":94,"portfolio-five-height":142}},{"ID":13448,"id":13448,"title":"cal jaume cadira","filename":"cal-jaume-012.jpg","filesize":2451182,"url":"https:\/\/www.bagesturisme.cat\/wp-content\/uploads\/2017\/08\/cal-jaume-012.jpg","link":"https:\/\/www.bagesturisme.cat\/es\/allotjament\/cal-jaume\/cal-jaume-012\/","alt":"","author":"3","description":"","caption":"","name":"cal-jaume-012","status":"inherit","uploaded_to":3132,"date":"2023-10-17 10:25:27","modified":"2023-10-17 10:29:54","menu_order":0,"mime_type":"image\/jpeg","type":"image","subtype":"jpeg","icon":"https:\/\/www.bagesturisme.cat\/wp-includes\/images\/media\/default.png","width":1464,"height":2200,"sizes":{"thumbnail":"https:\/\/www.bagesturisme.cat\/wp-content\/uploads\/2017\/08\/cal-jaume-012-150x150.jpg","thumbnail-width":150,"thumbnail-height":150,"medium":"https:\/\/www.bagesturisme.cat\/wp-content\/uploads\/2017\/08\/cal-jaume-012-266x400.jpg","medium-width":266,"medium-height":400,"medium_large":"https:\/\/www.bagesturisme.cat\/wp-content\/uploads\/2017\/08\/cal-jaume-012-768x1154.jpg","medium_large-width":768,"medium_large-height":1154,"large":"https:\/\/www.bagesturisme.cat\/wp-content\/uploads\/2017\/08\/cal-jaume-012-681x1024.jpg","large-width":681,"large-height":1024,"1536x1536":"https:\/\/www.bagesturisme.cat\/wp-content\/uploads\/2017\/08\/cal-jaume-012-1022x1536.jpg","1536x1536-width":1022,"1536x1536-height":1536,"2048x2048":"https:\/\/www.bagesturisme.cat\/wp-content\/uploads\/2017\/08\/cal-jaume-012-1363x2048.jpg","2048x2048-width":1363,"2048x2048-height":2048,"blog-large":"https:\/\/www.bagesturisme.cat\/wp-content\/uploads\/2017\/08\/cal-jaume-012.jpg","blog-large-width":181,"blog-large-height":272,"blog-medium":"https:\/\/www.bagesturisme.cat\/wp-content\/uploads\/2017\/08\/cal-jaume-012.jpg","blog-medium-width":134,"blog-medium-height":202,"recent-posts":"https:\/\/www.bagesturisme.cat\/wp-content\/uploads\/2017\/08\/cal-jaume-012.jpg","recent-posts-width":293,"recent-posts-height":441,"recent-works-thumbnail":"https:\/\/www.bagesturisme.cat\/wp-content\/uploads\/2017\/08\/cal-jaume-012.jpg","recent-works-thumbnail-width":44,"recent-works-thumbnail-height":66,"fusion-200":"https:\/\/www.bagesturisme.cat\/wp-content\/uploads\/2017\/08\/cal-jaume-012.jpg","fusion-200-width":200,"fusion-200-height":301,"fusion-400":"https:\/\/www.bagesturisme.cat\/wp-content\/uploads\/2017\/08\/cal-jaume-012.jpg","fusion-400-width":400,"fusion-400-height":601,"fusion-600":"https:\/\/www.bagesturisme.cat\/wp-content\/uploads\/2017\/08\/cal-jaume-012.jpg","fusion-600-width":600,"fusion-600-height":902,"fusion-800":"https:\/\/www.bagesturisme.cat\/wp-content\/uploads\/2017\/08\/cal-jaume-012.jpg","fusion-800-width":800,"fusion-800-height":1202,"fusion-1200":"https:\/\/www.bagesturisme.cat\/wp-content\/uploads\/2017\/08\/cal-jaume-012.jpg","fusion-1200-width":1200,"fusion-1200-height":1803,"portfolio-full":"https:\/\/www.bagesturisme.cat\/wp-content\/uploads\/2017\/08\/cal-jaume-012.jpg","portfolio-full-width":266,"portfolio-full-height":400,"portfolio-one":"https:\/\/www.bagesturisme.cat\/wp-content\/uploads\/2017\/08\/cal-jaume-012.jpg","portfolio-one-width":181,"portfolio-one-height":272,"portfolio-two":"https:\/\/www.bagesturisme.cat\/wp-content\/uploads\/2017\/08\/cal-jaume-012.jpg","portfolio-two-width":196,"portfolio-two-height":295,"portfolio-three":"https:\/\/www.bagesturisme.cat\/wp-content\/uploads\/2017\/08\/cal-jaume-012.jpg","portfolio-three-width":142,"portfolio-three-height":214,"portfolio-five":"https:\/\/www.bagesturisme.cat\/wp-content\/uploads\/2017\/08\/cal-jaume-012.jpg","portfolio-five-width":94,"portfolio-five-height":142}},{"ID":13452,"id":13452,"title":"cal jaume bany","filename":"cal-jaume-026.jpg","filesize":1878839,"url":"https:\/\/www.bagesturisme.cat\/wp-content\/uploads\/2017\/08\/cal-jaume-026.jpg","link":"https:\/\/www.bagesturisme.cat\/es\/allotjament\/cal-jaume\/cal-jaume-026\/","alt":"","author":"3","description":"","caption":"","name":"cal-jaume-026","status":"inherit","uploaded_to":3132,"date":"2023-10-17 10:26:57","modified":"2023-10-17 10:30:23","menu_order":0,"mime_type":"image\/jpeg","type":"image","subtype":"jpeg","icon":"https:\/\/www.bagesturisme.cat\/wp-includes\/images\/media\/default.png","width":2200,"height":1464,"sizes":{"thumbnail":"https:\/\/www.bagesturisme.cat\/wp-content\/uploads\/2017\/08\/cal-jaume-026-150x150.jpg","thumbnail-width":150,"thumbnail-height":150,"medium":"https:\/\/www.bagesturisme.cat\/wp-content\/uploads\/2017\/08\/cal-jaume-026-601x400.jpg","medium-width":601,"medium-height":400,"medium_large":"https:\/\/www.bagesturisme.cat\/wp-content\/uploads\/2017\/08\/cal-jaume-026-768x511.jpg","medium_large-width":768,"medium_large-height":511,"large":"https:\/\/www.bagesturisme.cat\/wp-content\/uploads\/2017\/08\/cal-jaume-026-1280x852.jpg","large-width":1170,"large-height":779,"1536x1536":"https:\/\/www.bagesturisme.cat\/wp-content\/uploads\/2017\/08\/cal-jaume-026-1536x1022.jpg","1536x1536-width":1536,"1536x1536-height":1022,"2048x2048":"https:\/\/www.bagesturisme.cat\/wp-content\/uploads\/2017\/08\/cal-jaume-026-2048x1363.jpg","2048x2048-width":2048,"2048x2048-height":1363,"blog-large":"https:\/\/www.bagesturisme.cat\/wp-content\/uploads\/2017\/08\/cal-jaume-026.jpg","blog-large-width":409,"blog-large-height":272,"blog-medium":"https:\/\/www.bagesturisme.cat\/wp-content\/uploads\/2017\/08\/cal-jaume-026.jpg","blog-medium-width":304,"blog-medium-height":202,"recent-posts":"https:\/\/www.bagesturisme.cat\/wp-content\/uploads\/2017\/08\/cal-jaume-026.jpg","recent-posts-width":663,"recent-posts-height":441,"recent-works-thumbnail":"https:\/\/www.bagesturisme.cat\/wp-content\/uploads\/2017\/08\/cal-jaume-026.jpg","recent-works-thumbnail-width":66,"recent-works-thumbnail-height":44,"fusion-200":"https:\/\/www.bagesturisme.cat\/wp-content\/uploads\/2017\/08\/cal-jaume-026.jpg","fusion-200-width":200,"fusion-200-height":133,"fusion-400":"https:\/\/www.bagesturisme.cat\/wp-content\/uploads\/2017\/08\/cal-jaume-026.jpg","fusion-400-width":400,"fusion-400-height":266,"fusion-600":"https:\/\/www.bagesturisme.cat\/wp-content\/uploads\/2017\/08\/cal-jaume-026.jpg","fusion-600-width":600,"fusion-600-height":399,"fusion-800":"https:\/\/www.bagesturisme.cat\/wp-content\/uploads\/2017\/08\/cal-jaume-026.jpg","fusion-800-width":800,"fusion-800-height":532,"fusion-1200":"https:\/\/www.bagesturisme.cat\/wp-content\/uploads\/2017\/08\/cal-jaume-026.jpg","fusion-1200-width":1200,"fusion-1200-height":799,"portfolio-full":"https:\/\/www.bagesturisme.cat\/wp-content\/uploads\/2017\/08\/cal-jaume-026.jpg","portfolio-full-width":601,"portfolio-full-height":400,"portfolio-one":"https:\/\/www.bagesturisme.cat\/wp-content\/uploads\/2017\/08\/cal-jaume-026.jpg","portfolio-one-width":409,"portfolio-one-height":272,"portfolio-two":"https:\/\/www.bagesturisme.cat\/wp-content\/uploads\/2017\/08\/cal-jaume-026.jpg","portfolio-two-width":443,"portfolio-two-height":295,"portfolio-three":"https:\/\/www.bagesturisme.cat\/wp-content\/uploads\/2017\/08\/cal-jaume-026.jpg","portfolio-three-width":300,"portfolio-three-height":200,"portfolio-five":"https:\/\/www.bagesturisme.cat\/wp-content\/uploads\/2017\/08\/cal-jaume-026.jpg","portfolio-five-width":177,"portfolio-five-height":118}},{"ID":13453,"id":13453,"title":"cal jaume cuina","filename":"cal-jaume-033.jpg","filesize":2573398,"url":"https:\/\/www.bagesturisme.cat\/wp-content\/uploads\/2017\/08\/cal-jaume-033.jpg","link":"https:\/\/www.bagesturisme.cat\/es\/allotjament\/cal-jaume\/cal-jaume-033\/","alt":"","author":"3","description":"","caption":"","name":"cal-jaume-033","status":"inherit","uploaded_to":3132,"date":"2023-10-17 10:27:07","modified":"2023-10-17 10:30:28","menu_order":0,"mime_type":"image\/jpeg","type":"image","subtype":"jpeg","icon":"https:\/\/www.bagesturisme.cat\/wp-includes\/images\/media\/default.png","width":2200,"height":1464,"sizes":{"thumbnail":"https:\/\/www.bagesturisme.cat\/wp-content\/uploads\/2017\/08\/cal-jaume-033-150x150.jpg","thumbnail-width":150,"thumbnail-height":150,"medium":"https:\/\/www.bagesturisme.cat\/wp-content\/uploads\/2017\/08\/cal-jaume-033-601x400.jpg","medium-width":601,"medium-height":400,"medium_large":"https:\/\/www.bagesturisme.cat\/wp-content\/uploads\/2017\/08\/cal-jaume-033-768x511.jpg","medium_large-width":768,"medium_large-height":511,"large":"https:\/\/www.bagesturisme.cat\/wp-content\/uploads\/2017\/08\/cal-jaume-033-1280x852.jpg","large-width":1170,"large-height":779,"1536x1536":"https:\/\/www.bagesturisme.cat\/wp-content\/uploads\/2017\/08\/cal-jaume-033-1536x1022.jpg","1536x1536-width":1536,"1536x1536-height":1022,"2048x2048":"https:\/\/www.bagesturisme.cat\/wp-content\/uploads\/2017\/08\/cal-jaume-033-2048x1363.jpg","2048x2048-width":2048,"2048x2048-height":1363,"blog-large":"https:\/\/www.bagesturisme.cat\/wp-content\/uploads\/2017\/08\/cal-jaume-033.jpg","blog-large-width":409,"blog-large-height":272,"blog-medium":"https:\/\/www.bagesturisme.cat\/wp-content\/uploads\/2017\/08\/cal-jaume-033.jpg","blog-medium-width":304,"blog-medium-height":202,"recent-posts":"https:\/\/www.bagesturisme.cat\/wp-content\/uploads\/2017\/08\/cal-jaume-033.jpg","recent-posts-width":663,"recent-posts-height":441,"recent-works-thumbnail":"https:\/\/www.bagesturisme.cat\/wp-content\/uploads\/2017\/08\/cal-jaume-033.jpg","recent-works-thumbnail-width":66,"recent-works-thumbnail-height":44,"fusion-200":"https:\/\/www.bagesturisme.cat\/wp-content\/uploads\/2017\/08\/cal-jaume-033.jpg","fusion-200-width":200,"fusion-200-height":133,"fusion-400":"https:\/\/www.bagesturisme.cat\/wp-content\/uploads\/2017\/08\/cal-jaume-033.jpg","fusion-400-width":400,"fusion-400-height":266,"fusion-600":"https:\/\/www.bagesturisme.cat\/wp-content\/uploads\/2017\/08\/cal-jaume-033.jpg","fusion-600-width":600,"fusion-600-height":399,"fusion-800":"https:\/\/www.bagesturisme.cat\/wp-content\/uploads\/2017\/08\/cal-jaume-033.jpg","fusion-800-width":800,"fusion-800-height":532,"fusion-1200":"https:\/\/www.bagesturisme.cat\/wp-content\/uploads\/2017\/08\/cal-jaume-033.jpg","fusion-1200-width":1200,"fusion-1200-height":799,"portfolio-full":"https:\/\/www.bagesturisme.cat\/wp-content\/uploads\/2017\/08\/cal-jaume-033.jpg","portfolio-full-width":601,"portfolio-full-height":400,"portfolio-one":"https:\/\/www.bagesturisme.cat\/wp-content\/uploads\/2017\/08\/cal-jaume-033.jpg","portfolio-one-width":409,"portfolio-one-height":272,"portfolio-two":"https:\/\/www.bagesturisme.cat\/wp-content\/uploads\/2017\/08\/cal-jaume-033.jpg","portfolio-two-width":443,"portfolio-two-height":295,"portfolio-three":"https:\/\/www.bagesturisme.cat\/wp-content\/uploads\/2017\/08\/cal-jaume-033.jpg","portfolio-three-width":300,"portfolio-three-height":200,"portfolio-five":"https:\/\/www.bagesturisme.cat\/wp-content\/uploads\/2017\/08\/cal-jaume-033.jpg","portfolio-five-width":177,"portfolio-five-height":118}},{"ID":13454,"id":13454,"title":"cal jaume menjador","filename":"cal-jaume-039.jpg","filesize":2194798,"url":"https:\/\/www.bagesturisme.cat\/wp-content\/uploads\/2017\/08\/cal-jaume-039.jpg","link":"https:\/\/www.bagesturisme.cat\/es\/allotjament\/cal-jaume\/cal-jaume-039\/","alt":"","author":"3","description":"","caption":"","name":"cal-jaume-039","status":"inherit","uploaded_to":3132,"date":"2023-10-17 10:27:35","modified":"2023-10-17 10:30:34","menu_order":0,"mime_type":"image\/jpeg","type":"image","subtype":"jpeg","icon":"https:\/\/www.bagesturisme.cat\/wp-includes\/images\/media\/default.png","width":2200,"height":1464,"sizes":{"thumbnail":"https:\/\/www.bagesturisme.cat\/wp-content\/uploads\/2017\/08\/cal-jaume-039-150x150.jpg","thumbnail-width":150,"thumbnail-height":150,"medium":"https:\/\/www.bagesturisme.cat\/wp-content\/uploads\/2017\/08\/cal-jaume-039-601x400.jpg","medium-width":601,"medium-height":400,"medium_large":"https:\/\/www.bagesturisme.cat\/wp-content\/uploads\/2017\/08\/cal-jaume-039-768x511.jpg","medium_large-width":768,"medium_large-height":511,"large":"https:\/\/www.bagesturisme.cat\/wp-content\/uploads\/2017\/08\/cal-jaume-039-1280x852.jpg","large-width":1170,"large-height":779,"1536x1536":"https:\/\/www.bagesturisme.cat\/wp-content\/uploads\/2017\/08\/cal-jaume-039-1536x1022.jpg","1536x1536-width":1536,"1536x1536-height":1022,"2048x2048":"https:\/\/www.bagesturisme.cat\/wp-content\/uploads\/2017\/08\/cal-jaume-039-2048x1363.jpg","2048x2048-width":2048,"2048x2048-height":1363,"blog-large":"https:\/\/www.bagesturisme.cat\/wp-content\/uploads\/2017\/08\/cal-jaume-039.jpg","blog-large-width":409,"blog-large-height":272,"blog-medium":"https:\/\/www.bagesturisme.cat\/wp-content\/uploads\/2017\/08\/cal-jaume-039.jpg","blog-medium-width":304,"blog-medium-height":202,"recent-posts":"https:\/\/www.bagesturisme.cat\/wp-content\/uploads\/2017\/08\/cal-jaume-039.jpg","recent-posts-width":663,"recent-posts-height":441,"recent-works-thumbnail":"https:\/\/www.bagesturisme.cat\/wp-content\/uploads\/2017\/08\/cal-jaume-039.jpg","recent-works-thumbnail-width":66,"recent-works-thumbnail-height":44,"fusion-200":"https:\/\/www.bagesturisme.cat\/wp-content\/uploads\/2017\/08\/cal-jaume-039.jpg","fusion-200-width":200,"fusion-200-height":133,"fusion-400":"https:\/\/www.bagesturisme.cat\/wp-content\/uploads\/2017\/08\/cal-jaume-039.jpg","fusion-400-width":400,"fusion-400-height":266,"fusion-600":"https:\/\/www.bagesturisme.cat\/wp-content\/uploads\/2017\/08\/cal-jaume-039.jpg","fusion-600-width":600,"fusion-600-height":399,"fusion-800":"https:\/\/www.bagesturisme.cat\/wp-content\/uploads\/2017\/08\/cal-jaume-039.jpg","fusion-800-width":800,"fusion-800-height":532,"fusion-1200":"https:\/\/www.bagesturisme.cat\/wp-content\/uploads\/2017\/08\/cal-jaume-039.jpg","fusion-1200-width":1200,"fusion-1200-height":799,"portfolio-full":"https:\/\/www.bagesturisme.cat\/wp-content\/uploads\/2017\/08\/cal-jaume-039.jpg","portfolio-full-width":601,"portfolio-full-height":400,"portfolio-one":"https:\/\/www.bagesturisme.cat\/wp-content\/uploads\/2017\/08\/cal-jaume-039.jpg","portfolio-one-width":409,"portfolio-one-height":272,"portfolio-two":"https:\/\/www.bagesturisme.cat\/wp-content\/uploads\/2017\/08\/cal-jaume-039.jpg","portfolio-two-width":443,"portfolio-two-height":295,"portfolio-three":"https:\/\/www.bagesturisme.cat\/wp-content\/uploads\/2017\/08\/cal-jaume-039.jpg","portfolio-three-width":300,"portfolio-three-height":200,"portfolio-five":"https:\/\/www.bagesturisme.cat\/wp-content\/uploads\/2017\/08\/cal-jaume-039.jpg","portfolio-five-width":177,"portfolio-five-height":118}},{"ID":13455,"id":13455,"title":"cal jaume llar de foc","filename":"cal-jaume-037.jpg","filesize":2320884,"url":"https:\/\/www.bagesturisme.cat\/wp-content\/uploads\/2017\/08\/cal-jaume-037.jpg","link":"https:\/\/www.bagesturisme.cat\/es\/allotjament\/cal-jaume\/cal-jaume-037\/","alt":"","author":"3","description":"","caption":"","name":"cal-jaume-037","status":"inherit","uploaded_to":3132,"date":"2023-10-17 10:27:39","modified":"2023-10-17 10:30:39","menu_order":0,"mime_type":"image\/jpeg","type":"image","subtype":"jpeg","icon":"https:\/\/www.bagesturisme.cat\/wp-includes\/images\/media\/default.png","width":2200,"height":1464,"sizes":{"thumbnail":"https:\/\/www.bagesturisme.cat\/wp-content\/uploads\/2017\/08\/cal-jaume-037-150x150.jpg","thumbnail-width":150,"thumbnail-height":150,"medium":"https:\/\/www.bagesturisme.cat\/wp-content\/uploads\/2017\/08\/cal-jaume-037-601x400.jpg","medium-width":601,"medium-height":400,"medium_large":"https:\/\/www.bagesturisme.cat\/wp-content\/uploads\/2017\/08\/cal-jaume-037-768x511.jpg","medium_large-width":768,"medium_large-height":511,"large":"https:\/\/www.bagesturisme.cat\/wp-content\/uploads\/2017\/08\/cal-jaume-037-1280x852.jpg","large-width":1170,"large-height":779,"1536x1536":"https:\/\/www.bagesturisme.cat\/wp-content\/uploads\/2017\/08\/cal-jaume-037-1536x1022.jpg","1536x1536-width":1536,"1536x1536-height":1022,"2048x2048":"https:\/\/www.bagesturisme.cat\/wp-content\/uploads\/2017\/08\/cal-jaume-037-2048x1363.jpg","2048x2048-width":2048,"2048x2048-height":1363,"blog-large":"https:\/\/www.bagesturisme.cat\/wp-content\/uploads\/2017\/08\/cal-jaume-037.jpg","blog-large-width":409,"blog-large-height":272,"blog-medium":"https:\/\/www.bagesturisme.cat\/wp-content\/uploads\/2017\/08\/cal-jaume-037.jpg","blog-medium-width":304,"blog-medium-height":202,"recent-posts":"https:\/\/www.bagesturisme.cat\/wp-content\/uploads\/2017\/08\/cal-jaume-037.jpg","recent-posts-width":663,"recent-posts-height":441,"recent-works-thumbnail":"https:\/\/www.bagesturisme.cat\/wp-content\/uploads\/2017\/08\/cal-jaume-037.jpg","recent-works-thumbnail-width":66,"recent-works-thumbnail-height":44,"fusion-200":"https:\/\/www.bagesturisme.cat\/wp-content\/uploads\/2017\/08\/cal-jaume-037.jpg","fusion-200-width":200,"fusion-200-height":133,"fusion-400":"https:\/\/www.bagesturisme.cat\/wp-content\/uploads\/2017\/08\/cal-jaume-037.jpg","fusion-400-width":400,"fusion-400-height":266,"fusion-600":"https:\/\/www.bagesturisme.cat\/wp-content\/uploads\/2017\/08\/cal-jaume-037.jpg","fusion-600-width":600,"fusion-600-height":399,"fusion-800":"https:\/\/www.bagesturisme.cat\/wp-content\/uploads\/2017\/08\/cal-jaume-037.jpg","fusion-800-width":800,"fusion-800-height":532,"fusion-1200":"https:\/\/www.bagesturisme.cat\/wp-content\/uploads\/2017\/08\/cal-jaume-037.jpg","fusion-1200-width":1200,"fusion-1200-height":799,"portfolio-full":"https:\/\/www.bagesturisme.cat\/wp-content\/uploads\/2017\/08\/cal-jaume-037.jpg","portfolio-full-width":601,"portfolio-full-height":400,"portfolio-one":"https:\/\/www.bagesturisme.cat\/wp-content\/uploads\/2017\/08\/cal-jaume-037.jpg","portfolio-one-width":409,"portfolio-one-height":272,"portfolio-two":"https:\/\/www.bagesturisme.cat\/wp-content\/uploads\/2017\/08\/cal-jaume-037.jpg","portfolio-two-width":443,"portfolio-two-height":295,"portfolio-three":"https:\/\/www.bagesturisme.cat\/wp-content\/uploads\/2017\/08\/cal-jaume-037.jpg","portfolio-three-width":300,"portfolio-three-height":200,"portfolio-five":"https:\/\/www.bagesturisme.cat\/wp-content\/uploads\/2017\/08\/cal-jaume-037.jpg","portfolio-five-width":177,"portfolio-five-height":118}},{"ID":13460,"id":13460,"title":"cal jaume detall caf\u00e8","filename":"cal-jaume-048.jpg","filesize":1285114,"url":"https:\/\/www.bagesturisme.cat\/wp-content\/uploads\/2017\/08\/cal-jaume-048.jpg","link":"https:\/\/www.bagesturisme.cat\/es\/allotjament\/cal-jaume\/cal-jaume-048\/","alt":"","author":"3","description":"","caption":"","name":"cal-jaume-048","status":"inherit","uploaded_to":3132,"date":"2023-10-17 10:29:00","modified":"2023-10-17 10:31:15","menu_order":0,"mime_type":"image\/jpeg","type":"image","subtype":"jpeg","icon":"https:\/\/www.bagesturisme.cat\/wp-includes\/images\/media\/default.png","width":1464,"height":2200,"sizes":{"thumbnail":"https:\/\/www.bagesturisme.cat\/wp-content\/uploads\/2017\/08\/cal-jaume-048-150x150.jpg","thumbnail-width":150,"thumbnail-height":150,"medium":"https:\/\/www.bagesturisme.cat\/wp-content\/uploads\/2017\/08\/cal-jaume-048-266x400.jpg","medium-width":266,"medium-height":400,"medium_large":"https:\/\/www.bagesturisme.cat\/wp-content\/uploads\/2017\/08\/cal-jaume-048-768x1154.jpg","medium_large-width":768,"medium_large-height":1154,"large":"https:\/\/www.bagesturisme.cat\/wp-content\/uploads\/2017\/08\/cal-jaume-048-681x1024.jpg","large-width":681,"large-height":1024,"1536x1536":"https:\/\/www.bagesturisme.cat\/wp-content\/uploads\/2017\/08\/cal-jaume-048-1022x1536.jpg","1536x1536-width":1022,"1536x1536-height":1536,"2048x2048":"https:\/\/www.bagesturisme.cat\/wp-content\/uploads\/2017\/08\/cal-jaume-048-1363x2048.jpg","2048x2048-width":1363,"2048x2048-height":2048,"blog-large":"https:\/\/www.bagesturisme.cat\/wp-content\/uploads\/2017\/08\/cal-jaume-048.jpg","blog-large-width":181,"blog-large-height":272,"blog-medium":"https:\/\/www.bagesturisme.cat\/wp-content\/uploads\/2017\/08\/cal-jaume-048.jpg","blog-medium-width":134,"blog-medium-height":202,"recent-posts":"https:\/\/www.bagesturisme.cat\/wp-content\/uploads\/2017\/08\/cal-jaume-048.jpg","recent-posts-width":293,"recent-posts-height":441,"recent-works-thumbnail":"https:\/\/www.bagesturisme.cat\/wp-content\/uploads\/2017\/08\/cal-jaume-048.jpg","recent-works-thumbnail-width":44,"recent-works-thumbnail-height":66,"fusion-200":"https:\/\/www.bagesturisme.cat\/wp-content\/uploads\/2017\/08\/cal-jaume-048.jpg","fusion-200-width":200,"fusion-200-height":301,"fusion-400":"https:\/\/www.bagesturisme.cat\/wp-content\/uploads\/2017\/08\/cal-jaume-048.jpg","fusion-400-width":400,"fusion-400-height":601,"fusion-600":"https:\/\/www.bagesturisme.cat\/wp-content\/uploads\/2017\/08\/cal-jaume-048.jpg","fusion-600-width":600,"fusion-600-height":902,"fusion-800":"https:\/\/www.bagesturisme.cat\/wp-content\/uploads\/2017\/08\/cal-jaume-048.jpg","fusion-800-width":800,"fusion-800-height":1202,"fusion-1200":"https:\/\/www.bagesturisme.cat\/wp-content\/uploads\/2017\/08\/cal-jaume-048.jpg","fusion-1200-width":1200,"fusion-1200-height":1803,"portfolio-full":"https:\/\/www.bagesturisme.cat\/wp-content\/uploads\/2017\/08\/cal-jaume-048.jpg","portfolio-full-width":266,"portfolio-full-height":400,"portfolio-one":"https:\/\/www.bagesturisme.cat\/wp-content\/uploads\/2017\/08\/cal-jaume-048.jpg","portfolio-one-width":181,"portfolio-one-height":272,"portfolio-two":"https:\/\/www.bagesturisme.cat\/wp-content\/uploads\/2017\/08\/cal-jaume-048.jpg","portfolio-two-width":196,"portfolio-two-height":295,"portfolio-three":"https:\/\/www.bagesturisme.cat\/wp-content\/uploads\/2017\/08\/cal-jaume-048.jpg","portfolio-three-width":142,"portfolio-three-height":214,"portfolio-five":"https:\/\/www.bagesturisme.cat\/wp-content\/uploads\/2017\/08\/cal-jaume-048.jpg","portfolio-five-width":94,"portfolio-five-height":142}},{"ID":13461,"id":13461,"title":"cal jaume sala jocs","filename":"cal-jaume-075.jpg","filesize":2176658,"url":"https:\/\/www.bagesturisme.cat\/wp-content\/uploads\/2017\/08\/cal-jaume-075.jpg","link":"https:\/\/www.bagesturisme.cat\/es\/allotjament\/cal-jaume\/cal-jaume-075\/","alt":"","author":"3","description":"","caption":"","name":"cal-jaume-075","status":"inherit","uploaded_to":3132,"date":"2023-10-17 10:29:26","modified":"2023-10-17 10:31:20","menu_order":0,"mime_type":"image\/jpeg","type":"image","subtype":"jpeg","icon":"https:\/\/www.bagesturisme.cat\/wp-includes\/images\/media\/default.png","width":2200,"height":1464,"sizes":{"thumbnail":"https:\/\/www.bagesturisme.cat\/wp-content\/uploads\/2017\/08\/cal-jaume-075-150x150.jpg","thumbnail-width":150,"thumbnail-height":150,"medium":"https:\/\/www.bagesturisme.cat\/wp-content\/uploads\/2017\/08\/cal-jaume-075-601x400.jpg","medium-width":601,"medium-height":400,"medium_large":"https:\/\/www.bagesturisme.cat\/wp-content\/uploads\/2017\/08\/cal-jaume-075-768x511.jpg","medium_large-width":768,"medium_large-height":511,"large":"https:\/\/www.bagesturisme.cat\/wp-content\/uploads\/2017\/08\/cal-jaume-075-1280x852.jpg","large-width":1170,"large-height":779,"1536x1536":"https:\/\/www.bagesturisme.cat\/wp-content\/uploads\/2017\/08\/cal-jaume-075-1536x1022.jpg","1536x1536-width":1536,"1536x1536-height":1022,"2048x2048":"https:\/\/www.bagesturisme.cat\/wp-content\/uploads\/2017\/08\/cal-jaume-075-2048x1363.jpg","2048x2048-width":2048,"2048x2048-height":1363,"blog-large":"https:\/\/www.bagesturisme.cat\/wp-content\/uploads\/2017\/08\/cal-jaume-075.jpg","blog-large-width":409,"blog-large-height":272,"blog-medium":"https:\/\/www.bagesturisme.cat\/wp-content\/uploads\/2017\/08\/cal-jaume-075.jpg","blog-medium-width":304,"blog-medium-height":202,"recent-posts":"https:\/\/www.bagesturisme.cat\/wp-content\/uploads\/2017\/08\/cal-jaume-075.jpg","recent-posts-width":663,"recent-posts-height":441,"recent-works-thumbnail":"https:\/\/www.bagesturisme.cat\/wp-content\/uploads\/2017\/08\/cal-jaume-075.jpg","recent-works-thumbnail-width":66,"recent-works-thumbnail-height":44,"fusion-200":"https:\/\/www.bagesturisme.cat\/wp-content\/uploads\/2017\/08\/cal-jaume-075.jpg","fusion-200-width":200,"fusion-200-height":133,"fusion-400":"https:\/\/www.bagesturisme.cat\/wp-content\/uploads\/2017\/08\/cal-jaume-075.jpg","fusion-400-width":400,"fusion-400-height":266,"fusion-600":"https:\/\/www.bagesturisme.cat\/wp-content\/uploads\/2017\/08\/cal-jaume-075.jpg","fusion-600-width":600,"fusion-600-height":399,"fusion-800":"https:\/\/www.bagesturisme.cat\/wp-content\/uploads\/2017\/08\/cal-jaume-075.jpg","fusion-800-width":800,"fusion-800-height":532,"fusion-1200":"https:\/\/www.bagesturisme.cat\/wp-content\/uploads\/2017\/08\/cal-jaume-075.jpg","fusion-1200-width":1200,"fusion-1200-height":799,"portfolio-full":"https:\/\/www.bagesturisme.cat\/wp-content\/uploads\/2017\/08\/cal-jaume-075.jpg","portfolio-full-width":601,"portfolio-full-height":400,"portfolio-one":"https:\/\/www.bagesturisme.cat\/wp-content\/uploads\/2017\/08\/cal-jaume-075.jpg","portfolio-one-width":409,"portfolio-one-height":272,"portfolio-two":"https:\/\/www.bagesturisme.cat\/wp-content\/uploads\/2017\/08\/cal-jaume-075.jpg","portfolio-two-width":443,"portfolio-two-height":295,"portfolio-three":"https:\/\/www.bagesturisme.cat\/wp-content\/uploads\/2017\/08\/cal-jaume-075.jpg","portfolio-three-width":300,"portfolio-three-height":200,"portfolio-five":"https:\/\/www.bagesturisme.cat\/wp-content\/uploads\/2017\/08\/cal-jaume-075.jpg","portfolio-five-width":177,"portfolio-five-height":118}}],"ubicacio":{"address":"BV-3012, 08259 Fonollosa, Barcelona, Espa\u00f1a","lat":"41.74255523911781","lng":"1.709972620010376"}},"_links":{"self":[{"href":"https:\/\/www.bagesturisme.cat\/es\/wp-json\/wp\/v2\/allotjament\/3132","targetHints":{"allow":["GET"]}}],"collection":[{"href":"https:\/\/www.bagesturisme.cat\/es\/wp-json\/wp\/v2\/allotjament"}],"about":[{"href":"https:\/\/www.bagesturisme.cat\/es\/wp-json\/wp\/v2\/types\/allotjament"}],"author":[{"embeddable":true,"href":"https:\/\/www.bagesturisme.cat\/es\/wp-json\/wp\/v2\/users\/15"}],"version-history":[{"count":16,"href":"https:\/\/www.bagesturisme.cat\/es\/wp-json\/wp\/v2\/allotjament\/3132\/revisions"}],"predecessor-version":[{"id":13818,"href":"https:\/\/www.bagesturisme.cat\/es\/wp-json\/wp\/v2\/allotjament\/3132\/revisions\/13818"}],"wp:featuredmedia":[{"embeddable":true,"href":"https:\/\/www.bagesturisme.cat\/es\/wp-json\/wp\/v2\/media\/13446"}],"wp:attachment":[{"href":"https:\/\/www.bagesturisme.cat\/es\/wp-json\/wp\/v2\/media?parent=3132"}],"curies":[{"name":"wp","href":"https:\/\/api.w.org\/{rel}","templated":true}]}}