{"id":14826,"date":"2024-11-11T11:29:55","date_gmt":"2024-11-11T10:29:55","guid":{"rendered":"https:\/\/bagesturisme.cat\/es\/?post_type=allotjament&#038;p=14826"},"modified":"2024-11-11T11:30:00","modified_gmt":"2024-11-11T10:30:00","slug":"cal-poldo","status":"publish","type":"allotjament","link":"https:\/\/www.bagesturisme.cat\/es\/allotjament\/cal-poldo\/","title":{"rendered":"Cal Poldo"},"content":{"rendered":"Cal Poldo es una casa que est\u00e1 en un lugar tranquilo frente a un espacio natural indescriptible, y emblema de Catalu\u00f1a. Desde la ma\u00f1ana cuando abras los ojos y hasta la noche que los cerr\u00e1is tendr\u00e9is enfrente en todo momento una de las vistas m\u00e1s bonita y extensa de la Monta\u00f1a de Montserrat.<\/p>\n<p>Almorzar\u00e1s, comer\u00e1s y cenar\u00e1s con la fotograf\u00eda de la monta\u00f1a ante ti y tendr\u00e9is un entorno tranquilo y sin ruidos y podr\u00e9is apreciar el canto de los p\u00e1jaros. Cal Poldo (conocida antiguamente como es debido Cal Pau del Beu) forma parte de nuestra familia desde el a\u00f1o 1760 cuando un antepasado la compr\u00f3 en el Pau y ha sido totalmente reformada algunas veces siendo la \u00faltima en 2022.<br \/>\nLa casa est\u00e1 ubicada en un terreno rural que est\u00e1 en el pueblo de San Crist\u00f3bal que es un barrio de Castellbell i el Vilar, y solo a 50 minutos de Barcelona.","protected":false},"author":11,"featured_media":14827,"template":"","class_list":["post-14826","allotjament","type-allotjament","status-publish","has-post-thumbnail","hentry","municipi-castellbell-i-el-vilar","indicadors-familiar","indicadors-pagament-amb-targeta","tipus-allotjament-turisme-rural"],"acf":{"email":"calpoldodelveu@gmail.com","adreca":"Carrer Sant Cristofol, s\/n, Sant Crist\u00f2fol, Espanya. ","web":"https:\/\/www.calpoldo.com","tel":"604948507","galeria":false,"ubicacio":false},"_links":{"self":[{"href":"https:\/\/www.bagesturisme.cat\/es\/wp-json\/wp\/v2\/allotjament\/14826","targetHints":{"allow":["GET"]}}],"collection":[{"href":"https:\/\/www.bagesturisme.cat\/es\/wp-json\/wp\/v2\/allotjament"}],"about":[{"href":"https:\/\/www.bagesturisme.cat\/es\/wp-json\/wp\/v2\/types\/allotjament"}],"author":[{"embeddable":true,"href":"https:\/\/www.bagesturisme.cat\/es\/wp-json\/wp\/v2\/users\/11"}],"version-history":[{"count":2,"href":"https:\/\/www.bagesturisme.cat\/es\/wp-json\/wp\/v2\/allotjament\/14826\/revisions"}],"predecessor-version":[{"id":14829,"href":"https:\/\/www.bagesturisme.cat\/es\/wp-json\/wp\/v2\/allotjament\/14826\/revisions\/14829"}],"wp:featuredmedia":[{"embeddable":true,"href":"https:\/\/www.bagesturisme.cat\/es\/wp-json\/wp\/v2\/media\/14827"}],"wp:attachment":[{"href":"https:\/\/www.bagesturisme.cat\/es\/wp-json\/wp\/v2\/media?parent=14826"}],"curies":[{"name":"wp","href":"https:\/\/api.w.org\/{rel}","templated":true}]}}