{"id":13314,"date":"2023-09-29T08:04:32","date_gmt":"2023-09-29T07:04:32","guid":{"rendered":"https:\/\/bagesturisme.cat\/?post_type=allotjament&#038;p=13314"},"modified":"2023-09-29T08:04:33","modified_gmt":"2023-09-29T07:04:33","slug":"casa-migjorn","status":"publish","type":"allotjament","link":"https:\/\/www.bagesturisme.cat\/es\/allotjament\/casa-migjorn\/","title":{"rendered":"Casa Migjorn"},"content":{"rendered":"El alojamiento Casa Migjorn se encuentra en un entorno natural fant\u00e1stico, en el parque natural geol\u00f3gico y minero de la Catalu\u00f1a Central, con vistas a las monta\u00f1as y los olivos del proyecto Oli Migjorn.<\/p>\n<p>Tiene 225m2 y todo lo necesario para disfrutar de una estancia fant\u00e1stica:<br \/>\n&#8211; 5 habitaciones con ropa de cama y toallas.<br \/>\n&#8211; 5 ba\u00f1os.<br \/>\n&#8211; Cocina totalmente equipada.<br \/>\n&#8211; Zona de hidromasaje.<br \/>\n&#8211; Terraza.<br \/>\n&#8211; Jard\u00edn.<br \/>\n&#8211; Piscina Exterior.<br \/>\n&#8211; Zona de barbacoa.<br \/>\n&#8211; Wifi gratuita.<\/p>\n<p>\u00bfQuieres saber m\u00e1s?<br \/>\ninfo@olimigjorn.com<br \/>\n+34 689 512 531","protected":false},"author":21,"featured_media":13315,"template":"","class_list":["post-13314","allotjament","type-allotjament","status-publish","has-post-thumbnail","hentry","municipi-navas","indicadors-oleoturisme","indicadors-familiar","indicadors-pagament-amb-targeta","tipus-allotjament-turisme-rural"],"acf":{"email":"info@olimigjorn.com","adreca":"Disseminat Riera d'Hortons<br \/>\r\nC\/Gr. Migjorn s\/n<br \/>\r\n08269 El Pal\u00e0 de Torroella","web":"https:\/\/olimigjorn.com\/ca\/lloguer-vacacional\/","tel":"689512531","galeria":[{"ID":13315,"id":13315,"title":"20230504_100838-01","filename":"20230504_100838-01.jpeg","filesize":5258650,"url":"https:\/\/www.bagesturisme.cat\/wp-content\/uploads\/2023\/09\/20230504_100838-01.jpeg","link":"https:\/\/www.bagesturisme.cat\/es\/20230504_100838-01\/","alt":"","author":"0","description":"Prova","caption":"","name":"20230504_100838-01","status":"inherit","uploaded_to":0,"date":"2023-09-27 09:15:10","modified":"2023-09-27 09:15:10","menu_order":0,"mime_type":"image\/jpeg","type":"image","subtype":"jpeg","icon":"https:\/\/www.bagesturisme.cat\/wp-includes\/images\/media\/default.png","width":0,"height":0,"sizes":{"thumbnail":"https:\/\/www.bagesturisme.cat\/wp-content\/uploads\/2023\/09\/20230504_100838-01.jpeg","thumbnail-width":1,"thumbnail-height":1,"medium":"https:\/\/www.bagesturisme.cat\/wp-content\/uploads\/2023\/09\/20230504_100838-01.jpeg","medium-width":1,"medium-height":1,"medium_large":"https:\/\/www.bagesturisme.cat\/wp-content\/uploads\/2023\/09\/20230504_100838-01.jpeg","medium_large-width":1,"medium_large-height":1,"large":"https:\/\/www.bagesturisme.cat\/wp-content\/uploads\/2023\/09\/20230504_100838-01.jpeg","large-width":1,"large-height":1,"1536x1536":"https:\/\/www.bagesturisme.cat\/wp-content\/uploads\/2023\/09\/20230504_100838-01.jpeg","1536x1536-width":1,"1536x1536-height":1,"2048x2048":"https:\/\/www.bagesturisme.cat\/wp-content\/uploads\/2023\/09\/20230504_100838-01.jpeg","2048x2048-width":1,"2048x2048-height":1,"blog-large":"https:\/\/www.bagesturisme.cat\/wp-content\/uploads\/2023\/09\/20230504_100838-01.jpeg","blog-large-width":1,"blog-large-height":1,"blog-medium":"https:\/\/www.bagesturisme.cat\/wp-content\/uploads\/2023\/09\/20230504_100838-01.jpeg","blog-medium-width":1,"blog-medium-height":1,"recent-posts":"https:\/\/www.bagesturisme.cat\/wp-content\/uploads\/2023\/09\/20230504_100838-01.jpeg","recent-posts-width":1,"recent-posts-height":1,"recent-works-thumbnail":"https:\/\/www.bagesturisme.cat\/wp-content\/uploads\/2023\/09\/20230504_100838-01.jpeg","recent-works-thumbnail-width":1,"recent-works-thumbnail-height":1,"fusion-200":"https:\/\/www.bagesturisme.cat\/wp-content\/uploads\/2023\/09\/20230504_100838-01.jpeg","fusion-200-width":1,"fusion-200-height":1,"fusion-400":"https:\/\/www.bagesturisme.cat\/wp-content\/uploads\/2023\/09\/20230504_100838-01.jpeg","fusion-400-width":1,"fusion-400-height":1,"fusion-600":"https:\/\/www.bagesturisme.cat\/wp-content\/uploads\/2023\/09\/20230504_100838-01.jpeg","fusion-600-width":1,"fusion-600-height":1,"fusion-800":"https:\/\/www.bagesturisme.cat\/wp-content\/uploads\/2023\/09\/20230504_100838-01.jpeg","fusion-800-width":1,"fusion-800-height":1,"fusion-1200":"https:\/\/www.bagesturisme.cat\/wp-content\/uploads\/2023\/09\/20230504_100838-01.jpeg","fusion-1200-width":1,"fusion-1200-height":1,"portfolio-full":"https:\/\/www.bagesturisme.cat\/wp-content\/uploads\/2023\/09\/20230504_100838-01.jpeg","portfolio-full-width":1,"portfolio-full-height":1,"portfolio-one":"https:\/\/www.bagesturisme.cat\/wp-content\/uploads\/2023\/09\/20230504_100838-01.jpeg","portfolio-one-width":1,"portfolio-one-height":1,"portfolio-two":"https:\/\/www.bagesturisme.cat\/wp-content\/uploads\/2023\/09\/20230504_100838-01.jpeg","portfolio-two-width":1,"portfolio-two-height":1,"portfolio-three":"https:\/\/www.bagesturisme.cat\/wp-content\/uploads\/2023\/09\/20230504_100838-01.jpeg","portfolio-three-width":1,"portfolio-three-height":1,"portfolio-five":"https:\/\/www.bagesturisme.cat\/wp-content\/uploads\/2023\/09\/20230504_100838-01.jpeg","portfolio-five-width":1,"portfolio-five-height":1}},{"ID":13347,"id":13347,"title":"migjorn habitaci\u00f3","filename":"migjorn-habitacio.jpg","filesize":170435,"url":"https:\/\/www.bagesturisme.cat\/wp-content\/uploads\/2023\/09\/migjorn-habitacio.jpg","link":"https:\/\/www.bagesturisme.cat\/es\/allotjament\/casa-migjorn\/migjorn-habitacio\/","alt":"","author":"3","description":"","caption":"","name":"migjorn-habitacio","status":"inherit","uploaded_to":13314,"date":"2023-09-29 07:03:49","modified":"2023-09-29 07:03:49","menu_order":0,"mime_type":"image\/jpeg","type":"image","subtype":"jpeg","icon":"https:\/\/www.bagesturisme.cat\/wp-includes\/images\/media\/default.png","width":600,"height":450,"sizes":{"thumbnail":"https:\/\/www.bagesturisme.cat\/wp-content\/uploads\/2023\/09\/migjorn-habitacio-150x150.jpg","thumbnail-width":150,"thumbnail-height":150,"medium":"https:\/\/www.bagesturisme.cat\/wp-content\/uploads\/2023\/09\/migjorn-habitacio-533x400.jpg","medium-width":533,"medium-height":400,"medium_large":"https:\/\/www.bagesturisme.cat\/wp-content\/uploads\/2023\/09\/migjorn-habitacio.jpg","medium_large-width":600,"medium_large-height":450,"large":"https:\/\/www.bagesturisme.cat\/wp-content\/uploads\/2023\/09\/migjorn-habitacio.jpg","large-width":600,"large-height":450,"1536x1536":"https:\/\/www.bagesturisme.cat\/wp-content\/uploads\/2023\/09\/migjorn-habitacio.jpg","1536x1536-width":600,"1536x1536-height":450,"2048x2048":"https:\/\/www.bagesturisme.cat\/wp-content\/uploads\/2023\/09\/migjorn-habitacio.jpg","2048x2048-width":600,"2048x2048-height":450,"blog-large":"https:\/\/www.bagesturisme.cat\/wp-content\/uploads\/2023\/09\/migjorn-habitacio.jpg","blog-large-width":363,"blog-large-height":272,"blog-medium":"https:\/\/www.bagesturisme.cat\/wp-content\/uploads\/2023\/09\/migjorn-habitacio.jpg","blog-medium-width":269,"blog-medium-height":202,"recent-posts":"https:\/\/www.bagesturisme.cat\/wp-content\/uploads\/2023\/09\/migjorn-habitacio.jpg","recent-posts-width":588,"recent-posts-height":441,"recent-works-thumbnail":"https:\/\/www.bagesturisme.cat\/wp-content\/uploads\/2023\/09\/migjorn-habitacio.jpg","recent-works-thumbnail-width":66,"recent-works-thumbnail-height":50,"fusion-200":"https:\/\/www.bagesturisme.cat\/wp-content\/uploads\/2023\/09\/migjorn-habitacio.jpg","fusion-200-width":200,"fusion-200-height":150,"fusion-400":"https:\/\/www.bagesturisme.cat\/wp-content\/uploads\/2023\/09\/migjorn-habitacio.jpg","fusion-400-width":400,"fusion-400-height":300,"fusion-600":"https:\/\/www.bagesturisme.cat\/wp-content\/uploads\/2023\/09\/migjorn-habitacio.jpg","fusion-600-width":600,"fusion-600-height":450,"fusion-800":"https:\/\/www.bagesturisme.cat\/wp-content\/uploads\/2023\/09\/migjorn-habitacio.jpg","fusion-800-width":600,"fusion-800-height":450,"fusion-1200":"https:\/\/www.bagesturisme.cat\/wp-content\/uploads\/2023\/09\/migjorn-habitacio.jpg","fusion-1200-width":600,"fusion-1200-height":450,"portfolio-full":"https:\/\/www.bagesturisme.cat\/wp-content\/uploads\/2023\/09\/migjorn-habitacio.jpg","portfolio-full-width":533,"portfolio-full-height":400,"portfolio-one":"https:\/\/www.bagesturisme.cat\/wp-content\/uploads\/2023\/09\/migjorn-habitacio.jpg","portfolio-one-width":363,"portfolio-one-height":272,"portfolio-two":"https:\/\/www.bagesturisme.cat\/wp-content\/uploads\/2023\/09\/migjorn-habitacio.jpg","portfolio-two-width":393,"portfolio-two-height":295,"portfolio-three":"https:\/\/www.bagesturisme.cat\/wp-content\/uploads\/2023\/09\/migjorn-habitacio.jpg","portfolio-three-width":285,"portfolio-three-height":214,"portfolio-five":"https:\/\/www.bagesturisme.cat\/wp-content\/uploads\/2023\/09\/migjorn-habitacio.jpg","portfolio-five-width":177,"portfolio-five-height":133}},{"ID":13348,"id":13348,"title":"migjorn vistes","filename":"migjorn-vistes.jpg","filesize":202179,"url":"https:\/\/www.bagesturisme.cat\/wp-content\/uploads\/2023\/09\/migjorn-vistes.jpg","link":"https:\/\/www.bagesturisme.cat\/es\/allotjament\/casa-migjorn\/migjorn-vistes\/","alt":"","author":"3","description":"","caption":"","name":"migjorn-vistes","status":"inherit","uploaded_to":13314,"date":"2023-09-29 07:03:51","modified":"2023-09-29 07:03:51","menu_order":0,"mime_type":"image\/jpeg","type":"image","subtype":"jpeg","icon":"https:\/\/www.bagesturisme.cat\/wp-includes\/images\/media\/default.png","width":600,"height":450,"sizes":{"thumbnail":"https:\/\/www.bagesturisme.cat\/wp-content\/uploads\/2023\/09\/migjorn-vistes-150x150.jpg","thumbnail-width":150,"thumbnail-height":150,"medium":"https:\/\/www.bagesturisme.cat\/wp-content\/uploads\/2023\/09\/migjorn-vistes-533x400.jpg","medium-width":533,"medium-height":400,"medium_large":"https:\/\/www.bagesturisme.cat\/wp-content\/uploads\/2023\/09\/migjorn-vistes.jpg","medium_large-width":600,"medium_large-height":450,"large":"https:\/\/www.bagesturisme.cat\/wp-content\/uploads\/2023\/09\/migjorn-vistes.jpg","large-width":600,"large-height":450,"1536x1536":"https:\/\/www.bagesturisme.cat\/wp-content\/uploads\/2023\/09\/migjorn-vistes.jpg","1536x1536-width":600,"1536x1536-height":450,"2048x2048":"https:\/\/www.bagesturisme.cat\/wp-content\/uploads\/2023\/09\/migjorn-vistes.jpg","2048x2048-width":600,"2048x2048-height":450,"blog-large":"https:\/\/www.bagesturisme.cat\/wp-content\/uploads\/2023\/09\/migjorn-vistes.jpg","blog-large-width":363,"blog-large-height":272,"blog-medium":"https:\/\/www.bagesturisme.cat\/wp-content\/uploads\/2023\/09\/migjorn-vistes.jpg","blog-medium-width":269,"blog-medium-height":202,"recent-posts":"https:\/\/www.bagesturisme.cat\/wp-content\/uploads\/2023\/09\/migjorn-vistes.jpg","recent-posts-width":588,"recent-posts-height":441,"recent-works-thumbnail":"https:\/\/www.bagesturisme.cat\/wp-content\/uploads\/2023\/09\/migjorn-vistes.jpg","recent-works-thumbnail-width":66,"recent-works-thumbnail-height":50,"fusion-200":"https:\/\/www.bagesturisme.cat\/wp-content\/uploads\/2023\/09\/migjorn-vistes.jpg","fusion-200-width":200,"fusion-200-height":150,"fusion-400":"https:\/\/www.bagesturisme.cat\/wp-content\/uploads\/2023\/09\/migjorn-vistes.jpg","fusion-400-width":400,"fusion-400-height":300,"fusion-600":"https:\/\/www.bagesturisme.cat\/wp-content\/uploads\/2023\/09\/migjorn-vistes.jpg","fusion-600-width":600,"fusion-600-height":450,"fusion-800":"https:\/\/www.bagesturisme.cat\/wp-content\/uploads\/2023\/09\/migjorn-vistes.jpg","fusion-800-width":600,"fusion-800-height":450,"fusion-1200":"https:\/\/www.bagesturisme.cat\/wp-content\/uploads\/2023\/09\/migjorn-vistes.jpg","fusion-1200-width":600,"fusion-1200-height":450,"portfolio-full":"https:\/\/www.bagesturisme.cat\/wp-content\/uploads\/2023\/09\/migjorn-vistes.jpg","portfolio-full-width":533,"portfolio-full-height":400,"portfolio-one":"https:\/\/www.bagesturisme.cat\/wp-content\/uploads\/2023\/09\/migjorn-vistes.jpg","portfolio-one-width":363,"portfolio-one-height":272,"portfolio-two":"https:\/\/www.bagesturisme.cat\/wp-content\/uploads\/2023\/09\/migjorn-vistes.jpg","portfolio-two-width":393,"portfolio-two-height":295,"portfolio-three":"https:\/\/www.bagesturisme.cat\/wp-content\/uploads\/2023\/09\/migjorn-vistes.jpg","portfolio-three-width":285,"portfolio-three-height":214,"portfolio-five":"https:\/\/www.bagesturisme.cat\/wp-content\/uploads\/2023\/09\/migjorn-vistes.jpg","portfolio-five-width":177,"portfolio-five-height":133}},{"ID":13346,"id":13346,"title":"migjorn sala d'estar","filename":"migjorn-sala-destar.jpg","filesize":186187,"url":"https:\/\/www.bagesturisme.cat\/wp-content\/uploads\/2023\/09\/migjorn-sala-destar.jpg","link":"https:\/\/www.bagesturisme.cat\/es\/allotjament\/casa-migjorn\/migjorn-sala-destar\/","alt":"","author":"3","description":"","caption":"","name":"migjorn-sala-destar","status":"inherit","uploaded_to":13314,"date":"2023-09-29 07:03:47","modified":"2023-09-29 07:03:56","menu_order":0,"mime_type":"image\/jpeg","type":"image","subtype":"jpeg","icon":"https:\/\/www.bagesturisme.cat\/wp-includes\/images\/media\/default.png","width":600,"height":450,"sizes":{"thumbnail":"https:\/\/www.bagesturisme.cat\/wp-content\/uploads\/2023\/09\/migjorn-sala-destar-150x150.jpg","thumbnail-width":150,"thumbnail-height":150,"medium":"https:\/\/www.bagesturisme.cat\/wp-content\/uploads\/2023\/09\/migjorn-sala-destar-533x400.jpg","medium-width":533,"medium-height":400,"medium_large":"https:\/\/www.bagesturisme.cat\/wp-content\/uploads\/2023\/09\/migjorn-sala-destar.jpg","medium_large-width":600,"medium_large-height":450,"large":"https:\/\/www.bagesturisme.cat\/wp-content\/uploads\/2023\/09\/migjorn-sala-destar.jpg","large-width":600,"large-height":450,"1536x1536":"https:\/\/www.bagesturisme.cat\/wp-content\/uploads\/2023\/09\/migjorn-sala-destar.jpg","1536x1536-width":600,"1536x1536-height":450,"2048x2048":"https:\/\/www.bagesturisme.cat\/wp-content\/uploads\/2023\/09\/migjorn-sala-destar.jpg","2048x2048-width":600,"2048x2048-height":450,"blog-large":"https:\/\/www.bagesturisme.cat\/wp-content\/uploads\/2023\/09\/migjorn-sala-destar.jpg","blog-large-width":363,"blog-large-height":272,"blog-medium":"https:\/\/www.bagesturisme.cat\/wp-content\/uploads\/2023\/09\/migjorn-sala-destar.jpg","blog-medium-width":269,"blog-medium-height":202,"recent-posts":"https:\/\/www.bagesturisme.cat\/wp-content\/uploads\/2023\/09\/migjorn-sala-destar.jpg","recent-posts-width":588,"recent-posts-height":441,"recent-works-thumbnail":"https:\/\/www.bagesturisme.cat\/wp-content\/uploads\/2023\/09\/migjorn-sala-destar.jpg","recent-works-thumbnail-width":66,"recent-works-thumbnail-height":50,"fusion-200":"https:\/\/www.bagesturisme.cat\/wp-content\/uploads\/2023\/09\/migjorn-sala-destar.jpg","fusion-200-width":200,"fusion-200-height":150,"fusion-400":"https:\/\/www.bagesturisme.cat\/wp-content\/uploads\/2023\/09\/migjorn-sala-destar.jpg","fusion-400-width":400,"fusion-400-height":300,"fusion-600":"https:\/\/www.bagesturisme.cat\/wp-content\/uploads\/2023\/09\/migjorn-sala-destar.jpg","fusion-600-width":600,"fusion-600-height":450,"fusion-800":"https:\/\/www.bagesturisme.cat\/wp-content\/uploads\/2023\/09\/migjorn-sala-destar.jpg","fusion-800-width":600,"fusion-800-height":450,"fusion-1200":"https:\/\/www.bagesturisme.cat\/wp-content\/uploads\/2023\/09\/migjorn-sala-destar.jpg","fusion-1200-width":600,"fusion-1200-height":450,"portfolio-full":"https:\/\/www.bagesturisme.cat\/wp-content\/uploads\/2023\/09\/migjorn-sala-destar.jpg","portfolio-full-width":533,"portfolio-full-height":400,"portfolio-one":"https:\/\/www.bagesturisme.cat\/wp-content\/uploads\/2023\/09\/migjorn-sala-destar.jpg","portfolio-one-width":363,"portfolio-one-height":272,"portfolio-two":"https:\/\/www.bagesturisme.cat\/wp-content\/uploads\/2023\/09\/migjorn-sala-destar.jpg","portfolio-two-width":393,"portfolio-two-height":295,"portfolio-three":"https:\/\/www.bagesturisme.cat\/wp-content\/uploads\/2023\/09\/migjorn-sala-destar.jpg","portfolio-three-width":285,"portfolio-three-height":214,"portfolio-five":"https:\/\/www.bagesturisme.cat\/wp-content\/uploads\/2023\/09\/migjorn-sala-destar.jpg","portfolio-five-width":177,"portfolio-five-height":133}}],"ubicacio":false},"_links":{"self":[{"href":"https:\/\/www.bagesturisme.cat\/es\/wp-json\/wp\/v2\/allotjament\/13314","targetHints":{"allow":["GET"]}}],"collection":[{"href":"https:\/\/www.bagesturisme.cat\/es\/wp-json\/wp\/v2\/allotjament"}],"about":[{"href":"https:\/\/www.bagesturisme.cat\/es\/wp-json\/wp\/v2\/types\/allotjament"}],"author":[{"embeddable":true,"href":"https:\/\/www.bagesturisme.cat\/es\/wp-json\/wp\/v2\/users\/21"}],"version-history":[{"count":2,"href":"https:\/\/www.bagesturisme.cat\/es\/wp-json\/wp\/v2\/allotjament\/13314\/revisions"}],"predecessor-version":[{"id":13350,"href":"https:\/\/www.bagesturisme.cat\/es\/wp-json\/wp\/v2\/allotjament\/13314\/revisions\/13350"}],"wp:featuredmedia":[{"embeddable":true,"href":"https:\/\/www.bagesturisme.cat\/es\/wp-json\/wp\/v2\/media\/13315"}],"wp:attachment":[{"href":"https:\/\/www.bagesturisme.cat\/es\/wp-json\/wp\/v2\/media?parent=13314"}],"curies":[{"name":"wp","href":"https:\/\/api.w.org\/{rel}","templated":true}]}}