{"id":12834,"date":"2023-05-23T11:54:09","date_gmt":"2023-05-23T10:54:09","guid":{"rendered":"https:\/\/bagesturisme.cat\/?post_type=allotjament&#038;p=12834"},"modified":"2023-05-25T11:14:01","modified_gmt":"2023-05-25T10:14:01","slug":"ca-la-gracia","status":"publish","type":"allotjament","link":"https:\/\/www.bagesturisme.cat\/es\/allotjament\/ca-la-gracia\/","title":{"rendered":"Ca la Gr\u00e0cia"},"content":{"rendered":"<pre id=\"tw-target-text\" class=\"tw-data-text tw-text-large tw-ta\" dir=\"ltr\" data-placeholder=\"Traducci\u00f3\"><span class=\"Y2IQFc\" lang=\"es\">Ca La Gr\u00e0cia es un peque\u00f1o hotel rural situado en el pueblo de Cabrianes catalogado por su arquitectura g\u00f3tica del S.XIV.\r\n\r\nXavier es el anfitri\u00f3n y la 7\u00aa generaci\u00f3n de la familia que regenta la casa que fue residencia y propiedad del obispado de Vic. En el interior de la casa podr\u00e1 observar la puerta del Obispo catalogada por el departamento de cultura de la generalidad de Catalu\u00f1a y que daba entrada a su habitaci\u00f3n cuando ven\u00eda a visitar los pueblos de Ertes y Sallent.\r\n\r\nCa La Gr\u00e0cia dispone de 4 habitaciones dobles y dos cu\u00e1druples y Xavier ofrece un desayuno con productos de proximidad a la costa del fuego en tierra en invierno y si hace buen tiempo en la terraza exterior donde podr\u00e1 disfrutar de unas buenas vistas a las monta\u00f1as, la piscina y algunos de los animales que rodean su exterior como los caballos y las gallinas.<\/span><\/pre>","protected":false},"author":24,"featured_media":12849,"template":"","class_list":["post-12834","allotjament","type-allotjament","status-publish","has-post-thumbnail","hentry","municipi-sallent","indicadors-pit","tipus-allotjament-turisme-rural"],"acf":{"galeria":[{"ID":12835,"id":12835,"title":"D8B35872-662B-4B92-BF72-CC5987E24FF6_1_105_c","filename":"D8B35872-662B-4B92-BF72-CC5987E24FF6_1_105_c.jpeg","filesize":288912,"url":"https:\/\/www.bagesturisme.cat\/wp-content\/uploads\/2023\/05\/D8B35872-662B-4B92-BF72-CC5987E24FF6_1_105_c.jpeg","link":"https:\/\/www.bagesturisme.cat\/es\/allotjament\/ca-la-gracia\/d8b35872-662b-4b92-bf72-cc5987e24ff6_1_105_c\/","alt":"","author":"3","description":"","caption":"","name":"d8b35872-662b-4b92-bf72-cc5987e24ff6_1_105_c","status":"inherit","uploaded_to":12834,"date":"2023-05-23 10:52:09","modified":"2023-05-25 10:09:54","menu_order":0,"mime_type":"image\/jpeg","type":"image","subtype":"jpeg","icon":"https:\/\/www.bagesturisme.cat\/wp-includes\/images\/media\/default.png","width":768,"height":1024,"sizes":{"thumbnail":"https:\/\/www.bagesturisme.cat\/wp-content\/uploads\/2023\/05\/D8B35872-662B-4B92-BF72-CC5987E24FF6_1_105_c-150x150.jpeg","thumbnail-width":150,"thumbnail-height":150,"medium":"https:\/\/www.bagesturisme.cat\/wp-content\/uploads\/2023\/05\/D8B35872-662B-4B92-BF72-CC5987E24FF6_1_105_c-300x400.jpeg","medium-width":300,"medium-height":400,"medium_large":"https:\/\/www.bagesturisme.cat\/wp-content\/uploads\/2023\/05\/D8B35872-662B-4B92-BF72-CC5987E24FF6_1_105_c.jpeg","medium_large-width":768,"medium_large-height":1024,"large":"https:\/\/www.bagesturisme.cat\/wp-content\/uploads\/2023\/05\/D8B35872-662B-4B92-BF72-CC5987E24FF6_1_105_c.jpeg","large-width":768,"large-height":1024,"1536x1536":"https:\/\/www.bagesturisme.cat\/wp-content\/uploads\/2023\/05\/D8B35872-662B-4B92-BF72-CC5987E24FF6_1_105_c.jpeg","1536x1536-width":768,"1536x1536-height":1024,"2048x2048":"https:\/\/www.bagesturisme.cat\/wp-content\/uploads\/2023\/05\/D8B35872-662B-4B92-BF72-CC5987E24FF6_1_105_c.jpeg","2048x2048-width":768,"2048x2048-height":1024,"blog-large":"https:\/\/www.bagesturisme.cat\/wp-content\/uploads\/2023\/05\/D8B35872-662B-4B92-BF72-CC5987E24FF6_1_105_c.jpeg","blog-large-width":204,"blog-large-height":272,"blog-medium":"https:\/\/www.bagesturisme.cat\/wp-content\/uploads\/2023\/05\/D8B35872-662B-4B92-BF72-CC5987E24FF6_1_105_c.jpeg","blog-medium-width":152,"blog-medium-height":202,"recent-posts":"https:\/\/www.bagesturisme.cat\/wp-content\/uploads\/2023\/05\/D8B35872-662B-4B92-BF72-CC5987E24FF6_1_105_c.jpeg","recent-posts-width":331,"recent-posts-height":441,"recent-works-thumbnail":"https:\/\/www.bagesturisme.cat\/wp-content\/uploads\/2023\/05\/D8B35872-662B-4B92-BF72-CC5987E24FF6_1_105_c.jpeg","recent-works-thumbnail-width":50,"recent-works-thumbnail-height":66,"fusion-200":"https:\/\/www.bagesturisme.cat\/wp-content\/uploads\/2023\/05\/D8B35872-662B-4B92-BF72-CC5987E24FF6_1_105_c.jpeg","fusion-200-width":200,"fusion-200-height":267,"fusion-400":"https:\/\/www.bagesturisme.cat\/wp-content\/uploads\/2023\/05\/D8B35872-662B-4B92-BF72-CC5987E24FF6_1_105_c.jpeg","fusion-400-width":400,"fusion-400-height":533,"fusion-600":"https:\/\/www.bagesturisme.cat\/wp-content\/uploads\/2023\/05\/D8B35872-662B-4B92-BF72-CC5987E24FF6_1_105_c.jpeg","fusion-600-width":600,"fusion-600-height":800,"fusion-800":"https:\/\/www.bagesturisme.cat\/wp-content\/uploads\/2023\/05\/D8B35872-662B-4B92-BF72-CC5987E24FF6_1_105_c.jpeg","fusion-800-width":768,"fusion-800-height":1024,"fusion-1200":"https:\/\/www.bagesturisme.cat\/wp-content\/uploads\/2023\/05\/D8B35872-662B-4B92-BF72-CC5987E24FF6_1_105_c.jpeg","fusion-1200-width":768,"fusion-1200-height":1024,"portfolio-full":"https:\/\/www.bagesturisme.cat\/wp-content\/uploads\/2023\/05\/D8B35872-662B-4B92-BF72-CC5987E24FF6_1_105_c.jpeg","portfolio-full-width":300,"portfolio-full-height":400,"portfolio-one":"https:\/\/www.bagesturisme.cat\/wp-content\/uploads\/2023\/05\/D8B35872-662B-4B92-BF72-CC5987E24FF6_1_105_c.jpeg","portfolio-one-width":204,"portfolio-one-height":272,"portfolio-two":"https:\/\/www.bagesturisme.cat\/wp-content\/uploads\/2023\/05\/D8B35872-662B-4B92-BF72-CC5987E24FF6_1_105_c.jpeg","portfolio-two-width":221,"portfolio-two-height":295,"portfolio-three":"https:\/\/www.bagesturisme.cat\/wp-content\/uploads\/2023\/05\/D8B35872-662B-4B92-BF72-CC5987E24FF6_1_105_c.jpeg","portfolio-three-width":161,"portfolio-three-height":214,"portfolio-five":"https:\/\/www.bagesturisme.cat\/wp-content\/uploads\/2023\/05\/D8B35872-662B-4B92-BF72-CC5987E24FF6_1_105_c.jpeg","portfolio-five-width":107,"portfolio-five-height":142}},{"ID":12844,"id":12844,"title":"Ca la Gr\u00e0cia wc","filename":"Ca-la-Gracia-wc.jpeg","filesize":159171,"url":"https:\/\/www.bagesturisme.cat\/wp-content\/uploads\/2023\/05\/Ca-la-Gracia-wc.jpeg","link":"https:\/\/www.bagesturisme.cat\/es\/allotjament\/ca-la-gracia\/ca-la-gracia-wc\/","alt":"","author":"3","description":"","caption":"","name":"ca-la-gracia-wc","status":"inherit","uploaded_to":12834,"date":"2023-05-25 10:13:06","modified":"2023-05-25 10:13:19","menu_order":0,"mime_type":"image\/jpeg","type":"image","subtype":"jpeg","icon":"https:\/\/www.bagesturisme.cat\/wp-includes\/images\/media\/default.png","width":768,"height":1024,"sizes":{"thumbnail":"https:\/\/www.bagesturisme.cat\/wp-content\/uploads\/2023\/05\/Ca-la-Gracia-wc-150x150.jpeg","thumbnail-width":150,"thumbnail-height":150,"medium":"https:\/\/www.bagesturisme.cat\/wp-content\/uploads\/2023\/05\/Ca-la-Gracia-wc-300x400.jpeg","medium-width":300,"medium-height":400,"medium_large":"https:\/\/www.bagesturisme.cat\/wp-content\/uploads\/2023\/05\/Ca-la-Gracia-wc.jpeg","medium_large-width":768,"medium_large-height":1024,"large":"https:\/\/www.bagesturisme.cat\/wp-content\/uploads\/2023\/05\/Ca-la-Gracia-wc.jpeg","large-width":768,"large-height":1024,"1536x1536":"https:\/\/www.bagesturisme.cat\/wp-content\/uploads\/2023\/05\/Ca-la-Gracia-wc.jpeg","1536x1536-width":768,"1536x1536-height":1024,"2048x2048":"https:\/\/www.bagesturisme.cat\/wp-content\/uploads\/2023\/05\/Ca-la-Gracia-wc.jpeg","2048x2048-width":768,"2048x2048-height":1024,"blog-large":"https:\/\/www.bagesturisme.cat\/wp-content\/uploads\/2023\/05\/Ca-la-Gracia-wc.jpeg","blog-large-width":204,"blog-large-height":272,"blog-medium":"https:\/\/www.bagesturisme.cat\/wp-content\/uploads\/2023\/05\/Ca-la-Gracia-wc.jpeg","blog-medium-width":152,"blog-medium-height":202,"recent-posts":"https:\/\/www.bagesturisme.cat\/wp-content\/uploads\/2023\/05\/Ca-la-Gracia-wc.jpeg","recent-posts-width":331,"recent-posts-height":441,"recent-works-thumbnail":"https:\/\/www.bagesturisme.cat\/wp-content\/uploads\/2023\/05\/Ca-la-Gracia-wc.jpeg","recent-works-thumbnail-width":50,"recent-works-thumbnail-height":66,"fusion-200":"https:\/\/www.bagesturisme.cat\/wp-content\/uploads\/2023\/05\/Ca-la-Gracia-wc.jpeg","fusion-200-width":200,"fusion-200-height":267,"fusion-400":"https:\/\/www.bagesturisme.cat\/wp-content\/uploads\/2023\/05\/Ca-la-Gracia-wc.jpeg","fusion-400-width":400,"fusion-400-height":533,"fusion-600":"https:\/\/www.bagesturisme.cat\/wp-content\/uploads\/2023\/05\/Ca-la-Gracia-wc.jpeg","fusion-600-width":600,"fusion-600-height":800,"fusion-800":"https:\/\/www.bagesturisme.cat\/wp-content\/uploads\/2023\/05\/Ca-la-Gracia-wc.jpeg","fusion-800-width":768,"fusion-800-height":1024,"fusion-1200":"https:\/\/www.bagesturisme.cat\/wp-content\/uploads\/2023\/05\/Ca-la-Gracia-wc.jpeg","fusion-1200-width":768,"fusion-1200-height":1024,"portfolio-full":"https:\/\/www.bagesturisme.cat\/wp-content\/uploads\/2023\/05\/Ca-la-Gracia-wc.jpeg","portfolio-full-width":300,"portfolio-full-height":400,"portfolio-one":"https:\/\/www.bagesturisme.cat\/wp-content\/uploads\/2023\/05\/Ca-la-Gracia-wc.jpeg","portfolio-one-width":204,"portfolio-one-height":272,"portfolio-two":"https:\/\/www.bagesturisme.cat\/wp-content\/uploads\/2023\/05\/Ca-la-Gracia-wc.jpeg","portfolio-two-width":221,"portfolio-two-height":295,"portfolio-three":"https:\/\/www.bagesturisme.cat\/wp-content\/uploads\/2023\/05\/Ca-la-Gracia-wc.jpeg","portfolio-three-width":161,"portfolio-three-height":214,"portfolio-five":"https:\/\/www.bagesturisme.cat\/wp-content\/uploads\/2023\/05\/Ca-la-Gracia-wc.jpeg","portfolio-five-width":107,"portfolio-five-height":142}},{"ID":12845,"id":12845,"title":"Ca la Gr\u00e0cia cuina","filename":"Ca-la-Gracia-cuina.jpeg","filesize":215653,"url":"https:\/\/www.bagesturisme.cat\/wp-content\/uploads\/2023\/05\/Ca-la-Gracia-cuina.jpeg","link":"https:\/\/www.bagesturisme.cat\/es\/allotjament\/ca-la-gracia\/ca-la-gracia-cuina\/","alt":"","author":"3","description":"","caption":"","name":"ca-la-gracia-cuina","status":"inherit","uploaded_to":12834,"date":"2023-05-25 10:13:07","modified":"2023-05-25 10:13:07","menu_order":0,"mime_type":"image\/jpeg","type":"image","subtype":"jpeg","icon":"https:\/\/www.bagesturisme.cat\/wp-includes\/images\/media\/default.png","width":768,"height":1024,"sizes":{"thumbnail":"https:\/\/www.bagesturisme.cat\/wp-content\/uploads\/2023\/05\/Ca-la-Gracia-cuina-150x150.jpeg","thumbnail-width":150,"thumbnail-height":150,"medium":"https:\/\/www.bagesturisme.cat\/wp-content\/uploads\/2023\/05\/Ca-la-Gracia-cuina-300x400.jpeg","medium-width":300,"medium-height":400,"medium_large":"https:\/\/www.bagesturisme.cat\/wp-content\/uploads\/2023\/05\/Ca-la-Gracia-cuina.jpeg","medium_large-width":768,"medium_large-height":1024,"large":"https:\/\/www.bagesturisme.cat\/wp-content\/uploads\/2023\/05\/Ca-la-Gracia-cuina.jpeg","large-width":768,"large-height":1024,"1536x1536":"https:\/\/www.bagesturisme.cat\/wp-content\/uploads\/2023\/05\/Ca-la-Gracia-cuina.jpeg","1536x1536-width":768,"1536x1536-height":1024,"2048x2048":"https:\/\/www.bagesturisme.cat\/wp-content\/uploads\/2023\/05\/Ca-la-Gracia-cuina.jpeg","2048x2048-width":768,"2048x2048-height":1024,"blog-large":"https:\/\/www.bagesturisme.cat\/wp-content\/uploads\/2023\/05\/Ca-la-Gracia-cuina.jpeg","blog-large-width":204,"blog-large-height":272,"blog-medium":"https:\/\/www.bagesturisme.cat\/wp-content\/uploads\/2023\/05\/Ca-la-Gracia-cuina.jpeg","blog-medium-width":152,"blog-medium-height":202,"recent-posts":"https:\/\/www.bagesturisme.cat\/wp-content\/uploads\/2023\/05\/Ca-la-Gracia-cuina.jpeg","recent-posts-width":331,"recent-posts-height":441,"recent-works-thumbnail":"https:\/\/www.bagesturisme.cat\/wp-content\/uploads\/2023\/05\/Ca-la-Gracia-cuina.jpeg","recent-works-thumbnail-width":50,"recent-works-thumbnail-height":66,"fusion-200":"https:\/\/www.bagesturisme.cat\/wp-content\/uploads\/2023\/05\/Ca-la-Gracia-cuina.jpeg","fusion-200-width":200,"fusion-200-height":267,"fusion-400":"https:\/\/www.bagesturisme.cat\/wp-content\/uploads\/2023\/05\/Ca-la-Gracia-cuina.jpeg","fusion-400-width":400,"fusion-400-height":533,"fusion-600":"https:\/\/www.bagesturisme.cat\/wp-content\/uploads\/2023\/05\/Ca-la-Gracia-cuina.jpeg","fusion-600-width":600,"fusion-600-height":800,"fusion-800":"https:\/\/www.bagesturisme.cat\/wp-content\/uploads\/2023\/05\/Ca-la-Gracia-cuina.jpeg","fusion-800-width":768,"fusion-800-height":1024,"fusion-1200":"https:\/\/www.bagesturisme.cat\/wp-content\/uploads\/2023\/05\/Ca-la-Gracia-cuina.jpeg","fusion-1200-width":768,"fusion-1200-height":1024,"portfolio-full":"https:\/\/www.bagesturisme.cat\/wp-content\/uploads\/2023\/05\/Ca-la-Gracia-cuina.jpeg","portfolio-full-width":300,"portfolio-full-height":400,"portfolio-one":"https:\/\/www.bagesturisme.cat\/wp-content\/uploads\/2023\/05\/Ca-la-Gracia-cuina.jpeg","portfolio-one-width":204,"portfolio-one-height":272,"portfolio-two":"https:\/\/www.bagesturisme.cat\/wp-content\/uploads\/2023\/05\/Ca-la-Gracia-cuina.jpeg","portfolio-two-width":221,"portfolio-two-height":295,"portfolio-three":"https:\/\/www.bagesturisme.cat\/wp-content\/uploads\/2023\/05\/Ca-la-Gracia-cuina.jpeg","portfolio-three-width":161,"portfolio-three-height":214,"portfolio-five":"https:\/\/www.bagesturisme.cat\/wp-content\/uploads\/2023\/05\/Ca-la-Gracia-cuina.jpeg","portfolio-five-width":107,"portfolio-five-height":142}},{"ID":12846,"id":12846,"title":"Ca la Gr\u00e0cia habitaci\u00f3","filename":"Ca-la-Gracia-habitacio.jpeg","filesize":226376,"url":"https:\/\/www.bagesturisme.cat\/wp-content\/uploads\/2023\/05\/Ca-la-Gracia-habitacio.jpeg","link":"https:\/\/www.bagesturisme.cat\/es\/allotjament\/ca-la-gracia\/ca-la-gracia-habitacio\/","alt":"","author":"3","description":"","caption":"","name":"ca-la-gracia-habitacio","status":"inherit","uploaded_to":12834,"date":"2023-05-25 10:13:08","modified":"2023-05-25 10:13:08","menu_order":0,"mime_type":"image\/jpeg","type":"image","subtype":"jpeg","icon":"https:\/\/www.bagesturisme.cat\/wp-includes\/images\/media\/default.png","width":768,"height":1024,"sizes":{"thumbnail":"https:\/\/www.bagesturisme.cat\/wp-content\/uploads\/2023\/05\/Ca-la-Gracia-habitacio-150x150.jpeg","thumbnail-width":150,"thumbnail-height":150,"medium":"https:\/\/www.bagesturisme.cat\/wp-content\/uploads\/2023\/05\/Ca-la-Gracia-habitacio-300x400.jpeg","medium-width":300,"medium-height":400,"medium_large":"https:\/\/www.bagesturisme.cat\/wp-content\/uploads\/2023\/05\/Ca-la-Gracia-habitacio.jpeg","medium_large-width":768,"medium_large-height":1024,"large":"https:\/\/www.bagesturisme.cat\/wp-content\/uploads\/2023\/05\/Ca-la-Gracia-habitacio.jpeg","large-width":768,"large-height":1024,"1536x1536":"https:\/\/www.bagesturisme.cat\/wp-content\/uploads\/2023\/05\/Ca-la-Gracia-habitacio.jpeg","1536x1536-width":768,"1536x1536-height":1024,"2048x2048":"https:\/\/www.bagesturisme.cat\/wp-content\/uploads\/2023\/05\/Ca-la-Gracia-habitacio.jpeg","2048x2048-width":768,"2048x2048-height":1024,"blog-large":"https:\/\/www.bagesturisme.cat\/wp-content\/uploads\/2023\/05\/Ca-la-Gracia-habitacio.jpeg","blog-large-width":204,"blog-large-height":272,"blog-medium":"https:\/\/www.bagesturisme.cat\/wp-content\/uploads\/2023\/05\/Ca-la-Gracia-habitacio.jpeg","blog-medium-width":152,"blog-medium-height":202,"recent-posts":"https:\/\/www.bagesturisme.cat\/wp-content\/uploads\/2023\/05\/Ca-la-Gracia-habitacio.jpeg","recent-posts-width":331,"recent-posts-height":441,"recent-works-thumbnail":"https:\/\/www.bagesturisme.cat\/wp-content\/uploads\/2023\/05\/Ca-la-Gracia-habitacio.jpeg","recent-works-thumbnail-width":50,"recent-works-thumbnail-height":66,"fusion-200":"https:\/\/www.bagesturisme.cat\/wp-content\/uploads\/2023\/05\/Ca-la-Gracia-habitacio.jpeg","fusion-200-width":200,"fusion-200-height":267,"fusion-400":"https:\/\/www.bagesturisme.cat\/wp-content\/uploads\/2023\/05\/Ca-la-Gracia-habitacio.jpeg","fusion-400-width":400,"fusion-400-height":533,"fusion-600":"https:\/\/www.bagesturisme.cat\/wp-content\/uploads\/2023\/05\/Ca-la-Gracia-habitacio.jpeg","fusion-600-width":600,"fusion-600-height":800,"fusion-800":"https:\/\/www.bagesturisme.cat\/wp-content\/uploads\/2023\/05\/Ca-la-Gracia-habitacio.jpeg","fusion-800-width":768,"fusion-800-height":1024,"fusion-1200":"https:\/\/www.bagesturisme.cat\/wp-content\/uploads\/2023\/05\/Ca-la-Gracia-habitacio.jpeg","fusion-1200-width":768,"fusion-1200-height":1024,"portfolio-full":"https:\/\/www.bagesturisme.cat\/wp-content\/uploads\/2023\/05\/Ca-la-Gracia-habitacio.jpeg","portfolio-full-width":300,"portfolio-full-height":400,"portfolio-one":"https:\/\/www.bagesturisme.cat\/wp-content\/uploads\/2023\/05\/Ca-la-Gracia-habitacio.jpeg","portfolio-one-width":204,"portfolio-one-height":272,"portfolio-two":"https:\/\/www.bagesturisme.cat\/wp-content\/uploads\/2023\/05\/Ca-la-Gracia-habitacio.jpeg","portfolio-two-width":221,"portfolio-two-height":295,"portfolio-three":"https:\/\/www.bagesturisme.cat\/wp-content\/uploads\/2023\/05\/Ca-la-Gracia-habitacio.jpeg","portfolio-three-width":161,"portfolio-three-height":214,"portfolio-five":"https:\/\/www.bagesturisme.cat\/wp-content\/uploads\/2023\/05\/Ca-la-Gracia-habitacio.jpeg","portfolio-five-width":107,"portfolio-five-height":142}},{"ID":12847,"id":12847,"title":"Ca la Gr\u00e0cia xemenia","filename":"Ca-la-Gracia-xemenia.jpeg","filesize":252950,"url":"https:\/\/www.bagesturisme.cat\/wp-content\/uploads\/2023\/05\/Ca-la-Gracia-xemenia.jpeg","link":"https:\/\/www.bagesturisme.cat\/es\/allotjament\/ca-la-gracia\/ca-la-gracia-xemenia\/","alt":"","author":"3","description":"","caption":"","name":"ca-la-gracia-xemenia","status":"inherit","uploaded_to":12834,"date":"2023-05-25 10:13:08","modified":"2023-05-25 10:13:08","menu_order":0,"mime_type":"image\/jpeg","type":"image","subtype":"jpeg","icon":"https:\/\/www.bagesturisme.cat\/wp-includes\/images\/media\/default.png","width":768,"height":1024,"sizes":{"thumbnail":"https:\/\/www.bagesturisme.cat\/wp-content\/uploads\/2023\/05\/Ca-la-Gracia-xemenia-150x150.jpeg","thumbnail-width":150,"thumbnail-height":150,"medium":"https:\/\/www.bagesturisme.cat\/wp-content\/uploads\/2023\/05\/Ca-la-Gracia-xemenia-300x400.jpeg","medium-width":300,"medium-height":400,"medium_large":"https:\/\/www.bagesturisme.cat\/wp-content\/uploads\/2023\/05\/Ca-la-Gracia-xemenia.jpeg","medium_large-width":768,"medium_large-height":1024,"large":"https:\/\/www.bagesturisme.cat\/wp-content\/uploads\/2023\/05\/Ca-la-Gracia-xemenia.jpeg","large-width":768,"large-height":1024,"1536x1536":"https:\/\/www.bagesturisme.cat\/wp-content\/uploads\/2023\/05\/Ca-la-Gracia-xemenia.jpeg","1536x1536-width":768,"1536x1536-height":1024,"2048x2048":"https:\/\/www.bagesturisme.cat\/wp-content\/uploads\/2023\/05\/Ca-la-Gracia-xemenia.jpeg","2048x2048-width":768,"2048x2048-height":1024,"blog-large":"https:\/\/www.bagesturisme.cat\/wp-content\/uploads\/2023\/05\/Ca-la-Gracia-xemenia.jpeg","blog-large-width":204,"blog-large-height":272,"blog-medium":"https:\/\/www.bagesturisme.cat\/wp-content\/uploads\/2023\/05\/Ca-la-Gracia-xemenia.jpeg","blog-medium-width":152,"blog-medium-height":202,"recent-posts":"https:\/\/www.bagesturisme.cat\/wp-content\/uploads\/2023\/05\/Ca-la-Gracia-xemenia.jpeg","recent-posts-width":331,"recent-posts-height":441,"recent-works-thumbnail":"https:\/\/www.bagesturisme.cat\/wp-content\/uploads\/2023\/05\/Ca-la-Gracia-xemenia.jpeg","recent-works-thumbnail-width":50,"recent-works-thumbnail-height":66,"fusion-200":"https:\/\/www.bagesturisme.cat\/wp-content\/uploads\/2023\/05\/Ca-la-Gracia-xemenia.jpeg","fusion-200-width":200,"fusion-200-height":267,"fusion-400":"https:\/\/www.bagesturisme.cat\/wp-content\/uploads\/2023\/05\/Ca-la-Gracia-xemenia.jpeg","fusion-400-width":400,"fusion-400-height":533,"fusion-600":"https:\/\/www.bagesturisme.cat\/wp-content\/uploads\/2023\/05\/Ca-la-Gracia-xemenia.jpeg","fusion-600-width":600,"fusion-600-height":800,"fusion-800":"https:\/\/www.bagesturisme.cat\/wp-content\/uploads\/2023\/05\/Ca-la-Gracia-xemenia.jpeg","fusion-800-width":768,"fusion-800-height":1024,"fusion-1200":"https:\/\/www.bagesturisme.cat\/wp-content\/uploads\/2023\/05\/Ca-la-Gracia-xemenia.jpeg","fusion-1200-width":768,"fusion-1200-height":1024,"portfolio-full":"https:\/\/www.bagesturisme.cat\/wp-content\/uploads\/2023\/05\/Ca-la-Gracia-xemenia.jpeg","portfolio-full-width":300,"portfolio-full-height":400,"portfolio-one":"https:\/\/www.bagesturisme.cat\/wp-content\/uploads\/2023\/05\/Ca-la-Gracia-xemenia.jpeg","portfolio-one-width":204,"portfolio-one-height":272,"portfolio-two":"https:\/\/www.bagesturisme.cat\/wp-content\/uploads\/2023\/05\/Ca-la-Gracia-xemenia.jpeg","portfolio-two-width":221,"portfolio-two-height":295,"portfolio-three":"https:\/\/www.bagesturisme.cat\/wp-content\/uploads\/2023\/05\/Ca-la-Gracia-xemenia.jpeg","portfolio-three-width":161,"portfolio-three-height":214,"portfolio-five":"https:\/\/www.bagesturisme.cat\/wp-content\/uploads\/2023\/05\/Ca-la-Gracia-xemenia.jpeg","portfolio-five-width":107,"portfolio-five-height":142}},{"ID":12848,"id":12848,"title":"CA la Gr\u00e0cia 2","filename":"CA-la-Gracia-2.jpeg","filesize":311185,"url":"https:\/\/www.bagesturisme.cat\/wp-content\/uploads\/2023\/05\/CA-la-Gracia-2.jpeg","link":"https:\/\/www.bagesturisme.cat\/es\/allotjament\/ca-la-gracia\/ca-la-gracia-2\/","alt":"","author":"3","description":"","caption":"","name":"ca-la-gracia-2","status":"inherit","uploaded_to":12834,"date":"2023-05-25 10:13:09","modified":"2023-05-25 10:13:09","menu_order":0,"mime_type":"image\/jpeg","type":"image","subtype":"jpeg","icon":"https:\/\/www.bagesturisme.cat\/wp-includes\/images\/media\/default.png","width":768,"height":1024,"sizes":{"thumbnail":"https:\/\/www.bagesturisme.cat\/wp-content\/uploads\/2023\/05\/CA-la-Gracia-2-150x150.jpeg","thumbnail-width":150,"thumbnail-height":150,"medium":"https:\/\/www.bagesturisme.cat\/wp-content\/uploads\/2023\/05\/CA-la-Gracia-2-300x400.jpeg","medium-width":300,"medium-height":400,"medium_large":"https:\/\/www.bagesturisme.cat\/wp-content\/uploads\/2023\/05\/CA-la-Gracia-2.jpeg","medium_large-width":768,"medium_large-height":1024,"large":"https:\/\/www.bagesturisme.cat\/wp-content\/uploads\/2023\/05\/CA-la-Gracia-2.jpeg","large-width":768,"large-height":1024,"1536x1536":"https:\/\/www.bagesturisme.cat\/wp-content\/uploads\/2023\/05\/CA-la-Gracia-2.jpeg","1536x1536-width":768,"1536x1536-height":1024,"2048x2048":"https:\/\/www.bagesturisme.cat\/wp-content\/uploads\/2023\/05\/CA-la-Gracia-2.jpeg","2048x2048-width":768,"2048x2048-height":1024,"blog-large":"https:\/\/www.bagesturisme.cat\/wp-content\/uploads\/2023\/05\/CA-la-Gracia-2.jpeg","blog-large-width":204,"blog-large-height":272,"blog-medium":"https:\/\/www.bagesturisme.cat\/wp-content\/uploads\/2023\/05\/CA-la-Gracia-2.jpeg","blog-medium-width":152,"blog-medium-height":202,"recent-posts":"https:\/\/www.bagesturisme.cat\/wp-content\/uploads\/2023\/05\/CA-la-Gracia-2.jpeg","recent-posts-width":331,"recent-posts-height":441,"recent-works-thumbnail":"https:\/\/www.bagesturisme.cat\/wp-content\/uploads\/2023\/05\/CA-la-Gracia-2.jpeg","recent-works-thumbnail-width":50,"recent-works-thumbnail-height":66,"fusion-200":"https:\/\/www.bagesturisme.cat\/wp-content\/uploads\/2023\/05\/CA-la-Gracia-2.jpeg","fusion-200-width":200,"fusion-200-height":267,"fusion-400":"https:\/\/www.bagesturisme.cat\/wp-content\/uploads\/2023\/05\/CA-la-Gracia-2.jpeg","fusion-400-width":400,"fusion-400-height":533,"fusion-600":"https:\/\/www.bagesturisme.cat\/wp-content\/uploads\/2023\/05\/CA-la-Gracia-2.jpeg","fusion-600-width":600,"fusion-600-height":800,"fusion-800":"https:\/\/www.bagesturisme.cat\/wp-content\/uploads\/2023\/05\/CA-la-Gracia-2.jpeg","fusion-800-width":768,"fusion-800-height":1024,"fusion-1200":"https:\/\/www.bagesturisme.cat\/wp-content\/uploads\/2023\/05\/CA-la-Gracia-2.jpeg","fusion-1200-width":768,"fusion-1200-height":1024,"portfolio-full":"https:\/\/www.bagesturisme.cat\/wp-content\/uploads\/2023\/05\/CA-la-Gracia-2.jpeg","portfolio-full-width":300,"portfolio-full-height":400,"portfolio-one":"https:\/\/www.bagesturisme.cat\/wp-content\/uploads\/2023\/05\/CA-la-Gracia-2.jpeg","portfolio-one-width":204,"portfolio-one-height":272,"portfolio-two":"https:\/\/www.bagesturisme.cat\/wp-content\/uploads\/2023\/05\/CA-la-Gracia-2.jpeg","portfolio-two-width":221,"portfolio-two-height":295,"portfolio-three":"https:\/\/www.bagesturisme.cat\/wp-content\/uploads\/2023\/05\/CA-la-Gracia-2.jpeg","portfolio-three-width":161,"portfolio-three-height":214,"portfolio-five":"https:\/\/www.bagesturisme.cat\/wp-content\/uploads\/2023\/05\/CA-la-Gracia-2.jpeg","portfolio-five-width":107,"portfolio-five-height":142}},{"ID":12849,"id":12849,"title":"Ca la gr\u00e0cia","filename":"Ca-la-gracia-scaled.jpeg","filesize":897790,"url":"https:\/\/www.bagesturisme.cat\/wp-content\/uploads\/2023\/05\/Ca-la-gracia-scaled.jpeg","link":"https:\/\/www.bagesturisme.cat\/es\/allotjament\/ca-la-gracia\/ca-la-gracia-3\/","alt":"","author":"3","description":"","caption":"","name":"ca-la-gracia-3","status":"inherit","uploaded_to":12834,"date":"2023-05-25 10:13:10","modified":"2023-05-25 10:13:10","menu_order":0,"mime_type":"image\/jpeg","type":"image","subtype":"jpeg","icon":"https:\/\/www.bagesturisme.cat\/wp-includes\/images\/media\/default.png","width":2560,"height":1920,"sizes":{"thumbnail":"https:\/\/www.bagesturisme.cat\/wp-content\/uploads\/2023\/05\/Ca-la-gracia-150x150.jpeg","thumbnail-width":150,"thumbnail-height":150,"medium":"https:\/\/www.bagesturisme.cat\/wp-content\/uploads\/2023\/05\/Ca-la-gracia-533x400.jpeg","medium-width":533,"medium-height":400,"medium_large":"https:\/\/www.bagesturisme.cat\/wp-content\/uploads\/2023\/05\/Ca-la-gracia-768x576.jpeg","medium_large-width":768,"medium_large-height":576,"large":"https:\/\/www.bagesturisme.cat\/wp-content\/uploads\/2023\/05\/Ca-la-gracia-1280x960.jpeg","large-width":1170,"large-height":878,"1536x1536":"https:\/\/www.bagesturisme.cat\/wp-content\/uploads\/2023\/05\/Ca-la-gracia-1536x1152.jpeg","1536x1536-width":1536,"1536x1536-height":1152,"2048x2048":"https:\/\/www.bagesturisme.cat\/wp-content\/uploads\/2023\/05\/Ca-la-gracia-2048x1536.jpeg","2048x2048-width":2048,"2048x2048-height":1536,"blog-large":"https:\/\/www.bagesturisme.cat\/wp-content\/uploads\/2023\/05\/Ca-la-gracia-scaled.jpeg","blog-large-width":363,"blog-large-height":272,"blog-medium":"https:\/\/www.bagesturisme.cat\/wp-content\/uploads\/2023\/05\/Ca-la-gracia-scaled.jpeg","blog-medium-width":269,"blog-medium-height":202,"recent-posts":"https:\/\/www.bagesturisme.cat\/wp-content\/uploads\/2023\/05\/Ca-la-gracia-scaled.jpeg","recent-posts-width":588,"recent-posts-height":441,"recent-works-thumbnail":"https:\/\/www.bagesturisme.cat\/wp-content\/uploads\/2023\/05\/Ca-la-gracia-scaled.jpeg","recent-works-thumbnail-width":66,"recent-works-thumbnail-height":50,"fusion-200":"https:\/\/www.bagesturisme.cat\/wp-content\/uploads\/2023\/05\/Ca-la-gracia-scaled.jpeg","fusion-200-width":200,"fusion-200-height":150,"fusion-400":"https:\/\/www.bagesturisme.cat\/wp-content\/uploads\/2023\/05\/Ca-la-gracia-scaled.jpeg","fusion-400-width":400,"fusion-400-height":300,"fusion-600":"https:\/\/www.bagesturisme.cat\/wp-content\/uploads\/2023\/05\/Ca-la-gracia-scaled.jpeg","fusion-600-width":600,"fusion-600-height":450,"fusion-800":"https:\/\/www.bagesturisme.cat\/wp-content\/uploads\/2023\/05\/Ca-la-gracia-scaled.jpeg","fusion-800-width":800,"fusion-800-height":600,"fusion-1200":"https:\/\/www.bagesturisme.cat\/wp-content\/uploads\/2023\/05\/Ca-la-gracia-scaled.jpeg","fusion-1200-width":1200,"fusion-1200-height":900,"portfolio-full":"https:\/\/www.bagesturisme.cat\/wp-content\/uploads\/2023\/05\/Ca-la-gracia-scaled.jpeg","portfolio-full-width":533,"portfolio-full-height":400,"portfolio-one":"https:\/\/www.bagesturisme.cat\/wp-content\/uploads\/2023\/05\/Ca-la-gracia-scaled.jpeg","portfolio-one-width":363,"portfolio-one-height":272,"portfolio-two":"https:\/\/www.bagesturisme.cat\/wp-content\/uploads\/2023\/05\/Ca-la-gracia-scaled.jpeg","portfolio-two-width":393,"portfolio-two-height":295,"portfolio-three":"https:\/\/www.bagesturisme.cat\/wp-content\/uploads\/2023\/05\/Ca-la-gracia-scaled.jpeg","portfolio-three-width":285,"portfolio-three-height":214,"portfolio-five":"https:\/\/www.bagesturisme.cat\/wp-content\/uploads\/2023\/05\/Ca-la-gracia-scaled.jpeg","portfolio-five-width":177,"portfolio-five-height":133}}],"adreca":"La Pla\u00e7a, 5, 08650 Cabrianes","web":"http:\/\/www.calagracia.com","email":"hola@calagracia.com","tel":"670700846","ubicacio":false},"_links":{"self":[{"href":"https:\/\/www.bagesturisme.cat\/es\/wp-json\/wp\/v2\/allotjament\/12834","targetHints":{"allow":["GET"]}}],"collection":[{"href":"https:\/\/www.bagesturisme.cat\/es\/wp-json\/wp\/v2\/allotjament"}],"about":[{"href":"https:\/\/www.bagesturisme.cat\/es\/wp-json\/wp\/v2\/types\/allotjament"}],"author":[{"embeddable":true,"href":"https:\/\/www.bagesturisme.cat\/es\/wp-json\/wp\/v2\/users\/24"}],"version-history":[{"count":5,"href":"https:\/\/www.bagesturisme.cat\/es\/wp-json\/wp\/v2\/allotjament\/12834\/revisions"}],"predecessor-version":[{"id":12851,"href":"https:\/\/www.bagesturisme.cat\/es\/wp-json\/wp\/v2\/allotjament\/12834\/revisions\/12851"}],"wp:featuredmedia":[{"embeddable":true,"href":"https:\/\/www.bagesturisme.cat\/es\/wp-json\/wp\/v2\/media\/12849"}],"wp:attachment":[{"href":"https:\/\/www.bagesturisme.cat\/es\/wp-json\/wp\/v2\/media?parent=12834"}],"curies":[{"name":"wp","href":"https:\/\/api.w.org\/{rel}","templated":true}]}}