{"id":10641,"date":"2021-12-30T09:03:18","date_gmt":"2021-12-30T08:03:18","guid":{"rendered":"https:\/\/bagesturisme.cat\/?post_type=allotjament&#038;p=10641"},"modified":"2022-03-29T11:02:41","modified_gmt":"2022-03-29T10:02:41","slug":"la-vila","status":"publish","type":"allotjament","link":"https:\/\/www.bagesturisme.cat\/es\/allotjament\/la-vila\/","title":{"rendered":"La Vila"},"content":{"rendered":"<pre id=\"tw-target-text\" class=\"tw-data-text tw-text-large tw-ta\" dir=\"ltr\" data-placeholder=\"Traducci\u00f3\"><span class=\"Y2IQFc\" lang=\"es\">La Villa de Argen\u00e7ola es un alojamiento situado en Castellnou de Bages.\r\n\r\nMas\u00eda totalmente aislada rodeada de campos y bosques, con buen acceso por carretera esfaltada y cercana a un arroyo.\r\n\r\nDispone de dos apartamentos, los Lagos (8 plazas) y Les Fonts (6 plazas). \r\nTiene todos los servicios, ba\u00f1o en las habitaciones, chimenea, cocina equipada y un jard\u00edn con barbacoa y huerto ecol\u00f3gico.\r\n\r\n\r\nMas\u00eda situada en el Valle de Argen\u00e7ola, marca impulsada por el Ayuntamiento de Castellnou de Bages, para unir en una estrategia com\u00fan las \r\niniciativas tur\u00edsticas de este singular lugar. \r\nEl valle de Argen\u00e7ola, documentado desde el s. X, est\u00e1 situada al norte del municipio de Castellnou de Bages. \r\nEl valle sigue el curso de la riera de Tordell (tambi\u00e9n conocida como riera de Argen\u00e7ola) hasta desembocar en el r\u00edo Cardener, en S\u00faria. \r\nEn su trayecto nos deja un bello paisaje en medio de bosques, cultivos, casas de pay\u00e9s y lugares de inter\u00e9s cultural y patrimonial.\r\n\r\nActualmente tres establecimientos de turismo rural se unen bajo la marca Vall d\u00b4Argen\u00e7ola. \r\nLa Villa, un para\u00edso rom\u00e1ntico. Situada en el sitio hist\u00f3rico de Argen\u00e7ola, est\u00e1 acompa\u00f1ada por la iglesia de Santa Eulalia. \r\nLa villa es un sue\u00f1o rom\u00e1ntico creado a principios del s. XX por el industrial barcelon\u00e9s Manuel Saladrigas e inspirado en el mundo wagneriano.<\/span><\/pre>","protected":false},"author":14,"featured_media":11081,"template":"","class_list":["post-10641","allotjament","type-allotjament","status-publish","has-post-thumbnail","hentry","municipi-castellnou-de-bages","tipus-allotjament-turisme-rural"],"acf":{"galeria":[{"ID":11081,"id":11081,"title":"vila argen\u00e7ola","filename":"vila-argencola.jpg","filesize":214096,"url":"https:\/\/www.bagesturisme.cat\/wp-content\/uploads\/2021\/12\/vila-argencola.jpg","link":"https:\/\/www.bagesturisme.cat\/es\/allotjament\/la-vila\/vila-argencola\/","alt":"","author":"3","description":"","caption":"","name":"vila-argencola","status":"inherit","uploaded_to":10641,"date":"2022-03-29 10:00:58","modified":"2022-03-29 10:01:04","menu_order":0,"mime_type":"image\/jpeg","type":"image","subtype":"jpeg","icon":"https:\/\/www.bagesturisme.cat\/wp-includes\/images\/media\/default.png","width":1080,"height":608,"sizes":{"thumbnail":"https:\/\/www.bagesturisme.cat\/wp-content\/uploads\/2021\/12\/vila-argencola-150x150.jpg","thumbnail-width":150,"thumbnail-height":150,"medium":"https:\/\/www.bagesturisme.cat\/wp-content\/uploads\/2021\/12\/vila-argencola-711x400.jpg","medium-width":711,"medium-height":400,"medium_large":"https:\/\/www.bagesturisme.cat\/wp-content\/uploads\/2021\/12\/vila-argencola-768x432.jpg","medium_large-width":768,"medium_large-height":432,"large":"https:\/\/www.bagesturisme.cat\/wp-content\/uploads\/2021\/12\/vila-argencola.jpg","large-width":1080,"large-height":608,"1536x1536":"https:\/\/www.bagesturisme.cat\/wp-content\/uploads\/2021\/12\/vila-argencola.jpg","1536x1536-width":1080,"1536x1536-height":608,"2048x2048":"https:\/\/www.bagesturisme.cat\/wp-content\/uploads\/2021\/12\/vila-argencola.jpg","2048x2048-width":1080,"2048x2048-height":608,"blog-large":"https:\/\/www.bagesturisme.cat\/wp-content\/uploads\/2021\/12\/vila-argencola.jpg","blog-large-width":483,"blog-large-height":272,"blog-medium":"https:\/\/www.bagesturisme.cat\/wp-content\/uploads\/2021\/12\/vila-argencola.jpg","blog-medium-width":320,"blog-medium-height":180,"recent-posts":"https:\/\/www.bagesturisme.cat\/wp-content\/uploads\/2021\/12\/vila-argencola.jpg","recent-posts-width":700,"recent-posts-height":394,"recent-works-thumbnail":"https:\/\/www.bagesturisme.cat\/wp-content\/uploads\/2021\/12\/vila-argencola.jpg","recent-works-thumbnail-width":66,"recent-works-thumbnail-height":37,"fusion-200":"https:\/\/www.bagesturisme.cat\/wp-content\/uploads\/2021\/12\/vila-argencola.jpg","fusion-200-width":200,"fusion-200-height":113,"fusion-400":"https:\/\/www.bagesturisme.cat\/wp-content\/uploads\/2021\/12\/vila-argencola.jpg","fusion-400-width":400,"fusion-400-height":225,"fusion-600":"https:\/\/www.bagesturisme.cat\/wp-content\/uploads\/2021\/12\/vila-argencola.jpg","fusion-600-width":600,"fusion-600-height":338,"fusion-800":"https:\/\/www.bagesturisme.cat\/wp-content\/uploads\/2021\/12\/vila-argencola.jpg","fusion-800-width":800,"fusion-800-height":450,"fusion-1200":"https:\/\/www.bagesturisme.cat\/wp-content\/uploads\/2021\/12\/vila-argencola.jpg","fusion-1200-width":1080,"fusion-1200-height":608,"portfolio-full":"https:\/\/www.bagesturisme.cat\/wp-content\/uploads\/2021\/12\/vila-argencola.jpg","portfolio-full-width":711,"portfolio-full-height":400,"portfolio-one":"https:\/\/www.bagesturisme.cat\/wp-content\/uploads\/2021\/12\/vila-argencola.jpg","portfolio-one-width":483,"portfolio-one-height":272,"portfolio-two":"https:\/\/www.bagesturisme.cat\/wp-content\/uploads\/2021\/12\/vila-argencola.jpg","portfolio-two-width":460,"portfolio-two-height":259,"portfolio-three":"https:\/\/www.bagesturisme.cat\/wp-content\/uploads\/2021\/12\/vila-argencola.jpg","portfolio-three-width":300,"portfolio-three-height":169,"portfolio-five":"https:\/\/www.bagesturisme.cat\/wp-content\/uploads\/2021\/12\/vila-argencola.jpg","portfolio-five-width":177,"portfolio-five-height":100}},{"ID":10642,"id":10642,"title":"Argen\u00e7ola","filename":"image3.jpeg","filesize":1813621,"url":"https:\/\/www.bagesturisme.cat\/wp-content\/uploads\/2021\/12\/image3.jpeg","link":"https:\/\/www.bagesturisme.cat\/es\/allotjament\/la-vila\/image3\/","alt":"","author":"3","description":"","caption":"","name":"image3","status":"inherit","uploaded_to":10641,"date":"2021-12-30 08:00:26","modified":"2022-03-29 10:01:31","menu_order":0,"mime_type":"image\/jpeg","type":"image","subtype":"jpeg","icon":"https:\/\/www.bagesturisme.cat\/wp-includes\/images\/media\/default.png","width":1910,"height":1233,"sizes":{"thumbnail":"https:\/\/www.bagesturisme.cat\/wp-content\/uploads\/2021\/12\/image3-150x150.jpeg","thumbnail-width":150,"thumbnail-height":150,"medium":"https:\/\/www.bagesturisme.cat\/wp-content\/uploads\/2021\/12\/image3-620x400.jpeg","medium-width":620,"medium-height":400,"medium_large":"https:\/\/www.bagesturisme.cat\/wp-content\/uploads\/2021\/12\/image3-768x496.jpeg","medium_large-width":768,"medium_large-height":496,"large":"https:\/\/www.bagesturisme.cat\/wp-content\/uploads\/2021\/12\/image3-1280x826.jpeg","large-width":1170,"large-height":755,"1536x1536":"https:\/\/www.bagesturisme.cat\/wp-content\/uploads\/2021\/12\/image3-1536x992.jpeg","1536x1536-width":1536,"1536x1536-height":992,"2048x2048":"https:\/\/www.bagesturisme.cat\/wp-content\/uploads\/2021\/12\/image3.jpeg","2048x2048-width":1910,"2048x2048-height":1233,"blog-large":"https:\/\/www.bagesturisme.cat\/wp-content\/uploads\/2021\/12\/image3.jpeg","blog-large-width":421,"blog-large-height":272,"blog-medium":"https:\/\/www.bagesturisme.cat\/wp-content\/uploads\/2021\/12\/image3.jpeg","blog-medium-width":313,"blog-medium-height":202,"recent-posts":"https:\/\/www.bagesturisme.cat\/wp-content\/uploads\/2021\/12\/image3.jpeg","recent-posts-width":683,"recent-posts-height":441,"recent-works-thumbnail":"https:\/\/www.bagesturisme.cat\/wp-content\/uploads\/2021\/12\/image3.jpeg","recent-works-thumbnail-width":66,"recent-works-thumbnail-height":43,"fusion-200":"https:\/\/www.bagesturisme.cat\/wp-content\/uploads\/2021\/12\/image3.jpeg","fusion-200-width":200,"fusion-200-height":129,"fusion-400":"https:\/\/www.bagesturisme.cat\/wp-content\/uploads\/2021\/12\/image3.jpeg","fusion-400-width":400,"fusion-400-height":258,"fusion-600":"https:\/\/www.bagesturisme.cat\/wp-content\/uploads\/2021\/12\/image3.jpeg","fusion-600-width":600,"fusion-600-height":387,"fusion-800":"https:\/\/www.bagesturisme.cat\/wp-content\/uploads\/2021\/12\/image3.jpeg","fusion-800-width":800,"fusion-800-height":516,"fusion-1200":"https:\/\/www.bagesturisme.cat\/wp-content\/uploads\/2021\/12\/image3.jpeg","fusion-1200-width":1200,"fusion-1200-height":775,"portfolio-full":"https:\/\/www.bagesturisme.cat\/wp-content\/uploads\/2021\/12\/image3.jpeg","portfolio-full-width":620,"portfolio-full-height":400,"portfolio-one":"https:\/\/www.bagesturisme.cat\/wp-content\/uploads\/2021\/12\/image3.jpeg","portfolio-one-width":421,"portfolio-one-height":272,"portfolio-two":"https:\/\/www.bagesturisme.cat\/wp-content\/uploads\/2021\/12\/image3.jpeg","portfolio-two-width":457,"portfolio-two-height":295,"portfolio-three":"https:\/\/www.bagesturisme.cat\/wp-content\/uploads\/2021\/12\/image3.jpeg","portfolio-three-width":300,"portfolio-three-height":194,"portfolio-five":"https:\/\/www.bagesturisme.cat\/wp-content\/uploads\/2021\/12\/image3.jpeg","portfolio-five-width":177,"portfolio-five-height":114}}],"adreca":"Carretera BP 4313 Km 52,4 - Castellnou de Bages (Barcelona)","web":"https:\/\/laviladargensola.business.site\/","email":"","tel":"937 43 32 42 - 0476 50 04 06","ubicacio":false},"_links":{"self":[{"href":"https:\/\/www.bagesturisme.cat\/es\/wp-json\/wp\/v2\/allotjament\/10641","targetHints":{"allow":["GET"]}}],"collection":[{"href":"https:\/\/www.bagesturisme.cat\/es\/wp-json\/wp\/v2\/allotjament"}],"about":[{"href":"https:\/\/www.bagesturisme.cat\/es\/wp-json\/wp\/v2\/types\/allotjament"}],"author":[{"embeddable":true,"href":"https:\/\/www.bagesturisme.cat\/es\/wp-json\/wp\/v2\/users\/14"}],"version-history":[{"count":5,"href":"https:\/\/www.bagesturisme.cat\/es\/wp-json\/wp\/v2\/allotjament\/10641\/revisions"}],"predecessor-version":[{"id":11083,"href":"https:\/\/www.bagesturisme.cat\/es\/wp-json\/wp\/v2\/allotjament\/10641\/revisions\/11083"}],"wp:featuredmedia":[{"embeddable":true,"href":"https:\/\/www.bagesturisme.cat\/es\/wp-json\/wp\/v2\/media\/11081"}],"wp:attachment":[{"href":"https:\/\/www.bagesturisme.cat\/es\/wp-json\/wp\/v2\/media?parent=10641"}],"curies":[{"name":"wp","href":"https:\/\/api.w.org\/{rel}","templated":true}]}}