{"id":10345,"date":"2021-07-30T22:44:46","date_gmt":"2021-07-30T21:44:46","guid":{"rendered":"https:\/\/bagesturisme.cat\/?post_type=allotjament&#038;p=10345"},"modified":"2024-06-05T10:19:28","modified_gmt":"2024-06-05T09:19:28","slug":"masia-can-pla","status":"publish","type":"allotjament","link":"https:\/\/www.bagesturisme.cat\/es\/allotjament\/masia-can-pla\/","title":{"rendered":"Masia Can Pla"},"content":{"rendered":"<strong>La Mas\u00eda de Can Pla\u00a0<\/strong>es una casa de campo situada en Sant Mateu de Bages comarca del Bages, recientemente rehabilitada, conservando sus encantos.<\/p>\n<p>La casa es para 9 personas.<br \/>\nEn los bajos encontramos una entrada espectacular, incorporando en ella una habitaci\u00f3n con un ba\u00f1o y una lavadora para ofrecer m\u00e1s comodidades.<br \/>\nEn la primera planta encontramos las diferentes habitaciones con un aire peculiar cada una de ellas con un nombre propio. Tienen un ba\u00f1o para cada una.<\/p>\n<p>Tambi\u00e9n encontramos una cocina incorporando todos los utensilios necesarios (lavaplatos, vitro, microondas, horno y nevera). Al lado una sala dedicada a una chimenea con unos bancos para pasar largos ratos de invierno. Se observan construcciones dedicadas a la recogida de la vi\u00f1a de a\u00f1os pasados.<\/p>\n<p>Tenemos una terraza imponente para disfrutar de espectaculares vistas a Montserrat, al pueblo y los cultivos de cereales.<\/p>\n<p>La parte de arriba tenemos una sala polivalente para los ni\u00f1os con una habitaci\u00f3n triple y un ba\u00f1o.","protected":false},"author":28,"featured_media":14238,"template":"","class_list":["post-10345","allotjament","type-allotjament","status-publish","has-post-thumbnail","hentry","municipi-sant-mateu-de-bages","tipus-allotjament-turisme-rural"],"acf":{"galeria":[{"ID":14237,"id":14237,"title":"Masia-de-Can-Pla_11","filename":"Masia-de-Can-Pla_11.jpg","filesize":1580394,"url":"https:\/\/www.bagesturisme.cat\/wp-content\/uploads\/2021\/07\/Masia-de-Can-Pla_11.jpg","link":"https:\/\/www.bagesturisme.cat\/es\/allotjament\/masia-can-pla\/masia-de-can-pla_11\/","alt":"","author":"3","description":"","caption":"","name":"masia-de-can-pla_11","status":"inherit","uploaded_to":10345,"date":"2024-06-05 08:49:48","modified":"2024-06-05 08:54:51","menu_order":0,"mime_type":"image\/jpeg","type":"image","subtype":"jpeg","icon":"https:\/\/www.bagesturisme.cat\/wp-includes\/images\/media\/default.png","width":2000,"height":1333,"sizes":{"thumbnail":"https:\/\/www.bagesturisme.cat\/wp-content\/uploads\/2021\/07\/Masia-de-Can-Pla_11-150x150.jpg","thumbnail-width":150,"thumbnail-height":150,"medium":"https:\/\/www.bagesturisme.cat\/wp-content\/uploads\/2021\/07\/Masia-de-Can-Pla_11-600x400.jpg","medium-width":600,"medium-height":400,"medium_large":"https:\/\/www.bagesturisme.cat\/wp-content\/uploads\/2021\/07\/Masia-de-Can-Pla_11-768x512.jpg","medium_large-width":768,"medium_large-height":512,"large":"https:\/\/www.bagesturisme.cat\/wp-content\/uploads\/2021\/07\/Masia-de-Can-Pla_11-1280x853.jpg","large-width":1170,"large-height":780,"1536x1536":"https:\/\/www.bagesturisme.cat\/wp-content\/uploads\/2021\/07\/Masia-de-Can-Pla_11-1536x1024.jpg","1536x1536-width":1536,"1536x1536-height":1024,"2048x2048":"https:\/\/www.bagesturisme.cat\/wp-content\/uploads\/2021\/07\/Masia-de-Can-Pla_11.jpg","2048x2048-width":2000,"2048x2048-height":1333,"blog-large":"https:\/\/www.bagesturisme.cat\/wp-content\/uploads\/2021\/07\/Masia-de-Can-Pla_11.jpg","blog-large-width":408,"blog-large-height":272,"blog-medium":"https:\/\/www.bagesturisme.cat\/wp-content\/uploads\/2021\/07\/Masia-de-Can-Pla_11.jpg","blog-medium-width":303,"blog-medium-height":202,"recent-posts":"https:\/\/www.bagesturisme.cat\/wp-content\/uploads\/2021\/07\/Masia-de-Can-Pla_11.jpg","recent-posts-width":662,"recent-posts-height":441,"recent-works-thumbnail":"https:\/\/www.bagesturisme.cat\/wp-content\/uploads\/2021\/07\/Masia-de-Can-Pla_11.jpg","recent-works-thumbnail-width":66,"recent-works-thumbnail-height":44,"fusion-200":"https:\/\/www.bagesturisme.cat\/wp-content\/uploads\/2021\/07\/Masia-de-Can-Pla_11.jpg","fusion-200-width":200,"fusion-200-height":133,"fusion-400":"https:\/\/www.bagesturisme.cat\/wp-content\/uploads\/2021\/07\/Masia-de-Can-Pla_11.jpg","fusion-400-width":400,"fusion-400-height":267,"fusion-600":"https:\/\/www.bagesturisme.cat\/wp-content\/uploads\/2021\/07\/Masia-de-Can-Pla_11.jpg","fusion-600-width":600,"fusion-600-height":400,"fusion-800":"https:\/\/www.bagesturisme.cat\/wp-content\/uploads\/2021\/07\/Masia-de-Can-Pla_11.jpg","fusion-800-width":800,"fusion-800-height":533,"fusion-1200":"https:\/\/www.bagesturisme.cat\/wp-content\/uploads\/2021\/07\/Masia-de-Can-Pla_11.jpg","fusion-1200-width":1200,"fusion-1200-height":800,"portfolio-full":"https:\/\/www.bagesturisme.cat\/wp-content\/uploads\/2021\/07\/Masia-de-Can-Pla_11.jpg","portfolio-full-width":600,"portfolio-full-height":400,"portfolio-one":"https:\/\/www.bagesturisme.cat\/wp-content\/uploads\/2021\/07\/Masia-de-Can-Pla_11.jpg","portfolio-one-width":408,"portfolio-one-height":272,"portfolio-two":"https:\/\/www.bagesturisme.cat\/wp-content\/uploads\/2021\/07\/Masia-de-Can-Pla_11.jpg","portfolio-two-width":443,"portfolio-two-height":295,"portfolio-three":"https:\/\/www.bagesturisme.cat\/wp-content\/uploads\/2021\/07\/Masia-de-Can-Pla_11.jpg","portfolio-three-width":300,"portfolio-three-height":200,"portfolio-five":"https:\/\/www.bagesturisme.cat\/wp-content\/uploads\/2021\/07\/Masia-de-Can-Pla_11.jpg","portfolio-five-width":177,"portfolio-five-height":118}},{"ID":14239,"id":14239,"title":"Masia-de-Can-Pla_21","filename":"Masia-de-Can-Pla_21.jpg","filesize":2059821,"url":"https:\/\/www.bagesturisme.cat\/wp-content\/uploads\/2021\/07\/Masia-de-Can-Pla_21.jpg","link":"https:\/\/www.bagesturisme.cat\/es\/allotjament\/masia-can-pla\/masia-de-can-pla_21\/","alt":"","author":"3","description":"","caption":"","name":"masia-de-can-pla_21","status":"inherit","uploaded_to":10345,"date":"2024-06-05 08:51:37","modified":"2024-06-05 08:51:37","menu_order":0,"mime_type":"image\/jpeg","type":"image","subtype":"jpeg","icon":"https:\/\/www.bagesturisme.cat\/wp-includes\/images\/media\/default.png","width":2000,"height":1333,"sizes":{"thumbnail":"https:\/\/www.bagesturisme.cat\/wp-content\/uploads\/2021\/07\/Masia-de-Can-Pla_21-150x150.jpg","thumbnail-width":150,"thumbnail-height":150,"medium":"https:\/\/www.bagesturisme.cat\/wp-content\/uploads\/2021\/07\/Masia-de-Can-Pla_21-600x400.jpg","medium-width":600,"medium-height":400,"medium_large":"https:\/\/www.bagesturisme.cat\/wp-content\/uploads\/2021\/07\/Masia-de-Can-Pla_21-768x512.jpg","medium_large-width":768,"medium_large-height":512,"large":"https:\/\/www.bagesturisme.cat\/wp-content\/uploads\/2021\/07\/Masia-de-Can-Pla_21-1280x853.jpg","large-width":1170,"large-height":780,"1536x1536":"https:\/\/www.bagesturisme.cat\/wp-content\/uploads\/2021\/07\/Masia-de-Can-Pla_21-1536x1024.jpg","1536x1536-width":1536,"1536x1536-height":1024,"2048x2048":"https:\/\/www.bagesturisme.cat\/wp-content\/uploads\/2021\/07\/Masia-de-Can-Pla_21.jpg","2048x2048-width":2000,"2048x2048-height":1333,"blog-large":"https:\/\/www.bagesturisme.cat\/wp-content\/uploads\/2021\/07\/Masia-de-Can-Pla_21.jpg","blog-large-width":408,"blog-large-height":272,"blog-medium":"https:\/\/www.bagesturisme.cat\/wp-content\/uploads\/2021\/07\/Masia-de-Can-Pla_21.jpg","blog-medium-width":303,"blog-medium-height":202,"recent-posts":"https:\/\/www.bagesturisme.cat\/wp-content\/uploads\/2021\/07\/Masia-de-Can-Pla_21.jpg","recent-posts-width":662,"recent-posts-height":441,"recent-works-thumbnail":"https:\/\/www.bagesturisme.cat\/wp-content\/uploads\/2021\/07\/Masia-de-Can-Pla_21.jpg","recent-works-thumbnail-width":66,"recent-works-thumbnail-height":44,"fusion-200":"https:\/\/www.bagesturisme.cat\/wp-content\/uploads\/2021\/07\/Masia-de-Can-Pla_21.jpg","fusion-200-width":200,"fusion-200-height":133,"fusion-400":"https:\/\/www.bagesturisme.cat\/wp-content\/uploads\/2021\/07\/Masia-de-Can-Pla_21.jpg","fusion-400-width":400,"fusion-400-height":267,"fusion-600":"https:\/\/www.bagesturisme.cat\/wp-content\/uploads\/2021\/07\/Masia-de-Can-Pla_21.jpg","fusion-600-width":600,"fusion-600-height":400,"fusion-800":"https:\/\/www.bagesturisme.cat\/wp-content\/uploads\/2021\/07\/Masia-de-Can-Pla_21.jpg","fusion-800-width":800,"fusion-800-height":533,"fusion-1200":"https:\/\/www.bagesturisme.cat\/wp-content\/uploads\/2021\/07\/Masia-de-Can-Pla_21.jpg","fusion-1200-width":1200,"fusion-1200-height":800,"portfolio-full":"https:\/\/www.bagesturisme.cat\/wp-content\/uploads\/2021\/07\/Masia-de-Can-Pla_21.jpg","portfolio-full-width":600,"portfolio-full-height":400,"portfolio-one":"https:\/\/www.bagesturisme.cat\/wp-content\/uploads\/2021\/07\/Masia-de-Can-Pla_21.jpg","portfolio-one-width":408,"portfolio-one-height":272,"portfolio-two":"https:\/\/www.bagesturisme.cat\/wp-content\/uploads\/2021\/07\/Masia-de-Can-Pla_21.jpg","portfolio-two-width":443,"portfolio-two-height":295,"portfolio-three":"https:\/\/www.bagesturisme.cat\/wp-content\/uploads\/2021\/07\/Masia-de-Can-Pla_21.jpg","portfolio-three-width":300,"portfolio-three-height":200,"portfolio-five":"https:\/\/www.bagesturisme.cat\/wp-content\/uploads\/2021\/07\/Masia-de-Can-Pla_21.jpg","portfolio-five-width":177,"portfolio-five-height":118}},{"ID":14249,"id":14249,"title":"Masia-de-Can-Pla_8","filename":"Masia-de-Can-Pla_8.jpg","filesize":1432688,"url":"https:\/\/www.bagesturisme.cat\/wp-content\/uploads\/2021\/07\/Masia-de-Can-Pla_8.jpg","link":"https:\/\/www.bagesturisme.cat\/es\/allotjament\/masia-can-pla\/masia-de-can-pla_8\/","alt":"","author":"3","description":"","caption":"","name":"masia-de-can-pla_8","status":"inherit","uploaded_to":10345,"date":"2024-06-05 08:58:18","modified":"2024-06-05 08:58:26","menu_order":0,"mime_type":"image\/jpeg","type":"image","subtype":"jpeg","icon":"https:\/\/www.bagesturisme.cat\/wp-includes\/images\/media\/default.png","width":2000,"height":1337,"sizes":{"thumbnail":"https:\/\/www.bagesturisme.cat\/wp-content\/uploads\/2021\/07\/Masia-de-Can-Pla_8-150x150.jpg","thumbnail-width":150,"thumbnail-height":150,"medium":"https:\/\/www.bagesturisme.cat\/wp-content\/uploads\/2021\/07\/Masia-de-Can-Pla_8-598x400.jpg","medium-width":598,"medium-height":400,"medium_large":"https:\/\/www.bagesturisme.cat\/wp-content\/uploads\/2021\/07\/Masia-de-Can-Pla_8-768x513.jpg","medium_large-width":768,"medium_large-height":513,"large":"https:\/\/www.bagesturisme.cat\/wp-content\/uploads\/2021\/07\/Masia-de-Can-Pla_8-1280x856.jpg","large-width":1170,"large-height":782,"1536x1536":"https:\/\/www.bagesturisme.cat\/wp-content\/uploads\/2021\/07\/Masia-de-Can-Pla_8-1536x1027.jpg","1536x1536-width":1536,"1536x1536-height":1027,"2048x2048":"https:\/\/www.bagesturisme.cat\/wp-content\/uploads\/2021\/07\/Masia-de-Can-Pla_8.jpg","2048x2048-width":2000,"2048x2048-height":1337,"blog-large":"https:\/\/www.bagesturisme.cat\/wp-content\/uploads\/2021\/07\/Masia-de-Can-Pla_8.jpg","blog-large-width":407,"blog-large-height":272,"blog-medium":"https:\/\/www.bagesturisme.cat\/wp-content\/uploads\/2021\/07\/Masia-de-Can-Pla_8.jpg","blog-medium-width":302,"blog-medium-height":202,"recent-posts":"https:\/\/www.bagesturisme.cat\/wp-content\/uploads\/2021\/07\/Masia-de-Can-Pla_8.jpg","recent-posts-width":660,"recent-posts-height":441,"recent-works-thumbnail":"https:\/\/www.bagesturisme.cat\/wp-content\/uploads\/2021\/07\/Masia-de-Can-Pla_8.jpg","recent-works-thumbnail-width":66,"recent-works-thumbnail-height":44,"fusion-200":"https:\/\/www.bagesturisme.cat\/wp-content\/uploads\/2021\/07\/Masia-de-Can-Pla_8.jpg","fusion-200-width":200,"fusion-200-height":134,"fusion-400":"https:\/\/www.bagesturisme.cat\/wp-content\/uploads\/2021\/07\/Masia-de-Can-Pla_8.jpg","fusion-400-width":400,"fusion-400-height":267,"fusion-600":"https:\/\/www.bagesturisme.cat\/wp-content\/uploads\/2021\/07\/Masia-de-Can-Pla_8.jpg","fusion-600-width":600,"fusion-600-height":401,"fusion-800":"https:\/\/www.bagesturisme.cat\/wp-content\/uploads\/2021\/07\/Masia-de-Can-Pla_8.jpg","fusion-800-width":800,"fusion-800-height":535,"fusion-1200":"https:\/\/www.bagesturisme.cat\/wp-content\/uploads\/2021\/07\/Masia-de-Can-Pla_8.jpg","fusion-1200-width":1200,"fusion-1200-height":802,"portfolio-full":"https:\/\/www.bagesturisme.cat\/wp-content\/uploads\/2021\/07\/Masia-de-Can-Pla_8.jpg","portfolio-full-width":598,"portfolio-full-height":400,"portfolio-one":"https:\/\/www.bagesturisme.cat\/wp-content\/uploads\/2021\/07\/Masia-de-Can-Pla_8.jpg","portfolio-one-width":407,"portfolio-one-height":272,"portfolio-two":"https:\/\/www.bagesturisme.cat\/wp-content\/uploads\/2021\/07\/Masia-de-Can-Pla_8.jpg","portfolio-two-width":441,"portfolio-two-height":295,"portfolio-three":"https:\/\/www.bagesturisme.cat\/wp-content\/uploads\/2021\/07\/Masia-de-Can-Pla_8.jpg","portfolio-three-width":300,"portfolio-three-height":201,"portfolio-five":"https:\/\/www.bagesturisme.cat\/wp-content\/uploads\/2021\/07\/Masia-de-Can-Pla_8.jpg","portfolio-five-width":177,"portfolio-five-height":118}},{"ID":14241,"id":14241,"title":"Masia-de-Can-Pla_28","filename":"Masia-de-Can-Pla_28.jpg","filesize":1983385,"url":"https:\/\/www.bagesturisme.cat\/wp-content\/uploads\/2021\/07\/Masia-de-Can-Pla_28.jpg","link":"https:\/\/www.bagesturisme.cat\/es\/allotjament\/masia-can-pla\/masia-de-can-pla_28\/","alt":"","author":"3","description":"","caption":"","name":"masia-de-can-pla_28","status":"inherit","uploaded_to":10345,"date":"2024-06-05 08:53:01","modified":"2024-06-05 08:53:01","menu_order":0,"mime_type":"image\/jpeg","type":"image","subtype":"jpeg","icon":"https:\/\/www.bagesturisme.cat\/wp-includes\/images\/media\/default.png","width":2000,"height":1338,"sizes":{"thumbnail":"https:\/\/www.bagesturisme.cat\/wp-content\/uploads\/2021\/07\/Masia-de-Can-Pla_28-150x150.jpg","thumbnail-width":150,"thumbnail-height":150,"medium":"https:\/\/www.bagesturisme.cat\/wp-content\/uploads\/2021\/07\/Masia-de-Can-Pla_28-598x400.jpg","medium-width":598,"medium-height":400,"medium_large":"https:\/\/www.bagesturisme.cat\/wp-content\/uploads\/2021\/07\/Masia-de-Can-Pla_28-768x514.jpg","medium_large-width":768,"medium_large-height":514,"large":"https:\/\/www.bagesturisme.cat\/wp-content\/uploads\/2021\/07\/Masia-de-Can-Pla_28-1280x856.jpg","large-width":1170,"large-height":782,"1536x1536":"https:\/\/www.bagesturisme.cat\/wp-content\/uploads\/2021\/07\/Masia-de-Can-Pla_28-1536x1028.jpg","1536x1536-width":1536,"1536x1536-height":1028,"2048x2048":"https:\/\/www.bagesturisme.cat\/wp-content\/uploads\/2021\/07\/Masia-de-Can-Pla_28.jpg","2048x2048-width":2000,"2048x2048-height":1338,"blog-large":"https:\/\/www.bagesturisme.cat\/wp-content\/uploads\/2021\/07\/Masia-de-Can-Pla_28.jpg","blog-large-width":407,"blog-large-height":272,"blog-medium":"https:\/\/www.bagesturisme.cat\/wp-content\/uploads\/2021\/07\/Masia-de-Can-Pla_28.jpg","blog-medium-width":302,"blog-medium-height":202,"recent-posts":"https:\/\/www.bagesturisme.cat\/wp-content\/uploads\/2021\/07\/Masia-de-Can-Pla_28.jpg","recent-posts-width":659,"recent-posts-height":441,"recent-works-thumbnail":"https:\/\/www.bagesturisme.cat\/wp-content\/uploads\/2021\/07\/Masia-de-Can-Pla_28.jpg","recent-works-thumbnail-width":66,"recent-works-thumbnail-height":44,"fusion-200":"https:\/\/www.bagesturisme.cat\/wp-content\/uploads\/2021\/07\/Masia-de-Can-Pla_28.jpg","fusion-200-width":200,"fusion-200-height":134,"fusion-400":"https:\/\/www.bagesturisme.cat\/wp-content\/uploads\/2021\/07\/Masia-de-Can-Pla_28.jpg","fusion-400-width":400,"fusion-400-height":268,"fusion-600":"https:\/\/www.bagesturisme.cat\/wp-content\/uploads\/2021\/07\/Masia-de-Can-Pla_28.jpg","fusion-600-width":600,"fusion-600-height":401,"fusion-800":"https:\/\/www.bagesturisme.cat\/wp-content\/uploads\/2021\/07\/Masia-de-Can-Pla_28.jpg","fusion-800-width":800,"fusion-800-height":535,"fusion-1200":"https:\/\/www.bagesturisme.cat\/wp-content\/uploads\/2021\/07\/Masia-de-Can-Pla_28.jpg","fusion-1200-width":1200,"fusion-1200-height":803,"portfolio-full":"https:\/\/www.bagesturisme.cat\/wp-content\/uploads\/2021\/07\/Masia-de-Can-Pla_28.jpg","portfolio-full-width":598,"portfolio-full-height":400,"portfolio-one":"https:\/\/www.bagesturisme.cat\/wp-content\/uploads\/2021\/07\/Masia-de-Can-Pla_28.jpg","portfolio-one-width":407,"portfolio-one-height":272,"portfolio-two":"https:\/\/www.bagesturisme.cat\/wp-content\/uploads\/2021\/07\/Masia-de-Can-Pla_28.jpg","portfolio-two-width":441,"portfolio-two-height":295,"portfolio-three":"https:\/\/www.bagesturisme.cat\/wp-content\/uploads\/2021\/07\/Masia-de-Can-Pla_28.jpg","portfolio-three-width":300,"portfolio-three-height":201,"portfolio-five":"https:\/\/www.bagesturisme.cat\/wp-content\/uploads\/2021\/07\/Masia-de-Can-Pla_28.jpg","portfolio-five-width":177,"portfolio-five-height":118}},{"ID":14244,"id":14244,"title":"Masia-de-Can-Pla_6","filename":"Masia-de-Can-Pla_6.jpg","filesize":1563368,"url":"https:\/\/www.bagesturisme.cat\/wp-content\/uploads\/2021\/07\/Masia-de-Can-Pla_6.jpg","link":"https:\/\/www.bagesturisme.cat\/es\/allotjament\/masia-can-pla\/masia-de-can-pla_6\/","alt":"","author":"3","description":"","caption":"","name":"masia-de-can-pla_6","status":"inherit","uploaded_to":10345,"date":"2024-06-05 08:54:39","modified":"2024-06-05 08:54:39","menu_order":0,"mime_type":"image\/jpeg","type":"image","subtype":"jpeg","icon":"https:\/\/www.bagesturisme.cat\/wp-includes\/images\/media\/default.png","width":2000,"height":1333,"sizes":{"thumbnail":"https:\/\/www.bagesturisme.cat\/wp-content\/uploads\/2021\/07\/Masia-de-Can-Pla_6-150x150.jpg","thumbnail-width":150,"thumbnail-height":150,"medium":"https:\/\/www.bagesturisme.cat\/wp-content\/uploads\/2021\/07\/Masia-de-Can-Pla_6-600x400.jpg","medium-width":600,"medium-height":400,"medium_large":"https:\/\/www.bagesturisme.cat\/wp-content\/uploads\/2021\/07\/Masia-de-Can-Pla_6-768x512.jpg","medium_large-width":768,"medium_large-height":512,"large":"https:\/\/www.bagesturisme.cat\/wp-content\/uploads\/2021\/07\/Masia-de-Can-Pla_6-1280x853.jpg","large-width":1170,"large-height":780,"1536x1536":"https:\/\/www.bagesturisme.cat\/wp-content\/uploads\/2021\/07\/Masia-de-Can-Pla_6-1536x1024.jpg","1536x1536-width":1536,"1536x1536-height":1024,"2048x2048":"https:\/\/www.bagesturisme.cat\/wp-content\/uploads\/2021\/07\/Masia-de-Can-Pla_6.jpg","2048x2048-width":2000,"2048x2048-height":1333,"blog-large":"https:\/\/www.bagesturisme.cat\/wp-content\/uploads\/2021\/07\/Masia-de-Can-Pla_6.jpg","blog-large-width":408,"blog-large-height":272,"blog-medium":"https:\/\/www.bagesturisme.cat\/wp-content\/uploads\/2021\/07\/Masia-de-Can-Pla_6.jpg","blog-medium-width":303,"blog-medium-height":202,"recent-posts":"https:\/\/www.bagesturisme.cat\/wp-content\/uploads\/2021\/07\/Masia-de-Can-Pla_6.jpg","recent-posts-width":662,"recent-posts-height":441,"recent-works-thumbnail":"https:\/\/www.bagesturisme.cat\/wp-content\/uploads\/2021\/07\/Masia-de-Can-Pla_6.jpg","recent-works-thumbnail-width":66,"recent-works-thumbnail-height":44,"fusion-200":"https:\/\/www.bagesturisme.cat\/wp-content\/uploads\/2021\/07\/Masia-de-Can-Pla_6.jpg","fusion-200-width":200,"fusion-200-height":133,"fusion-400":"https:\/\/www.bagesturisme.cat\/wp-content\/uploads\/2021\/07\/Masia-de-Can-Pla_6.jpg","fusion-400-width":400,"fusion-400-height":267,"fusion-600":"https:\/\/www.bagesturisme.cat\/wp-content\/uploads\/2021\/07\/Masia-de-Can-Pla_6.jpg","fusion-600-width":600,"fusion-600-height":400,"fusion-800":"https:\/\/www.bagesturisme.cat\/wp-content\/uploads\/2021\/07\/Masia-de-Can-Pla_6.jpg","fusion-800-width":800,"fusion-800-height":533,"fusion-1200":"https:\/\/www.bagesturisme.cat\/wp-content\/uploads\/2021\/07\/Masia-de-Can-Pla_6.jpg","fusion-1200-width":1200,"fusion-1200-height":800,"portfolio-full":"https:\/\/www.bagesturisme.cat\/wp-content\/uploads\/2021\/07\/Masia-de-Can-Pla_6.jpg","portfolio-full-width":600,"portfolio-full-height":400,"portfolio-one":"https:\/\/www.bagesturisme.cat\/wp-content\/uploads\/2021\/07\/Masia-de-Can-Pla_6.jpg","portfolio-one-width":408,"portfolio-one-height":272,"portfolio-two":"https:\/\/www.bagesturisme.cat\/wp-content\/uploads\/2021\/07\/Masia-de-Can-Pla_6.jpg","portfolio-two-width":443,"portfolio-two-height":295,"portfolio-three":"https:\/\/www.bagesturisme.cat\/wp-content\/uploads\/2021\/07\/Masia-de-Can-Pla_6.jpg","portfolio-three-width":300,"portfolio-three-height":200,"portfolio-five":"https:\/\/www.bagesturisme.cat\/wp-content\/uploads\/2021\/07\/Masia-de-Can-Pla_6.jpg","portfolio-five-width":177,"portfolio-five-height":118}},{"ID":14238,"id":14238,"title":"Masia-de-Can-Pla_13","filename":"Masia-de-Can-Pla_13.jpg","filesize":2190989,"url":"https:\/\/www.bagesturisme.cat\/wp-content\/uploads\/2021\/07\/Masia-de-Can-Pla_13.jpg","link":"https:\/\/www.bagesturisme.cat\/es\/allotjament\/masia-can-pla\/masia-de-can-pla_13\/","alt":"","author":"3","description":"","caption":"","name":"masia-de-can-pla_13","status":"inherit","uploaded_to":10345,"date":"2024-06-05 08:49:52","modified":"2024-06-05 08:49:52","menu_order":0,"mime_type":"image\/jpeg","type":"image","subtype":"jpeg","icon":"https:\/\/www.bagesturisme.cat\/wp-includes\/images\/media\/default.png","width":2000,"height":1333,"sizes":{"thumbnail":"https:\/\/www.bagesturisme.cat\/wp-content\/uploads\/2021\/07\/Masia-de-Can-Pla_13-150x150.jpg","thumbnail-width":150,"thumbnail-height":150,"medium":"https:\/\/www.bagesturisme.cat\/wp-content\/uploads\/2021\/07\/Masia-de-Can-Pla_13-600x400.jpg","medium-width":600,"medium-height":400,"medium_large":"https:\/\/www.bagesturisme.cat\/wp-content\/uploads\/2021\/07\/Masia-de-Can-Pla_13-768x512.jpg","medium_large-width":768,"medium_large-height":512,"large":"https:\/\/www.bagesturisme.cat\/wp-content\/uploads\/2021\/07\/Masia-de-Can-Pla_13-1280x853.jpg","large-width":1170,"large-height":780,"1536x1536":"https:\/\/www.bagesturisme.cat\/wp-content\/uploads\/2021\/07\/Masia-de-Can-Pla_13-1536x1024.jpg","1536x1536-width":1536,"1536x1536-height":1024,"2048x2048":"https:\/\/www.bagesturisme.cat\/wp-content\/uploads\/2021\/07\/Masia-de-Can-Pla_13.jpg","2048x2048-width":2000,"2048x2048-height":1333,"blog-large":"https:\/\/www.bagesturisme.cat\/wp-content\/uploads\/2021\/07\/Masia-de-Can-Pla_13.jpg","blog-large-width":408,"blog-large-height":272,"blog-medium":"https:\/\/www.bagesturisme.cat\/wp-content\/uploads\/2021\/07\/Masia-de-Can-Pla_13.jpg","blog-medium-width":303,"blog-medium-height":202,"recent-posts":"https:\/\/www.bagesturisme.cat\/wp-content\/uploads\/2021\/07\/Masia-de-Can-Pla_13.jpg","recent-posts-width":662,"recent-posts-height":441,"recent-works-thumbnail":"https:\/\/www.bagesturisme.cat\/wp-content\/uploads\/2021\/07\/Masia-de-Can-Pla_13.jpg","recent-works-thumbnail-width":66,"recent-works-thumbnail-height":44,"fusion-200":"https:\/\/www.bagesturisme.cat\/wp-content\/uploads\/2021\/07\/Masia-de-Can-Pla_13.jpg","fusion-200-width":200,"fusion-200-height":133,"fusion-400":"https:\/\/www.bagesturisme.cat\/wp-content\/uploads\/2021\/07\/Masia-de-Can-Pla_13.jpg","fusion-400-width":400,"fusion-400-height":267,"fusion-600":"https:\/\/www.bagesturisme.cat\/wp-content\/uploads\/2021\/07\/Masia-de-Can-Pla_13.jpg","fusion-600-width":600,"fusion-600-height":400,"fusion-800":"https:\/\/www.bagesturisme.cat\/wp-content\/uploads\/2021\/07\/Masia-de-Can-Pla_13.jpg","fusion-800-width":800,"fusion-800-height":533,"fusion-1200":"https:\/\/www.bagesturisme.cat\/wp-content\/uploads\/2021\/07\/Masia-de-Can-Pla_13.jpg","fusion-1200-width":1200,"fusion-1200-height":800,"portfolio-full":"https:\/\/www.bagesturisme.cat\/wp-content\/uploads\/2021\/07\/Masia-de-Can-Pla_13.jpg","portfolio-full-width":600,"portfolio-full-height":400,"portfolio-one":"https:\/\/www.bagesturisme.cat\/wp-content\/uploads\/2021\/07\/Masia-de-Can-Pla_13.jpg","portfolio-one-width":408,"portfolio-one-height":272,"portfolio-two":"https:\/\/www.bagesturisme.cat\/wp-content\/uploads\/2021\/07\/Masia-de-Can-Pla_13.jpg","portfolio-two-width":443,"portfolio-two-height":295,"portfolio-three":"https:\/\/www.bagesturisme.cat\/wp-content\/uploads\/2021\/07\/Masia-de-Can-Pla_13.jpg","portfolio-three-width":300,"portfolio-three-height":200,"portfolio-five":"https:\/\/www.bagesturisme.cat\/wp-content\/uploads\/2021\/07\/Masia-de-Can-Pla_13.jpg","portfolio-five-width":177,"portfolio-five-height":118}},{"ID":14242,"id":14242,"title":"Masia-de-Can-Pla_14","filename":"Masia-de-Can-Pla_14.jpg","filesize":1092480,"url":"https:\/\/www.bagesturisme.cat\/wp-content\/uploads\/2021\/07\/Masia-de-Can-Pla_14.jpg","link":"https:\/\/www.bagesturisme.cat\/es\/allotjament\/masia-can-pla\/masia-de-can-pla_14\/","alt":"","author":"3","description":"","caption":"","name":"masia-de-can-pla_14","status":"inherit","uploaded_to":10345,"date":"2024-06-05 08:53:55","modified":"2024-06-05 08:53:55","menu_order":0,"mime_type":"image\/jpeg","type":"image","subtype":"jpeg","icon":"https:\/\/www.bagesturisme.cat\/wp-includes\/images\/media\/default.png","width":2000,"height":1333,"sizes":{"thumbnail":"https:\/\/www.bagesturisme.cat\/wp-content\/uploads\/2021\/07\/Masia-de-Can-Pla_14-150x150.jpg","thumbnail-width":150,"thumbnail-height":150,"medium":"https:\/\/www.bagesturisme.cat\/wp-content\/uploads\/2021\/07\/Masia-de-Can-Pla_14-600x400.jpg","medium-width":600,"medium-height":400,"medium_large":"https:\/\/www.bagesturisme.cat\/wp-content\/uploads\/2021\/07\/Masia-de-Can-Pla_14-768x512.jpg","medium_large-width":768,"medium_large-height":512,"large":"https:\/\/www.bagesturisme.cat\/wp-content\/uploads\/2021\/07\/Masia-de-Can-Pla_14-1280x853.jpg","large-width":1170,"large-height":780,"1536x1536":"https:\/\/www.bagesturisme.cat\/wp-content\/uploads\/2021\/07\/Masia-de-Can-Pla_14-1536x1024.jpg","1536x1536-width":1536,"1536x1536-height":1024,"2048x2048":"https:\/\/www.bagesturisme.cat\/wp-content\/uploads\/2021\/07\/Masia-de-Can-Pla_14.jpg","2048x2048-width":2000,"2048x2048-height":1333,"blog-large":"https:\/\/www.bagesturisme.cat\/wp-content\/uploads\/2021\/07\/Masia-de-Can-Pla_14.jpg","blog-large-width":408,"blog-large-height":272,"blog-medium":"https:\/\/www.bagesturisme.cat\/wp-content\/uploads\/2021\/07\/Masia-de-Can-Pla_14.jpg","blog-medium-width":303,"blog-medium-height":202,"recent-posts":"https:\/\/www.bagesturisme.cat\/wp-content\/uploads\/2021\/07\/Masia-de-Can-Pla_14.jpg","recent-posts-width":662,"recent-posts-height":441,"recent-works-thumbnail":"https:\/\/www.bagesturisme.cat\/wp-content\/uploads\/2021\/07\/Masia-de-Can-Pla_14.jpg","recent-works-thumbnail-width":66,"recent-works-thumbnail-height":44,"fusion-200":"https:\/\/www.bagesturisme.cat\/wp-content\/uploads\/2021\/07\/Masia-de-Can-Pla_14.jpg","fusion-200-width":200,"fusion-200-height":133,"fusion-400":"https:\/\/www.bagesturisme.cat\/wp-content\/uploads\/2021\/07\/Masia-de-Can-Pla_14.jpg","fusion-400-width":400,"fusion-400-height":267,"fusion-600":"https:\/\/www.bagesturisme.cat\/wp-content\/uploads\/2021\/07\/Masia-de-Can-Pla_14.jpg","fusion-600-width":600,"fusion-600-height":400,"fusion-800":"https:\/\/www.bagesturisme.cat\/wp-content\/uploads\/2021\/07\/Masia-de-Can-Pla_14.jpg","fusion-800-width":800,"fusion-800-height":533,"fusion-1200":"https:\/\/www.bagesturisme.cat\/wp-content\/uploads\/2021\/07\/Masia-de-Can-Pla_14.jpg","fusion-1200-width":1200,"fusion-1200-height":800,"portfolio-full":"https:\/\/www.bagesturisme.cat\/wp-content\/uploads\/2021\/07\/Masia-de-Can-Pla_14.jpg","portfolio-full-width":600,"portfolio-full-height":400,"portfolio-one":"https:\/\/www.bagesturisme.cat\/wp-content\/uploads\/2021\/07\/Masia-de-Can-Pla_14.jpg","portfolio-one-width":408,"portfolio-one-height":272,"portfolio-two":"https:\/\/www.bagesturisme.cat\/wp-content\/uploads\/2021\/07\/Masia-de-Can-Pla_14.jpg","portfolio-two-width":443,"portfolio-two-height":295,"portfolio-three":"https:\/\/www.bagesturisme.cat\/wp-content\/uploads\/2021\/07\/Masia-de-Can-Pla_14.jpg","portfolio-three-width":300,"portfolio-three-height":200,"portfolio-five":"https:\/\/www.bagesturisme.cat\/wp-content\/uploads\/2021\/07\/Masia-de-Can-Pla_14.jpg","portfolio-five-width":177,"portfolio-five-height":118}},{"ID":14240,"id":14240,"title":"Masia-de-Can-Pla_22","filename":"Masia-de-Can-Pla_22.jpg","filesize":2553699,"url":"https:\/\/www.bagesturisme.cat\/wp-content\/uploads\/2021\/07\/Masia-de-Can-Pla_22.jpg","link":"https:\/\/www.bagesturisme.cat\/es\/allotjament\/masia-can-pla\/masia-de-can-pla_22\/","alt":"","author":"3","description":"","caption":"","name":"masia-de-can-pla_22","status":"inherit","uploaded_to":10345,"date":"2024-06-05 08:51:59","modified":"2024-06-05 08:51:59","menu_order":0,"mime_type":"image\/jpeg","type":"image","subtype":"jpeg","icon":"https:\/\/www.bagesturisme.cat\/wp-includes\/images\/media\/default.png","width":2000,"height":1334,"sizes":{"thumbnail":"https:\/\/www.bagesturisme.cat\/wp-content\/uploads\/2021\/07\/Masia-de-Can-Pla_22-150x150.jpg","thumbnail-width":150,"thumbnail-height":150,"medium":"https:\/\/www.bagesturisme.cat\/wp-content\/uploads\/2021\/07\/Masia-de-Can-Pla_22-600x400.jpg","medium-width":600,"medium-height":400,"medium_large":"https:\/\/www.bagesturisme.cat\/wp-content\/uploads\/2021\/07\/Masia-de-Can-Pla_22-768x512.jpg","medium_large-width":768,"medium_large-height":512,"large":"https:\/\/www.bagesturisme.cat\/wp-content\/uploads\/2021\/07\/Masia-de-Can-Pla_22-1280x854.jpg","large-width":1170,"large-height":781,"1536x1536":"https:\/\/www.bagesturisme.cat\/wp-content\/uploads\/2021\/07\/Masia-de-Can-Pla_22-1536x1025.jpg","1536x1536-width":1536,"1536x1536-height":1025,"2048x2048":"https:\/\/www.bagesturisme.cat\/wp-content\/uploads\/2021\/07\/Masia-de-Can-Pla_22.jpg","2048x2048-width":2000,"2048x2048-height":1334,"blog-large":"https:\/\/www.bagesturisme.cat\/wp-content\/uploads\/2021\/07\/Masia-de-Can-Pla_22.jpg","blog-large-width":408,"blog-large-height":272,"blog-medium":"https:\/\/www.bagesturisme.cat\/wp-content\/uploads\/2021\/07\/Masia-de-Can-Pla_22.jpg","blog-medium-width":303,"blog-medium-height":202,"recent-posts":"https:\/\/www.bagesturisme.cat\/wp-content\/uploads\/2021\/07\/Masia-de-Can-Pla_22.jpg","recent-posts-width":661,"recent-posts-height":441,"recent-works-thumbnail":"https:\/\/www.bagesturisme.cat\/wp-content\/uploads\/2021\/07\/Masia-de-Can-Pla_22.jpg","recent-works-thumbnail-width":66,"recent-works-thumbnail-height":44,"fusion-200":"https:\/\/www.bagesturisme.cat\/wp-content\/uploads\/2021\/07\/Masia-de-Can-Pla_22.jpg","fusion-200-width":200,"fusion-200-height":133,"fusion-400":"https:\/\/www.bagesturisme.cat\/wp-content\/uploads\/2021\/07\/Masia-de-Can-Pla_22.jpg","fusion-400-width":400,"fusion-400-height":267,"fusion-600":"https:\/\/www.bagesturisme.cat\/wp-content\/uploads\/2021\/07\/Masia-de-Can-Pla_22.jpg","fusion-600-width":600,"fusion-600-height":400,"fusion-800":"https:\/\/www.bagesturisme.cat\/wp-content\/uploads\/2021\/07\/Masia-de-Can-Pla_22.jpg","fusion-800-width":800,"fusion-800-height":534,"fusion-1200":"https:\/\/www.bagesturisme.cat\/wp-content\/uploads\/2021\/07\/Masia-de-Can-Pla_22.jpg","fusion-1200-width":1200,"fusion-1200-height":800,"portfolio-full":"https:\/\/www.bagesturisme.cat\/wp-content\/uploads\/2021\/07\/Masia-de-Can-Pla_22.jpg","portfolio-full-width":600,"portfolio-full-height":400,"portfolio-one":"https:\/\/www.bagesturisme.cat\/wp-content\/uploads\/2021\/07\/Masia-de-Can-Pla_22.jpg","portfolio-one-width":408,"portfolio-one-height":272,"portfolio-two":"https:\/\/www.bagesturisme.cat\/wp-content\/uploads\/2021\/07\/Masia-de-Can-Pla_22.jpg","portfolio-two-width":442,"portfolio-two-height":295,"portfolio-three":"https:\/\/www.bagesturisme.cat\/wp-content\/uploads\/2021\/07\/Masia-de-Can-Pla_22.jpg","portfolio-three-width":300,"portfolio-three-height":200,"portfolio-five":"https:\/\/www.bagesturisme.cat\/wp-content\/uploads\/2021\/07\/Masia-de-Can-Pla_22.jpg","portfolio-five-width":177,"portfolio-five-height":118}}],"adreca":"Pla\u00e7a de l'esglesia - Sant Mateu de Bages (Barcelona)","web":"http:\/\/www.masiacanpla.com\/","email":"","tel":"(+34) 698 893 927 (+34) 693 977 964","ubicacio":false},"_links":{"self":[{"href":"https:\/\/www.bagesturisme.cat\/es\/wp-json\/wp\/v2\/allotjament\/10345","targetHints":{"allow":["GET"]}}],"collection":[{"href":"https:\/\/www.bagesturisme.cat\/es\/wp-json\/wp\/v2\/allotjament"}],"about":[{"href":"https:\/\/www.bagesturisme.cat\/es\/wp-json\/wp\/v2\/types\/allotjament"}],"author":[{"embeddable":true,"href":"https:\/\/www.bagesturisme.cat\/es\/wp-json\/wp\/v2\/users\/28"}],"version-history":[{"count":9,"href":"https:\/\/www.bagesturisme.cat\/es\/wp-json\/wp\/v2\/allotjament\/10345\/revisions"}],"predecessor-version":[{"id":14252,"href":"https:\/\/www.bagesturisme.cat\/es\/wp-json\/wp\/v2\/allotjament\/10345\/revisions\/14252"}],"wp:featuredmedia":[{"embeddable":true,"href":"https:\/\/www.bagesturisme.cat\/es\/wp-json\/wp\/v2\/media\/14238"}],"wp:attachment":[{"href":"https:\/\/www.bagesturisme.cat\/es\/wp-json\/wp\/v2\/media?parent=10345"}],"curies":[{"name":"wp","href":"https:\/\/api.w.org\/{rel}","templated":true}]}}