{"id":510,"date":"2017-01-26T11:53:51","date_gmt":"2017-01-26T10:53:51","guid":{"rendered":"https:\/\/bagesturisme.cat\/esdeveniments\/les-caramelles\/"},"modified":"2025-07-04T10:38:58","modified_gmt":"2025-07-04T09:38:58","slug":"les-caramelles","status":"publish","type":"agenda","link":"https:\/\/www.bagesturisme.cat\/es\/esdeveniments\/les-caramelles\/","title":{"rendered":"Las Caramellas de Call\u00fas"},"content":{"rendered":"Trajes con la ropa tradicional, las collas caramellaires de Grandes y Peque\u00f1os\u00a0 esparcen sus cantos y bailes, como la Sardana de Call\u00fas en Pascua. S\u00e1bado los ver\u00e1s en las mas\u00edas del pueblo con su trenecito y un instrumento muy peculiar para llegar a los balcones y acabar\u00e1n en la Iglesia de Sant Sadurn\u00ed de Call\u00fas. Domingo las cantadas y bailadas son por las calles del pueblo de Call\u00fas desde bien temprano por la ma\u00f1ana hasta el mediod\u00eda.<\/p>\n<p>M\u00e1s informaci\u00f3 actualitzada a <a href=\"http:\/\/caramelles.cat\/\" target=\"_blank\" rel=\"noopener\">caramelles.cat<\/a> i al seu <a href=\"https:\/\/www.facebook.com\/lesCaramelles\/?locale=ca_ES\" target=\"_blank\" rel=\"noopener\">Facebook<\/a> i <a href=\"https:\/\/www.instagram.com\/caramellescallus\/\" target=\"_blank\" rel=\"noopener\">Instagram<\/a>.","protected":false},"featured_media":12691,"template":"","tags":[],"class_list":["post-510","agenda","type-agenda","status-publish","has-post-thumbnail","hentry","municipi-callus"],"acf":{"data_ordre":"20260329","data_actual":"Dissabte i diumenge de Pasqua","data_general":"Dissabte i diumenge de Pasqua","entitat":"Caramelles Call\u00fas","adreca":"Pl. Major, s\/n, Call\u00fas","telefon":"93 693 00 00","email":"","web":"http:\/\/www.caramelles.cat","web_entitat":"caramelles.cat","gratis":true,"accessible":false,"ubicacio":{"address":"Pl. Major, s\/n, Call\u00fas","lat":"41.7811967","lng":"1.7840261999999711"},"ordre_final":"20260405","galeria":[{"ID":12637,"id":12637,"title":"Caramelles Call\u00fas","filename":"callus_caramelles_abril_fortuny-003.jpg","filesize":2938538,"url":"https:\/\/www.bagesturisme.cat\/wp-content\/uploads\/2023\/03\/callus_caramelles_abril_fortuny-003.jpg","link":"https:\/\/www.bagesturisme.cat\/es\/setmana-santa-al-bages\/callus_caramelles_abril_fortuny-003\/","alt":"","author":"3","description":"","caption":"","name":"callus_caramelles_abril_fortuny-003","status":"inherit","uploaded_to":11072,"date":"2023-03-17 13:48:49","modified":"2023-03-27 06:59:42","menu_order":0,"mime_type":"image\/jpeg","type":"image","subtype":"jpeg","icon":"https:\/\/www.bagesturisme.cat\/wp-includes\/images\/media\/default.png","width":2200,"height":1464,"sizes":{"thumbnail":"https:\/\/www.bagesturisme.cat\/wp-content\/uploads\/2023\/03\/callus_caramelles_abril_fortuny-003-150x150.jpg","thumbnail-width":150,"thumbnail-height":150,"medium":"https:\/\/www.bagesturisme.cat\/wp-content\/uploads\/2023\/03\/callus_caramelles_abril_fortuny-003-601x400.jpg","medium-width":601,"medium-height":400,"medium_large":"https:\/\/www.bagesturisme.cat\/wp-content\/uploads\/2023\/03\/callus_caramelles_abril_fortuny-003-768x511.jpg","medium_large-width":768,"medium_large-height":511,"large":"https:\/\/www.bagesturisme.cat\/wp-content\/uploads\/2023\/03\/callus_caramelles_abril_fortuny-003-1280x852.jpg","large-width":1170,"large-height":779,"1536x1536":"https:\/\/www.bagesturisme.cat\/wp-content\/uploads\/2023\/03\/callus_caramelles_abril_fortuny-003-1536x1022.jpg","1536x1536-width":1536,"1536x1536-height":1022,"2048x2048":"https:\/\/www.bagesturisme.cat\/wp-content\/uploads\/2023\/03\/callus_caramelles_abril_fortuny-003-2048x1363.jpg","2048x2048-width":2048,"2048x2048-height":1363,"blog-large":"https:\/\/www.bagesturisme.cat\/wp-content\/uploads\/2023\/03\/callus_caramelles_abril_fortuny-003.jpg","blog-large-width":409,"blog-large-height":272,"blog-medium":"https:\/\/www.bagesturisme.cat\/wp-content\/uploads\/2023\/03\/callus_caramelles_abril_fortuny-003.jpg","blog-medium-width":304,"blog-medium-height":202,"recent-posts":"https:\/\/www.bagesturisme.cat\/wp-content\/uploads\/2023\/03\/callus_caramelles_abril_fortuny-003.jpg","recent-posts-width":663,"recent-posts-height":441,"recent-works-thumbnail":"https:\/\/www.bagesturisme.cat\/wp-content\/uploads\/2023\/03\/callus_caramelles_abril_fortuny-003.jpg","recent-works-thumbnail-width":66,"recent-works-thumbnail-height":44,"fusion-200":"https:\/\/www.bagesturisme.cat\/wp-content\/uploads\/2023\/03\/callus_caramelles_abril_fortuny-003.jpg","fusion-200-width":200,"fusion-200-height":133,"fusion-400":"https:\/\/www.bagesturisme.cat\/wp-content\/uploads\/2023\/03\/callus_caramelles_abril_fortuny-003.jpg","fusion-400-width":400,"fusion-400-height":266,"fusion-600":"https:\/\/www.bagesturisme.cat\/wp-content\/uploads\/2023\/03\/callus_caramelles_abril_fortuny-003.jpg","fusion-600-width":600,"fusion-600-height":399,"fusion-800":"https:\/\/www.bagesturisme.cat\/wp-content\/uploads\/2023\/03\/callus_caramelles_abril_fortuny-003.jpg","fusion-800-width":800,"fusion-800-height":532,"fusion-1200":"https:\/\/www.bagesturisme.cat\/wp-content\/uploads\/2023\/03\/callus_caramelles_abril_fortuny-003.jpg","fusion-1200-width":1200,"fusion-1200-height":799,"portfolio-full":"https:\/\/www.bagesturisme.cat\/wp-content\/uploads\/2023\/03\/callus_caramelles_abril_fortuny-003.jpg","portfolio-full-width":601,"portfolio-full-height":400,"portfolio-one":"https:\/\/www.bagesturisme.cat\/wp-content\/uploads\/2023\/03\/callus_caramelles_abril_fortuny-003.jpg","portfolio-one-width":409,"portfolio-one-height":272,"portfolio-two":"https:\/\/www.bagesturisme.cat\/wp-content\/uploads\/2023\/03\/callus_caramelles_abril_fortuny-003.jpg","portfolio-two-width":443,"portfolio-two-height":295,"portfolio-three":"https:\/\/www.bagesturisme.cat\/wp-content\/uploads\/2023\/03\/callus_caramelles_abril_fortuny-003.jpg","portfolio-three-width":300,"portfolio-three-height":200,"portfolio-five":"https:\/\/www.bagesturisme.cat\/wp-content\/uploads\/2023\/03\/callus_caramelles_abril_fortuny-003.jpg","portfolio-five-width":177,"portfolio-five-height":118}},{"ID":12686,"id":12686,"title":"callus_caramelles_abril_fortuny-004","filename":"callus_caramelles_abril_fortuny-004-rotated.jpg","filesize":502323,"url":"https:\/\/www.bagesturisme.cat\/wp-content\/uploads\/2017\/01\/callus_caramelles_abril_fortuny-004-rotated.jpg","link":"https:\/\/www.bagesturisme.cat\/es\/esdeveniments\/les-caramelles\/callus_caramelles_abril_fortuny-004\/","alt":"","author":"3","description":"","caption":"","name":"callus_caramelles_abril_fortuny-004","status":"inherit","uploaded_to":510,"date":"2023-03-27 07:04:13","modified":"2023-03-27 07:04:49","menu_order":0,"mime_type":"image\/jpeg","type":"image","subtype":"jpeg","icon":"https:\/\/www.bagesturisme.cat\/wp-includes\/images\/media\/default.png","width":1464,"height":2200,"sizes":{"thumbnail":"https:\/\/www.bagesturisme.cat\/wp-content\/uploads\/2017\/01\/callus_caramelles_abril_fortuny-004-150x150.jpg","thumbnail-width":150,"thumbnail-height":150,"medium":"https:\/\/www.bagesturisme.cat\/wp-content\/uploads\/2017\/01\/callus_caramelles_abril_fortuny-004-266x400.jpg","medium-width":266,"medium-height":400,"medium_large":"https:\/\/www.bagesturisme.cat\/wp-content\/uploads\/2017\/01\/callus_caramelles_abril_fortuny-004-768x1154.jpg","medium_large-width":768,"medium_large-height":1154,"large":"https:\/\/www.bagesturisme.cat\/wp-content\/uploads\/2017\/01\/callus_caramelles_abril_fortuny-004-681x1024.jpg","large-width":681,"large-height":1024,"1536x1536":"https:\/\/www.bagesturisme.cat\/wp-content\/uploads\/2017\/01\/callus_caramelles_abril_fortuny-004-1022x1536.jpg","1536x1536-width":1022,"1536x1536-height":1536,"2048x2048":"https:\/\/www.bagesturisme.cat\/wp-content\/uploads\/2017\/01\/callus_caramelles_abril_fortuny-004-1363x2048.jpg","2048x2048-width":1363,"2048x2048-height":2048,"blog-large":"https:\/\/www.bagesturisme.cat\/wp-content\/uploads\/2017\/01\/callus_caramelles_abril_fortuny-004-rotated.jpg","blog-large-width":181,"blog-large-height":272,"blog-medium":"https:\/\/www.bagesturisme.cat\/wp-content\/uploads\/2017\/01\/callus_caramelles_abril_fortuny-004-rotated.jpg","blog-medium-width":134,"blog-medium-height":202,"recent-posts":"https:\/\/www.bagesturisme.cat\/wp-content\/uploads\/2017\/01\/callus_caramelles_abril_fortuny-004-rotated.jpg","recent-posts-width":293,"recent-posts-height":441,"recent-works-thumbnail":"https:\/\/www.bagesturisme.cat\/wp-content\/uploads\/2017\/01\/callus_caramelles_abril_fortuny-004-rotated.jpg","recent-works-thumbnail-width":44,"recent-works-thumbnail-height":66,"fusion-200":"https:\/\/www.bagesturisme.cat\/wp-content\/uploads\/2017\/01\/callus_caramelles_abril_fortuny-004-rotated.jpg","fusion-200-width":200,"fusion-200-height":301,"fusion-400":"https:\/\/www.bagesturisme.cat\/wp-content\/uploads\/2017\/01\/callus_caramelles_abril_fortuny-004-rotated.jpg","fusion-400-width":400,"fusion-400-height":601,"fusion-600":"https:\/\/www.bagesturisme.cat\/wp-content\/uploads\/2017\/01\/callus_caramelles_abril_fortuny-004-rotated.jpg","fusion-600-width":600,"fusion-600-height":902,"fusion-800":"https:\/\/www.bagesturisme.cat\/wp-content\/uploads\/2017\/01\/callus_caramelles_abril_fortuny-004-rotated.jpg","fusion-800-width":800,"fusion-800-height":1202,"fusion-1200":"https:\/\/www.bagesturisme.cat\/wp-content\/uploads\/2017\/01\/callus_caramelles_abril_fortuny-004-rotated.jpg","fusion-1200-width":1200,"fusion-1200-height":1803,"portfolio-full":"https:\/\/www.bagesturisme.cat\/wp-content\/uploads\/2017\/01\/callus_caramelles_abril_fortuny-004-rotated.jpg","portfolio-full-width":266,"portfolio-full-height":400,"portfolio-one":"https:\/\/www.bagesturisme.cat\/wp-content\/uploads\/2017\/01\/callus_caramelles_abril_fortuny-004-rotated.jpg","portfolio-one-width":181,"portfolio-one-height":272,"portfolio-two":"https:\/\/www.bagesturisme.cat\/wp-content\/uploads\/2017\/01\/callus_caramelles_abril_fortuny-004-rotated.jpg","portfolio-two-width":196,"portfolio-two-height":295,"portfolio-three":"https:\/\/www.bagesturisme.cat\/wp-content\/uploads\/2017\/01\/callus_caramelles_abril_fortuny-004-rotated.jpg","portfolio-three-width":142,"portfolio-three-height":214,"portfolio-five":"https:\/\/www.bagesturisme.cat\/wp-content\/uploads\/2017\/01\/callus_caramelles_abril_fortuny-004-rotated.jpg","portfolio-five-width":94,"portfolio-five-height":142}},{"ID":12687,"id":12687,"title":"callus_caramelles_abril_fortuny-001","filename":"callus_caramelles_abril_fortuny-001.jpg","filesize":1677586,"url":"https:\/\/www.bagesturisme.cat\/wp-content\/uploads\/2017\/01\/callus_caramelles_abril_fortuny-001.jpg","link":"https:\/\/www.bagesturisme.cat\/es\/esdeveniments\/les-caramelles\/callus_caramelles_abril_fortuny-001\/","alt":"","author":"3","description":"","caption":"","name":"callus_caramelles_abril_fortuny-001","status":"inherit","uploaded_to":510,"date":"2023-03-27 07:04:15","modified":"2023-03-27 07:04:15","menu_order":0,"mime_type":"image\/jpeg","type":"image","subtype":"jpeg","icon":"https:\/\/www.bagesturisme.cat\/wp-includes\/images\/media\/default.png","width":2200,"height":1464,"sizes":{"thumbnail":"https:\/\/www.bagesturisme.cat\/wp-content\/uploads\/2017\/01\/callus_caramelles_abril_fortuny-001-150x150.jpg","thumbnail-width":150,"thumbnail-height":150,"medium":"https:\/\/www.bagesturisme.cat\/wp-content\/uploads\/2017\/01\/callus_caramelles_abril_fortuny-001-601x400.jpg","medium-width":601,"medium-height":400,"medium_large":"https:\/\/www.bagesturisme.cat\/wp-content\/uploads\/2017\/01\/callus_caramelles_abril_fortuny-001-768x511.jpg","medium_large-width":768,"medium_large-height":511,"large":"https:\/\/www.bagesturisme.cat\/wp-content\/uploads\/2017\/01\/callus_caramelles_abril_fortuny-001-1280x852.jpg","large-width":1170,"large-height":779,"1536x1536":"https:\/\/www.bagesturisme.cat\/wp-content\/uploads\/2017\/01\/callus_caramelles_abril_fortuny-001-1536x1022.jpg","1536x1536-width":1536,"1536x1536-height":1022,"2048x2048":"https:\/\/www.bagesturisme.cat\/wp-content\/uploads\/2017\/01\/callus_caramelles_abril_fortuny-001-2048x1363.jpg","2048x2048-width":2048,"2048x2048-height":1363,"blog-large":"https:\/\/www.bagesturisme.cat\/wp-content\/uploads\/2017\/01\/callus_caramelles_abril_fortuny-001.jpg","blog-large-width":409,"blog-large-height":272,"blog-medium":"https:\/\/www.bagesturisme.cat\/wp-content\/uploads\/2017\/01\/callus_caramelles_abril_fortuny-001.jpg","blog-medium-width":304,"blog-medium-height":202,"recent-posts":"https:\/\/www.bagesturisme.cat\/wp-content\/uploads\/2017\/01\/callus_caramelles_abril_fortuny-001.jpg","recent-posts-width":663,"recent-posts-height":441,"recent-works-thumbnail":"https:\/\/www.bagesturisme.cat\/wp-content\/uploads\/2017\/01\/callus_caramelles_abril_fortuny-001.jpg","recent-works-thumbnail-width":66,"recent-works-thumbnail-height":44,"fusion-200":"https:\/\/www.bagesturisme.cat\/wp-content\/uploads\/2017\/01\/callus_caramelles_abril_fortuny-001.jpg","fusion-200-width":200,"fusion-200-height":133,"fusion-400":"https:\/\/www.bagesturisme.cat\/wp-content\/uploads\/2017\/01\/callus_caramelles_abril_fortuny-001.jpg","fusion-400-width":400,"fusion-400-height":266,"fusion-600":"https:\/\/www.bagesturisme.cat\/wp-content\/uploads\/2017\/01\/callus_caramelles_abril_fortuny-001.jpg","fusion-600-width":600,"fusion-600-height":399,"fusion-800":"https:\/\/www.bagesturisme.cat\/wp-content\/uploads\/2017\/01\/callus_caramelles_abril_fortuny-001.jpg","fusion-800-width":800,"fusion-800-height":532,"fusion-1200":"https:\/\/www.bagesturisme.cat\/wp-content\/uploads\/2017\/01\/callus_caramelles_abril_fortuny-001.jpg","fusion-1200-width":1200,"fusion-1200-height":799,"portfolio-full":"https:\/\/www.bagesturisme.cat\/wp-content\/uploads\/2017\/01\/callus_caramelles_abril_fortuny-001.jpg","portfolio-full-width":601,"portfolio-full-height":400,"portfolio-one":"https:\/\/www.bagesturisme.cat\/wp-content\/uploads\/2017\/01\/callus_caramelles_abril_fortuny-001.jpg","portfolio-one-width":409,"portfolio-one-height":272,"portfolio-two":"https:\/\/www.bagesturisme.cat\/wp-content\/uploads\/2017\/01\/callus_caramelles_abril_fortuny-001.jpg","portfolio-two-width":443,"portfolio-two-height":295,"portfolio-three":"https:\/\/www.bagesturisme.cat\/wp-content\/uploads\/2017\/01\/callus_caramelles_abril_fortuny-001.jpg","portfolio-three-width":300,"portfolio-three-height":200,"portfolio-five":"https:\/\/www.bagesturisme.cat\/wp-content\/uploads\/2017\/01\/callus_caramelles_abril_fortuny-001.jpg","portfolio-five-width":177,"portfolio-five-height":118}},{"ID":12688,"id":12688,"title":"callus_caramelles_abril_fortuny-013","filename":"callus_caramelles_abril_fortuny-013.jpg","filesize":2171302,"url":"https:\/\/www.bagesturisme.cat\/wp-content\/uploads\/2017\/01\/callus_caramelles_abril_fortuny-013.jpg","link":"https:\/\/www.bagesturisme.cat\/es\/esdeveniments\/les-caramelles\/callus_caramelles_abril_fortuny-013\/","alt":"Participants vestits de forma tradcional amb camisa blanca i faixa vermella dansant les Caramelles","author":"3","description":"Participants vestits de forma tradcional amb camisa blanca i faixa vermella dansant les Caramelles","caption":"","name":"callus_caramelles_abril_fortuny-013","status":"inherit","uploaded_to":510,"date":"2023-03-27 07:04:22","modified":"2023-08-23 08:12:55","menu_order":0,"mime_type":"image\/jpeg","type":"image","subtype":"jpeg","icon":"https:\/\/www.bagesturisme.cat\/wp-includes\/images\/media\/default.png","width":2200,"height":1464,"sizes":{"thumbnail":"https:\/\/www.bagesturisme.cat\/wp-content\/uploads\/2017\/01\/callus_caramelles_abril_fortuny-013-150x150.jpg","thumbnail-width":150,"thumbnail-height":150,"medium":"https:\/\/www.bagesturisme.cat\/wp-content\/uploads\/2017\/01\/callus_caramelles_abril_fortuny-013-601x400.jpg","medium-width":601,"medium-height":400,"medium_large":"https:\/\/www.bagesturisme.cat\/wp-content\/uploads\/2017\/01\/callus_caramelles_abril_fortuny-013-768x511.jpg","medium_large-width":768,"medium_large-height":511,"large":"https:\/\/www.bagesturisme.cat\/wp-content\/uploads\/2017\/01\/callus_caramelles_abril_fortuny-013-1280x852.jpg","large-width":1170,"large-height":779,"1536x1536":"https:\/\/www.bagesturisme.cat\/wp-content\/uploads\/2017\/01\/callus_caramelles_abril_fortuny-013-1536x1022.jpg","1536x1536-width":1536,"1536x1536-height":1022,"2048x2048":"https:\/\/www.bagesturisme.cat\/wp-content\/uploads\/2017\/01\/callus_caramelles_abril_fortuny-013-2048x1363.jpg","2048x2048-width":2048,"2048x2048-height":1363,"blog-large":"https:\/\/www.bagesturisme.cat\/wp-content\/uploads\/2017\/01\/callus_caramelles_abril_fortuny-013.jpg","blog-large-width":409,"blog-large-height":272,"blog-medium":"https:\/\/www.bagesturisme.cat\/wp-content\/uploads\/2017\/01\/callus_caramelles_abril_fortuny-013.jpg","blog-medium-width":304,"blog-medium-height":202,"recent-posts":"https:\/\/www.bagesturisme.cat\/wp-content\/uploads\/2017\/01\/callus_caramelles_abril_fortuny-013.jpg","recent-posts-width":663,"recent-posts-height":441,"recent-works-thumbnail":"https:\/\/www.bagesturisme.cat\/wp-content\/uploads\/2017\/01\/callus_caramelles_abril_fortuny-013.jpg","recent-works-thumbnail-width":66,"recent-works-thumbnail-height":44,"fusion-200":"https:\/\/www.bagesturisme.cat\/wp-content\/uploads\/2017\/01\/callus_caramelles_abril_fortuny-013.jpg","fusion-200-width":200,"fusion-200-height":133,"fusion-400":"https:\/\/www.bagesturisme.cat\/wp-content\/uploads\/2017\/01\/callus_caramelles_abril_fortuny-013.jpg","fusion-400-width":400,"fusion-400-height":266,"fusion-600":"https:\/\/www.bagesturisme.cat\/wp-content\/uploads\/2017\/01\/callus_caramelles_abril_fortuny-013.jpg","fusion-600-width":600,"fusion-600-height":399,"fusion-800":"https:\/\/www.bagesturisme.cat\/wp-content\/uploads\/2017\/01\/callus_caramelles_abril_fortuny-013.jpg","fusion-800-width":800,"fusion-800-height":532,"fusion-1200":"https:\/\/www.bagesturisme.cat\/wp-content\/uploads\/2017\/01\/callus_caramelles_abril_fortuny-013.jpg","fusion-1200-width":1200,"fusion-1200-height":799,"portfolio-full":"https:\/\/www.bagesturisme.cat\/wp-content\/uploads\/2017\/01\/callus_caramelles_abril_fortuny-013.jpg","portfolio-full-width":601,"portfolio-full-height":400,"portfolio-one":"https:\/\/www.bagesturisme.cat\/wp-content\/uploads\/2017\/01\/callus_caramelles_abril_fortuny-013.jpg","portfolio-one-width":409,"portfolio-one-height":272,"portfolio-two":"https:\/\/www.bagesturisme.cat\/wp-content\/uploads\/2017\/01\/callus_caramelles_abril_fortuny-013.jpg","portfolio-two-width":443,"portfolio-two-height":295,"portfolio-three":"https:\/\/www.bagesturisme.cat\/wp-content\/uploads\/2017\/01\/callus_caramelles_abril_fortuny-013.jpg","portfolio-three-width":300,"portfolio-three-height":200,"portfolio-five":"https:\/\/www.bagesturisme.cat\/wp-content\/uploads\/2017\/01\/callus_caramelles_abril_fortuny-013.jpg","portfolio-five-width":177,"portfolio-five-height":118}},{"ID":12689,"id":12689,"title":"callus_caramelles_abril_fortuny-014","filename":"callus_caramelles_abril_fortuny-014.jpg","filesize":2937018,"url":"https:\/\/www.bagesturisme.cat\/wp-content\/uploads\/2017\/01\/callus_caramelles_abril_fortuny-014.jpg","link":"https:\/\/www.bagesturisme.cat\/es\/esdeveniments\/les-caramelles\/callus_caramelles_abril_fortuny-014-2\/","alt":"","author":"3","description":"","caption":"","name":"callus_caramelles_abril_fortuny-014-2","status":"inherit","uploaded_to":510,"date":"2023-03-27 07:04:27","modified":"2023-03-27 07:04:27","menu_order":0,"mime_type":"image\/jpeg","type":"image","subtype":"jpeg","icon":"https:\/\/www.bagesturisme.cat\/wp-includes\/images\/media\/default.png","width":2200,"height":1464,"sizes":{"thumbnail":"https:\/\/www.bagesturisme.cat\/wp-content\/uploads\/2017\/01\/callus_caramelles_abril_fortuny-014-150x150.jpg","thumbnail-width":150,"thumbnail-height":150,"medium":"https:\/\/www.bagesturisme.cat\/wp-content\/uploads\/2017\/01\/callus_caramelles_abril_fortuny-014-601x400.jpg","medium-width":601,"medium-height":400,"medium_large":"https:\/\/www.bagesturisme.cat\/wp-content\/uploads\/2017\/01\/callus_caramelles_abril_fortuny-014-768x511.jpg","medium_large-width":768,"medium_large-height":511,"large":"https:\/\/www.bagesturisme.cat\/wp-content\/uploads\/2017\/01\/callus_caramelles_abril_fortuny-014-1280x852.jpg","large-width":1170,"large-height":779,"1536x1536":"https:\/\/www.bagesturisme.cat\/wp-content\/uploads\/2017\/01\/callus_caramelles_abril_fortuny-014-1536x1022.jpg","1536x1536-width":1536,"1536x1536-height":1022,"2048x2048":"https:\/\/www.bagesturisme.cat\/wp-content\/uploads\/2017\/01\/callus_caramelles_abril_fortuny-014-2048x1363.jpg","2048x2048-width":2048,"2048x2048-height":1363,"blog-large":"https:\/\/www.bagesturisme.cat\/wp-content\/uploads\/2017\/01\/callus_caramelles_abril_fortuny-014.jpg","blog-large-width":409,"blog-large-height":272,"blog-medium":"https:\/\/www.bagesturisme.cat\/wp-content\/uploads\/2017\/01\/callus_caramelles_abril_fortuny-014.jpg","blog-medium-width":304,"blog-medium-height":202,"recent-posts":"https:\/\/www.bagesturisme.cat\/wp-content\/uploads\/2017\/01\/callus_caramelles_abril_fortuny-014.jpg","recent-posts-width":663,"recent-posts-height":441,"recent-works-thumbnail":"https:\/\/www.bagesturisme.cat\/wp-content\/uploads\/2017\/01\/callus_caramelles_abril_fortuny-014.jpg","recent-works-thumbnail-width":66,"recent-works-thumbnail-height":44,"fusion-200":"https:\/\/www.bagesturisme.cat\/wp-content\/uploads\/2017\/01\/callus_caramelles_abril_fortuny-014.jpg","fusion-200-width":200,"fusion-200-height":133,"fusion-400":"https:\/\/www.bagesturisme.cat\/wp-content\/uploads\/2017\/01\/callus_caramelles_abril_fortuny-014.jpg","fusion-400-width":400,"fusion-400-height":266,"fusion-600":"https:\/\/www.bagesturisme.cat\/wp-content\/uploads\/2017\/01\/callus_caramelles_abril_fortuny-014.jpg","fusion-600-width":600,"fusion-600-height":399,"fusion-800":"https:\/\/www.bagesturisme.cat\/wp-content\/uploads\/2017\/01\/callus_caramelles_abril_fortuny-014.jpg","fusion-800-width":800,"fusion-800-height":532,"fusion-1200":"https:\/\/www.bagesturisme.cat\/wp-content\/uploads\/2017\/01\/callus_caramelles_abril_fortuny-014.jpg","fusion-1200-width":1200,"fusion-1200-height":799,"portfolio-full":"https:\/\/www.bagesturisme.cat\/wp-content\/uploads\/2017\/01\/callus_caramelles_abril_fortuny-014.jpg","portfolio-full-width":601,"portfolio-full-height":400,"portfolio-one":"https:\/\/www.bagesturisme.cat\/wp-content\/uploads\/2017\/01\/callus_caramelles_abril_fortuny-014.jpg","portfolio-one-width":409,"portfolio-one-height":272,"portfolio-two":"https:\/\/www.bagesturisme.cat\/wp-content\/uploads\/2017\/01\/callus_caramelles_abril_fortuny-014.jpg","portfolio-two-width":443,"portfolio-two-height":295,"portfolio-three":"https:\/\/www.bagesturisme.cat\/wp-content\/uploads\/2017\/01\/callus_caramelles_abril_fortuny-014.jpg","portfolio-three-width":300,"portfolio-three-height":200,"portfolio-five":"https:\/\/www.bagesturisme.cat\/wp-content\/uploads\/2017\/01\/callus_caramelles_abril_fortuny-014.jpg","portfolio-five-width":177,"portfolio-five-height":118}},{"ID":12690,"id":12690,"title":"callus_caramelles_abril_fortuny-010","filename":"callus_caramelles_abril_fortuny-010.jpg","filesize":2704325,"url":"https:\/\/www.bagesturisme.cat\/wp-content\/uploads\/2017\/01\/callus_caramelles_abril_fortuny-010.jpg","link":"https:\/\/www.bagesturisme.cat\/es\/esdeveniments\/les-caramelles\/callus_caramelles_abril_fortuny-010\/","alt":"","author":"3","description":"","caption":"","name":"callus_caramelles_abril_fortuny-010","status":"inherit","uploaded_to":510,"date":"2023-03-27 07:04:35","modified":"2023-03-27 07:04:35","menu_order":0,"mime_type":"image\/jpeg","type":"image","subtype":"jpeg","icon":"https:\/\/www.bagesturisme.cat\/wp-includes\/images\/media\/default.png","width":2200,"height":1464,"sizes":{"thumbnail":"https:\/\/www.bagesturisme.cat\/wp-content\/uploads\/2017\/01\/callus_caramelles_abril_fortuny-010-150x150.jpg","thumbnail-width":150,"thumbnail-height":150,"medium":"https:\/\/www.bagesturisme.cat\/wp-content\/uploads\/2017\/01\/callus_caramelles_abril_fortuny-010-601x400.jpg","medium-width":601,"medium-height":400,"medium_large":"https:\/\/www.bagesturisme.cat\/wp-content\/uploads\/2017\/01\/callus_caramelles_abril_fortuny-010-768x511.jpg","medium_large-width":768,"medium_large-height":511,"large":"https:\/\/www.bagesturisme.cat\/wp-content\/uploads\/2017\/01\/callus_caramelles_abril_fortuny-010-1280x852.jpg","large-width":1170,"large-height":779,"1536x1536":"https:\/\/www.bagesturisme.cat\/wp-content\/uploads\/2017\/01\/callus_caramelles_abril_fortuny-010-1536x1022.jpg","1536x1536-width":1536,"1536x1536-height":1022,"2048x2048":"https:\/\/www.bagesturisme.cat\/wp-content\/uploads\/2017\/01\/callus_caramelles_abril_fortuny-010-2048x1363.jpg","2048x2048-width":2048,"2048x2048-height":1363,"blog-large":"https:\/\/www.bagesturisme.cat\/wp-content\/uploads\/2017\/01\/callus_caramelles_abril_fortuny-010.jpg","blog-large-width":409,"blog-large-height":272,"blog-medium":"https:\/\/www.bagesturisme.cat\/wp-content\/uploads\/2017\/01\/callus_caramelles_abril_fortuny-010.jpg","blog-medium-width":304,"blog-medium-height":202,"recent-posts":"https:\/\/www.bagesturisme.cat\/wp-content\/uploads\/2017\/01\/callus_caramelles_abril_fortuny-010.jpg","recent-posts-width":663,"recent-posts-height":441,"recent-works-thumbnail":"https:\/\/www.bagesturisme.cat\/wp-content\/uploads\/2017\/01\/callus_caramelles_abril_fortuny-010.jpg","recent-works-thumbnail-width":66,"recent-works-thumbnail-height":44,"fusion-200":"https:\/\/www.bagesturisme.cat\/wp-content\/uploads\/2017\/01\/callus_caramelles_abril_fortuny-010.jpg","fusion-200-width":200,"fusion-200-height":133,"fusion-400":"https:\/\/www.bagesturisme.cat\/wp-content\/uploads\/2017\/01\/callus_caramelles_abril_fortuny-010.jpg","fusion-400-width":400,"fusion-400-height":266,"fusion-600":"https:\/\/www.bagesturisme.cat\/wp-content\/uploads\/2017\/01\/callus_caramelles_abril_fortuny-010.jpg","fusion-600-width":600,"fusion-600-height":399,"fusion-800":"https:\/\/www.bagesturisme.cat\/wp-content\/uploads\/2017\/01\/callus_caramelles_abril_fortuny-010.jpg","fusion-800-width":800,"fusion-800-height":532,"fusion-1200":"https:\/\/www.bagesturisme.cat\/wp-content\/uploads\/2017\/01\/callus_caramelles_abril_fortuny-010.jpg","fusion-1200-width":1200,"fusion-1200-height":799,"portfolio-full":"https:\/\/www.bagesturisme.cat\/wp-content\/uploads\/2017\/01\/callus_caramelles_abril_fortuny-010.jpg","portfolio-full-width":601,"portfolio-full-height":400,"portfolio-one":"https:\/\/www.bagesturisme.cat\/wp-content\/uploads\/2017\/01\/callus_caramelles_abril_fortuny-010.jpg","portfolio-one-width":409,"portfolio-one-height":272,"portfolio-two":"https:\/\/www.bagesturisme.cat\/wp-content\/uploads\/2017\/01\/callus_caramelles_abril_fortuny-010.jpg","portfolio-two-width":443,"portfolio-two-height":295,"portfolio-three":"https:\/\/www.bagesturisme.cat\/wp-content\/uploads\/2017\/01\/callus_caramelles_abril_fortuny-010.jpg","portfolio-three-width":300,"portfolio-three-height":200,"portfolio-five":"https:\/\/www.bagesturisme.cat\/wp-content\/uploads\/2017\/01\/callus_caramelles_abril_fortuny-010.jpg","portfolio-five-width":177,"portfolio-five-height":118}},{"ID":12691,"id":12691,"title":"callus_caramelles_abril_fortuny-002","filename":"callus_caramelles_abril_fortuny-002.jpg","filesize":1525868,"url":"https:\/\/www.bagesturisme.cat\/wp-content\/uploads\/2017\/01\/callus_caramelles_abril_fortuny-002.jpg","link":"https:\/\/www.bagesturisme.cat\/es\/esdeveniments\/les-caramelles\/callus_caramelles_abril_fortuny-002\/","alt":"","author":"3","description":"","caption":"","name":"callus_caramelles_abril_fortuny-002","status":"inherit","uploaded_to":510,"date":"2023-03-27 07:04:41","modified":"2023-03-27 07:04:41","menu_order":0,"mime_type":"image\/jpeg","type":"image","subtype":"jpeg","icon":"https:\/\/www.bagesturisme.cat\/wp-includes\/images\/media\/default.png","width":2200,"height":1464,"sizes":{"thumbnail":"https:\/\/www.bagesturisme.cat\/wp-content\/uploads\/2017\/01\/callus_caramelles_abril_fortuny-002-150x150.jpg","thumbnail-width":150,"thumbnail-height":150,"medium":"https:\/\/www.bagesturisme.cat\/wp-content\/uploads\/2017\/01\/callus_caramelles_abril_fortuny-002-601x400.jpg","medium-width":601,"medium-height":400,"medium_large":"https:\/\/www.bagesturisme.cat\/wp-content\/uploads\/2017\/01\/callus_caramelles_abril_fortuny-002-768x511.jpg","medium_large-width":768,"medium_large-height":511,"large":"https:\/\/www.bagesturisme.cat\/wp-content\/uploads\/2017\/01\/callus_caramelles_abril_fortuny-002-1280x852.jpg","large-width":1170,"large-height":779,"1536x1536":"https:\/\/www.bagesturisme.cat\/wp-content\/uploads\/2017\/01\/callus_caramelles_abril_fortuny-002-1536x1022.jpg","1536x1536-width":1536,"1536x1536-height":1022,"2048x2048":"https:\/\/www.bagesturisme.cat\/wp-content\/uploads\/2017\/01\/callus_caramelles_abril_fortuny-002-2048x1363.jpg","2048x2048-width":2048,"2048x2048-height":1363,"blog-large":"https:\/\/www.bagesturisme.cat\/wp-content\/uploads\/2017\/01\/callus_caramelles_abril_fortuny-002.jpg","blog-large-width":409,"blog-large-height":272,"blog-medium":"https:\/\/www.bagesturisme.cat\/wp-content\/uploads\/2017\/01\/callus_caramelles_abril_fortuny-002.jpg","blog-medium-width":304,"blog-medium-height":202,"recent-posts":"https:\/\/www.bagesturisme.cat\/wp-content\/uploads\/2017\/01\/callus_caramelles_abril_fortuny-002.jpg","recent-posts-width":663,"recent-posts-height":441,"recent-works-thumbnail":"https:\/\/www.bagesturisme.cat\/wp-content\/uploads\/2017\/01\/callus_caramelles_abril_fortuny-002.jpg","recent-works-thumbnail-width":66,"recent-works-thumbnail-height":44,"fusion-200":"https:\/\/www.bagesturisme.cat\/wp-content\/uploads\/2017\/01\/callus_caramelles_abril_fortuny-002.jpg","fusion-200-width":200,"fusion-200-height":133,"fusion-400":"https:\/\/www.bagesturisme.cat\/wp-content\/uploads\/2017\/01\/callus_caramelles_abril_fortuny-002.jpg","fusion-400-width":400,"fusion-400-height":266,"fusion-600":"https:\/\/www.bagesturisme.cat\/wp-content\/uploads\/2017\/01\/callus_caramelles_abril_fortuny-002.jpg","fusion-600-width":600,"fusion-600-height":399,"fusion-800":"https:\/\/www.bagesturisme.cat\/wp-content\/uploads\/2017\/01\/callus_caramelles_abril_fortuny-002.jpg","fusion-800-width":800,"fusion-800-height":532,"fusion-1200":"https:\/\/www.bagesturisme.cat\/wp-content\/uploads\/2017\/01\/callus_caramelles_abril_fortuny-002.jpg","fusion-1200-width":1200,"fusion-1200-height":799,"portfolio-full":"https:\/\/www.bagesturisme.cat\/wp-content\/uploads\/2017\/01\/callus_caramelles_abril_fortuny-002.jpg","portfolio-full-width":601,"portfolio-full-height":400,"portfolio-one":"https:\/\/www.bagesturisme.cat\/wp-content\/uploads\/2017\/01\/callus_caramelles_abril_fortuny-002.jpg","portfolio-one-width":409,"portfolio-one-height":272,"portfolio-two":"https:\/\/www.bagesturisme.cat\/wp-content\/uploads\/2017\/01\/callus_caramelles_abril_fortuny-002.jpg","portfolio-two-width":443,"portfolio-two-height":295,"portfolio-three":"https:\/\/www.bagesturisme.cat\/wp-content\/uploads\/2017\/01\/callus_caramelles_abril_fortuny-002.jpg","portfolio-three-width":300,"portfolio-three-height":200,"portfolio-five":"https:\/\/www.bagesturisme.cat\/wp-content\/uploads\/2017\/01\/callus_caramelles_abril_fortuny-002.jpg","portfolio-five-width":177,"portfolio-five-height":118}},{"ID":12692,"id":12692,"title":"callus_caramelles_abril_fortuny-005","filename":"callus_caramelles_abril_fortuny-005.jpg","filesize":1611316,"url":"https:\/\/www.bagesturisme.cat\/wp-content\/uploads\/2017\/01\/callus_caramelles_abril_fortuny-005.jpg","link":"https:\/\/www.bagesturisme.cat\/es\/esdeveniments\/les-caramelles\/callus_caramelles_abril_fortuny-005\/","alt":"","author":"3","description":"","caption":"","name":"callus_caramelles_abril_fortuny-005","status":"inherit","uploaded_to":510,"date":"2023-03-27 07:04:44","modified":"2023-03-27 07:04:44","menu_order":0,"mime_type":"image\/jpeg","type":"image","subtype":"jpeg","icon":"https:\/\/www.bagesturisme.cat\/wp-includes\/images\/media\/default.png","width":2200,"height":1464,"sizes":{"thumbnail":"https:\/\/www.bagesturisme.cat\/wp-content\/uploads\/2017\/01\/callus_caramelles_abril_fortuny-005-150x150.jpg","thumbnail-width":150,"thumbnail-height":150,"medium":"https:\/\/www.bagesturisme.cat\/wp-content\/uploads\/2017\/01\/callus_caramelles_abril_fortuny-005-601x400.jpg","medium-width":601,"medium-height":400,"medium_large":"https:\/\/www.bagesturisme.cat\/wp-content\/uploads\/2017\/01\/callus_caramelles_abril_fortuny-005-768x511.jpg","medium_large-width":768,"medium_large-height":511,"large":"https:\/\/www.bagesturisme.cat\/wp-content\/uploads\/2017\/01\/callus_caramelles_abril_fortuny-005-1280x852.jpg","large-width":1170,"large-height":779,"1536x1536":"https:\/\/www.bagesturisme.cat\/wp-content\/uploads\/2017\/01\/callus_caramelles_abril_fortuny-005-1536x1022.jpg","1536x1536-width":1536,"1536x1536-height":1022,"2048x2048":"https:\/\/www.bagesturisme.cat\/wp-content\/uploads\/2017\/01\/callus_caramelles_abril_fortuny-005-2048x1363.jpg","2048x2048-width":2048,"2048x2048-height":1363,"blog-large":"https:\/\/www.bagesturisme.cat\/wp-content\/uploads\/2017\/01\/callus_caramelles_abril_fortuny-005.jpg","blog-large-width":409,"blog-large-height":272,"blog-medium":"https:\/\/www.bagesturisme.cat\/wp-content\/uploads\/2017\/01\/callus_caramelles_abril_fortuny-005.jpg","blog-medium-width":304,"blog-medium-height":202,"recent-posts":"https:\/\/www.bagesturisme.cat\/wp-content\/uploads\/2017\/01\/callus_caramelles_abril_fortuny-005.jpg","recent-posts-width":663,"recent-posts-height":441,"recent-works-thumbnail":"https:\/\/www.bagesturisme.cat\/wp-content\/uploads\/2017\/01\/callus_caramelles_abril_fortuny-005.jpg","recent-works-thumbnail-width":66,"recent-works-thumbnail-height":44,"fusion-200":"https:\/\/www.bagesturisme.cat\/wp-content\/uploads\/2017\/01\/callus_caramelles_abril_fortuny-005.jpg","fusion-200-width":200,"fusion-200-height":133,"fusion-400":"https:\/\/www.bagesturisme.cat\/wp-content\/uploads\/2017\/01\/callus_caramelles_abril_fortuny-005.jpg","fusion-400-width":400,"fusion-400-height":266,"fusion-600":"https:\/\/www.bagesturisme.cat\/wp-content\/uploads\/2017\/01\/callus_caramelles_abril_fortuny-005.jpg","fusion-600-width":600,"fusion-600-height":399,"fusion-800":"https:\/\/www.bagesturisme.cat\/wp-content\/uploads\/2017\/01\/callus_caramelles_abril_fortuny-005.jpg","fusion-800-width":800,"fusion-800-height":532,"fusion-1200":"https:\/\/www.bagesturisme.cat\/wp-content\/uploads\/2017\/01\/callus_caramelles_abril_fortuny-005.jpg","fusion-1200-width":1200,"fusion-1200-height":799,"portfolio-full":"https:\/\/www.bagesturisme.cat\/wp-content\/uploads\/2017\/01\/callus_caramelles_abril_fortuny-005.jpg","portfolio-full-width":601,"portfolio-full-height":400,"portfolio-one":"https:\/\/www.bagesturisme.cat\/wp-content\/uploads\/2017\/01\/callus_caramelles_abril_fortuny-005.jpg","portfolio-one-width":409,"portfolio-one-height":272,"portfolio-two":"https:\/\/www.bagesturisme.cat\/wp-content\/uploads\/2017\/01\/callus_caramelles_abril_fortuny-005.jpg","portfolio-two-width":443,"portfolio-two-height":295,"portfolio-three":"https:\/\/www.bagesturisme.cat\/wp-content\/uploads\/2017\/01\/callus_caramelles_abril_fortuny-005.jpg","portfolio-three-width":300,"portfolio-three-height":200,"portfolio-five":"https:\/\/www.bagesturisme.cat\/wp-content\/uploads\/2017\/01\/callus_caramelles_abril_fortuny-005.jpg","portfolio-five-width":177,"portfolio-five-height":118}},{"ID":12693,"id":12693,"title":"caramelles callus","filename":"caramelles-callus.png","filesize":728439,"url":"https:\/\/www.bagesturisme.cat\/wp-content\/uploads\/2017\/01\/caramelles-callus.png","link":"https:\/\/www.bagesturisme.cat\/es\/esdeveniments\/les-caramelles\/caramelles-callus\/","alt":"","author":"3","description":"","caption":"","name":"caramelles-callus","status":"inherit","uploaded_to":510,"date":"2023-03-27 07:19:43","modified":"2023-03-27 07:19:46","menu_order":0,"mime_type":"image\/png","type":"image","subtype":"png","icon":"https:\/\/www.bagesturisme.cat\/wp-includes\/images\/media\/default.png","width":1523,"height":859,"sizes":{"thumbnail":"https:\/\/www.bagesturisme.cat\/wp-content\/uploads\/2017\/01\/caramelles-callus-150x150.png","thumbnail-width":150,"thumbnail-height":150,"medium":"https:\/\/www.bagesturisme.cat\/wp-content\/uploads\/2017\/01\/caramelles-callus-709x400.png","medium-width":709,"medium-height":400,"medium_large":"https:\/\/www.bagesturisme.cat\/wp-content\/uploads\/2017\/01\/caramelles-callus-768x433.png","medium_large-width":768,"medium_large-height":433,"large":"https:\/\/www.bagesturisme.cat\/wp-content\/uploads\/2017\/01\/caramelles-callus-1280x722.png","large-width":1170,"large-height":660,"1536x1536":"https:\/\/www.bagesturisme.cat\/wp-content\/uploads\/2017\/01\/caramelles-callus.png","1536x1536-width":1523,"1536x1536-height":859,"2048x2048":"https:\/\/www.bagesturisme.cat\/wp-content\/uploads\/2017\/01\/caramelles-callus.png","2048x2048-width":1523,"2048x2048-height":859,"blog-large":"https:\/\/www.bagesturisme.cat\/wp-content\/uploads\/2017\/01\/caramelles-callus.png","blog-large-width":482,"blog-large-height":272,"blog-medium":"https:\/\/www.bagesturisme.cat\/wp-content\/uploads\/2017\/01\/caramelles-callus.png","blog-medium-width":320,"blog-medium-height":180,"recent-posts":"https:\/\/www.bagesturisme.cat\/wp-content\/uploads\/2017\/01\/caramelles-callus.png","recent-posts-width":700,"recent-posts-height":395,"recent-works-thumbnail":"https:\/\/www.bagesturisme.cat\/wp-content\/uploads\/2017\/01\/caramelles-callus.png","recent-works-thumbnail-width":66,"recent-works-thumbnail-height":37,"fusion-200":"https:\/\/www.bagesturisme.cat\/wp-content\/uploads\/2017\/01\/caramelles-callus.png","fusion-200-width":200,"fusion-200-height":113,"fusion-400":"https:\/\/www.bagesturisme.cat\/wp-content\/uploads\/2017\/01\/caramelles-callus.png","fusion-400-width":400,"fusion-400-height":226,"fusion-600":"https:\/\/www.bagesturisme.cat\/wp-content\/uploads\/2017\/01\/caramelles-callus.png","fusion-600-width":600,"fusion-600-height":338,"fusion-800":"https:\/\/www.bagesturisme.cat\/wp-content\/uploads\/2017\/01\/caramelles-callus.png","fusion-800-width":800,"fusion-800-height":451,"fusion-1200":"https:\/\/www.bagesturisme.cat\/wp-content\/uploads\/2017\/01\/caramelles-callus.png","fusion-1200-width":1200,"fusion-1200-height":677,"portfolio-full":"https:\/\/www.bagesturisme.cat\/wp-content\/uploads\/2017\/01\/caramelles-callus.png","portfolio-full-width":709,"portfolio-full-height":400,"portfolio-one":"https:\/\/www.bagesturisme.cat\/wp-content\/uploads\/2017\/01\/caramelles-callus.png","portfolio-one-width":482,"portfolio-one-height":272,"portfolio-two":"https:\/\/www.bagesturisme.cat\/wp-content\/uploads\/2017\/01\/caramelles-callus.png","portfolio-two-width":460,"portfolio-two-height":259,"portfolio-three":"https:\/\/www.bagesturisme.cat\/wp-content\/uploads\/2017\/01\/caramelles-callus.png","portfolio-three-width":300,"portfolio-three-height":169,"portfolio-five":"https:\/\/www.bagesturisme.cat\/wp-content\/uploads\/2017\/01\/caramelles-callus.png","portfolio-five-width":177,"portfolio-five-height":100}}]},"_links":{"self":[{"href":"https:\/\/www.bagesturisme.cat\/es\/wp-json\/wp\/v2\/agenda\/510","targetHints":{"allow":["GET"]}}],"collection":[{"href":"https:\/\/www.bagesturisme.cat\/es\/wp-json\/wp\/v2\/agenda"}],"about":[{"href":"https:\/\/www.bagesturisme.cat\/es\/wp-json\/wp\/v2\/types\/agenda"}],"wp:featuredmedia":[{"embeddable":true,"href":"https:\/\/www.bagesturisme.cat\/es\/wp-json\/wp\/v2\/media\/12691"}],"wp:attachment":[{"href":"https:\/\/www.bagesturisme.cat\/es\/wp-json\/wp\/v2\/media?parent=510"}],"wp:term":[{"taxonomy":"post_tag","embeddable":true,"href":"https:\/\/www.bagesturisme.cat\/es\/wp-json\/wp\/v2\/tags?post=510"}],"curies":[{"name":"wp","href":"https:\/\/api.w.org\/{rel}","templated":true}]}}