{"id":15725,"date":"2025-07-03T11:31:40","date_gmt":"2025-07-03T10:31:40","guid":{"rendered":"https:\/\/bagesturisme.cat\/?post_type=agenda&#038;p=15725"},"modified":"2025-07-04T10:18:23","modified_gmt":"2025-07-04T09:18:23","slug":"fira-mediterrania","status":"publish","type":"agenda","link":"https:\/\/www.bagesturisme.cat\/es\/esdeveniments\/fira-mediterrania\/","title":{"rendered":"Fira mediterr\u00e0nia"},"content":{"rendered":"La Fira Mediterr\u00e0nia es el mercado de espect\u00e1culos que, con la tradici\u00f3n mediterr\u00e1nea como eje, se ha convertido en un evento de referencia para los amantes de la cultura popular y las m\u00fasicas del mundo.<\/p>\n<p><strong>www.firamediterrania.cat<\/strong>","protected":false},"featured_media":15727,"template":"","tags":[],"class_list":["post-15725","agenda","type-agenda","status-publish","has-post-thumbnail","hentry","municipi-manresa"],"acf":{"data_ordre":"20251009","ordre_final":"20251012","data_actual":"09\/10\/2025","data_general":"octubre-novembre","entitat":"","adreca":"","telefon":"","email":"","web":"","web_entitat":"","accessible":false,"gratis":false,"galeria":false,"ubicacio":false},"_links":{"self":[{"href":"https:\/\/www.bagesturisme.cat\/es\/wp-json\/wp\/v2\/agenda\/15725","targetHints":{"allow":["GET"]}}],"collection":[{"href":"https:\/\/www.bagesturisme.cat\/es\/wp-json\/wp\/v2\/agenda"}],"about":[{"href":"https:\/\/www.bagesturisme.cat\/es\/wp-json\/wp\/v2\/types\/agenda"}],"wp:featuredmedia":[{"embeddable":true,"href":"https:\/\/www.bagesturisme.cat\/es\/wp-json\/wp\/v2\/media\/15727"}],"wp:attachment":[{"href":"https:\/\/www.bagesturisme.cat\/es\/wp-json\/wp\/v2\/media?parent=15725"}],"wp:term":[{"taxonomy":"post_tag","embeddable":true,"href":"https:\/\/www.bagesturisme.cat\/es\/wp-json\/wp\/v2\/tags?post=15725"}],"curies":[{"name":"wp","href":"https:\/\/api.w.org\/{rel}","templated":true}]}}