{"id":475,"date":"2017-01-24T17:37:16","date_gmt":"2017-01-24T16:37:16","guid":{"rendered":"https:\/\/bagesturisme.cat\/activitat\/engonca-i-el-judici-de-fals\/"},"modified":"2024-03-05T10:44:44","modified_gmt":"2024-03-05T09:44:44","slug":"engonca-i-el-judici-de-fals","status":"publish","type":"activitats","link":"https:\/\/www.bagesturisme.cat\/es\/activitat\/engonca-i-el-judici-de-fals\/","title":{"rendered":"Las Torres de Fals"},"content":{"rendered":"Las Torres de Fals son un conjunto monumental con m\u00e1s de 1.000 a\u00f1os de historia. La torre m\u00e1s alta del Bages se levanta entre dos torrentes, formando un paraje natural de una extraordinaria belleza. Un lugar donde descubrir la historia de los <a href=\"https:\/\/bagesturisme.cat\/wp-content\/uploads\/2023\/04\/WEB_MAPA_CASTELLS_2022.pdf\">castillos de frontera<\/a> y la vida de la vizcondesa Engon\u00e7a de Cardona y Fals.<\/p>\n<p>Puedes disfrutar de una visita guiada por el exterior del conjunto monumental de las Torres de Falso y el interior del espacio museizado de la Iglesia de Sant Vicen\u00e7, con la visualizaci\u00f3n del audiovisual del testamento de Engon\u00e7a. El tercer domingo de mes, a las 10 y a las 11:30 (es necesario hacer reserva previa <a href=\"https:\/\/fonollosaturisme.cat\/esdeveniments\/\">aqu\u00ed<\/a>).","protected":false},"author":15,"featured_media":13920,"template":"","tags":[],"class_list":["post-475","activitats","type-activitats","status-publish","has-post-thumbnail","hentry","municipi-fonollosa","tipus-cultura","indicadors-familiar","indicadors-mobilitat-reduida","indicadors-activitat-guiada","indicadors-a-partir-de-7-anys","idiomes-catala","idiomes-castella","idiomes-angles","idiomes-frances"],"acf":{"entitat":"Ajuntament de Fonollosa","adreca":"Carrer de l\u2019Esgl\u00e9sia, s\/n, Fonollosa","telefon":"699780877","email":"cuellarbm@fonollosa.cat","web":"www.fonollosaturisme.cat","galeria":[{"ID":10934,"id":10934,"title":"Interior Torres de Fals","filename":"TorresFals_005.jpg","filesize":148545,"url":"https:\/\/www.bagesturisme.cat\/wp-content\/uploads\/2022\/02\/TorresFals_005.jpg","link":"https:\/\/www.bagesturisme.cat\/es\/servei-empreses\/torres-de-fals\/torresfals_005\/","alt":"","author":"3","description":"","caption":"","name":"torresfals_005","status":"inherit","uploaded_to":10933,"date":"2022-02-11 09:28:36","modified":"2023-08-23 09:24:34","menu_order":0,"mime_type":"image\/jpeg","type":"image","subtype":"jpeg","icon":"https:\/\/www.bagesturisme.cat\/wp-includes\/images\/media\/default.png","width":768,"height":614,"sizes":{"thumbnail":"https:\/\/www.bagesturisme.cat\/wp-content\/uploads\/2022\/02\/TorresFals_005-150x150.jpg","thumbnail-width":150,"thumbnail-height":150,"medium":"https:\/\/www.bagesturisme.cat\/wp-content\/uploads\/2022\/02\/TorresFals_005-500x400.jpg","medium-width":500,"medium-height":400,"medium_large":"https:\/\/www.bagesturisme.cat\/wp-content\/uploads\/2022\/02\/TorresFals_005.jpg","medium_large-width":768,"medium_large-height":614,"large":"https:\/\/www.bagesturisme.cat\/wp-content\/uploads\/2022\/02\/TorresFals_005.jpg","large-width":768,"large-height":614,"1536x1536":"https:\/\/www.bagesturisme.cat\/wp-content\/uploads\/2022\/02\/TorresFals_005.jpg","1536x1536-width":768,"1536x1536-height":614,"2048x2048":"https:\/\/www.bagesturisme.cat\/wp-content\/uploads\/2022\/02\/TorresFals_005.jpg","2048x2048-width":768,"2048x2048-height":614,"blog-large":"https:\/\/www.bagesturisme.cat\/wp-content\/uploads\/2022\/02\/TorresFals_005.jpg","blog-large-width":340,"blog-large-height":272,"blog-medium":"https:\/\/www.bagesturisme.cat\/wp-content\/uploads\/2022\/02\/TorresFals_005.jpg","blog-medium-width":253,"blog-medium-height":202,"recent-posts":"https:\/\/www.bagesturisme.cat\/wp-content\/uploads\/2022\/02\/TorresFals_005.jpg","recent-posts-width":552,"recent-posts-height":441,"recent-works-thumbnail":"https:\/\/www.bagesturisme.cat\/wp-content\/uploads\/2022\/02\/TorresFals_005.jpg","recent-works-thumbnail-width":66,"recent-works-thumbnail-height":53,"fusion-200":"https:\/\/www.bagesturisme.cat\/wp-content\/uploads\/2022\/02\/TorresFals_005.jpg","fusion-200-width":200,"fusion-200-height":160,"fusion-400":"https:\/\/www.bagesturisme.cat\/wp-content\/uploads\/2022\/02\/TorresFals_005.jpg","fusion-400-width":400,"fusion-400-height":320,"fusion-600":"https:\/\/www.bagesturisme.cat\/wp-content\/uploads\/2022\/02\/TorresFals_005.jpg","fusion-600-width":600,"fusion-600-height":480,"fusion-800":"https:\/\/www.bagesturisme.cat\/wp-content\/uploads\/2022\/02\/TorresFals_005.jpg","fusion-800-width":768,"fusion-800-height":614,"fusion-1200":"https:\/\/www.bagesturisme.cat\/wp-content\/uploads\/2022\/02\/TorresFals_005.jpg","fusion-1200-width":768,"fusion-1200-height":614,"portfolio-full":"https:\/\/www.bagesturisme.cat\/wp-content\/uploads\/2022\/02\/TorresFals_005.jpg","portfolio-full-width":500,"portfolio-full-height":400,"portfolio-one":"https:\/\/www.bagesturisme.cat\/wp-content\/uploads\/2022\/02\/TorresFals_005.jpg","portfolio-one-width":340,"portfolio-one-height":272,"portfolio-two":"https:\/\/www.bagesturisme.cat\/wp-content\/uploads\/2022\/02\/TorresFals_005.jpg","portfolio-two-width":369,"portfolio-two-height":295,"portfolio-three":"https:\/\/www.bagesturisme.cat\/wp-content\/uploads\/2022\/02\/TorresFals_005.jpg","portfolio-three-width":268,"portfolio-three-height":214,"portfolio-five":"https:\/\/www.bagesturisme.cat\/wp-content\/uploads\/2022\/02\/TorresFals_005.jpg","portfolio-five-width":177,"portfolio-five-height":142}},{"ID":4672,"id":4672,"title":"Torres de Fals","filename":"CIMG7154.jpg","filesize":6501058,"url":"https:\/\/www.bagesturisme.cat\/wp-content\/uploads\/2017\/10\/CIMG7154.jpg","link":"https:\/\/www.bagesturisme.cat\/es\/cimg7154\/","alt":"","author":"15","description":"","caption":"Torres de Fals","name":"cimg7154","status":"inherit","uploaded_to":0,"date":"2017-10-10 09:41:43","modified":"2023-08-23 09:24:37","menu_order":0,"mime_type":"image\/jpeg","type":"image","subtype":"jpeg","icon":"https:\/\/www.bagesturisme.cat\/wp-includes\/images\/media\/default.png","width":3240,"height":4320,"sizes":{"thumbnail":"https:\/\/www.bagesturisme.cat\/wp-content\/uploads\/2017\/10\/CIMG7154-150x150.jpg","thumbnail-width":150,"thumbnail-height":150,"medium":"https:\/\/www.bagesturisme.cat\/wp-content\/uploads\/2017\/10\/CIMG7154-300x400.jpg","medium-width":300,"medium-height":400,"medium_large":"https:\/\/www.bagesturisme.cat\/wp-content\/uploads\/2017\/10\/CIMG7154-768x1024.jpg","medium_large-width":768,"medium_large-height":1024,"large":"https:\/\/www.bagesturisme.cat\/wp-content\/uploads\/2017\/10\/CIMG7154-768x1024.jpg","large-width":768,"large-height":1024,"1536x1536":"https:\/\/www.bagesturisme.cat\/wp-content\/uploads\/2017\/10\/CIMG7154.jpg","1536x1536-width":1152,"1536x1536-height":1536,"2048x2048":"https:\/\/www.bagesturisme.cat\/wp-content\/uploads\/2017\/10\/CIMG7154.jpg","2048x2048-width":1536,"2048x2048-height":2048,"blog-large":"https:\/\/www.bagesturisme.cat\/wp-content\/uploads\/2017\/10\/CIMG7154.jpg","blog-large-width":204,"blog-large-height":272,"blog-medium":"https:\/\/www.bagesturisme.cat\/wp-content\/uploads\/2017\/10\/CIMG7154.jpg","blog-medium-width":152,"blog-medium-height":202,"recent-posts":"https:\/\/www.bagesturisme.cat\/wp-content\/uploads\/2017\/10\/CIMG7154.jpg","recent-posts-width":331,"recent-posts-height":441,"recent-works-thumbnail":"https:\/\/www.bagesturisme.cat\/wp-content\/uploads\/2017\/10\/CIMG7154.jpg","recent-works-thumbnail-width":50,"recent-works-thumbnail-height":66,"fusion-200":"https:\/\/www.bagesturisme.cat\/wp-content\/uploads\/2017\/10\/CIMG7154.jpg","fusion-200-width":200,"fusion-200-height":267,"fusion-400":"https:\/\/www.bagesturisme.cat\/wp-content\/uploads\/2017\/10\/CIMG7154.jpg","fusion-400-width":400,"fusion-400-height":533,"fusion-600":"https:\/\/www.bagesturisme.cat\/wp-content\/uploads\/2017\/10\/CIMG7154.jpg","fusion-600-width":600,"fusion-600-height":800,"fusion-800":"https:\/\/www.bagesturisme.cat\/wp-content\/uploads\/2017\/10\/CIMG7154.jpg","fusion-800-width":800,"fusion-800-height":1067,"fusion-1200":"https:\/\/www.bagesturisme.cat\/wp-content\/uploads\/2017\/10\/CIMG7154.jpg","fusion-1200-width":1200,"fusion-1200-height":1600,"portfolio-full":"https:\/\/www.bagesturisme.cat\/wp-content\/uploads\/2017\/10\/CIMG7154.jpg","portfolio-full-width":300,"portfolio-full-height":400,"portfolio-one":"https:\/\/www.bagesturisme.cat\/wp-content\/uploads\/2017\/10\/CIMG7154.jpg","portfolio-one-width":204,"portfolio-one-height":272,"portfolio-two":"https:\/\/www.bagesturisme.cat\/wp-content\/uploads\/2017\/10\/CIMG7154.jpg","portfolio-two-width":221,"portfolio-two-height":295,"portfolio-three":"https:\/\/www.bagesturisme.cat\/wp-content\/uploads\/2017\/10\/CIMG7154.jpg","portfolio-three-width":161,"portfolio-three-height":214,"portfolio-five":"https:\/\/www.bagesturisme.cat\/wp-content\/uploads\/2017\/10\/CIMG7154.jpg","portfolio-five-width":107,"portfolio-five-height":142}}],"ubicacio":{"address":"C. Pla de la Vila, 21. Fonollosa","lat":"41.76119","lng":"1.7426399999999376"},"link-venda":""},"_links":{"self":[{"href":"https:\/\/www.bagesturisme.cat\/es\/wp-json\/wp\/v2\/activitats\/475","targetHints":{"allow":["GET"]}}],"collection":[{"href":"https:\/\/www.bagesturisme.cat\/es\/wp-json\/wp\/v2\/activitats"}],"about":[{"href":"https:\/\/www.bagesturisme.cat\/es\/wp-json\/wp\/v2\/types\/activitats"}],"author":[{"embeddable":true,"href":"https:\/\/www.bagesturisme.cat\/es\/wp-json\/wp\/v2\/users\/15"}],"version-history":[{"count":15,"href":"https:\/\/www.bagesturisme.cat\/es\/wp-json\/wp\/v2\/activitats\/475\/revisions"}],"predecessor-version":[{"id":13924,"href":"https:\/\/www.bagesturisme.cat\/es\/wp-json\/wp\/v2\/activitats\/475\/revisions\/13924"}],"wp:featuredmedia":[{"embeddable":true,"href":"https:\/\/www.bagesturisme.cat\/es\/wp-json\/wp\/v2\/media\/13920"}],"wp:attachment":[{"href":"https:\/\/www.bagesturisme.cat\/es\/wp-json\/wp\/v2\/media?parent=475"}],"wp:term":[{"taxonomy":"post_tag","embeddable":true,"href":"https:\/\/www.bagesturisme.cat\/es\/wp-json\/wp\/v2\/tags?post=475"}],"curies":[{"name":"wp","href":"https:\/\/api.w.org\/{rel}","templated":true}]}}