{"id":395,"date":"2017-01-24T17:37:06","date_gmt":"2017-01-24T16:37:06","guid":{"rendered":"https:\/\/bagesturisme.cat\/activitat\/el-centre-historic-de-cardona\/"},"modified":"2021-04-20T14:08:07","modified_gmt":"2021-04-20T13:08:07","slug":"centre-historic-cardona","status":"publish","type":"activitats","link":"https:\/\/www.bagesturisme.cat\/es\/activitat\/centre-historic-cardona\/","title":{"rendered":"El centro hist\u00f3rico de Cardona."},"content":{"rendered":"Respira la efervescencia social y econ\u00f3mica de la Baja Edad Media. A los pies de su imponente castillo, el centro hist\u00f3rico de Cardona se extiende a trav\u00e9s de un entramado de calles estrechas con majestuosos palacetes y obras singulares, tanto civiles como religiosas. Una visita guiada desde el Centre Cardona Medieval, culminada con la cocina con recetas aut\u00f3ctonas de los restaurantes de la ciudad, es una gran opci\u00f3n en cualquier \u00e9poca del a\u00f1o.","protected":false},"author":10,"featured_media":9843,"template":"","tags":[],"class_list":["post-395","activitats","type-activitats","status-publish","has-post-thumbnail","hentry","municipi-cardona","tipus-cultura","indicadors-mobilitat-reduida","indicadors-activitat-guiada","indicadors-recomanada-a-partir-de-10-anys","indicadors-activitat-top","idiomes-catala","idiomes-castella"],"acf":{"entitat":"Fundaci\u00f3 Cardona Hist\u00f2rica","adreca":"Pl. de la Fira s\/n, Cardona","telefon":"93 869 24 75","email":"informacio@cardonaturisme.cat","web":"http:\/\/www.cardonaturisme.cat","galeria":[{"ID":9843,"id":9843,"title":"Cardona centre hist\u00f2ric Bages","filename":"DSC8506_BA.jpg","filesize":3032799,"url":"https:\/\/www.bagesturisme.cat\/wp-content\/uploads\/2017\/01\/DSC8506_BA.jpg","link":"https:\/\/www.bagesturisme.cat\/es\/activitat\/centre-historic-cardona\/_dsc8506_ba\/","alt":"","author":"3","description":"","caption":"","name":"_dsc8506_ba","status":"inherit","uploaded_to":395,"date":"2021-04-20 13:07:19","modified":"2021-04-20 13:07:47","menu_order":0,"mime_type":"image\/jpeg","type":"image","subtype":"jpeg","icon":"https:\/\/www.bagesturisme.cat\/wp-includes\/images\/media\/default.png","width":2362,"height":1575,"sizes":{"thumbnail":"https:\/\/www.bagesturisme.cat\/wp-content\/uploads\/2017\/01\/DSC8506_BA-150x150.jpg","thumbnail-width":150,"thumbnail-height":150,"medium":"https:\/\/www.bagesturisme.cat\/wp-content\/uploads\/2017\/01\/DSC8506_BA-600x400.jpg","medium-width":600,"medium-height":400,"medium_large":"https:\/\/www.bagesturisme.cat\/wp-content\/uploads\/2017\/01\/DSC8506_BA-768x512.jpg","medium_large-width":768,"medium_large-height":512,"large":"https:\/\/www.bagesturisme.cat\/wp-content\/uploads\/2017\/01\/DSC8506_BA-1280x854.jpg","large-width":1170,"large-height":781,"1536x1536":"https:\/\/www.bagesturisme.cat\/wp-content\/uploads\/2017\/01\/DSC8506_BA-1536x1024.jpg","1536x1536-width":1536,"1536x1536-height":1024,"2048x2048":"https:\/\/www.bagesturisme.cat\/wp-content\/uploads\/2017\/01\/DSC8506_BA-2048x1366.jpg","2048x2048-width":2048,"2048x2048-height":1366,"blog-large":"https:\/\/www.bagesturisme.cat\/wp-content\/uploads\/2017\/01\/DSC8506_BA.jpg","blog-large-width":408,"blog-large-height":272,"blog-medium":"https:\/\/www.bagesturisme.cat\/wp-content\/uploads\/2017\/01\/DSC8506_BA.jpg","blog-medium-width":303,"blog-medium-height":202,"recent-posts":"https:\/\/www.bagesturisme.cat\/wp-content\/uploads\/2017\/01\/DSC8506_BA.jpg","recent-posts-width":661,"recent-posts-height":441,"recent-works-thumbnail":"https:\/\/www.bagesturisme.cat\/wp-content\/uploads\/2017\/01\/DSC8506_BA.jpg","recent-works-thumbnail-width":66,"recent-works-thumbnail-height":44,"fusion-200":"https:\/\/www.bagesturisme.cat\/wp-content\/uploads\/2017\/01\/DSC8506_BA.jpg","fusion-200-width":200,"fusion-200-height":133,"fusion-400":"https:\/\/www.bagesturisme.cat\/wp-content\/uploads\/2017\/01\/DSC8506_BA.jpg","fusion-400-width":400,"fusion-400-height":267,"fusion-600":"https:\/\/www.bagesturisme.cat\/wp-content\/uploads\/2017\/01\/DSC8506_BA.jpg","fusion-600-width":600,"fusion-600-height":400,"fusion-800":"https:\/\/www.bagesturisme.cat\/wp-content\/uploads\/2017\/01\/DSC8506_BA.jpg","fusion-800-width":800,"fusion-800-height":533,"fusion-1200":"https:\/\/www.bagesturisme.cat\/wp-content\/uploads\/2017\/01\/DSC8506_BA.jpg","fusion-1200-width":1200,"fusion-1200-height":800,"portfolio-full":"https:\/\/www.bagesturisme.cat\/wp-content\/uploads\/2017\/01\/DSC8506_BA.jpg","portfolio-full-width":600,"portfolio-full-height":400,"portfolio-one":"https:\/\/www.bagesturisme.cat\/wp-content\/uploads\/2017\/01\/DSC8506_BA.jpg","portfolio-one-width":408,"portfolio-one-height":272,"portfolio-two":"https:\/\/www.bagesturisme.cat\/wp-content\/uploads\/2017\/01\/DSC8506_BA.jpg","portfolio-two-width":442,"portfolio-two-height":295,"portfolio-three":"https:\/\/www.bagesturisme.cat\/wp-content\/uploads\/2017\/01\/DSC8506_BA.jpg","portfolio-three-width":300,"portfolio-three-height":200,"portfolio-five":"https:\/\/www.bagesturisme.cat\/wp-content\/uploads\/2017\/01\/DSC8506_BA.jpg","portfolio-five-width":177,"portfolio-five-height":118}},{"ID":9844,"id":9844,"title":"Cardona centre hist\u00f2ric Bages","filename":"DSC8354_BA.jpg","filesize":2680444,"url":"https:\/\/www.bagesturisme.cat\/wp-content\/uploads\/2017\/01\/DSC8354_BA.jpg","link":"https:\/\/www.bagesturisme.cat\/es\/activitat\/centre-historic-cardona\/_dsc8354_ba\/","alt":"","author":"3","description":"","caption":"","name":"_dsc8354_ba","status":"inherit","uploaded_to":395,"date":"2021-04-20 13:07:35","modified":"2021-04-20 13:07:59","menu_order":0,"mime_type":"image\/jpeg","type":"image","subtype":"jpeg","icon":"https:\/\/www.bagesturisme.cat\/wp-includes\/images\/media\/default.png","width":2362,"height":1576,"sizes":{"thumbnail":"https:\/\/www.bagesturisme.cat\/wp-content\/uploads\/2017\/01\/DSC8354_BA-150x150.jpg","thumbnail-width":150,"thumbnail-height":150,"medium":"https:\/\/www.bagesturisme.cat\/wp-content\/uploads\/2017\/01\/DSC8354_BA-599x400.jpg","medium-width":599,"medium-height":400,"medium_large":"https:\/\/www.bagesturisme.cat\/wp-content\/uploads\/2017\/01\/DSC8354_BA-768x512.jpg","medium_large-width":768,"medium_large-height":512,"large":"https:\/\/www.bagesturisme.cat\/wp-content\/uploads\/2017\/01\/DSC8354_BA-1280x854.jpg","large-width":1170,"large-height":781,"1536x1536":"https:\/\/www.bagesturisme.cat\/wp-content\/uploads\/2017\/01\/DSC8354_BA-1536x1025.jpg","1536x1536-width":1536,"1536x1536-height":1025,"2048x2048":"https:\/\/www.bagesturisme.cat\/wp-content\/uploads\/2017\/01\/DSC8354_BA-2048x1366.jpg","2048x2048-width":2048,"2048x2048-height":1366,"blog-large":"https:\/\/www.bagesturisme.cat\/wp-content\/uploads\/2017\/01\/DSC8354_BA.jpg","blog-large-width":408,"blog-large-height":272,"blog-medium":"https:\/\/www.bagesturisme.cat\/wp-content\/uploads\/2017\/01\/DSC8354_BA.jpg","blog-medium-width":303,"blog-medium-height":202,"recent-posts":"https:\/\/www.bagesturisme.cat\/wp-content\/uploads\/2017\/01\/DSC8354_BA.jpg","recent-posts-width":661,"recent-posts-height":441,"recent-works-thumbnail":"https:\/\/www.bagesturisme.cat\/wp-content\/uploads\/2017\/01\/DSC8354_BA.jpg","recent-works-thumbnail-width":66,"recent-works-thumbnail-height":44,"fusion-200":"https:\/\/www.bagesturisme.cat\/wp-content\/uploads\/2017\/01\/DSC8354_BA.jpg","fusion-200-width":200,"fusion-200-height":133,"fusion-400":"https:\/\/www.bagesturisme.cat\/wp-content\/uploads\/2017\/01\/DSC8354_BA.jpg","fusion-400-width":400,"fusion-400-height":267,"fusion-600":"https:\/\/www.bagesturisme.cat\/wp-content\/uploads\/2017\/01\/DSC8354_BA.jpg","fusion-600-width":600,"fusion-600-height":400,"fusion-800":"https:\/\/www.bagesturisme.cat\/wp-content\/uploads\/2017\/01\/DSC8354_BA.jpg","fusion-800-width":800,"fusion-800-height":534,"fusion-1200":"https:\/\/www.bagesturisme.cat\/wp-content\/uploads\/2017\/01\/DSC8354_BA.jpg","fusion-1200-width":1200,"fusion-1200-height":801,"portfolio-full":"https:\/\/www.bagesturisme.cat\/wp-content\/uploads\/2017\/01\/DSC8354_BA.jpg","portfolio-full-width":599,"portfolio-full-height":400,"portfolio-one":"https:\/\/www.bagesturisme.cat\/wp-content\/uploads\/2017\/01\/DSC8354_BA.jpg","portfolio-one-width":408,"portfolio-one-height":272,"portfolio-two":"https:\/\/www.bagesturisme.cat\/wp-content\/uploads\/2017\/01\/DSC8354_BA.jpg","portfolio-two-width":442,"portfolio-two-height":295,"portfolio-three":"https:\/\/www.bagesturisme.cat\/wp-content\/uploads\/2017\/01\/DSC8354_BA.jpg","portfolio-three-width":300,"portfolio-three-height":200,"portfolio-five":"https:\/\/www.bagesturisme.cat\/wp-content\/uploads\/2017\/01\/DSC8354_BA.jpg","portfolio-five-width":177,"portfolio-five-height":118}}],"ubicacio":{"address":"Pl. de la Fira, 1, Cardona","lat":"41.91303","lng":"1.6807400000000143"},"link-venda":""},"_links":{"self":[{"href":"https:\/\/www.bagesturisme.cat\/es\/wp-json\/wp\/v2\/activitats\/395","targetHints":{"allow":["GET"]}}],"collection":[{"href":"https:\/\/www.bagesturisme.cat\/es\/wp-json\/wp\/v2\/activitats"}],"about":[{"href":"https:\/\/www.bagesturisme.cat\/es\/wp-json\/wp\/v2\/types\/activitats"}],"author":[{"embeddable":true,"href":"https:\/\/www.bagesturisme.cat\/es\/wp-json\/wp\/v2\/users\/10"}],"version-history":[{"count":9,"href":"https:\/\/www.bagesturisme.cat\/es\/wp-json\/wp\/v2\/activitats\/395\/revisions"}],"predecessor-version":[{"id":9846,"href":"https:\/\/www.bagesturisme.cat\/es\/wp-json\/wp\/v2\/activitats\/395\/revisions\/9846"}],"wp:featuredmedia":[{"embeddable":true,"href":"https:\/\/www.bagesturisme.cat\/es\/wp-json\/wp\/v2\/media\/9843"}],"wp:attachment":[{"href":"https:\/\/www.bagesturisme.cat\/es\/wp-json\/wp\/v2\/media?parent=395"}],"wp:term":[{"taxonomy":"post_tag","embeddable":true,"href":"https:\/\/www.bagesturisme.cat\/es\/wp-json\/wp\/v2\/tags?post=395"}],"curies":[{"name":"wp","href":"https:\/\/api.w.org\/{rel}","templated":true}]}}