{"id":14486,"date":"2024-07-24T12:14:45","date_gmt":"2024-07-24T11:14:45","guid":{"rendered":"https:\/\/bagesturisme.cat\/?post_type=activitats&#038;p=14486"},"modified":"2024-08-07T09:00:10","modified_gmt":"2024-08-07T08:00:10","slug":"sant-fruitos-amb-estrella-paquet-turistic","status":"publish","type":"activitats","link":"https:\/\/www.bagesturisme.cat\/es\/activitat\/sant-fruitos-amb-estrella-paquet-turistic\/","title":{"rendered":"Sant Fruit\u00f3s con estrella &#8211; Paquete tur\u00edstico"},"content":{"rendered":"<div class=\"row\">\n<div class=\"col-md-7 paquets-turistics-content\">\n<div id=\"informacio-content\">\n<h1>Sant Fruit\u00f3s con estrella<\/h1>\n<p id=\"tw-target-text\" class=\"tw-data-text tw-text-large tw-ta\" dir=\"ltr\" data-placeholder=\"Traducci\u00f3\" aria-label=\"Text tradu\u00eft\" data-ved=\"2ahUKEwjgtJaHqeKHAxXOUkEAHZCOOgwQ3ewLegQIBxAU\"><span class=\"Y2IQFc\" lang=\"es\">2 d\u00edas y 1 noche \/ 2 personas<\/span><\/p>\n<div class=\"paquet-info-preu\"><img decoding=\"async\" class=\"lazyload alignnone size-full wp-image-2735\" src=\"data:image\/svg+xml,%3Csvg%20xmlns%3D%27http%3A%2F%2Fwww.w3.org%2F2000%2Fsvg%27%20width%3D%2721%27%20height%3D%2727%27%20viewBox%3D%270%200%2021%2027%27%3E%3Crect%20width%3D%2721%27%20height%3D%2727%27%20fill-opacity%3D%220%22%2F%3E%3C%2Fsvg%3E\" data-orig-src=\"https:\/\/turismesantfruitos.cat\/wp-content\/uploads\/2024\/05\/icon-persones.png\" alt=\"\" width=\"21\" height=\"27\" \/><span class=\"info-preu\">432\u20ac<\/span><span class=\"info-persones\">2 pax.<\/span><\/div>\n<p id=\"tw-target-text\" class=\"tw-data-text tw-text-large tw-ta\" dir=\"ltr\" data-placeholder=\"Traducci\u00f3\" aria-label=\"Text tradu\u00eft\" data-ved=\"2ahUKEwjgtJaHqeKHAxXOUkEAHZCOOgwQ3ewLegQIBxAU\"><span class=\"Y2IQFc\" lang=\"es\">Gurmets, \u00e9sta va por vosotros, y tiene 2 opciones! \u201cSant Fruit\u00f3s con estrella\u201d, que permite pernoctar y \u201cSant Fruit\u00f3s Gurmet\u201d, por un d\u00eda de disfrute. Si escoge \u201cSant Fruit\u00f3s amb estrella\u201d, conocer\u00e1 la Sagrera, cenar\u00e1 en un ambiente distendido y permanecer\u00e1 noche en el Hotel M\u00f3n. Al d\u00eda siguiente, una visita con cata de vinos a la bodega Mond Obert ser\u00e1 el aperitivo de una comida en L&#8217;O, el restaurante con estrella Michelin de M\u00f3n Sant Benet. Una vuelta por el camino paisaj\u00edstico le ofrecer\u00e1 unas visitas fant\u00e1sticas y terminar\u00e1 con una experiencia modernista. <\/span><\/p>\n<p class=\"tw-data-text tw-text-large tw-ta\" dir=\"ltr\" data-placeholder=\"Traducci\u00f3\" aria-label=\"Text tradu\u00eft\" data-ved=\"2ahUKEwjgtJaHqeKHAxXOUkEAHZCOOgwQ3ewLegQIBxAU\"><span class=\"Y2IQFc\" lang=\"es\">Si opta por \u201cSant Fruit\u00f3s Gurmet\u201d empezar\u00e1 con una visita con cata de vinos, en la bodega DO Pla de Bages Mond Obert, comer\u00e1 en Can Ladis, donde disfrutar\u00e1 de la calidad premium del su marisco. Un paseo por la Sagrera os servir\u00e1 para descubrir las ra\u00edces del municipio y terminar\u00e1 la jornada con la visita modernista al casal de Ramon Casas, en M\u00f3n Sant Benet, para revivir la Renacimiento, la Belle \u00c9poque catalana!<\/span><\/p>\n<p><strong>Tarde 1er d\u00eda<\/strong><br \/>\nPrimera toma de contacto con Sant Fruit\u00f3s<br \/>\nPaseo por la Sagrera, el n\u00facleo germinal de Sant Fruit\u00f3s de Bages.<br \/>\nDescubra la antigua villa fortificada.<\/p>\n<p><strong>Tarde-noche (dos opciones)<\/strong><br \/>\nOpci\u00f3n 1. Nueva Bodega<br \/>\nEmbutido y queso con vinos DO Pla de Bages, en el Nou Celler. 2 copas de vino por persona y mesa<br \/>\nde embutidos y queso de proximidad con pan con tomate.<\/p>\n<p>Opci\u00f3n 2. El Casino<br \/>\nUna hamburguesa de las buenas, acompa\u00f1ada por unas copas de vino DO Pla de Bages, en un<br \/>\nambiente distendido y con las mejores vistas de la Sagrera.<\/p>\n<p><strong>Noche<\/strong><br \/>\nEn r\u00e9gimen AE en el Hotel M\u00f3n<br \/>\nEn habitaci\u00f3n doble y en r\u00e9gimen de alojamiento y desayuno.<\/p>\n<p><strong>Ma\u00f1ana 2\u00ba d\u00eda<\/strong><br \/>\nVisita y cata de vinos en la bodega Mond Obert<br \/>\nVisite sus vi\u00f1edos al pie de la Acequia de Manresa y deguste lo mejor de sus vinos,<br \/>\nsin perderse el Picapoll, la variedad aut\u00f3ctona de la comarca.<\/p>\n<p><strong>Mediod\u00eda<\/strong><br \/>\nRestaurante L&#8217;\u00d3<br \/>\nMen\u00fa \u201cUn Tomb per Sant Benet\u201d (sin bodega). Disfrute de una cocina de estrella,<br \/>\nen un espacio cuidado hasta el \u00faltimo detalle.<\/p>\n<p><strong>Tarde<\/strong><br \/>\nPaseo por el Camino Paisaj\u00edstico<br \/>\nDesde M\u00f3n Sant Benet da un paseo por el Camino Paisaj\u00edstico y disfruta de la naturaleza, con las<br \/>\nnotas culturales de las barracas de piedra seca y las pinturas rupestres neol\u00edticas.<\/p>\n<p>Experiencia modernista, en M\u00f3n Sant Benet<br \/>\nDescubra las estancias de la residencia de verano del pintor Ramon Casas. Sienta<br \/>\nla vida y el esplendor de la burgues\u00eda catalana de la Renacimiento.<\/p>\n<p><em>NOTA: Disponible en fin de semana, siempre con reserva previa.<\/em><\/p>\n<p><a class=\"mes-info boto-comprar\" href=\"https:\/\/btiquets.com\/event\/sant-fruitos-amb-estrella\">Comprar<\/a><\/p>\n<\/div>\n<\/div>\n<\/div>\n<div class=\"contingut-galeria visit-activ\">\n<div class=\"row content-unic\">\n<div class=\"col-md-4 col-6 caixes-galeria\"><\/div>\n<div class=\"col-md-4 col-6 caixes-galeria\"><\/div>\n<\/div>\n<\/div>","protected":false},"author":26,"featured_media":12376,"template":"","tags":[124,315,317],"class_list":["post-14486","activitats","type-activitats","status-publish","has-post-thumbnail","hentry","tag-historia","tag-paquet-turistic","tag-descobreix-sant-fruitos","municipi-sant-fruitos-de-bages","tipus-cultura","tipus-gastronomia","indicadors-estrella-michelin","indicadors-activitat-de-pagament","indicadors-apte-per-a-totes-les-edats"],"acf":{"galeria":[{"ID":14487,"id":14487,"title":"sfb amb estrella","filename":"capcelera-sfb-amb-estrella.jpg","filesize":93300,"url":"https:\/\/www.bagesturisme.cat\/wp-content\/uploads\/2024\/07\/capcelera-sfb-amb-estrella.jpg","link":"https:\/\/www.bagesturisme.cat\/es\/activitat\/sant-fruitos-amb-estrella-paquet-turistic\/capcelera-sfb-amb-estrella\/","alt":"","author":"26","description":"","caption":"","name":"capcelera-sfb-amb-estrella","status":"inherit","uploaded_to":14486,"date":"2024-07-24 11:11:43","modified":"2024-07-24 11:11:52","menu_order":0,"mime_type":"image\/jpeg","type":"image","subtype":"jpeg","icon":"https:\/\/www.bagesturisme.cat\/wp-includes\/images\/media\/default.png","width":580,"height":828,"sizes":{"thumbnail":"https:\/\/www.bagesturisme.cat\/wp-content\/uploads\/2024\/07\/capcelera-sfb-amb-estrella-150x150.jpg","thumbnail-width":150,"thumbnail-height":150,"medium":"https:\/\/www.bagesturisme.cat\/wp-content\/uploads\/2024\/07\/capcelera-sfb-amb-estrella-280x400.jpg","medium-width":280,"medium-height":400,"medium_large":"https:\/\/www.bagesturisme.cat\/wp-content\/uploads\/2024\/07\/capcelera-sfb-amb-estrella.jpg","medium_large-width":580,"medium_large-height":828,"large":"https:\/\/www.bagesturisme.cat\/wp-content\/uploads\/2024\/07\/capcelera-sfb-amb-estrella.jpg","large-width":580,"large-height":828,"1536x1536":"https:\/\/www.bagesturisme.cat\/wp-content\/uploads\/2024\/07\/capcelera-sfb-amb-estrella.jpg","1536x1536-width":580,"1536x1536-height":828,"2048x2048":"https:\/\/www.bagesturisme.cat\/wp-content\/uploads\/2024\/07\/capcelera-sfb-amb-estrella.jpg","2048x2048-width":580,"2048x2048-height":828,"blog-large":"https:\/\/www.bagesturisme.cat\/wp-content\/uploads\/2024\/07\/capcelera-sfb-amb-estrella.jpg","blog-large-width":191,"blog-large-height":272,"blog-medium":"https:\/\/www.bagesturisme.cat\/wp-content\/uploads\/2024\/07\/capcelera-sfb-amb-estrella.jpg","blog-medium-width":141,"blog-medium-height":202,"recent-posts":"https:\/\/www.bagesturisme.cat\/wp-content\/uploads\/2024\/07\/capcelera-sfb-amb-estrella.jpg","recent-posts-width":309,"recent-posts-height":441,"recent-works-thumbnail":"https:\/\/www.bagesturisme.cat\/wp-content\/uploads\/2024\/07\/capcelera-sfb-amb-estrella.jpg","recent-works-thumbnail-width":46,"recent-works-thumbnail-height":66,"fusion-200":"https:\/\/www.bagesturisme.cat\/wp-content\/uploads\/2024\/07\/capcelera-sfb-amb-estrella.jpg","fusion-200-width":200,"fusion-200-height":286,"fusion-400":"https:\/\/www.bagesturisme.cat\/wp-content\/uploads\/2024\/07\/capcelera-sfb-amb-estrella.jpg","fusion-400-width":400,"fusion-400-height":571,"fusion-600":"https:\/\/www.bagesturisme.cat\/wp-content\/uploads\/2024\/07\/capcelera-sfb-amb-estrella.jpg","fusion-600-width":580,"fusion-600-height":828,"fusion-800":"https:\/\/www.bagesturisme.cat\/wp-content\/uploads\/2024\/07\/capcelera-sfb-amb-estrella.jpg","fusion-800-width":580,"fusion-800-height":828,"fusion-1200":"https:\/\/www.bagesturisme.cat\/wp-content\/uploads\/2024\/07\/capcelera-sfb-amb-estrella.jpg","fusion-1200-width":580,"fusion-1200-height":828,"portfolio-full":"https:\/\/www.bagesturisme.cat\/wp-content\/uploads\/2024\/07\/capcelera-sfb-amb-estrella.jpg","portfolio-full-width":280,"portfolio-full-height":400,"portfolio-one":"https:\/\/www.bagesturisme.cat\/wp-content\/uploads\/2024\/07\/capcelera-sfb-amb-estrella.jpg","portfolio-one-width":191,"portfolio-one-height":272,"portfolio-two":"https:\/\/www.bagesturisme.cat\/wp-content\/uploads\/2024\/07\/capcelera-sfb-amb-estrella.jpg","portfolio-two-width":207,"portfolio-two-height":295,"portfolio-three":"https:\/\/www.bagesturisme.cat\/wp-content\/uploads\/2024\/07\/capcelera-sfb-amb-estrella.jpg","portfolio-three-width":150,"portfolio-three-height":214,"portfolio-five":"https:\/\/www.bagesturisme.cat\/wp-content\/uploads\/2024\/07\/capcelera-sfb-amb-estrella.jpg","portfolio-five-width":99,"portfolio-five-height":142}}],"entitat":"","adreca":"","telefon":"","email":"sfb.turisme@santfruitos.cat","web":"https:\/\/turismesantfruitos.cat\/","link-venda":"https:\/\/btiquets.com\/event\/sant-fruitos-amb-estrella","ubicacio":false},"_links":{"self":[{"href":"https:\/\/www.bagesturisme.cat\/es\/wp-json\/wp\/v2\/activitats\/14486","targetHints":{"allow":["GET"]}}],"collection":[{"href":"https:\/\/www.bagesturisme.cat\/es\/wp-json\/wp\/v2\/activitats"}],"about":[{"href":"https:\/\/www.bagesturisme.cat\/es\/wp-json\/wp\/v2\/types\/activitats"}],"author":[{"embeddable":true,"href":"https:\/\/www.bagesturisme.cat\/es\/wp-json\/wp\/v2\/users\/26"}],"version-history":[{"count":14,"href":"https:\/\/www.bagesturisme.cat\/es\/wp-json\/wp\/v2\/activitats\/14486\/revisions"}],"predecessor-version":[{"id":14547,"href":"https:\/\/www.bagesturisme.cat\/es\/wp-json\/wp\/v2\/activitats\/14486\/revisions\/14547"}],"wp:featuredmedia":[{"embeddable":true,"href":"https:\/\/www.bagesturisme.cat\/es\/wp-json\/wp\/v2\/media\/12376"}],"wp:attachment":[{"href":"https:\/\/www.bagesturisme.cat\/es\/wp-json\/wp\/v2\/media?parent=14486"}],"wp:term":[{"taxonomy":"post_tag","embeddable":true,"href":"https:\/\/www.bagesturisme.cat\/es\/wp-json\/wp\/v2\/tags?post=14486"}],"curies":[{"name":"wp","href":"https:\/\/api.w.org\/{rel}","templated":true}]}}