{"id":14170,"date":"2024-05-10T11:14:47","date_gmt":"2024-05-10T10:14:47","guid":{"rendered":"https:\/\/bagesturisme.cat\/?post_type=activitats&#038;p=14170"},"modified":"2024-05-10T11:34:27","modified_gmt":"2024-05-10T10:34:27","slug":"mercat-de-la-terra","status":"publish","type":"activitats","link":"https:\/\/www.bagesturisme.cat\/es\/activitat\/mercat-de-la-terra\/","title":{"rendered":"Mercado de la Tierra"},"content":{"rendered":"<pre id=\"tw-target-text\" class=\"tw-data-text tw-text-large tw-ta\" dir=\"ltr\" data-placeholder=\"Traducci\u00f3\" aria-label=\"Text tradu\u00eft\" data-ved=\"2ahUKEwjZuM3x54KGAxUvgv0HHXo5DqsQ3ewLegQIBRAU\"><span class=\"Y2IQFc\" lang=\"es\">EL TERCER S\u00c1BADO DE CADA MAS, LOS VISITANTES PODRAN COMPRAR PRODUCTOS DE TEMPORADA, LOCALES Y JUSTOS, DIRECTAMENTE DE LA MANO DE LOS PRODUCTORES.\r\n\r\nEl s\u00e1bado 18 de mayo Sant Fruit\u00f3s de Bages acoger\u00e1 el primer Mercado de la Tierra, un proyecto impulsado por el Ayuntamiento de la mano de la comunidad Slow Food de la Catalunya Central.\r\n\r\nEl Mercado de la Tierra se celebrar\u00e1 bajo el Cubierto de la M\u00e1quina de Batir el tercer s\u00e1bado de cada mes, de las 10 de la ma\u00f1ana a las 2 del mediod\u00eda, y ofrecer\u00e1 una amplia gama de puestos, desde frutas y verduras hasta productos artesanales como miel, quesos, embutidos y pan.\r\n\r\nLos campesinos y elaboradores de la zona ser\u00e1n quienes har\u00e1n la venta directa a los visitantes, ofreciendo as\u00ed la posibilidad de crear comunidad, intercambiar recetas y compartir experiencias relacionadas con la alimentaci\u00f3n saludable y sostenible.\r\n\r\nCada mes el mercado incluir\u00e1 distintas actividades paralelas. En la primera edici\u00f3n de este s\u00e1bado 18 de mayo la matinal empezar\u00e1 con un desayuno de tenedor y a continuaci\u00f3n se tratar\u00e1 sobre el cultivo recuperado de la berenjena blanca, donde se expondr\u00e1 c\u00f3mo ha sido el proyecto de recuperaci\u00f3n, se realizar\u00e1n talleres de trabajo para los ni\u00f1os para aprender a cuidar este cultivo y se repartir\u00e1 plantel de esta hortaliza. La matinal finalizar\u00e1 con un vermut musical.\r\n\r\nEste mercado llega al municipio con la voluntad de fomentar la econom\u00eda local y de la comarca y promover h\u00e1bitos alimentarios saludables entre los vecinos y al mismo tiempo apoyar a los productores locales que venden productos de temporada, cultivados con cuidado y respeto por el medio ambiente.\r\n\r\nNo es un mercado\u00a0cualquiera\r\n\r\nEste nuevo mercado forma parte de una red internacional de mercados que trabajan de acuerdo con los principios de Slow Food y donde los protagonistas son los peque\u00f1os productores y artesanos de la comida. En las paradas del Mercado de la Tierra se puede encontrar comida buena, limpia y justa: los productos son de proximidad, frescos y de temporada; respetan el medio ambiente y el trabajo de los productores; se ofrecen a precios justos, para quien compra y para quien vende.\r\n\r\nEl proyecto de Mercados de la Tierra naci\u00f3 en el a\u00f1o 2004 y ya est\u00e1 implantado en 24 pa\u00edses en todo el mundo. En Catalu\u00f1a el primero en abrir fue en el parque de las Tres Xemeneies en Barcelona, \u200b\u200by el de Sant Fruit\u00f3s de Bages ser\u00e1 el segundo.<\/span><\/pre>","protected":false},"author":26,"featured_media":14183,"template":"","tags":[120,216,310],"class_list":["post-14170","activitats","type-activitats","status-publish","has-post-thumbnail","hentry","tag-claret","tag-gastronomia","tag-mercat","municipi-sant-fruitos-de-bages","tipus-gastronomia","tipus-turisme-actiu"],"acf":{"galeria":false,"entitat":"Ajuntament de Sant Fruit\u00f3s de Bages","adreca":"Cobert de la Maquina de Batre","telefon":"978789700","email":"sfb.promocio.econom@santfruitos.cat","web":"https:\/\/www.santfruitos.cat\/actualitat\/noticies\/el-mercat-de-la-terra-del-moviment-slow-food-arriba-a-sant-fruitos-de-bages","link-venda":"","ubicacio":false},"_links":{"self":[{"href":"https:\/\/www.bagesturisme.cat\/es\/wp-json\/wp\/v2\/activitats\/14170","targetHints":{"allow":["GET"]}}],"collection":[{"href":"https:\/\/www.bagesturisme.cat\/es\/wp-json\/wp\/v2\/activitats"}],"about":[{"href":"https:\/\/www.bagesturisme.cat\/es\/wp-json\/wp\/v2\/types\/activitats"}],"author":[{"embeddable":true,"href":"https:\/\/www.bagesturisme.cat\/es\/wp-json\/wp\/v2\/users\/26"}],"version-history":[{"count":4,"href":"https:\/\/www.bagesturisme.cat\/es\/wp-json\/wp\/v2\/activitats\/14170\/revisions"}],"predecessor-version":[{"id":14180,"href":"https:\/\/www.bagesturisme.cat\/es\/wp-json\/wp\/v2\/activitats\/14170\/revisions\/14180"}],"wp:featuredmedia":[{"embeddable":true,"href":"https:\/\/www.bagesturisme.cat\/es\/wp-json\/wp\/v2\/media\/14183"}],"wp:attachment":[{"href":"https:\/\/www.bagesturisme.cat\/es\/wp-json\/wp\/v2\/media?parent=14170"}],"wp:term":[{"taxonomy":"post_tag","embeddable":true,"href":"https:\/\/www.bagesturisme.cat\/es\/wp-json\/wp\/v2\/tags?post=14170"}],"curies":[{"name":"wp","href":"https:\/\/api.w.org\/{rel}","templated":true}]}}