{"id":2947,"date":"2017-08-04T08:58:50","date_gmt":"2017-08-04T07:58:50","guid":{"rendered":"https:\/\/bagesturisme.cat\/restauracio\/restaurant-lo-copy\/"},"modified":"2024-09-24T10:41:22","modified_gmt":"2024-09-24T09:41:22","slug":"restaurant-to","status":"publish","type":"restauracio","link":"https:\/\/www.bagesturisme.cat\/en\/restauracio\/restaurant-to\/","title":{"rendered":"Restaurant TO+"},"content":{"rendered":"<p>El Restaurant Tom\u00e1s Tradici\u00f3 i el Restaurant To[+] Gastron\u00f2mic s\u2019unifiquen sota una \u00fanica marca i espai: El\u00a0<strong>Restaurant Tom\u00e1s<\/strong>. A partir d\u2019ara, els clients que vinguin al Tom\u00e1s (Pal\u00e0 de Torroella, Bages), trobaran una proposta gastron\u00f2mica renovada i atractiva, que mant\u00e9 l\u2019ess\u00e8ncia de la cuina tradicional, amb producte de la terra. Un pas endavant per fer que el Restaurant Tom\u00e1s continui creixent, de la m\u00e0 del xef David Garc\u00eda i tot el seu equip.<\/p>\n<p>Al nou Restaurant Tom\u00e1s els comensals podran escollir in situ entre els plats de carta, o b\u00e9 decidir fer el men\u00fa degustaci\u00f3.<\/p>\n<p>Quins plats trobaran els comensals a la carta? Uns cl\u00e0ssics, com les famoses croquetes de pernil, els llagostins arrebossats, els ous estrellats amb patates i pernil ib\u00e8ric, i altres propostes com el colom\u00ed, el suquet de la Costa Brava, el morro de bacall\u00e0 o el carr\u00e9 de porc rostit. Tot fet amb producte de proximitat, adaptant algunes propostes al producte de mercat setmanal.<\/p>\n<p>Una de les novetats del nou Restaurant Tom\u00e1s, \u00e9s l\u2019aposta per un \u00fanic men\u00fa degustaci\u00f3, l\u2019Or\u00edgens. Presentaci\u00f3 de snacks, 8 moments salats, i 2 moments dol\u00e7os. En total una proposta de 10 plats. El men\u00fa degustaci\u00f3 es podr\u00e0 complementar amb un maridatge de vins DO del Bages.<\/p>\n","protected":false},"author":21,"featured_media":4158,"template":"","class_list":["post-2947","restauracio","type-restauracio","status-publish","has-post-thumbnail","hentry","municipi-navas","indicadors-restaurants-gastronomics","indicadors-pagament-amb-targeta"],"acf":{"adreca":"C. Terrassa, 5, Pal\u00e0 de Torroella (Nav\u00e0s)","web":"http:\/\/www.gruptomas.com","email":"info@gruptomas.com","tel":"93 868 25 28","galeria":[{"ID":7385,"id":7385,"title":"Restaurant To+","filename":"NG2A3708.jpeg","filesize":85610,"url":"https:\/\/www.bagesturisme.cat\/wp-content\/uploads\/2017\/08\/NG2A3708.jpeg","link":"https:\/\/www.bagesturisme.cat\/en\/restauracio\/restaurant-to\/ng2a3708\/","alt":"","author":"21","description":"","caption":"","name":"ng2a3708","status":"inherit","uploaded_to":2947,"date":"2019-06-10 06:36:34","modified":"2019-06-10 06:39:40","menu_order":0,"mime_type":"image\/jpeg","type":"image","subtype":"jpeg","icon":"https:\/\/www.bagesturisme.cat\/wp-includes\/images\/media\/default.png","width":567,"height":418,"sizes":{"thumbnail":"https:\/\/www.bagesturisme.cat\/wp-content\/uploads\/2017\/08\/NG2A3708-150x150.jpeg","thumbnail-width":150,"thumbnail-height":150,"medium":"https:\/\/www.bagesturisme.cat\/wp-content\/uploads\/2017\/08\/NG2A3708-543x400.jpeg","medium-width":543,"medium-height":400,"medium_large":"https:\/\/www.bagesturisme.cat\/wp-content\/uploads\/2017\/08\/NG2A3708.jpeg","medium_large-width":567,"medium_large-height":418,"large":"https:\/\/www.bagesturisme.cat\/wp-content\/uploads\/2017\/08\/NG2A3708.jpeg","large-width":567,"large-height":418,"1536x1536":"https:\/\/www.bagesturisme.cat\/wp-content\/uploads\/2017\/08\/NG2A3708.jpeg","1536x1536-width":567,"1536x1536-height":418,"2048x2048":"https:\/\/www.bagesturisme.cat\/wp-content\/uploads\/2017\/08\/NG2A3708.jpeg","2048x2048-width":567,"2048x2048-height":418,"blog-large":"https:\/\/www.bagesturisme.cat\/wp-content\/uploads\/2017\/08\/NG2A3708.jpeg","blog-large-width":369,"blog-large-height":272,"blog-medium":"https:\/\/www.bagesturisme.cat\/wp-content\/uploads\/2017\/08\/NG2A3708.jpeg","blog-medium-width":274,"blog-medium-height":202,"recent-posts":"https:\/\/www.bagesturisme.cat\/wp-content\/uploads\/2017\/08\/NG2A3708.jpeg","recent-posts-width":567,"recent-posts-height":418,"recent-works-thumbnail":"https:\/\/www.bagesturisme.cat\/wp-content\/uploads\/2017\/08\/NG2A3708.jpeg","recent-works-thumbnail-width":66,"recent-works-thumbnail-height":49,"fusion-200":"https:\/\/www.bagesturisme.cat\/wp-content\/uploads\/2017\/08\/NG2A3708.jpeg","fusion-200-width":200,"fusion-200-height":147,"fusion-400":"https:\/\/www.bagesturisme.cat\/wp-content\/uploads\/2017\/08\/NG2A3708.jpeg","fusion-400-width":400,"fusion-400-height":295,"fusion-600":"https:\/\/www.bagesturisme.cat\/wp-content\/uploads\/2017\/08\/NG2A3708.jpeg","fusion-600-width":567,"fusion-600-height":418,"fusion-800":"https:\/\/www.bagesturisme.cat\/wp-content\/uploads\/2017\/08\/NG2A3708.jpeg","fusion-800-width":567,"fusion-800-height":418,"fusion-1200":"https:\/\/www.bagesturisme.cat\/wp-content\/uploads\/2017\/08\/NG2A3708.jpeg","fusion-1200-width":567,"fusion-1200-height":418,"portfolio-full":"https:\/\/www.bagesturisme.cat\/wp-content\/uploads\/2017\/08\/NG2A3708.jpeg","portfolio-full-width":543,"portfolio-full-height":400,"portfolio-one":"https:\/\/www.bagesturisme.cat\/wp-content\/uploads\/2017\/08\/NG2A3708.jpeg","portfolio-one-width":369,"portfolio-one-height":272,"portfolio-two":"https:\/\/www.bagesturisme.cat\/wp-content\/uploads\/2017\/08\/NG2A3708.jpeg","portfolio-two-width":400,"portfolio-two-height":295,"portfolio-three":"https:\/\/www.bagesturisme.cat\/wp-content\/uploads\/2017\/08\/NG2A3708.jpeg","portfolio-three-width":290,"portfolio-three-height":214,"portfolio-five":"https:\/\/www.bagesturisme.cat\/wp-content\/uploads\/2017\/08\/NG2A3708.jpeg","portfolio-five-width":177,"portfolio-five-height":130}},{"ID":7386,"id":7386,"title":"Restaurant To+","filename":"NG2A3709.jpeg","filesize":49043,"url":"https:\/\/www.bagesturisme.cat\/wp-content\/uploads\/2017\/08\/NG2A3709.jpeg","link":"https:\/\/www.bagesturisme.cat\/en\/restauracio\/restaurant-to\/ng2a3709\/","alt":"","author":"21","description":"","caption":"","name":"ng2a3709","status":"inherit","uploaded_to":2947,"date":"2019-06-10 06:36:35","modified":"2019-06-10 06:39:53","menu_order":0,"mime_type":"image\/jpeg","type":"image","subtype":"jpeg","icon":"https:\/\/www.bagesturisme.cat\/wp-includes\/images\/media\/default.png","width":354,"height":567,"sizes":{"thumbnail":"https:\/\/www.bagesturisme.cat\/wp-content\/uploads\/2017\/08\/NG2A3709-150x150.jpeg","thumbnail-width":150,"thumbnail-height":150,"medium":"https:\/\/www.bagesturisme.cat\/wp-content\/uploads\/2017\/08\/NG2A3709-250x400.jpeg","medium-width":250,"medium-height":400,"medium_large":"https:\/\/www.bagesturisme.cat\/wp-content\/uploads\/2017\/08\/NG2A3709.jpeg","medium_large-width":354,"medium_large-height":567,"large":"https:\/\/www.bagesturisme.cat\/wp-content\/uploads\/2017\/08\/NG2A3709.jpeg","large-width":354,"large-height":567,"1536x1536":"https:\/\/www.bagesturisme.cat\/wp-content\/uploads\/2017\/08\/NG2A3709.jpeg","1536x1536-width":354,"1536x1536-height":567,"2048x2048":"https:\/\/www.bagesturisme.cat\/wp-content\/uploads\/2017\/08\/NG2A3709.jpeg","2048x2048-width":354,"2048x2048-height":567,"blog-large":"https:\/\/www.bagesturisme.cat\/wp-content\/uploads\/2017\/08\/NG2A3709.jpeg","blog-large-width":170,"blog-large-height":272,"blog-medium":"https:\/\/www.bagesturisme.cat\/wp-content\/uploads\/2017\/08\/NG2A3709.jpeg","blog-medium-width":126,"blog-medium-height":202,"recent-posts":"https:\/\/www.bagesturisme.cat\/wp-content\/uploads\/2017\/08\/NG2A3709.jpeg","recent-posts-width":275,"recent-posts-height":441,"recent-works-thumbnail":"https:\/\/www.bagesturisme.cat\/wp-content\/uploads\/2017\/08\/NG2A3709.jpeg","recent-works-thumbnail-width":41,"recent-works-thumbnail-height":66,"fusion-200":"https:\/\/www.bagesturisme.cat\/wp-content\/uploads\/2017\/08\/NG2A3709.jpeg","fusion-200-width":200,"fusion-200-height":320,"fusion-400":"https:\/\/www.bagesturisme.cat\/wp-content\/uploads\/2017\/08\/NG2A3709.jpeg","fusion-400-width":354,"fusion-400-height":567,"fusion-600":"https:\/\/www.bagesturisme.cat\/wp-content\/uploads\/2017\/08\/NG2A3709.jpeg","fusion-600-width":354,"fusion-600-height":567,"fusion-800":"https:\/\/www.bagesturisme.cat\/wp-content\/uploads\/2017\/08\/NG2A3709.jpeg","fusion-800-width":354,"fusion-800-height":567,"fusion-1200":"https:\/\/www.bagesturisme.cat\/wp-content\/uploads\/2017\/08\/NG2A3709.jpeg","fusion-1200-width":354,"fusion-1200-height":567,"portfolio-full":"https:\/\/www.bagesturisme.cat\/wp-content\/uploads\/2017\/08\/NG2A3709.jpeg","portfolio-full-width":250,"portfolio-full-height":400,"portfolio-one":"https:\/\/www.bagesturisme.cat\/wp-content\/uploads\/2017\/08\/NG2A3709.jpeg","portfolio-one-width":170,"portfolio-one-height":272,"portfolio-two":"https:\/\/www.bagesturisme.cat\/wp-content\/uploads\/2017\/08\/NG2A3709.jpeg","portfolio-two-width":184,"portfolio-two-height":295,"portfolio-three":"https:\/\/www.bagesturisme.cat\/wp-content\/uploads\/2017\/08\/NG2A3709.jpeg","portfolio-three-width":134,"portfolio-three-height":214,"portfolio-five":"https:\/\/www.bagesturisme.cat\/wp-content\/uploads\/2017\/08\/NG2A3709.jpeg","portfolio-five-width":89,"portfolio-five-height":142}},{"ID":7387,"id":7387,"title":"Restaurant To+","filename":"NG2A3712.jpeg","filesize":79160,"url":"https:\/\/www.bagesturisme.cat\/wp-content\/uploads\/2017\/08\/NG2A3712.jpeg","link":"https:\/\/www.bagesturisme.cat\/en\/restauracio\/restaurant-to\/ng2a3712\/","alt":"","author":"21","description":"","caption":"","name":"ng2a3712","status":"inherit","uploaded_to":2947,"date":"2019-06-10 06:36:35","modified":"2019-06-10 06:39:48","menu_order":0,"mime_type":"image\/jpeg","type":"image","subtype":"jpeg","icon":"https:\/\/www.bagesturisme.cat\/wp-includes\/images\/media\/default.png","width":379,"height":567,"sizes":{"thumbnail":"https:\/\/www.bagesturisme.cat\/wp-content\/uploads\/2017\/08\/NG2A3712-150x150.jpeg","thumbnail-width":150,"thumbnail-height":150,"medium":"https:\/\/www.bagesturisme.cat\/wp-content\/uploads\/2017\/08\/NG2A3712-267x400.jpeg","medium-width":267,"medium-height":400,"medium_large":"https:\/\/www.bagesturisme.cat\/wp-content\/uploads\/2017\/08\/NG2A3712.jpeg","medium_large-width":379,"medium_large-height":567,"large":"https:\/\/www.bagesturisme.cat\/wp-content\/uploads\/2017\/08\/NG2A3712.jpeg","large-width":379,"large-height":567,"1536x1536":"https:\/\/www.bagesturisme.cat\/wp-content\/uploads\/2017\/08\/NG2A3712.jpeg","1536x1536-width":379,"1536x1536-height":567,"2048x2048":"https:\/\/www.bagesturisme.cat\/wp-content\/uploads\/2017\/08\/NG2A3712.jpeg","2048x2048-width":379,"2048x2048-height":567,"blog-large":"https:\/\/www.bagesturisme.cat\/wp-content\/uploads\/2017\/08\/NG2A3712.jpeg","blog-large-width":182,"blog-large-height":272,"blog-medium":"https:\/\/www.bagesturisme.cat\/wp-content\/uploads\/2017\/08\/NG2A3712.jpeg","blog-medium-width":135,"blog-medium-height":202,"recent-posts":"https:\/\/www.bagesturisme.cat\/wp-content\/uploads\/2017\/08\/NG2A3712.jpeg","recent-posts-width":295,"recent-posts-height":441,"recent-works-thumbnail":"https:\/\/www.bagesturisme.cat\/wp-content\/uploads\/2017\/08\/NG2A3712.jpeg","recent-works-thumbnail-width":44,"recent-works-thumbnail-height":66,"fusion-200":"https:\/\/www.bagesturisme.cat\/wp-content\/uploads\/2017\/08\/NG2A3712.jpeg","fusion-200-width":200,"fusion-200-height":299,"fusion-400":"https:\/\/www.bagesturisme.cat\/wp-content\/uploads\/2017\/08\/NG2A3712.jpeg","fusion-400-width":379,"fusion-400-height":567,"fusion-600":"https:\/\/www.bagesturisme.cat\/wp-content\/uploads\/2017\/08\/NG2A3712.jpeg","fusion-600-width":379,"fusion-600-height":567,"fusion-800":"https:\/\/www.bagesturisme.cat\/wp-content\/uploads\/2017\/08\/NG2A3712.jpeg","fusion-800-width":379,"fusion-800-height":567,"fusion-1200":"https:\/\/www.bagesturisme.cat\/wp-content\/uploads\/2017\/08\/NG2A3712.jpeg","fusion-1200-width":379,"fusion-1200-height":567,"portfolio-full":"https:\/\/www.bagesturisme.cat\/wp-content\/uploads\/2017\/08\/NG2A3712.jpeg","portfolio-full-width":267,"portfolio-full-height":400,"portfolio-one":"https:\/\/www.bagesturisme.cat\/wp-content\/uploads\/2017\/08\/NG2A3712.jpeg","portfolio-one-width":182,"portfolio-one-height":272,"portfolio-two":"https:\/\/www.bagesturisme.cat\/wp-content\/uploads\/2017\/08\/NG2A3712.jpeg","portfolio-two-width":197,"portfolio-two-height":295,"portfolio-three":"https:\/\/www.bagesturisme.cat\/wp-content\/uploads\/2017\/08\/NG2A3712.jpeg","portfolio-three-width":143,"portfolio-three-height":214,"portfolio-five":"https:\/\/www.bagesturisme.cat\/wp-content\/uploads\/2017\/08\/NG2A3712.jpeg","portfolio-five-width":95,"portfolio-five-height":142}},{"ID":7390,"id":7390,"title":"Restaurant To+","filename":"mini_Restaurant-To-1.jpg","filesize":45294,"url":"https:\/\/www.bagesturisme.cat\/wp-content\/uploads\/2017\/08\/mini_Restaurant-To-1.jpg","link":"https:\/\/www.bagesturisme.cat\/en\/restauracio\/restaurant-to\/mini_restaurant-to-1\/","alt":"","author":"21","description":"","caption":"","name":"mini_restaurant-to-1","status":"inherit","uploaded_to":2947,"date":"2019-06-10 06:42:42","modified":"2019-06-10 06:42:56","menu_order":0,"mime_type":"image\/jpeg","type":"image","subtype":"jpeg","icon":"https:\/\/www.bagesturisme.cat\/wp-includes\/images\/media\/default.png","width":590,"height":400,"sizes":{"thumbnail":"https:\/\/www.bagesturisme.cat\/wp-content\/uploads\/2017\/08\/mini_Restaurant-To-1-150x150.jpg","thumbnail-width":150,"thumbnail-height":150,"medium":"https:\/\/www.bagesturisme.cat\/wp-content\/uploads\/2017\/08\/mini_Restaurant-To-1-590x400.jpg","medium-width":590,"medium-height":400,"medium_large":"https:\/\/www.bagesturisme.cat\/wp-content\/uploads\/2017\/08\/mini_Restaurant-To-1.jpg","medium_large-width":590,"medium_large-height":400,"large":"https:\/\/www.bagesturisme.cat\/wp-content\/uploads\/2017\/08\/mini_Restaurant-To-1.jpg","large-width":590,"large-height":400,"1536x1536":"https:\/\/www.bagesturisme.cat\/wp-content\/uploads\/2017\/08\/mini_Restaurant-To-1.jpg","1536x1536-width":590,"1536x1536-height":400,"2048x2048":"https:\/\/www.bagesturisme.cat\/wp-content\/uploads\/2017\/08\/mini_Restaurant-To-1.jpg","2048x2048-width":590,"2048x2048-height":400,"blog-large":"https:\/\/www.bagesturisme.cat\/wp-content\/uploads\/2017\/08\/mini_Restaurant-To-1.jpg","blog-large-width":401,"blog-large-height":272,"blog-medium":"https:\/\/www.bagesturisme.cat\/wp-content\/uploads\/2017\/08\/mini_Restaurant-To-1.jpg","blog-medium-width":298,"blog-medium-height":202,"recent-posts":"https:\/\/www.bagesturisme.cat\/wp-content\/uploads\/2017\/08\/mini_Restaurant-To-1.jpg","recent-posts-width":590,"recent-posts-height":400,"recent-works-thumbnail":"https:\/\/www.bagesturisme.cat\/wp-content\/uploads\/2017\/08\/mini_Restaurant-To-1.jpg","recent-works-thumbnail-width":66,"recent-works-thumbnail-height":45,"fusion-200":"https:\/\/www.bagesturisme.cat\/wp-content\/uploads\/2017\/08\/mini_Restaurant-To-1.jpg","fusion-200-width":200,"fusion-200-height":136,"fusion-400":"https:\/\/www.bagesturisme.cat\/wp-content\/uploads\/2017\/08\/mini_Restaurant-To-1.jpg","fusion-400-width":400,"fusion-400-height":271,"fusion-600":"https:\/\/www.bagesturisme.cat\/wp-content\/uploads\/2017\/08\/mini_Restaurant-To-1.jpg","fusion-600-width":590,"fusion-600-height":400,"fusion-800":"https:\/\/www.bagesturisme.cat\/wp-content\/uploads\/2017\/08\/mini_Restaurant-To-1.jpg","fusion-800-width":590,"fusion-800-height":400,"fusion-1200":"https:\/\/www.bagesturisme.cat\/wp-content\/uploads\/2017\/08\/mini_Restaurant-To-1.jpg","fusion-1200-width":590,"fusion-1200-height":400,"portfolio-full":"https:\/\/www.bagesturisme.cat\/wp-content\/uploads\/2017\/08\/mini_Restaurant-To-1.jpg","portfolio-full-width":590,"portfolio-full-height":400,"portfolio-one":"https:\/\/www.bagesturisme.cat\/wp-content\/uploads\/2017\/08\/mini_Restaurant-To-1.jpg","portfolio-one-width":401,"portfolio-one-height":272,"portfolio-two":"https:\/\/www.bagesturisme.cat\/wp-content\/uploads\/2017\/08\/mini_Restaurant-To-1.jpg","portfolio-two-width":435,"portfolio-two-height":295,"portfolio-three":"https:\/\/www.bagesturisme.cat\/wp-content\/uploads\/2017\/08\/mini_Restaurant-To-1.jpg","portfolio-three-width":300,"portfolio-three-height":203,"portfolio-five":"https:\/\/www.bagesturisme.cat\/wp-content\/uploads\/2017\/08\/mini_Restaurant-To-1.jpg","portfolio-five-width":177,"portfolio-five-height":120}}],"ubicacio":{"address":"C\/Terrassa, 5 \u00b7 Pal\u00e0 de Torroella","lat":"41.8560846","lng":"1.7204404000000295"}},"_links":{"self":[{"href":"https:\/\/www.bagesturisme.cat\/en\/wp-json\/wp\/v2\/restauracio\/2947","targetHints":{"allow":["GET"]}}],"collection":[{"href":"https:\/\/www.bagesturisme.cat\/en\/wp-json\/wp\/v2\/restauracio"}],"about":[{"href":"https:\/\/www.bagesturisme.cat\/en\/wp-json\/wp\/v2\/types\/restauracio"}],"author":[{"embeddable":true,"href":"https:\/\/www.bagesturisme.cat\/en\/wp-json\/wp\/v2\/users\/21"}],"version-history":[{"count":19,"href":"https:\/\/www.bagesturisme.cat\/en\/wp-json\/wp\/v2\/restauracio\/2947\/revisions"}],"predecessor-version":[{"id":7391,"href":"https:\/\/www.bagesturisme.cat\/en\/wp-json\/wp\/v2\/restauracio\/2947\/revisions\/7391"}],"wp:featuredmedia":[{"embeddable":true,"href":"https:\/\/www.bagesturisme.cat\/en\/wp-json\/wp\/v2\/media\/4158"}],"wp:attachment":[{"href":"https:\/\/www.bagesturisme.cat\/en\/wp-json\/wp\/v2\/media?parent=2947"}],"curies":[{"name":"wp","href":"https:\/\/api.w.org\/{rel}","templated":true}]}}