{"id":189,"date":"2018-12-13T10:23:20","date_gmt":"2018-12-13T09:23:20","guid":{"rendered":"https:\/\/bagesturisme.cat\/restauracio\/restaurant-les-voltes-de-sant-sebastia\/"},"modified":"2021-02-19T09:03:51","modified_gmt":"2021-02-19T08:03:51","slug":"restaurant-voltes-sant-sebastia","status":"publish","type":"restauracio","link":"https:\/\/www.bagesturisme.cat\/en\/restauracio\/restaurant-voltes-sant-sebastia\/","title":{"rendered":"Restaurant Les Voltes de Sant Sebasti\u00e0"},"content":{"rendered":"<p style=\"text-align: justify;\">Les Voltes de Sant Sebasti\u00e0 els ofereix els productes de la seva terra, de Moi\u00e0 i entorns del Moian\u00e8s. En el nostre restaurant podran disfrutar de productes ecol\u00f2gics, naturals i de qualitat. Els oferim cuina de mercat, gastronomia d&#8217;alta qualitat, productes exquisits, tot en un ambient tranquil i acollidor.<br \/>\nA les Voltes de Sant Sebasti\u00e0 els oferim cuina de mercat, gastronomia d&#8217;alta qualitat, productes exquisits de la nostra terra. La nostra carta \u00e9s de temporada, els oferim els millors plats amb productes del temps. No dubtin en con\u00e8ixer els nostres plats, faran gaudir el paladar amb plats tan especials com el mel\u00f3s de vedella amb la seva reducci\u00f3 d&#8217;ar\u00e7 o un dels nostres postres m\u00e9s exquisits.<\/p>\n<p><!--more--><\/p>\n<p><strong>Horari:<\/strong><br \/>\nObert dimecres, dijous i diumenge als migdies &#8211; divendres i dissabte obert migdies i nit &#8211; dilluns i dimarts tancat","protected":false},"author":34,"featured_media":8878,"template":"","class_list":["post-189","restauracio","type-restauracio","status-publish","has-post-thumbnail","hentry","municipi-moia"],"acf":{"adreca":"C\/ Sant Sebasti\u00e0, 9 (baixos)<br \/><br \/>\r\n08180 Moi\u00e0","web":"http:\/\/www.lesvoltes.com","email":"lesvoltes@lesvoltes.com","tel":"93 830 14 40","galeria":false,"ubicacio":{"address":"C\/ Sant Sebasti\u00e0, 9 (baixos) 08180 Moi\u00e0","lat":"41.8131153","lng":"2.096284800000035"}},"_links":{"self":[{"href":"https:\/\/www.bagesturisme.cat\/en\/wp-json\/wp\/v2\/restauracio\/189","targetHints":{"allow":["GET"]}}],"collection":[{"href":"https:\/\/www.bagesturisme.cat\/en\/wp-json\/wp\/v2\/restauracio"}],"about":[{"href":"https:\/\/www.bagesturisme.cat\/en\/wp-json\/wp\/v2\/types\/restauracio"}],"author":[{"embeddable":true,"href":"https:\/\/www.bagesturisme.cat\/en\/wp-json\/wp\/v2\/users\/34"}],"version-history":[{"count":5,"href":"https:\/\/www.bagesturisme.cat\/en\/wp-json\/wp\/v2\/restauracio\/189\/revisions"}],"predecessor-version":[{"id":8879,"href":"https:\/\/www.bagesturisme.cat\/en\/wp-json\/wp\/v2\/restauracio\/189\/revisions\/8879"}],"wp:featuredmedia":[{"embeddable":true,"href":"https:\/\/www.bagesturisme.cat\/en\/wp-json\/wp\/v2\/media\/8878"}],"wp:attachment":[{"href":"https:\/\/www.bagesturisme.cat\/en\/wp-json\/wp\/v2\/media?parent=189"}],"curies":[{"name":"wp","href":"https:\/\/api.w.org\/{rel}","templated":true}]}}