{"id":133,"date":"2016-12-15T14:23:19","date_gmt":"2016-12-15T13:23:19","guid":{"rendered":"https:\/\/bagesturisme.cat\/restauracio\/restaurant-cal-carter\/"},"modified":"2023-10-09T10:24:26","modified_gmt":"2023-10-09T09:24:26","slug":"restaurant-cal-carter","status":"publish","type":"restauracio","link":"https:\/\/www.bagesturisme.cat\/en\/restauracio\/restaurant-cal-carter\/","title":{"rendered":"Restaurant Cal Carter"},"content":{"rendered":"Situat al nucli urb\u00e0 del municipi, a peu del Parc Natural de Sant Lloren\u00e7 del Munt i l&#8217;Obac. Es caracteritza pel seu estil r\u00fastic i acollidor. T\u00e9 tres menjadors, una terrassa exterior amb vistes al Parc Natural i zona reservada d&#8217;estacionament. A Cal Carter fa una cuina tradicional catalana, de mercat i tamb\u00e9 pr\u00f2pia.<\/p>\n<p>Les especialitat de la casa s\u00f3n, cigrons amb bacall\u00e0, poti-poti, bolets, peus de porc. Tenim una gran carta de postres formada por diversos plats \u00a0elaboraci\u00f3 pr\u00f2pia,tamb\u00e9 en gelats.\u00a0Es pot acompanyar el menjar escollint \u00a0un bon vi de la nostra extensa bodega, destacant els \u00a0de la comarca D.O. Pla de Bages.<\/p>\n<p><strong><!--more--><\/strong><strong>Horari:<\/strong><br \/>\nObert cada dia de 9.30h a 7.30h . Sopars amb reserva pr\u00e8via<br \/>\nCaps de setmana de 9.30h a 11.00h<br \/>\nTancat els dimarts no festius i la setmana de Nadal","protected":false},"author":19,"featured_media":9084,"template":"","class_list":["post-133","restauracio","type-restauracio","status-publish","has-post-thumbnail","hentry","municipi-mura","indicadors-geoparc-de-la-catalunya-central","indicadors-biosphere","indicadors-pit","indicadors-carta-eureopa-de-turisme-sostenible-cets","indicadors-restaurants-gastronomics","indicadors-do-pla-de-bages","indicadors-ruta-del-vi-de-la-do-pla-de-bages"],"acf":{"adreca":"Pl. Tom\u00e0s Viver, 1, Mura","web":"http:\/\/www.calcarter.net","email":"restaurant@calcarter.net","tel":"93 831 70 36","galeria":[{"ID":9083,"id":9083,"title":"_ORP2340","filename":"ORP2340.jpg","filesize":318942,"url":"https:\/\/www.bagesturisme.cat\/wp-content\/uploads\/2016\/12\/ORP2340.jpg","link":"https:\/\/www.bagesturisme.cat\/en\/restauracio\/restaurant-cal-carter\/_orp2340\/","alt":"","author":"3","description":"","caption":"Els dos Jordis Perich del Restaurant Cal Carter de Mura (tiet i nebot). Bages, novembre de 2015. (telf. 938317036)","name":"_orp2340","status":"inherit","uploaded_to":133,"date":"2021-02-24 13:30:03","modified":"2021-02-24 13:30:10","menu_order":0,"mime_type":"image\/jpeg","type":"image","subtype":"jpeg","icon":"https:\/\/www.bagesturisme.cat\/wp-includes\/images\/media\/default.png","width":1766,"height":1179,"sizes":{"thumbnail":"https:\/\/www.bagesturisme.cat\/wp-content\/uploads\/2016\/12\/ORP2340-150x150.jpg","thumbnail-width":150,"thumbnail-height":150,"medium":"https:\/\/www.bagesturisme.cat\/wp-content\/uploads\/2016\/12\/ORP2340-599x400.jpg","medium-width":599,"medium-height":400,"medium_large":"https:\/\/www.bagesturisme.cat\/wp-content\/uploads\/2016\/12\/ORP2340-768x513.jpg","medium_large-width":768,"medium_large-height":513,"large":"https:\/\/www.bagesturisme.cat\/wp-content\/uploads\/2016\/12\/ORP2340-1280x855.jpg","large-width":1170,"large-height":782,"1536x1536":"https:\/\/www.bagesturisme.cat\/wp-content\/uploads\/2016\/12\/ORP2340-1536x1025.jpg","1536x1536-width":1536,"1536x1536-height":1025,"2048x2048":"https:\/\/www.bagesturisme.cat\/wp-content\/uploads\/2016\/12\/ORP2340.jpg","2048x2048-width":1766,"2048x2048-height":1179,"blog-large":"https:\/\/www.bagesturisme.cat\/wp-content\/uploads\/2016\/12\/ORP2340.jpg","blog-large-width":407,"blog-large-height":272,"blog-medium":"https:\/\/www.bagesturisme.cat\/wp-content\/uploads\/2016\/12\/ORP2340.jpg","blog-medium-width":303,"blog-medium-height":202,"recent-posts":"https:\/\/www.bagesturisme.cat\/wp-content\/uploads\/2016\/12\/ORP2340.jpg","recent-posts-width":661,"recent-posts-height":441,"recent-works-thumbnail":"https:\/\/www.bagesturisme.cat\/wp-content\/uploads\/2016\/12\/ORP2340.jpg","recent-works-thumbnail-width":66,"recent-works-thumbnail-height":44,"fusion-200":"https:\/\/www.bagesturisme.cat\/wp-content\/uploads\/2016\/12\/ORP2340.jpg","fusion-200-width":200,"fusion-200-height":134,"fusion-400":"https:\/\/www.bagesturisme.cat\/wp-content\/uploads\/2016\/12\/ORP2340.jpg","fusion-400-width":400,"fusion-400-height":267,"fusion-600":"https:\/\/www.bagesturisme.cat\/wp-content\/uploads\/2016\/12\/ORP2340.jpg","fusion-600-width":600,"fusion-600-height":401,"fusion-800":"https:\/\/www.bagesturisme.cat\/wp-content\/uploads\/2016\/12\/ORP2340.jpg","fusion-800-width":800,"fusion-800-height":534,"fusion-1200":"https:\/\/www.bagesturisme.cat\/wp-content\/uploads\/2016\/12\/ORP2340.jpg","fusion-1200-width":1200,"fusion-1200-height":801,"portfolio-full":"https:\/\/www.bagesturisme.cat\/wp-content\/uploads\/2016\/12\/ORP2340.jpg","portfolio-full-width":599,"portfolio-full-height":400,"portfolio-one":"https:\/\/www.bagesturisme.cat\/wp-content\/uploads\/2016\/12\/ORP2340.jpg","portfolio-one-width":407,"portfolio-one-height":272,"portfolio-two":"https:\/\/www.bagesturisme.cat\/wp-content\/uploads\/2016\/12\/ORP2340.jpg","portfolio-two-width":442,"portfolio-two-height":295,"portfolio-three":"https:\/\/www.bagesturisme.cat\/wp-content\/uploads\/2016\/12\/ORP2340.jpg","portfolio-three-width":300,"portfolio-three-height":200,"portfolio-five":"https:\/\/www.bagesturisme.cat\/wp-content\/uploads\/2016\/12\/ORP2340.jpg","portfolio-five-width":177,"portfolio-five-height":118}},{"ID":9084,"id":9084,"title":"_ORP2414","filename":"ORP2414.jpg","filesize":182767,"url":"https:\/\/www.bagesturisme.cat\/wp-content\/uploads\/2016\/12\/ORP2414.jpg","link":"https:\/\/www.bagesturisme.cat\/en\/restauracio\/restaurant-cal-carter\/_orp2414\/","alt":"","author":"3","description":"","caption":"El m\u00edtic bacall\u00e0 amb cigronets de Mura del Restaurant Cal Carter. Mura, Bages, novembre de 2015. (telf. 938317036)","name":"_orp2414","status":"inherit","uploaded_to":133,"date":"2021-02-24 13:30:07","modified":"2021-02-24 13:30:07","menu_order":0,"mime_type":"image\/jpeg","type":"image","subtype":"jpeg","icon":"https:\/\/www.bagesturisme.cat\/wp-includes\/images\/media\/default.png","width":1766,"height":1179,"sizes":{"thumbnail":"https:\/\/www.bagesturisme.cat\/wp-content\/uploads\/2016\/12\/ORP2414-150x150.jpg","thumbnail-width":150,"thumbnail-height":150,"medium":"https:\/\/www.bagesturisme.cat\/wp-content\/uploads\/2016\/12\/ORP2414-599x400.jpg","medium-width":599,"medium-height":400,"medium_large":"https:\/\/www.bagesturisme.cat\/wp-content\/uploads\/2016\/12\/ORP2414-768x513.jpg","medium_large-width":768,"medium_large-height":513,"large":"https:\/\/www.bagesturisme.cat\/wp-content\/uploads\/2016\/12\/ORP2414-1280x855.jpg","large-width":1170,"large-height":782,"1536x1536":"https:\/\/www.bagesturisme.cat\/wp-content\/uploads\/2016\/12\/ORP2414-1536x1025.jpg","1536x1536-width":1536,"1536x1536-height":1025,"2048x2048":"https:\/\/www.bagesturisme.cat\/wp-content\/uploads\/2016\/12\/ORP2414.jpg","2048x2048-width":1766,"2048x2048-height":1179,"blog-large":"https:\/\/www.bagesturisme.cat\/wp-content\/uploads\/2016\/12\/ORP2414.jpg","blog-large-width":407,"blog-large-height":272,"blog-medium":"https:\/\/www.bagesturisme.cat\/wp-content\/uploads\/2016\/12\/ORP2414.jpg","blog-medium-width":303,"blog-medium-height":202,"recent-posts":"https:\/\/www.bagesturisme.cat\/wp-content\/uploads\/2016\/12\/ORP2414.jpg","recent-posts-width":661,"recent-posts-height":441,"recent-works-thumbnail":"https:\/\/www.bagesturisme.cat\/wp-content\/uploads\/2016\/12\/ORP2414.jpg","recent-works-thumbnail-width":66,"recent-works-thumbnail-height":44,"fusion-200":"https:\/\/www.bagesturisme.cat\/wp-content\/uploads\/2016\/12\/ORP2414.jpg","fusion-200-width":200,"fusion-200-height":134,"fusion-400":"https:\/\/www.bagesturisme.cat\/wp-content\/uploads\/2016\/12\/ORP2414.jpg","fusion-400-width":400,"fusion-400-height":267,"fusion-600":"https:\/\/www.bagesturisme.cat\/wp-content\/uploads\/2016\/12\/ORP2414.jpg","fusion-600-width":600,"fusion-600-height":401,"fusion-800":"https:\/\/www.bagesturisme.cat\/wp-content\/uploads\/2016\/12\/ORP2414.jpg","fusion-800-width":800,"fusion-800-height":534,"fusion-1200":"https:\/\/www.bagesturisme.cat\/wp-content\/uploads\/2016\/12\/ORP2414.jpg","fusion-1200-width":1200,"fusion-1200-height":801,"portfolio-full":"https:\/\/www.bagesturisme.cat\/wp-content\/uploads\/2016\/12\/ORP2414.jpg","portfolio-full-width":599,"portfolio-full-height":400,"portfolio-one":"https:\/\/www.bagesturisme.cat\/wp-content\/uploads\/2016\/12\/ORP2414.jpg","portfolio-one-width":407,"portfolio-one-height":272,"portfolio-two":"https:\/\/www.bagesturisme.cat\/wp-content\/uploads\/2016\/12\/ORP2414.jpg","portfolio-two-width":442,"portfolio-two-height":295,"portfolio-three":"https:\/\/www.bagesturisme.cat\/wp-content\/uploads\/2016\/12\/ORP2414.jpg","portfolio-three-width":300,"portfolio-three-height":200,"portfolio-five":"https:\/\/www.bagesturisme.cat\/wp-content\/uploads\/2016\/12\/ORP2414.jpg","portfolio-five-width":177,"portfolio-five-height":118}}],"ubicacio":{"address":"Pla\u00e7a Tom\u00e0s Viver, 1 08279\u00a0 Mura","lat":"41.6998252","lng":"1.9760658999999805"}},"_links":{"self":[{"href":"https:\/\/www.bagesturisme.cat\/en\/wp-json\/wp\/v2\/restauracio\/133","targetHints":{"allow":["GET"]}}],"collection":[{"href":"https:\/\/www.bagesturisme.cat\/en\/wp-json\/wp\/v2\/restauracio"}],"about":[{"href":"https:\/\/www.bagesturisme.cat\/en\/wp-json\/wp\/v2\/types\/restauracio"}],"author":[{"embeddable":true,"href":"https:\/\/www.bagesturisme.cat\/en\/wp-json\/wp\/v2\/users\/19"}],"version-history":[{"count":18,"href":"https:\/\/www.bagesturisme.cat\/en\/wp-json\/wp\/v2\/restauracio\/133\/revisions"}],"predecessor-version":[{"id":12039,"href":"https:\/\/www.bagesturisme.cat\/en\/wp-json\/wp\/v2\/restauracio\/133\/revisions\/12039"}],"wp:featuredmedia":[{"embeddable":true,"href":"https:\/\/www.bagesturisme.cat\/en\/wp-json\/wp\/v2\/media\/9084"}],"wp:attachment":[{"href":"https:\/\/www.bagesturisme.cat\/en\/wp-json\/wp\/v2\/media?parent=133"}],"curies":[{"name":"wp","href":"https:\/\/api.w.org\/{rel}","templated":true}]}}