{"id":9432,"date":"2021-03-22T18:54:59","date_gmt":"2021-03-22T17:54:59","guid":{"rendered":"https:\/\/bagesturisme.cat\/?post_type=activitats&#038;p=9432"},"modified":"2021-03-22T19:00:52","modified_gmt":"2021-03-22T18:00:52","slug":"activitats-en-familia-al-bages","status":"publish","type":"activitats","link":"https:\/\/www.bagesturisme.cat\/en\/activitat\/activitats-en-familia-al-bages\/","title":{"rendered":"Passaport d&#8217;activitats en fam\u00edlia &#8220;Explora el Bages&#8221;"},"content":{"rendered":"\u201cExplora el Bages\u201d \u00e9s una mena de passaport dirigit a infants de prim\u00e0ria de fins a 12 anys. El material proposa als infants ser ambaixadors de la comarca i per tant con\u00e8ixer primer el territori. Aix\u00ed doncs, es tracta d\u2019una llista de m\u00e9s de 25 activitats a fer al Bages per tal de sorprendre\u2019s i ser conscients de tot all\u00f2 que ens ofereix aquesta comarca! Un ambaixador \u00e9s una persona que explica, ensenya i convida els familiars, persones amigues i conegudes a fer tot all\u00f2 que els pot sorprendre i agradar del Bages!<\/p>\n<p>Les propostes es divideixen en cinc tem\u00e0tiques \u201cSoc explorador\/a\u201d; \u201cSoc ge\u00f2leg\/\u00f2loga\u201d; \u201cSoc excursionista\u201d; \u201cSoc amant de la cultura\u201d i \u201cSoc gurmet\u201d. Si els infants fan 10 propostes de les llistades en el passaport podr\u00e0n recollir un obsequi a les Oficines de Turisme de Manresa, Mura i Cardona.<\/p>\n<p>L\u2019objectiu \u00e9s augmentar l\u2019orgull per la comarca del Bages i con\u00e8ixer i valorar els seus atractius. Una proposta ideal per a fer en fam\u00edlia! T\u2019hi animes? Pots imprimir-te el passaport o recollir-lo a les Oficines de Turisme de Manresa, Mura i Cardona i comen\u00e7ar a moure\u2019t pel territori i a con\u00e8ixer-lo millor!<\/p>\n<p>Per a m\u00e9s informaci\u00f3 contactar: turisme@ccbages.cat o 93 693 03 96.<\/p>","protected":false},"author":3,"featured_media":9436,"template":"","tags":[],"class_list":["post-9432","activitats","type-activitats","status-publish","has-post-thumbnail","hentry","tipus-familiar","indicadors-familiar"],"acf":{"galeria":[{"ID":9434,"id":9434,"title":"Bages Sant Cugat del Rac\u00f3 en fam\u00edlia","filename":"sant_cugat_reco_octubre_fortuny-2909.jpg","filesize":822707,"url":"https:\/\/www.bagesturisme.cat\/wp-content\/uploads\/2021\/03\/sant_cugat_reco_octubre_fortuny-2909.jpg","link":"https:\/\/www.bagesturisme.cat\/en\/activitat\/activitats-en-familia-al-bages\/sant_cugat_reco_octubre_fortuny-2909\/","alt":"","author":"3","description":"","caption":"","name":"sant_cugat_reco_octubre_fortuny-2909","status":"inherit","uploaded_to":9432,"date":"2021-03-22 17:59:45","modified":"2021-03-22 18:00:06","menu_order":0,"mime_type":"image\/jpeg","type":"image","subtype":"jpeg","icon":"https:\/\/www.bagesturisme.cat\/wp-includes\/images\/media\/default.png","width":1200,"height":798,"sizes":{"thumbnail":"https:\/\/www.bagesturisme.cat\/wp-content\/uploads\/2021\/03\/sant_cugat_reco_octubre_fortuny-2909-150x150.jpg","thumbnail-width":150,"thumbnail-height":150,"medium":"https:\/\/www.bagesturisme.cat\/wp-content\/uploads\/2021\/03\/sant_cugat_reco_octubre_fortuny-2909-602x400.jpg","medium-width":602,"medium-height":400,"medium_large":"https:\/\/www.bagesturisme.cat\/wp-content\/uploads\/2021\/03\/sant_cugat_reco_octubre_fortuny-2909-768x511.jpg","medium_large-width":768,"medium_large-height":511,"large":"https:\/\/www.bagesturisme.cat\/wp-content\/uploads\/2021\/03\/sant_cugat_reco_octubre_fortuny-2909.jpg","large-width":1170,"large-height":778,"1536x1536":"https:\/\/www.bagesturisme.cat\/wp-content\/uploads\/2021\/03\/sant_cugat_reco_octubre_fortuny-2909.jpg","1536x1536-width":1200,"1536x1536-height":798,"2048x2048":"https:\/\/www.bagesturisme.cat\/wp-content\/uploads\/2021\/03\/sant_cugat_reco_octubre_fortuny-2909.jpg","2048x2048-width":1200,"2048x2048-height":798,"blog-large":"https:\/\/www.bagesturisme.cat\/wp-content\/uploads\/2021\/03\/sant_cugat_reco_octubre_fortuny-2909.jpg","blog-large-width":409,"blog-large-height":272,"blog-medium":"https:\/\/www.bagesturisme.cat\/wp-content\/uploads\/2021\/03\/sant_cugat_reco_octubre_fortuny-2909.jpg","blog-medium-width":304,"blog-medium-height":202,"recent-posts":"https:\/\/www.bagesturisme.cat\/wp-content\/uploads\/2021\/03\/sant_cugat_reco_octubre_fortuny-2909.jpg","recent-posts-width":663,"recent-posts-height":441,"recent-works-thumbnail":"https:\/\/www.bagesturisme.cat\/wp-content\/uploads\/2021\/03\/sant_cugat_reco_octubre_fortuny-2909.jpg","recent-works-thumbnail-width":66,"recent-works-thumbnail-height":44,"fusion-200":"https:\/\/www.bagesturisme.cat\/wp-content\/uploads\/2021\/03\/sant_cugat_reco_octubre_fortuny-2909.jpg","fusion-200-width":200,"fusion-200-height":133,"fusion-400":"https:\/\/www.bagesturisme.cat\/wp-content\/uploads\/2021\/03\/sant_cugat_reco_octubre_fortuny-2909.jpg","fusion-400-width":400,"fusion-400-height":266,"fusion-600":"https:\/\/www.bagesturisme.cat\/wp-content\/uploads\/2021\/03\/sant_cugat_reco_octubre_fortuny-2909.jpg","fusion-600-width":600,"fusion-600-height":399,"fusion-800":"https:\/\/www.bagesturisme.cat\/wp-content\/uploads\/2021\/03\/sant_cugat_reco_octubre_fortuny-2909.jpg","fusion-800-width":800,"fusion-800-height":532,"fusion-1200":"https:\/\/www.bagesturisme.cat\/wp-content\/uploads\/2021\/03\/sant_cugat_reco_octubre_fortuny-2909.jpg","fusion-1200-width":1200,"fusion-1200-height":798,"portfolio-full":"https:\/\/www.bagesturisme.cat\/wp-content\/uploads\/2021\/03\/sant_cugat_reco_octubre_fortuny-2909.jpg","portfolio-full-width":602,"portfolio-full-height":400,"portfolio-one":"https:\/\/www.bagesturisme.cat\/wp-content\/uploads\/2021\/03\/sant_cugat_reco_octubre_fortuny-2909.jpg","portfolio-one-width":409,"portfolio-one-height":272,"portfolio-two":"https:\/\/www.bagesturisme.cat\/wp-content\/uploads\/2021\/03\/sant_cugat_reco_octubre_fortuny-2909.jpg","portfolio-two-width":444,"portfolio-two-height":295,"portfolio-three":"https:\/\/www.bagesturisme.cat\/wp-content\/uploads\/2021\/03\/sant_cugat_reco_octubre_fortuny-2909.jpg","portfolio-three-width":300,"portfolio-three-height":200,"portfolio-five":"https:\/\/www.bagesturisme.cat\/wp-content\/uploads\/2021\/03\/sant_cugat_reco_octubre_fortuny-2909.jpg","portfolio-five-width":177,"portfolio-five-height":118}},{"ID":9435,"id":9435,"title":"Puig de la Balma en fam\u00edlia","filename":"mura_puig_balma_setembre_fortuny-1357.jpg","filesize":1361018,"url":"https:\/\/www.bagesturisme.cat\/wp-content\/uploads\/2021\/03\/mura_puig_balma_setembre_fortuny-1357.jpg","link":"https:\/\/www.bagesturisme.cat\/en\/activitat\/activitats-en-familia-al-bages\/mura_puig_balma_setembre_fortuny-1357\/","alt":"","author":"3","description":"","caption":"","name":"mura_puig_balma_setembre_fortuny-1357","status":"inherit","uploaded_to":9432,"date":"2021-03-22 17:59:45","modified":"2021-06-09 09:34:03","menu_order":0,"mime_type":"image\/jpeg","type":"image","subtype":"jpeg","icon":"https:\/\/www.bagesturisme.cat\/wp-includes\/images\/media\/default.png","width":1200,"height":798,"sizes":{"thumbnail":"https:\/\/www.bagesturisme.cat\/wp-content\/uploads\/2021\/03\/mura_puig_balma_setembre_fortuny-1357-150x150.jpg","thumbnail-width":150,"thumbnail-height":150,"medium":"https:\/\/www.bagesturisme.cat\/wp-content\/uploads\/2021\/03\/mura_puig_balma_setembre_fortuny-1357-602x400.jpg","medium-width":602,"medium-height":400,"medium_large":"https:\/\/www.bagesturisme.cat\/wp-content\/uploads\/2021\/03\/mura_puig_balma_setembre_fortuny-1357-768x511.jpg","medium_large-width":768,"medium_large-height":511,"large":"https:\/\/www.bagesturisme.cat\/wp-content\/uploads\/2021\/03\/mura_puig_balma_setembre_fortuny-1357.jpg","large-width":1170,"large-height":778,"1536x1536":"https:\/\/www.bagesturisme.cat\/wp-content\/uploads\/2021\/03\/mura_puig_balma_setembre_fortuny-1357.jpg","1536x1536-width":1200,"1536x1536-height":798,"2048x2048":"https:\/\/www.bagesturisme.cat\/wp-content\/uploads\/2021\/03\/mura_puig_balma_setembre_fortuny-1357.jpg","2048x2048-width":1200,"2048x2048-height":798,"blog-large":"https:\/\/www.bagesturisme.cat\/wp-content\/uploads\/2021\/03\/mura_puig_balma_setembre_fortuny-1357.jpg","blog-large-width":409,"blog-large-height":272,"blog-medium":"https:\/\/www.bagesturisme.cat\/wp-content\/uploads\/2021\/03\/mura_puig_balma_setembre_fortuny-1357.jpg","blog-medium-width":304,"blog-medium-height":202,"recent-posts":"https:\/\/www.bagesturisme.cat\/wp-content\/uploads\/2021\/03\/mura_puig_balma_setembre_fortuny-1357.jpg","recent-posts-width":663,"recent-posts-height":441,"recent-works-thumbnail":"https:\/\/www.bagesturisme.cat\/wp-content\/uploads\/2021\/03\/mura_puig_balma_setembre_fortuny-1357.jpg","recent-works-thumbnail-width":66,"recent-works-thumbnail-height":44,"fusion-200":"https:\/\/www.bagesturisme.cat\/wp-content\/uploads\/2021\/03\/mura_puig_balma_setembre_fortuny-1357.jpg","fusion-200-width":200,"fusion-200-height":133,"fusion-400":"https:\/\/www.bagesturisme.cat\/wp-content\/uploads\/2021\/03\/mura_puig_balma_setembre_fortuny-1357.jpg","fusion-400-width":400,"fusion-400-height":266,"fusion-600":"https:\/\/www.bagesturisme.cat\/wp-content\/uploads\/2021\/03\/mura_puig_balma_setembre_fortuny-1357.jpg","fusion-600-width":600,"fusion-600-height":399,"fusion-800":"https:\/\/www.bagesturisme.cat\/wp-content\/uploads\/2021\/03\/mura_puig_balma_setembre_fortuny-1357.jpg","fusion-800-width":800,"fusion-800-height":532,"fusion-1200":"https:\/\/www.bagesturisme.cat\/wp-content\/uploads\/2021\/03\/mura_puig_balma_setembre_fortuny-1357.jpg","fusion-1200-width":1200,"fusion-1200-height":798,"portfolio-full":"https:\/\/www.bagesturisme.cat\/wp-content\/uploads\/2021\/03\/mura_puig_balma_setembre_fortuny-1357.jpg","portfolio-full-width":602,"portfolio-full-height":400,"portfolio-one":"https:\/\/www.bagesturisme.cat\/wp-content\/uploads\/2021\/03\/mura_puig_balma_setembre_fortuny-1357.jpg","portfolio-one-width":409,"portfolio-one-height":272,"portfolio-two":"https:\/\/www.bagesturisme.cat\/wp-content\/uploads\/2021\/03\/mura_puig_balma_setembre_fortuny-1357.jpg","portfolio-two-width":444,"portfolio-two-height":295,"portfolio-three":"https:\/\/www.bagesturisme.cat\/wp-content\/uploads\/2021\/03\/mura_puig_balma_setembre_fortuny-1357.jpg","portfolio-three-width":300,"portfolio-three-height":200,"portfolio-five":"https:\/\/www.bagesturisme.cat\/wp-content\/uploads\/2021\/03\/mura_puig_balma_setembre_fortuny-1357.jpg","portfolio-five-width":177,"portfolio-five-height":118}},{"ID":9436,"id":9436,"title":"Montserrat Bages en fam\u00edlia","filename":"montserrat_maig_fortuny_05-1.jpg","filesize":732557,"url":"https:\/\/www.bagesturisme.cat\/wp-content\/uploads\/2021\/03\/montserrat_maig_fortuny_05-1.jpg","link":"https:\/\/www.bagesturisme.cat\/en\/activitat\/activitats-en-familia-al-bages\/montserrat_maig_fortuny_05-1\/","alt":"","author":"3","description":"","caption":"","name":"montserrat_maig_fortuny_05-1","status":"inherit","uploaded_to":9432,"date":"2021-03-22 17:59:46","modified":"2021-03-22 18:00:24","menu_order":0,"mime_type":"image\/jpeg","type":"image","subtype":"jpeg","icon":"https:\/\/www.bagesturisme.cat\/wp-includes\/images\/media\/default.png","width":900,"height":599,"sizes":{"thumbnail":"https:\/\/www.bagesturisme.cat\/wp-content\/uploads\/2021\/03\/montserrat_maig_fortuny_05-1-150x150.jpg","thumbnail-width":150,"thumbnail-height":150,"medium":"https:\/\/www.bagesturisme.cat\/wp-content\/uploads\/2021\/03\/montserrat_maig_fortuny_05-1-601x400.jpg","medium-width":601,"medium-height":400,"medium_large":"https:\/\/www.bagesturisme.cat\/wp-content\/uploads\/2021\/03\/montserrat_maig_fortuny_05-1-768x511.jpg","medium_large-width":768,"medium_large-height":511,"large":"https:\/\/www.bagesturisme.cat\/wp-content\/uploads\/2021\/03\/montserrat_maig_fortuny_05-1.jpg","large-width":900,"large-height":599,"1536x1536":"https:\/\/www.bagesturisme.cat\/wp-content\/uploads\/2021\/03\/montserrat_maig_fortuny_05-1.jpg","1536x1536-width":900,"1536x1536-height":599,"2048x2048":"https:\/\/www.bagesturisme.cat\/wp-content\/uploads\/2021\/03\/montserrat_maig_fortuny_05-1.jpg","2048x2048-width":900,"2048x2048-height":599,"blog-large":"https:\/\/www.bagesturisme.cat\/wp-content\/uploads\/2021\/03\/montserrat_maig_fortuny_05-1.jpg","blog-large-width":409,"blog-large-height":272,"blog-medium":"https:\/\/www.bagesturisme.cat\/wp-content\/uploads\/2021\/03\/montserrat_maig_fortuny_05-1.jpg","blog-medium-width":304,"blog-medium-height":202,"recent-posts":"https:\/\/www.bagesturisme.cat\/wp-content\/uploads\/2021\/03\/montserrat_maig_fortuny_05-1.jpg","recent-posts-width":663,"recent-posts-height":441,"recent-works-thumbnail":"https:\/\/www.bagesturisme.cat\/wp-content\/uploads\/2021\/03\/montserrat_maig_fortuny_05-1.jpg","recent-works-thumbnail-width":66,"recent-works-thumbnail-height":44,"fusion-200":"https:\/\/www.bagesturisme.cat\/wp-content\/uploads\/2021\/03\/montserrat_maig_fortuny_05-1.jpg","fusion-200-width":200,"fusion-200-height":133,"fusion-400":"https:\/\/www.bagesturisme.cat\/wp-content\/uploads\/2021\/03\/montserrat_maig_fortuny_05-1.jpg","fusion-400-width":400,"fusion-400-height":266,"fusion-600":"https:\/\/www.bagesturisme.cat\/wp-content\/uploads\/2021\/03\/montserrat_maig_fortuny_05-1.jpg","fusion-600-width":600,"fusion-600-height":399,"fusion-800":"https:\/\/www.bagesturisme.cat\/wp-content\/uploads\/2021\/03\/montserrat_maig_fortuny_05-1.jpg","fusion-800-width":800,"fusion-800-height":532,"fusion-1200":"https:\/\/www.bagesturisme.cat\/wp-content\/uploads\/2021\/03\/montserrat_maig_fortuny_05-1.jpg","fusion-1200-width":900,"fusion-1200-height":599,"portfolio-full":"https:\/\/www.bagesturisme.cat\/wp-content\/uploads\/2021\/03\/montserrat_maig_fortuny_05-1.jpg","portfolio-full-width":601,"portfolio-full-height":400,"portfolio-one":"https:\/\/www.bagesturisme.cat\/wp-content\/uploads\/2021\/03\/montserrat_maig_fortuny_05-1.jpg","portfolio-one-width":409,"portfolio-one-height":272,"portfolio-two":"https:\/\/www.bagesturisme.cat\/wp-content\/uploads\/2021\/03\/montserrat_maig_fortuny_05-1.jpg","portfolio-two-width":443,"portfolio-two-height":295,"portfolio-three":"https:\/\/www.bagesturisme.cat\/wp-content\/uploads\/2021\/03\/montserrat_maig_fortuny_05-1.jpg","portfolio-three-width":300,"portfolio-three-height":200,"portfolio-five":"https:\/\/www.bagesturisme.cat\/wp-content\/uploads\/2021\/03\/montserrat_maig_fortuny_05-1.jpg","portfolio-five-width":177,"portfolio-five-height":118}}],"entitat":"Bages Turisme","adreca":"","telefon":"93 693 03 96","email":"turisme@ccbages.cat","web":"","link-venda":"","ubicacio":false},"_links":{"self":[{"href":"https:\/\/www.bagesturisme.cat\/en\/wp-json\/wp\/v2\/activitats\/9432","targetHints":{"allow":["GET"]}}],"collection":[{"href":"https:\/\/www.bagesturisme.cat\/en\/wp-json\/wp\/v2\/activitats"}],"about":[{"href":"https:\/\/www.bagesturisme.cat\/en\/wp-json\/wp\/v2\/types\/activitats"}],"author":[{"embeddable":true,"href":"https:\/\/www.bagesturisme.cat\/en\/wp-json\/wp\/v2\/users\/3"}],"version-history":[{"count":3,"href":"https:\/\/www.bagesturisme.cat\/en\/wp-json\/wp\/v2\/activitats\/9432\/revisions"}],"predecessor-version":[{"id":9438,"href":"https:\/\/www.bagesturisme.cat\/en\/wp-json\/wp\/v2\/activitats\/9432\/revisions\/9438"}],"wp:featuredmedia":[{"embeddable":true,"href":"https:\/\/www.bagesturisme.cat\/en\/wp-json\/wp\/v2\/media\/9436"}],"wp:attachment":[{"href":"https:\/\/www.bagesturisme.cat\/en\/wp-json\/wp\/v2\/media?parent=9432"}],"wp:term":[{"taxonomy":"post_tag","embeddable":true,"href":"https:\/\/www.bagesturisme.cat\/en\/wp-json\/wp\/v2\/tags?post=9432"}],"curies":[{"name":"wp","href":"https:\/\/api.w.org\/{rel}","templated":true}]}}