{"id":5129,"date":"2017-12-07T08:32:08","date_gmt":"2017-12-07T07:32:08","guid":{"rendered":"https:\/\/bagesturisme.cat\/?post_type=activitats&#038;p=5129"},"modified":"2021-03-16T12:48:19","modified_gmt":"2021-03-16T11:48:19","slug":"pla-bages-cavall","status":"publish","type":"activitats","link":"https:\/\/www.bagesturisme.cat\/en\/activitat\/pla-bages-cavall\/","title":{"rendered":"El pla de Bages a cavall"},"content":{"rendered":"&#8221;els horts, els camps, la vinya i la S\u00e8quia, el cor del Bages a cavall&#8221;<br \/>\nEls carrerons estrets del nucli antic de Sant Fruit\u00f3s de Bages i els seus horts deixen pas als grans camps de conreu que actualment predominen al Bages. Ben aviat, les vinyes del Mas de Sant Iscle s\u00f3n el testimoni d\u2019una comarca que mant\u00e9 les seves arrels vitivin\u00edcoles. Passejareu agradablement pel terme municipal de Sant Fruit\u00f3s de Bages,  en arribar al Mas de St Iscle visitareu el celler i podreu fer un tats del seus vins.","protected":false},"author":26,"featured_media":5130,"template":"","tags":[],"class_list":["post-5129","activitats","type-activitats","status-publish","has-post-thumbnail","hentry","municipi-sant-fruitos-de-bages","tipus-turisme-actiu","tipus-activitats-de-natura","indicadors-geoparc-de-la-catalunya-central","indicadors-biosphere","indicadors-pit","indicadors-parc-de-la-sequia"],"acf":{"email":"bagesterradevins@bagesterradevins.cat","adreca":"St Fruit\u00f3s de Bages","web":"http:\/\/bagesterradevins.cat\/event\/el-pla-de-bages-a-cavall","telefon":"686 10 87 24","entitat":"bagesterradevins","galeria":false,"ubicacio":{"address":"Sant Fruit\u00f3s de Bages","lat":"41.75092619999999","lng":"1.8746238999999605"}},"_links":{"self":[{"href":"https:\/\/www.bagesturisme.cat\/en\/wp-json\/wp\/v2\/activitats\/5129","targetHints":{"allow":["GET"]}}],"collection":[{"href":"https:\/\/www.bagesturisme.cat\/en\/wp-json\/wp\/v2\/activitats"}],"about":[{"href":"https:\/\/www.bagesturisme.cat\/en\/wp-json\/wp\/v2\/types\/activitats"}],"author":[{"embeddable":true,"href":"https:\/\/www.bagesturisme.cat\/en\/wp-json\/wp\/v2\/users\/26"}],"version-history":[{"count":2,"href":"https:\/\/www.bagesturisme.cat\/en\/wp-json\/wp\/v2\/activitats\/5129\/revisions"}],"predecessor-version":[{"id":5177,"href":"https:\/\/www.bagesturisme.cat\/en\/wp-json\/wp\/v2\/activitats\/5129\/revisions\/5177"}],"wp:featuredmedia":[{"embeddable":true,"href":"https:\/\/www.bagesturisme.cat\/en\/wp-json\/wp\/v2\/media\/5130"}],"wp:attachment":[{"href":"https:\/\/www.bagesturisme.cat\/en\/wp-json\/wp\/v2\/media?parent=5129"}],"wp:term":[{"taxonomy":"post_tag","embeddable":true,"href":"https:\/\/www.bagesturisme.cat\/en\/wp-json\/wp\/v2\/tags?post=5129"}],"curies":[{"name":"wp","href":"https:\/\/api.w.org\/{rel}","templated":true}]}}