{"id":4554,"date":"2017-10-10T09:11:11","date_gmt":"2017-10-10T08:11:11","guid":{"rendered":"https:\/\/bagesturisme.cat\/?post_type=activitats&#038;p=4554"},"modified":"2026-02-11T14:02:56","modified_gmt":"2026-02-11T13:02:56","slug":"visita-guiada-castell-lesglesia-romanica-sant-sebastia-sallent","status":"publish","type":"activitats","link":"https:\/\/www.bagesturisme.cat\/en\/activitat\/visita-guiada-castell-lesglesia-romanica-sant-sebastia-sallent\/","title":{"rendered":"Visites guiades al Castell de Sallent"},"content":{"rendered":"Els or\u00edgens del poble de Sallent s&#8217;han de situar en el Castell documentat des del Segle X, que imponent sobre un tur\u00f3, controlava l\u2019entrada a la vall del Llobregat. A partir del segle XII la poblaci\u00f3 es va comen\u00e7ar a centrar \u00a0m\u00e9s a prop del riu i el castell va anar perdent la seva funci\u00f3 estrat\u00e8gica.<\/p>\n<p>Actualment \u00e9s un conjunt monumental de gran import\u00e0ncia que inclou les restes del castell, la muralla i les torres per\u00f2 sobretot en destaca l&#8217;esgl\u00e9sia rom\u00e0nica de Sant Esteve i Sant Sebasti\u00e0, integrada dins el recinte fortificat. Aquest esgl\u00e9sia, de planta circular, \u00e9s una de les m\u00e9s grans de Catalunya.<\/p>\n<p>La visita permet rec\u00f3rrer les restes evocadores del castell amb les vistes del Pla de Bages i Montserrat com a tal\u00f3 de fons, \u00a0i entrar dins l&#8217;excepcional esgl\u00e9sia rom\u00e0nica tot descobrint els fets hist\u00f2rics m\u00e9s destacats que han marcat la vida d&#8217;aquesta antiga fortalesa.<\/p>\n<p>Es poden fer \u00a0<strong>visites guiades \u00a0gratu\u00eftes el mat\u00ed del primer dissabte de cada mes.<\/strong> L&#8217;horari de les visites \u00e9s a les 10:00h, 11:00h, 12:00h i 13:00h.","protected":false},"author":24,"featured_media":4558,"template":"","tags":[],"class_list":["post-4554","activitats","type-activitats","status-publish","has-post-thumbnail","hentry","municipi-sallent","tipus-cultura","tipus-turisme-actiu","tipus-guiatges","indicadors-geoparc-de-la-catalunya-central","indicadors-pit","indicadors-activitat-de-pagament","indicadors-activitat-guiada","indicadors-activitat-gratuita"],"acf":{"entitat":"Sallent Turisme","adreca":"Carrer del C\u00f3s, 89 08650 Sallent","telefon":"938370966","email":"info@sallentturisme.cat","web":"http:\/\/www.sallentturisme.cat\/","galeria":[{"ID":17537,"id":17537,"title":"Castell 2025-09-08 at 08.47.24","filename":"Castell-2025-09-08-at-08.47.24.jpeg","filesize":243363,"url":"https:\/\/www.bagesturisme.cat\/wp-content\/uploads\/2026\/01\/Castell-2025-09-08-at-08.47.24.jpeg","link":"https:\/\/www.bagesturisme.cat\/en\/esdeveniments\/guardians-bages-ibers-medievals\/castell-2025-09-08-at-08-47-24\/","alt":"","author":"24","description":"","caption":"","name":"castell-2025-09-08-at-08-47-24","status":"inherit","uploaded_to":17535,"date":"2026-01-02 13:42:45","modified":"2026-02-11 12:19:29","menu_order":0,"mime_type":"image\/jpeg","type":"image","subtype":"jpeg","icon":"https:\/\/www.bagesturisme.cat\/wp-includes\/images\/media\/default.png","width":1600,"height":720,"sizes":{"thumbnail":"https:\/\/www.bagesturisme.cat\/wp-content\/uploads\/2026\/01\/Castell-2025-09-08-at-08.47.24-150x150.jpeg","thumbnail-width":150,"thumbnail-height":150,"medium":"https:\/\/www.bagesturisme.cat\/wp-content\/uploads\/2026\/01\/Castell-2025-09-08-at-08.47.24-800x360.jpeg","medium-width":800,"medium-height":360,"medium_large":"https:\/\/www.bagesturisme.cat\/wp-content\/uploads\/2026\/01\/Castell-2025-09-08-at-08.47.24-768x346.jpeg","medium_large-width":768,"medium_large-height":346,"large":"https:\/\/www.bagesturisme.cat\/wp-content\/uploads\/2026\/01\/Castell-2025-09-08-at-08.47.24-1280x576.jpeg","large-width":1170,"large-height":527,"1536x1536":"https:\/\/www.bagesturisme.cat\/wp-content\/uploads\/2026\/01\/Castell-2025-09-08-at-08.47.24-1536x691.jpeg","1536x1536-width":1536,"1536x1536-height":691,"2048x2048":"https:\/\/www.bagesturisme.cat\/wp-content\/uploads\/2026\/01\/Castell-2025-09-08-at-08.47.24.jpeg","2048x2048-width":1600,"2048x2048-height":720,"blog-large":"https:\/\/www.bagesturisme.cat\/wp-content\/uploads\/2026\/01\/Castell-2025-09-08-at-08.47.24-669x272.jpeg","blog-large-width":669,"blog-large-height":272,"blog-medium":"https:\/\/www.bagesturisme.cat\/wp-content\/uploads\/2026\/01\/Castell-2025-09-08-at-08.47.24-320x202.jpeg","blog-medium-width":320,"blog-medium-height":202,"recent-posts":"https:\/\/www.bagesturisme.cat\/wp-content\/uploads\/2026\/01\/Castell-2025-09-08-at-08.47.24-700x441.jpeg","recent-posts-width":700,"recent-posts-height":441,"recent-works-thumbnail":"https:\/\/www.bagesturisme.cat\/wp-content\/uploads\/2026\/01\/Castell-2025-09-08-at-08.47.24-66x66.jpeg","recent-works-thumbnail-width":66,"recent-works-thumbnail-height":66,"fusion-200":"https:\/\/www.bagesturisme.cat\/wp-content\/uploads\/2026\/01\/Castell-2025-09-08-at-08.47.24-200x90.jpeg","fusion-200-width":200,"fusion-200-height":90,"fusion-400":"https:\/\/www.bagesturisme.cat\/wp-content\/uploads\/2026\/01\/Castell-2025-09-08-at-08.47.24-400x180.jpeg","fusion-400-width":400,"fusion-400-height":180,"fusion-600":"https:\/\/www.bagesturisme.cat\/wp-content\/uploads\/2026\/01\/Castell-2025-09-08-at-08.47.24-600x270.jpeg","fusion-600-width":600,"fusion-600-height":270,"fusion-800":"https:\/\/www.bagesturisme.cat\/wp-content\/uploads\/2026\/01\/Castell-2025-09-08-at-08.47.24-800x360.jpeg","fusion-800-width":800,"fusion-800-height":360,"fusion-1200":"https:\/\/www.bagesturisme.cat\/wp-content\/uploads\/2026\/01\/Castell-2025-09-08-at-08.47.24-1200x540.jpeg","fusion-1200-width":1200,"fusion-1200-height":540,"portfolio-full":"https:\/\/www.bagesturisme.cat\/wp-content\/uploads\/2026\/01\/Castell-2025-09-08-at-08.47.24-940x400.jpeg","portfolio-full-width":940,"portfolio-full-height":400,"portfolio-one":"https:\/\/www.bagesturisme.cat\/wp-content\/uploads\/2026\/01\/Castell-2025-09-08-at-08.47.24-540x272.jpeg","portfolio-one-width":540,"portfolio-one-height":272,"portfolio-two":"https:\/\/www.bagesturisme.cat\/wp-content\/uploads\/2026\/01\/Castell-2025-09-08-at-08.47.24-460x295.jpeg","portfolio-two-width":460,"portfolio-two-height":295,"portfolio-three":"https:\/\/www.bagesturisme.cat\/wp-content\/uploads\/2026\/01\/Castell-2025-09-08-at-08.47.24-300x214.jpeg","portfolio-three-width":300,"portfolio-three-height":214,"portfolio-five":"https:\/\/www.bagesturisme.cat\/wp-content\/uploads\/2026\/01\/Castell-2025-09-08-at-08.47.24-177x142.jpeg","portfolio-five-width":177,"portfolio-five-height":142}},{"ID":4558,"id":4558,"title":"Castell Sallent","filename":"Castell-Sallent.jpg","filesize":0,"url":"https:\/\/www.bagesturisme.cat\/wp-content\/uploads\/2017\/09\/Castell-Sallent.jpg","link":"https:\/\/www.bagesturisme.cat\/en\/activitat\/visita-guiada-castell-lesglesia-romanica-sant-sebastia-sallent\/castell-sallent\/","alt":"","author":"24","description":"","caption":"","name":"castell-sallent","status":"inherit","uploaded_to":4554,"date":"2017-09-29 13:44:59","modified":"2017-09-29 13:48:39","menu_order":0,"mime_type":"image\/jpeg","type":"image","subtype":"jpeg","icon":"https:\/\/www.bagesturisme.cat\/wp-includes\/images\/media\/default.png","width":1500,"height":877,"sizes":{"thumbnail":"https:\/\/www.bagesturisme.cat\/wp-content\/uploads\/2017\/09\/Castell-Sallent-150x150.jpg","thumbnail-width":150,"thumbnail-height":150,"medium":"https:\/\/www.bagesturisme.cat\/wp-content\/uploads\/2017\/09\/Castell-Sallent-684x400.jpg","medium-width":684,"medium-height":400,"medium_large":"https:\/\/www.bagesturisme.cat\/wp-content\/uploads\/2017\/09\/Castell-Sallent-768x449.jpg","medium_large-width":768,"medium_large-height":449,"large":"https:\/\/www.bagesturisme.cat\/wp-content\/uploads\/2017\/09\/Castell-Sallent-1280x748.jpg","large-width":1170,"large-height":684,"1536x1536":"https:\/\/www.bagesturisme.cat\/wp-content\/uploads\/2017\/09\/Castell-Sallent.jpg","1536x1536-width":1500,"1536x1536-height":877,"2048x2048":"https:\/\/www.bagesturisme.cat\/wp-content\/uploads\/2017\/09\/Castell-Sallent.jpg","2048x2048-width":1500,"2048x2048-height":877,"blog-large":"https:\/\/www.bagesturisme.cat\/wp-content\/uploads\/2017\/09\/Castell-Sallent.jpg","blog-large-width":465,"blog-large-height":272,"blog-medium":"https:\/\/www.bagesturisme.cat\/wp-content\/uploads\/2017\/09\/Castell-Sallent.jpg","blog-medium-width":320,"blog-medium-height":187,"recent-posts":"https:\/\/www.bagesturisme.cat\/wp-content\/uploads\/2017\/09\/Castell-Sallent.jpg","recent-posts-width":700,"recent-posts-height":409,"recent-works-thumbnail":"https:\/\/www.bagesturisme.cat\/wp-content\/uploads\/2017\/09\/Castell-Sallent.jpg","recent-works-thumbnail-width":66,"recent-works-thumbnail-height":39,"fusion-200":"https:\/\/www.bagesturisme.cat\/wp-content\/uploads\/2017\/09\/Castell-Sallent.jpg","fusion-200-width":200,"fusion-200-height":117,"fusion-400":"https:\/\/www.bagesturisme.cat\/wp-content\/uploads\/2017\/09\/Castell-Sallent.jpg","fusion-400-width":400,"fusion-400-height":234,"fusion-600":"https:\/\/www.bagesturisme.cat\/wp-content\/uploads\/2017\/09\/Castell-Sallent.jpg","fusion-600-width":600,"fusion-600-height":351,"fusion-800":"https:\/\/www.bagesturisme.cat\/wp-content\/uploads\/2017\/09\/Castell-Sallent.jpg","fusion-800-width":800,"fusion-800-height":468,"fusion-1200":"https:\/\/www.bagesturisme.cat\/wp-content\/uploads\/2017\/09\/Castell-Sallent.jpg","fusion-1200-width":1200,"fusion-1200-height":702,"portfolio-full":"https:\/\/www.bagesturisme.cat\/wp-content\/uploads\/2017\/09\/Castell-Sallent.jpg","portfolio-full-width":684,"portfolio-full-height":400,"portfolio-one":"https:\/\/www.bagesturisme.cat\/wp-content\/uploads\/2017\/09\/Castell-Sallent.jpg","portfolio-one-width":465,"portfolio-one-height":272,"portfolio-two":"https:\/\/www.bagesturisme.cat\/wp-content\/uploads\/2017\/09\/Castell-Sallent.jpg","portfolio-two-width":460,"portfolio-two-height":269,"portfolio-three":"https:\/\/www.bagesturisme.cat\/wp-content\/uploads\/2017\/09\/Castell-Sallent.jpg","portfolio-three-width":300,"portfolio-three-height":175,"portfolio-five":"https:\/\/www.bagesturisme.cat\/wp-content\/uploads\/2017\/09\/Castell-Sallent.jpg","portfolio-five-width":177,"portfolio-five-height":103}},{"ID":9483,"id":9483,"title":"Rom\u00e0nic Sallent Bages - Esgl\u00e9sia Sant Esteve--2","filename":"sallent_santesteve_castell_novembre_fortuny-2-scaled.jpg","filesize":533695,"url":"https:\/\/www.bagesturisme.cat\/wp-content\/uploads\/2021\/03\/sallent_santesteve_castell_novembre_fortuny-2-scaled.jpg","link":"https:\/\/www.bagesturisme.cat\/en\/tresors\/castell-i-lesglesia-de-sant-esteve-i-sant-sebastia-de-sallent\/sallent_santesteve_castell_novembre_fortuny-2\/","alt":"","author":"3","description":"","caption":"","name":"sallent_santesteve_castell_novembre_fortuny-2","status":"inherit","uploaded_to":9478,"date":"2021-03-23 10:25:26","modified":"2021-03-23 10:25:52","menu_order":0,"mime_type":"image\/jpeg","type":"image","subtype":"jpeg","icon":"https:\/\/www.bagesturisme.cat\/wp-includes\/images\/media\/default.png","width":2560,"height":993,"sizes":{"thumbnail":"https:\/\/www.bagesturisme.cat\/wp-content\/uploads\/2021\/03\/sallent_santesteve_castell_novembre_fortuny-2-150x150.jpg","thumbnail-width":150,"thumbnail-height":150,"medium":"https:\/\/www.bagesturisme.cat\/wp-content\/uploads\/2021\/03\/sallent_santesteve_castell_novembre_fortuny-2-800x310.jpg","medium-width":800,"medium-height":310,"medium_large":"https:\/\/www.bagesturisme.cat\/wp-content\/uploads\/2021\/03\/sallent_santesteve_castell_novembre_fortuny-2-768x298.jpg","medium_large-width":768,"medium_large-height":298,"large":"https:\/\/www.bagesturisme.cat\/wp-content\/uploads\/2021\/03\/sallent_santesteve_castell_novembre_fortuny-2-1280x496.jpg","large-width":1170,"large-height":453,"1536x1536":"https:\/\/www.bagesturisme.cat\/wp-content\/uploads\/2021\/03\/sallent_santesteve_castell_novembre_fortuny-2-1536x596.jpg","1536x1536-width":1536,"1536x1536-height":596,"2048x2048":"https:\/\/www.bagesturisme.cat\/wp-content\/uploads\/2021\/03\/sallent_santesteve_castell_novembre_fortuny-2-2048x794.jpg","2048x2048-width":2048,"2048x2048-height":794,"blog-large":"https:\/\/www.bagesturisme.cat\/wp-content\/uploads\/2021\/03\/sallent_santesteve_castell_novembre_fortuny-2-scaled.jpg","blog-large-width":669,"blog-large-height":259,"blog-medium":"https:\/\/www.bagesturisme.cat\/wp-content\/uploads\/2021\/03\/sallent_santesteve_castell_novembre_fortuny-2-scaled.jpg","blog-medium-width":320,"blog-medium-height":124,"recent-posts":"https:\/\/www.bagesturisme.cat\/wp-content\/uploads\/2021\/03\/sallent_santesteve_castell_novembre_fortuny-2-scaled.jpg","recent-posts-width":700,"recent-posts-height":272,"recent-works-thumbnail":"https:\/\/www.bagesturisme.cat\/wp-content\/uploads\/2021\/03\/sallent_santesteve_castell_novembre_fortuny-2-scaled.jpg","recent-works-thumbnail-width":66,"recent-works-thumbnail-height":26,"fusion-200":"https:\/\/www.bagesturisme.cat\/wp-content\/uploads\/2021\/03\/sallent_santesteve_castell_novembre_fortuny-2-scaled.jpg","fusion-200-width":200,"fusion-200-height":78,"fusion-400":"https:\/\/www.bagesturisme.cat\/wp-content\/uploads\/2021\/03\/sallent_santesteve_castell_novembre_fortuny-2-scaled.jpg","fusion-400-width":400,"fusion-400-height":155,"fusion-600":"https:\/\/www.bagesturisme.cat\/wp-content\/uploads\/2021\/03\/sallent_santesteve_castell_novembre_fortuny-2-scaled.jpg","fusion-600-width":600,"fusion-600-height":233,"fusion-800":"https:\/\/www.bagesturisme.cat\/wp-content\/uploads\/2021\/03\/sallent_santesteve_castell_novembre_fortuny-2-scaled.jpg","fusion-800-width":800,"fusion-800-height":310,"fusion-1200":"https:\/\/www.bagesturisme.cat\/wp-content\/uploads\/2021\/03\/sallent_santesteve_castell_novembre_fortuny-2-scaled.jpg","fusion-1200-width":1200,"fusion-1200-height":465,"portfolio-full":"https:\/\/www.bagesturisme.cat\/wp-content\/uploads\/2021\/03\/sallent_santesteve_castell_novembre_fortuny-2-scaled.jpg","portfolio-full-width":940,"portfolio-full-height":365,"portfolio-one":"https:\/\/www.bagesturisme.cat\/wp-content\/uploads\/2021\/03\/sallent_santesteve_castell_novembre_fortuny-2-scaled.jpg","portfolio-one-width":540,"portfolio-one-height":209,"portfolio-two":"https:\/\/www.bagesturisme.cat\/wp-content\/uploads\/2021\/03\/sallent_santesteve_castell_novembre_fortuny-2-scaled.jpg","portfolio-two-width":460,"portfolio-two-height":178,"portfolio-three":"https:\/\/www.bagesturisme.cat\/wp-content\/uploads\/2021\/03\/sallent_santesteve_castell_novembre_fortuny-2-scaled.jpg","portfolio-three-width":300,"portfolio-three-height":116,"portfolio-five":"https:\/\/www.bagesturisme.cat\/wp-content\/uploads\/2021\/03\/sallent_santesteve_castell_novembre_fortuny-2-scaled.jpg","portfolio-five-width":177,"portfolio-five-height":69}},{"ID":9480,"id":9480,"title":"Rom\u00e0nic Sallent Bages - Esgl\u00e9sia Sant Esteve","filename":"sallent_santesteve_castell_novembre_fortuny-0602.jpg","filesize":1113592,"url":"https:\/\/www.bagesturisme.cat\/wp-content\/uploads\/2021\/03\/sallent_santesteve_castell_novembre_fortuny-0602.jpg","link":"https:\/\/www.bagesturisme.cat\/en\/tresors\/castell-i-lesglesia-de-sant-esteve-i-sant-sebastia-de-sallent\/sallent_santesteve_castell_novembre_fortuny-0602\/","alt":"","author":"3","description":"","caption":"","name":"sallent_santesteve_castell_novembre_fortuny-0602","status":"inherit","uploaded_to":9478,"date":"2021-03-23 10:25:21","modified":"2021-03-23 10:25:42","menu_order":0,"mime_type":"image\/jpeg","type":"image","subtype":"jpeg","icon":"https:\/\/www.bagesturisme.cat\/wp-includes\/images\/media\/default.png","width":1200,"height":799,"sizes":{"thumbnail":"https:\/\/www.bagesturisme.cat\/wp-content\/uploads\/2021\/03\/sallent_santesteve_castell_novembre_fortuny-0602-150x150.jpg","thumbnail-width":150,"thumbnail-height":150,"medium":"https:\/\/www.bagesturisme.cat\/wp-content\/uploads\/2021\/03\/sallent_santesteve_castell_novembre_fortuny-0602-601x400.jpg","medium-width":601,"medium-height":400,"medium_large":"https:\/\/www.bagesturisme.cat\/wp-content\/uploads\/2021\/03\/sallent_santesteve_castell_novembre_fortuny-0602-768x511.jpg","medium_large-width":768,"medium_large-height":511,"large":"https:\/\/www.bagesturisme.cat\/wp-content\/uploads\/2021\/03\/sallent_santesteve_castell_novembre_fortuny-0602.jpg","large-width":1170,"large-height":779,"1536x1536":"https:\/\/www.bagesturisme.cat\/wp-content\/uploads\/2021\/03\/sallent_santesteve_castell_novembre_fortuny-0602.jpg","1536x1536-width":1200,"1536x1536-height":799,"2048x2048":"https:\/\/www.bagesturisme.cat\/wp-content\/uploads\/2021\/03\/sallent_santesteve_castell_novembre_fortuny-0602.jpg","2048x2048-width":1200,"2048x2048-height":799,"blog-large":"https:\/\/www.bagesturisme.cat\/wp-content\/uploads\/2021\/03\/sallent_santesteve_castell_novembre_fortuny-0602.jpg","blog-large-width":409,"blog-large-height":272,"blog-medium":"https:\/\/www.bagesturisme.cat\/wp-content\/uploads\/2021\/03\/sallent_santesteve_castell_novembre_fortuny-0602.jpg","blog-medium-width":303,"blog-medium-height":202,"recent-posts":"https:\/\/www.bagesturisme.cat\/wp-content\/uploads\/2021\/03\/sallent_santesteve_castell_novembre_fortuny-0602.jpg","recent-posts-width":662,"recent-posts-height":441,"recent-works-thumbnail":"https:\/\/www.bagesturisme.cat\/wp-content\/uploads\/2021\/03\/sallent_santesteve_castell_novembre_fortuny-0602.jpg","recent-works-thumbnail-width":66,"recent-works-thumbnail-height":44,"fusion-200":"https:\/\/www.bagesturisme.cat\/wp-content\/uploads\/2021\/03\/sallent_santesteve_castell_novembre_fortuny-0602.jpg","fusion-200-width":200,"fusion-200-height":133,"fusion-400":"https:\/\/www.bagesturisme.cat\/wp-content\/uploads\/2021\/03\/sallent_santesteve_castell_novembre_fortuny-0602.jpg","fusion-400-width":400,"fusion-400-height":266,"fusion-600":"https:\/\/www.bagesturisme.cat\/wp-content\/uploads\/2021\/03\/sallent_santesteve_castell_novembre_fortuny-0602.jpg","fusion-600-width":600,"fusion-600-height":400,"fusion-800":"https:\/\/www.bagesturisme.cat\/wp-content\/uploads\/2021\/03\/sallent_santesteve_castell_novembre_fortuny-0602.jpg","fusion-800-width":800,"fusion-800-height":533,"fusion-1200":"https:\/\/www.bagesturisme.cat\/wp-content\/uploads\/2021\/03\/sallent_santesteve_castell_novembre_fortuny-0602.jpg","fusion-1200-width":1200,"fusion-1200-height":799,"portfolio-full":"https:\/\/www.bagesturisme.cat\/wp-content\/uploads\/2021\/03\/sallent_santesteve_castell_novembre_fortuny-0602.jpg","portfolio-full-width":601,"portfolio-full-height":400,"portfolio-one":"https:\/\/www.bagesturisme.cat\/wp-content\/uploads\/2021\/03\/sallent_santesteve_castell_novembre_fortuny-0602.jpg","portfolio-one-width":409,"portfolio-one-height":272,"portfolio-two":"https:\/\/www.bagesturisme.cat\/wp-content\/uploads\/2021\/03\/sallent_santesteve_castell_novembre_fortuny-0602.jpg","portfolio-two-width":443,"portfolio-two-height":295,"portfolio-three":"https:\/\/www.bagesturisme.cat\/wp-content\/uploads\/2021\/03\/sallent_santesteve_castell_novembre_fortuny-0602.jpg","portfolio-three-width":300,"portfolio-three-height":200,"portfolio-five":"https:\/\/www.bagesturisme.cat\/wp-content\/uploads\/2021\/03\/sallent_santesteve_castell_novembre_fortuny-0602.jpg","portfolio-five-width":177,"portfolio-five-height":118}},{"ID":9481,"id":9481,"title":"Rom\u00e0nic Sallent Bages - Esgl\u00e9sia Sant Esteve","filename":"sallent_santesteve_castell_novembre_fortuny-0588-1.jpg","filesize":1298639,"url":"https:\/\/www.bagesturisme.cat\/wp-content\/uploads\/2021\/03\/sallent_santesteve_castell_novembre_fortuny-0588-1.jpg","link":"https:\/\/www.bagesturisme.cat\/en\/tresors\/castell-i-lesglesia-de-sant-esteve-i-sant-sebastia-de-sallent\/sallent_santesteve_castell_novembre_fortuny-0588-1\/","alt":"","author":"3","description":"","caption":"","name":"sallent_santesteve_castell_novembre_fortuny-0588-1","status":"inherit","uploaded_to":9478,"date":"2021-03-23 10:25:22","modified":"2021-04-20 13:04:15","menu_order":0,"mime_type":"image\/jpeg","type":"image","subtype":"jpeg","icon":"https:\/\/www.bagesturisme.cat\/wp-includes\/images\/media\/default.png","width":1200,"height":799,"sizes":{"thumbnail":"https:\/\/www.bagesturisme.cat\/wp-content\/uploads\/2021\/03\/sallent_santesteve_castell_novembre_fortuny-0588-1-150x150.jpg","thumbnail-width":150,"thumbnail-height":150,"medium":"https:\/\/www.bagesturisme.cat\/wp-content\/uploads\/2021\/03\/sallent_santesteve_castell_novembre_fortuny-0588-1-601x400.jpg","medium-width":601,"medium-height":400,"medium_large":"https:\/\/www.bagesturisme.cat\/wp-content\/uploads\/2021\/03\/sallent_santesteve_castell_novembre_fortuny-0588-1-768x511.jpg","medium_large-width":768,"medium_large-height":511,"large":"https:\/\/www.bagesturisme.cat\/wp-content\/uploads\/2021\/03\/sallent_santesteve_castell_novembre_fortuny-0588-1.jpg","large-width":1170,"large-height":779,"1536x1536":"https:\/\/www.bagesturisme.cat\/wp-content\/uploads\/2021\/03\/sallent_santesteve_castell_novembre_fortuny-0588-1.jpg","1536x1536-width":1200,"1536x1536-height":799,"2048x2048":"https:\/\/www.bagesturisme.cat\/wp-content\/uploads\/2021\/03\/sallent_santesteve_castell_novembre_fortuny-0588-1.jpg","2048x2048-width":1200,"2048x2048-height":799,"blog-large":"https:\/\/www.bagesturisme.cat\/wp-content\/uploads\/2021\/03\/sallent_santesteve_castell_novembre_fortuny-0588-1.jpg","blog-large-width":409,"blog-large-height":272,"blog-medium":"https:\/\/www.bagesturisme.cat\/wp-content\/uploads\/2021\/03\/sallent_santesteve_castell_novembre_fortuny-0588-1.jpg","blog-medium-width":303,"blog-medium-height":202,"recent-posts":"https:\/\/www.bagesturisme.cat\/wp-content\/uploads\/2021\/03\/sallent_santesteve_castell_novembre_fortuny-0588-1.jpg","recent-posts-width":662,"recent-posts-height":441,"recent-works-thumbnail":"https:\/\/www.bagesturisme.cat\/wp-content\/uploads\/2021\/03\/sallent_santesteve_castell_novembre_fortuny-0588-1.jpg","recent-works-thumbnail-width":66,"recent-works-thumbnail-height":44,"fusion-200":"https:\/\/www.bagesturisme.cat\/wp-content\/uploads\/2021\/03\/sallent_santesteve_castell_novembre_fortuny-0588-1.jpg","fusion-200-width":200,"fusion-200-height":133,"fusion-400":"https:\/\/www.bagesturisme.cat\/wp-content\/uploads\/2021\/03\/sallent_santesteve_castell_novembre_fortuny-0588-1.jpg","fusion-400-width":400,"fusion-400-height":266,"fusion-600":"https:\/\/www.bagesturisme.cat\/wp-content\/uploads\/2021\/03\/sallent_santesteve_castell_novembre_fortuny-0588-1.jpg","fusion-600-width":600,"fusion-600-height":400,"fusion-800":"https:\/\/www.bagesturisme.cat\/wp-content\/uploads\/2021\/03\/sallent_santesteve_castell_novembre_fortuny-0588-1.jpg","fusion-800-width":800,"fusion-800-height":533,"fusion-1200":"https:\/\/www.bagesturisme.cat\/wp-content\/uploads\/2021\/03\/sallent_santesteve_castell_novembre_fortuny-0588-1.jpg","fusion-1200-width":1200,"fusion-1200-height":799,"portfolio-full":"https:\/\/www.bagesturisme.cat\/wp-content\/uploads\/2021\/03\/sallent_santesteve_castell_novembre_fortuny-0588-1.jpg","portfolio-full-width":601,"portfolio-full-height":400,"portfolio-one":"https:\/\/www.bagesturisme.cat\/wp-content\/uploads\/2021\/03\/sallent_santesteve_castell_novembre_fortuny-0588-1.jpg","portfolio-one-width":409,"portfolio-one-height":272,"portfolio-two":"https:\/\/www.bagesturisme.cat\/wp-content\/uploads\/2021\/03\/sallent_santesteve_castell_novembre_fortuny-0588-1.jpg","portfolio-two-width":443,"portfolio-two-height":295,"portfolio-three":"https:\/\/www.bagesturisme.cat\/wp-content\/uploads\/2021\/03\/sallent_santesteve_castell_novembre_fortuny-0588-1.jpg","portfolio-three-width":300,"portfolio-three-height":200,"portfolio-five":"https:\/\/www.bagesturisme.cat\/wp-content\/uploads\/2021\/03\/sallent_santesteve_castell_novembre_fortuny-0588-1.jpg","portfolio-five-width":177,"portfolio-five-height":118}}],"ubicacio":{"address":"Castell de Sallent, Sallent","lat":"41.8180149","lng":"1.9025031999999555"},"link-venda":"https:\/\/www.entrapolis.com\/entradas\/visita-guiada-al-castell-de-sallent-i-lesglesia-romanica-de-de-st-esteve-i-st-sebastia"},"_links":{"self":[{"href":"https:\/\/www.bagesturisme.cat\/en\/wp-json\/wp\/v2\/activitats\/4554","targetHints":{"allow":["GET"]}}],"collection":[{"href":"https:\/\/www.bagesturisme.cat\/en\/wp-json\/wp\/v2\/activitats"}],"about":[{"href":"https:\/\/www.bagesturisme.cat\/en\/wp-json\/wp\/v2\/types\/activitats"}],"author":[{"embeddable":true,"href":"https:\/\/www.bagesturisme.cat\/en\/wp-json\/wp\/v2\/users\/24"}],"version-history":[{"count":15,"href":"https:\/\/www.bagesturisme.cat\/en\/wp-json\/wp\/v2\/activitats\/4554\/revisions"}],"predecessor-version":[{"id":17562,"href":"https:\/\/www.bagesturisme.cat\/en\/wp-json\/wp\/v2\/activitats\/4554\/revisions\/17562"}],"wp:featuredmedia":[{"embeddable":true,"href":"https:\/\/www.bagesturisme.cat\/en\/wp-json\/wp\/v2\/media\/4558"}],"wp:attachment":[{"href":"https:\/\/www.bagesturisme.cat\/en\/wp-json\/wp\/v2\/media?parent=4554"}],"wp:term":[{"taxonomy":"post_tag","embeddable":true,"href":"https:\/\/www.bagesturisme.cat\/en\/wp-json\/wp\/v2\/tags?post=4554"}],"curies":[{"name":"wp","href":"https:\/\/api.w.org\/{rel}","templated":true}]}}