{"id":2980,"date":"2017-10-10T09:14:29","date_gmt":"2017-10-10T08:14:29","guid":{"rendered":"https:\/\/bagesturisme.cat\/?post_type=activitats&#038;p=2980"},"modified":"2026-02-11T13:38:09","modified_gmt":"2026-02-11T12:38:09","slug":"visites-guiades-poblat-iberic-cogullo","status":"publish","type":"activitats","link":"https:\/\/www.bagesturisme.cat\/en\/activitat\/visites-guiades-poblat-iberic-cogullo\/","title":{"rendered":"Visites guiades al Poblat ib\u00e8ric del Cogull\u00f3"},"content":{"rendered":"<p class=\"qtranxs-available-languages-message qtranxs-available-languages-message-en\">Sorry, this entry is only available in <a href=\"https:\/\/www.bagesturisme.cat\/ca\/wp-json\/wp\/v2\/activitats\/2980\" class=\"qtranxs-available-language-link qtranxs-available-language-link-ca\" title=\"Catal\u00e0\">Catal\u00e0<\/a>.<\/p>","protected":false},"author":24,"featured_media":4573,"template":"","tags":[129,130],"class_list":["post-2980","activitats","type-activitats","status-publish","has-post-thumbnail","hentry","tag-ibers","tag-130","municipi-sallent","tipus-cultura","tipus-familiar","tipus-turisme-actiu","tipus-guiatges","indicadors-geoparc-de-la-catalunya-central","indicadors-activitat-de-pagament","indicadors-apte-per-a-totes-les-edats","indicadors-nens","indicadors-familiar","indicadors-activitat-guiada","indicadors-activitat-gratuita"],"acf":{"entitat":"Oficina de Turisme de Sallent","adreca":"Acc\u00e9s al jaciment des del barri de la Botjosa, Sallent","telefon":"93 837 09 66","email":"info@sallentturisme.cat","web":"https:\/\/www.sallentturisme.cat\/","galeria":[{"ID":17548,"id":17548,"title":"026_mes cultura Cogullo 2024 _Goka Fotografia__85A0340","filename":"026_mes-cultura-Cogullo-2024-_Goka-Fotografia__85A0340.jpg","filesize":852808,"url":"https:\/\/www.bagesturisme.cat\/wp-content\/uploads\/2017\/10\/026_mes-cultura-Cogullo-2024-_Goka-Fotografia__85A0340.jpg","link":"https:\/\/www.bagesturisme.cat\/en\/activitat\/visites-guiades-poblat-iberic-cogullo\/026_mes-cultura-cogullo-2024-_goka-fotografia__85a0340\/","alt":"","author":"24","description":"","caption":"","name":"026_mes-cultura-cogullo-2024-_goka-fotografia__85a0340","status":"inherit","uploaded_to":2980,"date":"2026-02-11 12:06:26","modified":"2026-02-11 12:06:26","menu_order":0,"mime_type":"image\/jpeg","type":"image","subtype":"jpeg","icon":"https:\/\/www.bagesturisme.cat\/wp-includes\/images\/media\/default.png","width":2560,"height":1706,"sizes":{"thumbnail":"https:\/\/www.bagesturisme.cat\/wp-content\/uploads\/2017\/10\/026_mes-cultura-Cogullo-2024-_Goka-Fotografia__85A0340-150x150.jpg","thumbnail-width":150,"thumbnail-height":150,"medium":"https:\/\/www.bagesturisme.cat\/wp-content\/uploads\/2017\/10\/026_mes-cultura-Cogullo-2024-_Goka-Fotografia__85A0340-600x400.jpg","medium-width":600,"medium-height":400,"medium_large":"https:\/\/www.bagesturisme.cat\/wp-content\/uploads\/2017\/10\/026_mes-cultura-Cogullo-2024-_Goka-Fotografia__85A0340-768x512.jpg","medium_large-width":768,"medium_large-height":512,"large":"https:\/\/www.bagesturisme.cat\/wp-content\/uploads\/2017\/10\/026_mes-cultura-Cogullo-2024-_Goka-Fotografia__85A0340-1280x853.jpg","large-width":1170,"large-height":780,"1536x1536":"https:\/\/www.bagesturisme.cat\/wp-content\/uploads\/2017\/10\/026_mes-cultura-Cogullo-2024-_Goka-Fotografia__85A0340-1536x1024.jpg","1536x1536-width":1536,"1536x1536-height":1024,"2048x2048":"https:\/\/www.bagesturisme.cat\/wp-content\/uploads\/2017\/10\/026_mes-cultura-Cogullo-2024-_Goka-Fotografia__85A0340-2048x1365.jpg","2048x2048-width":2048,"2048x2048-height":1365,"blog-large":"https:\/\/www.bagesturisme.cat\/wp-content\/uploads\/2017\/10\/026_mes-cultura-Cogullo-2024-_Goka-Fotografia__85A0340-669x272.jpg","blog-large-width":669,"blog-large-height":272,"blog-medium":"https:\/\/www.bagesturisme.cat\/wp-content\/uploads\/2017\/10\/026_mes-cultura-Cogullo-2024-_Goka-Fotografia__85A0340-320x202.jpg","blog-medium-width":320,"blog-medium-height":202,"recent-posts":"https:\/\/www.bagesturisme.cat\/wp-content\/uploads\/2017\/10\/026_mes-cultura-Cogullo-2024-_Goka-Fotografia__85A0340-700x441.jpg","recent-posts-width":700,"recent-posts-height":441,"recent-works-thumbnail":"https:\/\/www.bagesturisme.cat\/wp-content\/uploads\/2017\/10\/026_mes-cultura-Cogullo-2024-_Goka-Fotografia__85A0340-66x66.jpg","recent-works-thumbnail-width":66,"recent-works-thumbnail-height":66,"fusion-200":"https:\/\/www.bagesturisme.cat\/wp-content\/uploads\/2017\/10\/026_mes-cultura-Cogullo-2024-_Goka-Fotografia__85A0340-200x133.jpg","fusion-200-width":200,"fusion-200-height":133,"fusion-400":"https:\/\/www.bagesturisme.cat\/wp-content\/uploads\/2017\/10\/026_mes-cultura-Cogullo-2024-_Goka-Fotografia__85A0340-400x267.jpg","fusion-400-width":400,"fusion-400-height":267,"fusion-600":"https:\/\/www.bagesturisme.cat\/wp-content\/uploads\/2017\/10\/026_mes-cultura-Cogullo-2024-_Goka-Fotografia__85A0340-600x400.jpg","fusion-600-width":600,"fusion-600-height":400,"fusion-800":"https:\/\/www.bagesturisme.cat\/wp-content\/uploads\/2017\/10\/026_mes-cultura-Cogullo-2024-_Goka-Fotografia__85A0340-800x533.jpg","fusion-800-width":800,"fusion-800-height":533,"fusion-1200":"https:\/\/www.bagesturisme.cat\/wp-content\/uploads\/2017\/10\/026_mes-cultura-Cogullo-2024-_Goka-Fotografia__85A0340-1200x800.jpg","fusion-1200-width":1200,"fusion-1200-height":800,"portfolio-full":"https:\/\/www.bagesturisme.cat\/wp-content\/uploads\/2017\/10\/026_mes-cultura-Cogullo-2024-_Goka-Fotografia__85A0340-940x400.jpg","portfolio-full-width":940,"portfolio-full-height":400,"portfolio-one":"https:\/\/www.bagesturisme.cat\/wp-content\/uploads\/2017\/10\/026_mes-cultura-Cogullo-2024-_Goka-Fotografia__85A0340-540x272.jpg","portfolio-one-width":540,"portfolio-one-height":272,"portfolio-two":"https:\/\/www.bagesturisme.cat\/wp-content\/uploads\/2017\/10\/026_mes-cultura-Cogullo-2024-_Goka-Fotografia__85A0340-460x295.jpg","portfolio-two-width":460,"portfolio-two-height":295,"portfolio-three":"https:\/\/www.bagesturisme.cat\/wp-content\/uploads\/2017\/10\/026_mes-cultura-Cogullo-2024-_Goka-Fotografia__85A0340-300x214.jpg","portfolio-three-width":300,"portfolio-three-height":214,"portfolio-five":"https:\/\/www.bagesturisme.cat\/wp-content\/uploads\/2017\/10\/026_mes-cultura-Cogullo-2024-_Goka-Fotografia__85A0340-177x142.jpg","portfolio-five-width":177,"portfolio-five-height":142}},{"ID":17547,"id":17547,"title":"Portada cartell_mur i cases sud","filename":"Portada-cartell_mur-i-cases-sud.jpeg","filesize":387755,"url":"https:\/\/www.bagesturisme.cat\/wp-content\/uploads\/2017\/10\/Portada-cartell_mur-i-cases-sud.jpeg","link":"https:\/\/www.bagesturisme.cat\/en\/activitat\/visites-guiades-poblat-iberic-cogullo\/portada-cartell_mur-i-cases-sud\/","alt":"","author":"24","description":"","caption":"","name":"portada-cartell_mur-i-cases-sud","status":"inherit","uploaded_to":2980,"date":"2026-02-11 12:05:53","modified":"2026-02-11 12:05:53","menu_order":0,"mime_type":"image\/jpeg","type":"image","subtype":"jpeg","icon":"https:\/\/www.bagesturisme.cat\/wp-includes\/images\/media\/default.png","width":1536,"height":2048,"sizes":{"thumbnail":"https:\/\/www.bagesturisme.cat\/wp-content\/uploads\/2017\/10\/Portada-cartell_mur-i-cases-sud-150x150.jpeg","thumbnail-width":150,"thumbnail-height":150,"medium":"https:\/\/www.bagesturisme.cat\/wp-content\/uploads\/2017\/10\/Portada-cartell_mur-i-cases-sud-300x400.jpeg","medium-width":300,"medium-height":400,"medium_large":"https:\/\/www.bagesturisme.cat\/wp-content\/uploads\/2017\/10\/Portada-cartell_mur-i-cases-sud-768x1024.jpeg","medium_large-width":768,"medium_large-height":1024,"large":"https:\/\/www.bagesturisme.cat\/wp-content\/uploads\/2017\/10\/Portada-cartell_mur-i-cases-sud-768x1024.jpeg","large-width":768,"large-height":1024,"1536x1536":"https:\/\/www.bagesturisme.cat\/wp-content\/uploads\/2017\/10\/Portada-cartell_mur-i-cases-sud-1152x1536.jpeg","1536x1536-width":1152,"1536x1536-height":1536,"2048x2048":"https:\/\/www.bagesturisme.cat\/wp-content\/uploads\/2017\/10\/Portada-cartell_mur-i-cases-sud.jpeg","2048x2048-width":1536,"2048x2048-height":2048,"blog-large":"https:\/\/www.bagesturisme.cat\/wp-content\/uploads\/2017\/10\/Portada-cartell_mur-i-cases-sud-669x272.jpeg","blog-large-width":669,"blog-large-height":272,"blog-medium":"https:\/\/www.bagesturisme.cat\/wp-content\/uploads\/2017\/10\/Portada-cartell_mur-i-cases-sud-320x202.jpeg","blog-medium-width":320,"blog-medium-height":202,"recent-posts":"https:\/\/www.bagesturisme.cat\/wp-content\/uploads\/2017\/10\/Portada-cartell_mur-i-cases-sud-700x441.jpeg","recent-posts-width":700,"recent-posts-height":441,"recent-works-thumbnail":"https:\/\/www.bagesturisme.cat\/wp-content\/uploads\/2017\/10\/Portada-cartell_mur-i-cases-sud-66x66.jpeg","recent-works-thumbnail-width":66,"recent-works-thumbnail-height":66,"fusion-200":"https:\/\/www.bagesturisme.cat\/wp-content\/uploads\/2017\/10\/Portada-cartell_mur-i-cases-sud-200x267.jpeg","fusion-200-width":200,"fusion-200-height":267,"fusion-400":"https:\/\/www.bagesturisme.cat\/wp-content\/uploads\/2017\/10\/Portada-cartell_mur-i-cases-sud-400x533.jpeg","fusion-400-width":400,"fusion-400-height":533,"fusion-600":"https:\/\/www.bagesturisme.cat\/wp-content\/uploads\/2017\/10\/Portada-cartell_mur-i-cases-sud-600x800.jpeg","fusion-600-width":600,"fusion-600-height":800,"fusion-800":"https:\/\/www.bagesturisme.cat\/wp-content\/uploads\/2017\/10\/Portada-cartell_mur-i-cases-sud-800x1067.jpeg","fusion-800-width":800,"fusion-800-height":1067,"fusion-1200":"https:\/\/www.bagesturisme.cat\/wp-content\/uploads\/2017\/10\/Portada-cartell_mur-i-cases-sud-1200x1600.jpeg","fusion-1200-width":1200,"fusion-1200-height":1600,"portfolio-full":"https:\/\/www.bagesturisme.cat\/wp-content\/uploads\/2017\/10\/Portada-cartell_mur-i-cases-sud-940x400.jpeg","portfolio-full-width":940,"portfolio-full-height":400,"portfolio-one":"https:\/\/www.bagesturisme.cat\/wp-content\/uploads\/2017\/10\/Portada-cartell_mur-i-cases-sud-540x272.jpeg","portfolio-one-width":540,"portfolio-one-height":272,"portfolio-two":"https:\/\/www.bagesturisme.cat\/wp-content\/uploads\/2017\/10\/Portada-cartell_mur-i-cases-sud-460x295.jpeg","portfolio-two-width":460,"portfolio-two-height":295,"portfolio-three":"https:\/\/www.bagesturisme.cat\/wp-content\/uploads\/2017\/10\/Portada-cartell_mur-i-cases-sud-300x214.jpeg","portfolio-three-width":300,"portfolio-three-height":214,"portfolio-five":"https:\/\/www.bagesturisme.cat\/wp-content\/uploads\/2017\/10\/Portada-cartell_mur-i-cases-sud-177x142.jpeg","portfolio-five-width":177,"portfolio-five-height":142}},{"ID":17551,"id":17551,"title":"038_mes cultura Cogullo 2024 _Goka Fotografia__85A0383","filename":"038_mes-cultura-Cogullo-2024-_Goka-Fotografia__85A0383.jpg","filesize":813349,"url":"https:\/\/www.bagesturisme.cat\/wp-content\/uploads\/2017\/10\/038_mes-cultura-Cogullo-2024-_Goka-Fotografia__85A0383.jpg","link":"https:\/\/www.bagesturisme.cat\/en\/activitat\/visites-guiades-poblat-iberic-cogullo\/038_mes-cultura-cogullo-2024-_goka-fotografia__85a0383\/","alt":"","author":"24","description":"","caption":"","name":"038_mes-cultura-cogullo-2024-_goka-fotografia__85a0383","status":"inherit","uploaded_to":2980,"date":"2026-02-11 12:07:11","modified":"2026-02-11 12:07:11","menu_order":0,"mime_type":"image\/jpeg","type":"image","subtype":"jpeg","icon":"https:\/\/www.bagesturisme.cat\/wp-includes\/images\/media\/default.png","width":2560,"height":1706,"sizes":{"thumbnail":"https:\/\/www.bagesturisme.cat\/wp-content\/uploads\/2017\/10\/038_mes-cultura-Cogullo-2024-_Goka-Fotografia__85A0383-150x150.jpg","thumbnail-width":150,"thumbnail-height":150,"medium":"https:\/\/www.bagesturisme.cat\/wp-content\/uploads\/2017\/10\/038_mes-cultura-Cogullo-2024-_Goka-Fotografia__85A0383-600x400.jpg","medium-width":600,"medium-height":400,"medium_large":"https:\/\/www.bagesturisme.cat\/wp-content\/uploads\/2017\/10\/038_mes-cultura-Cogullo-2024-_Goka-Fotografia__85A0383-768x512.jpg","medium_large-width":768,"medium_large-height":512,"large":"https:\/\/www.bagesturisme.cat\/wp-content\/uploads\/2017\/10\/038_mes-cultura-Cogullo-2024-_Goka-Fotografia__85A0383-1280x853.jpg","large-width":1170,"large-height":780,"1536x1536":"https:\/\/www.bagesturisme.cat\/wp-content\/uploads\/2017\/10\/038_mes-cultura-Cogullo-2024-_Goka-Fotografia__85A0383-1536x1024.jpg","1536x1536-width":1536,"1536x1536-height":1024,"2048x2048":"https:\/\/www.bagesturisme.cat\/wp-content\/uploads\/2017\/10\/038_mes-cultura-Cogullo-2024-_Goka-Fotografia__85A0383-2048x1365.jpg","2048x2048-width":2048,"2048x2048-height":1365,"blog-large":"https:\/\/www.bagesturisme.cat\/wp-content\/uploads\/2017\/10\/038_mes-cultura-Cogullo-2024-_Goka-Fotografia__85A0383-669x272.jpg","blog-large-width":669,"blog-large-height":272,"blog-medium":"https:\/\/www.bagesturisme.cat\/wp-content\/uploads\/2017\/10\/038_mes-cultura-Cogullo-2024-_Goka-Fotografia__85A0383-320x202.jpg","blog-medium-width":320,"blog-medium-height":202,"recent-posts":"https:\/\/www.bagesturisme.cat\/wp-content\/uploads\/2017\/10\/038_mes-cultura-Cogullo-2024-_Goka-Fotografia__85A0383-700x441.jpg","recent-posts-width":700,"recent-posts-height":441,"recent-works-thumbnail":"https:\/\/www.bagesturisme.cat\/wp-content\/uploads\/2017\/10\/038_mes-cultura-Cogullo-2024-_Goka-Fotografia__85A0383-66x66.jpg","recent-works-thumbnail-width":66,"recent-works-thumbnail-height":66,"fusion-200":"https:\/\/www.bagesturisme.cat\/wp-content\/uploads\/2017\/10\/038_mes-cultura-Cogullo-2024-_Goka-Fotografia__85A0383-200x133.jpg","fusion-200-width":200,"fusion-200-height":133,"fusion-400":"https:\/\/www.bagesturisme.cat\/wp-content\/uploads\/2017\/10\/038_mes-cultura-Cogullo-2024-_Goka-Fotografia__85A0383-400x267.jpg","fusion-400-width":400,"fusion-400-height":267,"fusion-600":"https:\/\/www.bagesturisme.cat\/wp-content\/uploads\/2017\/10\/038_mes-cultura-Cogullo-2024-_Goka-Fotografia__85A0383-600x400.jpg","fusion-600-width":600,"fusion-600-height":400,"fusion-800":"https:\/\/www.bagesturisme.cat\/wp-content\/uploads\/2017\/10\/038_mes-cultura-Cogullo-2024-_Goka-Fotografia__85A0383-800x533.jpg","fusion-800-width":800,"fusion-800-height":533,"fusion-1200":"https:\/\/www.bagesturisme.cat\/wp-content\/uploads\/2017\/10\/038_mes-cultura-Cogullo-2024-_Goka-Fotografia__85A0383-1200x800.jpg","fusion-1200-width":1200,"fusion-1200-height":800,"portfolio-full":"https:\/\/www.bagesturisme.cat\/wp-content\/uploads\/2017\/10\/038_mes-cultura-Cogullo-2024-_Goka-Fotografia__85A0383-940x400.jpg","portfolio-full-width":940,"portfolio-full-height":400,"portfolio-one":"https:\/\/www.bagesturisme.cat\/wp-content\/uploads\/2017\/10\/038_mes-cultura-Cogullo-2024-_Goka-Fotografia__85A0383-540x272.jpg","portfolio-one-width":540,"portfolio-one-height":272,"portfolio-two":"https:\/\/www.bagesturisme.cat\/wp-content\/uploads\/2017\/10\/038_mes-cultura-Cogullo-2024-_Goka-Fotografia__85A0383-460x295.jpg","portfolio-two-width":460,"portfolio-two-height":295,"portfolio-three":"https:\/\/www.bagesturisme.cat\/wp-content\/uploads\/2017\/10\/038_mes-cultura-Cogullo-2024-_Goka-Fotografia__85A0383-300x214.jpg","portfolio-three-width":300,"portfolio-three-height":214,"portfolio-five":"https:\/\/www.bagesturisme.cat\/wp-content\/uploads\/2017\/10\/038_mes-cultura-Cogullo-2024-_Goka-Fotografia__85A0383-177x142.jpg","portfolio-five-width":177,"portfolio-five-height":142}},{"ID":17550,"id":17550,"title":"034_mes cultura Cogullo 2024 _Goka Fotografia__85A0369","filename":"034_mes-cultura-Cogullo-2024-_Goka-Fotografia__85A0369.jpg","filesize":847580,"url":"https:\/\/www.bagesturisme.cat\/wp-content\/uploads\/2017\/10\/034_mes-cultura-Cogullo-2024-_Goka-Fotografia__85A0369.jpg","link":"https:\/\/www.bagesturisme.cat\/en\/activitat\/visites-guiades-poblat-iberic-cogullo\/034_mes-cultura-cogullo-2024-_goka-fotografia__85a0369\/","alt":"","author":"24","description":"","caption":"","name":"034_mes-cultura-cogullo-2024-_goka-fotografia__85a0369","status":"inherit","uploaded_to":2980,"date":"2026-02-11 12:07:03","modified":"2026-02-11 12:07:31","menu_order":0,"mime_type":"image\/jpeg","type":"image","subtype":"jpeg","icon":"https:\/\/www.bagesturisme.cat\/wp-includes\/images\/media\/default.png","width":2560,"height":1280,"sizes":{"thumbnail":"https:\/\/www.bagesturisme.cat\/wp-content\/uploads\/2017\/10\/034_mes-cultura-Cogullo-2024-_Goka-Fotografia__85A0369-150x150.jpg","thumbnail-width":150,"thumbnail-height":150,"medium":"https:\/\/www.bagesturisme.cat\/wp-content\/uploads\/2017\/10\/034_mes-cultura-Cogullo-2024-_Goka-Fotografia__85A0369-800x400.jpg","medium-width":800,"medium-height":400,"medium_large":"https:\/\/www.bagesturisme.cat\/wp-content\/uploads\/2017\/10\/034_mes-cultura-Cogullo-2024-_Goka-Fotografia__85A0369-768x384.jpg","medium_large-width":768,"medium_large-height":384,"large":"https:\/\/www.bagesturisme.cat\/wp-content\/uploads\/2017\/10\/034_mes-cultura-Cogullo-2024-_Goka-Fotografia__85A0369-1280x640.jpg","large-width":1170,"large-height":585,"1536x1536":"https:\/\/www.bagesturisme.cat\/wp-content\/uploads\/2017\/10\/034_mes-cultura-Cogullo-2024-_Goka-Fotografia__85A0369-1536x768.jpg","1536x1536-width":1536,"1536x1536-height":768,"2048x2048":"https:\/\/www.bagesturisme.cat\/wp-content\/uploads\/2017\/10\/034_mes-cultura-Cogullo-2024-_Goka-Fotografia__85A0369-2048x1024.jpg","2048x2048-width":2048,"2048x2048-height":1024,"blog-large":"https:\/\/www.bagesturisme.cat\/wp-content\/uploads\/2017\/10\/034_mes-cultura-Cogullo-2024-_Goka-Fotografia__85A0369-669x272.jpg","blog-large-width":669,"blog-large-height":272,"blog-medium":"https:\/\/www.bagesturisme.cat\/wp-content\/uploads\/2017\/10\/034_mes-cultura-Cogullo-2024-_Goka-Fotografia__85A0369-320x202.jpg","blog-medium-width":320,"blog-medium-height":202,"recent-posts":"https:\/\/www.bagesturisme.cat\/wp-content\/uploads\/2017\/10\/034_mes-cultura-Cogullo-2024-_Goka-Fotografia__85A0369-700x441.jpg","recent-posts-width":700,"recent-posts-height":441,"recent-works-thumbnail":"https:\/\/www.bagesturisme.cat\/wp-content\/uploads\/2017\/10\/034_mes-cultura-Cogullo-2024-_Goka-Fotografia__85A0369-66x66.jpg","recent-works-thumbnail-width":66,"recent-works-thumbnail-height":66,"fusion-200":"https:\/\/www.bagesturisme.cat\/wp-content\/uploads\/2017\/10\/034_mes-cultura-Cogullo-2024-_Goka-Fotografia__85A0369-200x100.jpg","fusion-200-width":200,"fusion-200-height":100,"fusion-400":"https:\/\/www.bagesturisme.cat\/wp-content\/uploads\/2017\/10\/034_mes-cultura-Cogullo-2024-_Goka-Fotografia__85A0369-400x200.jpg","fusion-400-width":400,"fusion-400-height":200,"fusion-600":"https:\/\/www.bagesturisme.cat\/wp-content\/uploads\/2017\/10\/034_mes-cultura-Cogullo-2024-_Goka-Fotografia__85A0369-600x300.jpg","fusion-600-width":600,"fusion-600-height":300,"fusion-800":"https:\/\/www.bagesturisme.cat\/wp-content\/uploads\/2017\/10\/034_mes-cultura-Cogullo-2024-_Goka-Fotografia__85A0369-800x400.jpg","fusion-800-width":800,"fusion-800-height":400,"fusion-1200":"https:\/\/www.bagesturisme.cat\/wp-content\/uploads\/2017\/10\/034_mes-cultura-Cogullo-2024-_Goka-Fotografia__85A0369-1200x600.jpg","fusion-1200-width":1200,"fusion-1200-height":600,"portfolio-full":"https:\/\/www.bagesturisme.cat\/wp-content\/uploads\/2017\/10\/034_mes-cultura-Cogullo-2024-_Goka-Fotografia__85A0369-940x400.jpg","portfolio-full-width":940,"portfolio-full-height":400,"portfolio-one":"https:\/\/www.bagesturisme.cat\/wp-content\/uploads\/2017\/10\/034_mes-cultura-Cogullo-2024-_Goka-Fotografia__85A0369-540x272.jpg","portfolio-one-width":540,"portfolio-one-height":272,"portfolio-two":"https:\/\/www.bagesturisme.cat\/wp-content\/uploads\/2017\/10\/034_mes-cultura-Cogullo-2024-_Goka-Fotografia__85A0369-460x295.jpg","portfolio-two-width":460,"portfolio-two-height":295,"portfolio-three":"https:\/\/www.bagesturisme.cat\/wp-content\/uploads\/2017\/10\/034_mes-cultura-Cogullo-2024-_Goka-Fotografia__85A0369-300x214.jpg","portfolio-three-width":300,"portfolio-three-height":214,"portfolio-five":"https:\/\/www.bagesturisme.cat\/wp-content\/uploads\/2017\/10\/034_mes-cultura-Cogullo-2024-_Goka-Fotografia__85A0369-177x142.jpg","portfolio-five-width":177,"portfolio-five-height":142}},{"ID":4573,"id":4573,"title":"Cogull\u00f3_entrada","filename":"Cogull\u00f3_entrada.jpg","filesize":1150024,"url":"https:\/\/www.bagesturisme.cat\/wp-content\/uploads\/2017\/09\/Cogull\u00f3_entrada.jpg","link":"https:\/\/www.bagesturisme.cat\/en\/activitat\/visites-guiades-poblat-iberic-cogullo\/cogullo_entrada\/","alt":"","author":"24","description":"","caption":"","name":"cogullo_entrada","status":"inherit","uploaded_to":2980,"date":"2017-10-02 07:47:08","modified":"2017-10-02 07:48:06","menu_order":0,"mime_type":"image\/jpeg","type":"image","subtype":"jpeg","icon":"https:\/\/www.bagesturisme.cat\/wp-includes\/images\/media\/default.png","width":1200,"height":864,"sizes":{"thumbnail":"https:\/\/www.bagesturisme.cat\/wp-content\/uploads\/2017\/09\/Cogull\u00f3_entrada-150x150.jpg","thumbnail-width":150,"thumbnail-height":150,"medium":"https:\/\/www.bagesturisme.cat\/wp-content\/uploads\/2017\/09\/Cogull\u00f3_entrada-556x400.jpg","medium-width":556,"medium-height":400,"medium_large":"https:\/\/www.bagesturisme.cat\/wp-content\/uploads\/2017\/09\/Cogull\u00f3_entrada-768x553.jpg","medium_large-width":768,"medium_large-height":553,"large":"https:\/\/www.bagesturisme.cat\/wp-content\/uploads\/2017\/09\/Cogull\u00f3_entrada.jpg","large-width":1170,"large-height":842,"1536x1536":"https:\/\/www.bagesturisme.cat\/wp-content\/uploads\/2017\/09\/Cogull\u00f3_entrada.jpg","1536x1536-width":1200,"1536x1536-height":864,"2048x2048":"https:\/\/www.bagesturisme.cat\/wp-content\/uploads\/2017\/09\/Cogull\u00f3_entrada.jpg","2048x2048-width":1200,"2048x2048-height":864,"blog-large":"https:\/\/www.bagesturisme.cat\/wp-content\/uploads\/2017\/09\/Cogull\u00f3_entrada.jpg","blog-large-width":378,"blog-large-height":272,"blog-medium":"https:\/\/www.bagesturisme.cat\/wp-content\/uploads\/2017\/09\/Cogull\u00f3_entrada.jpg","blog-medium-width":281,"blog-medium-height":202,"recent-posts":"https:\/\/www.bagesturisme.cat\/wp-content\/uploads\/2017\/09\/Cogull\u00f3_entrada.jpg","recent-posts-width":613,"recent-posts-height":441,"recent-works-thumbnail":"https:\/\/www.bagesturisme.cat\/wp-content\/uploads\/2017\/09\/Cogull\u00f3_entrada.jpg","recent-works-thumbnail-width":66,"recent-works-thumbnail-height":48,"fusion-200":"https:\/\/www.bagesturisme.cat\/wp-content\/uploads\/2017\/09\/Cogull\u00f3_entrada.jpg","fusion-200-width":200,"fusion-200-height":144,"fusion-400":"https:\/\/www.bagesturisme.cat\/wp-content\/uploads\/2017\/09\/Cogull\u00f3_entrada.jpg","fusion-400-width":400,"fusion-400-height":288,"fusion-600":"https:\/\/www.bagesturisme.cat\/wp-content\/uploads\/2017\/09\/Cogull\u00f3_entrada.jpg","fusion-600-width":600,"fusion-600-height":432,"fusion-800":"https:\/\/www.bagesturisme.cat\/wp-content\/uploads\/2017\/09\/Cogull\u00f3_entrada.jpg","fusion-800-width":800,"fusion-800-height":576,"fusion-1200":"https:\/\/www.bagesturisme.cat\/wp-content\/uploads\/2017\/09\/Cogull\u00f3_entrada.jpg","fusion-1200-width":1200,"fusion-1200-height":864,"portfolio-full":"https:\/\/www.bagesturisme.cat\/wp-content\/uploads\/2017\/09\/Cogull\u00f3_entrada.jpg","portfolio-full-width":556,"portfolio-full-height":400,"portfolio-one":"https:\/\/www.bagesturisme.cat\/wp-content\/uploads\/2017\/09\/Cogull\u00f3_entrada.jpg","portfolio-one-width":378,"portfolio-one-height":272,"portfolio-two":"https:\/\/www.bagesturisme.cat\/wp-content\/uploads\/2017\/09\/Cogull\u00f3_entrada.jpg","portfolio-two-width":410,"portfolio-two-height":295,"portfolio-three":"https:\/\/www.bagesturisme.cat\/wp-content\/uploads\/2017\/09\/Cogull\u00f3_entrada.jpg","portfolio-three-width":297,"portfolio-three-height":214,"portfolio-five":"https:\/\/www.bagesturisme.cat\/wp-content\/uploads\/2017\/09\/Cogull\u00f3_entrada.jpg","portfolio-five-width":177,"portfolio-five-height":127}},{"ID":4574,"id":4574,"title":"Cogull\u00f3_recintes","filename":"Cogull\u00f3_recintes.jpg","filesize":0,"url":"https:\/\/www.bagesturisme.cat\/wp-content\/uploads\/2017\/09\/Cogull\u00f3_recintes.jpg","link":"https:\/\/www.bagesturisme.cat\/en\/activitat\/visites-guiades-poblat-iberic-cogullo\/cogullo_recintes\/","alt":"","author":"24","description":"","caption":"","name":"cogullo_recintes","status":"inherit","uploaded_to":2980,"date":"2017-10-02 07:47:09","modified":"2017-10-02 07:47:09","menu_order":0,"mime_type":"image\/jpeg","type":"image","subtype":"jpeg","icon":"https:\/\/www.bagesturisme.cat\/wp-includes\/images\/media\/default.png","width":1100,"height":792,"sizes":{"thumbnail":"https:\/\/www.bagesturisme.cat\/wp-content\/uploads\/2017\/09\/Cogull\u00f3_recintes-150x150.jpg","thumbnail-width":150,"thumbnail-height":150,"medium":"https:\/\/www.bagesturisme.cat\/wp-content\/uploads\/2017\/09\/Cogull\u00f3_recintes-556x400.jpg","medium-width":556,"medium-height":400,"medium_large":"https:\/\/www.bagesturisme.cat\/wp-content\/uploads\/2017\/09\/Cogull\u00f3_recintes-768x553.jpg","medium_large-width":768,"medium_large-height":553,"large":"https:\/\/www.bagesturisme.cat\/wp-content\/uploads\/2017\/09\/Cogull\u00f3_recintes.jpg","large-width":1100,"large-height":792,"1536x1536":"https:\/\/www.bagesturisme.cat\/wp-content\/uploads\/2017\/09\/Cogull\u00f3_recintes.jpg","1536x1536-width":1100,"1536x1536-height":792,"2048x2048":"https:\/\/www.bagesturisme.cat\/wp-content\/uploads\/2017\/09\/Cogull\u00f3_recintes.jpg","2048x2048-width":1100,"2048x2048-height":792,"blog-large":"https:\/\/www.bagesturisme.cat\/wp-content\/uploads\/2017\/09\/Cogull\u00f3_recintes.jpg","blog-large-width":378,"blog-large-height":272,"blog-medium":"https:\/\/www.bagesturisme.cat\/wp-content\/uploads\/2017\/09\/Cogull\u00f3_recintes.jpg","blog-medium-width":281,"blog-medium-height":202,"recent-posts":"https:\/\/www.bagesturisme.cat\/wp-content\/uploads\/2017\/09\/Cogull\u00f3_recintes.jpg","recent-posts-width":613,"recent-posts-height":441,"recent-works-thumbnail":"https:\/\/www.bagesturisme.cat\/wp-content\/uploads\/2017\/09\/Cogull\u00f3_recintes.jpg","recent-works-thumbnail-width":66,"recent-works-thumbnail-height":48,"fusion-200":"https:\/\/www.bagesturisme.cat\/wp-content\/uploads\/2017\/09\/Cogull\u00f3_recintes.jpg","fusion-200-width":200,"fusion-200-height":144,"fusion-400":"https:\/\/www.bagesturisme.cat\/wp-content\/uploads\/2017\/09\/Cogull\u00f3_recintes.jpg","fusion-400-width":400,"fusion-400-height":288,"fusion-600":"https:\/\/www.bagesturisme.cat\/wp-content\/uploads\/2017\/09\/Cogull\u00f3_recintes.jpg","fusion-600-width":600,"fusion-600-height":432,"fusion-800":"https:\/\/www.bagesturisme.cat\/wp-content\/uploads\/2017\/09\/Cogull\u00f3_recintes.jpg","fusion-800-width":800,"fusion-800-height":576,"fusion-1200":"https:\/\/www.bagesturisme.cat\/wp-content\/uploads\/2017\/09\/Cogull\u00f3_recintes.jpg","fusion-1200-width":1100,"fusion-1200-height":792,"portfolio-full":"https:\/\/www.bagesturisme.cat\/wp-content\/uploads\/2017\/09\/Cogull\u00f3_recintes.jpg","portfolio-full-width":556,"portfolio-full-height":400,"portfolio-one":"https:\/\/www.bagesturisme.cat\/wp-content\/uploads\/2017\/09\/Cogull\u00f3_recintes.jpg","portfolio-one-width":378,"portfolio-one-height":272,"portfolio-two":"https:\/\/www.bagesturisme.cat\/wp-content\/uploads\/2017\/09\/Cogull\u00f3_recintes.jpg","portfolio-two-width":410,"portfolio-two-height":295,"portfolio-three":"https:\/\/www.bagesturisme.cat\/wp-content\/uploads\/2017\/09\/Cogull\u00f3_recintes.jpg","portfolio-three-width":297,"portfolio-three-height":214,"portfolio-five":"https:\/\/www.bagesturisme.cat\/wp-content\/uploads\/2017\/09\/Cogull\u00f3_recintes.jpg","portfolio-five-width":177,"portfolio-five-height":127}},{"ID":17549,"id":17549,"title":"009_mes cultura Cogullo 2024 _Goka Fotografia__85A0307","filename":"009_mes-cultura-Cogullo-2024-_Goka-Fotografia__85A0307.jpg","filesize":687295,"url":"https:\/\/www.bagesturisme.cat\/wp-content\/uploads\/2017\/10\/009_mes-cultura-Cogullo-2024-_Goka-Fotografia__85A0307.jpg","link":"https:\/\/www.bagesturisme.cat\/en\/activitat\/visites-guiades-poblat-iberic-cogullo\/009_mes-cultura-cogullo-2024-_goka-fotografia__85a0307\/","alt":"","author":"24","description":"","caption":"","name":"009_mes-cultura-cogullo-2024-_goka-fotografia__85a0307","status":"inherit","uploaded_to":2980,"date":"2026-02-11 12:06:42","modified":"2026-02-11 12:06:42","menu_order":0,"mime_type":"image\/jpeg","type":"image","subtype":"jpeg","icon":"https:\/\/www.bagesturisme.cat\/wp-includes\/images\/media\/default.png","width":2560,"height":1706,"sizes":{"thumbnail":"https:\/\/www.bagesturisme.cat\/wp-content\/uploads\/2017\/10\/009_mes-cultura-Cogullo-2024-_Goka-Fotografia__85A0307-150x150.jpg","thumbnail-width":150,"thumbnail-height":150,"medium":"https:\/\/www.bagesturisme.cat\/wp-content\/uploads\/2017\/10\/009_mes-cultura-Cogullo-2024-_Goka-Fotografia__85A0307-600x400.jpg","medium-width":600,"medium-height":400,"medium_large":"https:\/\/www.bagesturisme.cat\/wp-content\/uploads\/2017\/10\/009_mes-cultura-Cogullo-2024-_Goka-Fotografia__85A0307-768x512.jpg","medium_large-width":768,"medium_large-height":512,"large":"https:\/\/www.bagesturisme.cat\/wp-content\/uploads\/2017\/10\/009_mes-cultura-Cogullo-2024-_Goka-Fotografia__85A0307-1280x853.jpg","large-width":1170,"large-height":780,"1536x1536":"https:\/\/www.bagesturisme.cat\/wp-content\/uploads\/2017\/10\/009_mes-cultura-Cogullo-2024-_Goka-Fotografia__85A0307-1536x1024.jpg","1536x1536-width":1536,"1536x1536-height":1024,"2048x2048":"https:\/\/www.bagesturisme.cat\/wp-content\/uploads\/2017\/10\/009_mes-cultura-Cogullo-2024-_Goka-Fotografia__85A0307-2048x1365.jpg","2048x2048-width":2048,"2048x2048-height":1365,"blog-large":"https:\/\/www.bagesturisme.cat\/wp-content\/uploads\/2017\/10\/009_mes-cultura-Cogullo-2024-_Goka-Fotografia__85A0307-669x272.jpg","blog-large-width":669,"blog-large-height":272,"blog-medium":"https:\/\/www.bagesturisme.cat\/wp-content\/uploads\/2017\/10\/009_mes-cultura-Cogullo-2024-_Goka-Fotografia__85A0307-320x202.jpg","blog-medium-width":320,"blog-medium-height":202,"recent-posts":"https:\/\/www.bagesturisme.cat\/wp-content\/uploads\/2017\/10\/009_mes-cultura-Cogullo-2024-_Goka-Fotografia__85A0307-700x441.jpg","recent-posts-width":700,"recent-posts-height":441,"recent-works-thumbnail":"https:\/\/www.bagesturisme.cat\/wp-content\/uploads\/2017\/10\/009_mes-cultura-Cogullo-2024-_Goka-Fotografia__85A0307-66x66.jpg","recent-works-thumbnail-width":66,"recent-works-thumbnail-height":66,"fusion-200":"https:\/\/www.bagesturisme.cat\/wp-content\/uploads\/2017\/10\/009_mes-cultura-Cogullo-2024-_Goka-Fotografia__85A0307-200x133.jpg","fusion-200-width":200,"fusion-200-height":133,"fusion-400":"https:\/\/www.bagesturisme.cat\/wp-content\/uploads\/2017\/10\/009_mes-cultura-Cogullo-2024-_Goka-Fotografia__85A0307-400x267.jpg","fusion-400-width":400,"fusion-400-height":267,"fusion-600":"https:\/\/www.bagesturisme.cat\/wp-content\/uploads\/2017\/10\/009_mes-cultura-Cogullo-2024-_Goka-Fotografia__85A0307-600x400.jpg","fusion-600-width":600,"fusion-600-height":400,"fusion-800":"https:\/\/www.bagesturisme.cat\/wp-content\/uploads\/2017\/10\/009_mes-cultura-Cogullo-2024-_Goka-Fotografia__85A0307-800x533.jpg","fusion-800-width":800,"fusion-800-height":533,"fusion-1200":"https:\/\/www.bagesturisme.cat\/wp-content\/uploads\/2017\/10\/009_mes-cultura-Cogullo-2024-_Goka-Fotografia__85A0307-1200x800.jpg","fusion-1200-width":1200,"fusion-1200-height":800,"portfolio-full":"https:\/\/www.bagesturisme.cat\/wp-content\/uploads\/2017\/10\/009_mes-cultura-Cogullo-2024-_Goka-Fotografia__85A0307-940x400.jpg","portfolio-full-width":940,"portfolio-full-height":400,"portfolio-one":"https:\/\/www.bagesturisme.cat\/wp-content\/uploads\/2017\/10\/009_mes-cultura-Cogullo-2024-_Goka-Fotografia__85A0307-540x272.jpg","portfolio-one-width":540,"portfolio-one-height":272,"portfolio-two":"https:\/\/www.bagesturisme.cat\/wp-content\/uploads\/2017\/10\/009_mes-cultura-Cogullo-2024-_Goka-Fotografia__85A0307-460x295.jpg","portfolio-two-width":460,"portfolio-two-height":295,"portfolio-three":"https:\/\/www.bagesturisme.cat\/wp-content\/uploads\/2017\/10\/009_mes-cultura-Cogullo-2024-_Goka-Fotografia__85A0307-300x214.jpg","portfolio-three-width":300,"portfolio-three-height":214,"portfolio-five":"https:\/\/www.bagesturisme.cat\/wp-content\/uploads\/2017\/10\/009_mes-cultura-Cogullo-2024-_Goka-Fotografia__85A0307-177x142.jpg","portfolio-five-width":177,"portfolio-five-height":142}}],"ubicacio":{"address":"Unnamed Road, 08650 Sallent, Barcelona, Espa\u00f1a","lat":"41.80881253716045","lng":"1.8867301940917969"},"link-venda":"https:\/\/www.entrapolis.com\/entradas\/visita-guiada-al-jaciment-arqueologic-del-poblat-iberic-del-cogullo-de-sallent-poblat-iberic-del-cogullo-10012026"},"_links":{"self":[{"href":"https:\/\/www.bagesturisme.cat\/en\/wp-json\/wp\/v2\/activitats\/2980","targetHints":{"allow":["GET"]}}],"collection":[{"href":"https:\/\/www.bagesturisme.cat\/en\/wp-json\/wp\/v2\/activitats"}],"about":[{"href":"https:\/\/www.bagesturisme.cat\/en\/wp-json\/wp\/v2\/types\/activitats"}],"author":[{"embeddable":true,"href":"https:\/\/www.bagesturisme.cat\/en\/wp-json\/wp\/v2\/users\/24"}],"version-history":[{"count":23,"href":"https:\/\/www.bagesturisme.cat\/en\/wp-json\/wp\/v2\/activitats\/2980\/revisions"}],"predecessor-version":[{"id":17560,"href":"https:\/\/www.bagesturisme.cat\/en\/wp-json\/wp\/v2\/activitats\/2980\/revisions\/17560"}],"wp:featuredmedia":[{"embeddable":true,"href":"https:\/\/www.bagesturisme.cat\/en\/wp-json\/wp\/v2\/media\/4573"}],"wp:attachment":[{"href":"https:\/\/www.bagesturisme.cat\/en\/wp-json\/wp\/v2\/media?parent=2980"}],"wp:term":[{"taxonomy":"post_tag","embeddable":true,"href":"https:\/\/www.bagesturisme.cat\/en\/wp-json\/wp\/v2\/tags?post=2980"}],"curies":[{"name":"wp","href":"https:\/\/api.w.org\/{rel}","templated":true}]}}